{"id":46735,"date":"2023-12-28T11:29:43","date_gmt":"2023-12-28T10:29:43","guid":{"rendered":"https:\/\/visitrijeka.hr\/event\/djecja-karnevalska-povorka\/"},"modified":"2024-01-17T12:41:36","modified_gmt":"2024-01-17T11:41:36","slug":"djecja-karnevalska-povorka","status":"publish","type":"tribe_events","link":"https:\/\/visitrijeka.hr\/fr\/event\/djecja-karnevalska-povorka\/","title":{"rendered":"D\u00e9fil\u00e9 du Carnaval des enfants"},"content":{"rendered":"<p>Peu de gens peuvent r\u00e9sister aux \u00ab bonbons color\u00e9s \u00bb enfil\u00e9s dans le D\u00e9fil\u00e9 du Carnaval des enfants o\u00f9 certains savent \u00e0 peine marcher, et certains ont, \u00e0 c\u00f4t\u00e9 des chars all\u00e9goriques, leurs propres chars, pouss\u00e9s par les enseignantes de maternelle ou leurs m\u00e8res.<\/p>\n<p>Il n\u2019est donc pas \u00e9tonnant que le public de cette procession compte des dizaines de milliers de gens.<\/p>\n","protected":false},"excerpt":{"rendered":"<p>Peu de gens peuvent r\u00e9sister aux \u00ab bonbons color\u00e9s \u00bb  [&#8230;]<\/p>\n","protected":false},"author":1,"featured_media":46692,"template":"","meta":{"_acf_changed":false,"inline_featured_image":false,"_tribe_events_status":"","_tribe_events_status_reason":"","_tribe_events_is_hybrid":"","_tribe_events_is_virtual":"","_tribe_events_virtual_video_source":"","_tribe_events_virtual_embed_video":"","_tribe_events_virtual_linked_button_text":"","_tribe_events_virtual_linked_button":"","_tribe_events_virtual_show_embed_at":"","_tribe_events_virtual_show_embed_to":[],"_tribe_events_virtual_show_on_event":"","_tribe_events_virtual_show_on_views":"","_tribe_events_virtual_url":"","footnotes":""},"tags":[],"tribe_events_cat":[1106],"class_list":["post-46735","tribe_events","type-tribe_events","status-publish","has-post-thumbnail","hentry","tribe_events_cat-carnaval","cat_carnaval"],"acf":[],"yoast_head":"<!-- This site is optimized with the Yoast SEO plugin v26.3 - https:\/\/yoast.com\/wordpress\/plugins\/seo\/ -->\n<title>D\u00e9fil\u00e9 du Carnaval des enfants - Visit Rijeka<\/title>\n<meta name=\"robots\" content=\"index, follow, max-snippet:-1, max-image-preview:large, max-video-preview:-1\" \/>\n<link rel=\"canonical\" href=\"https:\/\/visitrijeka.hr\/fr\/event\/djecja-karnevalska-povorka\/\" \/>\n<meta property=\"og:locale\" content=\"fr_FR\" \/>\n<meta property=\"og:type\" content=\"article\" \/>\n<meta property=\"og:title\" content=\"D\u00e9fil\u00e9 du Carnaval des enfants - Visit Rijeka\" \/>\n<meta property=\"og:description\" content=\"Peu de gens peuvent r\u00e9sister aux \u00ab bonbons color\u00e9s \u00bb [...]\" \/>\n<meta property=\"og:url\" content=\"https:\/\/visitrijeka.hr\/fr\/event\/djecja-karnevalska-povorka\/\" \/>\n<meta property=\"og:site_name\" content=\"Visit Rijeka\" \/>\n<meta property=\"article:publisher\" content=\"https:\/\/www.facebook.com\/VisitRijeka\" \/>\n<meta property=\"article:modified_time\" content=\"2024-01-17T11:41:36+00:00\" \/>\n<meta property=\"og:image\" content=\"https:\/\/visitrijeka.hr\/wp-content\/uploads\/2024\/01\/Karneval-djecja-eng.jpg\" \/>\n\t<meta property=\"og:image:width\" content=\"1200\" \/>\n\t<meta property=\"og:image:height\" content=\"925\" \/>\n\t<meta property=\"og:image:type\" content=\"image\/jpeg\" \/>\n<meta name=\"twitter:card\" content=\"summary_large_image\" \/>\n<meta name=\"twitter:label1\" content=\"Dur\u00e9e de lecture estim\u00e9e\" \/>\n\t<meta name=\"twitter:data1\" content=\"1 minute\" \/>\n<script type=\"application\/ld+json\" class=\"yoast-schema-graph\">{\"@context\":\"https:\/\/schema.org\",\"@graph\":[{\"@type\":\"WebPage\",\"@id\":\"https:\/\/visitrijeka.hr\/fr\/event\/djecja-karnevalska-povorka\/\",\"url\":\"https:\/\/visitrijeka.hr\/fr\/event\/djecja-karnevalska-povorka\/\",\"name\":\"D\u00e9fil\u00e9 du Carnaval des enfants - Visit Rijeka\",\"isPartOf\":{\"@id\":\"https:\/\/visitrijeka.hr\/fr\/#website\"},\"primaryImageOfPage\":{\"@id\":\"https:\/\/visitrijeka.hr\/fr\/event\/djecja-karnevalska-povorka\/#primaryimage\"},\"image\":{\"@id\":\"https:\/\/visitrijeka.hr\/fr\/event\/djecja-karnevalska-povorka\/#primaryimage\"},\"thumbnailUrl\":\"https:\/\/visitrijeka.hr\/wp-content\/uploads\/2024\/01\/Karneval-djecja-eng.jpg\",\"datePublished\":\"2023-12-28T10:29:43+00:00\",\"dateModified\":\"2024-01-17T11:41:36+00:00\",\"breadcrumb\":{\"@id\":\"https:\/\/visitrijeka.hr\/fr\/event\/djecja-karnevalska-povorka\/#breadcrumb\"},\"inLanguage\":\"fr-FR\",\"potentialAction\":[{\"@type\":\"ReadAction\",\"target\":[\"https:\/\/visitrijeka.hr\/fr\/event\/djecja-karnevalska-povorka\/\"]}]},{\"@type\":\"ImageObject\",\"inLanguage\":\"fr-FR\",\"@id\":\"https:\/\/visitrijeka.hr\/fr\/event\/djecja-karnevalska-povorka\/#primaryimage\",\"url\":\"https:\/\/visitrijeka.hr\/wp-content\/uploads\/2024\/01\/Karneval-djecja-eng.jpg\",\"contentUrl\":\"https:\/\/visitrijeka.hr\/wp-content\/uploads\/2024\/01\/Karneval-djecja-eng.jpg\",\"width\":1200,\"height\":925,\"caption\":\"Karneval dje\u010dja eng\"},{\"@type\":\"WebSite\",\"@id\":\"https:\/\/visitrijeka.hr\/fr\/#website\",\"url\":\"https:\/\/visitrijeka.hr\/fr\/\",\"name\":\"Visit Rijeka\",\"description\":\"Grad koji te\u010de....\",\"publisher\":{\"@id\":\"https:\/\/visitrijeka.hr\/fr\/#organization\"},\"potentialAction\":[{\"@type\":\"SearchAction\",\"target\":{\"@type\":\"EntryPoint\",\"urlTemplate\":\"https:\/\/visitrijeka.hr\/fr\/?s={search_term_string}\"},\"query-input\":{\"@type\":\"PropertyValueSpecification\",\"valueRequired\":true,\"valueName\":\"search_term_string\"}}],\"inLanguage\":\"fr-FR\"},{\"@type\":\"Organization\",\"@id\":\"https:\/\/visitrijeka.hr\/fr\/#organization\",\"name\":\"Visit Rijeka\",\"url\":\"https:\/\/visitrijeka.hr\/fr\/\",\"logo\":{\"@type\":\"ImageObject\",\"inLanguage\":\"fr-FR\",\"@id\":\"https:\/\/visitrijeka.hr\/fr\/#\/schema\/logo\/image\/\",\"url\":\"https:\/\/visitrijeka.hr\/wp-content\/uploads\/2023\/02\/Logo_Visit_rijeka_460.svg\",\"contentUrl\":\"https:\/\/visitrijeka.hr\/wp-content\/uploads\/2023\/02\/Logo_Visit_rijeka_460.svg\",\"width\":100,\"height\":100,\"caption\":\"Visit Rijeka\"},\"image\":{\"@id\":\"https:\/\/visitrijeka.hr\/fr\/#\/schema\/logo\/image\/\"},\"sameAs\":[\"https:\/\/www.facebook.com\/VisitRijeka\"]}]}<\/script>\n<!-- \/ Yoast SEO plugin. -->","yoast_head_json":{"title":"D\u00e9fil\u00e9 du Carnaval des enfants - Visit Rijeka","robots":{"index":"index","follow":"follow","max-snippet":"max-snippet:-1","max-image-preview":"max-image-preview:large","max-video-preview":"max-video-preview:-1"},"canonical":"https:\/\/visitrijeka.hr\/fr\/event\/djecja-karnevalska-povorka\/","og_locale":"fr_FR","og_type":"article","og_title":"D\u00e9fil\u00e9 du Carnaval des enfants - Visit Rijeka","og_description":"Peu de gens peuvent r\u00e9sister aux \u00ab bonbons color\u00e9s \u00bb [...]","og_url":"https:\/\/visitrijeka.hr\/fr\/event\/djecja-karnevalska-povorka\/","og_site_name":"Visit Rijeka","article_publisher":"https:\/\/www.facebook.com\/VisitRijeka","article_modified_time":"2024-01-17T11:41:36+00:00","og_image":[{"width":1200,"height":925,"url":"https:\/\/visitrijeka.hr\/wp-content\/uploads\/2024\/01\/Karneval-djecja-eng.jpg","type":"image\/jpeg"}],"twitter_card":"summary_large_image","twitter_misc":{"Dur\u00e9e de lecture estim\u00e9e":"1 minute"},"schema":{"@context":"https:\/\/schema.org","@graph":[{"@type":"WebPage","@id":"https:\/\/visitrijeka.hr\/fr\/event\/djecja-karnevalska-povorka\/","url":"https:\/\/visitrijeka.hr\/fr\/event\/djecja-karnevalska-povorka\/","name":"D\u00e9fil\u00e9 du Carnaval des enfants - Visit Rijeka","isPartOf":{"@id":"https:\/\/visitrijeka.hr\/fr\/#website"},"primaryImageOfPage":{"@id":"https:\/\/visitrijeka.hr\/fr\/event\/djecja-karnevalska-povorka\/#primaryimage"},"image":{"@id":"https:\/\/visitrijeka.hr\/fr\/event\/djecja-karnevalska-povorka\/#primaryimage"},"thumbnailUrl":"https:\/\/visitrijeka.hr\/wp-content\/uploads\/2024\/01\/Karneval-djecja-eng.jpg","datePublished":"2023-12-28T10:29:43+00:00","dateModified":"2024-01-17T11:41:36+00:00","breadcrumb":{"@id":"https:\/\/visitrijeka.hr\/fr\/event\/djecja-karnevalska-povorka\/#breadcrumb"},"inLanguage":"fr-FR","potentialAction":[{"@type":"ReadAction","target":["https:\/\/visitrijeka.hr\/fr\/event\/djecja-karnevalska-povorka\/"]}]},{"@type":"ImageObject","inLanguage":"fr-FR","@id":"https:\/\/visitrijeka.hr\/fr\/event\/djecja-karnevalska-povorka\/#primaryimage","url":"https:\/\/visitrijeka.hr\/wp-content\/uploads\/2024\/01\/Karneval-djecja-eng.jpg","contentUrl":"https:\/\/visitrijeka.hr\/wp-content\/uploads\/2024\/01\/Karneval-djecja-eng.jpg","width":1200,"height":925,"caption":"Karneval dje\u010dja eng"},{"@type":"WebSite","@id":"https:\/\/visitrijeka.hr\/fr\/#website","url":"https:\/\/visitrijeka.hr\/fr\/","name":"Visit Rijeka","description":"Grad koji te\u010de....","publisher":{"@id":"https:\/\/visitrijeka.hr\/fr\/#organization"},"potentialAction":[{"@type":"SearchAction","target":{"@type":"EntryPoint","urlTemplate":"https:\/\/visitrijeka.hr\/fr\/?s={search_term_string}"},"query-input":{"@type":"PropertyValueSpecification","valueRequired":true,"valueName":"search_term_string"}}],"inLanguage":"fr-FR"},{"@type":"Organization","@id":"https:\/\/visitrijeka.hr\/fr\/#organization","name":"Visit Rijeka","url":"https:\/\/visitrijeka.hr\/fr\/","logo":{"@type":"ImageObject","inLanguage":"fr-FR","@id":"https:\/\/visitrijeka.hr\/fr\/#\/schema\/logo\/image\/","url":"https:\/\/visitrijeka.hr\/wp-content\/uploads\/2023\/02\/Logo_Visit_rijeka_460.svg","contentUrl":"https:\/\/visitrijeka.hr\/wp-content\/uploads\/2023\/02\/Logo_Visit_rijeka_460.svg","width":100,"height":100,"caption":"Visit Rijeka"},"image":{"@id":"https:\/\/visitrijeka.hr\/fr\/#\/schema\/logo\/image\/"},"sameAs":["https:\/\/www.facebook.com\/VisitRijeka"]}]}},"_links":{"self":[{"href":"https:\/\/visitrijeka.hr\/fr\/wp-json\/wp\/v2\/tribe_events\/46735","targetHints":{"allow":["GET"]}}],"collection":[{"href":"https:\/\/visitrijeka.hr\/fr\/wp-json\/wp\/v2\/tribe_events"}],"about":[{"href":"https:\/\/visitrijeka.hr\/fr\/wp-json\/wp\/v2\/types\/tribe_events"}],"author":[{"embeddable":true,"href":"https:\/\/visitrijeka.hr\/fr\/wp-json\/wp\/v2\/users\/1"}],"version-history":[{"count":0,"href":"https:\/\/visitrijeka.hr\/fr\/wp-json\/wp\/v2\/tribe_events\/46735\/revisions"}],"wp:featuredmedia":[{"embeddable":true,"href":"https:\/\/visitrijeka.hr\/fr\/wp-json\/wp\/v2\/media\/46692"}],"wp:attachment":[{"href":"https:\/\/visitrijeka.hr\/fr\/wp-json\/wp\/v2\/media?parent=46735"}],"wp:term":[{"taxonomy":"post_tag","embeddable":true,"href":"https:\/\/visitrijeka.hr\/fr\/wp-json\/wp\/v2\/tags?post=46735"},{"taxonomy":"tribe_events_cat","embeddable":true,"href":"https:\/\/visitrijeka.hr\/fr\/wp-json\/wp\/v2\/tribe_events_cat?post=46735"}],"curies":[{"name":"wp","href":"https:\/\/api.w.org\/{rel}","templated":true}]}}