{"id":28854,"date":"2023-06-08T18:55:20","date_gmt":"2023-06-08T16:55:20","guid":{"rendered":"https:\/\/visitrijeka.hr\/romanticna-luka\/"},"modified":"2025-08-25T13:39:51","modified_gmt":"2025-08-25T11:39:51","slug":"les-ports-gastronomiques-romantiques","status":"publish","type":"page","link":"https:\/\/visitrijeka.hr\/fr\/les-ports-gastronomiques-romantiques\/","title":{"rendered":"Les ports romantiques"},"content":{"rendered":"<p><div class=\"fusion-fullwidth fullwidth-box fusion-builder-row-1 fusion-flex-container has-pattern-background has-mask-background nonhundred-percent-fullwidth non-hundred-percent-height-scrolling\" style=\"--awb-border-radius-top-left:0px;--awb-border-radius-top-right:0px;--awb-border-radius-bottom-right:0px;--awb-border-radius-bottom-left:0px;--awb-flex-wrap:wrap;\" ><div class=\"fusion-builder-row fusion-row fusion-flex-align-items-center fusion-flex-justify-content-space-evenly fusion-flex-content-wrap\" style=\"max-width:1414.4px;margin-left: calc(-4% \/ 2 );margin-right: calc(-4% \/ 2 );\"><div class=\"fusion-layout-column fusion_builder_column fusion-builder-column-0 fusion_builder_column_1_6 1_6 fusion-flex-column fusion-no-small-visibility fusion-no-medium-visibility id-28854\" style=\"--awb-bg-size:cover;--awb-width-large:16.666666666667%;--awb-margin-top-large:0px;--awb-spacing-right-large:11.52%;--awb-margin-bottom-large:20px;--awb-spacing-left-large:11.52%;--awb-width-medium:16.666666666667%;--awb-order-medium:0;--awb-spacing-right-medium:11.52%;--awb-spacing-left-medium:11.52%;--awb-width-small:100%;--awb-order-small:0;--awb-spacing-right-small:1.92%;--awb-spacing-left-small:1.92%;\" data-scroll-devices=\"small-visibility,medium-visibility,large-visibility\"><div class=\"fusion-column-wrapper fusion-column-has-shadow fusion-flex-justify-content-flex-start fusion-content-layout-column\"><i class=\"fb-icon-element-1 fb-icon-element fontawesome-icon ikoa-ljubavne-luke circle-no\" style=\"--awb-iconcolor-hover:var(--awb-color4);--awb-circlecolor:var(--awb-color1);--awb-font-size:70px;--awb-align-self:center;--awb-margin-top:20px;--awb-margin-right:0px;--awb-margin-bottom:0px;--awb-margin-left:0px;\"><\/i><div class=\"fusion-title title fusion-title-1 fusion-sep-none fusion-title-text fusion-title-size-four\" style=\"--awb-text-color:var(--awb-custom_color_7);\"><h4 class=\"fusion-title-heading title-heading-left\" style=\"font-family:&quot;SSP-Semibold-600&quot;;font-style:normal;font-weight:400;margin:0;\">Les ports romantiques<\/h4><\/div><i class=\"fb-icon-element-2 fb-icon-element fontawesome-icon ikoa-Ri-luke-valovi-icon-01 circle-no\" style=\"--awb-iconcolor-hover:var(--awb-color4);--awb-font-size:122px;--awb-align-self:center;--awb-margin-top:-50px;--awb-margin-right:0px;--awb-margin-bottom:0px;--awb-margin-left:0px;\"><\/i><\/div><\/div><div class=\"fusion-layout-column fusion_builder_column fusion-builder-column-1 fusion_builder_column_3_5 3_5 fusion-flex-column id-28854\" style=\"--awb-bg-size:cover;--awb-width-large:60%;--awb-margin-top-large:0px;--awb-spacing-right-large:3.2%;--awb-margin-bottom-large:20px;--awb-spacing-left-large:3.2%;--awb-width-medium:60%;--awb-order-medium:0;--awb-spacing-right-medium:3.2%;--awb-spacing-left-medium:3.2%;--awb-width-small:100%;--awb-order-small:1;--awb-spacing-right-small:1.92%;--awb-spacing-left-small:1.92%;\" data-scroll-devices=\"small-visibility,medium-visibility,large-visibility\"><div class=\"fusion-column-wrapper fusion-column-has-shadow fusion-flex-justify-content-flex-start fusion-content-layout-column\"><div class=\"fusion-text fusion-text-1\"><p>Les jeux de reflets des couleurs du soleil, du ciel et de la mer, cr\u00e9\u00e9s par la nature dans la baie de Rijeka, sont photographi\u00e9s et partag\u00e9s comme exemples de beaut\u00e9 et de vues romantiques. Lorsque la beaut\u00e9 naturelle est associ\u00e9e \u00e0 des environnements romantiques, des atmosph\u00e8res subtiles et des saveurs fines offertes par les ports gastronomiques romantiques de Rijeka, des moments m\u00e9morables sont cr\u00e9\u00e9s.<\/p>\n<\/div><\/div><\/div><div class=\"fusion-layout-column fusion_builder_column fusion-builder-column-2 fusion_builder_column_1_5 1_5 fusion-flex-column fusion-flex-align-self-flex-start layout_smjestaj_istrazi id-28854\" style=\"--awb-padding-top:0px;--awb-padding-right:0px;--awb-padding-bottom:0px;--awb-padding-left:0px;--awb-padding-right-small:15px;--awb-padding-left-small:15px;--awb-bg-size:cover;--awb-width-large:20%;--awb-margin-top-large:-50px;--awb-spacing-right-large:0px;--awb-margin-bottom-large:0px;--awb-spacing-left-large:0px;--awb-width-medium:20%;--awb-order-medium:0;--awb-spacing-right-medium:0px;--awb-spacing-left-medium:0px;--awb-width-small:100%;--awb-order-small:0;--awb-spacing-right-small:1.92%;--awb-spacing-left-small:1.92%;\" data-scroll-devices=\"small-visibility,medium-visibility,large-visibility\"><div class=\"fusion-column-wrapper fusion-column-has-shadow fusion-flex-justify-content-flex-start fusion-content-layout-column\"><div class=\"fusion-image-element \" style=\"text-align:center;--awb-max-width:130px;--awb-caption-title-font-family:var(--h2_typography-font-family);--awb-caption-title-font-weight:var(--h2_typography-font-weight);--awb-caption-title-font-style:var(--h2_typography-font-style);--awb-caption-title-size:var(--h2_typography-font-size);--awb-caption-title-transform:var(--h2_typography-text-transform);--awb-caption-title-line-height:var(--h2_typography-line-height);--awb-caption-title-letter-spacing:var(--h2_typography-letter-spacing);\"><span class=\" fusion-imageframe imageframe-none imageframe-1 hover-type-none\"><img decoding=\"async\" width=\"600\" height=\"858\" alt=\"Rije\u010dke gastronomske luke EN logo\" title=\"gastro_luke_logo_EN_WEB\" src=\"https:\/\/visitrijeka.hr\/wp-content\/uploads\/2023\/06\/gastro_luke_logo_EN_WEB-1.png\" data-orig-src=\"https:\/\/visitrijeka.hr\/wp-content\/uploads\/2023\/06\/gastro_luke_logo_EN_WEB-1.png\" class=\"lazyload img-responsive wp-image-27082\" srcset=\"data:image\/svg+xml,%3Csvg%20xmlns%3D%27http%3A%2F%2Fwww.w3.org%2F2000%2Fsvg%27%20width%3D%27600%27%20height%3D%27858%27%20viewBox%3D%270%200%20600%20858%27%3E%3Crect%20width%3D%27600%27%20height%3D%27858%27%20fill-opacity%3D%220%22%2F%3E%3C%2Fsvg%3E\" data-srcset=\"https:\/\/visitrijeka.hr\/wp-content\/uploads\/2023\/06\/gastro_luke_logo_EN_WEB-1-200x286.png 200w, https:\/\/visitrijeka.hr\/wp-content\/uploads\/2023\/06\/gastro_luke_logo_EN_WEB-1-400x572.png 400w, https:\/\/visitrijeka.hr\/wp-content\/uploads\/2023\/06\/gastro_luke_logo_EN_WEB-1.png 600w\" data-sizes=\"auto\" data-orig-sizes=\"(max-width: 800px) 100vw, 400px\" \/><\/span><\/div><div class=\"fusion-separator\" style=\"align-self: center;margin-left: auto;margin-right: auto;margin-top:10px;width:100%;max-width:100px;\"><\/div><\/div><\/div>\n<\/div><\/div><div class=\"fusion-fullwidth fullwidth-box fusion-builder-row-2 fusion-flex-container has-pattern-background has-mask-background nonhundred-percent-fullwidth non-hundred-percent-height-scrolling\" style=\"--awb-border-radius-top-left:0px;--awb-border-radius-top-right:0px;--awb-border-radius-bottom-right:0px;--awb-border-radius-bottom-left:0px;--awb-flex-wrap:wrap;\" ><div class=\"fusion-builder-row fusion-row fusion-flex-align-items-center fusion-flex-justify-content-center fusion-flex-content-wrap\" style=\"max-width:1414.4px;margin-left: calc(-4% \/ 2 );margin-right: calc(-4% \/ 2 );\"><div class=\"fusion-layout-column fusion_builder_column fusion-builder-column-3 fusion_builder_column_1_1 1_1 fusion-flex-column id-28854\" style=\"--awb-bg-size:cover;--awb-width-large:100%;--awb-margin-top-large:0px;--awb-spacing-right-large:1.92%;--awb-margin-bottom-large:20px;--awb-spacing-left-large:1.92%;--awb-width-medium:100%;--awb-order-medium:0;--awb-spacing-right-medium:1.92%;--awb-spacing-left-medium:1.92%;--awb-width-small:100%;--awb-order-small:0;--awb-spacing-right-small:1.92%;--awb-spacing-left-small:1.92%;\"><div class=\"fusion-column-wrapper fusion-column-has-shadow fusion-flex-justify-content-flex-start fusion-content-layout-column\"><div class=\"fusion-separator fusion-full-width-sep\" style=\"align-self: center;margin-left: auto;margin-right: auto;margin-top:40px;width:100%;\"><\/div><\/div><\/div><\/div><\/div><div class=\"fusion-fullwidth fullwidth-box fusion-builder-row-3 fusion-flex-container has-pattern-background has-mask-background nonhundred-percent-fullwidth non-hundred-percent-height-scrolling\" style=\"--awb-border-radius-top-left:0px;--awb-border-radius-top-right:0px;--awb-border-radius-bottom-right:0px;--awb-border-radius-bottom-left:0px;--awb-padding-top:40px;--awb-margin-top:0px;--awb-margin-bottom:0px;--awb-background-color:var(--awb-color2);--awb-flex-wrap:wrap;\" ><div class=\"fusion-builder-row fusion-row fusion-flex-align-items-flex-start fusion-flex-justify-content-center fusion-flex-content-wrap\" style=\"max-width:1414.4px;margin-left: calc(-4% \/ 2 );margin-right: calc(-4% \/ 2 );\"><div class=\"fusion-layout-column fusion_builder_column fusion-builder-column-4 fusion_builder_column_1_1 1_1 fusion-flex-column id-28854\" style=\"--awb-bg-size:cover;--awb-width-large:100%;--awb-margin-top-large:0px;--awb-spacing-right-large:1.92%;--awb-margin-bottom-large:0px;--awb-spacing-left-large:1.92%;--awb-width-medium:100%;--awb-order-medium:0;--awb-spacing-right-medium:1.92%;--awb-spacing-left-medium:1.92%;--awb-width-small:100%;--awb-order-small:0;--awb-spacing-right-small:1.92%;--awb-spacing-left-small:1.92%;\"><div class=\"fusion-column-wrapper fusion-column-has-shadow fusion-flex-justify-content-flex-start fusion-content-layout-column\"><div class=\"fusion-title title fusion-title-2 fusion-sep-none fusion-title-center fusion-title-text fusion-title-size-two\" style=\"--awb-font-size:40px;\"><h2 class=\"fusion-title-heading title-heading-center\" style=\"font-family:&quot;SSP-Bold-700&quot;;font-style:normal;font-weight:400;margin:0;font-size:1em;\">Quoi de neuf \u00e0 Rijeka?<\/h2><\/div><div class=\"fusion-separator\" style=\"align-self: center;margin-left: auto;margin-right: auto;margin-top:14px;width:100%;max-width:70px;\"><div class=\"fusion-separator-border sep-single sep-solid\" style=\"--awb-height:20px;--awb-amount:20px;--awb-sep-color:var(--awb-color5);border-color:var(--awb-color5);border-top-width:6px;\"><\/div><\/div><div class=\"fusion-separator fusion-full-width-sep\" style=\"align-self: center;margin-left: auto;margin-right: auto;margin-bottom:40px;width:100%;\"><\/div><\/div><\/div><div class=\"fusion-layout-column fusion_builder_column fusion-builder-column-5 fusion_builder_column_1_2 1_2 fusion-flex-column id-28854\" style=\"--awb-padding-left-small:10px;--awb-bg-size:cover;--awb-width-large:50%;--awb-margin-top-large:0px;--awb-spacing-right-large:0px;--awb-margin-bottom-large:60px;--awb-spacing-left-large:0px;--awb-width-medium:50%;--awb-order-medium:0;--awb-spacing-right-medium:0px;--awb-spacing-left-medium:0px;--awb-width-small:100%;--awb-order-small:0;--awb-spacing-right-small:1.92%;--awb-spacing-left-small:1.92%;\" data-scroll-devices=\"small-visibility,medium-visibility,large-visibility\"><div class=\"fusion-column-wrapper fusion-column-has-shadow fusion-flex-justify-content-flex-start fusion-content-layout-column\"><ul style=\"--awb-size:20px;--awb-margin-top:0px;--awb-margin-right:0px;--awb-margin-bottom:0px;--awb-margin-left:0px;--awb-item-padding-top:0px;--awb-item-padding-right:0px;--awb-item-padding-bottom:0px;--awb-item-padding-left:0px;--awb-line-height:34px;--awb-icon-width:34px;--awb-icon-height:34px;--awb-icon-margin:14px;--awb-content-margin:48px;\" class=\"fusion-checklist fusion-checklist-1 type-icons checklist-novosti-ikona\"><li class=\"fusion-li-item\" style=\"\"><span class=\"icon-wrapper circle-no\"><i class=\"fusion-li-icon icon-Plava_Visitrijeka\" aria-hidden=\"true\"><\/i><\/span><div class=\"fusion-li-item-content\">\n<h3><span style=\"font-size: 23pt;\"><strong>blog.<\/strong><\/span><\/h3>\n<\/div><\/li><\/ul><div class=\"fusion-post-cards fusion-post-cards-2 awb-carousel awb-swiper awb-swiper-slider awb-swiper-dots-position-bottom\" style=\"--awb-arrow-size:25px;--awb-arrow-bgcolor:rgba(255,255,255,0);--awb-arrow-color:var(--awb-color4);--awb-arrow-hover-bgcolor:rgba(255,255,255,0);--awb-arrow-hover-color:var(--awb-custom_color_7);--awb-dots-align:center;--awb-columns:1;--awb-active-filter-border-size:3px;--awb-filters-height:36px;\" data-autoplay=\"no\" data-autoplayspeed=\"2500\" data-autoplaypause=\"no\" data-loop=\"yes\" data-columns=\"1\" data-columnsmedium=\"0\" data-columnssmall=\"0\" data-itemmargin=\"40\" data-itemwidth=\"180\" data-touchscroll=\"drag\" data-freemode=\"no\" data-imagesize=\"auto\" data-scrollitems=\"0\" data-mousepointer=\"default\" data-layout=\"slider\" data-centeredslides=\"no\" data-shadow=\"no\" data-speed=\"500\" data-rotationangle=\"50\" data-depth=\"100\" data-slide-effect=\"fade\"><div class=\"swiper-wrapper\"><div class=\"fusion_builder_column fusion-builder-column-6 fusion-flex-column post-card swiper-slide id-83635\" style=\"--awb-bg-blend:overlay;--awb-bg-size:cover;--awb-flex-grow:0;--awb-flex-shrink:0;--awb-flex-grow-medium:0;--awb-flex-shrink-medium:0;--awb-flex-grow-small:0;--awb-flex-shrink-small:0;\"><div class=\"fusion-column-wrapper fusion-flex-justify-content-flex-start fusion-content-layout-column\"><div class=\"fusion-builder-row fusion-builder-row-inner fusion-row fusion-flex-align-items-flex-start fusion-flex-justify-content-center fusion-flex-content-wrap\" style=\"width:104% !important;max-width:104% !important;margin-left: calc(-4% \/ 2 );margin-right: calc(-4% \/ 2 );\"><div class=\"fusion-layout-column fusion_builder_column_inner fusion-builder-nested-column-0 fusion_builder_column_inner_2_5 2_5 fusion-flex-column\" style=\"--awb-bg-size:cover;--awb-transform:translateY(0px);--awb-transform-hover:translateY(5px);--awb-width-large:40%;--awb-margin-top-large:0px;--awb-spacing-right-large:4.8%;--awb-margin-bottom-large:0px;--awb-spacing-left-large:4.8%;--awb-width-medium:40%;--awb-order-medium:0;--awb-spacing-right-medium:4.8%;--awb-spacing-left-medium:4.8%;--awb-width-small:100%;--awb-order-small:0;--awb-spacing-right-small:1.92%;--awb-spacing-left-small:1.92%;\"><div class=\"fusion-column-wrapper fusion-column-has-shadow fusion-flex-justify-content-flex-start fusion-content-layout-column\"><div class=\"fusion-image-element \" style=\"--awb-aspect-ratio: 100 \/ 90;--awb-caption-title-color:var(--awb-color1);--awb-caption-text-color:var(--awb-color1);--awb-caption-overlay-color:rgba(255,255,255,0);--awb-caption-title-font-family:&quot;SSP-Bold&quot;;--awb-caption-title-font-weight:400;--awb-caption-title-font-style:normal;--awb-caption-title-size:14px;--awb-caption-title-transform:uppercase;--awb-caption-title-line-height:var(--h5_typography-line-height);--awb-caption-title-letter-spacing:var(--h5_typography-letter-spacing);\"><span class=\" fusion-imageframe imageframe-none imageframe-2 hover-type-none has-aspect-ratio\" style=\"border-radius:12px;\"><a class=\"fusion-no-lightbox\" href=\"https:\/\/visitrijeka.hr\/fr\/kontinuirana-ulaganja-u-trsatski-kastel-i-rijecki-tunel-s-ciljem-razvoja-turisticke-destinacije\/\" target=\"_self\" aria-label=\"IMG_2078\"><img decoding=\"async\" width=\"2000\" height=\"1334\" src=\"https:\/\/visitrijeka.hr\/wp-content\/uploads\/2025\/04\/IMG_2078.jpg\" data-orig-src=\"https:\/\/visitrijeka.hr\/wp-content\/uploads\/2025\/04\/IMG_2078.jpg\" class=\"lazyload img-responsive wp-image-80022 img-with-aspect-ratio\" data-parent-fit=\"cover\" data-parent-container=\".fusion-image-element\" alt srcset=\"data:image\/svg+xml,%3Csvg%20xmlns%3D%27http%3A%2F%2Fwww.w3.org%2F2000%2Fsvg%27%20width%3D%272000%27%20height%3D%271334%27%20viewBox%3D%270%200%202000%201334%27%3E%3Crect%20width%3D%272000%27%20height%3D%271334%27%20fill-opacity%3D%220%22%2F%3E%3C%2Fsvg%3E\" data-srcset=\"https:\/\/visitrijeka.hr\/wp-content\/uploads\/2025\/04\/IMG_2078-200x133.jpg 200w, https:\/\/visitrijeka.hr\/wp-content\/uploads\/2025\/04\/IMG_2078-400x267.jpg 400w, https:\/\/visitrijeka.hr\/wp-content\/uploads\/2025\/04\/IMG_2078-600x400.jpg 600w, https:\/\/visitrijeka.hr\/wp-content\/uploads\/2025\/04\/IMG_2078-800x534.jpg 800w, https:\/\/visitrijeka.hr\/wp-content\/uploads\/2025\/04\/IMG_2078-1200x800.jpg 1200w, https:\/\/visitrijeka.hr\/wp-content\/uploads\/2025\/04\/IMG_2078.jpg 2000w\" data-sizes=\"auto\" data-orig-sizes=\"(max-width: 800px) 100vw, 600px\" \/><\/a><\/span><\/div><\/div><\/div><div class=\"fusion-layout-column fusion_builder_column_inner fusion-builder-nested-column-1 fusion_builder_column_inner_3_5 3_5 fusion-flex-column fusion-flex-align-self-center\" style=\"--awb-padding-right:30px;--awb-padding-left:15px;--awb-bg-size:cover;--awb-width-large:60%;--awb-margin-top-large:0px;--awb-spacing-right-large:3.2%;--awb-margin-bottom-large:0px;--awb-spacing-left-large:3.2%;--awb-width-medium:60%;--awb-order-medium:0;--awb-spacing-right-medium:3.2%;--awb-spacing-left-medium:3.2%;--awb-width-small:100%;--awb-order-small:0;--awb-spacing-right-small:1.92%;--awb-spacing-left-small:1.92%;\"><div class=\"fusion-column-wrapper fusion-column-has-shadow fusion-flex-justify-content-flex-start fusion-content-layout-column\"><div class=\"fusion-text fusion-text-2\" style=\"--awb-content-alignment:left;--awb-font-size:14px;--awb-letter-spacing:var(--awb-typography5-letter-spacing);--awb-text-transform:var(--awb-typography5-text-transform);--awb-text-color:var(--awb-color7);\"><p>10. avril 2025.<\/p>\n<\/div><div class=\"fusion-title title fusion-title-3 fusion-sep-none fusion-title-text fusion-title-size-four\" style=\"--awb-margin-top:0px;--awb-margin-bottom:12px;--awb-margin-top-small:30px;--awb-link-hover-color:var(--awb-custom_color_7);--awb-font-size:26px;\"><h4 class=\"fusion-title-heading title-heading-left\" style=\"font-family:&quot;SSP-Semibold-600&quot;;font-style:normal;font-weight:400;margin:0;font-size:1em;line-height:1.3;\"><a href=\"https:\/\/visitrijeka.hr\/fr\/kontinuirana-ulaganja-u-trsatski-kastel-i-rijecki-tunel-s-ciljem-razvoja-turisticke-destinacije\/\" class=\"awb-custom-text-color awb-custom-text-hover-color\" target=\"_self\">Investissements continus dans le ch\u00e2teau de Trsat et le tunnel de Rijeka pour d\u00e9velopper la destination touristique<\/a><\/h4><\/div><div class=\"fusion-text fusion-text-3 fusion-text-no-margin\" style=\"--awb-font-size:14px;--awb-margin-bottom:0px;\"><p>\u00a0 Le maire de Rijeka, Marko Filipovi\u0107, a approuv\u00e9 le  [...]<\/p>\n<\/div><\/div><\/div><\/div><\/div><\/div>\n<div class=\"fusion_builder_column fusion-builder-column-7 fusion-flex-column post-card swiper-slide id-83649\" style=\"--awb-bg-blend:overlay;--awb-bg-size:cover;--awb-flex-grow:0;--awb-flex-shrink:0;--awb-flex-grow-medium:0;--awb-flex-shrink-medium:0;--awb-flex-grow-small:0;--awb-flex-shrink-small:0;\"><div class=\"fusion-column-wrapper fusion-flex-justify-content-flex-start fusion-content-layout-column\"><div class=\"fusion-builder-row fusion-builder-row-inner fusion-row fusion-flex-align-items-flex-start fusion-flex-justify-content-center fusion-flex-content-wrap\" style=\"width:104% !important;max-width:104% !important;margin-left: calc(-4% \/ 2 );margin-right: calc(-4% \/ 2 );\"><div class=\"fusion-layout-column fusion_builder_column_inner fusion-builder-nested-column-2 fusion_builder_column_inner_2_5 2_5 fusion-flex-column\" style=\"--awb-bg-size:cover;--awb-transform:translateY(0px);--awb-transform-hover:translateY(5px);--awb-width-large:40%;--awb-margin-top-large:0px;--awb-spacing-right-large:4.8%;--awb-margin-bottom-large:0px;--awb-spacing-left-large:4.8%;--awb-width-medium:40%;--awb-order-medium:0;--awb-spacing-right-medium:4.8%;--awb-spacing-left-medium:4.8%;--awb-width-small:100%;--awb-order-small:0;--awb-spacing-right-small:1.92%;--awb-spacing-left-small:1.92%;\"><div class=\"fusion-column-wrapper fusion-column-has-shadow fusion-flex-justify-content-flex-start fusion-content-layout-column\"><div class=\"fusion-image-element \" style=\"--awb-aspect-ratio: 100 \/ 90;--awb-caption-title-color:var(--awb-color1);--awb-caption-text-color:var(--awb-color1);--awb-caption-overlay-color:rgba(255,255,255,0);--awb-caption-title-font-family:&quot;SSP-Bold&quot;;--awb-caption-title-font-weight:400;--awb-caption-title-font-style:normal;--awb-caption-title-size:14px;--awb-caption-title-transform:uppercase;--awb-caption-title-line-height:var(--h5_typography-line-height);--awb-caption-title-letter-spacing:var(--h5_typography-letter-spacing);\"><span class=\" fusion-imageframe imageframe-none imageframe-3 hover-type-none has-aspect-ratio\" style=\"border-radius:12px;\"><a class=\"fusion-no-lightbox\" href=\"https:\/\/visitrijeka.hr\/fr\/la-scarpetta-u-projektu-gastronomija-rijeke-i-rijeckog-prstena-nase-rijecke-kockice-prica-su-o-lokalnoj-tradiciji-i-okusu\/\" target=\"_self\" aria-label=\"lascarpeta23 (1) (1)\"><img decoding=\"async\" width=\"2560\" height=\"1920\" src=\"https:\/\/visitrijeka.hr\/wp-content\/uploads\/2025\/03\/lascarpeta23-1-1-scaled.jpg\" data-orig-src=\"https:\/\/visitrijeka.hr\/wp-content\/uploads\/2025\/03\/lascarpeta23-1-1-scaled.jpg\" class=\"lazyload img-responsive wp-image-78723 img-with-aspect-ratio\" data-parent-fit=\"cover\" data-parent-container=\".fusion-image-element\" alt srcset=\"data:image\/svg+xml,%3Csvg%20xmlns%3D%27http%3A%2F%2Fwww.w3.org%2F2000%2Fsvg%27%20width%3D%272560%27%20height%3D%271920%27%20viewBox%3D%270%200%202560%201920%27%3E%3Crect%20width%3D%272560%27%20height%3D%271920%27%20fill-opacity%3D%220%22%2F%3E%3C%2Fsvg%3E\" data-srcset=\"https:\/\/visitrijeka.hr\/wp-content\/uploads\/2025\/03\/lascarpeta23-1-1-200x150.jpg 200w, https:\/\/visitrijeka.hr\/wp-content\/uploads\/2025\/03\/lascarpeta23-1-1-400x300.jpg 400w, https:\/\/visitrijeka.hr\/wp-content\/uploads\/2025\/03\/lascarpeta23-1-1-600x450.jpg 600w, https:\/\/visitrijeka.hr\/wp-content\/uploads\/2025\/03\/lascarpeta23-1-1-800x600.jpg 800w, https:\/\/visitrijeka.hr\/wp-content\/uploads\/2025\/03\/lascarpeta23-1-1-1200x900.jpg 1200w, https:\/\/visitrijeka.hr\/wp-content\/uploads\/2025\/03\/lascarpeta23-1-1-scaled.jpg 2560w\" data-sizes=\"auto\" data-orig-sizes=\"(max-width: 800px) 100vw, 600px\" \/><\/a><\/span><\/div><\/div><\/div><div class=\"fusion-layout-column fusion_builder_column_inner fusion-builder-nested-column-3 fusion_builder_column_inner_3_5 3_5 fusion-flex-column fusion-flex-align-self-center\" style=\"--awb-padding-right:30px;--awb-padding-left:15px;--awb-bg-size:cover;--awb-width-large:60%;--awb-margin-top-large:0px;--awb-spacing-right-large:3.2%;--awb-margin-bottom-large:0px;--awb-spacing-left-large:3.2%;--awb-width-medium:60%;--awb-order-medium:0;--awb-spacing-right-medium:3.2%;--awb-spacing-left-medium:3.2%;--awb-width-small:100%;--awb-order-small:0;--awb-spacing-right-small:1.92%;--awb-spacing-left-small:1.92%;\"><div class=\"fusion-column-wrapper fusion-column-has-shadow fusion-flex-justify-content-flex-start fusion-content-layout-column\"><div class=\"fusion-text fusion-text-4\" style=\"--awb-content-alignment:left;--awb-font-size:14px;--awb-letter-spacing:var(--awb-typography5-letter-spacing);--awb-text-transform:var(--awb-typography5-text-transform);--awb-text-color:var(--awb-color7);\"><p>28. mars 2025.<\/p>\n<\/div><div class=\"fusion-title title fusion-title-4 fusion-sep-none fusion-title-text fusion-title-size-four\" style=\"--awb-margin-top:0px;--awb-margin-bottom:12px;--awb-margin-top-small:30px;--awb-link-hover-color:var(--awb-custom_color_7);--awb-font-size:26px;\"><h4 class=\"fusion-title-heading title-heading-left\" style=\"font-family:&quot;SSP-Semibold-600&quot;;font-style:normal;font-weight:400;margin:0;font-size:1em;line-height:1.3;\"><a href=\"https:\/\/visitrijeka.hr\/fr\/la-scarpetta-u-projektu-gastronomija-rijeke-i-rijeckog-prstena-nase-rijecke-kockice-prica-su-o-lokalnoj-tradiciji-i-okusu\/\" class=\"awb-custom-text-color awb-custom-text-hover-color\" target=\"_self\">La Scarpetta dans le projet \u201cGastronomie de Rijeka et ses environs\u201d : nos cubes racontent une tradition locale<\/a><\/h4><\/div><div class=\"fusion-text fusion-text-5 fusion-text-no-margin\" style=\"--awb-font-size:14px;--awb-margin-bottom:0px;\"><p>Le restaurant La Scarpetta a rejoint le projet \u00ab Gastronomie  [...]<\/p>\n<\/div><\/div><\/div><\/div><\/div><\/div>\n<\/div><div class=\"awb-swiper-button awb-swiper-button-prev\"><i class=\"fa-arrow-left fas\" aria-hidden=\"true\"><\/i><\/div><div class=\"awb-swiper-button awb-swiper-button-next\"><i class=\"fa-arrow-right fas\" aria-hidden=\"true\"><\/i><\/div><\/div><\/div><\/div><div class=\"fusion-layout-column fusion_builder_column fusion-builder-column-8 fusion_builder_column_1_2 1_2 fusion-flex-column id-28854\" style=\"--awb-padding-left:25px;--awb-bg-size:cover;--awb-border-color:var(--awb-color3);--awb-border-left:2px;--awb-border-style:solid;--awb-width-large:50%;--awb-flex-grow:0;--awb-flex-shrink:0;--awb-margin-top-large:0px;--awb-spacing-right-large:0px;--awb-margin-bottom-large:60px;--awb-spacing-left-large:0px;--awb-width-medium:50%;--awb-order-medium:0;--awb-flex-grow-medium:0;--awb-flex-shrink-medium:0;--awb-spacing-right-medium:0px;--awb-spacing-left-medium:0px;--awb-width-small:100%;--awb-order-small:0;--awb-flex-grow-small:0;--awb-flex-shrink-small:0;--awb-spacing-right-small:1.92%;--awb-spacing-left-small:1.92%;\" data-scroll-devices=\"small-visibility,medium-visibility,large-visibility\"><div class=\"fusion-column-wrapper fusion-column-has-shadow fusion-flex-justify-content-flex-start fusion-content-layout-column\"><ul style=\"--awb-size:20px;--awb-margin-top:0px;--awb-margin-right:0px;--awb-margin-bottom:0px;--awb-margin-left:0px;--awb-item-padding-top:0px;--awb-item-padding-right:0px;--awb-item-padding-bottom:0px;--awb-item-padding-left:0px;--awb-line-height:34px;--awb-icon-width:34px;--awb-icon-height:34px;--awb-icon-margin:14px;--awb-content-margin:48px;\" class=\"fusion-checklist fusion-checklist-2 type-icons checklist-novosti-ikona\"><li class=\"fusion-li-item\" style=\"\"><span class=\"icon-wrapper circle-no\"><i class=\"fusion-li-icon icon-Plava_Visitrijeka\" aria-hidden=\"true\"><\/i><\/span><div class=\"fusion-li-item-content\">\n<h3><span style=\"font-size: 23pt;\"><strong>actualit\u00e9s.<\/strong><\/span><\/h3>\n<\/div><\/li><\/ul><div class=\"fusion-post-cards fusion-post-cards-3 awb-carousel awb-swiper awb-swiper-slider awb-swiper-dots-position-bottom\" style=\"--awb-arrow-size:25px;--awb-arrow-bgcolor:rgba(255,255,255,0);--awb-arrow-color:var(--awb-color4);--awb-arrow-hover-bgcolor:rgba(255,255,255,0);--awb-arrow-hover-color:var(--awb-custom_color_7);--awb-dots-align:center;--awb-columns:1;--awb-active-filter-border-size:3px;--awb-filters-height:36px;\" data-autoplay=\"no\" data-autoplayspeed=\"2500\" data-autoplaypause=\"no\" data-loop=\"yes\" data-columns=\"1\" data-columnsmedium=\"0\" data-columnssmall=\"0\" data-itemmargin=\"40\" data-itemwidth=\"180\" data-touchscroll=\"drag\" data-freemode=\"no\" data-imagesize=\"auto\" data-scrollitems=\"0\" data-mousepointer=\"default\" data-layout=\"slider\" data-centeredslides=\"no\" data-shadow=\"no\" data-speed=\"500\" data-rotationangle=\"50\" data-depth=\"100\" data-slide-effect=\"fade\"><div class=\"swiper-wrapper\"><div class=\"fusion_builder_column fusion-builder-column-9 fusion-flex-column post-card swiper-slide id-95887\" style=\"--awb-bg-blend:overlay;--awb-bg-size:cover;--awb-flex-grow:0;--awb-flex-shrink:0;--awb-flex-grow-medium:0;--awb-flex-shrink-medium:0;--awb-flex-grow-small:0;--awb-flex-shrink-small:0;\"><div class=\"fusion-column-wrapper fusion-flex-justify-content-flex-start fusion-content-layout-column\"><div class=\"fusion-builder-row fusion-builder-row-inner fusion-row fusion-flex-align-items-flex-start fusion-flex-justify-content-center fusion-flex-content-wrap\" style=\"width:104% !important;max-width:104% !important;margin-left: calc(-4% \/ 2 );margin-right: calc(-4% \/ 2 );\"><div class=\"fusion-layout-column fusion_builder_column_inner fusion-builder-nested-column-4 fusion_builder_column_inner_2_5 2_5 fusion-flex-column\" style=\"--awb-bg-size:cover;--awb-transform:translateY(0px);--awb-transform-hover:translateY(5px);--awb-width-large:40%;--awb-margin-top-large:0px;--awb-spacing-right-large:4.8%;--awb-margin-bottom-large:0px;--awb-spacing-left-large:4.8%;--awb-width-medium:40%;--awb-order-medium:0;--awb-spacing-right-medium:4.8%;--awb-spacing-left-medium:4.8%;--awb-width-small:100%;--awb-order-small:0;--awb-spacing-right-small:1.92%;--awb-spacing-left-small:1.92%;\"><div class=\"fusion-column-wrapper fusion-column-has-shadow fusion-flex-justify-content-flex-start fusion-content-layout-column\"><div class=\"fusion-image-element \" style=\"--awb-aspect-ratio: 100 \/ 90;--awb-caption-title-color:var(--awb-color1);--awb-caption-text-color:var(--awb-color1);--awb-caption-overlay-color:rgba(255,255,255,0);--awb-caption-title-font-family:&quot;SSP-Bold&quot;;--awb-caption-title-font-weight:400;--awb-caption-title-font-style:normal;--awb-caption-title-size:14px;--awb-caption-title-transform:uppercase;--awb-caption-title-line-height:var(--h5_typography-line-height);--awb-caption-title-letter-spacing:var(--h5_typography-letter-spacing);\"><span class=\" fusion-imageframe imageframe-none imageframe-4 hover-type-none has-aspect-ratio\" style=\"border-radius:12px;\"><a class=\"fusion-no-lightbox\" href=\"https:\/\/visitrijeka.hr\/fr\/winter-pass-zimska-propusnica-rijecke-turisticke-kartice-ponovno-je-tu\/\" target=\"_self\" aria-label=\"Rijeka Winter Pass 2023 &#8211; FBC8\"><img decoding=\"async\" width=\"2560\" height=\"1124\" src=\"https:\/\/visitrijeka.hr\/wp-content\/uploads\/2025\/10\/Rijeka-Winter-Pass-2023-FBC8-scaled.jpg\" data-orig-src=\"https:\/\/visitrijeka.hr\/wp-content\/uploads\/2025\/10\/Rijeka-Winter-Pass-2023-FBC8-scaled.jpg\" class=\"lazyload img-responsive wp-image-95708 img-with-aspect-ratio\" data-parent-fit=\"cover\" data-parent-container=\".fusion-image-element\" alt srcset=\"data:image\/svg+xml,%3Csvg%20xmlns%3D%27http%3A%2F%2Fwww.w3.org%2F2000%2Fsvg%27%20width%3D%272560%27%20height%3D%271124%27%20viewBox%3D%270%200%202560%201124%27%3E%3Crect%20width%3D%272560%27%20height%3D%271124%27%20fill-opacity%3D%220%22%2F%3E%3C%2Fsvg%3E\" data-srcset=\"https:\/\/visitrijeka.hr\/wp-content\/uploads\/2025\/10\/Rijeka-Winter-Pass-2023-FBC8-200x88.jpg 200w, https:\/\/visitrijeka.hr\/wp-content\/uploads\/2025\/10\/Rijeka-Winter-Pass-2023-FBC8-400x176.jpg 400w, https:\/\/visitrijeka.hr\/wp-content\/uploads\/2025\/10\/Rijeka-Winter-Pass-2023-FBC8-600x263.jpg 600w, https:\/\/visitrijeka.hr\/wp-content\/uploads\/2025\/10\/Rijeka-Winter-Pass-2023-FBC8-800x351.jpg 800w, https:\/\/visitrijeka.hr\/wp-content\/uploads\/2025\/10\/Rijeka-Winter-Pass-2023-FBC8-1200x527.jpg 1200w, https:\/\/visitrijeka.hr\/wp-content\/uploads\/2025\/10\/Rijeka-Winter-Pass-2023-FBC8-scaled.jpg 2560w\" data-sizes=\"auto\" data-orig-sizes=\"(max-width: 800px) 100vw, 600px\" \/><\/a><\/span><\/div><\/div><\/div><div class=\"fusion-layout-column fusion_builder_column_inner fusion-builder-nested-column-5 fusion_builder_column_inner_3_5 3_5 fusion-flex-column fusion-flex-align-self-center\" style=\"--awb-padding-right:30px;--awb-padding-left:15px;--awb-bg-size:cover;--awb-width-large:60%;--awb-margin-top-large:0px;--awb-spacing-right-large:3.2%;--awb-margin-bottom-large:0px;--awb-spacing-left-large:3.2%;--awb-width-medium:60%;--awb-order-medium:0;--awb-spacing-right-medium:3.2%;--awb-spacing-left-medium:3.2%;--awb-width-small:100%;--awb-order-small:0;--awb-spacing-right-small:1.92%;--awb-spacing-left-small:1.92%;\"><div class=\"fusion-column-wrapper fusion-column-has-shadow fusion-flex-justify-content-flex-start fusion-content-layout-column\"><div class=\"fusion-text fusion-text-6\" style=\"--awb-content-alignment:left;--awb-font-size:14px;--awb-letter-spacing:var(--awb-typography5-letter-spacing);--awb-text-transform:var(--awb-typography5-text-transform);--awb-text-color:var(--awb-color7);\"><p>1. octobre 2025.<\/p>\n<\/div><div class=\"fusion-title title fusion-title-5 fusion-sep-none fusion-title-text fusion-title-size-four\" style=\"--awb-margin-top:0px;--awb-margin-bottom:12px;--awb-margin-top-small:30px;--awb-link-hover-color:var(--awb-custom_color_7);--awb-font-size:26px;\"><h4 class=\"fusion-title-heading title-heading-left\" style=\"font-family:&quot;SSP-Semibold-600&quot;;font-style:normal;font-weight:400;margin:0;font-size:1em;line-height:1.3;\"><a href=\"https:\/\/visitrijeka.hr\/fr\/winter-pass-zimska-propusnica-rijecke-turisticke-kartice-ponovno-je-tu\/\" class=\"awb-custom-text-color awb-custom-text-hover-color\" target=\"_self\">Winter Pass \u2013 The Rijeka Tourist Card Winter Pass is back!<\/a><\/h4><\/div><div class=\"fusion-text fusion-text-7 fusion-text-no-margin\" style=\"--awb-font-size:14px;--awb-margin-bottom:0px;\"><p>The Tourist Board of the City of Rijeka, together with  [...]<\/p>\n<\/div><\/div><\/div><\/div><\/div><\/div>\n<div class=\"fusion_builder_column fusion-builder-column-10 fusion-flex-column post-card swiper-slide id-74705\" style=\"--awb-bg-blend:overlay;--awb-bg-size:cover;--awb-flex-grow:0;--awb-flex-shrink:0;--awb-flex-grow-medium:0;--awb-flex-shrink-medium:0;--awb-flex-grow-small:0;--awb-flex-shrink-small:0;\"><div class=\"fusion-column-wrapper fusion-flex-justify-content-flex-start fusion-content-layout-column\"><div class=\"fusion-builder-row fusion-builder-row-inner fusion-row fusion-flex-align-items-flex-start fusion-flex-justify-content-center fusion-flex-content-wrap\" style=\"width:104% !important;max-width:104% !important;margin-left: calc(-4% \/ 2 );margin-right: calc(-4% \/ 2 );\"><div class=\"fusion-layout-column fusion_builder_column_inner fusion-builder-nested-column-6 fusion_builder_column_inner_2_5 2_5 fusion-flex-column\" style=\"--awb-bg-size:cover;--awb-transform:translateY(0px);--awb-transform-hover:translateY(5px);--awb-width-large:40%;--awb-margin-top-large:0px;--awb-spacing-right-large:4.8%;--awb-margin-bottom-large:0px;--awb-spacing-left-large:4.8%;--awb-width-medium:40%;--awb-order-medium:0;--awb-spacing-right-medium:4.8%;--awb-spacing-left-medium:4.8%;--awb-width-small:100%;--awb-order-small:0;--awb-spacing-right-small:1.92%;--awb-spacing-left-small:1.92%;\"><div class=\"fusion-column-wrapper fusion-column-has-shadow fusion-flex-justify-content-flex-start fusion-content-layout-column\"><div class=\"fusion-image-element \" style=\"--awb-aspect-ratio: 100 \/ 90;--awb-caption-title-color:var(--awb-color1);--awb-caption-text-color:var(--awb-color1);--awb-caption-overlay-color:rgba(255,255,255,0);--awb-caption-title-font-family:&quot;SSP-Bold&quot;;--awb-caption-title-font-weight:400;--awb-caption-title-font-style:normal;--awb-caption-title-size:14px;--awb-caption-title-transform:uppercase;--awb-caption-title-line-height:var(--h5_typography-line-height);--awb-caption-title-letter-spacing:var(--h5_typography-letter-spacing);\"><span class=\" fusion-imageframe imageframe-none imageframe-5 hover-type-none has-aspect-ratio\" style=\"border-radius:12px;\"><a class=\"fusion-no-lightbox\" href=\"https:\/\/visitrijeka.hr\/fr\/program-rijeckog-karnevala-2025-godine-provjerite-sto-vas-sve-jos-ceka\/\" target=\"_self\" aria-label=\"IMG_3910 (1)\"><img decoding=\"async\" width=\"2000\" height=\"1334\" alt=\"Dje\u010dja karnevalska povorka\" src=\"https:\/\/visitrijeka.hr\/wp-content\/uploads\/2025\/02\/IMG_3910-1.jpg\" data-orig-src=\"https:\/\/visitrijeka.hr\/wp-content\/uploads\/2025\/02\/IMG_3910-1.jpg\" class=\"lazyload img-responsive wp-image-75287 img-with-aspect-ratio\" data-parent-fit=\"cover\" data-parent-container=\".fusion-image-element\" srcset=\"data:image\/svg+xml,%3Csvg%20xmlns%3D%27http%3A%2F%2Fwww.w3.org%2F2000%2Fsvg%27%20width%3D%272000%27%20height%3D%271334%27%20viewBox%3D%270%200%202000%201334%27%3E%3Crect%20width%3D%272000%27%20height%3D%271334%27%20fill-opacity%3D%220%22%2F%3E%3C%2Fsvg%3E\" data-srcset=\"https:\/\/visitrijeka.hr\/wp-content\/uploads\/2025\/02\/IMG_3910-1-200x133.jpg 200w, https:\/\/visitrijeka.hr\/wp-content\/uploads\/2025\/02\/IMG_3910-1-400x267.jpg 400w, https:\/\/visitrijeka.hr\/wp-content\/uploads\/2025\/02\/IMG_3910-1-600x400.jpg 600w, https:\/\/visitrijeka.hr\/wp-content\/uploads\/2025\/02\/IMG_3910-1-800x534.jpg 800w, https:\/\/visitrijeka.hr\/wp-content\/uploads\/2025\/02\/IMG_3910-1-1200x800.jpg 1200w, https:\/\/visitrijeka.hr\/wp-content\/uploads\/2025\/02\/IMG_3910-1.jpg 2000w\" data-sizes=\"auto\" data-orig-sizes=\"(max-width: 800px) 100vw, 600px\" \/><\/a><\/span><\/div><\/div><\/div><div class=\"fusion-layout-column fusion_builder_column_inner fusion-builder-nested-column-7 fusion_builder_column_inner_3_5 3_5 fusion-flex-column fusion-flex-align-self-center\" style=\"--awb-padding-right:30px;--awb-padding-left:15px;--awb-bg-size:cover;--awb-width-large:60%;--awb-margin-top-large:0px;--awb-spacing-right-large:3.2%;--awb-margin-bottom-large:0px;--awb-spacing-left-large:3.2%;--awb-width-medium:60%;--awb-order-medium:0;--awb-spacing-right-medium:3.2%;--awb-spacing-left-medium:3.2%;--awb-width-small:100%;--awb-order-small:0;--awb-spacing-right-small:1.92%;--awb-spacing-left-small:1.92%;\"><div class=\"fusion-column-wrapper fusion-column-has-shadow fusion-flex-justify-content-flex-start fusion-content-layout-column\"><div class=\"fusion-text fusion-text-8\" style=\"--awb-content-alignment:left;--awb-font-size:14px;--awb-letter-spacing:var(--awb-typography5-letter-spacing);--awb-text-transform:var(--awb-typography5-text-transform);--awb-text-color:var(--awb-color7);\"><p>11. f\u00e9vrier 2025.<\/p>\n<\/div><div class=\"fusion-title title fusion-title-6 fusion-sep-none fusion-title-text fusion-title-size-four\" style=\"--awb-margin-top:0px;--awb-margin-bottom:12px;--awb-margin-top-small:30px;--awb-link-hover-color:var(--awb-custom_color_7);--awb-font-size:26px;\"><h4 class=\"fusion-title-heading title-heading-left\" style=\"font-family:&quot;SSP-Semibold-600&quot;;font-style:normal;font-weight:400;margin:0;font-size:1em;line-height:1.3;\"><a href=\"https:\/\/visitrijeka.hr\/fr\/program-rijeckog-karnevala-2025-godine-provjerite-sto-vas-sve-jos-ceka\/\" class=\"awb-custom-text-color awb-custom-text-hover-color\" target=\"_self\">Le programme du Carnaval de Rijeka 2026<\/a><\/h4><\/div><div class=\"fusion-text fusion-text-9 fusion-text-no-margin\" style=\"--awb-font-size:14px;--awb-margin-bottom:0px;\"><\/div><\/div><\/div><\/div><\/div><\/div>\n<\/div><div class=\"awb-swiper-button awb-swiper-button-prev\"><i class=\"fa-arrow-left fas\" aria-hidden=\"true\"><\/i><\/div><div class=\"awb-swiper-button awb-swiper-button-next\"><i class=\"fa-arrow-right fas\" aria-hidden=\"true\"><\/i><\/div><\/div><\/div><\/div><div class=\"fusion-layout-column fusion_builder_column fusion-builder-column-11 fusion_builder_column_1_1 1_1 fusion-flex-column id-28854\" style=\"--awb-padding-left:0px;--awb-bg-size:cover;--awb-width-large:100%;--awb-flex-grow:0;--awb-flex-shrink:0;--awb-margin-top-large:0px;--awb-spacing-right-large:1.92%;--awb-margin-bottom-large:20px;--awb-spacing-left-large:0px;--awb-width-medium:100%;--awb-order-medium:0;--awb-flex-grow-medium:0;--awb-flex-shrink-medium:0;--awb-spacing-right-medium:1.92%;--awb-spacing-left-medium:0px;--awb-width-small:100%;--awb-order-small:0;--awb-flex-grow-small:0;--awb-flex-shrink-small:0;--awb-spacing-right-small:1.92%;--awb-spacing-left-small:1.92%;\"><div class=\"fusion-column-wrapper fusion-column-has-shadow fusion-flex-justify-content-flex-start fusion-content-layout-column\">\n<div class=\"fusion-slider-revolution rev_slider_wrapper\">\t\t\t<!-- START Kalendar  Gastro REVOLUTION SLIDER 6.7.38 --><p class=\"rs-p-wp-fix\"><\/p>\n\t\t\t<rs-module-wrap id=\"rev_slider_23_1_wrapper\" data-source=\"post\" style=\"visibility:hidden;background:#ffffff;padding:0;margin:0px auto;margin-top:0;margin-bottom:0;\">\n\t\t\t\t<rs-module id=\"rev_slider_23_1\" style=\"\" data-version=\"6.7.38\">\n\t\t\t\t\t<div class=\"rs_error_message_box\">\n\t\t\t\t\t\t<div class=\"rs_error_message_oops\">There is nothing to show here!<\/div>\n\t\t\t\t\t\t<div class=\"rs_error_message_content\">Make sure that a valid post type \/ category is selected in &quot;Module General Options -&gt; Content -&gt; Post Selection&quot;.<\/div>\n\t\t\t\t\t<\/div>\n\t\t\t\t<\/rs-module>\n\t\t\t<\/rs-module-wrap>\n\t\t\t<script>\n\t\t\t\tvar rs_eslider = document.getElementById(\"rev_slider_23_1\");\n\t\t\t\trs_eslider.style.display = \"none\";\n\t\t\t\tconsole.log(\"Make sure that a valid post type \/ category is selected in &quot;Module General Options -&gt; Content -&gt; Post Selection&quot;.\");\n\t\t\t<\/script>\n<\/div><\/div><\/div><\/div><\/div>\n<div class=\"fusion-fullwidth fullwidth-box fusion-builder-row-4 fusion-flex-container has-pattern-background has-mask-background hundred-percent-fullwidth non-hundred-percent-height-scrolling\" style=\"--awb-border-radius-top-left:0px;--awb-border-radius-top-right:0px;--awb-border-radius-bottom-right:0px;--awb-border-radius-bottom-left:0px;--awb-padding-right:0px;--awb-padding-left:0px;--awb-padding-top-medium:90px;--awb-padding-bottom-medium:90px;--awb-flex-wrap:wrap;\" ><div class=\"fusion-builder-row fusion-row fusion-flex-align-items-stretch fusion-flex-content-wrap\" style=\"width:104% !important;max-width:104% !important;margin-left: calc(-4% \/ 2 );margin-right: calc(-4% \/ 2 );\"><div class=\"fusion-layout-column fusion_builder_column fusion-builder-column-12 fusion_builder_column_1_1 1_1 fusion-flex-column id-28854\" style=\"--awb-bg-size:cover;--awb-width-large:100%;--awb-flex-grow:0;--awb-flex-shrink:0;--awb-margin-top-large:0px;--awb-spacing-right-large:1.92%;--awb-margin-bottom-large:0px;--awb-spacing-left-large:1.92%;--awb-width-medium:100%;--awb-order-medium:0;--awb-flex-grow-medium:0;--awb-flex-shrink-medium:0;--awb-spacing-right-medium:1.92%;--awb-spacing-left-medium:1.92%;--awb-width-small:100%;--awb-order-small:0;--awb-flex-grow-small:0;--awb-flex-shrink-small:0;--awb-spacing-right-small:1.92%;--awb-spacing-left-small:1.92%;\"><div class=\"fusion-column-wrapper fusion-column-has-shadow fusion-flex-justify-content-flex-start fusion-content-layout-column\"><div class=\"fusion-text fusion-text-10\">    <script type=\"application\/json\" id=\"data\">[{\"address\":\"Ulica Pod Ka\u0161telom 6\",\"coordinates\":\"45.327915, 14.443615\",\"title\":\"Marmota Taqueria OldTown\",\"categories\":[\"les-ports-gastronomiques-aux-saveurs-dautres-pays\",\"restaurants\"],\"tags\":null,\"capacity\":\"17\",\"url\":\"https:\\\/\\\/visitrijeka.hr\\\/fr\\\/marmota-taqueria-oldtown\\\/\"},{\"address\":\"Verdijeva ul. 11\",\"coordinates\":\"45.324870, 14.442389\",\"title\":\"TaiYang Chinese restaurant\",\"categories\":[\"les-ports-gastronomiques-aux-saveurs-dautres-pays\",\"restaurants\"],\"tags\":null,\"capacity\":\"17\",\"url\":\"https:\\\/\\\/visitrijeka.hr\\\/fr\\\/taiyang-chinese-restaurant\\\/\"},{\"address\":\"Jela\u010di\u0107ev trg 12\",\"coordinates\":\"45.326133, 14.445833\",\"title\":\"Rue Wine &#038; Dine\",\"categories\":[\"les-ports-gastronomiques-pour-les-amoureux-du-vin\",\"restaurants\"],\"tags\":null,\"capacity\":\"112\",\"url\":\"https:\\\/\\\/visitrijeka.hr\\\/fr\\\/rue-wine-dine\\\/\"},{\"address\":\"Wenzelova ul. 4, 51000, Rijeka\",\"coordinates\":\"45.326133, 14.445833\",\"title\":\"Na kantunu\",\"categories\":[\"les-ports-gastronomiques-de-peche\",\"les-ports-gastronomiques-et-leurs-produits-locaux\",\"ports-quotidiens\",\"restaurants\"],\"tags\":null,\"capacity\":\"17\",\"url\":\"https:\\\/\\\/visitrijeka.hr\\\/fr\\\/na-kantunu\\\/\"},{\"address\":\"Dolac 11b\",\"title\":\"Opera Restaurant &#038; Bar\",\"categories\":[\"restaurants\"],\"tags\":[\"cuisine-mediterraneenne\"],\"capacity\":\"17\",\"url\":\"https:\\\/\\\/visitrijeka.hr\\\/fr\\\/opera-restaurant-bar\\\/\"},{\"address\":\"Pod Ka\u0161telom 6\",\"coordinates\":\"45.328168, 14.438465\",\"title\":\"Bistro Il Mondo\",\"categories\":[\"restaurants\"],\"tags\":[\"cuisine-mediterraneenne\"],\"capacity\":\"17\",\"url\":\"https:\\\/\\\/visitrijeka.hr\\\/fr\\\/bistro-il-mondo\\\/\"},{\"address\":\"Titov trg 6\",\"coordinates\":\"45.327576, 14.447974\",\"title\":\"Chin Chin\",\"categories\":[\"restaurants\"],\"tags\":[\"cuisines-nationales\"],\"capacity\":\"17\",\"url\":\"https:\\\/\\\/visitrijeka.hr\\\/fr\\\/chin-chin\\\/\"},{\"address\":\"Pavla Rittera Vitezovi\u0107a 1\",\"coordinates\":\"45.326169, 14.445927\",\"title\":\"Sky Gelato\",\"categories\":[\"patisseries\"],\"tags\":null,\"capacity\":\"17\",\"url\":\"https:\\\/\\\/visitrijeka.hr\\\/fr\\\/aroma-gelato-experience\\\/\"},{\"address\":\"Korzo 41\",\"coordinates\":\"45.326629, 14.442167\",\"title\":\"Cream &#038; Dream\",\"categories\":[\"patisseries\"],\"tags\":null,\"capacity\":\"17\",\"url\":\"https:\\\/\\\/visitrijeka.hr\\\/fr\\\/cream-dream\\\/\"},{\"address\":\"Trg rije\u010dkih olimpijaca 8\",\"title\":\"Sweet House\",\"categories\":[\"patisseries\"],\"tags\":null,\"capacity\":\"17\",\"url\":\"https:\\\/\\\/visitrijeka.hr\\\/fr\\\/sweet-house-2\\\/\"},{\"address\":\"Ignacia Henckea 1\",\"title\":\"The Que\",\"categories\":[\"patisseries\"],\"tags\":null,\"capacity\":\"17\",\"url\":\"https:\\\/\\\/visitrijeka.hr\\\/fr\\\/the-que\\\/\"},{\"address\":\"Miroslava Krle\u017ee 15\",\"title\":\"Choco Mocco\",\"categories\":[\"patisseries\"],\"tags\":null,\"capacity\":\"17\",\"url\":\"https:\\\/\\\/visitrijeka.hr\\\/fr\\\/choco-mocco\\\/\"},{\"address\":\"Riva Boduli 7b, Rijeka\",\"coordinates\":\"45.324328, 14.441477\",\"title\":\"Bistro Grad\",\"categories\":[\"label-de-qualite\",\"les-ports-gastronomiques-et-leurs-produits-locaux\",\"les-ports-gastronomiques-pour-les-amoureux-du-vin\",\"restaurants\"],\"tags\":[\"cuisine-mediterraneenne\",\"label-de-qualite-tag\"],\"capacity\":\"17\",\"url\":\"https:\\\/\\\/visitrijeka.hr\\\/fr\\\/kavana-grad-bistro-grad\\\/\"},{\"address\":\"Ul. \u0110ure \u0160porera 2 A\",\"coordinates\":\"45.326929, 14.445589\",\"title\":\"Kancelarija bar\",\"categories\":[\"les-ports-gastronomiques-specificites\"],\"tags\":null,\"capacity\":\"17\",\"url\":\"https:\\\/\\\/visitrijeka.hr\\\/fr\\\/kancelarija-bar\\\/\"},{\"address\":\"Andrije Meduli\u0107a 6\",\"coordinates\":\"45.327310, 14.444157\",\"title\":\"130 Centotrenta\",\"categories\":[\"les-ports-gastronomiques-specificites\",\"restaurants\"],\"tags\":[\"pizza-pates\"],\"capacity\":\"17\",\"url\":\"https:\\\/\\\/visitrijeka.hr\\\/fr\\\/130-cenotrenta\\\/\"},{\"address\":\"\u0160etali\u0161te Andrije Ka\u010di\u0107a Mio\u0161i\u0107a 1\",\"coordinates\":\"45.326835, 14.449012\",\"title\":\"Restoran Continental\",\"categories\":[\"les-ports-gastronomiques-daffaires\"],\"tags\":null,\"capacity\":\"17\",\"url\":\"https:\\\/\\\/visitrijeka.hr\\\/fr\\\/restoran-continental\\\/\"},{\"address\":\"Riva 6\",\"coordinates\":\"45.326506, 14.441131\",\"title\":\"O\u0161tarija Familia\",\"categories\":[\"les-ports-gastronomiques-et-leurs-produits-locaux\",\"restaurants\"],\"tags\":[\"cuisine-mediterraneenne\",\"viande\"],\"capacity\":\"17\",\"url\":\"https:\\\/\\\/visitrijeka.hr\\\/fr\\\/ostarija-familia\\\/\"},{\"address\":\"Trg Republike Hrvatske 2\",\"title\":\"Aristoteles Gyros &#038; Salads\",\"categories\":[\"street-food-fr\"],\"tags\":[\"cuisine-mediterraneenne\",\"cuisines-nationales\"],\"capacity\":\"17\",\"url\":\"https:\\\/\\\/visitrijeka.hr\\\/fr\\\/aristoteles-gyros-salads-2\\\/\"},{\"address\":\"Jela\u010di\u0107ev trg\",\"title\":\"Fox Street Food\",\"categories\":[\"street-food-fr\"],\"tags\":null,\"capacity\":\"17\",\"url\":\"https:\\\/\\\/visitrijeka.hr\\\/fr\\\/fox-street-food-2\\\/\"},{\"address\":\"Andrije Meduli\u0107a 6\",\"title\":\"Centotrenta\",\"categories\":[\"street-food-fr\"],\"tags\":[\"pizza-pates\"],\"capacity\":\"17\",\"url\":\"https:\\\/\\\/visitrijeka.hr\\\/fr\\\/centotrenta\\\/\"},{\"address\":\"Zagreba\u010dka 19\",\"coordinates\":\"45.324700, 14.441896\",\"title\":\"Bistro SapoRi\",\"categories\":[\"restaurants\"],\"tags\":[\"cuisine-mediterraneenne\"],\"capacity\":\"17\",\"url\":\"https:\\\/\\\/visitrijeka.hr\\\/fr\\\/bistro-sapori\\\/\"},{\"address\":\"Korzo 28\",\"coordinates\":\"45.327393, 14.440686\",\"title\":\"Filodrammatica Restaurant &#038; Bar\",\"categories\":[\"bars-fr\",\"restaurants\"],\"tags\":null,\"capacity\":\"17\",\"url\":\"https:\\\/\\\/visitrijeka.hr\\\/fr\\\/filodrammatica-restaurant-bar\\\/\"},{\"address\":\"Ulica Pod Ka\u0161telom 6\",\"title\":\"Bistro Il Mondo\",\"categories\":[\"restaurants\"],\"tags\":[\"cuisine-mediterraneenne\",\"viande\"],\"capacity\":\"17\",\"url\":\"https:\\\/\\\/visitrijeka.hr\\\/fr\\\/bistro-il-mondo\\\/\"},{\"address\":\"Slavka Krautzeka 1\",\"title\":\"MON LE MI\",\"categories\":[\"patisseries\"],\"tags\":null,\"capacity\":\"17\",\"url\":\"https:\\\/\\\/visitrijeka.hr\\\/fr\\\/mon-le-mi\\\/\"},{\"address\":\"\u0160etali\u0161te Andrije Ka\u010di\u0107a Mio\u0161i\u0107a 1\",\"coordinates\":\"45.326825, 14.449146\",\"title\":\"Pivnica Cont\",\"categories\":[\"bars-fr\",\"les-ports-gastronomiques-specificites\",\"restaurants\"],\"tags\":null,\"capacity\":\"17\",\"url\":\"https:\\\/\\\/visitrijeka.hr\\\/fr\\\/pivnica-cont\\\/\"},{\"address\":\"U\u017earska 1\",\"title\":\"Coyote Pub\",\"categories\":[\"bars-fr\"],\"tags\":null,\"capacity\":\"17\",\"url\":\"https:\\\/\\\/visitrijeka.hr\\\/fr\\\/coyote-pub\\\/\"},{\"address\":\"Ulica Fiumara 5\",\"title\":\"Bistro U\u017eanca\",\"categories\":[\"restaurants\"],\"tags\":[\"cuisine-mediterraneenne\"],\"capacity\":\"17\",\"url\":\"https:\\\/\\\/visitrijeka.hr\\\/fr\\\/bistro-uzanca-2\\\/\"},{\"address\":\"Pod Ka\u0161telom 5\",\"title\":\"Soul I Papar\",\"categories\":[\"street-food-fr\"],\"tags\":null,\"capacity\":\"17\",\"url\":\"https:\\\/\\\/visitrijeka.hr\\\/fr\\\/soul-i-papar\\\/\"},{\"address\":\"Ante Star\u010devi\u0107a 5d\",\"title\":\"Garibaldi Aperitivo Design\",\"categories\":[\"bars-fr\"],\"tags\":null,\"capacity\":\"17\",\"url\":\"https:\\\/\\\/visitrijeka.hr\\\/fr\\\/garibaldi-aperitivo-design\\\/\"},{\"address\":\"Andrije Meduli\u0107a 6\",\"title\":\"Level 5 Bar\",\"categories\":[\"bars-fr\"],\"tags\":null,\"capacity\":\"17\",\"url\":\"https:\\\/\\\/visitrijeka.hr\\\/fr\\\/level-5-bar\\\/\"},{\"address\":\"Trg Republike Hrvatske 2\",\"title\":\"A&rsquo;Vali\",\"categories\":[\"restaurants\"],\"tags\":[\"cuisine-mediterraneenne\"],\"capacity\":\"17\",\"url\":\"https:\\\/\\\/visitrijeka.hr\\\/fr\\\/a-vali\\\/\"},{\"address\":\"Korzo 2d\",\"title\":\"Fiorello pub\",\"categories\":[\"bars-fr\"],\"tags\":null,\"capacity\":\"17\",\"url\":\"https:\\\/\\\/visitrijeka.hr\\\/fr\\\/fiorello-pub\\\/\"},{\"address\":\"Slavka Krautzeka 18\",\"coordinates\":\"45.3290428, 14.4604638\",\"title\":\"La Scarpetta\",\"categories\":[\"les-ports-gastronomiques-et-leurs-produits-locaux\",\"les-ports-gastronomiques-familiaux\",\"ports-quotidiens\",\"restaurants\"],\"tags\":[\"poisson\"],\"capacity\":\"17\",\"url\":\"https:\\\/\\\/visitrijeka.hr\\\/fr\\\/la-scarpetta\\\/\"},{\"address\":\"Riva 6\",\"title\":\"My Wok\",\"categories\":[\"street-food-fr\"],\"tags\":null,\"capacity\":\"17\",\"url\":\"https:\\\/\\\/visitrijeka.hr\\\/fr\\\/my-wok\\\/\"},{\"address\":\"Trg Grivica 6b, Rijeka, Croatia\",\"title\":\"Celtic Caffe Bard\",\"categories\":[\"bars-fr\"],\"tags\":null,\"capacity\":\"17\",\"url\":\"https:\\\/\\\/visitrijeka.hr\\\/fr\\\/celtic-caffe-bard\\\/\"},{\"address\":\"Dolac 8, Rijeka, Croatia\",\"title\":\"Ba\u010dva Pub\",\"categories\":[\"bars-fr\"],\"tags\":null,\"capacity\":\"17\",\"url\":\"https:\\\/\\\/visitrijeka.hr\\\/fr\\\/bacva-pub\\\/\"},{\"address\":\"Jadranski trg 4c, Rijeka, Croatia\",\"title\":\"El Rio &#8211; Live Kitchen &#038; Bar\",\"categories\":[\"restaurants\"],\"tags\":[\"pizza-pates\"],\"capacity\":\"17\",\"url\":\"https:\\\/\\\/visitrijeka.hr\\\/fr\\\/el-rio-live-kitchen-bar\\\/\"},{\"address\":\"Andrije Meduli\u0107a 8\",\"coordinates\":\"45.32723564589998, 14.444329154734257\",\"title\":\"Hidden wine bistro\",\"categories\":[\"label-de-qualite\",\"les-ports-gastronomiques-et-leurs-produits-locaux\",\"les-ports-gastronomiques-pour-les-amoureux-du-vin\",\"les-ports-gastronomiques-specificites\",\"restaurants\"],\"tags\":[\"cuisine-mediterraneenne\",\"label-de-qualite-tag\"],\"capacity\":\"17\",\"url\":\"https:\\\/\\\/visitrijeka.hr\\\/fr\\\/hidden-wine-bistro\\\/\"},{\"address\":\"Riva 12\",\"coordinates\":\"45.326859, 14.439694\",\"title\":\"Batak\",\"categories\":[\"les-ports-gastronomiques-de-barbecue\",\"restaurants\"],\"tags\":[\"viande\"],\"capacity\":\"69\",\"url\":\"https:\\\/\\\/visitrijeka.hr\\\/fr\\\/batak\\\/\"},{\"address\":\"Riva 6\",\"title\":\"Azura &#8211; Lounge-Eat-Club\",\"categories\":[\"bars-fr\"],\"tags\":null,\"capacity\":\"17\",\"url\":\"https:\\\/\\\/visitrijeka.hr\\\/fr\\\/azura-lounge-eat-club\\\/\"},{\"address\":\"Trg \u0160i\u0161mi\u0161\",\"coordinates\":\"45.326571, 14.443819\",\"title\":\"Concept bar\",\"categories\":[\"bars-fr\"],\"tags\":null,\"capacity\":\"17\",\"url\":\"https:\\\/\\\/visitrijeka.hr\\\/fr\\\/concept-bar\\\/\"},{\"address\":\"Trg Matije Vla\u010di\u0107a Flaciusa 2\",\"coordinates\":\"0916017701\",\"title\":\"Fino Vino\",\"categories\":[\"bars-fr\"],\"tags\":null,\"capacity\":\"17\",\"url\":\"https:\\\/\\\/visitrijeka.hr\\\/fr\\\/fino-vino\\\/\"},{\"address\":\"\u0160etali\u0161te XIII divizije 46\",\"coordinates\":\"45.318852639897855, 14.46438986661412\",\"title\":\"Restaurant Hotel Jadran &#8211; temporairement ferm\u00e9s pour r\u00e9novation\",\"categories\":[\"restaurants\"],\"tags\":[\"cuisine-mediterraneenne\"],\"capacity\":\"69\",\"url\":\"https:\\\/\\\/visitrijeka.hr\\\/fr\\\/restaurant-hotel-jadran\\\/\"},{\"address\":\"Adami\u0107ev gat\",\"coordinates\":\"45.326327, 14.439104\",\"title\":\"Restaurant Botel Marina\",\"categories\":[\"les-ports-gastronomiques-daffaires\",\"les-ports-gastronomiques-familiaux\",\"les-ports-gastronomiques-pour-les-amoureux-du-vin\",\"restaurants\"],\"tags\":[\"cuisine-mediterraneenne\"],\"capacity\":\"112\",\"url\":\"https:\\\/\\\/visitrijeka.hr\\\/fr\\\/restaurant-botel-marina\\\/\"},{\"address\":\"Mate Lovraka 26\",\"coordinates\":\"45.3559582, 14.3724896\",\"title\":\"Trattoria Krug\",\"categories\":[\"restaurants\"],\"tags\":[\"pizza-pates\"],\"capacity\":\"17\",\"url\":\"https:\\\/\\\/visitrijeka.hr\\\/fr\\\/trattoria-krug\\\/\"},{\"address\":\"V. M. Lenca 81\",\"coordinates\":\"45.346456, 14.388705\",\"title\":\"Pepi\",\"categories\":[\"restaurants\"],\"tags\":[\"pizza-pates\"],\"capacity\":\"17\",\"url\":\"https:\\\/\\\/visitrijeka.hr\\\/fr\\\/pepi\\\/\"},{\"address\":\"Slavka Krautzeka 49\",\"title\":\"Pampas\",\"categories\":[\"restaurants\"],\"tags\":[\"pizza-pates\"],\"capacity\":\"17\",\"url\":\"https:\\\/\\\/visitrijeka.hr\\\/fr\\\/pampas\\\/\"},{\"address\":\"Ulica Nikole Tesle 1a\",\"coordinates\":\"45.330787, 14.430365\",\"title\":\"Mezanin\",\"categories\":[\"ports-quotidiens\",\"restaurants\"],\"tags\":[\"cuisine-mediterraneenne\"],\"capacity\":\"17\",\"url\":\"https:\\\/\\\/visitrijeka.hr\\\/fr\\\/mezanin\\\/\"},{\"address\":\"Ul. pod Voltun 4\",\"title\":\"Riba Riba\",\"categories\":[\"restaurants\"],\"tags\":[\"poisson\"],\"capacity\":\"17\",\"url\":\"https:\\\/\\\/visitrijeka.hr\\\/fr\\\/riba-riba\\\/\"},{\"address\":\"Podkoludricu 2\",\"coordinates\":\"45.340678, 14.372198\",\"title\":\"Nautica\",\"categories\":[\"label-de-qualite\",\"les-ports-gastronomiques-de-peche\",\"les-ports-gastronomiques-et-leurs-produits-locaux\",\"restaurants\"],\"tags\":[\"label-de-qualite-tag\",\"poisson\"],\"capacity\":\"17\",\"url\":\"https:\\\/\\\/visitrijeka.hr\\\/fr\\\/nautica\\\/\"},{\"address\":\"Trg Jurja Klovi\u0107a 2\",\"coordinates\":\"45.327308, 14.443138\",\"title\":\"Restaurant SPOON\",\"categories\":[\"restaurants\"],\"tags\":[\"cuisine-mediterraneenne\"],\"capacity\":\"17\",\"url\":\"https:\\\/\\\/visitrijeka.hr\\\/fr\\\/restaurant-spoon\\\/\"},{\"address\":\"Riva Boduli 3a\",\"title\":\"Restaurant Antack\",\"categories\":[\"restaurants\"],\"tags\":[\"cuisine-mediterraneenne\"],\"capacity\":\"17\",\"url\":\"https:\\\/\\\/visitrijeka.hr\\\/fr\\\/restaurant-antack\\\/\"},{\"address\":\"Dolac 4\",\"coordinates\":\"45.327864, 14.441252\",\"title\":\"Restaurant Kamov (Bonavia)\",\"categories\":[\"les-ports-gastronomiques-daffaires\",\"restaurants\"],\"tags\":[\"cuisine-mediterraneenne\"],\"capacity\":\"17\",\"url\":\"https:\\\/\\\/visitrijeka.hr\\\/fr\\\/restaurant-kamov-bonavia\\\/\"},{\"address\":\"Kumi\u010di\u0107eva 20\",\"coordinates\":\"45.322312, 14.461535\",\"title\":\"3D bistro\",\"categories\":[\"restaurants\"],\"tags\":[\"cuisine-mediterraneenne\"],\"capacity\":\"17\",\"url\":\"https:\\\/\\\/visitrijeka.hr\\\/fr\\\/3d-bistro\\\/\"},{\"address\":\"Janka Poli\u0107 Kamova 81a\",\"coordinates\":\"45.317877, 14.468761\",\"title\":\"Kooglana food&#038;bar\",\"categories\":[\"les-ports-gastronomiques-de-barbecue\",\"les-ports-gastronomiques-familiaux\",\"les-ports-gastronomiques-specificites\",\"street-food-fr\"],\"tags\":null,\"capacity\":\"17\",\"url\":\"https:\\\/\\\/visitrijeka.hr\\\/fr\\\/kooglana-foodbar\\\/\"},{\"address\":\"Mata\u010di\u0107eva ulica 1\",\"coordinates\":\"45.323947, 14.443948\",\"title\":\"NU street food\",\"categories\":[\"street-food-fr\"],\"tags\":null,\"capacity\":\"17\",\"url\":\"https:\\\/\\\/visitrijeka.hr\\\/fr\\\/nu-street-food\\\/\"},{\"address\":\"Kre\u0161imirova 16a\",\"coordinates\":\"45.329744, 14.434372\",\"title\":\"Flumen pub\",\"categories\":[\"bars-fr\"],\"tags\":null,\"capacity\":\"17\",\"url\":\"https:\\\/\\\/visitrijeka.hr\\\/fr\\\/flumen-pub\\\/\"},{\"address\":\"Fiorella la guardie 7a\",\"coordinates\":\"45.330321, 14.435367\",\"title\":\"Fiume bar\",\"categories\":[\"bars-fr\"],\"tags\":null,\"capacity\":\"17\",\"url\":\"https:\\\/\\\/visitrijeka.hr\\\/fr\\\/fiume-bar\\\/\"},{\"address\":\"Frana Supila 12\",\"title\":\"River pub\",\"categories\":[\"bars-fr\"],\"tags\":null,\"capacity\":\"17\",\"url\":\"https:\\\/\\\/visitrijeka.hr\\\/fr\\\/river-pub\\\/\"},{\"address\":\"Verdieva 3\",\"coordinates\":\"45.324064, 14.444382\",\"title\":\"Teatro lounge bar\",\"categories\":[\"bars-fr\"],\"tags\":null,\"capacity\":\"17\",\"url\":\"https:\\\/\\\/visitrijeka.hr\\\/fr\\\/teatro-lounge-bar\\\/\"},{\"address\":\"Koblerov trg b.b.\",\"title\":\"Garcon bar\",\"categories\":[\"bars-fr\"],\"tags\":null,\"capacity\":\"17\",\"url\":\"https:\\\/\\\/visitrijeka.hr\\\/fr\\\/garcon-bar\\\/\"},{\"address\":\"U\u017earska 17\",\"title\":\"Stop caffe&#038;bar\",\"categories\":[\"bars-fr\"],\"tags\":null,\"capacity\":\"17\",\"url\":\"https:\\\/\\\/visitrijeka.hr\\\/fr\\\/stop-caffebar\\\/\"},{\"address\":\"Ul. Petra Zrinskog bb\",\"title\":\"Vintage Bar\",\"categories\":[\"bars-fr\"],\"tags\":[\"cuisine-mediterraneenne\"],\"capacity\":\"17\",\"url\":\"https:\\\/\\\/visitrijeka.hr\\\/fr\\\/vintage-bar\\\/\"},{\"address\":\"Verdijeva ul. 6\",\"coordinates\":\"45.325173, 14.442293\",\"title\":\"Restaurant Capote y Ole\",\"categories\":[\"label-de-qualite\",\"les-ports-gastronomiques-aux-saveurs-dautres-pays\",\"les-ports-gastronomiques-pour-les-amoureux-du-vin\",\"ports-quotidiens\",\"restaurants\"],\"tags\":[\"cuisines-nationales\",\"label-de-qualite-tag\"],\"capacity\":\"17\",\"url\":\"https:\\\/\\\/visitrijeka.hr\\\/fr\\\/restaurant-capote-y-ole\\\/\"},{\"address\":\"Avelina Turka 14\",\"title\":\"Restaurant Wayang\",\"categories\":[\"restaurants\"],\"tags\":[\"cuisines-nationales\"],\"capacity\":\"17\",\"url\":\"https:\\\/\\\/visitrijeka.hr\\\/fr\\\/restaurant-wayang\\\/\"},{\"address\":\"Ul. Giuseppea Verdia 3b\",\"coordinates\":\"45.32409380382266, 14.444574457688997\",\"title\":\"Rica\",\"categories\":[\"les-ports-gastronomiques-specificites\",\"les-ports-gastronomiques-vegetaliens\",\"restaurants\"],\"tags\":[\"vegetalien-vegetarien\"],\"capacity\":\"17\",\"url\":\"https:\\\/\\\/visitrijeka.hr\\\/fr\\\/rica\\\/\"},{\"address\":\"\u0160etali\u0161te Joakima Rakovca 2A\",\"coordinates\":\"45.325115, 14.459454\",\"title\":\"Bistro Paris\",\"categories\":[\"les-ports-gastronomiques-de-barbecue\",\"restaurants\"],\"tags\":[\"pizza-pates\"],\"capacity\":\"17\",\"url\":\"https:\\\/\\\/visitrijeka.hr\\\/fr\\\/bistro-paris-kalorija\\\/\"},{\"address\":\"Ul. Nikole Tesle 2A\",\"coordinates\":\"45.3307237, 14.4306359\",\"title\":\"Koya Asian noodels\",\"categories\":[\"les-ports-gastronomiques-vegetaliens\",\"street-food-fr\"],\"tags\":null,\"capacity\":\"17\",\"url\":\"https:\\\/\\\/visitrijeka.hr\\\/fr\\\/koya-asian-noodels\\\/\"},{\"address\":\"Fiumara ul. 5\",\"coordinates\":\"45.3320652, 14.4301942\",\"title\":\"Fish Delish\",\"categories\":[\"street-food-fr\"],\"tags\":null,\"capacity\":\"17\",\"url\":\"https:\\\/\\\/visitrijeka.hr\\\/fr\\\/fish-delish\\\/\"},{\"address\":\"Ul. Petra Zrinskog 2\",\"coordinates\":\"45.331294, 14.456688\",\"title\":\"Sabrage\",\"categories\":[\"bars-fr\"],\"tags\":null,\"capacity\":\"17\",\"url\":\"https:\\\/\\\/visitrijeka.hr\\\/fr\\\/sabrage\\\/\"},{\"address\":\"Ul. pod Ka\u0161telom 9\",\"title\":\"Harat&rsquo;s  Irish Pub\",\"categories\":[\"bars-fr\"],\"tags\":null,\"capacity\":\"17\",\"url\":\"https:\\\/\\\/visitrijeka.hr\\\/fr\\\/harats-pub\\\/\"},{\"address\":\"Ul. Andrije Meduli\u0107a 5\",\"title\":\"Rakhia bar\",\"categories\":[\"bars-fr\"],\"tags\":null,\"capacity\":\"17\",\"url\":\"https:\\\/\\\/visitrijeka.hr\\\/fr\\\/rakhia-bar\\\/\"},{\"address\":\"Pod Ka\u0161telom 3\",\"title\":\"Bar Bar\",\"categories\":[\"bars-fr\"],\"tags\":null,\"capacity\":\"17\",\"url\":\"https:\\\/\\\/visitrijeka.hr\\\/fr\\\/bar-bar\\\/\"},{\"address\":\"Ul. Ivana Zajca 9\",\"coordinates\":\"45.325313, 14.442569\",\"title\":\"Phanas Pub\",\"categories\":[\"bars-fr\"],\"tags\":null,\"capacity\":\"17\",\"url\":\"https:\\\/\\\/visitrijeka.hr\\\/fr\\\/phanas-pub\\\/\"},{\"address\":\"Ul. Ante Star\u010devi\u0107a 3c\",\"coordinates\":\"45.325880166586394, 14.445201388294368\",\"title\":\"Apotheca bar\",\"categories\":[\"bars-fr\"],\"tags\":null,\"capacity\":\"17\",\"url\":\"https:\\\/\\\/visitrijeka.hr\\\/fr\\\/apotheca-bar\\\/\"},{\"address\":\"Zametska 65\",\"coordinates\":\"45.343587, 14.389392\",\"title\":\"Bomboneta\",\"categories\":[\"patisseries\"],\"tags\":null,\"capacity\":\"17\",\"url\":\"https:\\\/\\\/visitrijeka.hr\\\/fr\\\/bomboneta\\\/\"},{\"address\":\"Korzo 20\",\"title\":\"Caffe bar Corso\",\"categories\":[\"bars-fr\"],\"tags\":null,\"capacity\":\"17\",\"url\":\"https:\\\/\\\/visitrijeka.hr\\\/fr\\\/gelateria-corso\\\/\"},{\"address\":\"Prolaz Marije Krucifikse Kozuli\u0107 1\",\"title\":\"Knedlica\",\"categories\":[\"patisseries\"],\"tags\":null,\"capacity\":\"17\",\"url\":\"https:\\\/\\\/visitrijeka.hr\\\/fr\\\/knedlica\\\/\"},{\"address\":\"Grivica ul. 4\",\"coordinates\":\"45.327447, 14.444377\",\"title\":\"Slon by Moreno Debartoli\",\"categories\":[\"patisseries\"],\"tags\":null,\"capacity\":\"17\",\"url\":\"https:\\\/\\\/visitrijeka.hr\\\/fr\\\/slon-by-moreno-debartoli\\\/\"},{\"address\":\"Riva 14\",\"title\":\"Cacao\",\"categories\":[\"patisseries\"],\"tags\":null,\"capacity\":\"17\",\"url\":\"https:\\\/\\\/visitrijeka.hr\\\/fr\\\/cacao\\\/\"},{\"address\":\"Brig 29\",\"coordinates\":\"45.320770, 14.500915\",\"title\":\"Konoba Brig\",\"categories\":[\"restaurants\"],\"tags\":[\"viande\"],\"capacity\":\"17\",\"url\":\"https:\\\/\\\/visitrijeka.hr\\\/fr\\\/konoba-brig\\\/\"},{\"address\":\"Frankopanski trg 10\",\"coordinates\":\"45.3315164, 14.4571166\",\"title\":\"Konoba Papalina\",\"categories\":[\"restaurants\"],\"tags\":[\"poisson\"],\"capacity\":\"17\",\"url\":\"https:\\\/\\\/visitrijeka.hr\\\/fr\\\/konoba-papalina\\\/\"},{\"address\":\"Pul Vele Crikve 1\",\"coordinates\":\"45.32666265688966, 14.445214232723385\",\"title\":\"Fukuro Sushi &#038; Sashimi Bar\",\"categories\":[\"restaurants\"],\"tags\":[\"cuisines-nationales\"],\"capacity\":\"17\",\"url\":\"https:\\\/\\\/visitrijeka.hr\\\/fr\\\/fukuro-sushi-sashimi-bar\\\/\"},{\"address\":\"Josipa Kulfaneka 10\",\"coordinates\":\"45.33204727235322, 14.464947386505356\",\"title\":\"Taverne Tarsa\",\"categories\":[\"les-ports-gastronomiques-et-leurs-produits-locaux\",\"les-ports-gastronomiques-familiaux\",\"les-ports-gastronomiques-specificites\",\"restaurants\"],\"tags\":[\"cuisine-mediterraneenne\"],\"capacity\":\"17\",\"url\":\"https:\\\/\\\/visitrijeka.hr\\\/fr\\\/taverne-tarsa\\\/\"},{\"address\":\"Titov trg 6\",\"coordinates\":\"45.3272445, 14.4477395\",\"title\":\"Aquila Food&#038;wine\",\"categories\":[\"restaurants\"],\"tags\":[\"cuisine-mediterraneenne\"],\"capacity\":\"17\",\"url\":\"https:\\\/\\\/visitrijeka.hr\\\/fr\\\/aquila-foodwine\\\/\"},{\"address\":\"Martina Kontu\u0161a 47\",\"coordinates\":\"45.32156389606737, 14.474394583535068\",\"title\":\"Pizzeria Destino\",\"categories\":[\"les-ports-gastronomiques-aux-saveurs-dautres-pays\",\"restaurants\"],\"tags\":[\"pizza-pates\"],\"capacity\":\"17\",\"url\":\"https:\\\/\\\/visitrijeka.hr\\\/fr\\\/pizzeria-destino\\\/\"},{\"address\":\"Riva 14\",\"coordinates\":\"45.326978, 14.439077\",\"title\":\"Tapas bar Pet Jedan\",\"categories\":[\"bars-fr\"],\"tags\":null,\"capacity\":\"17\",\"url\":\"https:\\\/\\\/visitrijeka.hr\\\/fr\\\/tapas-bar-pet-jedan\\\/\"},{\"address\":\"Opatijska ul. 9\",\"coordinates\":\"45.34708508544983, 14.350459751778242\",\"title\":\"The Kitchen\",\"categories\":[\"les-ports-gastronomiques-familiaux\",\"restaurants\"],\"tags\":[\"cuisine-mediterraneenne\"],\"capacity\":\"17\",\"url\":\"https:\\\/\\\/visitrijeka.hr\\\/fr\\\/the-kitchen-by-miljenko\\\/\"},{\"address\":\"Trg Ivana Koblera bb\",\"coordinates\":\"45.326859, 14.443519\",\"title\":\"Maslina na Zelenom trgu\",\"categories\":[\"les-ports-gastronomiques-daffaires\",\"restaurants\"],\"tags\":[\"pizza-pates\"],\"capacity\":\"17\",\"url\":\"https:\\\/\\\/visitrijeka.hr\\\/fr\\\/maslina-na-zelenom-trgu\\\/\"},{\"address\":\"\u0160ime Ljubi\u0107a 8\",\"title\":\"Buffet Medicina\",\"categories\":[\"restaurants\"],\"tags\":null,\"capacity\":\"17\",\"url\":\"https:\\\/\\\/visitrijeka.hr\\\/fr\\\/sabai-thai\\\/\"},{\"address\":\"Ivana Zajca 10\",\"coordinates\":\"45.325037, 14.444162\",\"title\":\"Bodega Grill &#038; Beer\",\"categories\":[\"les-ports-gastronomiques-de-barbecue\",\"ports-quotidiens\",\"restaurants\"],\"tags\":[\"viande\"],\"capacity\":\"17\",\"url\":\"https:\\\/\\\/visitrijeka.hr\\\/fr\\\/bodega-grill-beer\\\/\"},{\"address\":\"Verdijeva 7 b\",\"coordinates\":\"45.324140, 14.444109\",\"title\":\"King&rsquo;s  Caffe Food Pub\",\"categories\":[\"les-ports-gastronomiques-specificites\",\"street-food-fr\"],\"tags\":null,\"capacity\":\"17\",\"url\":\"https:\\\/\\\/visitrijeka.hr\\\/fr\\\/kings-pub\\\/\"},{\"address\":\"M. Gupca 5b\",\"coordinates\":\"45.325015, 14.445085\",\"title\":\"Konoba Feral\",\"categories\":[\"les-ports-gastronomiques-daffaires\",\"les-ports-gastronomiques-de-peche\",\"restaurants\"],\"tags\":[\"poisson\"],\"capacity\":\"17\",\"url\":\"https:\\\/\\\/visitrijeka.hr\\\/fr\\\/konoba-feral\\\/\"},{\"address\":\"Trg 128. brigade Hrvatske vojske\",\"title\":\"Municipium Fine Grill\",\"categories\":[\"restaurants\"],\"tags\":[\"cuisine-mediterraneenne\"],\"capacity\":\"17\",\"url\":\"https:\\\/\\\/visitrijeka.hr\\\/fr\\\/municipium\\\/\"},{\"address\":\"Opatijska ul. 9\",\"coordinates\":\"45.346905, 14.350473\",\"title\":\"Nebo Restaurant &#038; Lounge\",\"categories\":[\"label-de-qualite\",\"les-ports-gastronomiques-specificites\",\"restaurants\"],\"tags\":[\"cuisine-mediterraneenne\",\"label-de-qualite-tag\"],\"capacity\":\"17\",\"url\":\"https:\\\/\\\/visitrijeka.hr\\\/fr\\\/nebo-restaurant-lounge-by-deni-srdoc\\\/\"},{\"address\":\"Titov trg 8c\",\"coordinates\":\"45.327656945167874, 14.447822212405805\",\"title\":\"Konoba Blato\",\"categories\":[\"ports-quotidiens\",\"restaurants\"],\"tags\":[\"poisson\"],\"capacity\":\"17\",\"url\":\"https:\\\/\\\/visitrijeka.hr\\\/fr\\\/konoba-blato\\\/\"},{\"address\":\"U\u017earska 12\",\"coordinates\":\"45.32679413251445, 14.444915600000002\",\"title\":\"Poke n&rsquo; Roll\",\"categories\":[\"les-ports-gastronomiques-specificites\",\"les-ports-gastronomiques-vegetaliens\",\"restaurants\",\"street-food-fr\"],\"tags\":[\"vegetalien-vegetarien\",\"viande\"],\"capacity\":\"17\",\"url\":\"https:\\\/\\\/visitrijeka.hr\\\/fr\\\/poke-n-roll\\\/\"},{\"address\":\"Zametska 90\",\"coordinates\":\"45.343191, 14.390481\",\"title\":\"Submarine burger, Zamet\",\"categories\":[\"street-food-fr\"],\"tags\":null,\"capacity\":\"17\",\"url\":\"https:\\\/\\\/visitrijeka.hr\\\/fr\\\/submarine-burger-zamet\\\/\"},{\"address\":\"Ulica Marka Maruli\u0107a 4\",\"title\":\"Submarine burger, Rijeka\",\"categories\":[\"street-food-fr\"],\"tags\":null,\"capacity\":\"17\",\"url\":\"https:\\\/\\\/visitrijeka.hr\\\/fr\\\/submarine-burger-rijeka\\\/\"},{\"address\":\"\u0160etali\u0161te XIII. divizije 88\",\"coordinates\":\"45.31487570668329, 14.470224703952452\",\"title\":\"Borik\",\"categories\":[\"les-ports-gastronomiques-de-peche\",\"restaurants\"],\"tags\":[\"cuisine-mediterraneenne\"],\"capacity\":\"17\",\"url\":\"https:\\\/\\\/visitrijeka.hr\\\/fr\\\/borik\\\/\"},{\"address\":\"Dra\u017ei\u010dka 4\",\"coordinates\":\"45.32805612137073, 14.441113860393443\",\"title\":\"Ugor\",\"categories\":[\"les-ports-gastronomiques-daffaires\",\"les-ports-gastronomiques-de-peche\",\"restaurants\"],\"tags\":[\"poisson\"],\"capacity\":\"17\",\"url\":\"https:\\\/\\\/visitrijeka.hr\\\/fr\\\/ugor\\\/\"},{\"address\":\"Riva 6\",\"coordinates\":\"45.32688088922986, 14.4420115\",\"title\":\"\u0160toRija\",\"categories\":[\"les-ports-gastronomiques-vegetaliens\",\"restaurants\"],\"tags\":[\"cuisine-mediterraneenne\",\"vegetalien-vegetarien\",\"viande\"],\"capacity\":\"17\",\"url\":\"https:\\\/\\\/visitrijeka.hr\\\/fr\\\/storija\\\/\"},{\"address\":\"Istarsko pristani\u0161te 1\",\"coordinates\":\"45.326838897836254, 14.43739452635456\",\"title\":\"Boonker\",\"categories\":[\"restaurants\"],\"tags\":[\"pizza-pates\"],\"capacity\":\"17\",\"url\":\"https:\\\/\\\/visitrijeka.hr\\\/fr\\\/boonker\\\/\"},{\"address\":\"\u0160etali\u0161te Joakima Rakovca 33\",\"coordinates\":\"45.331060, 14.456329\",\"title\":\"Trsatica\",\"categories\":[\"les-ports-gastronomiques-specificites\",\"restaurants\"],\"tags\":[\"viande\"],\"capacity\":\"17\",\"url\":\"https:\\\/\\\/visitrijeka.hr\\\/fr\\\/trsatica\\\/\"},{\"address\":\"Pulska 30\",\"coordinates\":\"45.338363, 14.384526\",\"title\":\"Ribica\",\"categories\":[\"les-ports-gastronomiques-de-peche\",\"les-ports-gastronomiques-pour-les-amoureux-du-vin\",\"restaurants\"],\"tags\":[\"poisson\"],\"capacity\":\"17\",\"url\":\"https:\\\/\\\/visitrijeka.hr\\\/fr\\\/ribica\\\/\"},{\"address\":\"Verdijeva 19 a\",\"coordinates\":\"45.32508335004488, 14.442346698877905\",\"title\":\"Taiyo\",\"categories\":[\"les-ports-gastronomiques-aux-saveurs-dautres-pays\",\"restaurants\"],\"tags\":[\"cuisines-nationales\"],\"capacity\":\"17\",\"url\":\"https:\\\/\\\/visitrijeka.hr\\\/fr\\\/taiyo\\\/\"},{\"address\":\"Ulica Vatroslava Lisinskog 12\",\"coordinates\":\"45.324076, 14.442301\",\"title\":\"Taverne Fiume\",\"categories\":[\"label-de-qualite\",\"les-ports-gastronomiques-de-peche\",\"les-ports-gastronomiques-et-leurs-produits-locaux\",\"restaurants\"],\"tags\":[\"label-de-qualite-tag\",\"poisson\"],\"capacity\":\"17\",\"url\":\"https:\\\/\\\/visitrijeka.hr\\\/fr\\\/taverne-fiume\\\/\"},{\"address\":\"Spin\u010di\u0107eva 2\",\"coordinates\":\"45.31465189854764, 14.475228739244045\",\"title\":\"Tifan Co. Vegetarian Bistro\",\"categories\":[\"les-ports-gastronomiques-vegetaliens\",\"ports-quotidiens\",\"restaurants\"],\"tags\":[\"vegetalien-vegetarien\"],\"capacity\":\"17\",\"url\":\"https:\\\/\\\/visitrijeka.hr\\\/fr\\\/tifan-co-vegetarian-bistro\\\/\"},{\"address\":\"Bo\u017ee Milanovi\u0107a 18\",\"coordinates\":\"45.333685, 14.440270\",\"title\":\"Peking\",\"categories\":[\"les-ports-gastronomiques-aux-saveurs-dautres-pays\",\"restaurants\"],\"tags\":[\"cuisines-nationales\"],\"capacity\":\"17\",\"url\":\"https:\\\/\\\/visitrijeka.hr\\\/fr\\\/peking\\\/\"},{\"address\":\"Matije Gupca 7\",\"coordinates\":\"45.325398, 14.444286\",\"title\":\"Klub Makrovega\",\"categories\":[\"restaurants\"],\"tags\":[\"vegetalien-vegetarien\"],\"capacity\":\"17\",\"url\":\"https:\\\/\\\/visitrijeka.hr\\\/fr\\\/klub-makrovega\\\/\"},{\"address\":\"Ivana Zajca 24 a\",\"coordinates\":\"45.325718576419675, 14.442540219679953\",\"title\":\"Spagho\",\"categories\":[\"restaurants\"],\"tags\":[\"pizza-pates\"],\"capacity\":\"17\",\"url\":\"https:\\\/\\\/visitrijeka.hr\\\/fr\\\/spagho\\\/\"},{\"address\":\"Riva 6\",\"title\":\"Gardens\",\"categories\":[\"restaurants\"],\"tags\":[\"viande\"],\"capacity\":\"17\",\"url\":\"https:\\\/\\\/visitrijeka.hr\\\/fr\\\/gardens\\\/\"},{\"address\":\"Riva Boduli 5a\",\"coordinates\":\"45.3249051505924, 14.441870525749911\",\"title\":\"Mornar\",\"categories\":[\"label-de-qualite\",\"les-ports-gastronomiques-de-peche\",\"les-ports-gastronomiques-et-leurs-produits-locaux\",\"ports-quotidiens\",\"restaurants\"],\"tags\":[\"label-de-qualite-tag\",\"poisson\"],\"capacity\":\"17\",\"url\":\"https:\\\/\\\/visitrijeka.hr\\\/fr\\\/mornar\\\/\"},{\"address\":\"Ulica Jurja Dobrile 17\",\"coordinates\":\"45.35401717368664, 14.361812344176517\",\"title\":\"Barbacoa\",\"categories\":[\"les-ports-gastronomiques-de-barbecue\",\"restaurants\"],\"tags\":[\"viande\"],\"capacity\":\"17\",\"url\":\"https:\\\/\\\/visitrijeka.hr\\\/fr\\\/barbacoa\\\/\"},{\"address\":\"Milice Jadrani\u0107 2\",\"coordinates\":\"45.353110, 14.391038\",\"title\":\"Mor\u010di\u0107\",\"categories\":[\"label-de-qualite\",\"restaurants\"],\"tags\":[\"cuisine-mediterraneenne\",\"label-de-qualite-tag\"],\"capacity\":\"17\",\"url\":\"https:\\\/\\\/visitrijeka.hr\\\/fr\\\/morcic\\\/\"},{\"address\":\"Rujevica 6\",\"coordinates\":\"45.346720606641355, 14.405471379880849\",\"title\":\"Lovorka\",\"categories\":[\"les-ports-gastronomiques-daffaires\",\"les-ports-gastronomiques-de-barbecue\",\"les-ports-gastronomiques-familiaux\",\"restaurants\"],\"tags\":[\"viande\"],\"capacity\":\"17\",\"url\":\"https:\\\/\\\/visitrijeka.hr\\\/fr\\\/lovorka\\\/\"},{\"address\":\"Kru\u017ena 12\",\"coordinates\":\"45.327755, 14.440195\",\"title\":\"Conca D&rsquo;oro\",\"categories\":[\"label-de-qualite\",\"les-ports-gastronomiques-et-leurs-produits-locaux\",\"les-ports-gastronomiques-specificites\",\"restaurants\"],\"tags\":[\"cuisine-mediterraneenne\",\"label-de-qualite-tag\"],\"capacity\":\"17\",\"url\":\"https:\\\/\\\/visitrijeka.hr\\\/fr\\\/conca-doro\\\/\"},{\"address\":\"Vukovarska 65 a\",\"coordinates\":\"45.340299, 14.417190\",\"title\":\"Girica\",\"categories\":[\"les-ports-gastronomiques-de-peche\",\"les-ports-gastronomiques-et-leurs-produits-locaux\",\"restaurants\"],\"tags\":[\"poisson\"],\"capacity\":\"17\",\"url\":\"https:\\\/\\\/visitrijeka.hr\\\/fr\\\/girica\\\/\"}]<\/script>\n            <div id=\"map\"><\/div>\n    \n<\/div><\/div><\/div><\/div><\/div><\/p>\n","protected":false},"excerpt":{"rendered":"","protected":false},"author":1,"featured_media":78879,"parent":0,"menu_order":0,"comment_status":"closed","ping_status":"closed","template":"100-width.php","meta":{"_acf_changed":false,"inline_featured_image":false,"footnotes":""},"class_list":["post-28854","page","type-page","status-publish","has-post-thumbnail","hentry"],"acf":[],"yoast_head":"<!-- This site is optimized with the Yoast SEO plugin v26.3 - https:\/\/yoast.com\/wordpress\/plugins\/seo\/ -->\n<title>Les ports romantiques - Visit Rijeka<\/title>\n<meta name=\"robots\" content=\"index, follow, max-snippet:-1, max-image-preview:large, max-video-preview:-1\" \/>\n<link rel=\"canonical\" href=\"https:\/\/visitrijeka.hr\/fr\/les-ports-gastronomiques-romantiques\/\" \/>\n<meta property=\"og:locale\" content=\"fr_FR\" \/>\n<meta property=\"og:type\" content=\"article\" \/>\n<meta property=\"og:title\" content=\"Les ports romantiques - Visit Rijeka\" \/>\n<meta property=\"og:url\" content=\"https:\/\/visitrijeka.hr\/fr\/les-ports-gastronomiques-romantiques\/\" \/>\n<meta property=\"og:site_name\" content=\"Visit Rijeka\" \/>\n<meta property=\"article:publisher\" content=\"https:\/\/www.facebook.com\/VisitRijeka\" \/>\n<meta property=\"article:modified_time\" content=\"2025-08-25T11:39:51+00:00\" \/>\n<meta property=\"og:image\" content=\"https:\/\/visitrijeka.hr\/wp-content\/uploads\/2023\/05\/botelmarina3.jpg\" \/>\n\t<meta property=\"og:image:width\" content=\"2000\" \/>\n\t<meta property=\"og:image:height\" content=\"1334\" \/>\n\t<meta property=\"og:image:type\" content=\"image\/jpeg\" \/>\n<meta name=\"twitter:card\" content=\"summary_large_image\" \/>\n<meta name=\"twitter:label1\" content=\"Dur\u00e9e de lecture estim\u00e9e\" \/>\n\t<meta name=\"twitter:data1\" content=\"15 minutes\" \/>\n<script type=\"application\/ld+json\" class=\"yoast-schema-graph\">{\"@context\":\"https:\/\/schema.org\",\"@graph\":[{\"@type\":\"WebPage\",\"@id\":\"https:\/\/visitrijeka.hr\/fr\/les-ports-gastronomiques-romantiques\/\",\"url\":\"https:\/\/visitrijeka.hr\/fr\/les-ports-gastronomiques-romantiques\/\",\"name\":\"Les ports romantiques - Visit Rijeka\",\"isPartOf\":{\"@id\":\"https:\/\/visitrijeka.hr\/fr\/#website\"},\"primaryImageOfPage\":{\"@id\":\"https:\/\/visitrijeka.hr\/fr\/les-ports-gastronomiques-romantiques\/#primaryimage\"},\"image\":{\"@id\":\"https:\/\/visitrijeka.hr\/fr\/les-ports-gastronomiques-romantiques\/#primaryimage\"},\"thumbnailUrl\":\"https:\/\/visitrijeka.hr\/wp-content\/uploads\/2023\/05\/botelmarina3.jpg\",\"datePublished\":\"2023-06-08T16:55:20+00:00\",\"dateModified\":\"2025-08-25T11:39:51+00:00\",\"breadcrumb\":{\"@id\":\"https:\/\/visitrijeka.hr\/fr\/les-ports-gastronomiques-romantiques\/#breadcrumb\"},\"inLanguage\":\"fr-FR\",\"potentialAction\":[{\"@type\":\"ReadAction\",\"target\":[\"https:\/\/visitrijeka.hr\/fr\/les-ports-gastronomiques-romantiques\/\"]}]},{\"@type\":\"ImageObject\",\"inLanguage\":\"fr-FR\",\"@id\":\"https:\/\/visitrijeka.hr\/fr\/les-ports-gastronomiques-romantiques\/#primaryimage\",\"url\":\"https:\/\/visitrijeka.hr\/wp-content\/uploads\/2023\/05\/botelmarina3.jpg\",\"contentUrl\":\"https:\/\/visitrijeka.hr\/wp-content\/uploads\/2023\/05\/botelmarina3.jpg\",\"width\":2000,\"height\":1334},{\"@type\":\"WebSite\",\"@id\":\"https:\/\/visitrijeka.hr\/fr\/#website\",\"url\":\"https:\/\/visitrijeka.hr\/fr\/\",\"name\":\"Visit Rijeka\",\"description\":\"Grad koji te\u010de....\",\"publisher\":{\"@id\":\"https:\/\/visitrijeka.hr\/fr\/#organization\"},\"potentialAction\":[{\"@type\":\"SearchAction\",\"target\":{\"@type\":\"EntryPoint\",\"urlTemplate\":\"https:\/\/visitrijeka.hr\/fr\/?s={search_term_string}\"},\"query-input\":{\"@type\":\"PropertyValueSpecification\",\"valueRequired\":true,\"valueName\":\"search_term_string\"}}],\"inLanguage\":\"fr-FR\"},{\"@type\":\"Organization\",\"@id\":\"https:\/\/visitrijeka.hr\/fr\/#organization\",\"name\":\"Visit Rijeka\",\"url\":\"https:\/\/visitrijeka.hr\/fr\/\",\"logo\":{\"@type\":\"ImageObject\",\"inLanguage\":\"fr-FR\",\"@id\":\"https:\/\/visitrijeka.hr\/fr\/#\/schema\/logo\/image\/\",\"url\":\"https:\/\/visitrijeka.hr\/wp-content\/uploads\/2023\/02\/Logo_Visit_rijeka_460.svg\",\"contentUrl\":\"https:\/\/visitrijeka.hr\/wp-content\/uploads\/2023\/02\/Logo_Visit_rijeka_460.svg\",\"width\":100,\"height\":100,\"caption\":\"Visit Rijeka\"},\"image\":{\"@id\":\"https:\/\/visitrijeka.hr\/fr\/#\/schema\/logo\/image\/\"},\"sameAs\":[\"https:\/\/www.facebook.com\/VisitRijeka\"]}]}<\/script>\n<!-- \/ Yoast SEO plugin. -->","yoast_head_json":{"title":"Les ports romantiques - Visit Rijeka","robots":{"index":"index","follow":"follow","max-snippet":"max-snippet:-1","max-image-preview":"max-image-preview:large","max-video-preview":"max-video-preview:-1"},"canonical":"https:\/\/visitrijeka.hr\/fr\/les-ports-gastronomiques-romantiques\/","og_locale":"fr_FR","og_type":"article","og_title":"Les ports romantiques - Visit Rijeka","og_url":"https:\/\/visitrijeka.hr\/fr\/les-ports-gastronomiques-romantiques\/","og_site_name":"Visit Rijeka","article_publisher":"https:\/\/www.facebook.com\/VisitRijeka","article_modified_time":"2025-08-25T11:39:51+00:00","og_image":[{"width":2000,"height":1334,"url":"https:\/\/visitrijeka.hr\/wp-content\/uploads\/2023\/05\/botelmarina3.jpg","type":"image\/jpeg"}],"twitter_card":"summary_large_image","twitter_misc":{"Dur\u00e9e de lecture estim\u00e9e":"15 minutes"},"schema":{"@context":"https:\/\/schema.org","@graph":[{"@type":"WebPage","@id":"https:\/\/visitrijeka.hr\/fr\/les-ports-gastronomiques-romantiques\/","url":"https:\/\/visitrijeka.hr\/fr\/les-ports-gastronomiques-romantiques\/","name":"Les ports romantiques - Visit Rijeka","isPartOf":{"@id":"https:\/\/visitrijeka.hr\/fr\/#website"},"primaryImageOfPage":{"@id":"https:\/\/visitrijeka.hr\/fr\/les-ports-gastronomiques-romantiques\/#primaryimage"},"image":{"@id":"https:\/\/visitrijeka.hr\/fr\/les-ports-gastronomiques-romantiques\/#primaryimage"},"thumbnailUrl":"https:\/\/visitrijeka.hr\/wp-content\/uploads\/2023\/05\/botelmarina3.jpg","datePublished":"2023-06-08T16:55:20+00:00","dateModified":"2025-08-25T11:39:51+00:00","breadcrumb":{"@id":"https:\/\/visitrijeka.hr\/fr\/les-ports-gastronomiques-romantiques\/#breadcrumb"},"inLanguage":"fr-FR","potentialAction":[{"@type":"ReadAction","target":["https:\/\/visitrijeka.hr\/fr\/les-ports-gastronomiques-romantiques\/"]}]},{"@type":"ImageObject","inLanguage":"fr-FR","@id":"https:\/\/visitrijeka.hr\/fr\/les-ports-gastronomiques-romantiques\/#primaryimage","url":"https:\/\/visitrijeka.hr\/wp-content\/uploads\/2023\/05\/botelmarina3.jpg","contentUrl":"https:\/\/visitrijeka.hr\/wp-content\/uploads\/2023\/05\/botelmarina3.jpg","width":2000,"height":1334},{"@type":"WebSite","@id":"https:\/\/visitrijeka.hr\/fr\/#website","url":"https:\/\/visitrijeka.hr\/fr\/","name":"Visit Rijeka","description":"Grad koji te\u010de....","publisher":{"@id":"https:\/\/visitrijeka.hr\/fr\/#organization"},"potentialAction":[{"@type":"SearchAction","target":{"@type":"EntryPoint","urlTemplate":"https:\/\/visitrijeka.hr\/fr\/?s={search_term_string}"},"query-input":{"@type":"PropertyValueSpecification","valueRequired":true,"valueName":"search_term_string"}}],"inLanguage":"fr-FR"},{"@type":"Organization","@id":"https:\/\/visitrijeka.hr\/fr\/#organization","name":"Visit Rijeka","url":"https:\/\/visitrijeka.hr\/fr\/","logo":{"@type":"ImageObject","inLanguage":"fr-FR","@id":"https:\/\/visitrijeka.hr\/fr\/#\/schema\/logo\/image\/","url":"https:\/\/visitrijeka.hr\/wp-content\/uploads\/2023\/02\/Logo_Visit_rijeka_460.svg","contentUrl":"https:\/\/visitrijeka.hr\/wp-content\/uploads\/2023\/02\/Logo_Visit_rijeka_460.svg","width":100,"height":100,"caption":"Visit Rijeka"},"image":{"@id":"https:\/\/visitrijeka.hr\/fr\/#\/schema\/logo\/image\/"},"sameAs":["https:\/\/www.facebook.com\/VisitRijeka"]}]}},"_links":{"self":[{"href":"https:\/\/visitrijeka.hr\/fr\/wp-json\/wp\/v2\/pages\/28854","targetHints":{"allow":["GET"]}}],"collection":[{"href":"https:\/\/visitrijeka.hr\/fr\/wp-json\/wp\/v2\/pages"}],"about":[{"href":"https:\/\/visitrijeka.hr\/fr\/wp-json\/wp\/v2\/types\/page"}],"author":[{"embeddable":true,"href":"https:\/\/visitrijeka.hr\/fr\/wp-json\/wp\/v2\/users\/1"}],"replies":[{"embeddable":true,"href":"https:\/\/visitrijeka.hr\/fr\/wp-json\/wp\/v2\/comments?post=28854"}],"version-history":[{"count":0,"href":"https:\/\/visitrijeka.hr\/fr\/wp-json\/wp\/v2\/pages\/28854\/revisions"}],"wp:featuredmedia":[{"embeddable":true,"href":"https:\/\/visitrijeka.hr\/fr\/wp-json\/wp\/v2\/media\/78879"}],"wp:attachment":[{"href":"https:\/\/visitrijeka.hr\/fr\/wp-json\/wp\/v2\/media?parent=28854"}],"curies":[{"name":"wp","href":"https:\/\/api.w.org\/{rel}","templated":true}]}}