{"id":25795,"date":"2023-05-24T08:54:47","date_gmt":"2023-05-24T06:54:47","guid":{"rendered":"https:\/\/visitrijeka.hr\/rijecki-karneval-nasmijani-kriticar-drustvene-zbilje\/"},"modified":"2023-06-01T11:29:49","modified_gmt":"2023-06-01T09:29:49","slug":"carnaval-de-rijeka-le-critique-souriant-de-la-realite-sociale","status":"publish","type":"page","link":"https:\/\/visitrijeka.hr\/fr\/carnaval-de-rijeka-le-critique-souriant-de-la-realite-sociale\/","title":{"rendered":"Carnaval de Rijeka: le critique souriant de la r\u00e9alit\u00e9 sociale"},"content":{"rendered":"<p><div class=\"fusion-fullwidth fullwidth-box fusion-builder-row-1 fusion-flex-container has-pattern-background has-mask-background nonhundred-percent-fullwidth non-hundred-percent-height-scrolling\" style=\"--awb-border-radius-top-left:0px;--awb-border-radius-top-right:0px;--awb-border-radius-bottom-right:0px;--awb-border-radius-bottom-left:0px;--awb-padding-top:0px;--awb-padding-bottom:0px;--awb-margin-top:0px;--awb-margin-bottom:0px;--awb-flex-wrap:wrap;\" ><div class=\"fusion-builder-row fusion-row fusion-flex-align-items-flex-start fusion-flex-content-wrap\" style=\"max-width:1414.4px;margin-left: calc(-4% \/ 2 );margin-right: calc(-4% \/ 2 );\"><div class=\"fusion-layout-column fusion_builder_column fusion-builder-column-0 fusion_builder_column_3_4 3_4 fusion-flex-column id-25795\" style=\"--awb-bg-size:cover;--awb-width-large:75%;--awb-margin-top-large:0px;--awb-spacing-right-large:2.56%;--awb-margin-bottom-large:20px;--awb-spacing-left-large:2.56%;--awb-width-medium:75%;--awb-order-medium:0;--awb-spacing-right-medium:2.56%;--awb-spacing-left-medium:2.56%;--awb-width-small:100%;--awb-order-small:0;--awb-spacing-right-small:1.92%;--awb-spacing-left-small:1.92%;\"><div class=\"fusion-column-wrapper fusion-column-has-shadow fusion-flex-justify-content-flex-start fusion-content-layout-column\"><\/div><\/div><div class=\"fusion-layout-column fusion_builder_column fusion-builder-column-1 fusion_builder_column_1_4 1_4 fusion-flex-column fusion-flex-align-self-flex-start id-25795\" style=\"--awb-padding-right-small:30px;--awb-padding-left-small:30px;--awb-bg-size:cover;--awb-width-large:25%;--awb-margin-top-large:-30px;--awb-spacing-right-large:0px;--awb-margin-bottom-large:20px;--awb-spacing-left-large:0px;--awb-width-medium:25%;--awb-order-medium:0;--awb-spacing-right-medium:0px;--awb-spacing-left-medium:0px;--awb-width-small:100%;--awb-order-small:0;--awb-margin-top-small:-10px;--awb-spacing-right-small:1.92%;--awb-spacing-left-small:1.92%;\" data-scroll-devices=\"small-visibility,medium-visibility,large-visibility\"><div class=\"fusion-column-wrapper fusion-column-has-shadow fusion-flex-justify-content-flex-start fusion-content-layout-column\"><div class=\"fusion-text fusion-text-1\">     <ul style=\"--awb-size:20px;--awb-margin-top:0px;--awb-margin-right:0px;--awb-margin-bottom:0px;--awb-margin-left:0px;--awb-item-padding-top:0px;--awb-item-padding-right:0px;--awb-item-padding-bottom:0px;--awb-item-padding-left:0px;--awb-line-height:34px;--awb-icon-width:34px;--awb-icon-height:34px;--awb-icon-margin:14px;--awb-content-margin:48px;\" class=\"fusion-checklist fusion-checklist-1 type-icons\">\n         <li class=\"fusion-li-item\" style=\"\">\n            <span class=\"icon-wrapper circle-no\">\n                <i class=\"fusion-li-icon icon-Plava_Visitrijeka\" aria-hidden=\"true\"><\/i>\n            <\/span>\n            <div class=\"fusion-li-item-content\">\n                <h3><strong>\u00e9v\u00e9nements.<\/strong><\/h3>\n            <\/div>\n        <\/li>\n    <\/ul>\n    \n<\/div><\/div><\/div>\n<\/div><\/div><div class=\"fusion-fullwidth fullwidth-box fusion-builder-row-2 fusion-flex-container has-pattern-background has-mask-background nonhundred-percent-fullwidth non-hundred-percent-height-scrolling\" style=\"--awb-border-radius-top-left:0px;--awb-border-radius-top-right:0px;--awb-border-radius-bottom-right:0px;--awb-border-radius-bottom-left:0px;--awb-padding-top:0px;--awb-padding-bottom:45px;--awb-background-color:var(--awb-color1);--awb-flex-wrap:wrap;\" ><div class=\"fusion-builder-row fusion-row fusion-flex-align-items-flex-start fusion-flex-content-wrap\" style=\"max-width:1414.4px;margin-left: calc(-4% \/ 2 );margin-right: calc(-4% \/ 2 );\"><div class=\"fusion-layout-column fusion_builder_column fusion-builder-column-2 fusion_builder_column_1_1 1_1 fusion-flex-column id-25795\" style=\"--awb-bg-size:cover;--awb-width-large:100%;--awb-margin-top-large:0px;--awb-spacing-right-large:1.92%;--awb-margin-bottom-large:20px;--awb-spacing-left-large:1.92%;--awb-width-medium:100%;--awb-order-medium:0;--awb-spacing-right-medium:1.92%;--awb-spacing-left-medium:1.92%;--awb-width-small:100%;--awb-order-small:0;--awb-spacing-right-small:1.92%;--awb-spacing-left-small:1.92%;\" data-scroll-devices=\"small-visibility,medium-visibility,large-visibility\"><div class=\"fusion-column-wrapper fusion-column-has-shadow fusion-flex-justify-content-flex-start fusion-content-layout-column\"><div class=\"fusion-text fusion-text-2 fusion-text-no-margin\" style=\"--awb-text-color:var(--awb-color8);--awb-margin-bottom:50px;--awb-text-font-family:&quot;SSP-Regular-400&quot;;--awb-text-font-style:normal;--awb-text-font-weight:400;\"><p>Rijeka est \u00e0 bien des \u00e9gards une ville sp\u00e9cifique, et parmi toutes ses sp\u00e9cificit\u00e9s,  elle poss\u00e8de ce \u00ab\u202fje ne sais quoi\u202f\u00bb qui la distingue du reste du monde. Ce \u00ab\u202fje ne sais quoi\u202f\u00bb est la cinqui\u00e8me saison. Alors que tout le monde vit une ann\u00e9e \u00e0 quatre saisons, Rijeka, volant un peu \u00e0 l&rsquo;hiver, et un peu au printemps, a cr\u00e9\u00e9 sa propre cinqui\u00e8me saison unique. Son nom est le Carnaval. Le Carnaval de Rijeka est toujours \u00e9crit en majuscules et vit avec tout son c\u0153ur.<\/p>\n<p><b>\u00c9veil de la Rijeka carnavalesque<\/b><\/p>\n<p>Parler des d\u00e9buts du Carnaval dans la ville de Rijeka \u00e9quivaut \u00e0 raconter des si\u00e8cles d&rsquo;histoire au cours de laquelle, quelle que soit l\u2019humeur de Rijeka, mauvaise, bonne ou excellente, quel que soit le pays dont elle faisait alors partie, elle a toujours, mais toujours, eu sa cinqui\u00e8me saison. La saison du Carnaval! Seule une histoire tronqu\u00e9e \u00e9tait relat\u00e9e dans les journaux jaunis \u00e9crits par les \u00ab\u00a0plumes\u00a0\u00bb des chroniqueurs, tandis que l\u2019histoire r\u00e9cente, celle qui a commenc\u00e9 il y a exactement trente ans, sur celle-l\u00e0, il faut dire quelque chose. <\/p>\n<p>D\u00e9j\u00e0 les moineaux du carnaval \u00e0 la cime des arbres du Kvarner savent que le Carnaval de Rijeka actuel a commenc\u00e9 par la balade un dimanche d&rsquo;hiver en 1982 sur la promenade principale de la ville, de trois groupes masqu\u00e9s: les sonneurs d\u2019Halubaj, les f\u00eatards de Pehinar et le groupe \u00ab\u202fLako \u0107emo\u202f\u00bb. M\u00eame si leur promenade sur la rue Korzo parut spontan\u00e9e, ce n\u2019\u00e9tait pas un hasard. Plus pr\u00e9cis\u00e9ment, les trois groupes de carnaval masqu\u00e9s s\u2019\u00e9taient promen\u00e9s dans Rijeka \u00e0 l\u2019appel de l\u2019Association touristique de la municipalit\u00e9 de Rijeka, aujourd&rsquo;hui l\u2019Office de Tourisme de Rijeka, et c\u2019est gr\u00e2ce \u00e0 cette id\u00e9e que tout le monde a r\u00e9ussi ensemble \u00e0 redonner \u00e0 Rijeka son costume de carnaval, oubli\u00e9 dans les placards pendant des d\u00e9cennies.<\/p>\n<p><b>Pas seulement une marque de Rijeka<\/b><\/p>\n<p>La cinqui\u00e8me saison de Rijeka commence le 17 Janvier, \u00e0 la f\u00eate de la Saint-Antoine ou comme le disent les gens d\u2019ici, Antonje. Elle commence avec le lever du drapeau du carnaval, qui se passe toujours dans une partie diff\u00e9rente de la ville. Et \u00e0 partir du moment o\u00f9 le drapeau commence \u00e0 flotter, les chariots de carnaval d\u00e9filent d\u2019apr\u00e8s leurs propres horaires, ou en apparence comme ils veulent, mais en r\u00e9alit\u00e9, c\u2019est un itin\u00e9raire bien trac\u00e9 et planifi\u00e9 en d\u00e9tail. La sp\u00e9cificit\u00e9 du Carnaval de Rijeka est le fait que derri\u00e8re l&rsquo;apparente nonchalance, chaque d\u00e9tail est pr\u00e9vu tr\u00e8s soigneusement, chaque \u00e9v\u00e9nement du Carnaval. Des heures et des heures de d\u00e9lib\u00e9ration, de consultation et d&rsquo;action. Beaucoup de travail acharn\u00e9 et de nuits blanches. <\/p>\n<p>Et qu\u2019est-ce qui fait le Carnaval de Rijeka? Tout d&rsquo;abord, les personnes dans les veines desquelles coule depuis des si\u00e8cles le \u00ab\u202fsang masqu\u00e9\u202f\u00bb, pour lesquelles le carnaval est une tradition transmise de g\u00e9n\u00e9ration en g\u00e9n\u00e9ration. Et puis un certain nombre de manifestations traditionnelles, culturelles, de divertissement, de sport et d\u2019autres \u00e9v\u00e9nements qui, jet\u00e9s dans la casserole du Carnaval de Rijeka, donnent un \u00ab\u202fmets\u202f\u00bb unique de Rijeka. Ils donnent une marque! <\/p>\n<p><b>D\u2019\u00e9v\u00e9nement en \u00e9v\u00e9nement<\/b><\/p>\n<p>Ainsi, d\u2019\u00e9v\u00e9nement en \u00e9v\u00e9nement, de jour en jour, de nuit en nuit. Parfois plus, parfois moins, tout d\u00e9pend de ce qui va se passer le mercredi des Cendres, et \u00e0 P\u00e2que. Cependant, la fin du Carnaval de Rijeka, qui arrive habituellement apr\u00e8s dix jours, est un v\u00e9ritable enfer carnavalesque. C&rsquo;est la finale dans laquelle ne dort ni vague, ni pierre, ni quartier, et encore moins les habitants de Rijeka. Tous les \u00e9v\u00e9nements commencent d&rsquo;abord par l\u2019ouverture avec le D\u00e9fil\u00e9 du Carnaval d\u2019enfants qui passe dans les rues de la ville une semaine avant le d\u00e9fil\u00e9 final, populairement connu comme le Grand d\u00e9fil\u00e9 ou le D\u00e9fil\u00e9 international du Carnaval de Rijeka. On ne sait pas laquelle de ces processions est la plus ch\u00e8re aux habitants, la plus frappante pour les yeux. La Petite\/celle de enfants, ou la finale. Chacune est pr\u00e9cieuse et sp\u00e9ciale \u00e0 sa mani\u00e8re. <\/p>\n<p>Peu de gens peuvent r\u00e9sister aux \u00ab\u202fbonbons color\u00e9s\u202f\u00bb enfil\u00e9s dans le D\u00e9fil\u00e9 du Carnaval des enfants o\u00f9 certains savent \u00e0 peine marcher, et certains ont, \u00e0 c\u00f4t\u00e9 des chars all\u00e9goriques, leurs propres chars, pouss\u00e9s par les\u202fenseignantes de maternelle ou leurs m\u00e8res. Il n\u2019est donc pas \u00e9tonnant que le public de cette procession compte des dizaines de milliers de gens.<\/p>\n<p><b>Jour J du Carnaval de Rijeka<\/b><\/p>\n<p>Le jour J du Carnaval de Rijeka ou la Journ\u00e9e du grand d\u00e9fil\u00e9 international du carnaval, est la sublimation de tout ce qui a pr\u00e9c\u00e9d\u00e9 pendant la cinqui\u00e8me saison. C\u2019est le d\u00e9fil\u00e9 du caract\u00e8re unique du Carnaval de Rijeka, qui est bas\u00e9 sur la tradition, mais vit aujourd&rsquo;hui, inventant le demain carnavalesque. Dans chaque couture des fabuleux costumes, parce que le Carnaval de Rijeka est principalement beau et somptueux, dans chaque vis des chars all\u00e9goriques, dans chaque groupe de la ville ou de banlieue, vit la particularit\u00e9 du Carnaval de Rijeka qui est tel qu\u2019il est: pour nous, notre pr\u00e9f\u00e9r\u00e9 et le plus beau, et pour le reste du monde, extr\u00eamement int\u00e9ressant. <\/p>\n<p>Et que dire d&rsquo;autre si ce n&rsquo;est faire appel \u00e0 l&rsquo;anniversaire de la cinqui\u00e8me saison de Rijeka et saluer avec la salutation du Carnaval de Rijeka, dans les quatre mots de laquelle vit toute l\u2019authenticit\u00e9 du Carnaval de Rijeka &#8211; <b>KREPAT, MA NE MOLAT! (Mourir, mais ne pas renoncer!)<\/b><\/p>\n<\/div><div class=\"awb-gallery-wrapper awb-gallery-wrapper-1 button-span-no\" style=\"--more-btn-alignment:center;\"><div style=\"margin:-5px;--awb-bordersize:0px;\" class=\"fusion-gallery fusion-gallery-container fusion-grid-3 fusion-columns-total-5 fusion-gallery-layout-masonry fusion-gallery-1\"><div class=\"fusion-grid-column fusion-gallery-column fusion-gallery-column-3 hover-type-none fusion-grid-sizer\"><\/div><div style=\"padding:5px;\" class=\"fusion-grid-column fusion-gallery-column fusion-gallery-column-3 hover-type-none fusion-element-landscape\"><div class=\"fusion-gallery-image\"><a href=\"https:\/\/visitrijeka.hr\/wp-content\/uploads\/2023\/06\/Rijecki-karneval_06.jpeg\" rel=\"noreferrer\" data-rel=\"iLightbox[gallery_image_1]\" class=\"fusion-lightbox\" target=\"_self\"><div style=\"padding-top:calc((100% + 10px) * 0.4 - 5px);background-position:;\" class=\"fusion-masonry-element-container lazyload\" data-bg=\"https:\/\/visitrijeka.hr\/wp-content\/uploads\/2023\/06\/Rijecki-karneval_06.jpeg\"><img decoding=\"async\" src=\"https:\/\/visitrijeka.hr\/wp-content\/uploads\/2023\/06\/Rijecki-karneval_06.jpeg\" data-orig-src=\"https:\/\/visitrijeka.hr\/wp-content\/uploads\/2023\/06\/Rijecki-karneval_06.jpeg\" width=\"1920\" height=\"1080\" alt=\"Rijecki karneval\" title=\"Rijecki karneval_06\" aria-label=\"Rijecki karneval_06\" class=\"lazyload img-responsive wp-image-25772\" srcset=\"data:image\/svg+xml,%3Csvg%20xmlns%3D%27http%3A%2F%2Fwww.w3.org%2F2000%2Fsvg%27%20width%3D%271920%27%20height%3D%271080%27%20viewBox%3D%270%200%201920%201080%27%3E%3Crect%20width%3D%271920%27%20height%3D%271080%27%20fill-opacity%3D%220%22%2F%3E%3C%2Fsvg%3E\" data-srcset=\"https:\/\/visitrijeka.hr\/wp-content\/uploads\/2023\/06\/Rijecki-karneval_06-200x113.jpeg 200w, https:\/\/visitrijeka.hr\/wp-content\/uploads\/2023\/06\/Rijecki-karneval_06-400x225.jpeg 400w, https:\/\/visitrijeka.hr\/wp-content\/uploads\/2023\/06\/Rijecki-karneval_06-600x338.jpeg 600w, https:\/\/visitrijeka.hr\/wp-content\/uploads\/2023\/06\/Rijecki-karneval_06-800x450.jpeg 800w, https:\/\/visitrijeka.hr\/wp-content\/uploads\/2023\/06\/Rijecki-karneval_06-1200x675.jpeg 1200w, https:\/\/visitrijeka.hr\/wp-content\/uploads\/2023\/06\/Rijecki-karneval_06.jpeg 1920w\" data-sizes=\"auto\" data-orig-sizes=\"(min-width: 2200px) 100vw, (min-width: 640px) 1360px, \" \/><\/div><\/a><\/div><\/div><div style=\"padding:5px;\" class=\"fusion-grid-column fusion-gallery-column fusion-gallery-column-3 hover-type-none fusion-element-grid\"><div class=\"fusion-gallery-image\"><a href=\"https:\/\/visitrijeka.hr\/wp-content\/uploads\/2023\/06\/Rijecki-karneval_05.jpeg\" rel=\"noreferrer\" data-rel=\"iLightbox[gallery_image_1]\" class=\"fusion-lightbox\" target=\"_self\"><div style=\"padding-top:calc((100% + 10px) * 0.8 - 5px);background-position:;\" class=\"fusion-masonry-element-container lazyload\" data-bg=\"https:\/\/visitrijeka.hr\/wp-content\/uploads\/2023\/06\/Rijecki-karneval_05.jpeg\"><img decoding=\"async\" src=\"https:\/\/visitrijeka.hr\/wp-content\/uploads\/2023\/06\/Rijecki-karneval_05.jpeg\" data-orig-src=\"https:\/\/visitrijeka.hr\/wp-content\/uploads\/2023\/06\/Rijecki-karneval_05.jpeg\" width=\"1920\" height=\"1280\" alt=\"Rijecki karneval\" title=\"Rijecki karneval_05\" aria-label=\"Rijecki karneval_05\" class=\"lazyload img-responsive wp-image-25766\" srcset=\"data:image\/svg+xml,%3Csvg%20xmlns%3D%27http%3A%2F%2Fwww.w3.org%2F2000%2Fsvg%27%20width%3D%271920%27%20height%3D%271280%27%20viewBox%3D%270%200%201920%201280%27%3E%3Crect%20width%3D%271920%27%20height%3D%271280%27%20fill-opacity%3D%220%22%2F%3E%3C%2Fsvg%3E\" data-srcset=\"https:\/\/visitrijeka.hr\/wp-content\/uploads\/2023\/06\/Rijecki-karneval_05-200x133.jpeg 200w, https:\/\/visitrijeka.hr\/wp-content\/uploads\/2023\/06\/Rijecki-karneval_05-400x267.jpeg 400w, https:\/\/visitrijeka.hr\/wp-content\/uploads\/2023\/06\/Rijecki-karneval_05-600x400.jpeg 600w, https:\/\/visitrijeka.hr\/wp-content\/uploads\/2023\/06\/Rijecki-karneval_05-800x533.jpeg 800w, https:\/\/visitrijeka.hr\/wp-content\/uploads\/2023\/06\/Rijecki-karneval_05-1200x800.jpeg 1200w, https:\/\/visitrijeka.hr\/wp-content\/uploads\/2023\/06\/Rijecki-karneval_05.jpeg 1920w\" data-sizes=\"auto\" data-orig-sizes=\"(min-width: 2200px) 100vw, (min-width: 784px) 450px, (min-width: 712px) 675px, (min-width: 640px) 712px, \" \/><\/div><\/a><\/div><\/div><div style=\"padding:5px;\" class=\"fusion-grid-column fusion-gallery-column fusion-gallery-column-3 hover-type-none fusion-element-grid\"><div class=\"fusion-gallery-image\"><a href=\"https:\/\/visitrijeka.hr\/wp-content\/uploads\/2023\/06\/Rijecki-karneval_02.jpg\" rel=\"noreferrer\" data-rel=\"iLightbox[gallery_image_1]\" class=\"fusion-lightbox\" target=\"_self\"><div style=\"padding-top:calc((100% + 10px) * 0.8 - 5px);background-position:;\" class=\"fusion-masonry-element-container lazyload\" data-bg=\"https:\/\/visitrijeka.hr\/wp-content\/uploads\/2023\/06\/Rijecki-karneval_02.jpg\"><img decoding=\"async\" src=\"https:\/\/visitrijeka.hr\/wp-content\/uploads\/2023\/06\/Rijecki-karneval_02.jpg\" data-orig-src=\"https:\/\/visitrijeka.hr\/wp-content\/uploads\/2023\/06\/Rijecki-karneval_02.jpg\" width=\"1920\" height=\"1280\" alt=\"Rijecki karneval\" title=\"Rijecki karneval_02\" aria-label=\"Rijecki karneval_02\" class=\"lazyload img-responsive wp-image-25759\" srcset=\"data:image\/svg+xml,%3Csvg%20xmlns%3D%27http%3A%2F%2Fwww.w3.org%2F2000%2Fsvg%27%20width%3D%271920%27%20height%3D%271280%27%20viewBox%3D%270%200%201920%201280%27%3E%3Crect%20width%3D%271920%27%20height%3D%271280%27%20fill-opacity%3D%220%22%2F%3E%3C%2Fsvg%3E\" data-srcset=\"https:\/\/visitrijeka.hr\/wp-content\/uploads\/2023\/06\/Rijecki-karneval_02-200x133.jpg 200w, https:\/\/visitrijeka.hr\/wp-content\/uploads\/2023\/06\/Rijecki-karneval_02-400x267.jpg 400w, https:\/\/visitrijeka.hr\/wp-content\/uploads\/2023\/06\/Rijecki-karneval_02-600x400.jpg 600w, https:\/\/visitrijeka.hr\/wp-content\/uploads\/2023\/06\/Rijecki-karneval_02-800x533.jpg 800w, https:\/\/visitrijeka.hr\/wp-content\/uploads\/2023\/06\/Rijecki-karneval_02-1200x800.jpg 1200w, https:\/\/visitrijeka.hr\/wp-content\/uploads\/2023\/06\/Rijecki-karneval_02.jpg 1920w\" data-sizes=\"auto\" data-orig-sizes=\"(min-width: 2200px) 100vw, (min-width: 784px) 450px, (min-width: 712px) 675px, (min-width: 640px) 712px, \" \/><\/div><\/a><\/div><\/div><div style=\"padding:5px;\" class=\"fusion-grid-column fusion-gallery-column fusion-gallery-column-3 hover-type-none fusion-element-grid\"><div class=\"fusion-gallery-image\"><a href=\"https:\/\/visitrijeka.hr\/wp-content\/uploads\/2023\/06\/Rijecki-karneval_01.jpeg\" rel=\"noreferrer\" data-rel=\"iLightbox[gallery_image_1]\" class=\"fusion-lightbox\" target=\"_self\"><div style=\"padding-top:calc((100% + 10px) * 0.8 - 5px);background-position:;\" class=\"fusion-masonry-element-container lazyload\" data-bg=\"https:\/\/visitrijeka.hr\/wp-content\/uploads\/2023\/06\/Rijecki-karneval_01.jpeg\"><img decoding=\"async\" src=\"https:\/\/visitrijeka.hr\/wp-content\/uploads\/2023\/06\/Rijecki-karneval_01.jpeg\" data-orig-src=\"https:\/\/visitrijeka.hr\/wp-content\/uploads\/2023\/06\/Rijecki-karneval_01.jpeg\" width=\"1920\" height=\"1280\" alt=\"Rijecki karneval\" title=\"Rijecki karneval_01\" aria-label=\"Rijecki karneval_01\" class=\"lazyload img-responsive wp-image-25751\" srcset=\"data:image\/svg+xml,%3Csvg%20xmlns%3D%27http%3A%2F%2Fwww.w3.org%2F2000%2Fsvg%27%20width%3D%271920%27%20height%3D%271280%27%20viewBox%3D%270%200%201920%201280%27%3E%3Crect%20width%3D%271920%27%20height%3D%271280%27%20fill-opacity%3D%220%22%2F%3E%3C%2Fsvg%3E\" data-srcset=\"https:\/\/visitrijeka.hr\/wp-content\/uploads\/2023\/06\/Rijecki-karneval_01-200x133.jpeg 200w, https:\/\/visitrijeka.hr\/wp-content\/uploads\/2023\/06\/Rijecki-karneval_01-400x267.jpeg 400w, https:\/\/visitrijeka.hr\/wp-content\/uploads\/2023\/06\/Rijecki-karneval_01-600x400.jpeg 600w, https:\/\/visitrijeka.hr\/wp-content\/uploads\/2023\/06\/Rijecki-karneval_01-800x533.jpeg 800w, https:\/\/visitrijeka.hr\/wp-content\/uploads\/2023\/06\/Rijecki-karneval_01-1200x800.jpeg 1200w, https:\/\/visitrijeka.hr\/wp-content\/uploads\/2023\/06\/Rijecki-karneval_01.jpeg 1920w\" data-sizes=\"auto\" data-orig-sizes=\"(min-width: 2200px) 100vw, (min-width: 784px) 450px, (min-width: 712px) 675px, (min-width: 640px) 712px, \" \/><\/div><\/a><\/div><\/div><div style=\"padding:5px;\" class=\"fusion-grid-column fusion-gallery-column fusion-gallery-column-3 hover-type-none fusion-element-grid\"><div class=\"fusion-gallery-image\"><a href=\"https:\/\/visitrijeka.hr\/wp-content\/uploads\/2023\/04\/IMG_3244-scaled-1.jpg\" rel=\"noreferrer\" data-rel=\"iLightbox[gallery_image_1]\" class=\"fusion-lightbox\" target=\"_self\"><div style=\"padding-top:calc((100% + 10px) * 0.8 - 5px);background-position:;\" class=\"fusion-masonry-element-container lazyload\" data-bg=\"https:\/\/visitrijeka.hr\/wp-content\/uploads\/2023\/04\/IMG_3244-scaled-1.jpg\"><img decoding=\"async\" src=\"https:\/\/visitrijeka.hr\/wp-content\/uploads\/2023\/04\/IMG_3244-scaled-1.jpg\" data-orig-src=\"https:\/\/visitrijeka.hr\/wp-content\/uploads\/2023\/04\/IMG_3244-scaled-1.jpg\" width=\"2560\" height=\"1707\" alt=\"\" title=\"Rije\u010dki karneval\" aria-label=\"Rije\u010dki karneval\" class=\"lazyload img-responsive wp-image-9314\" srcset=\"data:image\/svg+xml,%3Csvg%20xmlns%3D%27http%3A%2F%2Fwww.w3.org%2F2000%2Fsvg%27%20width%3D%272560%27%20height%3D%271707%27%20viewBox%3D%270%200%202560%201707%27%3E%3Crect%20width%3D%272560%27%20height%3D%271707%27%20fill-opacity%3D%220%22%2F%3E%3C%2Fsvg%3E\" data-srcset=\"https:\/\/visitrijeka.hr\/wp-content\/uploads\/2023\/04\/IMG_3244-scaled-1-200x133.jpg 200w, https:\/\/visitrijeka.hr\/wp-content\/uploads\/2023\/04\/IMG_3244-scaled-1-400x267.jpg 400w, https:\/\/visitrijeka.hr\/wp-content\/uploads\/2023\/04\/IMG_3244-scaled-1-600x400.jpg 600w, https:\/\/visitrijeka.hr\/wp-content\/uploads\/2023\/04\/IMG_3244-scaled-1-800x533.jpg 800w, https:\/\/visitrijeka.hr\/wp-content\/uploads\/2023\/04\/IMG_3244-scaled-1-1200x800.jpg 1200w, https:\/\/visitrijeka.hr\/wp-content\/uploads\/2023\/04\/IMG_3244-scaled-1.jpg 2560w\" data-sizes=\"auto\" data-orig-sizes=\"(min-width: 2200px) 100vw, (min-width: 784px) 450px, (min-width: 712px) 675px, (min-width: 640px) 712px, \" \/><\/div><\/a><\/div><\/div><\/div><\/div><\/div><\/div><\/div><\/div><div class=\"fusion-fullwidth fullwidth-box fusion-builder-row-3 fusion-flex-container has-pattern-background has-mask-background nonhundred-percent-fullwidth non-hundred-percent-height-scrolling\" style=\"--awb-border-radius-top-left:0px;--awb-border-radius-top-right:0px;--awb-border-radius-bottom-right:0px;--awb-border-radius-bottom-left:0px;--awb-margin-top:0px;--awb-margin-bottom:0px;--awb-background-color:var(--awb-color2);--awb-flex-wrap:wrap;\" ><div class=\"fusion-builder-row fusion-row fusion-flex-align-items-flex-start fusion-flex-justify-content-center fusion-flex-content-wrap\" style=\"max-width:1414.4px;margin-left: calc(-4% \/ 2 );margin-right: calc(-4% \/ 2 );\"><div class=\"fusion-layout-column fusion_builder_column fusion-builder-column-3 fusion_builder_column_1_1 1_1 fusion-flex-column id-25795\" style=\"--awb-padding-left:0px;--awb-bg-size:cover;--awb-width-large:100%;--awb-margin-top-large:0px;--awb-spacing-right-large:1.92%;--awb-margin-bottom-large:20px;--awb-spacing-left-large:0px;--awb-width-medium:100%;--awb-order-medium:0;--awb-spacing-right-medium:1.92%;--awb-spacing-left-medium:0px;--awb-width-small:100%;--awb-order-small:0;--awb-spacing-right-small:1.92%;--awb-spacing-left-small:1.92%;\"><div class=\"fusion-column-wrapper fusion-column-has-shadow fusion-flex-justify-content-flex-start fusion-content-layout-column\">\n<div class=\"fusion-slider-revolution rev_slider_wrapper\">\t\t\t<!-- START Kalendar  Karneval FR REVOLUTION SLIDER 6.7.38 --><p class=\"rs-p-wp-fix\"><\/p>\n\t\t\t<rs-module-wrap id=\"rev_slider_76_1_wrapper\" data-source=\"post\" style=\"visibility:hidden;background:#ffffff;padding:0;margin:0px auto;margin-top:0;margin-bottom:0;\">\n\t\t\t\t<rs-module id=\"rev_slider_76_1\" style=\"\" data-version=\"6.7.38\">\n\t\t\t\t\t<div class=\"rs_error_message_box\">\n\t\t\t\t\t\t<div class=\"rs_error_message_oops\">There is nothing to show here!<\/div>\n\t\t\t\t\t\t<div class=\"rs_error_message_content\">Make sure that a valid post type \/ category is selected in &quot;Module General Options -&gt; Content -&gt; Post Selection&quot;.<\/div>\n\t\t\t\t\t<\/div>\n\t\t\t\t<\/rs-module>\n\t\t\t<\/rs-module-wrap>\n\t\t\t<script>\n\t\t\t\tvar rs_eslider = document.getElementById(\"rev_slider_76_1\");\n\t\t\t\trs_eslider.style.display = \"none\";\n\t\t\t\tconsole.log(\"Make sure that a valid post type \/ category is selected in &quot;Module General Options -&gt; Content -&gt; Post Selection&quot;.\");\n\t\t\t<\/script>\n<\/div><\/div><\/div><div class=\"fusion-layout-column fusion_builder_column fusion-builder-column-4 fusion_builder_column_1_1 1_1 fusion-flex-column id-25795\" style=\"--awb-bg-size:cover;--awb-width-large:100%;--awb-margin-top-large:0px;--awb-spacing-right-large:1.92%;--awb-margin-bottom-large:0px;--awb-spacing-left-large:1.92%;--awb-width-medium:100%;--awb-order-medium:0;--awb-spacing-right-medium:1.92%;--awb-spacing-left-medium:1.92%;--awb-width-small:100%;--awb-order-small:0;--awb-spacing-right-small:1.92%;--awb-spacing-left-small:1.92%;\"><div class=\"fusion-column-wrapper fusion-column-has-shadow fusion-flex-justify-content-flex-start fusion-content-layout-column\"><div class=\"fusion-title title fusion-title-1 fusion-sep-none fusion-title-center fusion-title-text fusion-title-size-two\" style=\"--awb-font-size:40px;\"><h2 class=\"fusion-title-heading title-heading-center\" style=\"font-family:&quot;SSP-Bold-700&quot;;font-style:normal;font-weight:400;margin:0;font-size:1em;\">Quoi de neuf pendant le carnaval de Rijeka?<\/h2><\/div><div class=\"fusion-separator\" style=\"align-self: center;margin-left: auto;margin-right: auto;margin-top:14px;width:100%;max-width:70px;\"><div class=\"fusion-separator-border sep-single sep-solid\" style=\"--awb-height:20px;--awb-amount:20px;--awb-sep-color:var(--awb-color5);border-color:var(--awb-color5);border-top-width:6px;\"><\/div><\/div><div class=\"fusion-separator fusion-full-width-sep\" style=\"align-self: center;margin-left: auto;margin-right: auto;margin-bottom:40px;width:100%;\"><\/div><\/div><\/div><div class=\"fusion-layout-column fusion_builder_column fusion-builder-column-5 fusion_builder_column_1_1 1_1 fusion-flex-column id-25795\" style=\"--awb-padding-left:25px;--awb-bg-size:cover;--awb-border-color:var(--awb-color3);--awb-border-left:2px;--awb-border-style:solid;--awb-width-large:100%;--awb-margin-top-large:0px;--awb-spacing-right-large:0px;--awb-margin-bottom-large:60px;--awb-spacing-left-large:0px;--awb-width-medium:100%;--awb-order-medium:0;--awb-spacing-right-medium:0px;--awb-spacing-left-medium:0px;--awb-width-small:100%;--awb-order-small:0;--awb-spacing-right-small:1.92%;--awb-spacing-left-small:1.92%;\" data-scroll-devices=\"small-visibility,medium-visibility,large-visibility\"><div class=\"fusion-column-wrapper fusion-column-has-shadow fusion-flex-justify-content-flex-start fusion-content-layout-column\"><ul style=\"--awb-size:20px;--awb-margin-top:0px;--awb-margin-right:0px;--awb-margin-bottom:0px;--awb-margin-left:0px;--awb-item-padding-top:0px;--awb-item-padding-right:0px;--awb-item-padding-bottom:0px;--awb-item-padding-left:0px;--awb-line-height:34px;--awb-icon-width:34px;--awb-icon-height:34px;--awb-icon-margin:14px;--awb-content-margin:48px;\" class=\"fusion-checklist fusion-checklist-1 type-icons checklist-novosti-ikona\"><li class=\"fusion-li-item\" style=\"\"><span class=\"icon-wrapper circle-no\"><i class=\"fusion-li-icon icon-Plava_Visitrijeka\" aria-hidden=\"true\"><\/i><\/span><div class=\"fusion-li-item-content\">\n<h3><span style=\"font-size: 23pt;\"><strong>actualit\u00e9s.<\/strong><\/span><\/h3>\n<\/div><\/li><\/ul><div class=\"fusion-post-cards fusion-post-cards-1 fusion-grid-archive fusion-grid-columns-2\" style=\"--awb-arrow-size:25px;--awb-arrow-bgcolor:rgba(255,255,255,0);--awb-arrow-color:var(--awb-color4);--awb-arrow-hover-bgcolor:rgba(255,255,255,0);--awb-arrow-hover-color:var(--awb-custom_color_7);--awb-dots-align:center;--awb-columns:2;--awb-active-filter-border-size:3px;--awb-filters-height:36px;\"><ul class=\"fusion-grid fusion-grid-2 fusion-flex-align-items-flex-start fusion-grid-posts-cards\"><li class=\"fusion-layout-column fusion_builder_column fusion-builder-column-6 fusion-flex-column post-card fusion-grid-column fusion-post-cards-grid-column id-74705\" style=\"--awb-bg-blend:overlay;--awb-bg-size:cover;--awb-flex-grow:0;--awb-flex-shrink:0;--awb-flex-grow-medium:0;--awb-flex-shrink-medium:0;--awb-flex-grow-small:0;--awb-flex-shrink-small:0;\"><div class=\"fusion-column-wrapper fusion-flex-justify-content-flex-start fusion-content-layout-column\"><div class=\"fusion-builder-row fusion-builder-row-inner fusion-row fusion-flex-align-items-flex-start fusion-flex-justify-content-center fusion-flex-content-wrap\" style=\"width:104% !important;max-width:104% !important;margin-left: calc(-4% \/ 2 );margin-right: calc(-4% \/ 2 );\"><div class=\"fusion-layout-column fusion_builder_column_inner fusion-builder-nested-column-0 fusion_builder_column_inner_2_5 2_5 fusion-flex-column\" style=\"--awb-bg-size:cover;--awb-transform:translateY(0px);--awb-transform-hover:translateY(5px);--awb-width-large:40%;--awb-margin-top-large:0px;--awb-spacing-right-large:4.8%;--awb-margin-bottom-large:0px;--awb-spacing-left-large:4.8%;--awb-width-medium:40%;--awb-order-medium:0;--awb-spacing-right-medium:4.8%;--awb-spacing-left-medium:4.8%;--awb-width-small:100%;--awb-order-small:0;--awb-spacing-right-small:1.92%;--awb-spacing-left-small:1.92%;\"><div class=\"fusion-column-wrapper fusion-column-has-shadow fusion-flex-justify-content-flex-start fusion-content-layout-column\"><div class=\"fusion-image-element \" style=\"--awb-aspect-ratio: 100 \/ 90;--awb-caption-title-color:var(--awb-color1);--awb-caption-text-color:var(--awb-color1);--awb-caption-overlay-color:rgba(255,255,255,0);--awb-caption-title-font-family:&quot;SSP-Bold&quot;;--awb-caption-title-font-weight:400;--awb-caption-title-font-style:normal;--awb-caption-title-size:14px;--awb-caption-title-transform:uppercase;--awb-caption-title-line-height:var(--h5_typography-line-height);--awb-caption-title-letter-spacing:var(--h5_typography-letter-spacing);\"><span class=\" fusion-imageframe imageframe-none imageframe-1 hover-type-none has-aspect-ratio\" style=\"border-radius:12px;\"><a class=\"fusion-no-lightbox\" href=\"https:\/\/visitrijeka.hr\/fr\/program-rijeckog-karnevala-2025-godine-provjerite-sto-vas-sve-jos-ceka\/\" target=\"_self\" aria-label=\"IMG_3910 (1)\"><img decoding=\"async\" width=\"2000\" height=\"1334\" alt=\"Dje\u010dja karnevalska povorka\" src=\"https:\/\/visitrijeka.hr\/wp-content\/uploads\/2025\/02\/IMG_3910-1.jpg\" data-orig-src=\"https:\/\/visitrijeka.hr\/wp-content\/uploads\/2025\/02\/IMG_3910-1.jpg\" class=\"lazyload img-responsive wp-image-75287 img-with-aspect-ratio\" data-parent-fit=\"cover\" data-parent-container=\".fusion-image-element\" srcset=\"data:image\/svg+xml,%3Csvg%20xmlns%3D%27http%3A%2F%2Fwww.w3.org%2F2000%2Fsvg%27%20width%3D%272000%27%20height%3D%271334%27%20viewBox%3D%270%200%202000%201334%27%3E%3Crect%20width%3D%272000%27%20height%3D%271334%27%20fill-opacity%3D%220%22%2F%3E%3C%2Fsvg%3E\" data-srcset=\"https:\/\/visitrijeka.hr\/wp-content\/uploads\/2025\/02\/IMG_3910-1-200x133.jpg 200w, https:\/\/visitrijeka.hr\/wp-content\/uploads\/2025\/02\/IMG_3910-1-400x267.jpg 400w, https:\/\/visitrijeka.hr\/wp-content\/uploads\/2025\/02\/IMG_3910-1-600x400.jpg 600w, https:\/\/visitrijeka.hr\/wp-content\/uploads\/2025\/02\/IMG_3910-1-800x534.jpg 800w, https:\/\/visitrijeka.hr\/wp-content\/uploads\/2025\/02\/IMG_3910-1-1200x800.jpg 1200w, https:\/\/visitrijeka.hr\/wp-content\/uploads\/2025\/02\/IMG_3910-1.jpg 2000w\" data-sizes=\"auto\" data-orig-sizes=\"(max-width: 800px) 100vw, 600px\" \/><\/a><\/span><\/div><\/div><\/div><div class=\"fusion-layout-column fusion_builder_column_inner fusion-builder-nested-column-1 fusion_builder_column_inner_3_5 3_5 fusion-flex-column fusion-flex-align-self-center\" style=\"--awb-padding-right:30px;--awb-padding-left:15px;--awb-bg-size:cover;--awb-width-large:60%;--awb-margin-top-large:0px;--awb-spacing-right-large:3.2%;--awb-margin-bottom-large:0px;--awb-spacing-left-large:3.2%;--awb-width-medium:60%;--awb-order-medium:0;--awb-spacing-right-medium:3.2%;--awb-spacing-left-medium:3.2%;--awb-width-small:100%;--awb-order-small:0;--awb-spacing-right-small:1.92%;--awb-spacing-left-small:1.92%;\"><div class=\"fusion-column-wrapper fusion-column-has-shadow fusion-flex-justify-content-flex-start fusion-content-layout-column\"><div class=\"fusion-text fusion-text-3\" style=\"--awb-content-alignment:left;--awb-font-size:14px;--awb-letter-spacing:var(--awb-typography5-letter-spacing);--awb-text-transform:var(--awb-typography5-text-transform);--awb-text-color:var(--awb-color7);\"><p>11. f\u00e9vrier 2025.<\/p>\n<\/div><div class=\"fusion-title title fusion-title-2 fusion-sep-none fusion-title-text fusion-title-size-four\" style=\"--awb-margin-top:0px;--awb-margin-bottom:12px;--awb-margin-top-small:30px;--awb-link-hover-color:var(--awb-custom_color_7);--awb-font-size:26px;\"><h4 class=\"fusion-title-heading title-heading-left\" style=\"font-family:&quot;SSP-Semibold-600&quot;;font-style:normal;font-weight:400;margin:0;font-size:1em;line-height:1.3;\"><a href=\"https:\/\/visitrijeka.hr\/fr\/program-rijeckog-karnevala-2025-godine-provjerite-sto-vas-sve-jos-ceka\/\" class=\"awb-custom-text-color awb-custom-text-hover-color\" target=\"_self\">Le programme du Carnaval de Rijeka 2026<\/a><\/h4><\/div><div class=\"fusion-text fusion-text-4 fusion-text-no-margin\" style=\"--awb-font-size:14px;--awb-margin-bottom:0px;\"><\/div><\/div><\/div><\/div><\/div><\/li>\n<\/ul><\/div><\/div><\/div><\/div><\/div>\n<\/p>\n","protected":false},"excerpt":{"rendered":"","protected":false},"author":3,"featured_media":22424,"parent":0,"menu_order":0,"comment_status":"closed","ping_status":"closed","template":"100-width.php","meta":{"_acf_changed":false,"inline_featured_image":false,"footnotes":""},"class_list":["post-25795","page","type-page","status-publish","has-post-thumbnail","hentry"],"acf":[],"yoast_head":"<!-- This site is optimized with the Yoast SEO plugin v26.3 - https:\/\/yoast.com\/wordpress\/plugins\/seo\/ -->\n<title>Carnaval de Rijeka: le critique souriant de la r\u00e9alit\u00e9 sociale - Visit Rijeka<\/title>\n<meta name=\"robots\" content=\"index, follow, max-snippet:-1, max-image-preview:large, max-video-preview:-1\" \/>\n<link rel=\"canonical\" href=\"https:\/\/visitrijeka.hr\/fr\/carnaval-de-rijeka-le-critique-souriant-de-la-realite-sociale\/\" \/>\n<meta property=\"og:locale\" content=\"fr_FR\" \/>\n<meta property=\"og:type\" content=\"article\" \/>\n<meta property=\"og:title\" content=\"Carnaval de Rijeka: le critique souriant de la r\u00e9alit\u00e9 sociale - Visit Rijeka\" \/>\n<meta property=\"og:url\" content=\"https:\/\/visitrijeka.hr\/fr\/carnaval-de-rijeka-le-critique-souriant-de-la-realite-sociale\/\" \/>\n<meta property=\"og:site_name\" content=\"Visit Rijeka\" \/>\n<meta property=\"article:publisher\" content=\"https:\/\/www.facebook.com\/VisitRijeka\" \/>\n<meta property=\"article:modified_time\" content=\"2023-06-01T09:29:49+00:00\" \/>\n<meta property=\"og:image\" content=\"https:\/\/visitrijeka.hr\/wp-content\/uploads\/2023\/05\/karneval-kriticar-1.jpg\" \/>\n\t<meta property=\"og:image:width\" content=\"1920\" \/>\n\t<meta property=\"og:image:height\" content=\"1016\" \/>\n\t<meta property=\"og:image:type\" content=\"image\/jpeg\" \/>\n<meta name=\"twitter:card\" content=\"summary_large_image\" \/>\n<meta name=\"twitter:label1\" content=\"Dur\u00e9e de lecture estim\u00e9e\" \/>\n\t<meta name=\"twitter:data1\" content=\"16 minutes\" \/>\n<script type=\"application\/ld+json\" class=\"yoast-schema-graph\">{\"@context\":\"https:\/\/schema.org\",\"@graph\":[{\"@type\":\"WebPage\",\"@id\":\"https:\/\/visitrijeka.hr\/fr\/carnaval-de-rijeka-le-critique-souriant-de-la-realite-sociale\/\",\"url\":\"https:\/\/visitrijeka.hr\/fr\/carnaval-de-rijeka-le-critique-souriant-de-la-realite-sociale\/\",\"name\":\"Carnaval de Rijeka: le critique souriant de la r\u00e9alit\u00e9 sociale - Visit Rijeka\",\"isPartOf\":{\"@id\":\"https:\/\/visitrijeka.hr\/fr\/#website\"},\"primaryImageOfPage\":{\"@id\":\"https:\/\/visitrijeka.hr\/fr\/carnaval-de-rijeka-le-critique-souriant-de-la-realite-sociale\/#primaryimage\"},\"image\":{\"@id\":\"https:\/\/visitrijeka.hr\/fr\/carnaval-de-rijeka-le-critique-souriant-de-la-realite-sociale\/#primaryimage\"},\"thumbnailUrl\":\"https:\/\/visitrijeka.hr\/wp-content\/uploads\/2023\/05\/karneval-kriticar-1.jpg\",\"datePublished\":\"2023-05-24T06:54:47+00:00\",\"dateModified\":\"2023-06-01T09:29:49+00:00\",\"breadcrumb\":{\"@id\":\"https:\/\/visitrijeka.hr\/fr\/carnaval-de-rijeka-le-critique-souriant-de-la-realite-sociale\/#breadcrumb\"},\"inLanguage\":\"fr-FR\",\"potentialAction\":[{\"@type\":\"ReadAction\",\"target\":[\"https:\/\/visitrijeka.hr\/fr\/carnaval-de-rijeka-le-critique-souriant-de-la-realite-sociale\/\"]}]},{\"@type\":\"ImageObject\",\"inLanguage\":\"fr-FR\",\"@id\":\"https:\/\/visitrijeka.hr\/fr\/carnaval-de-rijeka-le-critique-souriant-de-la-realite-sociale\/#primaryimage\",\"url\":\"https:\/\/visitrijeka.hr\/wp-content\/uploads\/2023\/05\/karneval-kriticar-1.jpg\",\"contentUrl\":\"https:\/\/visitrijeka.hr\/wp-content\/uploads\/2023\/05\/karneval-kriticar-1.jpg\",\"width\":1920,\"height\":1016,\"caption\":\"Rije\u010dki karneval - nasmijani kriti\u010dar dru\u0161tvene zbilje\"},{\"@type\":\"WebSite\",\"@id\":\"https:\/\/visitrijeka.hr\/fr\/#website\",\"url\":\"https:\/\/visitrijeka.hr\/fr\/\",\"name\":\"Visit Rijeka\",\"description\":\"Grad koji te\u010de....\",\"publisher\":{\"@id\":\"https:\/\/visitrijeka.hr\/fr\/#organization\"},\"potentialAction\":[{\"@type\":\"SearchAction\",\"target\":{\"@type\":\"EntryPoint\",\"urlTemplate\":\"https:\/\/visitrijeka.hr\/fr\/?s={search_term_string}\"},\"query-input\":{\"@type\":\"PropertyValueSpecification\",\"valueRequired\":true,\"valueName\":\"search_term_string\"}}],\"inLanguage\":\"fr-FR\"},{\"@type\":\"Organization\",\"@id\":\"https:\/\/visitrijeka.hr\/fr\/#organization\",\"name\":\"Visit Rijeka\",\"url\":\"https:\/\/visitrijeka.hr\/fr\/\",\"logo\":{\"@type\":\"ImageObject\",\"inLanguage\":\"fr-FR\",\"@id\":\"https:\/\/visitrijeka.hr\/fr\/#\/schema\/logo\/image\/\",\"url\":\"https:\/\/visitrijeka.hr\/wp-content\/uploads\/2023\/02\/Logo_Visit_rijeka_460.svg\",\"contentUrl\":\"https:\/\/visitrijeka.hr\/wp-content\/uploads\/2023\/02\/Logo_Visit_rijeka_460.svg\",\"width\":100,\"height\":100,\"caption\":\"Visit Rijeka\"},\"image\":{\"@id\":\"https:\/\/visitrijeka.hr\/fr\/#\/schema\/logo\/image\/\"},\"sameAs\":[\"https:\/\/www.facebook.com\/VisitRijeka\"]}]}<\/script>\n<!-- \/ Yoast SEO plugin. -->","yoast_head_json":{"title":"Carnaval de Rijeka: le critique souriant de la r\u00e9alit\u00e9 sociale - Visit Rijeka","robots":{"index":"index","follow":"follow","max-snippet":"max-snippet:-1","max-image-preview":"max-image-preview:large","max-video-preview":"max-video-preview:-1"},"canonical":"https:\/\/visitrijeka.hr\/fr\/carnaval-de-rijeka-le-critique-souriant-de-la-realite-sociale\/","og_locale":"fr_FR","og_type":"article","og_title":"Carnaval de Rijeka: le critique souriant de la r\u00e9alit\u00e9 sociale - Visit Rijeka","og_url":"https:\/\/visitrijeka.hr\/fr\/carnaval-de-rijeka-le-critique-souriant-de-la-realite-sociale\/","og_site_name":"Visit Rijeka","article_publisher":"https:\/\/www.facebook.com\/VisitRijeka","article_modified_time":"2023-06-01T09:29:49+00:00","og_image":[{"width":1920,"height":1016,"url":"https:\/\/visitrijeka.hr\/wp-content\/uploads\/2023\/05\/karneval-kriticar-1.jpg","type":"image\/jpeg"}],"twitter_card":"summary_large_image","twitter_misc":{"Dur\u00e9e de lecture estim\u00e9e":"16 minutes"},"schema":{"@context":"https:\/\/schema.org","@graph":[{"@type":"WebPage","@id":"https:\/\/visitrijeka.hr\/fr\/carnaval-de-rijeka-le-critique-souriant-de-la-realite-sociale\/","url":"https:\/\/visitrijeka.hr\/fr\/carnaval-de-rijeka-le-critique-souriant-de-la-realite-sociale\/","name":"Carnaval de Rijeka: le critique souriant de la r\u00e9alit\u00e9 sociale - Visit Rijeka","isPartOf":{"@id":"https:\/\/visitrijeka.hr\/fr\/#website"},"primaryImageOfPage":{"@id":"https:\/\/visitrijeka.hr\/fr\/carnaval-de-rijeka-le-critique-souriant-de-la-realite-sociale\/#primaryimage"},"image":{"@id":"https:\/\/visitrijeka.hr\/fr\/carnaval-de-rijeka-le-critique-souriant-de-la-realite-sociale\/#primaryimage"},"thumbnailUrl":"https:\/\/visitrijeka.hr\/wp-content\/uploads\/2023\/05\/karneval-kriticar-1.jpg","datePublished":"2023-05-24T06:54:47+00:00","dateModified":"2023-06-01T09:29:49+00:00","breadcrumb":{"@id":"https:\/\/visitrijeka.hr\/fr\/carnaval-de-rijeka-le-critique-souriant-de-la-realite-sociale\/#breadcrumb"},"inLanguage":"fr-FR","potentialAction":[{"@type":"ReadAction","target":["https:\/\/visitrijeka.hr\/fr\/carnaval-de-rijeka-le-critique-souriant-de-la-realite-sociale\/"]}]},{"@type":"ImageObject","inLanguage":"fr-FR","@id":"https:\/\/visitrijeka.hr\/fr\/carnaval-de-rijeka-le-critique-souriant-de-la-realite-sociale\/#primaryimage","url":"https:\/\/visitrijeka.hr\/wp-content\/uploads\/2023\/05\/karneval-kriticar-1.jpg","contentUrl":"https:\/\/visitrijeka.hr\/wp-content\/uploads\/2023\/05\/karneval-kriticar-1.jpg","width":1920,"height":1016,"caption":"Rije\u010dki karneval - nasmijani kriti\u010dar dru\u0161tvene zbilje"},{"@type":"WebSite","@id":"https:\/\/visitrijeka.hr\/fr\/#website","url":"https:\/\/visitrijeka.hr\/fr\/","name":"Visit Rijeka","description":"Grad koji te\u010de....","publisher":{"@id":"https:\/\/visitrijeka.hr\/fr\/#organization"},"potentialAction":[{"@type":"SearchAction","target":{"@type":"EntryPoint","urlTemplate":"https:\/\/visitrijeka.hr\/fr\/?s={search_term_string}"},"query-input":{"@type":"PropertyValueSpecification","valueRequired":true,"valueName":"search_term_string"}}],"inLanguage":"fr-FR"},{"@type":"Organization","@id":"https:\/\/visitrijeka.hr\/fr\/#organization","name":"Visit Rijeka","url":"https:\/\/visitrijeka.hr\/fr\/","logo":{"@type":"ImageObject","inLanguage":"fr-FR","@id":"https:\/\/visitrijeka.hr\/fr\/#\/schema\/logo\/image\/","url":"https:\/\/visitrijeka.hr\/wp-content\/uploads\/2023\/02\/Logo_Visit_rijeka_460.svg","contentUrl":"https:\/\/visitrijeka.hr\/wp-content\/uploads\/2023\/02\/Logo_Visit_rijeka_460.svg","width":100,"height":100,"caption":"Visit Rijeka"},"image":{"@id":"https:\/\/visitrijeka.hr\/fr\/#\/schema\/logo\/image\/"},"sameAs":["https:\/\/www.facebook.com\/VisitRijeka"]}]}},"_links":{"self":[{"href":"https:\/\/visitrijeka.hr\/fr\/wp-json\/wp\/v2\/pages\/25795","targetHints":{"allow":["GET"]}}],"collection":[{"href":"https:\/\/visitrijeka.hr\/fr\/wp-json\/wp\/v2\/pages"}],"about":[{"href":"https:\/\/visitrijeka.hr\/fr\/wp-json\/wp\/v2\/types\/page"}],"author":[{"embeddable":true,"href":"https:\/\/visitrijeka.hr\/fr\/wp-json\/wp\/v2\/users\/3"}],"replies":[{"embeddable":true,"href":"https:\/\/visitrijeka.hr\/fr\/wp-json\/wp\/v2\/comments?post=25795"}],"version-history":[{"count":0,"href":"https:\/\/visitrijeka.hr\/fr\/wp-json\/wp\/v2\/pages\/25795\/revisions"}],"wp:featuredmedia":[{"embeddable":true,"href":"https:\/\/visitrijeka.hr\/fr\/wp-json\/wp\/v2\/media\/22424"}],"wp:attachment":[{"href":"https:\/\/visitrijeka.hr\/fr\/wp-json\/wp\/v2\/media?parent=25795"}],"curies":[{"name":"wp","href":"https:\/\/api.w.org\/{rel}","templated":true}]}}