{"id":35813,"date":"2023-06-12T14:08:25","date_gmt":"2023-06-12T12:08:25","guid":{"rendered":"https:\/\/visitrijeka.hr\/event\/otvorenje-ljeta-na-kantridi-uz-dadu-topica-time-i-kozne-jakne\/"},"modified":"2023-06-12T14:08:25","modified_gmt":"2023-06-12T12:08:25","slug":"otvorenje-ljeta-na-kantridi-uz-dadu-topica-time-i-kozne-jakne","status":"publish","type":"tribe_events","link":"https:\/\/visitrijeka.hr\/es\/event\/otvorenje-ljeta-na-kantridi-uz-dadu-topica-time-i-kozne-jakne\/","title":{"rendered":"Otvorenje Ljeta na Kantridi uz Dadu Topi\u0107a &#038; Time i Ko\u017ene jakne"},"content":{"rendered":"<p>Sve\u010dano otvorenje Ljeta na Kantridi odr\u017eat \u0107e se u petak, 16. lipnja koncertom Dade Topi\u0107a &#038; Timea. Za post koncert zadu\u017eene su Ko\u017ene jakne, a manifestacija se odr\u017eava u Morskom prascu. Ljetna \u0107e se dru\u017eenja odr\u017eavati sve do 3. rujna.<\/p>\n","protected":false},"excerpt":{"rendered":"<p>Sve\u010dano otvorenje Ljeta na Kantridi odr\u017eat \u0107e se u petak,  [&#8230;]<\/p>\n","protected":false},"author":1,"featured_media":31567,"template":"","meta":{"_acf_changed":false,"inline_featured_image":false,"_tribe_events_status":"","_tribe_events_status_reason":"","_tribe_events_is_hybrid":"","_tribe_events_is_virtual":"","_tribe_events_virtual_video_source":"","_tribe_events_virtual_embed_video":"","_tribe_events_virtual_linked_button_text":"","_tribe_events_virtual_linked_button":"","_tribe_events_virtual_show_embed_at":"","_tribe_events_virtual_show_embed_to":[],"_tribe_events_virtual_show_on_event":"","_tribe_events_virtual_show_on_views":"","_tribe_events_virtual_url":"","footnotes":""},"tags":[],"tribe_events_cat":[1119],"class_list":["post-35813","tribe_events","type-tribe_events","status-publish","has-post-thumbnail","hentry","tribe_events_cat-entretenimiento","cat_entretenimiento"],"acf":[],"yoast_head":"<!-- This site is optimized with the Yoast SEO plugin v26.3 - https:\/\/yoast.com\/wordpress\/plugins\/seo\/ -->\n<title>Otvorenje Ljeta na Kantridi uz Dadu Topi\u0107a &amp; Time i Ko\u017ene jakne - Visit Rijeka<\/title>\n<meta name=\"robots\" content=\"index, follow, max-snippet:-1, max-image-preview:large, max-video-preview:-1\" \/>\n<link rel=\"canonical\" href=\"https:\/\/visitrijeka.hr\/es\/event\/otvorenje-ljeta-na-kantridi-uz-dadu-topica-time-i-kozne-jakne\/\" \/>\n<meta property=\"og:locale\" content=\"es_ES\" \/>\n<meta property=\"og:type\" content=\"article\" \/>\n<meta property=\"og:title\" content=\"Otvorenje Ljeta na Kantridi uz Dadu Topi\u0107a &amp; Time i Ko\u017ene jakne - Visit Rijeka\" \/>\n<meta property=\"og:description\" content=\"Sve\u010dano otvorenje Ljeta na Kantridi odr\u017eat \u0107e se u petak, [...]\" \/>\n<meta property=\"og:url\" content=\"https:\/\/visitrijeka.hr\/es\/event\/otvorenje-ljeta-na-kantridi-uz-dadu-topica-time-i-kozne-jakne\/\" \/>\n<meta property=\"og:site_name\" content=\"Visit Rijeka\" \/>\n<meta property=\"article:publisher\" content=\"https:\/\/www.facebook.com\/VisitRijeka\" \/>\n<meta name=\"twitter:card\" content=\"summary_large_image\" \/>\n<script type=\"application\/ld+json\" class=\"yoast-schema-graph\">{\"@context\":\"https:\/\/schema.org\",\"@graph\":[{\"@type\":\"WebPage\",\"@id\":\"https:\/\/visitrijeka.hr\/es\/event\/otvorenje-ljeta-na-kantridi-uz-dadu-topica-time-i-kozne-jakne\/\",\"url\":\"https:\/\/visitrijeka.hr\/es\/event\/otvorenje-ljeta-na-kantridi-uz-dadu-topica-time-i-kozne-jakne\/\",\"name\":\"Otvorenje Ljeta na Kantridi uz Dadu Topi\u0107a & Time i Ko\u017ene jakne - Visit Rijeka\",\"isPartOf\":{\"@id\":\"https:\/\/visitrijeka.hr\/es\/#website\"},\"primaryImageOfPage\":{\"@id\":\"https:\/\/visitrijeka.hr\/es\/event\/otvorenje-ljeta-na-kantridi-uz-dadu-topica-time-i-kozne-jakne\/#primaryimage\"},\"image\":{\"@id\":\"https:\/\/visitrijeka.hr\/es\/event\/otvorenje-ljeta-na-kantridi-uz-dadu-topica-time-i-kozne-jakne\/#primaryimage\"},\"thumbnailUrl\":\"https:\/\/visitrijeka.hr\/wp-content\/uploads\/2023\/06\/Lj-nk-Dado-Topic2023-2.jpg\",\"datePublished\":\"2023-06-12T12:08:25+00:00\",\"breadcrumb\":{\"@id\":\"https:\/\/visitrijeka.hr\/es\/event\/otvorenje-ljeta-na-kantridi-uz-dadu-topica-time-i-kozne-jakne\/#breadcrumb\"},\"inLanguage\":\"es\",\"potentialAction\":[{\"@type\":\"ReadAction\",\"target\":[\"https:\/\/visitrijeka.hr\/es\/event\/otvorenje-ljeta-na-kantridi-uz-dadu-topica-time-i-kozne-jakne\/\"]}]},{\"@type\":\"ImageObject\",\"inLanguage\":\"es\",\"@id\":\"https:\/\/visitrijeka.hr\/es\/event\/otvorenje-ljeta-na-kantridi-uz-dadu-topica-time-i-kozne-jakne\/#primaryimage\",\"url\":\"https:\/\/visitrijeka.hr\/wp-content\/uploads\/2023\/06\/Lj-nk-Dado-Topic2023-2.jpg\",\"contentUrl\":\"https:\/\/visitrijeka.hr\/wp-content\/uploads\/2023\/06\/Lj-nk-Dado-Topic2023-2.jpg\",\"width\":525,\"height\":632},{\"@type\":\"WebSite\",\"@id\":\"https:\/\/visitrijeka.hr\/es\/#website\",\"url\":\"https:\/\/visitrijeka.hr\/es\/\",\"name\":\"Visit Rijeka\",\"description\":\"Grad koji te\u010de....\",\"publisher\":{\"@id\":\"https:\/\/visitrijeka.hr\/es\/#organization\"},\"potentialAction\":[{\"@type\":\"SearchAction\",\"target\":{\"@type\":\"EntryPoint\",\"urlTemplate\":\"https:\/\/visitrijeka.hr\/es\/?s={search_term_string}\"},\"query-input\":{\"@type\":\"PropertyValueSpecification\",\"valueRequired\":true,\"valueName\":\"search_term_string\"}}],\"inLanguage\":\"es\"},{\"@type\":\"Organization\",\"@id\":\"https:\/\/visitrijeka.hr\/es\/#organization\",\"name\":\"Visit Rijeka\",\"url\":\"https:\/\/visitrijeka.hr\/es\/\",\"logo\":{\"@type\":\"ImageObject\",\"inLanguage\":\"es\",\"@id\":\"https:\/\/visitrijeka.hr\/es\/#\/schema\/logo\/image\/\",\"url\":\"https:\/\/visitrijeka.hr\/wp-content\/uploads\/2023\/02\/Logo_Visit_rijeka_460.svg\",\"contentUrl\":\"https:\/\/visitrijeka.hr\/wp-content\/uploads\/2023\/02\/Logo_Visit_rijeka_460.svg\",\"width\":100,\"height\":100,\"caption\":\"Visit Rijeka\"},\"image\":{\"@id\":\"https:\/\/visitrijeka.hr\/es\/#\/schema\/logo\/image\/\"},\"sameAs\":[\"https:\/\/www.facebook.com\/VisitRijeka\"]}]}<\/script>\n<!-- \/ Yoast SEO plugin. -->","yoast_head_json":{"title":"Otvorenje Ljeta na Kantridi uz Dadu Topi\u0107a & Time i Ko\u017ene jakne - Visit Rijeka","robots":{"index":"index","follow":"follow","max-snippet":"max-snippet:-1","max-image-preview":"max-image-preview:large","max-video-preview":"max-video-preview:-1"},"canonical":"https:\/\/visitrijeka.hr\/es\/event\/otvorenje-ljeta-na-kantridi-uz-dadu-topica-time-i-kozne-jakne\/","og_locale":"es_ES","og_type":"article","og_title":"Otvorenje Ljeta na Kantridi uz Dadu Topi\u0107a & Time i Ko\u017ene jakne - Visit Rijeka","og_description":"Sve\u010dano otvorenje Ljeta na Kantridi odr\u017eat \u0107e se u petak, [...]","og_url":"https:\/\/visitrijeka.hr\/es\/event\/otvorenje-ljeta-na-kantridi-uz-dadu-topica-time-i-kozne-jakne\/","og_site_name":"Visit Rijeka","article_publisher":"https:\/\/www.facebook.com\/VisitRijeka","twitter_card":"summary_large_image","schema":{"@context":"https:\/\/schema.org","@graph":[{"@type":"WebPage","@id":"https:\/\/visitrijeka.hr\/es\/event\/otvorenje-ljeta-na-kantridi-uz-dadu-topica-time-i-kozne-jakne\/","url":"https:\/\/visitrijeka.hr\/es\/event\/otvorenje-ljeta-na-kantridi-uz-dadu-topica-time-i-kozne-jakne\/","name":"Otvorenje Ljeta na Kantridi uz Dadu Topi\u0107a & Time i Ko\u017ene jakne - Visit Rijeka","isPartOf":{"@id":"https:\/\/visitrijeka.hr\/es\/#website"},"primaryImageOfPage":{"@id":"https:\/\/visitrijeka.hr\/es\/event\/otvorenje-ljeta-na-kantridi-uz-dadu-topica-time-i-kozne-jakne\/#primaryimage"},"image":{"@id":"https:\/\/visitrijeka.hr\/es\/event\/otvorenje-ljeta-na-kantridi-uz-dadu-topica-time-i-kozne-jakne\/#primaryimage"},"thumbnailUrl":"https:\/\/visitrijeka.hr\/wp-content\/uploads\/2023\/06\/Lj-nk-Dado-Topic2023-2.jpg","datePublished":"2023-06-12T12:08:25+00:00","breadcrumb":{"@id":"https:\/\/visitrijeka.hr\/es\/event\/otvorenje-ljeta-na-kantridi-uz-dadu-topica-time-i-kozne-jakne\/#breadcrumb"},"inLanguage":"es","potentialAction":[{"@type":"ReadAction","target":["https:\/\/visitrijeka.hr\/es\/event\/otvorenje-ljeta-na-kantridi-uz-dadu-topica-time-i-kozne-jakne\/"]}]},{"@type":"ImageObject","inLanguage":"es","@id":"https:\/\/visitrijeka.hr\/es\/event\/otvorenje-ljeta-na-kantridi-uz-dadu-topica-time-i-kozne-jakne\/#primaryimage","url":"https:\/\/visitrijeka.hr\/wp-content\/uploads\/2023\/06\/Lj-nk-Dado-Topic2023-2.jpg","contentUrl":"https:\/\/visitrijeka.hr\/wp-content\/uploads\/2023\/06\/Lj-nk-Dado-Topic2023-2.jpg","width":525,"height":632},{"@type":"WebSite","@id":"https:\/\/visitrijeka.hr\/es\/#website","url":"https:\/\/visitrijeka.hr\/es\/","name":"Visit Rijeka","description":"Grad koji te\u010de....","publisher":{"@id":"https:\/\/visitrijeka.hr\/es\/#organization"},"potentialAction":[{"@type":"SearchAction","target":{"@type":"EntryPoint","urlTemplate":"https:\/\/visitrijeka.hr\/es\/?s={search_term_string}"},"query-input":{"@type":"PropertyValueSpecification","valueRequired":true,"valueName":"search_term_string"}}],"inLanguage":"es"},{"@type":"Organization","@id":"https:\/\/visitrijeka.hr\/es\/#organization","name":"Visit Rijeka","url":"https:\/\/visitrijeka.hr\/es\/","logo":{"@type":"ImageObject","inLanguage":"es","@id":"https:\/\/visitrijeka.hr\/es\/#\/schema\/logo\/image\/","url":"https:\/\/visitrijeka.hr\/wp-content\/uploads\/2023\/02\/Logo_Visit_rijeka_460.svg","contentUrl":"https:\/\/visitrijeka.hr\/wp-content\/uploads\/2023\/02\/Logo_Visit_rijeka_460.svg","width":100,"height":100,"caption":"Visit Rijeka"},"image":{"@id":"https:\/\/visitrijeka.hr\/es\/#\/schema\/logo\/image\/"},"sameAs":["https:\/\/www.facebook.com\/VisitRijeka"]}]}},"_links":{"self":[{"href":"https:\/\/visitrijeka.hr\/es\/wp-json\/wp\/v2\/tribe_events\/35813","targetHints":{"allow":["GET"]}}],"collection":[{"href":"https:\/\/visitrijeka.hr\/es\/wp-json\/wp\/v2\/tribe_events"}],"about":[{"href":"https:\/\/visitrijeka.hr\/es\/wp-json\/wp\/v2\/types\/tribe_events"}],"author":[{"embeddable":true,"href":"https:\/\/visitrijeka.hr\/es\/wp-json\/wp\/v2\/users\/1"}],"version-history":[{"count":0,"href":"https:\/\/visitrijeka.hr\/es\/wp-json\/wp\/v2\/tribe_events\/35813\/revisions"}],"wp:featuredmedia":[{"embeddable":true,"href":"https:\/\/visitrijeka.hr\/es\/wp-json\/wp\/v2\/media\/31567"}],"wp:attachment":[{"href":"https:\/\/visitrijeka.hr\/es\/wp-json\/wp\/v2\/media?parent=35813"}],"wp:term":[{"taxonomy":"post_tag","embeddable":true,"href":"https:\/\/visitrijeka.hr\/es\/wp-json\/wp\/v2\/tags?post=35813"},{"taxonomy":"tribe_events_cat","embeddable":true,"href":"https:\/\/visitrijeka.hr\/es\/wp-json\/wp\/v2\/tribe_events_cat?post=35813"}],"curies":[{"name":"wp","href":"https:\/\/api.w.org\/{rel}","templated":true}]}}