{"id":87539,"date":"2025-06-18T14:07:32","date_gmt":"2025-06-18T12:07:32","guid":{"rendered":"https:\/\/visitrijeka.hr\/ulaz-na-trsatski-kastel\/"},"modified":"2025-10-15T10:07:55","modified_gmt":"2025-10-15T08:07:55","slug":"la-entrada-al-castillo-de-trsat","status":"publish","type":"page","link":"https:\/\/visitrijeka.hr\/es\/la-entrada-al-castillo-de-trsat\/","title":{"rendered":"La entrada al Castillo de Trsat"},"content":{"rendered":"<p><div class=\"fusion-fullwidth fullwidth-box fusion-builder-row-1 fusion-flex-container has-pattern-background has-mask-background fusion-parallax-none nonhundred-percent-fullwidth non-hundred-percent-height-scrolling lazyload\" style=\"--awb-border-radius-top-left:0px;--awb-border-radius-top-right:0px;--awb-border-radius-bottom-right:0px;--awb-border-radius-bottom-left:0px;--awb-padding-top:120px;--awb-padding-bottom:120px;--awb-padding-top-small:100px;--awb-padding-bottom-small:100px;--awb-background-image:radial-gradient(circle at left top, hsla(var(--awb-color8-h),var(--awb-color8-s),var(--awb-color8-l),calc(var(--awb-color8-a) - 50%)) 39%,hsla(var(--awb-color8-h),var(--awb-color8-s),var(--awb-color8-l),calc(var(--awb-color8-a) - 75%)) 49%);;--awb-background-size:cover;--awb-flex-wrap:wrap;\" data-bg=\"https:\/\/visitrijeka.hr\/wp-content\/uploads\/2025\/04\/IMG_2879.jpg\" data-bg-gradient=\"radial-gradient(circle at left top, hsla(var(--awb-color8-h),var(--awb-color8-s),var(--awb-color8-l),calc(var(--awb-color8-a) - 50%)) 39%,hsla(var(--awb-color8-h),var(--awb-color8-s),var(--awb-color8-l),calc(var(--awb-color8-a) - 75%)) 49%)\" ><div class=\"fusion-builder-row fusion-row fusion-flex-align-items-center fusion-flex-content-wrap\" style=\"max-width:1414.4px;margin-left: calc(-4% \/ 2 );margin-right: calc(-4% \/ 2 );\"><div class=\"fusion-layout-column fusion_builder_column fusion-builder-column-0 fusion_builder_column_3_5 3_5 fusion-flex-column fusion-animated id-87539\" style=\"--awb-bg-size:cover;--awb-width-large:60%;--awb-margin-top-large:0px;--awb-spacing-right-large:3.2%;--awb-margin-bottom-large:0px;--awb-spacing-left-large:3.2%;--awb-width-medium:60%;--awb-order-medium:0;--awb-spacing-right-medium:3.2%;--awb-spacing-left-medium:3.2%;--awb-width-small:100%;--awb-order-small:0;--awb-spacing-right-small:1.92%;--awb-margin-bottom-small:50px;--awb-spacing-left-small:1.92%;\" data-animationType=\"fadeInLeft\" data-animationDuration=\"1.2\" data-animationOffset=\"top-into-view\" data-scroll-devices=\"small-visibility,medium-visibility,large-visibility\"><div class=\"fusion-column-wrapper fusion-column-has-shadow fusion-flex-justify-content-flex-start fusion-content-layout-column\"><div class=\"fusion-separator fusion-no-small-visibility fusion-no-medium-visibility fusion-full-width-sep\" style=\"align-self: center;margin-left: auto;margin-right: auto;margin-top:50px;width:100%;\"><\/div><div class=\"fusion-title title fusion-title-1 fusion-sep-none fusion-title-text fusion-title-size-one\" style=\"--awb-text-color:var(--awb-color1);--awb-margin-bottom:0px;--awb-font-size:70px;\"><h1 class=\"fusion-title-heading title-heading-left\" style=\"font-family:&quot;SSP-Bold-700&quot;;font-style:normal;font-weight:400;margin:0;font-size:1em;line-height:1;\">La entrada al Castillo de Trsat<\/h1><\/div><div class=\"fusion-separator fusion-no-small-visibility fusion-no-medium-visibility fusion-full-width-sep\" style=\"align-self: center;margin-left: auto;margin-right: auto;margin-top:100px;width:100%;\"><\/div><\/div><\/div><div class=\"fusion-layout-column fusion_builder_column fusion-builder-column-1 fusion_builder_column_2_5 2_5 fusion-flex-column fusion-animated id-87539\" style=\"--awb-bg-size:cover;--awb-width-large:40%;--awb-margin-top-large:0px;--awb-spacing-right-large:4.8%;--awb-margin-bottom-large:0px;--awb-spacing-left-large:4.8%;--awb-width-medium:40%;--awb-order-medium:0;--awb-spacing-right-medium:4.8%;--awb-spacing-left-medium:4.8%;--awb-width-small:100%;--awb-order-small:0;--awb-spacing-right-small:1.92%;--awb-spacing-left-small:1.92%;\" data-animationType=\"fadeIn\" data-animationDuration=\"0.8\" data-animationOffset=\"top-into-view\"><div class=\"fusion-column-wrapper fusion-column-has-shadow fusion-flex-justify-content-flex-start fusion-content-layout-column\"><\/div><\/div><\/div><\/div><div class=\"fusion-fullwidth fullwidth-box fusion-builder-row-2 fusion-flex-container has-pattern-background has-mask-background nonhundred-percent-fullwidth non-hundred-percent-height-scrolling\" style=\"--awb-border-radius-top-left:0px;--awb-border-radius-top-right:0px;--awb-border-radius-bottom-right:0px;--awb-border-radius-bottom-left:0px;--awb-padding-top:10px;--awb-margin-top:50px;--awb-margin-top-small:-10px;--awb-flex-wrap:wrap;\" ><div class=\"fusion-builder-row fusion-row fusion-flex-align-items-flex-start fusion-flex-content-wrap\" style=\"max-width:1414.4px;margin-left: calc(-4% \/ 2 );margin-right: calc(-4% \/ 2 );\"><div class=\"fusion-layout-column fusion_builder_column fusion-builder-column-2 fusion_builder_column_1_1 1_1 fusion-flex-column cjenik-trsatskikastel-opis id-87539\" style=\"--awb-bg-size:cover;--awb-width-large:100%;--awb-margin-top-large:0px;--awb-spacing-right-large:1.92%;--awb-margin-bottom-large:20px;--awb-spacing-left-large:1.92%;--awb-width-medium:100%;--awb-order-medium:0;--awb-spacing-right-medium:1.92%;--awb-spacing-left-medium:1.92%;--awb-width-small:100%;--awb-order-small:2;--awb-margin-top-small:30px;--awb-spacing-right-small:1.92%;--awb-spacing-left-small:1.92%;\" data-scroll-devices=\"small-visibility,medium-visibility,large-visibility\"><div class=\"fusion-column-wrapper fusion-column-has-shadow fusion-flex-justify-content-flex-start fusion-content-layout-column\"><div class=\"fusion-text fusion-text-1\" style=\"--awb-content-alignment:justify;--awb-font-size:18px;--awb-text-color:var(--awb-color8);--awb-margin-top:5px;--awb-text-font-family:&quot;SSP-Regular-400&quot;;--awb-text-font-style:normal;--awb-text-font-weight:400;\"><p>A partir del 15 de octubre, la entrada al Castillo de Trsat ser\u00e1 de pago de lunes a domingo, de 9:00 a 17:00 horas, que es tambi\u00e9n el horario del Punto de Informaci\u00f3n y del Centro de Interpretaci\u00f3n \u201cRutas de los Frankopan\u201d.<\/p>\n<p>Los precios de las entradas para la visita diurna al Castillo de Trsat en el per\u00edodo del 1 de abril al 30 de septiembre son de 3,00 \u20ac para adultos y de 1,50 \u20ac para jubilados, estudiantes y ni\u00f1os de entre 7 y 18 a\u00f1os. La entrada familiar al Castillo, que incluye dos adultos y dos ni\u00f1os mayores de siete a\u00f1os, cuesta 8,00 \u20ac. La entrada al Castillo es gratuita para personas con discapacidad, ni\u00f1os menores de siete a\u00f1os y ciudadanos de Rijeka y Condado de Primorje-Gorski Kotar. Adem\u00e1s, los grupos de 15 o m\u00e1s personas reciben un 10 % de descuento.<\/p>\n<p>Durante el per\u00edodo del 1 de octubre al 31 de marzo, el precio de la entrada ser\u00e1 de 2,00 \u20ac para adultos y de 0,50 \u20ac para estudiantes, jubilados y ni\u00f1os de entre 7 y 18 a\u00f1os. La entrada familiar durante este per\u00edodo ser\u00e1 de 4,50 \u20ac.<\/p>\n<\/div><\/div><\/div><\/div><\/div><div class=\"fusion-fullwidth fullwidth-box fusion-builder-row-3 fusion-flex-container has-pattern-background has-mask-background nonhundred-percent-fullwidth non-hundred-percent-height-scrolling\" style=\"--awb-border-radius-top-left:0px;--awb-border-radius-top-right:0px;--awb-border-radius-bottom-right:0px;--awb-border-radius-bottom-left:0px;--awb-padding-bottom:40px;--awb-flex-wrap:wrap;\" ><div class=\"fusion-builder-row fusion-row fusion-flex-align-items-flex-start fusion-flex-content-wrap\" style=\"max-width:1414.4px;margin-left: calc(-4% \/ 2 );margin-right: calc(-4% \/ 2 );\"><div class=\"fusion-layout-column fusion_builder_column fusion-builder-column-3 fusion_builder_column_1_1 1_1 fusion-flex-column id-87539\" style=\"--awb-bg-size:cover;--awb-width-large:100%;--awb-margin-top-large:0px;--awb-spacing-right-large:1.92%;--awb-margin-bottom-large:20px;--awb-spacing-left-large:1.92%;--awb-width-medium:100%;--awb-order-medium:0;--awb-spacing-right-medium:1.92%;--awb-spacing-left-medium:1.92%;--awb-width-small:100%;--awb-order-small:0;--awb-spacing-right-small:1.92%;--awb-spacing-left-small:1.92%;\"><div class=\"fusion-column-wrapper fusion-column-has-shadow fusion-flex-justify-content-flex-start fusion-content-layout-column\"><div class=\"fusion-title title fusion-title-2 fusion-sep-none fusion-title-center fusion-title-text fusion-title-size-two\"><h2 class=\"fusion-title-heading title-heading-center\" style=\"margin:0;\">Precios de entradas<\/h2><\/div><div class=\"fusion-text fusion-text-2 cjenik-trsatskikastel\"><p><span style=\"color: #ffffff;\">.<\/span><\/p>\n<table class=\"responsive-table\">\n<thead>\n<tr>\n<th>Categor\u00eda de visitante<\/th>\n<th>1 oct \u2013 31 mar<\/th>\n<th>1 abr \u2013 30 sept<\/th>\n<\/tr>\n<\/thead>\n<tbody>\n<tr>\n<td data-label=\"Kategorija posjetitelja\">Adultos<\/td>\n<td data-label=\"1.10.\u201331.03.\">2,00\u202f\u20ac<\/td>\n<td data-label=\"1.04.\u201330.09.\">3,00\u202f\u20ac<\/td>\n<\/tr>\n<tr>\n<td data-label=\"Kategorija posjetitelja\">Jubilados, estudiantes, ni\u00f1os (7\u201318 a\u00f1os)<\/td>\n<td data-label=\"1.10.\u201331.03.\">0,50\u202f\u20ac<\/td>\n<td data-label=\"1.04.\u201330.09.\">1,50\u202f\u20ac<\/td>\n<\/tr>\n<tr>\n<td data-label=\"Kategorija posjetitelja\">Entrada familiar (2 adultos + 2 ni\u00f1os de 7+ a\u00f1os)<\/td>\n<td data-label=\"1.10.\u201331.03.\">4,50\u202f\u20ac<\/td>\n<td data-label=\"1.04.\u201330.09.\">8,00\u202f\u20ac<\/td>\n<\/tr>\n<tr>\n<td data-label=\"Kategorija posjetitelja\">Ni\u00f1os menores de 7 a\u00f1os, personas con discapacidad,<br \/>\nciudadanos de Rijeka y Condado de Primorje-Gorski Kotar<\/td>\n<td data-label=\"1.10.\u201331.03.\">Gratis<\/td>\n<td data-label=\"1.04.\u201330.09.\">Gratis<\/td>\n<\/tr>\n<tr>\n<td data-label=\"Kategorija posjetitelja\">Grupos (15+ personas)<\/td>\n<td data-label=\"1.10.\u201331.03.\">10\u202f% de descuento<\/td>\n<td data-label=\"1.04.\u201330.09.\">10\u202f% de descuento<\/td>\n<\/tr>\n<\/tbody>\n<\/table>\n<div class=\"info-text\"><span class=\"title\">Horario y entrada<\/span><\/div>\n<div class=\"info-text\"><span class=\"tekst\">Venta de entradas y punto de informaci\u00f3n: 9 &#8211; 17<br \/>\nEntrada gratuita para todos los visitantes: Despu\u00e9s de las 17<\/span><\/div>\n<\/div><\/div><\/div><\/div><\/div><\/p>\n","protected":false},"excerpt":{"rendered":"","protected":false},"author":1,"featured_media":0,"parent":0,"menu_order":0,"comment_status":"closed","ping_status":"closed","template":"100-width.php","meta":{"_acf_changed":false,"inline_featured_image":false,"footnotes":""},"class_list":["post-87539","page","type-page","status-publish","hentry"],"acf":[],"yoast_head":"<!-- This site is optimized with the Yoast SEO plugin v26.3 - https:\/\/yoast.com\/wordpress\/plugins\/seo\/ -->\n<title>La entrada al Castillo de Trsat - Visit Rijeka<\/title>\n<meta name=\"description\" content=\"\u201eLjeto na Gradini&quot; je kulturno-zabavna manifestacija u organizaciji TZ grada Rijeke koja svako ljeto o\u017eivljava prostor Trsatskog ka\u0161tela.\" \/>\n<meta name=\"robots\" content=\"index, follow, max-snippet:-1, max-image-preview:large, max-video-preview:-1\" \/>\n<link rel=\"canonical\" href=\"https:\/\/visitrijeka.hr\/es\/la-entrada-al-castillo-de-trsat\/\" \/>\n<meta property=\"og:locale\" content=\"es_ES\" \/>\n<meta property=\"og:type\" content=\"article\" \/>\n<meta property=\"og:title\" content=\"La entrada al Castillo de Trsat - Visit Rijeka\" \/>\n<meta property=\"og:description\" content=\"\u201eLjeto na Gradini&quot; je kulturno-zabavna manifestacija u organizaciji TZ grada Rijeke koja svako ljeto o\u017eivljava prostor Trsatskog ka\u0161tela.\" \/>\n<meta property=\"og:url\" content=\"https:\/\/visitrijeka.hr\/es\/la-entrada-al-castillo-de-trsat\/\" \/>\n<meta property=\"og:site_name\" content=\"Visit Rijeka\" \/>\n<meta property=\"article:publisher\" content=\"https:\/\/www.facebook.com\/VisitRijeka\" \/>\n<meta property=\"article:modified_time\" content=\"2025-10-15T08:07:55+00:00\" \/>\n<meta name=\"twitter:card\" content=\"summary_large_image\" \/>\n<meta name=\"twitter:label1\" content=\"Tiempo de lectura\" \/>\n\t<meta name=\"twitter:data1\" content=\"2 minutos\" \/>\n<script type=\"application\/ld+json\" class=\"yoast-schema-graph\">{\"@context\":\"https:\/\/schema.org\",\"@graph\":[{\"@type\":\"WebPage\",\"@id\":\"https:\/\/visitrijeka.hr\/es\/la-entrada-al-castillo-de-trsat\/\",\"url\":\"https:\/\/visitrijeka.hr\/es\/la-entrada-al-castillo-de-trsat\/\",\"name\":\"La entrada al Castillo de Trsat - Visit Rijeka\",\"isPartOf\":{\"@id\":\"https:\/\/visitrijeka.hr\/es\/#website\"},\"datePublished\":\"2025-06-18T12:07:32+00:00\",\"dateModified\":\"2025-10-15T08:07:55+00:00\",\"description\":\"\u201eLjeto na Gradini\\\" je kulturno-zabavna manifestacija u organizaciji TZ grada Rijeke koja svako ljeto o\u017eivljava prostor Trsatskog ka\u0161tela.\",\"breadcrumb\":{\"@id\":\"https:\/\/visitrijeka.hr\/es\/la-entrada-al-castillo-de-trsat\/#breadcrumb\"},\"inLanguage\":\"es\",\"potentialAction\":[{\"@type\":\"ReadAction\",\"target\":[\"https:\/\/visitrijeka.hr\/es\/la-entrada-al-castillo-de-trsat\/\"]}]},{\"@type\":\"WebSite\",\"@id\":\"https:\/\/visitrijeka.hr\/es\/#website\",\"url\":\"https:\/\/visitrijeka.hr\/es\/\",\"name\":\"Visit Rijeka\",\"description\":\"Grad koji te\u010de....\",\"publisher\":{\"@id\":\"https:\/\/visitrijeka.hr\/es\/#organization\"},\"potentialAction\":[{\"@type\":\"SearchAction\",\"target\":{\"@type\":\"EntryPoint\",\"urlTemplate\":\"https:\/\/visitrijeka.hr\/es\/?s={search_term_string}\"},\"query-input\":{\"@type\":\"PropertyValueSpecification\",\"valueRequired\":true,\"valueName\":\"search_term_string\"}}],\"inLanguage\":\"es\"},{\"@type\":\"Organization\",\"@id\":\"https:\/\/visitrijeka.hr\/es\/#organization\",\"name\":\"Visit Rijeka\",\"url\":\"https:\/\/visitrijeka.hr\/es\/\",\"logo\":{\"@type\":\"ImageObject\",\"inLanguage\":\"es\",\"@id\":\"https:\/\/visitrijeka.hr\/es\/#\/schema\/logo\/image\/\",\"url\":\"https:\/\/visitrijeka.hr\/wp-content\/uploads\/2023\/02\/Logo_Visit_rijeka_460.svg\",\"contentUrl\":\"https:\/\/visitrijeka.hr\/wp-content\/uploads\/2023\/02\/Logo_Visit_rijeka_460.svg\",\"width\":100,\"height\":100,\"caption\":\"Visit Rijeka\"},\"image\":{\"@id\":\"https:\/\/visitrijeka.hr\/es\/#\/schema\/logo\/image\/\"},\"sameAs\":[\"https:\/\/www.facebook.com\/VisitRijeka\"]}]}<\/script>\n<!-- \/ Yoast SEO plugin. -->","yoast_head_json":{"title":"La entrada al Castillo de Trsat - Visit Rijeka","description":"\u201eLjeto na Gradini\" je kulturno-zabavna manifestacija u organizaciji TZ grada Rijeke koja svako ljeto o\u017eivljava prostor Trsatskog ka\u0161tela.","robots":{"index":"index","follow":"follow","max-snippet":"max-snippet:-1","max-image-preview":"max-image-preview:large","max-video-preview":"max-video-preview:-1"},"canonical":"https:\/\/visitrijeka.hr\/es\/la-entrada-al-castillo-de-trsat\/","og_locale":"es_ES","og_type":"article","og_title":"La entrada al Castillo de Trsat - Visit Rijeka","og_description":"\u201eLjeto na Gradini\" je kulturno-zabavna manifestacija u organizaciji TZ grada Rijeke koja svako ljeto o\u017eivljava prostor Trsatskog ka\u0161tela.","og_url":"https:\/\/visitrijeka.hr\/es\/la-entrada-al-castillo-de-trsat\/","og_site_name":"Visit Rijeka","article_publisher":"https:\/\/www.facebook.com\/VisitRijeka","article_modified_time":"2025-10-15T08:07:55+00:00","twitter_card":"summary_large_image","twitter_misc":{"Tiempo de lectura":"2 minutos"},"schema":{"@context":"https:\/\/schema.org","@graph":[{"@type":"WebPage","@id":"https:\/\/visitrijeka.hr\/es\/la-entrada-al-castillo-de-trsat\/","url":"https:\/\/visitrijeka.hr\/es\/la-entrada-al-castillo-de-trsat\/","name":"La entrada al Castillo de Trsat - Visit Rijeka","isPartOf":{"@id":"https:\/\/visitrijeka.hr\/es\/#website"},"datePublished":"2025-06-18T12:07:32+00:00","dateModified":"2025-10-15T08:07:55+00:00","description":"\u201eLjeto na Gradini\" je kulturno-zabavna manifestacija u organizaciji TZ grada Rijeke koja svako ljeto o\u017eivljava prostor Trsatskog ka\u0161tela.","breadcrumb":{"@id":"https:\/\/visitrijeka.hr\/es\/la-entrada-al-castillo-de-trsat\/#breadcrumb"},"inLanguage":"es","potentialAction":[{"@type":"ReadAction","target":["https:\/\/visitrijeka.hr\/es\/la-entrada-al-castillo-de-trsat\/"]}]},{"@type":"WebSite","@id":"https:\/\/visitrijeka.hr\/es\/#website","url":"https:\/\/visitrijeka.hr\/es\/","name":"Visit Rijeka","description":"Grad koji te\u010de....","publisher":{"@id":"https:\/\/visitrijeka.hr\/es\/#organization"},"potentialAction":[{"@type":"SearchAction","target":{"@type":"EntryPoint","urlTemplate":"https:\/\/visitrijeka.hr\/es\/?s={search_term_string}"},"query-input":{"@type":"PropertyValueSpecification","valueRequired":true,"valueName":"search_term_string"}}],"inLanguage":"es"},{"@type":"Organization","@id":"https:\/\/visitrijeka.hr\/es\/#organization","name":"Visit Rijeka","url":"https:\/\/visitrijeka.hr\/es\/","logo":{"@type":"ImageObject","inLanguage":"es","@id":"https:\/\/visitrijeka.hr\/es\/#\/schema\/logo\/image\/","url":"https:\/\/visitrijeka.hr\/wp-content\/uploads\/2023\/02\/Logo_Visit_rijeka_460.svg","contentUrl":"https:\/\/visitrijeka.hr\/wp-content\/uploads\/2023\/02\/Logo_Visit_rijeka_460.svg","width":100,"height":100,"caption":"Visit Rijeka"},"image":{"@id":"https:\/\/visitrijeka.hr\/es\/#\/schema\/logo\/image\/"},"sameAs":["https:\/\/www.facebook.com\/VisitRijeka"]}]}},"_links":{"self":[{"href":"https:\/\/visitrijeka.hr\/es\/wp-json\/wp\/v2\/pages\/87539","targetHints":{"allow":["GET"]}}],"collection":[{"href":"https:\/\/visitrijeka.hr\/es\/wp-json\/wp\/v2\/pages"}],"about":[{"href":"https:\/\/visitrijeka.hr\/es\/wp-json\/wp\/v2\/types\/page"}],"author":[{"embeddable":true,"href":"https:\/\/visitrijeka.hr\/es\/wp-json\/wp\/v2\/users\/1"}],"replies":[{"embeddable":true,"href":"https:\/\/visitrijeka.hr\/es\/wp-json\/wp\/v2\/comments?post=87539"}],"version-history":[{"count":0,"href":"https:\/\/visitrijeka.hr\/es\/wp-json\/wp\/v2\/pages\/87539\/revisions"}],"wp:attachment":[{"href":"https:\/\/visitrijeka.hr\/es\/wp-json\/wp\/v2\/media?parent=87539"}],"curies":[{"name":"wp","href":"https:\/\/api.w.org\/{rel}","templated":true}]}}