{"id":29121,"date":"2023-06-09T08:26:50","date_gmt":"2023-06-09T06:26:50","guid":{"rendered":"https:\/\/visitrijeka.hr\/advent-u-rijeci\/"},"modified":"2025-12-04T13:03:28","modified_gmt":"2025-12-04T12:03:28","slug":"adviento-en-rijeka","status":"publish","type":"page","link":"https:\/\/visitrijeka.hr\/es\/adviento-en-rijeka\/","title":{"rendered":"Adviento en Rijeka"},"content":{"rendered":"<p><div class=\"fusion-fullwidth fullwidth-box fusion-builder-row-1 fusion-flex-container has-pattern-background has-mask-background nonhundred-percent-fullwidth non-hundred-percent-height-scrolling\" style=\"--awb-border-radius-top-left:0px;--awb-border-radius-top-right:0px;--awb-border-radius-bottom-right:0px;--awb-border-radius-bottom-left:0px;--awb-padding-bottom:0px;--awb-padding-top-small:-30px;--awb-margin-top:0px;--awb-margin-bottom:0px;--awb-flex-wrap:wrap;\" ><div class=\"fusion-builder-row fusion-row fusion-flex-align-items-flex-start fusion-flex-content-wrap\" style=\"max-width:1414.4px;margin-left: calc(-4% \/ 2 );margin-right: calc(-4% \/ 2 );\"><div class=\"fusion-layout-column fusion_builder_column fusion-builder-column-0 fusion_builder_column_3_4 3_4 fusion-flex-column id-29121\" style=\"--awb-bg-size:cover;--awb-width-large:75%;--awb-margin-top-large:0px;--awb-spacing-right-large:2.56%;--awb-margin-bottom-large:20px;--awb-spacing-left-large:2.56%;--awb-width-medium:75%;--awb-order-medium:0;--awb-spacing-right-medium:2.56%;--awb-spacing-left-medium:2.56%;--awb-width-small:100%;--awb-order-small:1;--awb-spacing-right-small:1.92%;--awb-spacing-left-small:1.92%;\" data-scroll-devices=\"small-visibility,medium-visibility,large-visibility\"><div class=\"fusion-column-wrapper fusion-column-has-shadow fusion-flex-justify-content-flex-start fusion-content-layout-column\"><\/div><\/div><div class=\"fusion-layout-column fusion_builder_column fusion-builder-column-1 fusion_builder_column_1_4 1_4 fusion-flex-column fusion-flex-align-self-flex-start id-29121\" style=\"--awb-padding-right-small:30px;--awb-padding-left-small:30px;--awb-bg-size:cover;--awb-width-large:25%;--awb-margin-top-large:-30px;--awb-spacing-right-large:0px;--awb-margin-bottom-large:20px;--awb-spacing-left-large:0px;--awb-width-medium:25%;--awb-order-medium:0;--awb-spacing-right-medium:0px;--awb-spacing-left-medium:0px;--awb-width-small:100%;--awb-order-small:0;--awb-margin-top-small:-10px;--awb-spacing-right-small:1.92%;--awb-spacing-left-small:1.92%;\" data-scroll-devices=\"small-visibility,medium-visibility,large-visibility\"><div class=\"fusion-column-wrapper fusion-column-has-shadow fusion-flex-justify-content-flex-start fusion-content-layout-column\"><div class=\"fusion-text fusion-text-1\">     <ul style=\"--awb-size:20px;--awb-margin-top:0px;--awb-margin-right:0px;--awb-margin-bottom:0px;--awb-margin-left:0px;--awb-item-padding-top:0px;--awb-item-padding-right:0px;--awb-item-padding-bottom:0px;--awb-item-padding-left:0px;--awb-line-height:34px;--awb-icon-width:34px;--awb-icon-height:34px;--awb-icon-margin:14px;--awb-content-margin:48px;\" class=\"fusion-checklist fusion-checklist-1 type-icons\">\n         <li class=\"fusion-li-item\" style=\"\">\n            <span class=\"icon-wrapper circle-no\">\n                <i class=\"fusion-li-icon icon-Plava_Visitrijeka\" aria-hidden=\"true\"><\/i>\n            <\/span>\n            <div class=\"fusion-li-item-content\">\n                <h3><strong>eventos.<\/strong><\/h3>\n            <\/div>\n        <\/li>\n    <\/ul>\n    \n<\/div><\/div><\/div>\n<\/div><\/div><div class=\"fusion-fullwidth fullwidth-box fusion-builder-row-2 fusion-flex-container has-pattern-background has-mask-background nonhundred-percent-fullwidth non-hundred-percent-height-scrolling\" style=\"--awb-border-radius-top-left:0px;--awb-border-radius-top-right:0px;--awb-border-radius-bottom-right:0px;--awb-border-radius-bottom-left:0px;--awb-padding-top:30px;--awb-padding-bottom:45px;--awb-background-color:var(--awb-color1);--awb-flex-wrap:wrap;\" ><div class=\"fusion-builder-row fusion-row fusion-flex-align-items-flex-start fusion-flex-content-wrap\" style=\"max-width:1414.4px;margin-left: calc(-4% \/ 2 );margin-right: calc(-4% \/ 2 );\"><div class=\"fusion-layout-column fusion_builder_column fusion-builder-column-2 fusion_builder_column_1_1 1_1 fusion-flex-column id-29121\" style=\"--awb-bg-size:cover;--awb-width-large:100%;--awb-margin-top-large:-50px;--awb-spacing-right-large:1.92%;--awb-margin-bottom-large:20px;--awb-spacing-left-large:1.92%;--awb-width-medium:100%;--awb-order-medium:0;--awb-spacing-right-medium:1.92%;--awb-spacing-left-medium:1.92%;--awb-width-small:100%;--awb-order-small:0;--awb-spacing-right-small:1.92%;--awb-spacing-left-small:1.92%;\" data-scroll-devices=\"small-visibility,medium-visibility,large-visibility\"><div class=\"fusion-column-wrapper fusion-column-has-shadow fusion-flex-justify-content-flex-start fusion-content-layout-column\"><div class=\"fusion-text fusion-text-2 fusion-text-no-margin\" style=\"--awb-text-color:var(--awb-color8);--awb-margin-bottom:50px;\"><p>Rijeka, una ciudad espec\u00edfica por varios motivos, se despide del a\u00f1o viejo de una manera muy particular. En Rijeka cada mes del a\u00f1o cuenta una historia, pero diciembre, pues, su historia se parece a un cuento de hadas contado con vigor com\u00fan por la gente y por la misma ciudad a lo largo de sus calles y plazas, y tanto en alta mar como en la costa. Una vez que Rijeka \u00abse viste\u00bb de diciembre y empieza a brillar en su traje festivo, todo en ella se convierte en magia. El momento en el que miles de l\u00e1mparas hacen desaparecer la oscuridad es algo que no se debe perder. Bajo la misma luz los d\u00edas siguientes se llenan de una fantas\u00eda compuesta por numerosos eventos dirigidos a la gente de todas las edades. Es el momento cuando la ciudad de Rijeka canta, baila, toca instrumentos, se r\u00ede y es feliz. Es el tiempo en el que Rijeka hace regalos y ayuda. El tiempo en el que muestra su diversidad.<\/p>\n<p>La feria que tiene lugar entre la Navidad y el A\u00f1o nuevo, el evento que perdura en este sitio en el mes de diciembre, ofrece sabores y aromas muy caracter\u00edsticos, tanto de Rijeka como de su extenso alrededor. En encantadores quioscos de madera, ubicados a lo largo de los paseos mar\u00edtimos de la ciudad, incluso el cliente m\u00e1s exigente puede encontrar ah\u00ed algo para comprar. Independientemente de lo que est\u00e9 buscando, ya sea, comida, bebida, productos dulces o salados, recuerdos, adornos navide\u00f1os, prendas de lana, y hasta obras de arte o art\u00edculos de necesidad diaria, en la Feria de Rijeka va a encontrar todo lo que desea.<\/p>\n<p>Los escenarios de diciembre de esa ciudad que fluye, como suelen llamar a Rijeka, presentan un cuento diferente. As\u00ed como empiezan a mostrar su canto, su m\u00fasica y su baile, contin\u00faan de la misma manera hasta que el a\u00f1o nuevo reemplace el a\u00f1o viejo. Encima de estos escenarios, numerosas compa\u00f1\u00edas de arte, de folclore y de danza, coros, compa\u00f1\u00edas de teatro, klape (grupos de m\u00fasicos que cantan a capela), artistas de pop y rock enriquecen ese aire festivo, incluido un programa que responde a las necesidades tanto de ni\u00f1os como de adultos.<\/p>\n<p>En este cuento de hadas, como hemos caracterizado anteriormente el mes de diciembre, Rijeka cuenta tambi\u00e9n con un \u201ccap\u00edtulo gastron\u00f3mico\u201d. Durante la temporada de Adviento, los restaurantes, tabernas y bares de la ciudad ofrecen platos aut\u00e9nticos en sus men\u00fas y degustaciones en los puestos al aire libre. Ser\u00eda una verdadera p\u00e9rdida estar en Rijeka y no participar en el desayuno de caridad que se celebra tradicionalmente en v\u00edsperas de Navidad. Guiso de bacalao, calamares fritos y otras delicias del mar, junto con los inevitables bu\u00f1uelos, son solo una parte de lo que la ciudad de Rijeka y sus emprendedores ofrecen a sus ciudadanos y turistas durante el desayuno com\u00fan.<\/p>\n<p>\u00a1Y c\u00f3mo les gusta a los m\u00e1s j\u00f3venes el mes de diciembre en Rijeka! Tan pronto como los Pap\u00e1s Noel de la banda de m\u00fasica ciudadana de Trsat se pongan a tocar, los peque\u00f1os saben que empezar\u00e1 la aventura. Los primeros que llegan son San Nicol\u00e1s y su compa\u00f1ero indispensable que se llama Krampus, luego llega el tren del Pap\u00e1 Noel, que es un tren que va todos los d\u00edas y que nunca, pero nunca jam\u00e1s se retrasa, y a\u00fan m\u00e1s, se oye la m\u00fasica. Luego, en el paseo de Korzo llega Pap\u00e1 Noel, entre los stands llenos de dulces&#8230; Un placer para desear. Si a\u00f1adimos, adem\u00e1s, tiovivos de varios tipos en los parques de diversi\u00f3n, junto a \u201cMorska pahuljica\u201d (el copo del mar), el teatro que \u201cvive\u201d en la orilla del mar, es de verdad una maravilla ser ni\u00f1o en Rijeka.<\/p>\n<p>En la semana en la que el mes de diciembre est\u00e1 despidi\u00e9ndose, hay m\u00e1s acontecimientos a\u00fan. Llama la atenci\u00f3n el tradicional concierto de Navidad llamado \u201cSe\u00f1ores, es Navidad\u201d, y otro, el concierto del A\u00f1o Nuevo en el Teatro Nacional de Croacia Ivan pl. Zajc Rijeka. El paseo mar\u00edtimo y las callejuelas cercanas emanan una melod\u00eda especial compuesta por la m\u00fasica originada en bares, llevando a cabo el gran adviento en Rijeka, cuyo fin es la fiesta de Nochevieja al aire libre, una celebraci\u00f3n en la que, bajo los magn\u00edficos fuegos artificiales, se besan decenas de miles de personas para despedirse de un a\u00f1o y dar bienvenida al otro.<\/p>\n<p>\u00a1Y qu\u00e9 m\u00e1s hay que decir! El adviento en Rijeka no hay que perd\u00e9rselo porque formar parte de ese cuento de hadas es una experiencia \u00fanica. De hecho, cada a\u00f1o m\u00e1s alegre, con m\u00e1s contenido.<\/p>\n<\/div><div class=\"awb-gallery-wrapper awb-gallery-wrapper-1 button-span-no\" style=\"--more-btn-alignment:center;\"><div style=\"margin:-5px;--awb-bordersize:0px;\" class=\"fusion-gallery fusion-gallery-container fusion-grid-3 fusion-columns-total-5 fusion-gallery-layout-grid fusion-gallery-1\"><div style=\"padding:5px;\" class=\"fusion-grid-column fusion-gallery-column fusion-gallery-column-3 hover-type-none\"><div class=\"fusion-gallery-image\"><a href=\"https:\/\/visitrijeka.hr\/wp-content\/uploads\/2023\/05\/Adventski-sajam-Kategorija-scaled-1-min-min-1.jpg\" rel=\"noreferrer\" data-rel=\"iLightbox[gallery_image_1]\" class=\"fusion-lightbox\" target=\"_self\"><img decoding=\"async\" src=\"https:\/\/visitrijeka.hr\/wp-content\/uploads\/2023\/05\/Adventski-sajam-Kategorija-scaled-1-min-min-1.jpg\" data-orig-src=\"https:\/\/visitrijeka.hr\/wp-content\/uploads\/2023\/05\/Adventski-sajam-Kategorija-scaled-1-min-min-1.jpg\" width=\"1000\" height=\"677\" alt=\"Advent u Rijeci\" title=\"Adventski-sajam-Kategorija-scaled-1-min-min\" aria-label=\"Adventski-sajam-Kategorija-scaled-1-min-min\" class=\"lazyload img-responsive wp-image-22353\" srcset=\"data:image\/svg+xml,%3Csvg%20xmlns%3D%27http%3A%2F%2Fwww.w3.org%2F2000%2Fsvg%27%20width%3D%271000%27%20height%3D%27677%27%20viewBox%3D%270%200%201000%20677%27%3E%3Crect%20width%3D%271000%27%20height%3D%27677%27%20fill-opacity%3D%220%22%2F%3E%3C%2Fsvg%3E\" data-srcset=\"https:\/\/visitrijeka.hr\/wp-content\/uploads\/2023\/05\/Adventski-sajam-Kategorija-scaled-1-min-min-1-200x135.jpg 200w, https:\/\/visitrijeka.hr\/wp-content\/uploads\/2023\/05\/Adventski-sajam-Kategorija-scaled-1-min-min-1-400x271.jpg 400w, https:\/\/visitrijeka.hr\/wp-content\/uploads\/2023\/05\/Adventski-sajam-Kategorija-scaled-1-min-min-1-600x406.jpg 600w, https:\/\/visitrijeka.hr\/wp-content\/uploads\/2023\/05\/Adventski-sajam-Kategorija-scaled-1-min-min-1-800x542.jpg 800w, https:\/\/visitrijeka.hr\/wp-content\/uploads\/2023\/05\/Adventski-sajam-Kategorija-scaled-1-min-min-1.jpg 1000w\" data-sizes=\"auto\" data-orig-sizes=\"(min-width: 2200px) 100vw, (min-width: 784px) 450px, (min-width: 712px) 675px, (min-width: 640px) 712px, \" \/><\/a><\/div><\/div><div style=\"padding:5px;\" class=\"fusion-grid-column fusion-gallery-column fusion-gallery-column-3 hover-type-none\"><div class=\"fusion-gallery-image\"><a href=\"https:\/\/visitrijeka.hr\/wp-content\/uploads\/2023\/05\/Advent2.jpg\" rel=\"noreferrer\" data-rel=\"iLightbox[gallery_image_1]\" class=\"fusion-lightbox\" target=\"_self\"><img decoding=\"async\" src=\"https:\/\/visitrijeka.hr\/wp-content\/uploads\/2023\/05\/Advent2.jpg\" data-orig-src=\"https:\/\/visitrijeka.hr\/wp-content\/uploads\/2023\/05\/Advent2.jpg\" width=\"1000\" height=\"677\" alt=\"Advent u Rijeci\" title=\"Advent2\" aria-label=\"Advent2\" class=\"lazyload img-responsive wp-image-22359\" srcset=\"data:image\/svg+xml,%3Csvg%20xmlns%3D%27http%3A%2F%2Fwww.w3.org%2F2000%2Fsvg%27%20width%3D%271000%27%20height%3D%27677%27%20viewBox%3D%270%200%201000%20677%27%3E%3Crect%20width%3D%271000%27%20height%3D%27677%27%20fill-opacity%3D%220%22%2F%3E%3C%2Fsvg%3E\" data-srcset=\"https:\/\/visitrijeka.hr\/wp-content\/uploads\/2023\/05\/Advent2-200x135.jpg 200w, https:\/\/visitrijeka.hr\/wp-content\/uploads\/2023\/05\/Advent2-400x271.jpg 400w, https:\/\/visitrijeka.hr\/wp-content\/uploads\/2023\/05\/Advent2-600x406.jpg 600w, https:\/\/visitrijeka.hr\/wp-content\/uploads\/2023\/05\/Advent2-800x542.jpg 800w, https:\/\/visitrijeka.hr\/wp-content\/uploads\/2023\/05\/Advent2.jpg 1000w\" data-sizes=\"auto\" data-orig-sizes=\"(min-width: 2200px) 100vw, (min-width: 784px) 450px, (min-width: 712px) 675px, (min-width: 640px) 712px, \" \/><\/a><\/div><\/div><div style=\"padding:5px;\" class=\"fusion-grid-column fusion-gallery-column fusion-gallery-column-3 hover-type-none\"><div class=\"fusion-gallery-image\"><a href=\"https:\/\/visitrijeka.hr\/wp-content\/uploads\/2023\/05\/Advent4.jpg\" rel=\"noreferrer\" data-rel=\"iLightbox[gallery_image_1]\" class=\"fusion-lightbox\" target=\"_self\"><img decoding=\"async\" src=\"https:\/\/visitrijeka.hr\/wp-content\/uploads\/2023\/05\/Advent4.jpg\" data-orig-src=\"https:\/\/visitrijeka.hr\/wp-content\/uploads\/2023\/05\/Advent4.jpg\" width=\"1000\" height=\"677\" alt=\"\" title=\"Advent4\" aria-label=\"Advent4\" class=\"lazyload img-responsive wp-image-22365\" srcset=\"data:image\/svg+xml,%3Csvg%20xmlns%3D%27http%3A%2F%2Fwww.w3.org%2F2000%2Fsvg%27%20width%3D%271000%27%20height%3D%27677%27%20viewBox%3D%270%200%201000%20677%27%3E%3Crect%20width%3D%271000%27%20height%3D%27677%27%20fill-opacity%3D%220%22%2F%3E%3C%2Fsvg%3E\" data-srcset=\"https:\/\/visitrijeka.hr\/wp-content\/uploads\/2023\/05\/Advent4-200x135.jpg 200w, https:\/\/visitrijeka.hr\/wp-content\/uploads\/2023\/05\/Advent4-400x271.jpg 400w, https:\/\/visitrijeka.hr\/wp-content\/uploads\/2023\/05\/Advent4-600x406.jpg 600w, https:\/\/visitrijeka.hr\/wp-content\/uploads\/2023\/05\/Advent4-800x542.jpg 800w, https:\/\/visitrijeka.hr\/wp-content\/uploads\/2023\/05\/Advent4.jpg 1000w\" data-sizes=\"auto\" data-orig-sizes=\"(min-width: 2200px) 100vw, (min-width: 784px) 450px, (min-width: 712px) 675px, (min-width: 640px) 712px, \" \/><\/a><\/div><\/div><div class=\"clearfix\"><\/div><div style=\"padding:5px;\" class=\"fusion-grid-column fusion-gallery-column fusion-gallery-column-3 hover-type-none\"><div class=\"fusion-gallery-image\"><a href=\"https:\/\/visitrijeka.hr\/wp-content\/uploads\/2023\/05\/Advent5.jpg\" rel=\"noreferrer\" data-rel=\"iLightbox[gallery_image_1]\" class=\"fusion-lightbox\" target=\"_self\"><img decoding=\"async\" src=\"https:\/\/visitrijeka.hr\/wp-content\/uploads\/2023\/05\/Advent5.jpg\" data-orig-src=\"https:\/\/visitrijeka.hr\/wp-content\/uploads\/2023\/05\/Advent5.jpg\" width=\"1000\" height=\"677\" alt=\"\" title=\"Advent5\" aria-label=\"Advent5\" class=\"lazyload img-responsive wp-image-22371\" srcset=\"data:image\/svg+xml,%3Csvg%20xmlns%3D%27http%3A%2F%2Fwww.w3.org%2F2000%2Fsvg%27%20width%3D%271000%27%20height%3D%27677%27%20viewBox%3D%270%200%201000%20677%27%3E%3Crect%20width%3D%271000%27%20height%3D%27677%27%20fill-opacity%3D%220%22%2F%3E%3C%2Fsvg%3E\" data-srcset=\"https:\/\/visitrijeka.hr\/wp-content\/uploads\/2023\/05\/Advent5-200x135.jpg 200w, https:\/\/visitrijeka.hr\/wp-content\/uploads\/2023\/05\/Advent5-400x271.jpg 400w, https:\/\/visitrijeka.hr\/wp-content\/uploads\/2023\/05\/Advent5-600x406.jpg 600w, https:\/\/visitrijeka.hr\/wp-content\/uploads\/2023\/05\/Advent5-800x542.jpg 800w, https:\/\/visitrijeka.hr\/wp-content\/uploads\/2023\/05\/Advent5.jpg 1000w\" data-sizes=\"auto\" data-orig-sizes=\"(min-width: 2200px) 100vw, (min-width: 784px) 450px, (min-width: 712px) 675px, (min-width: 640px) 712px, \" \/><\/a><\/div><\/div><div style=\"padding:5px;\" class=\"fusion-grid-column fusion-gallery-column fusion-gallery-column-3 hover-type-none\"><div class=\"fusion-gallery-image\"><a href=\"https:\/\/visitrijeka.hr\/wp-content\/uploads\/2023\/05\/AdventiranjeRi.jpg\" rel=\"noreferrer\" data-rel=\"iLightbox[gallery_image_1]\" class=\"fusion-lightbox\" target=\"_self\"><img decoding=\"async\" src=\"https:\/\/visitrijeka.hr\/wp-content\/uploads\/2023\/05\/AdventiranjeRi.jpg\" data-orig-src=\"https:\/\/visitrijeka.hr\/wp-content\/uploads\/2023\/05\/AdventiranjeRi.jpg\" width=\"1000\" height=\"677\" alt=\"\" title=\"AdventiranjeRi\" aria-label=\"AdventiranjeRi\" class=\"lazyload img-responsive wp-image-22377\" srcset=\"data:image\/svg+xml,%3Csvg%20xmlns%3D%27http%3A%2F%2Fwww.w3.org%2F2000%2Fsvg%27%20width%3D%271000%27%20height%3D%27677%27%20viewBox%3D%270%200%201000%20677%27%3E%3Crect%20width%3D%271000%27%20height%3D%27677%27%20fill-opacity%3D%220%22%2F%3E%3C%2Fsvg%3E\" data-srcset=\"https:\/\/visitrijeka.hr\/wp-content\/uploads\/2023\/05\/AdventiranjeRi-200x135.jpg 200w, https:\/\/visitrijeka.hr\/wp-content\/uploads\/2023\/05\/AdventiranjeRi-400x271.jpg 400w, https:\/\/visitrijeka.hr\/wp-content\/uploads\/2023\/05\/AdventiranjeRi-600x406.jpg 600w, https:\/\/visitrijeka.hr\/wp-content\/uploads\/2023\/05\/AdventiranjeRi-800x542.jpg 800w, https:\/\/visitrijeka.hr\/wp-content\/uploads\/2023\/05\/AdventiranjeRi.jpg 1000w\" data-sizes=\"auto\" data-orig-sizes=\"(min-width: 2200px) 100vw, (min-width: 784px) 450px, (min-width: 712px) 675px, (min-width: 640px) 712px, \" \/><\/a><\/div><\/div><\/div><\/div><\/div><\/div><\/div><\/div>\n<\/p>\n","protected":false},"excerpt":{"rendered":"","protected":false},"author":1,"featured_media":100972,"parent":0,"menu_order":0,"comment_status":"closed","ping_status":"closed","template":"100-width.php","meta":{"_acf_changed":false,"inline_featured_image":false,"footnotes":""},"class_list":["post-29121","page","type-page","status-publish","has-post-thumbnail","hentry"],"acf":[],"yoast_head":"<!-- This site is optimized with the Yoast SEO plugin v26.3 - https:\/\/yoast.com\/wordpress\/plugins\/seo\/ -->\n<title>Adviento en Rijeka - Visit Rijeka<\/title>\n<meta name=\"robots\" content=\"index, follow, max-snippet:-1, max-image-preview:large, max-video-preview:-1\" \/>\n<link rel=\"canonical\" href=\"https:\/\/visitrijeka.hr\/es\/adviento-en-rijeka\/\" \/>\n<meta property=\"og:locale\" content=\"es_ES\" \/>\n<meta property=\"og:type\" content=\"article\" \/>\n<meta property=\"og:title\" content=\"Adviento en Rijeka - Visit Rijeka\" \/>\n<meta property=\"og:url\" content=\"https:\/\/visitrijeka.hr\/es\/adviento-en-rijeka\/\" \/>\n<meta property=\"og:site_name\" content=\"Visit Rijeka\" \/>\n<meta property=\"article:publisher\" content=\"https:\/\/www.facebook.com\/VisitRijeka\" \/>\n<meta property=\"article:modified_time\" content=\"2025-12-04T12:03:28+00:00\" \/>\n<meta property=\"og:image\" content=\"https:\/\/visitrijeka.hr\/wp-content\/uploads\/2025\/12\/2025-11-29-ADVENT_KORZO-94-1-scaled.jpg\" \/>\n\t<meta property=\"og:image:width\" content=\"2560\" \/>\n\t<meta property=\"og:image:height\" content=\"1708\" \/>\n\t<meta property=\"og:image:type\" content=\"image\/jpeg\" \/>\n<meta name=\"twitter:card\" content=\"summary_large_image\" \/>\n<meta name=\"twitter:label1\" content=\"Tiempo de lectura\" \/>\n\t<meta name=\"twitter:data1\" content=\"6 minutos\" \/>\n<script type=\"application\/ld+json\" class=\"yoast-schema-graph\">{\"@context\":\"https:\/\/schema.org\",\"@graph\":[{\"@type\":\"WebPage\",\"@id\":\"https:\/\/visitrijeka.hr\/es\/adviento-en-rijeka\/\",\"url\":\"https:\/\/visitrijeka.hr\/es\/adviento-en-rijeka\/\",\"name\":\"Adviento en Rijeka - Visit Rijeka\",\"isPartOf\":{\"@id\":\"https:\/\/visitrijeka.hr\/es\/#website\"},\"primaryImageOfPage\":{\"@id\":\"https:\/\/visitrijeka.hr\/es\/adviento-en-rijeka\/#primaryimage\"},\"image\":{\"@id\":\"https:\/\/visitrijeka.hr\/es\/adviento-en-rijeka\/#primaryimage\"},\"thumbnailUrl\":\"https:\/\/visitrijeka.hr\/wp-content\/uploads\/2025\/12\/2025-11-29-ADVENT_KORZO-94-1-scaled.jpg\",\"datePublished\":\"2023-06-09T06:26:50+00:00\",\"dateModified\":\"2025-12-04T12:03:28+00:00\",\"breadcrumb\":{\"@id\":\"https:\/\/visitrijeka.hr\/es\/adviento-en-rijeka\/#breadcrumb\"},\"inLanguage\":\"es\",\"potentialAction\":[{\"@type\":\"ReadAction\",\"target\":[\"https:\/\/visitrijeka.hr\/es\/adviento-en-rijeka\/\"]}]},{\"@type\":\"ImageObject\",\"inLanguage\":\"es\",\"@id\":\"https:\/\/visitrijeka.hr\/es\/adviento-en-rijeka\/#primaryimage\",\"url\":\"https:\/\/visitrijeka.hr\/wp-content\/uploads\/2025\/12\/2025-11-29-ADVENT_KORZO-94-1-scaled.jpg\",\"contentUrl\":\"https:\/\/visitrijeka.hr\/wp-content\/uploads\/2025\/12\/2025-11-29-ADVENT_KORZO-94-1-scaled.jpg\",\"width\":2560,\"height\":1708,\"caption\":\"Advent Rijeka\"},{\"@type\":\"WebSite\",\"@id\":\"https:\/\/visitrijeka.hr\/es\/#website\",\"url\":\"https:\/\/visitrijeka.hr\/es\/\",\"name\":\"Visit Rijeka\",\"description\":\"Grad koji te\u010de....\",\"publisher\":{\"@id\":\"https:\/\/visitrijeka.hr\/es\/#organization\"},\"potentialAction\":[{\"@type\":\"SearchAction\",\"target\":{\"@type\":\"EntryPoint\",\"urlTemplate\":\"https:\/\/visitrijeka.hr\/es\/?s={search_term_string}\"},\"query-input\":{\"@type\":\"PropertyValueSpecification\",\"valueRequired\":true,\"valueName\":\"search_term_string\"}}],\"inLanguage\":\"es\"},{\"@type\":\"Organization\",\"@id\":\"https:\/\/visitrijeka.hr\/es\/#organization\",\"name\":\"Visit Rijeka\",\"url\":\"https:\/\/visitrijeka.hr\/es\/\",\"logo\":{\"@type\":\"ImageObject\",\"inLanguage\":\"es\",\"@id\":\"https:\/\/visitrijeka.hr\/es\/#\/schema\/logo\/image\/\",\"url\":\"https:\/\/visitrijeka.hr\/wp-content\/uploads\/2023\/02\/Logo_Visit_rijeka_460.svg\",\"contentUrl\":\"https:\/\/visitrijeka.hr\/wp-content\/uploads\/2023\/02\/Logo_Visit_rijeka_460.svg\",\"width\":100,\"height\":100,\"caption\":\"Visit Rijeka\"},\"image\":{\"@id\":\"https:\/\/visitrijeka.hr\/es\/#\/schema\/logo\/image\/\"},\"sameAs\":[\"https:\/\/www.facebook.com\/VisitRijeka\"]}]}<\/script>\n<!-- \/ Yoast SEO plugin. -->","yoast_head_json":{"title":"Adviento en Rijeka - Visit Rijeka","robots":{"index":"index","follow":"follow","max-snippet":"max-snippet:-1","max-image-preview":"max-image-preview:large","max-video-preview":"max-video-preview:-1"},"canonical":"https:\/\/visitrijeka.hr\/es\/adviento-en-rijeka\/","og_locale":"es_ES","og_type":"article","og_title":"Adviento en Rijeka - Visit Rijeka","og_url":"https:\/\/visitrijeka.hr\/es\/adviento-en-rijeka\/","og_site_name":"Visit Rijeka","article_publisher":"https:\/\/www.facebook.com\/VisitRijeka","article_modified_time":"2025-12-04T12:03:28+00:00","og_image":[{"width":2560,"height":1708,"url":"https:\/\/visitrijeka.hr\/wp-content\/uploads\/2025\/12\/2025-11-29-ADVENT_KORZO-94-1-scaled.jpg","type":"image\/jpeg"}],"twitter_card":"summary_large_image","twitter_misc":{"Tiempo de lectura":"6 minutos"},"schema":{"@context":"https:\/\/schema.org","@graph":[{"@type":"WebPage","@id":"https:\/\/visitrijeka.hr\/es\/adviento-en-rijeka\/","url":"https:\/\/visitrijeka.hr\/es\/adviento-en-rijeka\/","name":"Adviento en Rijeka - Visit Rijeka","isPartOf":{"@id":"https:\/\/visitrijeka.hr\/es\/#website"},"primaryImageOfPage":{"@id":"https:\/\/visitrijeka.hr\/es\/adviento-en-rijeka\/#primaryimage"},"image":{"@id":"https:\/\/visitrijeka.hr\/es\/adviento-en-rijeka\/#primaryimage"},"thumbnailUrl":"https:\/\/visitrijeka.hr\/wp-content\/uploads\/2025\/12\/2025-11-29-ADVENT_KORZO-94-1-scaled.jpg","datePublished":"2023-06-09T06:26:50+00:00","dateModified":"2025-12-04T12:03:28+00:00","breadcrumb":{"@id":"https:\/\/visitrijeka.hr\/es\/adviento-en-rijeka\/#breadcrumb"},"inLanguage":"es","potentialAction":[{"@type":"ReadAction","target":["https:\/\/visitrijeka.hr\/es\/adviento-en-rijeka\/"]}]},{"@type":"ImageObject","inLanguage":"es","@id":"https:\/\/visitrijeka.hr\/es\/adviento-en-rijeka\/#primaryimage","url":"https:\/\/visitrijeka.hr\/wp-content\/uploads\/2025\/12\/2025-11-29-ADVENT_KORZO-94-1-scaled.jpg","contentUrl":"https:\/\/visitrijeka.hr\/wp-content\/uploads\/2025\/12\/2025-11-29-ADVENT_KORZO-94-1-scaled.jpg","width":2560,"height":1708,"caption":"Advent Rijeka"},{"@type":"WebSite","@id":"https:\/\/visitrijeka.hr\/es\/#website","url":"https:\/\/visitrijeka.hr\/es\/","name":"Visit Rijeka","description":"Grad koji te\u010de....","publisher":{"@id":"https:\/\/visitrijeka.hr\/es\/#organization"},"potentialAction":[{"@type":"SearchAction","target":{"@type":"EntryPoint","urlTemplate":"https:\/\/visitrijeka.hr\/es\/?s={search_term_string}"},"query-input":{"@type":"PropertyValueSpecification","valueRequired":true,"valueName":"search_term_string"}}],"inLanguage":"es"},{"@type":"Organization","@id":"https:\/\/visitrijeka.hr\/es\/#organization","name":"Visit Rijeka","url":"https:\/\/visitrijeka.hr\/es\/","logo":{"@type":"ImageObject","inLanguage":"es","@id":"https:\/\/visitrijeka.hr\/es\/#\/schema\/logo\/image\/","url":"https:\/\/visitrijeka.hr\/wp-content\/uploads\/2023\/02\/Logo_Visit_rijeka_460.svg","contentUrl":"https:\/\/visitrijeka.hr\/wp-content\/uploads\/2023\/02\/Logo_Visit_rijeka_460.svg","width":100,"height":100,"caption":"Visit Rijeka"},"image":{"@id":"https:\/\/visitrijeka.hr\/es\/#\/schema\/logo\/image\/"},"sameAs":["https:\/\/www.facebook.com\/VisitRijeka"]}]}},"_links":{"self":[{"href":"https:\/\/visitrijeka.hr\/es\/wp-json\/wp\/v2\/pages\/29121","targetHints":{"allow":["GET"]}}],"collection":[{"href":"https:\/\/visitrijeka.hr\/es\/wp-json\/wp\/v2\/pages"}],"about":[{"href":"https:\/\/visitrijeka.hr\/es\/wp-json\/wp\/v2\/types\/page"}],"author":[{"embeddable":true,"href":"https:\/\/visitrijeka.hr\/es\/wp-json\/wp\/v2\/users\/1"}],"replies":[{"embeddable":true,"href":"https:\/\/visitrijeka.hr\/es\/wp-json\/wp\/v2\/comments?post=29121"}],"version-history":[{"count":0,"href":"https:\/\/visitrijeka.hr\/es\/wp-json\/wp\/v2\/pages\/29121\/revisions"}],"wp:featuredmedia":[{"embeddable":true,"href":"https:\/\/visitrijeka.hr\/es\/wp-json\/wp\/v2\/media\/100972"}],"wp:attachment":[{"href":"https:\/\/visitrijeka.hr\/es\/wp-json\/wp\/v2\/media?parent=29121"}],"curies":[{"name":"wp","href":"https:\/\/api.w.org\/{rel}","templated":true}]}}