{"id":28857,"date":"2023-06-08T18:55:20","date_gmt":"2023-06-08T16:55:20","guid":{"rendered":"https:\/\/visitrijeka.hr\/romanticna-luka\/"},"modified":"2025-08-25T13:43:36","modified_gmt":"2025-08-25T11:43:36","slug":"puertos-romanticos-gastronomicos","status":"publish","type":"page","link":"https:\/\/visitrijeka.hr\/es\/puertos-romanticos-gastronomicos\/","title":{"rendered":"Puertos rom\u00e1nticos"},"content":{"rendered":"<p><div class=\"fusion-fullwidth fullwidth-box fusion-builder-row-1 fusion-flex-container has-pattern-background has-mask-background nonhundred-percent-fullwidth non-hundred-percent-height-scrolling\" style=\"--awb-border-radius-top-left:0px;--awb-border-radius-top-right:0px;--awb-border-radius-bottom-right:0px;--awb-border-radius-bottom-left:0px;--awb-flex-wrap:wrap;\" ><div class=\"fusion-builder-row fusion-row fusion-flex-align-items-center fusion-flex-justify-content-space-evenly fusion-flex-content-wrap\" style=\"max-width:1414.4px;margin-left: calc(-4% \/ 2 );margin-right: calc(-4% \/ 2 );\"><div class=\"fusion-layout-column fusion_builder_column fusion-builder-column-0 fusion_builder_column_1_6 1_6 fusion-flex-column fusion-no-small-visibility fusion-no-medium-visibility id-28857\" style=\"--awb-bg-size:cover;--awb-width-large:16.666666666667%;--awb-margin-top-large:0px;--awb-spacing-right-large:11.52%;--awb-margin-bottom-large:20px;--awb-spacing-left-large:11.52%;--awb-width-medium:16.666666666667%;--awb-order-medium:0;--awb-spacing-right-medium:11.52%;--awb-spacing-left-medium:11.52%;--awb-width-small:100%;--awb-order-small:0;--awb-spacing-right-small:1.92%;--awb-spacing-left-small:1.92%;\" data-scroll-devices=\"small-visibility,medium-visibility,large-visibility\"><div class=\"fusion-column-wrapper fusion-column-has-shadow fusion-flex-justify-content-flex-start fusion-content-layout-column\"><i class=\"fb-icon-element-1 fb-icon-element fontawesome-icon ikoa-ljubavne-luke circle-no\" style=\"--awb-iconcolor-hover:var(--awb-color4);--awb-circlecolor:var(--awb-color1);--awb-font-size:70px;--awb-align-self:center;--awb-margin-top:20px;--awb-margin-right:0px;--awb-margin-bottom:0px;--awb-margin-left:0px;\"><\/i><div class=\"fusion-title title fusion-title-1 fusion-sep-none fusion-title-text fusion-title-size-four\" style=\"--awb-text-color:var(--awb-custom_color_7);\"><h4 class=\"fusion-title-heading title-heading-left\" style=\"font-family:&quot;SSP-Semibold-600&quot;;font-style:normal;font-weight:400;margin:0;\">Puertos rom\u00e1nticos<\/h4><\/div><i class=\"fb-icon-element-2 fb-icon-element fontawesome-icon ikoa-Ri-luke-valovi-icon-01 circle-no\" style=\"--awb-iconcolor-hover:var(--awb-color4);--awb-font-size:122px;--awb-align-self:center;--awb-margin-top:-50px;--awb-margin-right:0px;--awb-margin-bottom:0px;--awb-margin-left:0px;\"><\/i><\/div><\/div><div class=\"fusion-layout-column fusion_builder_column fusion-builder-column-1 fusion_builder_column_3_5 3_5 fusion-flex-column id-28857\" style=\"--awb-bg-size:cover;--awb-width-large:60%;--awb-margin-top-large:0px;--awb-spacing-right-large:3.2%;--awb-margin-bottom-large:20px;--awb-spacing-left-large:3.2%;--awb-width-medium:60%;--awb-order-medium:0;--awb-spacing-right-medium:3.2%;--awb-spacing-left-medium:3.2%;--awb-width-small:100%;--awb-order-small:1;--awb-spacing-right-small:1.92%;--awb-spacing-left-small:1.92%;\" data-scroll-devices=\"small-visibility,medium-visibility,large-visibility\"><div class=\"fusion-column-wrapper fusion-column-has-shadow fusion-flex-justify-content-flex-start fusion-content-layout-column\"><div class=\"fusion-text fusion-text-1\"><p>El juego de reflejos de los colores del sol, el cielo y el mar, que la naturaleza crea en el Golfo de Rijeka, se fotograf\u00edan y se comparten como ejemplos de belleza y vistas rom\u00e1nticas. Cuando la belleza natural se une al entorno rom\u00e1ntico, las atm\u00f3sferas sutiles y los sabores refinados que ofrecen los rom\u00e1nticos puertos gastron\u00f3micos de Rijeka, se crean momentos para el recuerdo.<\/p>\n<\/div><\/div><\/div><div class=\"fusion-layout-column fusion_builder_column fusion-builder-column-2 fusion_builder_column_1_5 1_5 fusion-flex-column fusion-flex-align-self-flex-start layout_smjestaj_istrazi id-28857\" style=\"--awb-padding-top:0px;--awb-padding-right:0px;--awb-padding-bottom:0px;--awb-padding-left:0px;--awb-padding-right-small:15px;--awb-padding-left-small:15px;--awb-bg-size:cover;--awb-width-large:20%;--awb-margin-top-large:-50px;--awb-spacing-right-large:0px;--awb-margin-bottom-large:0px;--awb-spacing-left-large:0px;--awb-width-medium:20%;--awb-order-medium:0;--awb-spacing-right-medium:0px;--awb-spacing-left-medium:0px;--awb-width-small:100%;--awb-order-small:0;--awb-spacing-right-small:1.92%;--awb-spacing-left-small:1.92%;\" data-scroll-devices=\"small-visibility,medium-visibility,large-visibility\"><div class=\"fusion-column-wrapper fusion-column-has-shadow fusion-flex-justify-content-flex-start fusion-content-layout-column\"><div class=\"fusion-image-element \" style=\"text-align:center;--awb-max-width:130px;--awb-caption-title-font-family:var(--h2_typography-font-family);--awb-caption-title-font-weight:var(--h2_typography-font-weight);--awb-caption-title-font-style:var(--h2_typography-font-style);--awb-caption-title-size:var(--h2_typography-font-size);--awb-caption-title-transform:var(--h2_typography-text-transform);--awb-caption-title-line-height:var(--h2_typography-line-height);--awb-caption-title-letter-spacing:var(--h2_typography-letter-spacing);\"><span class=\" fusion-imageframe imageframe-none imageframe-1 hover-type-none\"><img decoding=\"async\" width=\"600\" height=\"858\" alt=\"Rije\u010dke gastronomske luke EN logo\" title=\"gastro_luke_logo_EN_WEB\" src=\"https:\/\/visitrijeka.hr\/wp-content\/uploads\/2023\/06\/gastro_luke_logo_EN_WEB-1.png\" data-orig-src=\"https:\/\/visitrijeka.hr\/wp-content\/uploads\/2023\/06\/gastro_luke_logo_EN_WEB-1.png\" class=\"lazyload img-responsive wp-image-27085\" srcset=\"data:image\/svg+xml,%3Csvg%20xmlns%3D%27http%3A%2F%2Fwww.w3.org%2F2000%2Fsvg%27%20width%3D%27600%27%20height%3D%27858%27%20viewBox%3D%270%200%20600%20858%27%3E%3Crect%20width%3D%27600%27%20height%3D%27858%27%20fill-opacity%3D%220%22%2F%3E%3C%2Fsvg%3E\" data-srcset=\"https:\/\/visitrijeka.hr\/wp-content\/uploads\/2023\/06\/gastro_luke_logo_EN_WEB-1-200x286.png 200w, https:\/\/visitrijeka.hr\/wp-content\/uploads\/2023\/06\/gastro_luke_logo_EN_WEB-1-400x572.png 400w, https:\/\/visitrijeka.hr\/wp-content\/uploads\/2023\/06\/gastro_luke_logo_EN_WEB-1.png 600w\" data-sizes=\"auto\" data-orig-sizes=\"(max-width: 800px) 100vw, 400px\" \/><\/span><\/div><div class=\"fusion-separator\" style=\"align-self: center;margin-left: auto;margin-right: auto;margin-top:10px;width:100%;max-width:100px;\"><\/div><\/div><\/div>\n<\/div><\/div><div class=\"fusion-fullwidth fullwidth-box fusion-builder-row-2 fusion-flex-container has-pattern-background has-mask-background nonhundred-percent-fullwidth non-hundred-percent-height-scrolling\" style=\"--awb-border-radius-top-left:0px;--awb-border-radius-top-right:0px;--awb-border-radius-bottom-right:0px;--awb-border-radius-bottom-left:0px;--awb-flex-wrap:wrap;\" ><div class=\"fusion-builder-row fusion-row fusion-flex-align-items-center fusion-flex-justify-content-center fusion-flex-content-wrap\" style=\"max-width:1414.4px;margin-left: calc(-4% \/ 2 );margin-right: calc(-4% \/ 2 );\"><div class=\"fusion-layout-column fusion_builder_column fusion-builder-column-3 fusion_builder_column_1_1 1_1 fusion-flex-column id-28857\" style=\"--awb-bg-size:cover;--awb-width-large:100%;--awb-margin-top-large:0px;--awb-spacing-right-large:1.92%;--awb-margin-bottom-large:20px;--awb-spacing-left-large:1.92%;--awb-width-medium:100%;--awb-order-medium:0;--awb-spacing-right-medium:1.92%;--awb-spacing-left-medium:1.92%;--awb-width-small:100%;--awb-order-small:0;--awb-spacing-right-small:1.92%;--awb-spacing-left-small:1.92%;\"><div class=\"fusion-column-wrapper fusion-column-has-shadow fusion-flex-justify-content-flex-start fusion-content-layout-column\"><div class=\"fusion-separator fusion-full-width-sep\" style=\"align-self: center;margin-left: auto;margin-right: auto;margin-top:40px;width:100%;\"><\/div><\/div><\/div><\/div><\/div><div class=\"fusion-fullwidth fullwidth-box fusion-builder-row-3 fusion-flex-container has-pattern-background has-mask-background nonhundred-percent-fullwidth non-hundred-percent-height-scrolling\" style=\"--awb-border-radius-top-left:0px;--awb-border-radius-top-right:0px;--awb-border-radius-bottom-right:0px;--awb-border-radius-bottom-left:0px;--awb-padding-top:40px;--awb-margin-top:0px;--awb-margin-bottom:0px;--awb-background-color:var(--awb-color2);--awb-flex-wrap:wrap;\" ><div class=\"fusion-builder-row fusion-row fusion-flex-align-items-flex-start fusion-flex-justify-content-center fusion-flex-content-wrap\" style=\"max-width:1414.4px;margin-left: calc(-4% \/ 2 );margin-right: calc(-4% \/ 2 );\"><div class=\"fusion-layout-column fusion_builder_column fusion-builder-column-4 fusion_builder_column_1_1 1_1 fusion-flex-column id-28857\" style=\"--awb-bg-size:cover;--awb-width-large:100%;--awb-margin-top-large:0px;--awb-spacing-right-large:1.92%;--awb-margin-bottom-large:0px;--awb-spacing-left-large:1.92%;--awb-width-medium:100%;--awb-order-medium:0;--awb-spacing-right-medium:1.92%;--awb-spacing-left-medium:1.92%;--awb-width-small:100%;--awb-order-small:0;--awb-spacing-right-small:1.92%;--awb-spacing-left-small:1.92%;\"><div class=\"fusion-column-wrapper fusion-column-has-shadow fusion-flex-justify-content-flex-start fusion-content-layout-column\"><div class=\"fusion-title title fusion-title-2 fusion-sep-none fusion-title-center fusion-title-text fusion-title-size-two\" style=\"--awb-font-size:40px;\"><h2 class=\"fusion-title-heading title-heading-center\" style=\"font-family:&quot;SSP-Bold-700&quot;;font-style:normal;font-weight:400;margin:0;font-size:1em;\">\u00bfQu\u00e9 hay de nuevo en Rijeka?<\/h2><\/div><div class=\"fusion-separator\" style=\"align-self: center;margin-left: auto;margin-right: auto;margin-top:14px;width:100%;max-width:70px;\"><div class=\"fusion-separator-border sep-single sep-solid\" style=\"--awb-height:20px;--awb-amount:20px;--awb-sep-color:var(--awb-color5);border-color:var(--awb-color5);border-top-width:6px;\"><\/div><\/div><div class=\"fusion-separator fusion-full-width-sep\" style=\"align-self: center;margin-left: auto;margin-right: auto;margin-bottom:40px;width:100%;\"><\/div><\/div><\/div><div class=\"fusion-layout-column fusion_builder_column fusion-builder-column-5 fusion_builder_column_1_2 1_2 fusion-flex-column id-28857\" style=\"--awb-padding-left-small:10px;--awb-bg-size:cover;--awb-width-large:50%;--awb-margin-top-large:0px;--awb-spacing-right-large:0px;--awb-margin-bottom-large:60px;--awb-spacing-left-large:0px;--awb-width-medium:50%;--awb-order-medium:0;--awb-spacing-right-medium:0px;--awb-spacing-left-medium:0px;--awb-width-small:100%;--awb-order-small:0;--awb-spacing-right-small:1.92%;--awb-spacing-left-small:1.92%;\" data-scroll-devices=\"small-visibility,medium-visibility,large-visibility\"><div class=\"fusion-column-wrapper fusion-column-has-shadow fusion-flex-justify-content-flex-start fusion-content-layout-column\"><ul style=\"--awb-size:20px;--awb-margin-top:0px;--awb-margin-right:0px;--awb-margin-bottom:0px;--awb-margin-left:0px;--awb-item-padding-top:0px;--awb-item-padding-right:0px;--awb-item-padding-bottom:0px;--awb-item-padding-left:0px;--awb-line-height:34px;--awb-icon-width:34px;--awb-icon-height:34px;--awb-icon-margin:14px;--awb-content-margin:48px;\" class=\"fusion-checklist fusion-checklist-1 type-icons checklist-novosti-ikona\"><li class=\"fusion-li-item\" style=\"\"><span class=\"icon-wrapper circle-no\"><i class=\"fusion-li-icon icon-Plava_Visitrijeka\" aria-hidden=\"true\"><\/i><\/span><div class=\"fusion-li-item-content\">\n<h3><span style=\"font-size: 23pt;\"><strong>blog.<\/strong><\/span><\/h3>\n<\/div><\/li><\/ul><div class=\"fusion-post-cards fusion-post-cards-2 awb-carousel awb-swiper awb-swiper-slider awb-swiper-dots-position-bottom\" style=\"--awb-arrow-size:25px;--awb-arrow-bgcolor:rgba(255,255,255,0);--awb-arrow-color:var(--awb-color4);--awb-arrow-hover-bgcolor:rgba(255,255,255,0);--awb-arrow-hover-color:var(--awb-custom_color_7);--awb-dots-align:center;--awb-columns:1;--awb-active-filter-border-size:3px;--awb-filters-height:36px;\" data-autoplay=\"no\" data-autoplayspeed=\"2500\" data-autoplaypause=\"no\" data-loop=\"yes\" data-columns=\"1\" data-columnsmedium=\"0\" data-columnssmall=\"0\" data-itemmargin=\"40\" data-itemwidth=\"180\" data-touchscroll=\"drag\" data-freemode=\"no\" data-imagesize=\"auto\" data-scrollitems=\"0\" data-mousepointer=\"default\" data-layout=\"slider\" data-centeredslides=\"no\" data-shadow=\"no\" data-speed=\"500\" data-rotationangle=\"50\" data-depth=\"100\" data-slide-effect=\"fade\"><div class=\"swiper-wrapper\"><div class=\"fusion_builder_column fusion-builder-column-6 fusion-flex-column post-card swiper-slide id-83638\" style=\"--awb-bg-blend:overlay;--awb-bg-size:cover;--awb-flex-grow:0;--awb-flex-shrink:0;--awb-flex-grow-medium:0;--awb-flex-shrink-medium:0;--awb-flex-grow-small:0;--awb-flex-shrink-small:0;\"><div class=\"fusion-column-wrapper fusion-flex-justify-content-flex-start fusion-content-layout-column\"><div class=\"fusion-builder-row fusion-builder-row-inner fusion-row fusion-flex-align-items-flex-start fusion-flex-justify-content-center fusion-flex-content-wrap\" style=\"width:104% !important;max-width:104% !important;margin-left: calc(-4% \/ 2 );margin-right: calc(-4% \/ 2 );\"><div class=\"fusion-layout-column fusion_builder_column_inner fusion-builder-nested-column-0 fusion_builder_column_inner_2_5 2_5 fusion-flex-column\" style=\"--awb-bg-size:cover;--awb-transform:translateY(0px);--awb-transform-hover:translateY(5px);--awb-width-large:40%;--awb-margin-top-large:0px;--awb-spacing-right-large:4.8%;--awb-margin-bottom-large:0px;--awb-spacing-left-large:4.8%;--awb-width-medium:40%;--awb-order-medium:0;--awb-spacing-right-medium:4.8%;--awb-spacing-left-medium:4.8%;--awb-width-small:100%;--awb-order-small:0;--awb-spacing-right-small:1.92%;--awb-spacing-left-small:1.92%;\"><div class=\"fusion-column-wrapper fusion-column-has-shadow fusion-flex-justify-content-flex-start fusion-content-layout-column\"><div class=\"fusion-image-element \" style=\"--awb-aspect-ratio: 100 \/ 90;--awb-caption-title-color:var(--awb-color1);--awb-caption-text-color:var(--awb-color1);--awb-caption-overlay-color:rgba(255,255,255,0);--awb-caption-title-font-family:&quot;SSP-Bold&quot;;--awb-caption-title-font-weight:400;--awb-caption-title-font-style:normal;--awb-caption-title-size:14px;--awb-caption-title-transform:uppercase;--awb-caption-title-line-height:var(--h5_typography-line-height);--awb-caption-title-letter-spacing:var(--h5_typography-letter-spacing);\"><span class=\" fusion-imageframe imageframe-none imageframe-2 hover-type-none has-aspect-ratio\" style=\"border-radius:12px;\"><a class=\"fusion-no-lightbox\" href=\"https:\/\/visitrijeka.hr\/es\/kontinuirana-ulaganja-u-trsatski-kastel-i-rijecki-tunel-s-ciljem-razvoja-turisticke-destinacije\/\" target=\"_self\" aria-label=\"IMG_2078\"><img decoding=\"async\" width=\"2000\" height=\"1334\" src=\"https:\/\/visitrijeka.hr\/wp-content\/uploads\/2025\/04\/IMG_2078.jpg\" data-orig-src=\"https:\/\/visitrijeka.hr\/wp-content\/uploads\/2025\/04\/IMG_2078.jpg\" class=\"lazyload img-responsive wp-image-80025 img-with-aspect-ratio\" data-parent-fit=\"cover\" data-parent-container=\".fusion-image-element\" alt srcset=\"data:image\/svg+xml,%3Csvg%20xmlns%3D%27http%3A%2F%2Fwww.w3.org%2F2000%2Fsvg%27%20width%3D%272000%27%20height%3D%271334%27%20viewBox%3D%270%200%202000%201334%27%3E%3Crect%20width%3D%272000%27%20height%3D%271334%27%20fill-opacity%3D%220%22%2F%3E%3C%2Fsvg%3E\" data-srcset=\"https:\/\/visitrijeka.hr\/wp-content\/uploads\/2025\/04\/IMG_2078-200x133.jpg 200w, https:\/\/visitrijeka.hr\/wp-content\/uploads\/2025\/04\/IMG_2078-400x267.jpg 400w, https:\/\/visitrijeka.hr\/wp-content\/uploads\/2025\/04\/IMG_2078-600x400.jpg 600w, https:\/\/visitrijeka.hr\/wp-content\/uploads\/2025\/04\/IMG_2078-800x534.jpg 800w, https:\/\/visitrijeka.hr\/wp-content\/uploads\/2025\/04\/IMG_2078-1200x800.jpg 1200w, https:\/\/visitrijeka.hr\/wp-content\/uploads\/2025\/04\/IMG_2078.jpg 2000w\" data-sizes=\"auto\" data-orig-sizes=\"(max-width: 800px) 100vw, 600px\" \/><\/a><\/span><\/div><\/div><\/div><div class=\"fusion-layout-column fusion_builder_column_inner fusion-builder-nested-column-1 fusion_builder_column_inner_3_5 3_5 fusion-flex-column fusion-flex-align-self-center\" style=\"--awb-padding-right:30px;--awb-padding-left:15px;--awb-bg-size:cover;--awb-width-large:60%;--awb-margin-top-large:0px;--awb-spacing-right-large:3.2%;--awb-margin-bottom-large:0px;--awb-spacing-left-large:3.2%;--awb-width-medium:60%;--awb-order-medium:0;--awb-spacing-right-medium:3.2%;--awb-spacing-left-medium:3.2%;--awb-width-small:100%;--awb-order-small:0;--awb-spacing-right-small:1.92%;--awb-spacing-left-small:1.92%;\"><div class=\"fusion-column-wrapper fusion-column-has-shadow fusion-flex-justify-content-flex-start fusion-content-layout-column\"><div class=\"fusion-text fusion-text-2\" style=\"--awb-content-alignment:left;--awb-font-size:14px;--awb-letter-spacing:var(--awb-typography5-letter-spacing);--awb-text-transform:var(--awb-typography5-text-transform);--awb-text-color:var(--awb-color7);\"><p>10. abril 2025.<\/p>\n<\/div><div class=\"fusion-title title fusion-title-3 fusion-sep-none fusion-title-text fusion-title-size-four\" style=\"--awb-margin-top:0px;--awb-margin-bottom:12px;--awb-margin-top-small:30px;--awb-link-hover-color:var(--awb-custom_color_7);--awb-font-size:26px;\"><h4 class=\"fusion-title-heading title-heading-left\" style=\"font-family:&quot;SSP-Semibold-600&quot;;font-style:normal;font-weight:400;margin:0;font-size:1em;line-height:1.3;\"><a href=\"https:\/\/visitrijeka.hr\/es\/kontinuirana-ulaganja-u-trsatski-kastel-i-rijecki-tunel-s-ciljem-razvoja-turisticke-destinacije\/\" class=\"awb-custom-text-color awb-custom-text-hover-color\" target=\"_self\">Inversiones continuas en el castillo de Trsat y el t\u00fanel de Rijeka con el objetivo de desarrollar un destino tur\u00edstico<\/a><\/h4><\/div><div class=\"fusion-text fusion-text-3 fusion-text-no-margin\" style=\"--awb-font-size:14px;--awb-margin-bottom:0px;\"><p>\u00a0 El alcalde de Rijeka, Marko Filipovi\u0107, en el 120.\u00ba  [...]<\/p>\n<\/div><\/div><\/div><\/div><\/div><\/div>\n<div class=\"fusion_builder_column fusion-builder-column-7 fusion-flex-column post-card swiper-slide id-83652\" style=\"--awb-bg-blend:overlay;--awb-bg-size:cover;--awb-flex-grow:0;--awb-flex-shrink:0;--awb-flex-grow-medium:0;--awb-flex-shrink-medium:0;--awb-flex-grow-small:0;--awb-flex-shrink-small:0;\"><div class=\"fusion-column-wrapper fusion-flex-justify-content-flex-start fusion-content-layout-column\"><div class=\"fusion-builder-row fusion-builder-row-inner fusion-row fusion-flex-align-items-flex-start fusion-flex-justify-content-center fusion-flex-content-wrap\" style=\"width:104% !important;max-width:104% !important;margin-left: calc(-4% \/ 2 );margin-right: calc(-4% \/ 2 );\"><div class=\"fusion-layout-column fusion_builder_column_inner fusion-builder-nested-column-2 fusion_builder_column_inner_2_5 2_5 fusion-flex-column\" style=\"--awb-bg-size:cover;--awb-transform:translateY(0px);--awb-transform-hover:translateY(5px);--awb-width-large:40%;--awb-margin-top-large:0px;--awb-spacing-right-large:4.8%;--awb-margin-bottom-large:0px;--awb-spacing-left-large:4.8%;--awb-width-medium:40%;--awb-order-medium:0;--awb-spacing-right-medium:4.8%;--awb-spacing-left-medium:4.8%;--awb-width-small:100%;--awb-order-small:0;--awb-spacing-right-small:1.92%;--awb-spacing-left-small:1.92%;\"><div class=\"fusion-column-wrapper fusion-column-has-shadow fusion-flex-justify-content-flex-start fusion-content-layout-column\"><div class=\"fusion-image-element \" style=\"--awb-aspect-ratio: 100 \/ 90;--awb-caption-title-color:var(--awb-color1);--awb-caption-text-color:var(--awb-color1);--awb-caption-overlay-color:rgba(255,255,255,0);--awb-caption-title-font-family:&quot;SSP-Bold&quot;;--awb-caption-title-font-weight:400;--awb-caption-title-font-style:normal;--awb-caption-title-size:14px;--awb-caption-title-transform:uppercase;--awb-caption-title-line-height:var(--h5_typography-line-height);--awb-caption-title-letter-spacing:var(--h5_typography-letter-spacing);\"><span class=\" fusion-imageframe imageframe-none imageframe-3 hover-type-none has-aspect-ratio\" style=\"border-radius:12px;\"><a class=\"fusion-no-lightbox\" href=\"https:\/\/visitrijeka.hr\/es\/la-scarpetta-u-projektu-gastronomija-rijeke-i-rijeckog-prstena-nase-rijecke-kockice-prica-su-o-lokalnoj-tradiciji-i-okusu\/\" target=\"_self\" aria-label=\"lascarpeta23 (1) (1)\"><img decoding=\"async\" width=\"2560\" height=\"1920\" src=\"https:\/\/visitrijeka.hr\/wp-content\/uploads\/2025\/03\/lascarpeta23-1-1-scaled.jpg\" data-orig-src=\"https:\/\/visitrijeka.hr\/wp-content\/uploads\/2025\/03\/lascarpeta23-1-1-scaled.jpg\" class=\"lazyload img-responsive wp-image-78726 img-with-aspect-ratio\" data-parent-fit=\"cover\" data-parent-container=\".fusion-image-element\" alt srcset=\"data:image\/svg+xml,%3Csvg%20xmlns%3D%27http%3A%2F%2Fwww.w3.org%2F2000%2Fsvg%27%20width%3D%272560%27%20height%3D%271920%27%20viewBox%3D%270%200%202560%201920%27%3E%3Crect%20width%3D%272560%27%20height%3D%271920%27%20fill-opacity%3D%220%22%2F%3E%3C%2Fsvg%3E\" data-srcset=\"https:\/\/visitrijeka.hr\/wp-content\/uploads\/2025\/03\/lascarpeta23-1-1-200x150.jpg 200w, https:\/\/visitrijeka.hr\/wp-content\/uploads\/2025\/03\/lascarpeta23-1-1-400x300.jpg 400w, https:\/\/visitrijeka.hr\/wp-content\/uploads\/2025\/03\/lascarpeta23-1-1-600x450.jpg 600w, https:\/\/visitrijeka.hr\/wp-content\/uploads\/2025\/03\/lascarpeta23-1-1-800x600.jpg 800w, https:\/\/visitrijeka.hr\/wp-content\/uploads\/2025\/03\/lascarpeta23-1-1-1200x900.jpg 1200w, https:\/\/visitrijeka.hr\/wp-content\/uploads\/2025\/03\/lascarpeta23-1-1-scaled.jpg 2560w\" data-sizes=\"auto\" data-orig-sizes=\"(max-width: 800px) 100vw, 600px\" \/><\/a><\/span><\/div><\/div><\/div><div class=\"fusion-layout-column fusion_builder_column_inner fusion-builder-nested-column-3 fusion_builder_column_inner_3_5 3_5 fusion-flex-column fusion-flex-align-self-center\" style=\"--awb-padding-right:30px;--awb-padding-left:15px;--awb-bg-size:cover;--awb-width-large:60%;--awb-margin-top-large:0px;--awb-spacing-right-large:3.2%;--awb-margin-bottom-large:0px;--awb-spacing-left-large:3.2%;--awb-width-medium:60%;--awb-order-medium:0;--awb-spacing-right-medium:3.2%;--awb-spacing-left-medium:3.2%;--awb-width-small:100%;--awb-order-small:0;--awb-spacing-right-small:1.92%;--awb-spacing-left-small:1.92%;\"><div class=\"fusion-column-wrapper fusion-column-has-shadow fusion-flex-justify-content-flex-start fusion-content-layout-column\"><div class=\"fusion-text fusion-text-4\" style=\"--awb-content-alignment:left;--awb-font-size:14px;--awb-letter-spacing:var(--awb-typography5-letter-spacing);--awb-text-transform:var(--awb-typography5-text-transform);--awb-text-color:var(--awb-color7);\"><p>28. marzo 2025.<\/p>\n<\/div><div class=\"fusion-title title fusion-title-4 fusion-sep-none fusion-title-text fusion-title-size-four\" style=\"--awb-margin-top:0px;--awb-margin-bottom:12px;--awb-margin-top-small:30px;--awb-link-hover-color:var(--awb-custom_color_7);--awb-font-size:26px;\"><h4 class=\"fusion-title-heading title-heading-left\" style=\"font-family:&quot;SSP-Semibold-600&quot;;font-style:normal;font-weight:400;margin:0;font-size:1em;line-height:1.3;\"><a href=\"https:\/\/visitrijeka.hr\/es\/la-scarpetta-u-projektu-gastronomija-rijeke-i-rijeckog-prstena-nase-rijecke-kockice-prica-su-o-lokalnoj-tradiciji-i-okusu\/\" class=\"awb-custom-text-color awb-custom-text-hover-color\" target=\"_self\">La \u2028 en el proyecto \u00abGastronom\u00eda de Rijeka y el anillo de Rijeka\u00bb: Nuestros Cubitos de Rijeka son una historia de tradici\u00f3n y sabor local<\/a><\/h4><\/div><div class=\"fusion-text fusion-text-5 fusion-text-no-margin\" style=\"--awb-font-size:14px;--awb-margin-bottom:0px;\"><p>El Restaurante La Scarpetta se uni\u00f3 al proyecto Gastronom\u00eda de  [...]<\/p>\n<\/div><\/div><\/div><\/div><\/div><\/div>\n<\/div><div class=\"awb-swiper-button awb-swiper-button-prev\"><i class=\"fa-arrow-left fas\" aria-hidden=\"true\"><\/i><\/div><div class=\"awb-swiper-button awb-swiper-button-next\"><i class=\"fa-arrow-right fas\" aria-hidden=\"true\"><\/i><\/div><\/div><\/div><\/div><div class=\"fusion-layout-column fusion_builder_column fusion-builder-column-8 fusion_builder_column_1_2 1_2 fusion-flex-column id-28857\" style=\"--awb-padding-left:25px;--awb-bg-size:cover;--awb-border-color:var(--awb-color3);--awb-border-left:2px;--awb-border-style:solid;--awb-width-large:50%;--awb-flex-grow:0;--awb-flex-shrink:0;--awb-margin-top-large:0px;--awb-spacing-right-large:0px;--awb-margin-bottom-large:60px;--awb-spacing-left-large:0px;--awb-width-medium:50%;--awb-order-medium:0;--awb-flex-grow-medium:0;--awb-flex-shrink-medium:0;--awb-spacing-right-medium:0px;--awb-spacing-left-medium:0px;--awb-width-small:100%;--awb-order-small:0;--awb-flex-grow-small:0;--awb-flex-shrink-small:0;--awb-spacing-right-small:1.92%;--awb-spacing-left-small:1.92%;\" data-scroll-devices=\"small-visibility,medium-visibility,large-visibility\"><div class=\"fusion-column-wrapper fusion-column-has-shadow fusion-flex-justify-content-flex-start fusion-content-layout-column\"><ul style=\"--awb-size:20px;--awb-margin-top:0px;--awb-margin-right:0px;--awb-margin-bottom:0px;--awb-margin-left:0px;--awb-item-padding-top:0px;--awb-item-padding-right:0px;--awb-item-padding-bottom:0px;--awb-item-padding-left:0px;--awb-line-height:34px;--awb-icon-width:34px;--awb-icon-height:34px;--awb-icon-margin:14px;--awb-content-margin:48px;\" class=\"fusion-checklist fusion-checklist-2 type-icons checklist-novosti-ikona\"><li class=\"fusion-li-item\" style=\"\"><span class=\"icon-wrapper circle-no\"><i class=\"fusion-li-icon icon-Plava_Visitrijeka\" aria-hidden=\"true\"><\/i><\/span><div class=\"fusion-li-item-content\">\n<h3><span style=\"font-size: 23pt;\"><strong>novedades.<\/strong><\/span><\/h3>\n<\/div><\/li><\/ul><div class=\"fusion-post-cards fusion-post-cards-3 awb-carousel awb-swiper awb-swiper-slider awb-swiper-dots-position-bottom\" style=\"--awb-arrow-size:25px;--awb-arrow-bgcolor:rgba(255,255,255,0);--awb-arrow-color:var(--awb-color4);--awb-arrow-hover-bgcolor:rgba(255,255,255,0);--awb-arrow-hover-color:var(--awb-custom_color_7);--awb-dots-align:center;--awb-columns:1;--awb-active-filter-border-size:3px;--awb-filters-height:36px;\" data-autoplay=\"no\" data-autoplayspeed=\"2500\" data-autoplaypause=\"no\" data-loop=\"yes\" data-columns=\"1\" data-columnsmedium=\"0\" data-columnssmall=\"0\" data-itemmargin=\"40\" data-itemwidth=\"180\" data-touchscroll=\"drag\" data-freemode=\"no\" data-imagesize=\"auto\" data-scrollitems=\"0\" data-mousepointer=\"default\" data-layout=\"slider\" data-centeredslides=\"no\" data-shadow=\"no\" data-speed=\"500\" data-rotationangle=\"50\" data-depth=\"100\" data-slide-effect=\"fade\"><div class=\"swiper-wrapper\"><div class=\"fusion_builder_column fusion-builder-column-9 fusion-flex-column post-card swiper-slide id-95890\" style=\"--awb-bg-blend:overlay;--awb-bg-size:cover;--awb-flex-grow:0;--awb-flex-shrink:0;--awb-flex-grow-medium:0;--awb-flex-shrink-medium:0;--awb-flex-grow-small:0;--awb-flex-shrink-small:0;\"><div class=\"fusion-column-wrapper fusion-flex-justify-content-flex-start fusion-content-layout-column\"><div class=\"fusion-builder-row fusion-builder-row-inner fusion-row fusion-flex-align-items-flex-start fusion-flex-justify-content-center fusion-flex-content-wrap\" style=\"width:104% !important;max-width:104% !important;margin-left: calc(-4% \/ 2 );margin-right: calc(-4% \/ 2 );\"><div class=\"fusion-layout-column fusion_builder_column_inner fusion-builder-nested-column-4 fusion_builder_column_inner_2_5 2_5 fusion-flex-column\" style=\"--awb-bg-size:cover;--awb-transform:translateY(0px);--awb-transform-hover:translateY(5px);--awb-width-large:40%;--awb-margin-top-large:0px;--awb-spacing-right-large:4.8%;--awb-margin-bottom-large:0px;--awb-spacing-left-large:4.8%;--awb-width-medium:40%;--awb-order-medium:0;--awb-spacing-right-medium:4.8%;--awb-spacing-left-medium:4.8%;--awb-width-small:100%;--awb-order-small:0;--awb-spacing-right-small:1.92%;--awb-spacing-left-small:1.92%;\"><div class=\"fusion-column-wrapper fusion-column-has-shadow fusion-flex-justify-content-flex-start fusion-content-layout-column\"><div class=\"fusion-image-element \" style=\"--awb-aspect-ratio: 100 \/ 90;--awb-caption-title-color:var(--awb-color1);--awb-caption-text-color:var(--awb-color1);--awb-caption-overlay-color:rgba(255,255,255,0);--awb-caption-title-font-family:&quot;SSP-Bold&quot;;--awb-caption-title-font-weight:400;--awb-caption-title-font-style:normal;--awb-caption-title-size:14px;--awb-caption-title-transform:uppercase;--awb-caption-title-line-height:var(--h5_typography-line-height);--awb-caption-title-letter-spacing:var(--h5_typography-letter-spacing);\"><span class=\" fusion-imageframe imageframe-none imageframe-4 hover-type-none has-aspect-ratio\" style=\"border-radius:12px;\"><a class=\"fusion-no-lightbox\" href=\"https:\/\/visitrijeka.hr\/es\/winter-pass-zimska-propusnica-rijecke-turisticke-kartice-ponovno-je-tu\/\" target=\"_self\" aria-label=\"Rijeka Winter Pass 2023 &#8211; FBC8\"><img decoding=\"async\" width=\"2560\" height=\"1124\" src=\"https:\/\/visitrijeka.hr\/wp-content\/uploads\/2025\/10\/Rijeka-Winter-Pass-2023-FBC8-scaled.jpg\" data-orig-src=\"https:\/\/visitrijeka.hr\/wp-content\/uploads\/2025\/10\/Rijeka-Winter-Pass-2023-FBC8-scaled.jpg\" class=\"lazyload img-responsive wp-image-95711 img-with-aspect-ratio\" data-parent-fit=\"cover\" data-parent-container=\".fusion-image-element\" alt srcset=\"data:image\/svg+xml,%3Csvg%20xmlns%3D%27http%3A%2F%2Fwww.w3.org%2F2000%2Fsvg%27%20width%3D%272560%27%20height%3D%271124%27%20viewBox%3D%270%200%202560%201124%27%3E%3Crect%20width%3D%272560%27%20height%3D%271124%27%20fill-opacity%3D%220%22%2F%3E%3C%2Fsvg%3E\" data-srcset=\"https:\/\/visitrijeka.hr\/wp-content\/uploads\/2025\/10\/Rijeka-Winter-Pass-2023-FBC8-200x88.jpg 200w, https:\/\/visitrijeka.hr\/wp-content\/uploads\/2025\/10\/Rijeka-Winter-Pass-2023-FBC8-400x176.jpg 400w, https:\/\/visitrijeka.hr\/wp-content\/uploads\/2025\/10\/Rijeka-Winter-Pass-2023-FBC8-600x263.jpg 600w, https:\/\/visitrijeka.hr\/wp-content\/uploads\/2025\/10\/Rijeka-Winter-Pass-2023-FBC8-800x351.jpg 800w, https:\/\/visitrijeka.hr\/wp-content\/uploads\/2025\/10\/Rijeka-Winter-Pass-2023-FBC8-1200x527.jpg 1200w, https:\/\/visitrijeka.hr\/wp-content\/uploads\/2025\/10\/Rijeka-Winter-Pass-2023-FBC8-scaled.jpg 2560w\" data-sizes=\"auto\" data-orig-sizes=\"(max-width: 800px) 100vw, 600px\" \/><\/a><\/span><\/div><\/div><\/div><div class=\"fusion-layout-column fusion_builder_column_inner fusion-builder-nested-column-5 fusion_builder_column_inner_3_5 3_5 fusion-flex-column fusion-flex-align-self-center\" style=\"--awb-padding-right:30px;--awb-padding-left:15px;--awb-bg-size:cover;--awb-width-large:60%;--awb-margin-top-large:0px;--awb-spacing-right-large:3.2%;--awb-margin-bottom-large:0px;--awb-spacing-left-large:3.2%;--awb-width-medium:60%;--awb-order-medium:0;--awb-spacing-right-medium:3.2%;--awb-spacing-left-medium:3.2%;--awb-width-small:100%;--awb-order-small:0;--awb-spacing-right-small:1.92%;--awb-spacing-left-small:1.92%;\"><div class=\"fusion-column-wrapper fusion-column-has-shadow fusion-flex-justify-content-flex-start fusion-content-layout-column\"><div class=\"fusion-text fusion-text-6\" style=\"--awb-content-alignment:left;--awb-font-size:14px;--awb-letter-spacing:var(--awb-typography5-letter-spacing);--awb-text-transform:var(--awb-typography5-text-transform);--awb-text-color:var(--awb-color7);\"><p>1. octubre 2025.<\/p>\n<\/div><div class=\"fusion-title title fusion-title-5 fusion-sep-none fusion-title-text fusion-title-size-four\" style=\"--awb-margin-top:0px;--awb-margin-bottom:12px;--awb-margin-top-small:30px;--awb-link-hover-color:var(--awb-custom_color_7);--awb-font-size:26px;\"><h4 class=\"fusion-title-heading title-heading-left\" style=\"font-family:&quot;SSP-Semibold-600&quot;;font-style:normal;font-weight:400;margin:0;font-size:1em;line-height:1.3;\"><a href=\"https:\/\/visitrijeka.hr\/es\/winter-pass-zimska-propusnica-rijecke-turisticke-kartice-ponovno-je-tu\/\" class=\"awb-custom-text-color awb-custom-text-hover-color\" target=\"_self\">Winter Pass \u2013 The Rijeka Tourist Card Winter Pass is back!<\/a><\/h4><\/div><div class=\"fusion-text fusion-text-7 fusion-text-no-margin\" style=\"--awb-font-size:14px;--awb-margin-bottom:0px;\"><p>The Tourist Board of the City of Rijeka, together with  [...]<\/p>\n<\/div><\/div><\/div><\/div><\/div><\/div>\n<div class=\"fusion_builder_column fusion-builder-column-10 fusion-flex-column post-card swiper-slide id-74708\" style=\"--awb-bg-blend:overlay;--awb-bg-size:cover;--awb-flex-grow:0;--awb-flex-shrink:0;--awb-flex-grow-medium:0;--awb-flex-shrink-medium:0;--awb-flex-grow-small:0;--awb-flex-shrink-small:0;\"><div class=\"fusion-column-wrapper fusion-flex-justify-content-flex-start fusion-content-layout-column\"><div class=\"fusion-builder-row fusion-builder-row-inner fusion-row fusion-flex-align-items-flex-start fusion-flex-justify-content-center fusion-flex-content-wrap\" style=\"width:104% !important;max-width:104% !important;margin-left: calc(-4% \/ 2 );margin-right: calc(-4% \/ 2 );\"><div class=\"fusion-layout-column fusion_builder_column_inner fusion-builder-nested-column-6 fusion_builder_column_inner_2_5 2_5 fusion-flex-column\" style=\"--awb-bg-size:cover;--awb-transform:translateY(0px);--awb-transform-hover:translateY(5px);--awb-width-large:40%;--awb-margin-top-large:0px;--awb-spacing-right-large:4.8%;--awb-margin-bottom-large:0px;--awb-spacing-left-large:4.8%;--awb-width-medium:40%;--awb-order-medium:0;--awb-spacing-right-medium:4.8%;--awb-spacing-left-medium:4.8%;--awb-width-small:100%;--awb-order-small:0;--awb-spacing-right-small:1.92%;--awb-spacing-left-small:1.92%;\"><div class=\"fusion-column-wrapper fusion-column-has-shadow fusion-flex-justify-content-flex-start fusion-content-layout-column\"><div class=\"fusion-image-element \" style=\"--awb-aspect-ratio: 100 \/ 90;--awb-caption-title-color:var(--awb-color1);--awb-caption-text-color:var(--awb-color1);--awb-caption-overlay-color:rgba(255,255,255,0);--awb-caption-title-font-family:&quot;SSP-Bold&quot;;--awb-caption-title-font-weight:400;--awb-caption-title-font-style:normal;--awb-caption-title-size:14px;--awb-caption-title-transform:uppercase;--awb-caption-title-line-height:var(--h5_typography-line-height);--awb-caption-title-letter-spacing:var(--h5_typography-letter-spacing);\"><span class=\" fusion-imageframe imageframe-none imageframe-5 hover-type-none has-aspect-ratio\" style=\"border-radius:12px;\"><a class=\"fusion-no-lightbox\" href=\"https:\/\/visitrijeka.hr\/es\/program-rijeckog-karnevala-2025-godine-provjerite-sto-vas-sve-jos-ceka\/\" target=\"_self\" aria-label=\"IMG_3910 (1)\"><img decoding=\"async\" width=\"2000\" height=\"1334\" alt=\"Dje\u010dja karnevalska povorka\" src=\"https:\/\/visitrijeka.hr\/wp-content\/uploads\/2025\/02\/IMG_3910-1.jpg\" data-orig-src=\"https:\/\/visitrijeka.hr\/wp-content\/uploads\/2025\/02\/IMG_3910-1.jpg\" class=\"lazyload img-responsive wp-image-75290 img-with-aspect-ratio\" data-parent-fit=\"cover\" data-parent-container=\".fusion-image-element\" srcset=\"data:image\/svg+xml,%3Csvg%20xmlns%3D%27http%3A%2F%2Fwww.w3.org%2F2000%2Fsvg%27%20width%3D%272000%27%20height%3D%271334%27%20viewBox%3D%270%200%202000%201334%27%3E%3Crect%20width%3D%272000%27%20height%3D%271334%27%20fill-opacity%3D%220%22%2F%3E%3C%2Fsvg%3E\" data-srcset=\"https:\/\/visitrijeka.hr\/wp-content\/uploads\/2025\/02\/IMG_3910-1-200x133.jpg 200w, https:\/\/visitrijeka.hr\/wp-content\/uploads\/2025\/02\/IMG_3910-1-400x267.jpg 400w, https:\/\/visitrijeka.hr\/wp-content\/uploads\/2025\/02\/IMG_3910-1-600x400.jpg 600w, https:\/\/visitrijeka.hr\/wp-content\/uploads\/2025\/02\/IMG_3910-1-800x534.jpg 800w, https:\/\/visitrijeka.hr\/wp-content\/uploads\/2025\/02\/IMG_3910-1-1200x800.jpg 1200w, https:\/\/visitrijeka.hr\/wp-content\/uploads\/2025\/02\/IMG_3910-1.jpg 2000w\" data-sizes=\"auto\" data-orig-sizes=\"(max-width: 800px) 100vw, 600px\" \/><\/a><\/span><\/div><\/div><\/div><div class=\"fusion-layout-column fusion_builder_column_inner fusion-builder-nested-column-7 fusion_builder_column_inner_3_5 3_5 fusion-flex-column fusion-flex-align-self-center\" style=\"--awb-padding-right:30px;--awb-padding-left:15px;--awb-bg-size:cover;--awb-width-large:60%;--awb-margin-top-large:0px;--awb-spacing-right-large:3.2%;--awb-margin-bottom-large:0px;--awb-spacing-left-large:3.2%;--awb-width-medium:60%;--awb-order-medium:0;--awb-spacing-right-medium:3.2%;--awb-spacing-left-medium:3.2%;--awb-width-small:100%;--awb-order-small:0;--awb-spacing-right-small:1.92%;--awb-spacing-left-small:1.92%;\"><div class=\"fusion-column-wrapper fusion-column-has-shadow fusion-flex-justify-content-flex-start fusion-content-layout-column\"><div class=\"fusion-text fusion-text-8\" style=\"--awb-content-alignment:left;--awb-font-size:14px;--awb-letter-spacing:var(--awb-typography5-letter-spacing);--awb-text-transform:var(--awb-typography5-text-transform);--awb-text-color:var(--awb-color7);\"><p>11. febrero 2025.<\/p>\n<\/div><div class=\"fusion-title title fusion-title-6 fusion-sep-none fusion-title-text fusion-title-size-four\" style=\"--awb-margin-top:0px;--awb-margin-bottom:12px;--awb-margin-top-small:30px;--awb-link-hover-color:var(--awb-custom_color_7);--awb-font-size:26px;\"><h4 class=\"fusion-title-heading title-heading-left\" style=\"font-family:&quot;SSP-Semibold-600&quot;;font-style:normal;font-weight:400;margin:0;font-size:1em;line-height:1.3;\"><a href=\"https:\/\/visitrijeka.hr\/es\/program-rijeckog-karnevala-2025-godine-provjerite-sto-vas-sve-jos-ceka\/\" class=\"awb-custom-text-color awb-custom-text-hover-color\" target=\"_self\">El programa del Carnaval de Rijeka 2026<\/a><\/h4><\/div><div class=\"fusion-text fusion-text-9 fusion-text-no-margin\" style=\"--awb-font-size:14px;--awb-margin-bottom:0px;\"><\/div><\/div><\/div><\/div><\/div><\/div>\n<\/div><div class=\"awb-swiper-button awb-swiper-button-prev\"><i class=\"fa-arrow-left fas\" aria-hidden=\"true\"><\/i><\/div><div class=\"awb-swiper-button awb-swiper-button-next\"><i class=\"fa-arrow-right fas\" aria-hidden=\"true\"><\/i><\/div><\/div><\/div><\/div><div class=\"fusion-layout-column fusion_builder_column fusion-builder-column-11 fusion_builder_column_1_1 1_1 fusion-flex-column id-28857\" style=\"--awb-padding-left:0px;--awb-bg-size:cover;--awb-width-large:100%;--awb-flex-grow:0;--awb-flex-shrink:0;--awb-margin-top-large:0px;--awb-spacing-right-large:1.92%;--awb-margin-bottom-large:20px;--awb-spacing-left-large:0px;--awb-width-medium:100%;--awb-order-medium:0;--awb-flex-grow-medium:0;--awb-flex-shrink-medium:0;--awb-spacing-right-medium:1.92%;--awb-spacing-left-medium:0px;--awb-width-small:100%;--awb-order-small:0;--awb-flex-grow-small:0;--awb-flex-shrink-small:0;--awb-spacing-right-small:1.92%;--awb-spacing-left-small:1.92%;\"><div class=\"fusion-column-wrapper fusion-column-has-shadow fusion-flex-justify-content-flex-start fusion-content-layout-column\">\n<div class=\"fusion-slider-revolution rev_slider_wrapper\">\t\t\t<!-- START Kalendar  Gastro REVOLUTION SLIDER 6.7.38 --><p class=\"rs-p-wp-fix\"><\/p>\n\t\t\t<rs-module-wrap id=\"rev_slider_23_1_wrapper\" data-source=\"post\" style=\"visibility:hidden;background:#ffffff;padding:0;margin:0px auto;margin-top:0;margin-bottom:0;\">\n\t\t\t\t<rs-module id=\"rev_slider_23_1\" style=\"\" data-version=\"6.7.38\">\n\t\t\t\t\t<div class=\"rs_error_message_box\">\n\t\t\t\t\t\t<div class=\"rs_error_message_oops\">There is nothing to show here!<\/div>\n\t\t\t\t\t\t<div class=\"rs_error_message_content\">Make sure that a valid post type \/ category is selected in &quot;Module General Options -&gt; Content -&gt; Post Selection&quot;.<\/div>\n\t\t\t\t\t<\/div>\n\t\t\t\t<\/rs-module>\n\t\t\t<\/rs-module-wrap>\n\t\t\t<script>\n\t\t\t\tvar rs_eslider = document.getElementById(\"rev_slider_23_1\");\n\t\t\t\trs_eslider.style.display = \"none\";\n\t\t\t\tconsole.log(\"Make sure that a valid post type \/ category is selected in &quot;Module General Options -&gt; Content -&gt; Post Selection&quot;.\");\n\t\t\t<\/script>\n<\/div><\/div><\/div><\/div><\/div>\n<div class=\"fusion-fullwidth fullwidth-box fusion-builder-row-4 fusion-flex-container has-pattern-background has-mask-background hundred-percent-fullwidth non-hundred-percent-height-scrolling\" style=\"--awb-border-radius-top-left:0px;--awb-border-radius-top-right:0px;--awb-border-radius-bottom-right:0px;--awb-border-radius-bottom-left:0px;--awb-padding-right:0px;--awb-padding-left:0px;--awb-padding-top-medium:90px;--awb-padding-bottom-medium:90px;--awb-flex-wrap:wrap;\" ><div class=\"fusion-builder-row fusion-row fusion-flex-align-items-stretch fusion-flex-content-wrap\" style=\"width:104% !important;max-width:104% !important;margin-left: calc(-4% \/ 2 );margin-right: calc(-4% \/ 2 );\"><div class=\"fusion-layout-column fusion_builder_column fusion-builder-column-12 fusion_builder_column_1_1 1_1 fusion-flex-column id-28857\" style=\"--awb-bg-size:cover;--awb-width-large:100%;--awb-flex-grow:0;--awb-flex-shrink:0;--awb-margin-top-large:0px;--awb-spacing-right-large:1.92%;--awb-margin-bottom-large:0px;--awb-spacing-left-large:1.92%;--awb-width-medium:100%;--awb-order-medium:0;--awb-flex-grow-medium:0;--awb-flex-shrink-medium:0;--awb-spacing-right-medium:1.92%;--awb-spacing-left-medium:1.92%;--awb-width-small:100%;--awb-order-small:0;--awb-flex-grow-small:0;--awb-flex-shrink-small:0;--awb-spacing-right-small:1.92%;--awb-spacing-left-small:1.92%;\"><div class=\"fusion-column-wrapper fusion-column-has-shadow fusion-flex-justify-content-flex-start fusion-content-layout-column\"><div class=\"fusion-text fusion-text-10\">    <script type=\"application\/json\" id=\"data\">[{\"address\":\"Ulica Pod Ka\u0161telom 6\",\"coordinates\":\"45.327915, 14.443615\",\"title\":\"Marmota Taqueria OldTown\",\"categories\":[\"puertos-gastronomicos-con-el-sabor-de-otros-paises\",\"restaurantes\"],\"tags\":null,\"capacity\":\"17\",\"url\":\"https:\\\/\\\/visitrijeka.hr\\\/es\\\/marmota-taqueria-oldtown\\\/\"},{\"address\":\"Verdijeva ul. 11\",\"coordinates\":\"45.324870, 14.442389\",\"title\":\"TaiYang Chinese restaurant\",\"categories\":[\"puertos-gastronomicos-con-el-sabor-de-otros-paises\",\"restaurantes\"],\"tags\":null,\"capacity\":\"17\",\"url\":\"https:\\\/\\\/visitrijeka.hr\\\/es\\\/taiyang-chinese-restaurant\\\/\"},{\"address\":\"Jela\u010di\u0107ev trg 12\",\"coordinates\":\"45.326133, 14.445833\",\"title\":\"Rue Wine &#038; Dine\",\"categories\":[\"puertos-gastronomicos-para-entusiastas-del-vino\",\"restaurantes\"],\"tags\":null,\"capacity\":\"112\",\"url\":\"https:\\\/\\\/visitrijeka.hr\\\/es\\\/rue-wine-dine\\\/\"},{\"address\":\"Wenzelova ul. 4, 51000, Rijeka\",\"coordinates\":\"45.326133, 14.445833\",\"title\":\"Na kantunu\",\"categories\":[\"puertos-diarios\",\"puertos-gastronomicos-de-comestibles-locales\",\"puertos-pesqueros-gastronomicos\",\"restaurantes\"],\"tags\":null,\"capacity\":\"17\",\"url\":\"https:\\\/\\\/visitrijeka.hr\\\/es\\\/na-kantunu\\\/\"},{\"address\":\"Dolac 11b\",\"title\":\"Opera Restaurant &#038; Bar\",\"categories\":[\"restaurantes\"],\"tags\":[\"cocina-mediterranea\"],\"capacity\":\"17\",\"url\":\"https:\\\/\\\/visitrijeka.hr\\\/es\\\/opera-restaurant-bar\\\/\"},{\"address\":\"Pod Ka\u0161telom 6\",\"coordinates\":\"45.328168, 14.438465\",\"title\":\"Bistro Il Mondo\",\"categories\":[\"restaurantes\"],\"tags\":[\"cocina-mediterranea\"],\"capacity\":\"17\",\"url\":\"https:\\\/\\\/visitrijeka.hr\\\/es\\\/bistro-il-mondo\\\/\"},{\"address\":\"Titov trg 6\",\"coordinates\":\"45.327576, 14.447974\",\"title\":\"Chin Chin\",\"categories\":[\"restaurantes\"],\"tags\":[\"gastronomia-nacional\"],\"capacity\":\"17\",\"url\":\"https:\\\/\\\/visitrijeka.hr\\\/es\\\/chin-chin\\\/\"},{\"address\":\"Pavla Rittera Vitezovi\u0107a 1\",\"coordinates\":\"45.326169, 14.445927\",\"title\":\"Sky Gelato\",\"categories\":[\"pastelerias\"],\"tags\":null,\"capacity\":\"17\",\"url\":\"https:\\\/\\\/visitrijeka.hr\\\/es\\\/aroma-gelato-experience\\\/\"},{\"address\":\"Korzo 41\",\"coordinates\":\"45.326629, 14.442167\",\"title\":\"Cream &#038; Dream\",\"categories\":[\"pastelerias\"],\"tags\":null,\"capacity\":\"17\",\"url\":\"https:\\\/\\\/visitrijeka.hr\\\/es\\\/cream-dream\\\/\"},{\"address\":\"Trg rije\u010dkih olimpijaca 8\",\"title\":\"Sweet House\",\"categories\":[\"pastelerias\"],\"tags\":null,\"capacity\":\"17\",\"url\":\"https:\\\/\\\/visitrijeka.hr\\\/es\\\/sweet-house-2\\\/\"},{\"address\":\"Ignacia Henckea 1\",\"title\":\"The Que\",\"categories\":[\"pastelerias\"],\"tags\":null,\"capacity\":\"17\",\"url\":\"https:\\\/\\\/visitrijeka.hr\\\/es\\\/the-que\\\/\"},{\"address\":\"Miroslava Krle\u017ee 15\",\"title\":\"Choco Mocco\",\"categories\":[\"pastelerias\"],\"tags\":null,\"capacity\":\"17\",\"url\":\"https:\\\/\\\/visitrijeka.hr\\\/es\\\/choco-mocco\\\/\"},{\"address\":\"Jela\u010di\u0107ev trg 12\",\"title\":\"Rue Wine &#038; Dine\",\"categories\":[\"restaurantes\"],\"tags\":[\"cocina-mediterranea\"],\"capacity\":\"17\",\"url\":\"https:\\\/\\\/visitrijeka.hr\\\/es\\\/rue-wine\\\/\"},{\"address\":\"Riva Boduli 7b, Rijeka\",\"coordinates\":\"45.324328, 14.441477\",\"title\":\"Bistro Grad\",\"categories\":[\"etiqueta-de-calidad\",\"puertos-gastronomicos-de-comestibles-locales\",\"puertos-gastronomicos-para-entusiastas-del-vino\",\"restaurantes\"],\"tags\":[\"cocina-mediterranea\",\"etiqueta-de-calidad-tag\"],\"capacity\":\"17\",\"url\":\"https:\\\/\\\/visitrijeka.hr\\\/es\\\/kavana-grad-bistro-grad\\\/\"},{\"address\":\"Ul. \u0110ure \u0160porera 2 A\",\"coordinates\":\"45.326929, 14.445589\",\"title\":\"Kancelarija bar\",\"categories\":[\"puertos-gastronomicos-de-particularidad\"],\"tags\":null,\"capacity\":\"17\",\"url\":\"https:\\\/\\\/visitrijeka.hr\\\/es\\\/kancelarija-bar\\\/\"},{\"address\":\"Andrije Meduli\u0107a 6\",\"coordinates\":\"45.327310, 14.444157\",\"title\":\"130 Centotrenta\",\"categories\":[\"puertos-gastronomicos-de-particularidad\",\"restaurantes\"],\"tags\":[\"pizza-pasta-es\"],\"capacity\":\"17\",\"url\":\"https:\\\/\\\/visitrijeka.hr\\\/es\\\/130-cenotrenta\\\/\"},{\"address\":\"\u0160etali\u0161te Andrije Ka\u010di\u0107a Mio\u0161i\u0107a 1\",\"coordinates\":\"45.326835, 14.449012\",\"title\":\"Restoran Continental\",\"categories\":[\"puertos-empresariales-gastronomicos\"],\"tags\":null,\"capacity\":\"17\",\"url\":\"https:\\\/\\\/visitrijeka.hr\\\/es\\\/restoran-continental\\\/\"},{\"address\":\"Riva 6\",\"coordinates\":\"45.326506, 14.441131\",\"title\":\"O\u0161tarija Familia\",\"categories\":[\"puertos-gastronomicos-de-comestibles-locales\",\"restaurantes\"],\"tags\":[\"carne-es\",\"cocina-mediterranea\"],\"capacity\":\"17\",\"url\":\"https:\\\/\\\/visitrijeka.hr\\\/es\\\/ostarija-familia\\\/\"},{\"address\":\"Trg Republike Hrvatske 2\",\"title\":\"Aristoteles Gyros &#038; Salads\",\"categories\":[\"comida-callejera\"],\"tags\":[\"cocina-mediterranea\",\"gastronomia-nacional\"],\"capacity\":\"17\",\"url\":\"https:\\\/\\\/visitrijeka.hr\\\/es\\\/aristoteles-gyros-salads\\\/\"},{\"address\":\"Jela\u010di\u0107ev trg\",\"title\":\"Fox Street Food\",\"categories\":[\"comida-callejera\"],\"tags\":null,\"capacity\":\"17\",\"url\":\"https:\\\/\\\/visitrijeka.hr\\\/es\\\/fox-street-food-2\\\/\"},{\"address\":\"Andrije Meduli\u0107a 6\",\"title\":\"Centotrenta\",\"categories\":[\"comida-callejera\"],\"tags\":[\"pizza-pasta-es\"],\"capacity\":\"17\",\"url\":\"https:\\\/\\\/visitrijeka.hr\\\/es\\\/centotrenta\\\/\"},{\"address\":\"Zagreba\u010dka 19\",\"coordinates\":\"45.324700, 14.441896\",\"title\":\"Bistro SapoRi\",\"categories\":[\"restaurantes\"],\"tags\":[\"cocina-mediterranea\"],\"capacity\":\"17\",\"url\":\"https:\\\/\\\/visitrijeka.hr\\\/es\\\/bistro-sapori\\\/\"},{\"address\":\"Korzo 28\",\"coordinates\":\"45.327393, 14.440686\",\"title\":\"Filodrammatica Restaurant &#038; Bar\",\"categories\":[\"bares\",\"restaurantes\"],\"tags\":null,\"capacity\":\"17\",\"url\":\"https:\\\/\\\/visitrijeka.hr\\\/es\\\/filodrammatica-restaurant-bar\\\/\"},{\"address\":\"Ulica Pod Ka\u0161telom 6\",\"title\":\"Bistro Il Mondo\",\"categories\":[\"restaurantes\"],\"tags\":[\"carne-es\",\"cocina-mediterranea\"],\"capacity\":\"17\",\"url\":\"https:\\\/\\\/visitrijeka.hr\\\/es\\\/bistro-il-mondo\\\/\"},{\"address\":\"Slavka Krautzeka 1\",\"title\":\"MON LE MI\",\"categories\":[\"pastelerias\"],\"tags\":null,\"capacity\":\"17\",\"url\":\"https:\\\/\\\/visitrijeka.hr\\\/es\\\/mon-le-mi\\\/\"},{\"address\":\"\u0160etali\u0161te Andrije Ka\u010di\u0107a Mio\u0161i\u0107a 1\",\"coordinates\":\"45.326825, 14.449146\",\"title\":\"Pivnica Cont\",\"categories\":[\"bares\",\"puertos-gastronomicos-de-particularidad\",\"restaurantes\"],\"tags\":null,\"capacity\":\"17\",\"url\":\"https:\\\/\\\/visitrijeka.hr\\\/es\\\/pivnica-cont-2\\\/\"},{\"address\":\"U\u017earska 1\",\"title\":\"Coyote Pub\",\"categories\":[\"bares\"],\"tags\":null,\"capacity\":\"17\",\"url\":\"https:\\\/\\\/visitrijeka.hr\\\/es\\\/coyote-pub\\\/\"},{\"address\":\"Ulica Fiumara 5\",\"title\":\"Bistro U\u017eanca\",\"categories\":[\"restaurantes\"],\"tags\":[\"cocina-mediterranea\"],\"capacity\":\"17\",\"url\":\"https:\\\/\\\/visitrijeka.hr\\\/es\\\/bistro-uzanca-2\\\/\"},{\"address\":\"Pod Ka\u0161telom 5\",\"title\":\"Soul I Papar\",\"categories\":[\"comida-callejera\"],\"tags\":null,\"capacity\":\"17\",\"url\":\"https:\\\/\\\/visitrijeka.hr\\\/es\\\/soul-i-papar\\\/\"},{\"address\":\"Ante Star\u010devi\u0107a 5d\",\"title\":\"Garibaldi Aperitivo Design\",\"categories\":[\"bares\"],\"tags\":null,\"capacity\":\"17\",\"url\":\"https:\\\/\\\/visitrijeka.hr\\\/es\\\/garibaldi-aperitivo-design\\\/\"},{\"address\":\"Andrije Meduli\u0107a 6\",\"title\":\"Level 5 Bar\",\"categories\":[\"bares\"],\"tags\":null,\"capacity\":\"17\",\"url\":\"https:\\\/\\\/visitrijeka.hr\\\/es\\\/level-5-bar\\\/\"},{\"address\":\"Trg Republike Hrvatske 2\",\"title\":\"A&#8217;Vali\",\"categories\":[\"restaurantes\"],\"tags\":[\"cocina-mediterranea\"],\"capacity\":\"17\",\"url\":\"https:\\\/\\\/visitrijeka.hr\\\/es\\\/a-vali\\\/\"},{\"address\":\"Korzo 2d\",\"title\":\"Fiorello pub\",\"categories\":[\"bares\"],\"tags\":null,\"capacity\":\"17\",\"url\":\"https:\\\/\\\/visitrijeka.hr\\\/es\\\/fiorello-pub\\\/\"},{\"address\":\"Slavka Krautzeka 18\",\"coordinates\":\"45.3290428, 14.4604638\",\"title\":\"La Scarpetta\",\"categories\":[\"puertos-diarios\",\"puertos-familiares-gastronomicos\",\"puertos-gastronomicos-de-comestibles-locales\",\"restaurantes\"],\"tags\":[\"pescado\"],\"capacity\":\"17\",\"url\":\"https:\\\/\\\/visitrijeka.hr\\\/es\\\/la-scarpetta\\\/\"},{\"address\":\"Riva 6\",\"title\":\"My Wok\",\"categories\":[\"comida-callejera\"],\"tags\":null,\"capacity\":\"17\",\"url\":\"https:\\\/\\\/visitrijeka.hr\\\/es\\\/my-wok\\\/\"},{\"address\":\"Trg Grivica 6b, Rijeka, Croatia\",\"title\":\"Celtic Caffe Bard\",\"categories\":[\"bares\"],\"tags\":null,\"capacity\":\"17\",\"url\":\"https:\\\/\\\/visitrijeka.hr\\\/es\\\/celtic-caffe-bard\\\/\"},{\"address\":\"Dolac 8, Rijeka, Croatia\",\"title\":\"Ba\u010dva Pub\",\"categories\":[\"bares\"],\"tags\":null,\"capacity\":\"17\",\"url\":\"https:\\\/\\\/visitrijeka.hr\\\/es\\\/bacva-pub\\\/\"},{\"address\":\"Jadranski trg 4c, Rijeka, Croatia\",\"title\":\"El Rio &#8211; Live Kitchen &#038; Bar\",\"categories\":[\"restaurantes\"],\"tags\":[\"pizza-pasta-es\"],\"capacity\":\"17\",\"url\":\"https:\\\/\\\/visitrijeka.hr\\\/es\\\/el-rio-live-kitchen-bar\\\/\"},{\"address\":\"Andrije Meduli\u0107a 8\",\"coordinates\":\"45.32723564589998, 14.444329154734257\",\"title\":\"Hidden wine bistro\",\"categories\":[\"etiqueta-de-calidad\",\"puertos-gastronomicos-de-comestibles-locales\",\"puertos-gastronomicos-de-particularidad\",\"puertos-gastronomicos-para-entusiastas-del-vino\",\"restaurantes\"],\"tags\":[\"cocina-mediterranea\",\"etiqueta-de-calidad-tag\"],\"capacity\":\"17\",\"url\":\"https:\\\/\\\/visitrijeka.hr\\\/es\\\/hidden-wine-bistro\\\/\"},{\"address\":\"Riva 12\",\"coordinates\":\"45.326859, 14.439694\",\"title\":\"Batak\",\"categories\":[\"puertos-de-barbacoa-gastronomicos\",\"restaurantes\"],\"tags\":[\"carne-es\"],\"capacity\":\"69\",\"url\":\"https:\\\/\\\/visitrijeka.hr\\\/es\\\/batak\\\/\"},{\"address\":\"Riva 6\",\"title\":\"Azura &#8211; Lounge-Eat-Club\",\"categories\":[\"bares\"],\"tags\":null,\"capacity\":\"17\",\"url\":\"https:\\\/\\\/visitrijeka.hr\\\/es\\\/azura-lounge-eat-club\\\/\"},{\"address\":\"Trg \u0160i\u0161mi\u0161\",\"coordinates\":\"45.326571, 14.443819\",\"title\":\"Concept bar\",\"categories\":[\"bares\"],\"tags\":null,\"capacity\":\"17\",\"url\":\"https:\\\/\\\/visitrijeka.hr\\\/es\\\/concept-bar\\\/\"},{\"address\":\"Trg Matije Vla\u010di\u0107a Flaciusa 2\",\"coordinates\":\"0916017701\",\"title\":\"Fino Vino\",\"categories\":[\"bares\"],\"tags\":null,\"capacity\":\"17\",\"url\":\"https:\\\/\\\/visitrijeka.hr\\\/es\\\/fino-vino\\\/\"},{\"address\":\"\u0160etali\u0161te XIII divizije 46\",\"coordinates\":\"45.318852639897855, 14.46438986661412\",\"title\":\"Restaurant Hotel Jadran &#8211; temporalmente cerrados por remodelaci\u00f3n\",\"categories\":[\"restaurantes\"],\"tags\":[\"cocina-mediterranea\"],\"capacity\":\"69\",\"url\":\"https:\\\/\\\/visitrijeka.hr\\\/es\\\/restaurant-hotel-jadran\\\/\"},{\"address\":\"Adami\u0107ev gat\",\"coordinates\":\"45.326327, 14.439104\",\"title\":\"Restaurant Botel Marina\",\"categories\":[\"puertos-empresariales-gastronomicos\",\"puertos-familiares-gastronomicos\",\"puertos-gastronomicos-para-entusiastas-del-vino\",\"restaurantes\"],\"tags\":[\"cocina-mediterranea\"],\"capacity\":\"112\",\"url\":\"https:\\\/\\\/visitrijeka.hr\\\/es\\\/restaurant-botel-marina\\\/\"},{\"address\":\"Mate Lovraka 26\",\"coordinates\":\"45.3559582, 14.3724896\",\"title\":\"Trattoria Krug\",\"categories\":[\"restaurantes\"],\"tags\":[\"pizza-pasta-es\"],\"capacity\":\"17\",\"url\":\"https:\\\/\\\/visitrijeka.hr\\\/es\\\/trattoria-krug\\\/\"},{\"address\":\"V. M. Lenca 81\",\"coordinates\":\"45.346456, 14.388705\",\"title\":\"Pepi\",\"categories\":[\"restaurantes\"],\"tags\":[\"pizza-pasta-es\"],\"capacity\":\"17\",\"url\":\"https:\\\/\\\/visitrijeka.hr\\\/es\\\/pepi\\\/\"},{\"address\":\"Slavka Krautzeka 49\",\"title\":\"Pampas\",\"categories\":[\"restaurantes\"],\"tags\":[\"pizza-pasta-es\"],\"capacity\":\"17\",\"url\":\"https:\\\/\\\/visitrijeka.hr\\\/es\\\/pampas\\\/\"},{\"address\":\"Ulica Nikole Tesle 1a\",\"coordinates\":\"45.330787, 14.430365\",\"title\":\"Mezanin\",\"categories\":[\"puertos-diarios\",\"restaurantes\"],\"tags\":[\"cocina-mediterranea\"],\"capacity\":\"17\",\"url\":\"https:\\\/\\\/visitrijeka.hr\\\/es\\\/mezanin\\\/\"},{\"address\":\"Ul. pod Voltun 4\",\"title\":\"Riba Riba\",\"categories\":[\"restaurantes\"],\"tags\":[\"pescado\"],\"capacity\":\"17\",\"url\":\"https:\\\/\\\/visitrijeka.hr\\\/es\\\/riba-riba\\\/\"},{\"address\":\"Podkoludricu 2\",\"coordinates\":\"45.340678, 14.372198\",\"title\":\"Nautica\",\"categories\":[\"etiqueta-de-calidad\",\"puertos-gastronomicos-de-comestibles-locales\",\"puertos-pesqueros-gastronomicos\",\"restaurantes\"],\"tags\":[\"etiqueta-de-calidad-tag\",\"pescado\"],\"capacity\":\"17\",\"url\":\"https:\\\/\\\/visitrijeka.hr\\\/es\\\/nautica\\\/\"},{\"address\":\"Trg Jurja Klovi\u0107a 2\",\"coordinates\":\"45.327308, 14.443138\",\"title\":\"Restaurant SPOON\",\"categories\":[\"restaurantes\"],\"tags\":[\"cocina-mediterranea\"],\"capacity\":\"17\",\"url\":\"https:\\\/\\\/visitrijeka.hr\\\/es\\\/restaurant-spoon\\\/\"},{\"address\":\"Riva Boduli 3a\",\"title\":\"Restaurant Antack\",\"categories\":[\"restaurantes\"],\"tags\":[\"cocina-mediterranea\"],\"capacity\":\"17\",\"url\":\"https:\\\/\\\/visitrijeka.hr\\\/es\\\/restaurant-antack\\\/\"},{\"address\":\"Dolac 4\",\"coordinates\":\"45.327864, 14.441252\",\"title\":\"Restaurant Kamov (Bonavia)\",\"categories\":[\"puertos-empresariales-gastronomicos\",\"restaurantes\"],\"tags\":[\"cocina-mediterranea\"],\"capacity\":\"17\",\"url\":\"https:\\\/\\\/visitrijeka.hr\\\/es\\\/restaurant-kamov-bonavia\\\/\"},{\"address\":\"Kumi\u010di\u0107eva 20\",\"coordinates\":\"45.322312, 14.461535\",\"title\":\"3D bistro\",\"categories\":[\"restaurantes\"],\"tags\":[\"cocina-mediterranea\"],\"capacity\":\"17\",\"url\":\"https:\\\/\\\/visitrijeka.hr\\\/es\\\/3d-bistro\\\/\"},{\"address\":\"Janka Poli\u0107 Kamova 81a\",\"coordinates\":\"45.317877, 14.468761\",\"title\":\"Kooglana food&#038;bar\",\"categories\":[\"comida-callejera\",\"puertos-de-barbacoa-gastronomicos\",\"puertos-familiares-gastronomicos\",\"puertos-gastronomicos-de-particularidad\"],\"tags\":null,\"capacity\":\"17\",\"url\":\"https:\\\/\\\/visitrijeka.hr\\\/es\\\/kooglana-foodbar\\\/\"},{\"address\":\"Mata\u010di\u0107eva ulica 1\",\"coordinates\":\"45.323947, 14.443948\",\"title\":\"NU street food\",\"categories\":[\"comida-callejera\"],\"tags\":null,\"capacity\":\"17\",\"url\":\"https:\\\/\\\/visitrijeka.hr\\\/es\\\/nu-street-food\\\/\"},{\"address\":\"Kre\u0161imirova 16a\",\"coordinates\":\"45.329744, 14.434372\",\"title\":\"Flumen pub\",\"categories\":[\"bares\"],\"tags\":null,\"capacity\":\"17\",\"url\":\"https:\\\/\\\/visitrijeka.hr\\\/es\\\/flumen-pub\\\/\"},{\"address\":\"Fiorella la guardie 7a\",\"coordinates\":\"45.330321, 14.435367\",\"title\":\"Fiume bar\",\"categories\":[\"bares\"],\"tags\":null,\"capacity\":\"17\",\"url\":\"https:\\\/\\\/visitrijeka.hr\\\/es\\\/fiume-bar\\\/\"},{\"address\":\"Frana Supila 12\",\"title\":\"River pub\",\"categories\":[\"bares\"],\"tags\":null,\"capacity\":\"17\",\"url\":\"https:\\\/\\\/visitrijeka.hr\\\/es\\\/river-pub\\\/\"},{\"address\":\"Verdieva 3\",\"coordinates\":\"45.324064, 14.444382\",\"title\":\"Teatro lounge bar\",\"categories\":[\"bares\"],\"tags\":null,\"capacity\":\"17\",\"url\":\"https:\\\/\\\/visitrijeka.hr\\\/es\\\/teatro-lounge-bar\\\/\"},{\"address\":\"Koblerov trg b.b.\",\"title\":\"Garcon bar\",\"categories\":[\"bares\"],\"tags\":null,\"capacity\":\"17\",\"url\":\"https:\\\/\\\/visitrijeka.hr\\\/es\\\/garcon-bar\\\/\"},{\"address\":\"U\u017earska 17\",\"title\":\"Stop caffe&#038;bar\",\"categories\":[\"bares\"],\"tags\":null,\"capacity\":\"17\",\"url\":\"https:\\\/\\\/visitrijeka.hr\\\/es\\\/stop-caffebar\\\/\"},{\"address\":\"Ul. Petra Zrinskog bb\",\"title\":\"Vintage Bar\",\"categories\":[\"bares\"],\"tags\":[\"cocina-mediterranea\"],\"capacity\":\"17\",\"url\":\"https:\\\/\\\/visitrijeka.hr\\\/es\\\/vintage-bar\\\/\"},{\"address\":\"Verdijeva ul. 6\",\"coordinates\":\"45.325173, 14.442293\",\"title\":\"Restaurant Capote y Ole\",\"categories\":[\"etiqueta-de-calidad\",\"puertos-diarios\",\"puertos-gastronomicos-con-el-sabor-de-otros-paises\",\"puertos-gastronomicos-para-entusiastas-del-vino\",\"restaurantes\"],\"tags\":[\"etiqueta-de-calidad-tag\",\"gastronomia-nacional\"],\"capacity\":\"17\",\"url\":\"https:\\\/\\\/visitrijeka.hr\\\/es\\\/restaurant-capote-y-ole\\\/\"},{\"address\":\"Avelina Turka 14\",\"title\":\"Restaurant Wayang\",\"categories\":[\"restaurantes\"],\"tags\":[\"gastronomia-nacional\"],\"capacity\":\"17\",\"url\":\"https:\\\/\\\/visitrijeka.hr\\\/es\\\/restaurant-wayang\\\/\"},{\"address\":\"Ul. Giuseppea Verdia 3b\",\"coordinates\":\"45.32409380382266, 14.444574457688997\",\"title\":\"Rica\",\"categories\":[\"puertos-gastronomicos-de-particularidad\",\"puertos-veganos-gastronomicos\",\"restaurantes\"],\"tags\":[\"vegano-vegetariano-es\"],\"capacity\":\"17\",\"url\":\"https:\\\/\\\/visitrijeka.hr\\\/es\\\/rica\\\/\"},{\"address\":\"\u0160etali\u0161te Joakima Rakovca 2A\",\"coordinates\":\"45.325115, 14.459454\",\"title\":\"Bistro Paris\",\"categories\":[\"puertos-de-barbacoa-gastronomicos\",\"restaurantes\"],\"tags\":[\"pizza-pasta-es\"],\"capacity\":\"17\",\"url\":\"https:\\\/\\\/visitrijeka.hr\\\/es\\\/bistro-paris-kalorija\\\/\"},{\"address\":\"Ul. Nikole Tesle 2A\",\"coordinates\":\"45.3307237, 14.4306359\",\"title\":\"Koya Asian noodels\",\"categories\":[\"comida-callejera\",\"puertos-veganos-gastronomicos\"],\"tags\":null,\"capacity\":\"17\",\"url\":\"https:\\\/\\\/visitrijeka.hr\\\/es\\\/koya-asian-noodels\\\/\"},{\"address\":\"Fiumara ul. 5\",\"coordinates\":\"45.3320652, 14.4301942\",\"title\":\"Fish Delish\",\"categories\":[\"comida-callejera\"],\"tags\":null,\"capacity\":\"17\",\"url\":\"https:\\\/\\\/visitrijeka.hr\\\/es\\\/fish-delish\\\/\"},{\"address\":\"Ul. Petra Zrinskog 2\",\"coordinates\":\"45.331294, 14.456688\",\"title\":\"Sabrage\",\"categories\":[\"bares\"],\"tags\":null,\"capacity\":\"17\",\"url\":\"https:\\\/\\\/visitrijeka.hr\\\/es\\\/sabrage\\\/\"},{\"address\":\"Ul. pod Ka\u0161telom 9\",\"title\":\"Harat&#8217;s  Irish Pub\",\"categories\":[\"bares\"],\"tags\":null,\"capacity\":\"17\",\"url\":\"https:\\\/\\\/visitrijeka.hr\\\/es\\\/harats-pub\\\/\"},{\"address\":\"Ul. Andrije Meduli\u0107a 5\",\"title\":\"Rakhia bar\",\"categories\":[\"bares\"],\"tags\":null,\"capacity\":\"17\",\"url\":\"https:\\\/\\\/visitrijeka.hr\\\/es\\\/rakhia-bar\\\/\"},{\"address\":\"Pod Ka\u0161telom 3\",\"title\":\"Bar Bar\",\"categories\":[\"bares\"],\"tags\":null,\"capacity\":\"17\",\"url\":\"https:\\\/\\\/visitrijeka.hr\\\/es\\\/bar-bar\\\/\"},{\"address\":\"Ul. Ivana Zajca 9\",\"coordinates\":\"45.325313, 14.442569\",\"title\":\"Phanas Pub\",\"categories\":[\"bares\"],\"tags\":null,\"capacity\":\"17\",\"url\":\"https:\\\/\\\/visitrijeka.hr\\\/es\\\/phanas-pub\\\/\"},{\"address\":\"Ul. Ante Star\u010devi\u0107a 3c\",\"coordinates\":\"45.325880166586394, 14.445201388294368\",\"title\":\"Apotheca bar\",\"categories\":[\"bares\"],\"tags\":null,\"capacity\":\"17\",\"url\":\"https:\\\/\\\/visitrijeka.hr\\\/es\\\/apotheca-bar\\\/\"},{\"address\":\"Zametska 65\",\"coordinates\":\"45.343587, 14.389392\",\"title\":\"Bomboneta\",\"categories\":[\"pastelerias\"],\"tags\":null,\"capacity\":\"17\",\"url\":\"https:\\\/\\\/visitrijeka.hr\\\/es\\\/bomboneta\\\/\"},{\"address\":\"Korzo 20\",\"title\":\"Caffe bar Corso\",\"categories\":[\"bares\"],\"tags\":null,\"capacity\":\"17\",\"url\":\"https:\\\/\\\/visitrijeka.hr\\\/es\\\/gelateria-corso\\\/\"},{\"address\":\"Prolaz Marije Krucifikse Kozuli\u0107 1\",\"title\":\"Knedlica\",\"categories\":[\"pastelerias\"],\"tags\":null,\"capacity\":\"17\",\"url\":\"https:\\\/\\\/visitrijeka.hr\\\/es\\\/knedlica\\\/\"},{\"address\":\"Grivica ul. 4\",\"coordinates\":\"45.327447, 14.444377\",\"title\":\"Slon by Moreno Debartoli\",\"categories\":[\"pastelerias\"],\"tags\":null,\"capacity\":\"17\",\"url\":\"https:\\\/\\\/visitrijeka.hr\\\/es\\\/slon-by-moreno-debartoli\\\/\"},{\"address\":\"Riva 14\",\"title\":\"Cacao\",\"categories\":[\"pastelerias\"],\"tags\":null,\"capacity\":\"17\",\"url\":\"https:\\\/\\\/visitrijeka.hr\\\/es\\\/cacao\\\/\"},{\"address\":\"Brig 29\",\"coordinates\":\"45.320770, 14.500915\",\"title\":\"Konoba Brig\",\"categories\":[\"restaurantes\"],\"tags\":[\"carne-es\"],\"capacity\":\"17\",\"url\":\"https:\\\/\\\/visitrijeka.hr\\\/es\\\/konoba-brig\\\/\"},{\"address\":\"Frankopanski trg 10\",\"coordinates\":\"45.3315164, 14.4571166\",\"title\":\"Konoba Papalina\",\"categories\":[\"restaurantes\"],\"tags\":[\"pescado\"],\"capacity\":\"17\",\"url\":\"https:\\\/\\\/visitrijeka.hr\\\/es\\\/konoba-papalina\\\/\"},{\"address\":\"Pul Vele Crikve 1\",\"coordinates\":\"45.32666265688966, 14.445214232723385\",\"title\":\"Fukuro Sushi &#038; Sashimi Bar\",\"categories\":[\"restaurantes\"],\"tags\":[\"gastronomia-nacional\"],\"capacity\":\"17\",\"url\":\"https:\\\/\\\/visitrijeka.hr\\\/es\\\/fukuro-sushi-sashimi-bar\\\/\"},{\"address\":\"Josipa Kulfaneka 10\",\"coordinates\":\"45.33204727235322, 14.464947386505356\",\"title\":\"Taberna Tarsa\",\"categories\":[\"puertos-familiares-gastronomicos\",\"puertos-gastronomicos-de-comestibles-locales\",\"puertos-gastronomicos-de-particularidad\",\"restaurantes\"],\"tags\":[\"cocina-mediterranea\"],\"capacity\":\"17\",\"url\":\"https:\\\/\\\/visitrijeka.hr\\\/es\\\/taberna-tarsa\\\/\"},{\"address\":\"Titov trg 6\",\"coordinates\":\"45.3272445, 14.4477395\",\"title\":\"Aquila Food&#038;wine\",\"categories\":[\"restaurantes\"],\"tags\":[\"cocina-mediterranea\"],\"capacity\":\"17\",\"url\":\"https:\\\/\\\/visitrijeka.hr\\\/es\\\/aquila-foodwine\\\/\"},{\"address\":\"Martina Kontu\u0161a 47\",\"coordinates\":\"45.32156389606737, 14.474394583535068\",\"title\":\"Pizzeria Destino\",\"categories\":[\"puertos-gastronomicos-con-el-sabor-de-otros-paises\",\"restaurantes\"],\"tags\":[\"pizza-pasta-es\"],\"capacity\":\"17\",\"url\":\"https:\\\/\\\/visitrijeka.hr\\\/es\\\/pizzeria-destino\\\/\"},{\"address\":\"Riva 14\",\"coordinates\":\"45.326978, 14.439077\",\"title\":\"Tapas bar Pet Jedan\",\"categories\":[\"bares\"],\"tags\":null,\"capacity\":\"17\",\"url\":\"https:\\\/\\\/visitrijeka.hr\\\/es\\\/tapas-bar-pet-jedan\\\/\"},{\"address\":\"Opatijska ul. 9\",\"coordinates\":\"45.34708508544983, 14.350459751778242\",\"title\":\"The Kitchen\",\"categories\":[\"puertos-familiares-gastronomicos\",\"restaurantes\"],\"tags\":[\"cocina-mediterranea\"],\"capacity\":\"17\",\"url\":\"https:\\\/\\\/visitrijeka.hr\\\/es\\\/the-kitchen-by-miljenko\\\/\"},{\"address\":\"Trg Ivana Koblera bb\",\"coordinates\":\"45.326859, 14.443519\",\"title\":\"Maslina na Zelenom trgu\",\"categories\":[\"puertos-empresariales-gastronomicos\",\"restaurantes\"],\"tags\":[\"pizza-pasta-es\"],\"capacity\":\"17\",\"url\":\"https:\\\/\\\/visitrijeka.hr\\\/es\\\/maslina-na-zelenom-trgu\\\/\"},{\"address\":\"\u0160ime Ljubi\u0107a 8\",\"title\":\"Buffet Medicina\",\"categories\":[\"restaurantes\"],\"tags\":null,\"capacity\":\"17\",\"url\":\"https:\\\/\\\/visitrijeka.hr\\\/es\\\/sabai-thai\\\/\"},{\"address\":\"Ivana Zajca 10\",\"coordinates\":\"45.325037, 14.444162\",\"title\":\"Bodega Grill &#038; Beer\",\"categories\":[\"puertos-de-barbacoa-gastronomicos\",\"puertos-diarios\",\"restaurantes\"],\"tags\":[\"carne-es\"],\"capacity\":\"17\",\"url\":\"https:\\\/\\\/visitrijeka.hr\\\/es\\\/bodega-grill-beer\\\/\"},{\"address\":\"Verdijeva 7 b\",\"coordinates\":\"45.324140, 14.444109\",\"title\":\"King&#8217;s  Caffe Food Pub\",\"categories\":[\"comida-callejera\",\"puertos-gastronomicos-de-particularidad\"],\"tags\":null,\"capacity\":\"17\",\"url\":\"https:\\\/\\\/visitrijeka.hr\\\/es\\\/kings-pub\\\/\"},{\"address\":\"M. Gupca 5b\",\"coordinates\":\"45.325015, 14.445085\",\"title\":\"Konoba Feral\",\"categories\":[\"puertos-empresariales-gastronomicos\",\"puertos-pesqueros-gastronomicos\",\"restaurantes\"],\"tags\":[\"pescado\"],\"capacity\":\"17\",\"url\":\"https:\\\/\\\/visitrijeka.hr\\\/es\\\/konoba-feral\\\/\"},{\"address\":\"Trg 128. brigade Hrvatske vojske\",\"title\":\"Municipium Fine Grill\",\"categories\":[\"restaurantes\"],\"tags\":[\"cocina-mediterranea\"],\"capacity\":\"17\",\"url\":\"https:\\\/\\\/visitrijeka.hr\\\/es\\\/municipium\\\/\"},{\"address\":\"Opatijska ul. 9\",\"coordinates\":\"45.346905, 14.350473\",\"title\":\"Nebo Restaurant &#038; Lounge\",\"categories\":[\"etiqueta-de-calidad\",\"puertos-gastronomicos-de-particularidad\",\"restaurantes\"],\"tags\":[\"cocina-mediterranea\",\"etiqueta-de-calidad-tag\"],\"capacity\":\"17\",\"url\":\"https:\\\/\\\/visitrijeka.hr\\\/es\\\/nebo-restaurant-lounge-by-deni-srdoc\\\/\"},{\"address\":\"Titov trg 8c\",\"coordinates\":\"45.327656945167874, 14.447822212405805\",\"title\":\"Konoba Blato\",\"categories\":[\"puertos-diarios\",\"restaurantes\"],\"tags\":[\"pescado\"],\"capacity\":\"17\",\"url\":\"https:\\\/\\\/visitrijeka.hr\\\/es\\\/konoba-blato\\\/\"},{\"address\":\"U\u017earska 12\",\"coordinates\":\"45.32679413251445, 14.444915600000002\",\"title\":\"Poke n&#8217; Roll\",\"categories\":[\"comida-callejera\",\"puertos-gastronomicos-de-particularidad\",\"puertos-veganos-gastronomicos\",\"restaurantes\"],\"tags\":[\"carne-es\",\"vegano-vegetariano-es\"],\"capacity\":\"17\",\"url\":\"https:\\\/\\\/visitrijeka.hr\\\/es\\\/poke-n-roll\\\/\"},{\"address\":\"Zametska 90\",\"coordinates\":\"45.343191, 14.390481\",\"title\":\"Submarine burger, Zamet\",\"categories\":[\"comida-callejera\"],\"tags\":null,\"capacity\":\"17\",\"url\":\"https:\\\/\\\/visitrijeka.hr\\\/es\\\/submarine-burger-zamet\\\/\"},{\"address\":\"Ulica Marka Maruli\u0107a 4\",\"title\":\"Submarine burger, Rijeka\",\"categories\":[\"comida-callejera\"],\"tags\":null,\"capacity\":\"17\",\"url\":\"https:\\\/\\\/visitrijeka.hr\\\/es\\\/submarine-burger-rijeka\\\/\"},{\"address\":\"\u0160etali\u0161te XIII. divizije 88\",\"coordinates\":\"45.31487570668329, 14.470224703952452\",\"title\":\"Borik\",\"categories\":[\"puertos-pesqueros-gastronomicos\",\"restaurantes\"],\"tags\":[\"cocina-mediterranea\"],\"capacity\":\"17\",\"url\":\"https:\\\/\\\/visitrijeka.hr\\\/es\\\/borik\\\/\"},{\"address\":\"Dra\u017ei\u010dka 4\",\"coordinates\":\"45.32805612137073, 14.441113860393443\",\"title\":\"Ugor\",\"categories\":[\"puertos-empresariales-gastronomicos\",\"puertos-pesqueros-gastronomicos\",\"restaurantes\"],\"tags\":[\"pescado\"],\"capacity\":\"17\",\"url\":\"https:\\\/\\\/visitrijeka.hr\\\/es\\\/ugor\\\/\"},{\"address\":\"Riva 6\",\"coordinates\":\"45.32688088922986, 14.4420115\",\"title\":\"\u0160toRija\",\"categories\":[\"puertos-veganos-gastronomicos\",\"restaurantes\"],\"tags\":[\"carne-es\",\"cocina-mediterranea\",\"vegano-vegetariano-es\"],\"capacity\":\"17\",\"url\":\"https:\\\/\\\/visitrijeka.hr\\\/es\\\/storija\\\/\"},{\"address\":\"Istarsko pristani\u0161te 1\",\"coordinates\":\"45.326838897836254, 14.43739452635456\",\"title\":\"Boonker\",\"categories\":[\"restaurantes\"],\"tags\":[\"pizza-pasta-es\"],\"capacity\":\"17\",\"url\":\"https:\\\/\\\/visitrijeka.hr\\\/es\\\/boonker\\\/\"},{\"address\":\"\u0160etali\u0161te Joakima Rakovca 33\",\"coordinates\":\"45.331060, 14.456329\",\"title\":\"Trsatica\",\"categories\":[\"puertos-gastronomicos-de-particularidad\",\"restaurantes\"],\"tags\":[\"carne-es\"],\"capacity\":\"17\",\"url\":\"https:\\\/\\\/visitrijeka.hr\\\/es\\\/trsatica\\\/\"},{\"address\":\"Pulska 30\",\"coordinates\":\"45.338363, 14.384526\",\"title\":\"Ribica\",\"categories\":[\"puertos-gastronomicos-para-entusiastas-del-vino\",\"puertos-pesqueros-gastronomicos\",\"restaurantes\"],\"tags\":[\"pescado\"],\"capacity\":\"17\",\"url\":\"https:\\\/\\\/visitrijeka.hr\\\/es\\\/ribica\\\/\"},{\"address\":\"Verdijeva 19 a\",\"coordinates\":\"45.32508335004488, 14.442346698877905\",\"title\":\"Taiyo\",\"categories\":[\"puertos-gastronomicos-con-el-sabor-de-otros-paises\",\"restaurantes\"],\"tags\":[\"gastronomia-nacional\"],\"capacity\":\"17\",\"url\":\"https:\\\/\\\/visitrijeka.hr\\\/es\\\/taiyo\\\/\"},{\"address\":\"Ulica Vatroslava Lisinskog 12\",\"coordinates\":\"45.324076, 14.442301\",\"title\":\"Taberna Fiume\",\"categories\":[\"etiqueta-de-calidad\",\"puertos-gastronomicos-de-comestibles-locales\",\"puertos-pesqueros-gastronomicos\",\"restaurantes\"],\"tags\":[\"etiqueta-de-calidad-tag\",\"pescado\"],\"capacity\":\"17\",\"url\":\"https:\\\/\\\/visitrijeka.hr\\\/es\\\/taberna-fiume\\\/\"},{\"address\":\"Spin\u010di\u0107eva 2\",\"coordinates\":\"45.31465189854764, 14.475228739244045\",\"title\":\"Tifan Co. Vegetarian Bistro\",\"categories\":[\"puertos-diarios\",\"puertos-veganos-gastronomicos\",\"restaurantes\"],\"tags\":[\"vegano-vegetariano-es\"],\"capacity\":\"17\",\"url\":\"https:\\\/\\\/visitrijeka.hr\\\/es\\\/tifan-co-vegetarian-bistro\\\/\"},{\"address\":\"Bo\u017ee Milanovi\u0107a 18\",\"coordinates\":\"45.333685, 14.440270\",\"title\":\"Peking\",\"categories\":[\"puertos-gastronomicos-con-el-sabor-de-otros-paises\",\"restaurantes\"],\"tags\":[\"gastronomia-nacional\"],\"capacity\":\"17\",\"url\":\"https:\\\/\\\/visitrijeka.hr\\\/es\\\/peking\\\/\"},{\"address\":\"Matije Gupca 7\",\"coordinates\":\"45.325398, 14.444286\",\"title\":\"Klub Makrovega\",\"categories\":[\"restaurantes\"],\"tags\":[\"vegano-vegetariano-es\"],\"capacity\":\"17\",\"url\":\"https:\\\/\\\/visitrijeka.hr\\\/es\\\/klub-makrovega\\\/\"},{\"address\":\"Ivana Zajca 24 a\",\"coordinates\":\"45.325718576419675, 14.442540219679953\",\"title\":\"Spagho\",\"categories\":[\"restaurantes\"],\"tags\":[\"pizza-pasta-es\"],\"capacity\":\"17\",\"url\":\"https:\\\/\\\/visitrijeka.hr\\\/es\\\/spagho\\\/\"},{\"address\":\"Riva 6\",\"title\":\"Gardens\",\"categories\":[\"restaurantes\"],\"tags\":[\"carne-es\"],\"capacity\":\"17\",\"url\":\"https:\\\/\\\/visitrijeka.hr\\\/es\\\/gardens\\\/\"},{\"address\":\"Riva Boduli 5a\",\"coordinates\":\"45.3249051505924, 14.441870525749911\",\"title\":\"Mornar\",\"categories\":[\"etiqueta-de-calidad\",\"puertos-diarios\",\"puertos-gastronomicos-de-comestibles-locales\",\"puertos-pesqueros-gastronomicos\",\"restaurantes\"],\"tags\":[\"etiqueta-de-calidad-tag\",\"pescado\"],\"capacity\":\"17\",\"url\":\"https:\\\/\\\/visitrijeka.hr\\\/es\\\/mornar\\\/\"},{\"address\":\"Ulica Jurja Dobrile 17\",\"coordinates\":\"45.35401717368664, 14.361812344176517\",\"title\":\"Barbacoa\",\"categories\":[\"puertos-de-barbacoa-gastronomicos\",\"restaurantes\"],\"tags\":[\"carne-es\"],\"capacity\":\"17\",\"url\":\"https:\\\/\\\/visitrijeka.hr\\\/es\\\/barbacoa\\\/\"},{\"address\":\"Milice Jadrani\u0107 2\",\"coordinates\":\"45.353110, 14.391038\",\"title\":\"Mor\u010di\u0107\",\"categories\":[\"etiqueta-de-calidad\",\"restaurantes\"],\"tags\":[\"cocina-mediterranea\",\"etiqueta-de-calidad-tag\"],\"capacity\":\"17\",\"url\":\"https:\\\/\\\/visitrijeka.hr\\\/es\\\/morcic\\\/\"},{\"address\":\"Rujevica 6\",\"coordinates\":\"45.346720606641355, 14.405471379880849\",\"title\":\"Lovorka\",\"categories\":[\"puertos-de-barbacoa-gastronomicos\",\"puertos-empresariales-gastronomicos\",\"puertos-familiares-gastronomicos\",\"restaurantes\"],\"tags\":[\"carne-es\"],\"capacity\":\"17\",\"url\":\"https:\\\/\\\/visitrijeka.hr\\\/es\\\/lovorka\\\/\"},{\"address\":\"Kru\u017ena 12\",\"coordinates\":\"45.327755, 14.440195\",\"title\":\"Conca D&#8217;oro\",\"categories\":[\"etiqueta-de-calidad\",\"puertos-gastronomicos-de-comestibles-locales\",\"puertos-gastronomicos-de-particularidad\",\"restaurantes\"],\"tags\":[\"cocina-mediterranea\",\"etiqueta-de-calidad-tag\"],\"capacity\":\"17\",\"url\":\"https:\\\/\\\/visitrijeka.hr\\\/es\\\/conca-doro\\\/\"},{\"address\":\"Vukovarska 65 a\",\"coordinates\":\"45.340299, 14.417190\",\"title\":\"Girica\",\"categories\":[\"puertos-gastronomicos-de-comestibles-locales\",\"puertos-pesqueros-gastronomicos\",\"restaurantes\"],\"tags\":[\"pescado\"],\"capacity\":\"17\",\"url\":\"https:\\\/\\\/visitrijeka.hr\\\/es\\\/girica\\\/\"}]<\/script>\n            <div id=\"map\"><\/div>\n    \n<\/div><\/div><\/div><\/div><\/div><\/p>\n","protected":false},"excerpt":{"rendered":"","protected":false},"author":1,"featured_media":78882,"parent":0,"menu_order":0,"comment_status":"closed","ping_status":"closed","template":"100-width.php","meta":{"_acf_changed":false,"inline_featured_image":false,"footnotes":""},"class_list":["post-28857","page","type-page","status-publish","has-post-thumbnail","hentry"],"acf":[],"yoast_head":"<!-- This site is optimized with the Yoast SEO plugin v26.3 - https:\/\/yoast.com\/wordpress\/plugins\/seo\/ -->\n<title>Puertos rom\u00e1nticos - Visit Rijeka<\/title>\n<meta name=\"robots\" content=\"index, follow, max-snippet:-1, max-image-preview:large, max-video-preview:-1\" \/>\n<link rel=\"canonical\" href=\"https:\/\/visitrijeka.hr\/es\/puertos-romanticos-gastronomicos\/\" \/>\n<meta property=\"og:locale\" content=\"es_ES\" \/>\n<meta property=\"og:type\" content=\"article\" \/>\n<meta property=\"og:title\" content=\"Puertos rom\u00e1nticos - Visit Rijeka\" \/>\n<meta property=\"og:url\" content=\"https:\/\/visitrijeka.hr\/es\/puertos-romanticos-gastronomicos\/\" \/>\n<meta property=\"og:site_name\" content=\"Visit Rijeka\" \/>\n<meta property=\"article:publisher\" content=\"https:\/\/www.facebook.com\/VisitRijeka\" \/>\n<meta property=\"article:modified_time\" content=\"2025-08-25T11:43:36+00:00\" \/>\n<meta property=\"og:image\" content=\"https:\/\/visitrijeka.hr\/wp-content\/uploads\/2023\/05\/botelmarina3.jpg\" \/>\n\t<meta property=\"og:image:width\" content=\"2000\" \/>\n\t<meta property=\"og:image:height\" content=\"1334\" \/>\n\t<meta property=\"og:image:type\" content=\"image\/jpeg\" \/>\n<meta name=\"twitter:card\" content=\"summary_large_image\" \/>\n<meta name=\"twitter:label1\" content=\"Tiempo de lectura\" \/>\n\t<meta name=\"twitter:data1\" content=\"8 minutos\" \/>\n<script type=\"application\/ld+json\" class=\"yoast-schema-graph\">{\"@context\":\"https:\/\/schema.org\",\"@graph\":[{\"@type\":\"WebPage\",\"@id\":\"https:\/\/visitrijeka.hr\/es\/puertos-romanticos-gastronomicos\/\",\"url\":\"https:\/\/visitrijeka.hr\/es\/puertos-romanticos-gastronomicos\/\",\"name\":\"Puertos rom\u00e1nticos - Visit Rijeka\",\"isPartOf\":{\"@id\":\"https:\/\/visitrijeka.hr\/es\/#website\"},\"primaryImageOfPage\":{\"@id\":\"https:\/\/visitrijeka.hr\/es\/puertos-romanticos-gastronomicos\/#primaryimage\"},\"image\":{\"@id\":\"https:\/\/visitrijeka.hr\/es\/puertos-romanticos-gastronomicos\/#primaryimage\"},\"thumbnailUrl\":\"https:\/\/visitrijeka.hr\/wp-content\/uploads\/2023\/05\/botelmarina3.jpg\",\"datePublished\":\"2023-06-08T16:55:20+00:00\",\"dateModified\":\"2025-08-25T11:43:36+00:00\",\"breadcrumb\":{\"@id\":\"https:\/\/visitrijeka.hr\/es\/puertos-romanticos-gastronomicos\/#breadcrumb\"},\"inLanguage\":\"es\",\"potentialAction\":[{\"@type\":\"ReadAction\",\"target\":[\"https:\/\/visitrijeka.hr\/es\/puertos-romanticos-gastronomicos\/\"]}]},{\"@type\":\"ImageObject\",\"inLanguage\":\"es\",\"@id\":\"https:\/\/visitrijeka.hr\/es\/puertos-romanticos-gastronomicos\/#primaryimage\",\"url\":\"https:\/\/visitrijeka.hr\/wp-content\/uploads\/2023\/05\/botelmarina3.jpg\",\"contentUrl\":\"https:\/\/visitrijeka.hr\/wp-content\/uploads\/2023\/05\/botelmarina3.jpg\",\"width\":2000,\"height\":1334},{\"@type\":\"WebSite\",\"@id\":\"https:\/\/visitrijeka.hr\/es\/#website\",\"url\":\"https:\/\/visitrijeka.hr\/es\/\",\"name\":\"Visit Rijeka\",\"description\":\"Grad koji te\u010de....\",\"publisher\":{\"@id\":\"https:\/\/visitrijeka.hr\/es\/#organization\"},\"potentialAction\":[{\"@type\":\"SearchAction\",\"target\":{\"@type\":\"EntryPoint\",\"urlTemplate\":\"https:\/\/visitrijeka.hr\/es\/?s={search_term_string}\"},\"query-input\":{\"@type\":\"PropertyValueSpecification\",\"valueRequired\":true,\"valueName\":\"search_term_string\"}}],\"inLanguage\":\"es\"},{\"@type\":\"Organization\",\"@id\":\"https:\/\/visitrijeka.hr\/es\/#organization\",\"name\":\"Visit Rijeka\",\"url\":\"https:\/\/visitrijeka.hr\/es\/\",\"logo\":{\"@type\":\"ImageObject\",\"inLanguage\":\"es\",\"@id\":\"https:\/\/visitrijeka.hr\/es\/#\/schema\/logo\/image\/\",\"url\":\"https:\/\/visitrijeka.hr\/wp-content\/uploads\/2023\/02\/Logo_Visit_rijeka_460.svg\",\"contentUrl\":\"https:\/\/visitrijeka.hr\/wp-content\/uploads\/2023\/02\/Logo_Visit_rijeka_460.svg\",\"width\":100,\"height\":100,\"caption\":\"Visit Rijeka\"},\"image\":{\"@id\":\"https:\/\/visitrijeka.hr\/es\/#\/schema\/logo\/image\/\"},\"sameAs\":[\"https:\/\/www.facebook.com\/VisitRijeka\"]}]}<\/script>\n<!-- \/ Yoast SEO plugin. -->","yoast_head_json":{"title":"Puertos rom\u00e1nticos - Visit Rijeka","robots":{"index":"index","follow":"follow","max-snippet":"max-snippet:-1","max-image-preview":"max-image-preview:large","max-video-preview":"max-video-preview:-1"},"canonical":"https:\/\/visitrijeka.hr\/es\/puertos-romanticos-gastronomicos\/","og_locale":"es_ES","og_type":"article","og_title":"Puertos rom\u00e1nticos - Visit Rijeka","og_url":"https:\/\/visitrijeka.hr\/es\/puertos-romanticos-gastronomicos\/","og_site_name":"Visit Rijeka","article_publisher":"https:\/\/www.facebook.com\/VisitRijeka","article_modified_time":"2025-08-25T11:43:36+00:00","og_image":[{"width":2000,"height":1334,"url":"https:\/\/visitrijeka.hr\/wp-content\/uploads\/2023\/05\/botelmarina3.jpg","type":"image\/jpeg"}],"twitter_card":"summary_large_image","twitter_misc":{"Tiempo de lectura":"8 minutos"},"schema":{"@context":"https:\/\/schema.org","@graph":[{"@type":"WebPage","@id":"https:\/\/visitrijeka.hr\/es\/puertos-romanticos-gastronomicos\/","url":"https:\/\/visitrijeka.hr\/es\/puertos-romanticos-gastronomicos\/","name":"Puertos rom\u00e1nticos - Visit Rijeka","isPartOf":{"@id":"https:\/\/visitrijeka.hr\/es\/#website"},"primaryImageOfPage":{"@id":"https:\/\/visitrijeka.hr\/es\/puertos-romanticos-gastronomicos\/#primaryimage"},"image":{"@id":"https:\/\/visitrijeka.hr\/es\/puertos-romanticos-gastronomicos\/#primaryimage"},"thumbnailUrl":"https:\/\/visitrijeka.hr\/wp-content\/uploads\/2023\/05\/botelmarina3.jpg","datePublished":"2023-06-08T16:55:20+00:00","dateModified":"2025-08-25T11:43:36+00:00","breadcrumb":{"@id":"https:\/\/visitrijeka.hr\/es\/puertos-romanticos-gastronomicos\/#breadcrumb"},"inLanguage":"es","potentialAction":[{"@type":"ReadAction","target":["https:\/\/visitrijeka.hr\/es\/puertos-romanticos-gastronomicos\/"]}]},{"@type":"ImageObject","inLanguage":"es","@id":"https:\/\/visitrijeka.hr\/es\/puertos-romanticos-gastronomicos\/#primaryimage","url":"https:\/\/visitrijeka.hr\/wp-content\/uploads\/2023\/05\/botelmarina3.jpg","contentUrl":"https:\/\/visitrijeka.hr\/wp-content\/uploads\/2023\/05\/botelmarina3.jpg","width":2000,"height":1334},{"@type":"WebSite","@id":"https:\/\/visitrijeka.hr\/es\/#website","url":"https:\/\/visitrijeka.hr\/es\/","name":"Visit Rijeka","description":"Grad koji te\u010de....","publisher":{"@id":"https:\/\/visitrijeka.hr\/es\/#organization"},"potentialAction":[{"@type":"SearchAction","target":{"@type":"EntryPoint","urlTemplate":"https:\/\/visitrijeka.hr\/es\/?s={search_term_string}"},"query-input":{"@type":"PropertyValueSpecification","valueRequired":true,"valueName":"search_term_string"}}],"inLanguage":"es"},{"@type":"Organization","@id":"https:\/\/visitrijeka.hr\/es\/#organization","name":"Visit Rijeka","url":"https:\/\/visitrijeka.hr\/es\/","logo":{"@type":"ImageObject","inLanguage":"es","@id":"https:\/\/visitrijeka.hr\/es\/#\/schema\/logo\/image\/","url":"https:\/\/visitrijeka.hr\/wp-content\/uploads\/2023\/02\/Logo_Visit_rijeka_460.svg","contentUrl":"https:\/\/visitrijeka.hr\/wp-content\/uploads\/2023\/02\/Logo_Visit_rijeka_460.svg","width":100,"height":100,"caption":"Visit Rijeka"},"image":{"@id":"https:\/\/visitrijeka.hr\/es\/#\/schema\/logo\/image\/"},"sameAs":["https:\/\/www.facebook.com\/VisitRijeka"]}]}},"_links":{"self":[{"href":"https:\/\/visitrijeka.hr\/es\/wp-json\/wp\/v2\/pages\/28857","targetHints":{"allow":["GET"]}}],"collection":[{"href":"https:\/\/visitrijeka.hr\/es\/wp-json\/wp\/v2\/pages"}],"about":[{"href":"https:\/\/visitrijeka.hr\/es\/wp-json\/wp\/v2\/types\/page"}],"author":[{"embeddable":true,"href":"https:\/\/visitrijeka.hr\/es\/wp-json\/wp\/v2\/users\/1"}],"replies":[{"embeddable":true,"href":"https:\/\/visitrijeka.hr\/es\/wp-json\/wp\/v2\/comments?post=28857"}],"version-history":[{"count":0,"href":"https:\/\/visitrijeka.hr\/es\/wp-json\/wp\/v2\/pages\/28857\/revisions"}],"wp:featuredmedia":[{"embeddable":true,"href":"https:\/\/visitrijeka.hr\/es\/wp-json\/wp\/v2\/media\/78882"}],"wp:attachment":[{"href":"https:\/\/visitrijeka.hr\/es\/wp-json\/wp\/v2\/media?parent=28857"}],"curies":[{"name":"wp","href":"https:\/\/api.w.org\/{rel}","templated":true}]}}