{"id":23732,"date":"2023-04-26T09:49:11","date_gmt":"2023-04-26T07:49:11","guid":{"rendered":"https:\/\/visitrijeka.hr\/tri-dana-u-rijeci\/"},"modified":"2023-06-19T14:15:22","modified_gmt":"2023-06-19T12:15:22","slug":"tres-dias-en-rijeka","status":"publish","type":"page","link":"https:\/\/visitrijeka.hr\/es\/tres-dias-en-rijeka\/","title":{"rendered":"Tres d\u00edas en Rijeka"},"content":{"rendered":"<p><div id=\"planiraj\" class=\"fusion-container-anchor\"><div class=\"fusion-fullwidth fullwidth-box fusion-builder-row-1 fusion-flex-container has-pattern-background has-mask-background nonhundred-percent-fullwidth non-hundred-percent-height-scrolling\" style=\"--awb-border-radius-top-left:0px;--awb-border-radius-top-right:0px;--awb-border-radius-bottom-right:0px;--awb-border-radius-bottom-left:0px;--awb-padding-top:0px;--awb-padding-right:20px;--awb-padding-bottom:40px;--awb-padding-left:20px;--awb-padding-bottom-small:20px;--awb-flex-wrap:wrap;\" ><div class=\"fusion-builder-row fusion-row fusion-flex-align-items-stretch fusion-flex-content-wrap\" style=\"max-width:1387.2px;margin-left: calc(-2% \/ 2 );margin-right: calc(-2% \/ 2 );\"><div class=\"fusion-layout-column fusion_builder_column fusion-builder-column-0 fusion_builder_column_3_4 3_4 fusion-flex-column id-23732\" style=\"--awb-bg-size:cover;--awb-width-large:75%;--awb-margin-top-large:0px;--awb-spacing-right-large:1.3066666666667%;--awb-margin-bottom-large:0px;--awb-spacing-left-large:1.3066666666667%;--awb-width-medium:75%;--awb-order-medium:0;--awb-spacing-right-medium:1.3066666666667%;--awb-spacing-left-medium:1.3066666666667%;--awb-width-small:100%;--awb-order-small:0;--awb-spacing-right-small:0.98%;--awb-spacing-left-small:0.98%;\" data-scroll-devices=\"small-visibility,medium-visibility,large-visibility\"><div class=\"fusion-column-wrapper fusion-column-has-shadow fusion-flex-justify-content-flex-start fusion-content-layout-column\"><\/div><\/div><div class=\"fusion-layout-column fusion_builder_column fusion-builder-column-1 fusion_builder_column_1_4 1_4 fusion-flex-column id-23732\" style=\"--awb-bg-size:cover;--awb-width-large:25%;--awb-margin-top-large:-40px;--awb-spacing-right-large:3.92%;--awb-margin-bottom-large:0px;--awb-spacing-left-large:3.92%;--awb-width-medium:25%;--awb-order-medium:0;--awb-spacing-right-medium:3.92%;--awb-spacing-left-medium:3.92%;--awb-width-small:100%;--awb-order-small:0;--awb-margin-top-small:-30px;--awb-spacing-right-small:0.98%;--awb-spacing-left-small:0.98%;\" data-scroll-devices=\"small-visibility,medium-visibility,large-visibility\"><div class=\"fusion-column-wrapper fusion-column-has-shadow fusion-flex-justify-content-flex-start fusion-content-layout-column\"><div class=\"fusion-text fusion-text-1\">     <ul style=\"--awb-size:20px;--awb-margin-top:0px;--awb-margin-right:0px;--awb-margin-bottom:0px;--awb-margin-left:0px;--awb-item-padding-top:0px;--awb-item-padding-right:0px;--awb-item-padding-bottom:0px;--awb-item-padding-left:0px;--awb-line-height:34px;--awb-icon-width:34px;--awb-icon-height:34px;--awb-icon-margin:14px;--awb-content-margin:48px;\" class=\"fusion-checklist fusion-checklist-1 type-icons\">\n         <li class=\"fusion-li-item\" style=\"\">\n            <span class=\"icon-wrapper circle-no\">\n                <i class=\"fusion-li-icon icon-Plava_Visitrijeka\" aria-hidden=\"true\"><\/i>\n            <\/span>\n            <div class=\"fusion-li-item-content\">\n                <h3><strong>planea.<\/strong><\/h3>\n            <\/div>\n        <\/li>\n    <\/ul>\n    \n<\/div><\/div><\/div>\n<div class=\"fusion-layout-column fusion_builder_column fusion-builder-column-2 fusion_builder_column_1_2 1_2 fusion-flex-column id-23732\" style=\"--awb-bg-size:cover;--awb-width-large:50%;--awb-margin-top-large:0px;--awb-spacing-right-large:1.96%;--awb-margin-bottom-large:0px;--awb-spacing-left-large:1.96%;--awb-width-medium:50%;--awb-order-medium:0;--awb-spacing-right-medium:1.96%;--awb-spacing-left-medium:1.96%;--awb-width-small:100%;--awb-order-small:0;--awb-margin-top-small:20px;--awb-spacing-right-small:0.98%;--awb-spacing-left-small:0.98%;\" data-scroll-devices=\"small-visibility,medium-visibility,large-visibility\"><div class=\"fusion-column-wrapper fusion-column-has-shadow fusion-flex-justify-content-flex-start fusion-content-layout-column\"><div class=\"fusion-image-element \" style=\"--awb-caption-title-font-family:var(--h2_typography-font-family);--awb-caption-title-font-weight:var(--h2_typography-font-weight);--awb-caption-title-font-style:var(--h2_typography-font-style);--awb-caption-title-size:var(--h2_typography-font-size);--awb-caption-title-transform:var(--h2_typography-text-transform);--awb-caption-title-line-height:var(--h2_typography-line-height);--awb-caption-title-letter-spacing:var(--h2_typography-letter-spacing);\"><span class=\" fusion-imageframe imageframe-none imageframe-1 hover-type-none\" style=\"border-radius:12px;\"><img decoding=\"async\" width=\"1200\" height=\"799\" title=\"Visit Rijeka Tourist Board\" src=\"https:\/\/visitrijeka.hr\/wp-content\/uploads\/2023\/01\/Rijeka-naslovna.jpg\" data-orig-src=\"https:\/\/visitrijeka.hr\/wp-content\/uploads\/2023\/01\/Rijeka-naslovna.jpg\" alt class=\"lazyload img-responsive wp-image-10508\" srcset=\"data:image\/svg+xml,%3Csvg%20xmlns%3D%27http%3A%2F%2Fwww.w3.org%2F2000%2Fsvg%27%20width%3D%271200%27%20height%3D%27799%27%20viewBox%3D%270%200%201200%20799%27%3E%3Crect%20width%3D%271200%27%20height%3D%27799%27%20fill-opacity%3D%220%22%2F%3E%3C%2Fsvg%3E\" data-srcset=\"https:\/\/visitrijeka.hr\/wp-content\/uploads\/2023\/01\/Rijeka-naslovna-200x133.jpg 200w, https:\/\/visitrijeka.hr\/wp-content\/uploads\/2023\/01\/Rijeka-naslovna-400x266.jpg 400w, https:\/\/visitrijeka.hr\/wp-content\/uploads\/2023\/01\/Rijeka-naslovna-600x400.jpg 600w, https:\/\/visitrijeka.hr\/wp-content\/uploads\/2023\/01\/Rijeka-naslovna-800x533.jpg 800w, https:\/\/visitrijeka.hr\/wp-content\/uploads\/2023\/01\/Rijeka-naslovna.jpg 1200w\" data-sizes=\"auto\" data-orig-sizes=\"(max-width: 800px) 100vw, 800px\" \/><\/span><\/div><\/div><\/div><div class=\"fusion-layout-column fusion_builder_column fusion-builder-column-3 fusion_builder_column_1_2 1_2 fusion-flex-column id-23732\" style=\"--awb-bg-size:cover;--awb-width-large:50%;--awb-margin-top-large:0px;--awb-spacing-right-large:1.96%;--awb-margin-bottom-large:0px;--awb-spacing-left-large:5.88%;--awb-width-medium:50%;--awb-order-medium:0;--awb-spacing-right-medium:1.96%;--awb-spacing-left-medium:5.88%;--awb-width-small:100%;--awb-order-small:0;--awb-margin-top-small:30px;--awb-spacing-right-small:0.98%;--awb-spacing-left-small:0.98%;\" data-scroll-devices=\"small-visibility,medium-visibility,large-visibility\"><div class=\"fusion-column-wrapper fusion-column-has-shadow fusion-flex-justify-content-flex-start fusion-content-layout-column\"><div class=\"fusion-separator fusion-no-small-visibility fusion-no-medium-visibility fusion-full-width-sep\" style=\"align-self: center;margin-left: auto;margin-right: auto;margin-top:50px;width:100%;\"><\/div><div class=\"fusion-text fusion-text-2\" style=\"--awb-font-size:23px;--awb-line-height:1.3;--awb-text-color:var(--awb-color4);--awb-text-font-family:&quot;SSP-Semibold-600&quot;;--awb-text-font-style:normal;--awb-text-font-weight:400;\"><p>Durante sus tres d\u00edas en Rijeka, se le da la oportunidad de conocer la ciudad de varias maneras.<\/p>\n<\/div><div class=\"fusion-text fusion-text-3 slovoodlomka_veliko\" style=\"--awb-font-size:17px;--awb-text-color:var(--awb-color8);--awb-margin-top:20px;--awb-text-font-family:&quot;SSP-Regular-400&quot;;--awb-text-font-style:normal;--awb-text-font-weight:400;\"><p>Desde las tradiciones culturales e hist\u00f3ricas de la ciudad, la naturaleza, la vida y el entretenimiento y la rica oferta gastron\u00f3mica, y si tiene tiempo, una corta excursi\u00f3n por los alrededores de Rijeka. Aqu\u00ed hay algunas sugerencias para pasar tres d\u00edas inolvidables en Rijeka.<\/p>\n<p>Aseg\u00farese de pasar un d\u00eda entero por el centro de la ciudad. Dado que los contenidos interesantes est\u00e1n en pleno centro de la ciudad o en sus inmediaciones, en corto tiempo se puede \u201chacer\u201d una buena parte de la gira tur\u00edstica.<\/p>\n<\/div><\/div><\/div><\/div><\/div><\/div><div id=\"ispod_uvoda\" class=\"fusion-container-anchor\"><div class=\"fusion-fullwidth fullwidth-box fusion-builder-row-2 fusion-flex-container has-pattern-background has-mask-background nonhundred-percent-fullwidth non-hundred-percent-height-scrolling\" style=\"--awb-background-position:center top;--awb-border-radius-top-left:0px;--awb-border-radius-top-right:0px;--awb-border-radius-bottom-right:0px;--awb-border-radius-bottom-left:0px;--awb-padding-top:40px;--awb-padding-bottom:0px;--awb-padding-top-small:20px;--awb-padding-right-small:20px;--awb-padding-left-small:20px;--awb-flex-wrap:wrap;\" ><div class=\"fusion-builder-row fusion-row fusion-flex-align-items-flex-start fusion-flex-justify-content-center fusion-flex-content-wrap\" style=\"max-width:1414.4px;margin-left: calc(-4% \/ 2 );margin-right: calc(-4% \/ 2 );\"><div class=\"fusion-layout-column fusion_builder_column fusion-builder-column-4 fusion_builder_column_1_3 1_3 fusion-flex-column id-23732\" style=\"--awb-bg-size:cover;--awb-width-large:33.333333333333%;--awb-margin-top-large:0px;--awb-spacing-right-large:5.76%;--awb-margin-bottom-large:50px;--awb-spacing-left-large:5.76%;--awb-width-medium:33.333333333333%;--awb-order-medium:0;--awb-spacing-right-medium:5.76%;--awb-spacing-left-medium:5.76%;--awb-width-small:100%;--awb-order-small:0;--awb-spacing-right-small:1.92%;--awb-spacing-left-small:1.92%;\" data-scroll-devices=\"small-visibility,medium-visibility,large-visibility\"><div class=\"fusion-column-wrapper fusion-column-has-shadow fusion-flex-justify-content-flex-start fusion-content-layout-column\"><div class=\"fusion-image-element \" style=\"--awb-aspect-ratio:4 \/ 3;--awb-caption-title-font-family:var(--h2_typography-font-family);--awb-caption-title-font-weight:var(--h2_typography-font-weight);--awb-caption-title-font-style:var(--h2_typography-font-style);--awb-caption-title-size:0px;--awb-caption-title-transform:var(--h2_typography-text-transform);--awb-caption-title-line-height:var(--h2_typography-line-height);--awb-caption-title-letter-spacing:var(--h2_typography-letter-spacing);\"><span class=\" fusion-imageframe imageframe-none imageframe-2 hover-type-zoomin has-aspect-ratio\" style=\"border-radius:12px;\"><img decoding=\"async\" width=\"1000\" height=\"667\" title=\"Trgovine u centru grada\" src=\"https:\/\/visitrijeka.hr\/wp-content\/uploads\/2023\/04\/Korzo-min.jpg\" data-orig-src=\"https:\/\/visitrijeka.hr\/wp-content\/uploads\/2023\/04\/Korzo-min.jpg\" class=\"lazyload img-responsive wp-image-16755 img-with-aspect-ratio\" data-parent-fit=\"cover\" data-parent-container=\".fusion-image-element\" alt srcset=\"data:image\/svg+xml,%3Csvg%20xmlns%3D%27http%3A%2F%2Fwww.w3.org%2F2000%2Fsvg%27%20width%3D%271000%27%20height%3D%27667%27%20viewBox%3D%270%200%201000%20667%27%3E%3Crect%20width%3D%271000%27%20height%3D%27667%27%20fill-opacity%3D%220%22%2F%3E%3C%2Fsvg%3E\" data-srcset=\"https:\/\/visitrijeka.hr\/wp-content\/uploads\/2023\/04\/Korzo-min-200x133.jpg 200w, https:\/\/visitrijeka.hr\/wp-content\/uploads\/2023\/04\/Korzo-min-400x267.jpg 400w, https:\/\/visitrijeka.hr\/wp-content\/uploads\/2023\/04\/Korzo-min-600x400.jpg 600w, https:\/\/visitrijeka.hr\/wp-content\/uploads\/2023\/04\/Korzo-min-800x534.jpg 800w, https:\/\/visitrijeka.hr\/wp-content\/uploads\/2023\/04\/Korzo-min.jpg 1000w\" data-sizes=\"auto\" data-orig-sizes=\"(max-width: 800px) 100vw, 600px\" \/><\/span><\/div><div class=\"fusion-text fusion-text-4 fusion-text-no-margin slovoodlomka_veliko\" style=\"--awb-text-color:var(--awb-color8);--awb-margin-top:30px;--awb-margin-right:20px;--awb-margin-bottom:0px;--awb-margin-left:10px;--awb-text-font-family:&quot;SSP-Regular-400&quot;;--awb-text-font-style:normal;--awb-text-font-weight:400;\"><p>El paseo de Korzo es la mejor manera de comenzar su visita a Rijeka, porque se trata del coraz\u00f3n de la ciudad, y muchos de los monumentos se encuentran a unos pocos pasos de distancia, con el s\u00edmbolo ineludible de la ciudad, el Reloj de la ciudad, y en cercan\u00edas est\u00e1n Stendarac, la catedral de San Vito, el parque arqueol\u00f3gico, la puerta antigua de la ciudad, la iglesia de la Asunci\u00f3n de la Sant\u00edsima Virgen Mar\u00eda con su campanario, la popular \u201cTorre inclinada\u201d. Muy cerca se encuentran la mayor\u00eda de los museos y las colecciones. Mientras est\u00e1 en el centro, no se pierda la Placa, el mercado principal de la ciudad.<\/p>\n<\/div><div ><a class=\"fusion-button button-flat fusion-button-default-size button-custom fusion-button-default button-1 fusion-button-default-span fusion-button-default-type\" style=\"--button_accent_color:var(--awb-color1);--button_accent_hover_color:var(--awb-color1);--button_border_hover_color:var(--awb-color4);--button_gradient_top_color:var(--awb-color4);--button_gradient_bottom_color:var(--awb-color4);--button_gradient_top_color_hover:var(--awb-color4);--button_gradient_bottom_color_hover:var(--awb-color4);--button_padding-top:18px;--button_padding-right:30px;--button_padding-bottom:18px;--button_padding-left:30px;--button_typography-font-family:&quot;SSP-Semibold-600&quot;;--button_typography-font-style:normal;--button_typography-font-weight:400;--button_margin-top:40px;--button_margin-left:10px;\" target=\"_self\" href=\"https:\/\/visitrijeka.hr\/es\/ciudad\/?filter=atracciones\"><span class=\"fusion-button-text awb-button__text awb-button__text--default\">Atracciones<\/span><i class=\"awb-touroperator-arrow-1 awb-button__icon awb-button__icon--default button-icon-right\" aria-hidden=\"true\"><\/i><\/a><\/div><\/div><\/div><div class=\"fusion-layout-column fusion_builder_column fusion-builder-column-5 fusion_builder_column_1_3 1_3 fusion-flex-column id-23732\" style=\"--awb-bg-size:cover;--awb-width-large:33.333333333333%;--awb-margin-top-large:0px;--awb-spacing-right-large:5.76%;--awb-margin-bottom-large:50px;--awb-spacing-left-large:5.76%;--awb-width-medium:33.333333333333%;--awb-order-medium:0;--awb-spacing-right-medium:5.76%;--awb-spacing-left-medium:5.76%;--awb-width-small:100%;--awb-order-small:0;--awb-spacing-right-small:1.92%;--awb-spacing-left-small:1.92%;\"><div class=\"fusion-column-wrapper fusion-column-has-shadow fusion-flex-justify-content-flex-start fusion-content-layout-column\"><div class=\"fusion-image-element \" style=\"--awb-aspect-ratio:4 \/ 3;--awb-caption-title-font-family:var(--h2_typography-font-family);--awb-caption-title-font-weight:var(--h2_typography-font-weight);--awb-caption-title-font-style:var(--h2_typography-font-style);--awb-caption-title-size:0px;--awb-caption-title-transform:var(--h2_typography-text-transform);--awb-caption-title-line-height:var(--h2_typography-line-height);--awb-caption-title-letter-spacing:var(--h2_typography-letter-spacing);\"><span class=\" fusion-imageframe imageframe-none imageframe-3 hover-type-zoomin has-aspect-ratio\" style=\"border-radius:12px;\"><img decoding=\"async\" width=\"1920\" height=\"1279\" title=\"Rije\u010dki lukobran\" src=\"https:\/\/visitrijeka.hr\/wp-content\/uploads\/2023\/03\/Rijecki-lukobran9.jpg\" data-orig-src=\"https:\/\/visitrijeka.hr\/wp-content\/uploads\/2023\/03\/Rijecki-lukobran9.jpg\" class=\"lazyload img-responsive wp-image-13760 img-with-aspect-ratio\" data-parent-fit=\"cover\" data-parent-container=\".fusion-image-element\" alt srcset=\"data:image\/svg+xml,%3Csvg%20xmlns%3D%27http%3A%2F%2Fwww.w3.org%2F2000%2Fsvg%27%20width%3D%271920%27%20height%3D%271279%27%20viewBox%3D%270%200%201920%201279%27%3E%3Crect%20width%3D%271920%27%20height%3D%271279%27%20fill-opacity%3D%220%22%2F%3E%3C%2Fsvg%3E\" data-srcset=\"https:\/\/visitrijeka.hr\/wp-content\/uploads\/2023\/03\/Rijecki-lukobran9-200x133.jpg 200w, https:\/\/visitrijeka.hr\/wp-content\/uploads\/2023\/03\/Rijecki-lukobran9-400x266.jpg 400w, https:\/\/visitrijeka.hr\/wp-content\/uploads\/2023\/03\/Rijecki-lukobran9-600x400.jpg 600w, https:\/\/visitrijeka.hr\/wp-content\/uploads\/2023\/03\/Rijecki-lukobran9-800x533.jpg 800w, https:\/\/visitrijeka.hr\/wp-content\/uploads\/2023\/03\/Rijecki-lukobran9-1200x799.jpg 1200w, https:\/\/visitrijeka.hr\/wp-content\/uploads\/2023\/03\/Rijecki-lukobran9.jpg 1920w\" data-sizes=\"auto\" data-orig-sizes=\"(max-width: 800px) 100vw, 600px\" \/><\/span><\/div><div class=\"fusion-text fusion-text-5 fusion-text-no-margin slovoodlomka_veliko\" style=\"--awb-text-color:var(--awb-color8);--awb-margin-top:30px;--awb-margin-right:20px;--awb-margin-bottom:0px;--awb-margin-left:10px;--awb-text-font-family:&quot;SSP-Regular-400&quot;;--awb-text-font-style:normal;--awb-text-font-weight:400;\"><p>Un d\u00eda de su estancia podr\u00eda dedicarlo a paseos. El rompeolas Molo Longo ofrece la mejor vista de la ciudad desde el mar. Aunque hasta Trsat se puede llegar muy f\u00e1cilmente desde el centro con la l\u00ednea 2 de autob\u00fas, es una experiencia especial subir los 561 escalones de Trsat antes del descanso en la sombra natural de la ciudadela de Trsat. Si no est\u00e1 cansado de caminar, puede visitar el observatorio en el Centro Astron\u00f3mico de Rijeka, pero quiz\u00e1s sea mejor tomar el autob\u00fas (l\u00ednea 7) o un taxi ya que este se encuentra en la parte este de la ciudad.<\/p>\n<\/div><div ><a class=\"fusion-button button-flat fusion-button-default-size button-custom fusion-button-default button-2 fusion-button-default-span fusion-button-default-type\" style=\"--button_accent_color:var(--awb-color1);--button_accent_hover_color:var(--awb-color1);--button_border_hover_color:var(--awb-color4);--button_gradient_top_color:var(--awb-color4);--button_gradient_bottom_color:var(--awb-color4);--button_gradient_top_color_hover:var(--awb-color4);--button_gradient_bottom_color_hover:var(--awb-color4);--button_padding-top:18px;--button_padding-right:30px;--button_padding-bottom:18px;--button_padding-left:30px;--button_typography-font-family:&quot;SSP-Semibold-600&quot;;--button_typography-font-style:normal;--button_typography-font-weight:400;--button_margin-top:40px;--button_margin-left:10px;\" target=\"_self\" href=\"https:\/\/visitrijeka.hr\/es\/rompeolas\/\"><span class=\"fusion-button-text awb-button__text awb-button__text--default\">Aprende m\u00e1s<\/span><i class=\"awb-touroperator-arrow-1 awb-button__icon awb-button__icon--default button-icon-right\" aria-hidden=\"true\"><\/i><\/a><\/div><\/div><\/div><div class=\"fusion-layout-column fusion_builder_column fusion-builder-column-6 fusion_builder_column_1_3 1_3 fusion-flex-column id-23732\" style=\"--awb-bg-size:cover;--awb-width-large:33.333333333333%;--awb-margin-top-large:0px;--awb-spacing-right-large:5.76%;--awb-margin-bottom-large:50px;--awb-spacing-left-large:5.76%;--awb-width-medium:33.333333333333%;--awb-order-medium:0;--awb-spacing-right-medium:5.76%;--awb-spacing-left-medium:5.76%;--awb-width-small:100%;--awb-order-small:0;--awb-spacing-right-small:1.92%;--awb-spacing-left-small:1.92%;\"><div class=\"fusion-column-wrapper fusion-column-has-shadow fusion-flex-justify-content-flex-start fusion-content-layout-column\"><div class=\"fusion-image-element \" style=\"--awb-aspect-ratio:4 \/ 3;--awb-caption-title-font-family:var(--h2_typography-font-family);--awb-caption-title-font-weight:var(--h2_typography-font-weight);--awb-caption-title-font-style:var(--h2_typography-font-style);--awb-caption-title-size:0px;--awb-caption-title-transform:var(--h2_typography-text-transform);--awb-caption-title-line-height:var(--h2_typography-line-height);--awb-caption-title-letter-spacing:var(--h2_typography-letter-spacing);\"><span class=\" fusion-imageframe imageframe-none imageframe-4 hover-type-zoomin has-aspect-ratio\" style=\"border-radius:12px;\"><img decoding=\"async\" width=\"1000\" height=\"666\" title=\"Bazeni Kantrida\" src=\"https:\/\/visitrijeka.hr\/wp-content\/uploads\/2023\/04\/DJI_0095-scaled-1-min.jpg\" data-orig-src=\"https:\/\/visitrijeka.hr\/wp-content\/uploads\/2023\/04\/DJI_0095-scaled-1-min.jpg\" class=\"lazyload img-responsive wp-image-16840 img-with-aspect-ratio\" data-parent-fit=\"cover\" data-parent-container=\".fusion-image-element\" alt srcset=\"data:image\/svg+xml,%3Csvg%20xmlns%3D%27http%3A%2F%2Fwww.w3.org%2F2000%2Fsvg%27%20width%3D%271000%27%20height%3D%27666%27%20viewBox%3D%270%200%201000%20666%27%3E%3Crect%20width%3D%271000%27%20height%3D%27666%27%20fill-opacity%3D%220%22%2F%3E%3C%2Fsvg%3E\" data-srcset=\"https:\/\/visitrijeka.hr\/wp-content\/uploads\/2023\/04\/DJI_0095-scaled-1-min-200x133.jpg 200w, https:\/\/visitrijeka.hr\/wp-content\/uploads\/2023\/04\/DJI_0095-scaled-1-min-400x266.jpg 400w, https:\/\/visitrijeka.hr\/wp-content\/uploads\/2023\/04\/DJI_0095-scaled-1-min-600x400.jpg 600w, https:\/\/visitrijeka.hr\/wp-content\/uploads\/2023\/04\/DJI_0095-scaled-1-min-800x533.jpg 800w, https:\/\/visitrijeka.hr\/wp-content\/uploads\/2023\/04\/DJI_0095-scaled-1-min.jpg 1000w\" data-sizes=\"auto\" data-orig-sizes=\"(max-width: 800px) 100vw, 600px\" \/><\/span><\/div><div class=\"fusion-text fusion-text-6 fusion-text-no-margin slovoodlomka_veliko\" style=\"--awb-text-color:var(--awb-color8);--awb-margin-top:30px;--awb-margin-right:20px;--awb-margin-bottom:0px;--awb-margin-left:10px;--awb-text-font-family:&quot;SSP-Regular-400&quot;;--awb-text-font-style:normal;--awb-text-font-weight:400;\"><p>Visite las ciudades cercanas. Sienta el encanto relajado de Kastav, pasee por el famoso paseo de Opatija, sienta la adrenalina en el Automot\u00f3dromo Grobnik, experimente el encanto de Voloska&#8230; Si est\u00e1 aqu\u00ed durante el verano, no deje de visitar una de las playas de Rijeka. Es posible nadar incluso durante los per\u00edodos m\u00e1s frescos en uno de los complejos m\u00e1s bellos de Europa, las piscinas Kantrida.<\/p>\n<\/div><div ><a class=\"fusion-button button-flat fusion-button-default-size button-custom fusion-button-default button-3 fusion-button-default-span fusion-button-default-type\" style=\"--button_accent_color:var(--awb-color1);--button_accent_hover_color:var(--awb-color1);--button_border_hover_color:var(--awb-color4);--button_gradient_top_color:var(--awb-color4);--button_gradient_bottom_color:var(--awb-color4);--button_gradient_top_color_hover:var(--awb-color4);--button_gradient_bottom_color_hover:var(--awb-color4);--button_padding-top:18px;--button_padding-right:30px;--button_padding-bottom:18px;--button_padding-left:30px;--button_typography-font-family:&quot;SSP-Semibold-600&quot;;--button_typography-font-style:normal;--button_typography-font-weight:400;--button_margin-top:40px;--button_margin-left:10px;\" target=\"_self\" href=\"https:\/\/visitrijeka.hr\/es\/vacaciones-activas\/\"><span class=\"fusion-button-text awb-button__text awb-button__text--default\">Aprende m\u00e1s<\/span><i class=\"awb-touroperator-arrow-1 awb-button__icon awb-button__icon--default button-icon-right\" aria-hidden=\"true\"><\/i><\/a><\/div><\/div><\/div><\/div><\/div><\/div><div class=\"fusion-fullwidth fullwidth-box fusion-builder-row-3 fusion-flex-container has-pattern-background has-mask-background nonhundred-percent-fullwidth non-hundred-percent-height-scrolling\" style=\"--awb-border-radius-top-left:0px;--awb-border-radius-top-right:0px;--awb-border-radius-bottom-right:0px;--awb-border-radius-bottom-left:0px;--awb-padding-top:45px;--awb-padding-top-small:20px;--awb-padding-right-small:20px;--awb-padding-left-small:20px;--awb-background-image:linear-gradient(180deg, var(--awb-color2) 0%,rgba(255,255,255,0) 100%);--awb-flex-wrap:wrap;\" ><div class=\"fusion-builder-row fusion-row fusion-flex-align-items-flex-start fusion-flex-content-wrap\" style=\"max-width:1414.4px;margin-left: calc(-4% \/ 2 );margin-right: calc(-4% \/ 2 );\"><div class=\"fusion-layout-column fusion_builder_column fusion-builder-column-7 fusion_builder_column_1_1 1_1 fusion-flex-column id-23732\" style=\"--awb-bg-size:cover;--awb-width-large:100%;--awb-margin-top-large:0px;--awb-spacing-right-large:1.92%;--awb-margin-bottom-large:0px;--awb-spacing-left-large:1.92%;--awb-width-medium:100%;--awb-order-medium:0;--awb-spacing-right-medium:1.92%;--awb-spacing-left-medium:1.92%;--awb-width-small:100%;--awb-order-small:0;--awb-spacing-right-small:1.92%;--awb-spacing-left-small:1.92%;\"><div class=\"fusion-column-wrapper fusion-column-has-shadow fusion-flex-justify-content-flex-start fusion-content-layout-column\"><\/div><\/div><div class=\"fusion-layout-column fusion_builder_column fusion-builder-column-8 fusion_builder_column_1_2 1_2 fusion-flex-column id-23732\" style=\"--awb-bg-size:cover;--awb-width-large:50%;--awb-margin-top-large:0px;--awb-spacing-right-large:3.84%;--awb-margin-bottom-large:80px;--awb-spacing-left-large:3.84%;--awb-width-medium:50%;--awb-order-medium:0;--awb-spacing-right-medium:3.84%;--awb-spacing-left-medium:3.84%;--awb-width-small:100%;--awb-order-small:0;--awb-spacing-right-small:1.92%;--awb-spacing-left-small:1.92%;\"><div class=\"fusion-column-wrapper fusion-column-has-shadow fusion-flex-justify-content-flex-start fusion-content-layout-column\"><div class=\"fusion-builder-row fusion-builder-row-inner fusion-row fusion-flex-align-items-flex-start fusion-flex-content-wrap\" style=\"width:104% !important;max-width:104% !important;margin-left: calc(-4% \/ 2 );margin-right: calc(-4% \/ 2 );\"><div class=\"fusion-layout-column fusion_builder_column_inner fusion-builder-nested-column-0 fusion_builder_column_inner_1_2 1_2 fusion-flex-column\" style=\"--awb-bg-size:cover;--awb-width-large:50%;--awb-margin-top-large:0px;--awb-spacing-right-large:3.84%;--awb-margin-bottom-large:0px;--awb-spacing-left-large:3.84%;--awb-width-medium:50%;--awb-order-medium:0;--awb-spacing-right-medium:3.84%;--awb-spacing-left-medium:3.84%;--awb-width-small:100%;--awb-order-small:0;--awb-spacing-right-small:1.92%;--awb-spacing-left-small:1.92%;\"><div class=\"fusion-column-wrapper fusion-column-has-shadow fusion-flex-justify-content-flex-start fusion-content-layout-column\"><div class=\"fusion-image-element \" style=\"--awb-aspect-ratio:1 \/ 1;--awb-object-position:28% 55%;--awb-caption-title-font-family:var(--h2_typography-font-family);--awb-caption-title-font-weight:var(--h2_typography-font-weight);--awb-caption-title-font-style:var(--h2_typography-font-style);--awb-caption-title-size:var(--h2_typography-font-size);--awb-caption-title-transform:var(--h2_typography-text-transform);--awb-caption-title-line-height:var(--h2_typography-line-height);--awb-caption-title-letter-spacing:var(--h2_typography-letter-spacing);\"><span class=\" fusion-imageframe imageframe-none imageframe-5 hover-type-zoomin has-aspect-ratio\" style=\"border-radius:12px;\"><img decoding=\"async\" width=\"2000\" height=\"1334\" title=\"Maslina na zelenom trgu\" src=\"https:\/\/visitrijeka.hr\/wp-content\/uploads\/2023\/03\/Maslina-na-zelenom-trgu-min.jpg\" data-orig-src=\"https:\/\/visitrijeka.hr\/wp-content\/uploads\/2023\/03\/Maslina-na-zelenom-trgu-min.jpg\" class=\"lazyload img-responsive wp-image-11898 img-with-aspect-ratio\" data-parent-fit=\"cover\" data-parent-container=\".fusion-image-element\" alt srcset=\"data:image\/svg+xml,%3Csvg%20xmlns%3D%27http%3A%2F%2Fwww.w3.org%2F2000%2Fsvg%27%20width%3D%272000%27%20height%3D%271334%27%20viewBox%3D%270%200%202000%201334%27%3E%3Crect%20width%3D%272000%27%20height%3D%271334%27%20fill-opacity%3D%220%22%2F%3E%3C%2Fsvg%3E\" data-srcset=\"https:\/\/visitrijeka.hr\/wp-content\/uploads\/2023\/03\/Maslina-na-zelenom-trgu-min-200x133.jpg 200w, https:\/\/visitrijeka.hr\/wp-content\/uploads\/2023\/03\/Maslina-na-zelenom-trgu-min-400x267.jpg 400w, https:\/\/visitrijeka.hr\/wp-content\/uploads\/2023\/03\/Maslina-na-zelenom-trgu-min-600x400.jpg 600w, https:\/\/visitrijeka.hr\/wp-content\/uploads\/2023\/03\/Maslina-na-zelenom-trgu-min-800x534.jpg 800w, https:\/\/visitrijeka.hr\/wp-content\/uploads\/2023\/03\/Maslina-na-zelenom-trgu-min-1200x800.jpg 1200w, https:\/\/visitrijeka.hr\/wp-content\/uploads\/2023\/03\/Maslina-na-zelenom-trgu-min.jpg 2000w\" data-sizes=\"auto\" data-orig-sizes=\"(max-width: 800px) 100vw, 800px\" \/><\/span><\/div><\/div><\/div><div class=\"fusion-layout-column fusion_builder_column_inner fusion-builder-nested-column-1 fusion_builder_column_inner_1_2 1_2 fusion-flex-column fusion-flex-align-self-center\" style=\"--awb-padding-right:20px;--awb-padding-left:20px;--awb-bg-size:cover;--awb-width-large:50%;--awb-margin-top-large:0px;--awb-spacing-right-large:3.84%;--awb-margin-bottom-large:0px;--awb-spacing-left-large:3.84%;--awb-width-medium:50%;--awb-order-medium:0;--awb-spacing-right-medium:3.84%;--awb-spacing-left-medium:3.84%;--awb-width-small:100%;--awb-order-small:0;--awb-margin-top-small:30px;--awb-spacing-right-small:1.92%;--awb-spacing-left-small:1.92%;\" data-scroll-devices=\"small-visibility,medium-visibility,large-visibility\"><div class=\"fusion-column-wrapper fusion-column-has-shadow fusion-flex-justify-content-flex-start fusion-content-layout-column\"><div class=\"fusion-text fusion-text-7 slovoodlomka_veliko\"><p>Durante su estancia, puede elegir entre una amplia gama de restaurantes y tabernas, y probar las especialidades locales, cl\u00e1sicas o ex\u00f3ticas. Los caf\u00e9s y bares, y el Art cine o cine m\u00faltiplex pueden ser sus opciones nocturnas.<\/p>\n<\/div><div ><a class=\"fusion-button button-flat fusion-button-default-size button-default fusion-button-default button-4 fusion-button-default-span fusion-button-default-type\" style=\"--button_margin-top:20px;\" target=\"_self\" href=\"https:\/\/visitrijeka.hr\/es\/instalaciones-de-hosteleria\/\"><span class=\"fusion-button-text awb-button__text awb-button__text--default\">Todas las instalaciones de hosteler\u00eda<\/span><\/a><\/div><\/div><\/div><\/div><\/div><\/div><div class=\"fusion-layout-column fusion_builder_column fusion-builder-column-9 fusion_builder_column_1_2 1_2 fusion-flex-column id-23732\" style=\"--awb-bg-size:cover;--awb-width-large:50%;--awb-margin-top-large:0px;--awb-spacing-right-large:3.84%;--awb-margin-bottom-large:80px;--awb-spacing-left-large:3.84%;--awb-width-medium:50%;--awb-order-medium:0;--awb-spacing-right-medium:3.84%;--awb-spacing-left-medium:3.84%;--awb-width-small:100%;--awb-order-small:0;--awb-spacing-right-small:1.92%;--awb-spacing-left-small:1.92%;\"><div class=\"fusion-column-wrapper fusion-column-has-shadow fusion-flex-justify-content-flex-start fusion-content-layout-column\"><div class=\"fusion-builder-row fusion-builder-row-inner fusion-row fusion-flex-align-items-flex-start fusion-flex-content-wrap\" style=\"width:104% !important;max-width:104% !important;margin-left: calc(-4% \/ 2 );margin-right: calc(-4% \/ 2 );\"><div class=\"fusion-layout-column fusion_builder_column_inner fusion-builder-nested-column-2 fusion_builder_column_inner_1_2 1_2 fusion-flex-column\" style=\"--awb-bg-size:cover;--awb-width-large:50%;--awb-margin-top-large:0px;--awb-spacing-right-large:3.84%;--awb-margin-bottom-large:0px;--awb-spacing-left-large:3.84%;--awb-width-medium:50%;--awb-order-medium:0;--awb-spacing-right-medium:3.84%;--awb-spacing-left-medium:3.84%;--awb-width-small:100%;--awb-order-small:0;--awb-spacing-right-small:1.92%;--awb-spacing-left-small:1.92%;\"><div class=\"fusion-column-wrapper fusion-column-has-shadow fusion-flex-justify-content-flex-start fusion-content-layout-column\"><div class=\"fusion-image-element \" style=\"--awb-aspect-ratio:1 \/ 1;--awb-object-position:28% 55%;--awb-caption-title-font-family:var(--h2_typography-font-family);--awb-caption-title-font-weight:var(--h2_typography-font-weight);--awb-caption-title-font-style:var(--h2_typography-font-style);--awb-caption-title-size:var(--h2_typography-font-size);--awb-caption-title-transform:var(--h2_typography-text-transform);--awb-caption-title-line-height:var(--h2_typography-line-height);--awb-caption-title-letter-spacing:var(--h2_typography-letter-spacing);\"><span class=\" fusion-imageframe imageframe-none imageframe-6 hover-type-zoomin has-aspect-ratio\" style=\"border-radius:12px;\"><img decoding=\"async\" width=\"1500\" height=\"1000\" title=\"3 dana u Rijeci\" src=\"https:\/\/visitrijeka.hr\/wp-content\/uploads\/2023\/04\/rijeka-okolica-3-dana.jpg\" data-orig-src=\"https:\/\/visitrijeka.hr\/wp-content\/uploads\/2023\/04\/rijeka-okolica-3-dana.jpg\" class=\"lazyload img-responsive wp-image-15545 img-with-aspect-ratio\" data-parent-fit=\"cover\" data-parent-container=\".fusion-image-element\" alt srcset=\"data:image\/svg+xml,%3Csvg%20xmlns%3D%27http%3A%2F%2Fwww.w3.org%2F2000%2Fsvg%27%20width%3D%271500%27%20height%3D%271000%27%20viewBox%3D%270%200%201500%201000%27%3E%3Crect%20width%3D%271500%27%20height%3D%271000%27%20fill-opacity%3D%220%22%2F%3E%3C%2Fsvg%3E\" data-srcset=\"https:\/\/visitrijeka.hr\/wp-content\/uploads\/2023\/04\/rijeka-okolica-3-dana-200x133.jpg 200w, https:\/\/visitrijeka.hr\/wp-content\/uploads\/2023\/04\/rijeka-okolica-3-dana-400x267.jpg 400w, https:\/\/visitrijeka.hr\/wp-content\/uploads\/2023\/04\/rijeka-okolica-3-dana-600x400.jpg 600w, https:\/\/visitrijeka.hr\/wp-content\/uploads\/2023\/04\/rijeka-okolica-3-dana-800x533.jpg 800w, https:\/\/visitrijeka.hr\/wp-content\/uploads\/2023\/04\/rijeka-okolica-3-dana-1200x800.jpg 1200w, https:\/\/visitrijeka.hr\/wp-content\/uploads\/2023\/04\/rijeka-okolica-3-dana.jpg 1500w\" data-sizes=\"auto\" data-orig-sizes=\"(max-width: 800px) 100vw, 800px\" \/><\/span><\/div><\/div><\/div><div class=\"fusion-layout-column fusion_builder_column_inner fusion-builder-nested-column-3 fusion_builder_column_inner_1_2 1_2 fusion-flex-column fusion-flex-align-self-center\" style=\"--awb-padding-right:20px;--awb-padding-left:20px;--awb-bg-size:cover;--awb-width-large:50%;--awb-margin-top-large:0px;--awb-spacing-right-large:3.84%;--awb-margin-bottom-large:0px;--awb-spacing-left-large:3.84%;--awb-width-medium:50%;--awb-order-medium:0;--awb-spacing-right-medium:3.84%;--awb-spacing-left-medium:3.84%;--awb-width-small:100%;--awb-order-small:0;--awb-margin-top-small:30px;--awb-spacing-right-small:1.92%;--awb-spacing-left-small:1.92%;\" data-scroll-devices=\"small-visibility,medium-visibility,large-visibility\"><div class=\"fusion-column-wrapper fusion-column-has-shadow fusion-flex-justify-content-flex-start fusion-content-layout-column\"><div class=\"fusion-text fusion-text-8 slovoodlomka_veliko\"><p>Un compa\u00f1ero perfecto durante su estancia en Rijeka ser\u00e1 una de nuestras aplicaciones m\u00f3viles, mediante la cual puede encontrar f\u00e1cilmente todos los monumentos, restaurantes, bares, alojamientos, lugares para ir de compras, informaci\u00f3n \u00fatil, etc. Rijeka dispone de wifi gratuito en varias ubicaciones frecuentes y, por eso, el uso de aplicaciones m\u00f3viles no ser\u00e1 una experiencia cara. Para obtener m\u00e1s informaci\u00f3n, aqu\u00ed est\u00e1 nuestro Centro de Informaci\u00f3n Tur\u00edstica.<\/p>\n<\/div><div ><a class=\"fusion-button button-flat fusion-button-default-size button-default fusion-button-default button-5 fusion-button-default-span fusion-button-default-type\" style=\"--button_margin-top:20px;\" target=\"_self\"><span class=\"fusion-button-text awb-button__text awb-button__text--default\">M\u00e1s informaci\u00f3n<\/span><\/a><\/div><\/div><\/div><\/div><\/div><\/div><div class=\"fusion-layout-column fusion_builder_column fusion-builder-column-10 fusion_builder_column_1_1 1_1 fusion-flex-column id-23732\" style=\"--awb-padding-right:30px;--awb-padding-bottom:30px;--awb-padding-left:30px;--awb-overflow:hidden;--awb-bg-image:linear-gradient(180deg, hsla(var(--awb-custom_color_7-h),var(--awb-custom_color_7-s),var(--awb-custom_color_7-l),calc(var(--awb-custom_color_7-a) - 20%)) 0%,hsla(var(--awb-custom_color_7-h),var(--awb-custom_color_7-s),var(--awb-custom_color_7-l),calc(var(--awb-custom_color_7-a) - 30%)) 100%);;--awb-bg-position:center bottom;--awb-bg-size:cover;--awb-border-radius:12px 12px 12px 12px;--awb-width-large:100%;--awb-margin-top-large:0px;--awb-spacing-right-large:1.92%;--awb-margin-bottom-large:20px;--awb-spacing-left-large:1.92%;--awb-width-medium:100%;--awb-order-medium:0;--awb-spacing-right-medium:1.92%;--awb-spacing-left-medium:1.92%;--awb-width-small:100%;--awb-order-small:0;--awb-spacing-right-small:1.92%;--awb-spacing-left-small:1.92%;\" data-scroll-devices=\"small-visibility,medium-visibility,large-visibility\"><div class=\"fusion-column-wrapper lazyload fusion-column-has-shadow fusion-flex-justify-content-flex-start fusion-content-layout-column fusion-column-has-bg-image\" data-bg-url=\"https:\/\/visitrijeka.hr\/wp-content\/uploads\/2023\/01\/kastel_08_2015.jpg\" data-bg=\"https:\/\/visitrijeka.hr\/wp-content\/uploads\/2023\/01\/kastel_08_2015.jpg\" data-bg-gradient=\"linear-gradient(180deg, hsla(var(--awb-custom_color_7-h),var(--awb-custom_color_7-s),var(--awb-custom_color_7-l),calc(var(--awb-custom_color_7-a) - 20%)) 0%,hsla(var(--awb-custom_color_7-h),var(--awb-custom_color_7-s),var(--awb-custom_color_7-l),calc(var(--awb-custom_color_7-a) - 30%)) 100%)\"><i class=\"fb-icon-element-1 fb-icon-element fontawesome-icon fa-wifi fas circle-yes fusion-text-flow\" style=\"--awb-iconcolor:var(--awb-color1);--awb-iconcolor-hover:var(--awb-color1);--awb-circlecolor-hover:rgba(242,186,0,0);--awb-circlebordercolor-hover:var(--awb-color8);--awb-circlebordersize:0px;--awb-font-size:28.16px;--awb-width:56.32px;--awb-height:56.32px;--awb-line-height:56.32px;--awb-border-radius-top-l:0;--awb-border-radius-top-r:0;--awb-border-radius-bot-r:0;--awb-border-radius-bot-l:0;--awb-margin-right:16px;\"><\/i><div class=\"fusion-title title fusion-title-1 fusion-sep-none fusion-title-center fusion-title-text fusion-title-size-three\" style=\"--awb-text-color:var(--awb-color1);--awb-margin-top:0px;\"><h3 class=\"fusion-title-heading title-heading-center\" style=\"font-family:&quot;SSP-Bold-700&quot;;font-style:normal;font-weight:400;margin:0;\">Free wireless Internet<\/h3><\/div><div class=\"fusion-text fusion-text-9\" style=\"--awb-text-color:var(--awb-color1);\"><p style=\"text-align: center;\">Para facilitar su estancia en Rijeka, descargue una de la nuestras aplicaciones m\u00f3viles. No se preocupe por el Internet, Rijeka tiene WIFI gratis en el centro de la ciudad, en Trsat y en unos cuantos sitios m\u00e1s.<\/p>\n<\/div><\/div><\/div>\n<\/div><\/div><\/p>\n","protected":false},"excerpt":{"rendered":"","protected":false},"author":1,"featured_media":16735,"parent":0,"menu_order":0,"comment_status":"closed","ping_status":"closed","template":"100-width.php","meta":{"_acf_changed":false,"inline_featured_image":false,"footnotes":""},"class_list":["post-23732","page","type-page","status-publish","has-post-thumbnail","hentry"],"acf":[],"yoast_head":"<!-- This site is optimized with the Yoast SEO plugin v26.3 - https:\/\/yoast.com\/wordpress\/plugins\/seo\/ -->\n<title>Tres d\u00edas en Rijeka - Visit Rijeka<\/title>\n<meta name=\"robots\" content=\"index, follow, max-snippet:-1, max-image-preview:large, max-video-preview:-1\" \/>\n<link rel=\"canonical\" href=\"https:\/\/visitrijeka.hr\/es\/tres-dias-en-rijeka\/\" \/>\n<meta property=\"og:locale\" content=\"es_ES\" \/>\n<meta property=\"og:type\" content=\"article\" \/>\n<meta property=\"og:title\" content=\"Tres d\u00edas en Rijeka - Visit Rijeka\" \/>\n<meta property=\"og:url\" content=\"https:\/\/visitrijeka.hr\/es\/tres-dias-en-rijeka\/\" \/>\n<meta property=\"og:site_name\" content=\"Visit Rijeka\" \/>\n<meta property=\"article:publisher\" content=\"https:\/\/www.facebook.com\/VisitRijeka\" \/>\n<meta property=\"article:modified_time\" content=\"2023-06-19T12:15:22+00:00\" \/>\n<meta property=\"og:image\" content=\"https:\/\/visitrijeka.hr\/wp-content\/uploads\/2023\/04\/Tri-dana-u-Rijeci.jpg\" \/>\n\t<meta property=\"og:image:width\" content=\"1200\" \/>\n\t<meta property=\"og:image:height\" content=\"800\" \/>\n\t<meta property=\"og:image:type\" content=\"image\/jpeg\" \/>\n<meta name=\"twitter:card\" content=\"summary_large_image\" \/>\n<meta name=\"twitter:label1\" content=\"Tiempo de lectura\" \/>\n\t<meta name=\"twitter:data1\" content=\"48 minutos\" \/>\n<script type=\"application\/ld+json\" class=\"yoast-schema-graph\">{\"@context\":\"https:\/\/schema.org\",\"@graph\":[{\"@type\":\"WebPage\",\"@id\":\"https:\/\/visitrijeka.hr\/es\/tres-dias-en-rijeka\/\",\"url\":\"https:\/\/visitrijeka.hr\/es\/tres-dias-en-rijeka\/\",\"name\":\"Tres d\u00edas en Rijeka - Visit Rijeka\",\"isPartOf\":{\"@id\":\"https:\/\/visitrijeka.hr\/es\/#website\"},\"primaryImageOfPage\":{\"@id\":\"https:\/\/visitrijeka.hr\/es\/tres-dias-en-rijeka\/#primaryimage\"},\"image\":{\"@id\":\"https:\/\/visitrijeka.hr\/es\/tres-dias-en-rijeka\/#primaryimage\"},\"thumbnailUrl\":\"https:\/\/visitrijeka.hr\/wp-content\/uploads\/2023\/04\/Tri-dana-u-Rijeci.jpg\",\"datePublished\":\"2023-04-26T07:49:11+00:00\",\"dateModified\":\"2023-06-19T12:15:22+00:00\",\"breadcrumb\":{\"@id\":\"https:\/\/visitrijeka.hr\/es\/tres-dias-en-rijeka\/#breadcrumb\"},\"inLanguage\":\"es\",\"potentialAction\":[{\"@type\":\"ReadAction\",\"target\":[\"https:\/\/visitrijeka.hr\/es\/tres-dias-en-rijeka\/\"]}]},{\"@type\":\"ImageObject\",\"inLanguage\":\"es\",\"@id\":\"https:\/\/visitrijeka.hr\/es\/tres-dias-en-rijeka\/#primaryimage\",\"url\":\"https:\/\/visitrijeka.hr\/wp-content\/uploads\/2023\/04\/Tri-dana-u-Rijeci.jpg\",\"contentUrl\":\"https:\/\/visitrijeka.hr\/wp-content\/uploads\/2023\/04\/Tri-dana-u-Rijeci.jpg\",\"width\":1200,\"height\":800,\"caption\":\"Tri dana u Rijeci\"},{\"@type\":\"WebSite\",\"@id\":\"https:\/\/visitrijeka.hr\/es\/#website\",\"url\":\"https:\/\/visitrijeka.hr\/es\/\",\"name\":\"Visit Rijeka\",\"description\":\"Grad koji te\u010de....\",\"publisher\":{\"@id\":\"https:\/\/visitrijeka.hr\/es\/#organization\"},\"potentialAction\":[{\"@type\":\"SearchAction\",\"target\":{\"@type\":\"EntryPoint\",\"urlTemplate\":\"https:\/\/visitrijeka.hr\/es\/?s={search_term_string}\"},\"query-input\":{\"@type\":\"PropertyValueSpecification\",\"valueRequired\":true,\"valueName\":\"search_term_string\"}}],\"inLanguage\":\"es\"},{\"@type\":\"Organization\",\"@id\":\"https:\/\/visitrijeka.hr\/es\/#organization\",\"name\":\"Visit Rijeka\",\"url\":\"https:\/\/visitrijeka.hr\/es\/\",\"logo\":{\"@type\":\"ImageObject\",\"inLanguage\":\"es\",\"@id\":\"https:\/\/visitrijeka.hr\/es\/#\/schema\/logo\/image\/\",\"url\":\"https:\/\/visitrijeka.hr\/wp-content\/uploads\/2023\/02\/Logo_Visit_rijeka_460.svg\",\"contentUrl\":\"https:\/\/visitrijeka.hr\/wp-content\/uploads\/2023\/02\/Logo_Visit_rijeka_460.svg\",\"width\":100,\"height\":100,\"caption\":\"Visit Rijeka\"},\"image\":{\"@id\":\"https:\/\/visitrijeka.hr\/es\/#\/schema\/logo\/image\/\"},\"sameAs\":[\"https:\/\/www.facebook.com\/VisitRijeka\"]}]}<\/script>\n<!-- \/ Yoast SEO plugin. -->","yoast_head_json":{"title":"Tres d\u00edas en Rijeka - Visit Rijeka","robots":{"index":"index","follow":"follow","max-snippet":"max-snippet:-1","max-image-preview":"max-image-preview:large","max-video-preview":"max-video-preview:-1"},"canonical":"https:\/\/visitrijeka.hr\/es\/tres-dias-en-rijeka\/","og_locale":"es_ES","og_type":"article","og_title":"Tres d\u00edas en Rijeka - Visit Rijeka","og_url":"https:\/\/visitrijeka.hr\/es\/tres-dias-en-rijeka\/","og_site_name":"Visit Rijeka","article_publisher":"https:\/\/www.facebook.com\/VisitRijeka","article_modified_time":"2023-06-19T12:15:22+00:00","og_image":[{"width":1200,"height":800,"url":"https:\/\/visitrijeka.hr\/wp-content\/uploads\/2023\/04\/Tri-dana-u-Rijeci.jpg","type":"image\/jpeg"}],"twitter_card":"summary_large_image","twitter_misc":{"Tiempo de lectura":"48 minutos"},"schema":{"@context":"https:\/\/schema.org","@graph":[{"@type":"WebPage","@id":"https:\/\/visitrijeka.hr\/es\/tres-dias-en-rijeka\/","url":"https:\/\/visitrijeka.hr\/es\/tres-dias-en-rijeka\/","name":"Tres d\u00edas en Rijeka - Visit Rijeka","isPartOf":{"@id":"https:\/\/visitrijeka.hr\/es\/#website"},"primaryImageOfPage":{"@id":"https:\/\/visitrijeka.hr\/es\/tres-dias-en-rijeka\/#primaryimage"},"image":{"@id":"https:\/\/visitrijeka.hr\/es\/tres-dias-en-rijeka\/#primaryimage"},"thumbnailUrl":"https:\/\/visitrijeka.hr\/wp-content\/uploads\/2023\/04\/Tri-dana-u-Rijeci.jpg","datePublished":"2023-04-26T07:49:11+00:00","dateModified":"2023-06-19T12:15:22+00:00","breadcrumb":{"@id":"https:\/\/visitrijeka.hr\/es\/tres-dias-en-rijeka\/#breadcrumb"},"inLanguage":"es","potentialAction":[{"@type":"ReadAction","target":["https:\/\/visitrijeka.hr\/es\/tres-dias-en-rijeka\/"]}]},{"@type":"ImageObject","inLanguage":"es","@id":"https:\/\/visitrijeka.hr\/es\/tres-dias-en-rijeka\/#primaryimage","url":"https:\/\/visitrijeka.hr\/wp-content\/uploads\/2023\/04\/Tri-dana-u-Rijeci.jpg","contentUrl":"https:\/\/visitrijeka.hr\/wp-content\/uploads\/2023\/04\/Tri-dana-u-Rijeci.jpg","width":1200,"height":800,"caption":"Tri dana u Rijeci"},{"@type":"WebSite","@id":"https:\/\/visitrijeka.hr\/es\/#website","url":"https:\/\/visitrijeka.hr\/es\/","name":"Visit Rijeka","description":"Grad koji te\u010de....","publisher":{"@id":"https:\/\/visitrijeka.hr\/es\/#organization"},"potentialAction":[{"@type":"SearchAction","target":{"@type":"EntryPoint","urlTemplate":"https:\/\/visitrijeka.hr\/es\/?s={search_term_string}"},"query-input":{"@type":"PropertyValueSpecification","valueRequired":true,"valueName":"search_term_string"}}],"inLanguage":"es"},{"@type":"Organization","@id":"https:\/\/visitrijeka.hr\/es\/#organization","name":"Visit Rijeka","url":"https:\/\/visitrijeka.hr\/es\/","logo":{"@type":"ImageObject","inLanguage":"es","@id":"https:\/\/visitrijeka.hr\/es\/#\/schema\/logo\/image\/","url":"https:\/\/visitrijeka.hr\/wp-content\/uploads\/2023\/02\/Logo_Visit_rijeka_460.svg","contentUrl":"https:\/\/visitrijeka.hr\/wp-content\/uploads\/2023\/02\/Logo_Visit_rijeka_460.svg","width":100,"height":100,"caption":"Visit Rijeka"},"image":{"@id":"https:\/\/visitrijeka.hr\/es\/#\/schema\/logo\/image\/"},"sameAs":["https:\/\/www.facebook.com\/VisitRijeka"]}]}},"_links":{"self":[{"href":"https:\/\/visitrijeka.hr\/es\/wp-json\/wp\/v2\/pages\/23732","targetHints":{"allow":["GET"]}}],"collection":[{"href":"https:\/\/visitrijeka.hr\/es\/wp-json\/wp\/v2\/pages"}],"about":[{"href":"https:\/\/visitrijeka.hr\/es\/wp-json\/wp\/v2\/types\/page"}],"author":[{"embeddable":true,"href":"https:\/\/visitrijeka.hr\/es\/wp-json\/wp\/v2\/users\/1"}],"replies":[{"embeddable":true,"href":"https:\/\/visitrijeka.hr\/es\/wp-json\/wp\/v2\/comments?post=23732"}],"version-history":[{"count":0,"href":"https:\/\/visitrijeka.hr\/es\/wp-json\/wp\/v2\/pages\/23732\/revisions"}],"wp:featuredmedia":[{"embeddable":true,"href":"https:\/\/visitrijeka.hr\/es\/wp-json\/wp\/v2\/media\/16735"}],"wp:attachment":[{"href":"https:\/\/visitrijeka.hr\/es\/wp-json\/wp\/v2\/media?parent=23732"}],"curies":[{"name":"wp","href":"https:\/\/api.w.org\/{rel}","templated":true}]}}