{"id":103496,"date":"2023-05-10T09:53:07","date_gmt":"2023-05-10T07:53:07","guid":{"rendered":"https:\/\/visitrijeka.hr\/carnival-snowboard-session\/"},"modified":"2026-01-07T11:51:02","modified_gmt":"2026-01-07T10:51:02","slug":"carnival-snowboard-session","status":"publish","type":"page","link":"https:\/\/visitrijeka.hr\/es\/carnival-snowboard-session\/","title":{"rendered":"Carnival Snowboard Session"},"content":{"rendered":"<p><div class=\"fusion-fullwidth fullwidth-box fusion-builder-row-1 fusion-flex-container has-pattern-background has-mask-background nonhundred-percent-fullwidth non-hundred-percent-height-scrolling\" style=\"--awb-border-radius-top-left:0px;--awb-border-radius-top-right:0px;--awb-border-radius-bottom-right:0px;--awb-border-radius-bottom-left:0px;--awb-padding-top:0px;--awb-padding-bottom:0px;--awb-margin-top:0px;--awb-margin-bottom:0px;--awb-flex-wrap:wrap;\" ><div class=\"fusion-builder-row fusion-row fusion-flex-align-items-flex-start fusion-flex-content-wrap\" style=\"max-width:1414.4px;margin-left: calc(-4% \/ 2 );margin-right: calc(-4% \/ 2 );\"><div class=\"fusion-layout-column fusion_builder_column fusion-builder-column-0 fusion_builder_column_3_4 3_4 fusion-flex-column id-103496\" style=\"--awb-bg-size:cover;--awb-width-large:75%;--awb-margin-top-large:0px;--awb-spacing-right-large:2.56%;--awb-margin-bottom-large:20px;--awb-spacing-left-large:2.56%;--awb-width-medium:75%;--awb-order-medium:0;--awb-spacing-right-medium:2.56%;--awb-spacing-left-medium:2.56%;--awb-width-small:100%;--awb-order-small:0;--awb-spacing-right-small:1.92%;--awb-spacing-left-small:1.92%;\"><div class=\"fusion-column-wrapper fusion-column-has-shadow fusion-flex-justify-content-flex-start fusion-content-layout-column\"><\/div><\/div><div class=\"fusion-layout-column fusion_builder_column fusion-builder-column-1 fusion_builder_column_1_4 1_4 fusion-flex-column fusion-flex-align-self-flex-start id-103496\" style=\"--awb-padding-right-small:40px;--awb-padding-left-small:40px;--awb-bg-size:cover;--awb-width-large:25%;--awb-margin-top-large:-30px;--awb-spacing-right-large:0px;--awb-margin-bottom-large:20px;--awb-spacing-left-large:0px;--awb-width-medium:25%;--awb-order-medium:0;--awb-spacing-right-medium:0px;--awb-spacing-left-medium:0px;--awb-width-small:100%;--awb-order-small:0;--awb-spacing-right-small:1.92%;--awb-spacing-left-small:1.92%;\" data-scroll-devices=\"small-visibility,medium-visibility,large-visibility\"><div class=\"fusion-column-wrapper fusion-column-has-shadow fusion-flex-justify-content-flex-start fusion-content-layout-column\"><div class=\"fusion-text fusion-text-1\">     <ul style=\"--awb-size:20px;--awb-margin-top:0px;--awb-margin-right:0px;--awb-margin-bottom:0px;--awb-margin-left:0px;--awb-item-padding-top:0px;--awb-item-padding-right:0px;--awb-item-padding-bottom:0px;--awb-item-padding-left:0px;--awb-line-height:34px;--awb-icon-width:34px;--awb-icon-height:34px;--awb-icon-margin:14px;--awb-content-margin:48px;\" class=\"fusion-checklist fusion-checklist-1 type-icons\">\n         <li class=\"fusion-li-item\" style=\"\">\n            <span class=\"icon-wrapper circle-no\">\n                <i class=\"fusion-li-icon icon-Plava_Visitrijeka\" aria-hidden=\"true\"><\/i>\n            <\/span>\n            <div class=\"fusion-li-item-content\">\n                <h3><strong>eventos.<\/strong><\/h3>\n            <\/div>\n        <\/li>\n    <\/ul>\n    \n<\/div><\/div><\/div>\n<\/div><\/div><div class=\"fusion-fullwidth fullwidth-box fusion-builder-row-2 fusion-flex-container has-pattern-background has-mask-background nonhundred-percent-fullwidth non-hundred-percent-height-scrolling\" style=\"--awb-border-radius-top-left:0px;--awb-border-radius-top-right:0px;--awb-border-radius-bottom-right:0px;--awb-border-radius-bottom-left:0px;--awb-padding-top:0px;--awb-padding-bottom:45px;--awb-background-color:var(--awb-color1);--awb-flex-wrap:wrap;\" ><div class=\"fusion-builder-row fusion-row fusion-flex-align-items-flex-start fusion-flex-content-wrap\" style=\"max-width:1414.4px;margin-left: calc(-4% \/ 2 );margin-right: calc(-4% \/ 2 );\"><div class=\"fusion-layout-column fusion_builder_column fusion-builder-column-2 fusion_builder_column_1_1 1_1 fusion-flex-column id-103496\" style=\"--awb-bg-size:cover;--awb-width-large:100%;--awb-margin-top-large:-50px;--awb-spacing-right-large:1.92%;--awb-margin-bottom-large:20px;--awb-spacing-left-large:1.92%;--awb-width-medium:100%;--awb-order-medium:0;--awb-spacing-right-medium:1.92%;--awb-spacing-left-medium:1.92%;--awb-width-small:100%;--awb-order-small:0;--awb-spacing-right-small:1.92%;--awb-spacing-left-small:1.92%;\" data-scroll-devices=\"small-visibility,medium-visibility,large-visibility\"><div class=\"fusion-column-wrapper fusion-column-has-shadow fusion-flex-justify-content-flex-start fusion-content-layout-column\"><ul style=\"--awb-margin-bottom:20px;--awb-iconcolor:var(--awb-custom_color_2);--awb-textcolor:var(--awb-color8);--awb-line-height:25.5px;--awb-icon-width:25.5px;--awb-icon-height:25.5px;--awb-icon-margin:10.5px;--awb-content-margin:36px;\" class=\"fusion-checklist fusion-checklist-1 fusion-checklist-default type-icons\"><li class=\"fusion-li-item\" style=\"\"><span class=\"icon-wrapper circle-no\"><i class=\"fusion-li-icon fa-map-pin fas\" aria-hidden=\"true\"><\/i><\/span><div class=\"fusion-li-item-content\">\n<p><strong>RIJEKA<\/strong><\/p>\n<\/div><\/li><\/ul><div class=\"fusion-text fusion-text-2 fusion-text-no-margin\" style=\"--awb-text-color:var(--awb-color8);--awb-margin-bottom:50px;\"><p data-start=\"589\" data-end=\"722\">El <em data-start=\"592\" data-end=\"620\">Carnival Snowboard Session<\/em> se celebra en Platak, al pie de la pista Rade\u0161evo, como un evento tradicional del Carnaval de Rijeka.<\/p>\n<p data-start=\"724\" data-end=\"1002\">Las primeras once ediciones se celebraron en el centro de Rijeka y, desde hace varios a\u00f1os, el evento utiliza la infraestructura del snowpark situado en la pista Rade\u0161evo en Platak. Este evento re\u00fane a competidoras y competidores de Croacia y de los pa\u00edses vecinos de la regi\u00f3n. Las competiciones se desarrollan en las categor\u00edas infantil, j\u00fanior y s\u00e9nior, tanto en la categor\u00eda masculina como femenina.La Carnival Snowboard Session se llevar\u00e1 a cabo el 01.02.2026 a las 12:00.<\/p>\n<\/div><div class=\"awb-gallery-wrapper awb-gallery-wrapper-1 button-span-no\" style=\"--more-btn-alignment:center;\"><div style=\"margin:-5px;--awb-bordersize:0px;\" class=\"fusion-gallery fusion-gallery-container fusion-grid-3 fusion-columns-total-0 fusion-gallery-layout-grid fusion-gallery-1\"><\/div><\/div><\/div><\/div><\/div><\/div><div class=\"fusion-fullwidth fullwidth-box fusion-builder-row-3 fusion-flex-container has-pattern-background has-mask-background nonhundred-percent-fullwidth non-hundred-percent-height-scrolling\" style=\"--link_hover_color: var(--awb-color4);--link_color: var(--awb-color8);--awb-border-radius-top-left:0px;--awb-border-radius-top-right:0px;--awb-border-radius-bottom-right:0px;--awb-border-radius-bottom-left:0px;--awb-margin-top:0px;--awb-margin-bottom:0px;--awb-background-color:var(--awb-color2);--awb-flex-wrap:wrap;\" ><div class=\"fusion-builder-row fusion-row fusion-flex-align-items-flex-start fusion-flex-justify-content-center fusion-flex-content-wrap\" style=\"max-width:1414.4px;margin-left: calc(-4% \/ 2 );margin-right: calc(-4% \/ 2 );\"><div class=\"fusion-layout-column fusion_builder_column fusion-builder-column-3 fusion_builder_column_1_1 1_1 fusion-flex-column id-103496\" style=\"--awb-bg-size:cover;--awb-width-large:100%;--awb-margin-top-large:0px;--awb-spacing-right-large:1.92%;--awb-margin-bottom-large:0px;--awb-spacing-left-large:1.92%;--awb-width-medium:100%;--awb-order-medium:0;--awb-spacing-right-medium:1.92%;--awb-spacing-left-medium:1.92%;--awb-width-small:100%;--awb-order-small:0;--awb-spacing-right-small:1.92%;--awb-spacing-left-small:1.92%;\"><div class=\"fusion-column-wrapper fusion-column-has-shadow fusion-flex-justify-content-flex-start fusion-content-layout-column\">\n<div class=\"fusion-slider-revolution rev_slider_wrapper\">\t\t\t<!-- START Kalendar  Karneval REVOLUTION SLIDER 6.7.38 --><p class=\"rs-p-wp-fix\"><\/p>\n\t\t\t<rs-module-wrap id=\"rev_slider_26_1_wrapper\" data-source=\"post\" style=\"visibility:hidden;background:#ffffff;padding:0;margin:0px auto;margin-top:0;margin-bottom:0;\">\n\t\t\t\t<rs-module id=\"rev_slider_26_1\" style=\"\" data-version=\"6.7.38\">\n\t\t\t\t\t<div class=\"rs_error_message_box\">\n\t\t\t\t\t\t<div class=\"rs_error_message_oops\">There is nothing to show here!<\/div>\n\t\t\t\t\t\t<div class=\"rs_error_message_content\">Make sure that a valid post type \/ category is selected in &quot;Module General Options -&gt; Content -&gt; Post Selection&quot;.<\/div>\n\t\t\t\t\t<\/div>\n\t\t\t\t<\/rs-module>\n\t\t\t<\/rs-module-wrap>\n\t\t\t<script>\n\t\t\t\tvar rs_eslider = document.getElementById(\"rev_slider_26_1\");\n\t\t\t\trs_eslider.style.display = \"none\";\n\t\t\t\tconsole.log(\"Make sure that a valid post type \/ category is selected in &quot;Module General Options -&gt; Content -&gt; Post Selection&quot;.\");\n\t\t\t<\/script>\n<\/div><div class=\"fusion-title title fusion-title-1 fusion-sep-none fusion-title-center fusion-title-text fusion-title-size-two\" style=\"--awb-margin-top:50px;--awb-margin-top-small:40px;--awb-font-size:40px;\"><h2 class=\"fusion-title-heading title-heading-center\" style=\"font-family:&quot;SSP-Bold-700&quot;;font-style:normal;font-weight:400;margin:0;font-size:1em;\">\u0160to ima novog za vrijeme Rije\u010dkog karnevala?<\/h2><\/div><div class=\"fusion-separator\" style=\"align-self: center;margin-left: auto;margin-right: auto;margin-top:14px;width:100%;max-width:70px;\"><div class=\"fusion-separator-border sep-single sep-solid\" style=\"--awb-height:20px;--awb-amount:20px;--awb-sep-color:var(--awb-color5);border-color:var(--awb-color5);border-top-width:6px;\"><\/div><\/div><div class=\"fusion-separator fusion-full-width-sep\" style=\"align-self: center;margin-left: auto;margin-right: auto;margin-bottom:40px;width:100%;\"><\/div><\/div><\/div><div class=\"fusion-layout-column fusion_builder_column fusion-builder-column-4 fusion_builder_column_1_1 1_1 fusion-flex-column id-103496\" style=\"--awb-padding-left:25px;--awb-bg-size:cover;--awb-border-color:var(--awb-color3);--awb-border-left:2px;--awb-border-style:solid;--awb-width-large:100%;--awb-margin-top-large:0px;--awb-spacing-right-large:0px;--awb-margin-bottom-large:60px;--awb-spacing-left-large:0px;--awb-width-medium:100%;--awb-order-medium:0;--awb-spacing-right-medium:0px;--awb-spacing-left-medium:0px;--awb-width-small:100%;--awb-order-small:0;--awb-spacing-right-small:1.92%;--awb-spacing-left-small:1.92%;\" data-scroll-devices=\"small-visibility,medium-visibility,large-visibility\"><div class=\"fusion-column-wrapper fusion-column-has-shadow fusion-flex-justify-content-flex-start fusion-content-layout-column\"><ul style=\"--awb-size:20px;--awb-margin-top:0px;--awb-margin-right:0px;--awb-margin-bottom:0px;--awb-margin-left:0px;--awb-item-padding-top:0px;--awb-item-padding-right:0px;--awb-item-padding-bottom:0px;--awb-item-padding-left:0px;--awb-line-height:34px;--awb-icon-width:34px;--awb-icon-height:34px;--awb-icon-margin:14px;--awb-content-margin:48px;\" class=\"fusion-checklist fusion-checklist-2 type-icons checklist-novosti-ikona\"><li class=\"fusion-li-item\" style=\"\"><span class=\"icon-wrapper circle-no\"><i class=\"fusion-li-icon icon-Plava_Visitrijeka\" aria-hidden=\"true\"><\/i><\/span><div class=\"fusion-li-item-content\">\n<h3><a href=\"https:\/\/visitrijeka.hr\/blog-i-novosti\/\" target=\"_blank\" rel=\"noopener\"><span style=\"font-size: 23pt;\"><strong>novosti.<\/strong><\/span><\/a><\/h3>\n<\/div><\/li><\/ul><div class=\"fusion-post-cards fusion-post-cards-1 fusion-grid-archive fusion-grid-columns-2\" style=\"--awb-arrow-size:25px;--awb-arrow-bgcolor:rgba(255,255,255,0);--awb-arrow-color:var(--awb-color4);--awb-arrow-hover-bgcolor:rgba(255,255,255,0);--awb-arrow-hover-color:var(--awb-custom_color_7);--awb-dots-align:center;--awb-columns:2;--awb-active-filter-border-size:3px;--awb-filters-height:36px;\"><ul class=\"fusion-grid fusion-grid-2 fusion-flex-align-items-flex-start fusion-grid-posts-cards\"><li class=\"fusion-layout-column fusion_builder_column fusion-builder-column-5 fusion-flex-column post-card fusion-grid-column fusion-post-cards-grid-column id-74708\" style=\"--awb-bg-blend:overlay;--awb-bg-size:cover;--awb-flex-grow:0;--awb-flex-shrink:0;--awb-flex-grow-medium:0;--awb-flex-shrink-medium:0;--awb-flex-grow-small:0;--awb-flex-shrink-small:0;\"><div class=\"fusion-column-wrapper fusion-flex-justify-content-flex-start fusion-content-layout-column\"><div class=\"fusion-builder-row fusion-builder-row-inner fusion-row fusion-flex-align-items-flex-start fusion-flex-justify-content-center fusion-flex-content-wrap\" style=\"width:104% !important;max-width:104% !important;margin-left: calc(-4% \/ 2 );margin-right: calc(-4% \/ 2 );\"><div class=\"fusion-layout-column fusion_builder_column_inner fusion-builder-nested-column-0 fusion_builder_column_inner_2_5 2_5 fusion-flex-column\" style=\"--awb-bg-size:cover;--awb-transform:translateY(0px);--awb-transform-hover:translateY(5px);--awb-width-large:40%;--awb-margin-top-large:0px;--awb-spacing-right-large:4.8%;--awb-margin-bottom-large:0px;--awb-spacing-left-large:4.8%;--awb-width-medium:40%;--awb-order-medium:0;--awb-spacing-right-medium:4.8%;--awb-spacing-left-medium:4.8%;--awb-width-small:100%;--awb-order-small:0;--awb-spacing-right-small:1.92%;--awb-spacing-left-small:1.92%;\"><div class=\"fusion-column-wrapper fusion-column-has-shadow fusion-flex-justify-content-flex-start fusion-content-layout-column\"><div class=\"fusion-image-element \" style=\"--awb-aspect-ratio: 100 \/ 90;--awb-caption-title-color:var(--awb-color1);--awb-caption-text-color:var(--awb-color1);--awb-caption-overlay-color:rgba(255,255,255,0);--awb-caption-title-font-family:&quot;SSP-Bold&quot;;--awb-caption-title-font-weight:400;--awb-caption-title-font-style:normal;--awb-caption-title-size:14px;--awb-caption-title-transform:uppercase;--awb-caption-title-line-height:var(--h5_typography-line-height);--awb-caption-title-letter-spacing:var(--h5_typography-letter-spacing);\"><span class=\" fusion-imageframe imageframe-none imageframe-1 hover-type-none has-aspect-ratio\" style=\"border-radius:12px;\"><a class=\"fusion-no-lightbox\" href=\"https:\/\/visitrijeka.hr\/es\/program-rijeckog-karnevala-2025-godine-provjerite-sto-vas-sve-jos-ceka\/\" target=\"_self\" aria-label=\"IMG_3910 (1)\"><img decoding=\"async\" width=\"2000\" height=\"1334\" alt=\"Dje\u010dja karnevalska povorka\" src=\"https:\/\/visitrijeka.hr\/wp-content\/uploads\/2025\/02\/IMG_3910-1.jpg\" data-orig-src=\"https:\/\/visitrijeka.hr\/wp-content\/uploads\/2025\/02\/IMG_3910-1.jpg\" class=\"lazyload img-responsive wp-image-75290 img-with-aspect-ratio\" data-parent-fit=\"cover\" data-parent-container=\".fusion-image-element\" srcset=\"data:image\/svg+xml,%3Csvg%20xmlns%3D%27http%3A%2F%2Fwww.w3.org%2F2000%2Fsvg%27%20width%3D%272000%27%20height%3D%271334%27%20viewBox%3D%270%200%202000%201334%27%3E%3Crect%20width%3D%272000%27%20height%3D%271334%27%20fill-opacity%3D%220%22%2F%3E%3C%2Fsvg%3E\" data-srcset=\"https:\/\/visitrijeka.hr\/wp-content\/uploads\/2025\/02\/IMG_3910-1-200x133.jpg 200w, https:\/\/visitrijeka.hr\/wp-content\/uploads\/2025\/02\/IMG_3910-1-400x267.jpg 400w, https:\/\/visitrijeka.hr\/wp-content\/uploads\/2025\/02\/IMG_3910-1-600x400.jpg 600w, https:\/\/visitrijeka.hr\/wp-content\/uploads\/2025\/02\/IMG_3910-1-800x534.jpg 800w, https:\/\/visitrijeka.hr\/wp-content\/uploads\/2025\/02\/IMG_3910-1-1200x800.jpg 1200w, https:\/\/visitrijeka.hr\/wp-content\/uploads\/2025\/02\/IMG_3910-1.jpg 2000w\" data-sizes=\"auto\" data-orig-sizes=\"(max-width: 800px) 100vw, 600px\" \/><\/a><\/span><\/div><\/div><\/div><div class=\"fusion-layout-column fusion_builder_column_inner fusion-builder-nested-column-1 fusion_builder_column_inner_3_5 3_5 fusion-flex-column fusion-flex-align-self-center\" style=\"--awb-padding-right:30px;--awb-padding-left:15px;--awb-bg-size:cover;--awb-width-large:60%;--awb-margin-top-large:0px;--awb-spacing-right-large:3.2%;--awb-margin-bottom-large:0px;--awb-spacing-left-large:3.2%;--awb-width-medium:60%;--awb-order-medium:0;--awb-spacing-right-medium:3.2%;--awb-spacing-left-medium:3.2%;--awb-width-small:100%;--awb-order-small:0;--awb-spacing-right-small:1.92%;--awb-spacing-left-small:1.92%;\"><div class=\"fusion-column-wrapper fusion-column-has-shadow fusion-flex-justify-content-flex-start fusion-content-layout-column\"><div class=\"fusion-text fusion-text-3\" style=\"--awb-content-alignment:left;--awb-font-size:14px;--awb-letter-spacing:var(--awb-typography5-letter-spacing);--awb-text-transform:var(--awb-typography5-text-transform);--awb-text-color:var(--awb-color7);\"><p>11. febrero 2025.<\/p>\n<\/div><div class=\"fusion-title title fusion-title-2 fusion-sep-none fusion-title-text fusion-title-size-four\" style=\"--awb-margin-top:0px;--awb-margin-bottom:12px;--awb-margin-top-small:30px;--awb-link-hover-color:var(--awb-custom_color_7);--awb-font-size:26px;\"><h4 class=\"fusion-title-heading title-heading-left\" style=\"font-family:&quot;SSP-Semibold-600&quot;;font-style:normal;font-weight:400;margin:0;font-size:1em;line-height:1.3;\"><a href=\"https:\/\/visitrijeka.hr\/es\/program-rijeckog-karnevala-2025-godine-provjerite-sto-vas-sve-jos-ceka\/\" class=\"awb-custom-text-color awb-custom-text-hover-color\" target=\"_self\">El programa del Carnaval de Rijeka 2026<\/a><\/h4><\/div><div class=\"fusion-text fusion-text-4 fusion-text-no-margin\" style=\"--awb-font-size:14px;--awb-margin-bottom:0px;\"><\/div><\/div><\/div><\/div><\/div><\/li>\n<\/ul><\/div><\/div><\/div><\/div><\/div>\n<\/p>\n","protected":false},"excerpt":{"rendered":"","protected":false},"author":3,"featured_media":73767,"parent":0,"menu_order":0,"comment_status":"closed","ping_status":"closed","template":"100-width.php","meta":{"_acf_changed":false,"inline_featured_image":false,"footnotes":""},"class_list":["post-103496","page","type-page","status-publish","has-post-thumbnail","hentry"],"acf":[],"yoast_head":"<!-- This site is optimized with the Yoast SEO plugin v26.3 - https:\/\/yoast.com\/wordpress\/plugins\/seo\/ -->\n<title>Carnival Snowboard Session - Visit Rijeka<\/title>\n<meta name=\"description\" content=\"Osim atraktivnog natjecanja, Carnival Snowboad Session \u0107e na omiljeno primorsko skijali\u0161te donijeti i da\u0161ak Rije\u010dkog karnevala.\" \/>\n<meta name=\"robots\" content=\"index, follow, max-snippet:-1, max-image-preview:large, max-video-preview:-1\" \/>\n<link rel=\"canonical\" href=\"https:\/\/visitrijeka.hr\/es\/carnival-snowboard-session\/\" \/>\n<meta property=\"og:locale\" content=\"es_ES\" \/>\n<meta property=\"og:type\" content=\"article\" \/>\n<meta property=\"og:title\" content=\"Carnival Snowboard Session - Visit Rijeka\" \/>\n<meta property=\"og:description\" content=\"Osim atraktivnog natjecanja, Carnival Snowboad Session \u0107e na omiljeno primorsko skijali\u0161te donijeti i da\u0161ak Rije\u010dkog karnevala.\" \/>\n<meta property=\"og:url\" content=\"https:\/\/visitrijeka.hr\/es\/carnival-snowboard-session\/\" \/>\n<meta property=\"og:site_name\" content=\"Visit Rijeka\" \/>\n<meta property=\"article:publisher\" content=\"https:\/\/www.facebook.com\/VisitRijeka\" \/>\n<meta property=\"article:modified_time\" content=\"2026-01-07T10:51:02+00:00\" \/>\n<meta property=\"og:image\" content=\"https:\/\/visitrijeka.hr\/wp-content\/uploads\/2024\/12\/snowboardn-e1739259877896.jpg\" \/>\n\t<meta property=\"og:image:width\" content=\"2000\" \/>\n\t<meta property=\"og:image:height\" content=\"1333\" \/>\n\t<meta property=\"og:image:type\" content=\"image\/jpeg\" \/>\n<meta name=\"twitter:card\" content=\"summary_large_image\" \/>\n<meta name=\"twitter:label1\" content=\"Tiempo de lectura\" \/>\n\t<meta name=\"twitter:data1\" content=\"3 minutos\" \/>\n<script type=\"application\/ld+json\" class=\"yoast-schema-graph\">{\"@context\":\"https:\/\/schema.org\",\"@graph\":[{\"@type\":\"WebPage\",\"@id\":\"https:\/\/visitrijeka.hr\/es\/carnival-snowboard-session\/\",\"url\":\"https:\/\/visitrijeka.hr\/es\/carnival-snowboard-session\/\",\"name\":\"Carnival Snowboard Session - Visit Rijeka\",\"isPartOf\":{\"@id\":\"https:\/\/visitrijeka.hr\/es\/#website\"},\"primaryImageOfPage\":{\"@id\":\"https:\/\/visitrijeka.hr\/es\/carnival-snowboard-session\/#primaryimage\"},\"image\":{\"@id\":\"https:\/\/visitrijeka.hr\/es\/carnival-snowboard-session\/#primaryimage\"},\"thumbnailUrl\":\"https:\/\/visitrijeka.hr\/wp-content\/uploads\/2024\/12\/snowboardn-e1739259877896.jpg\",\"datePublished\":\"2023-05-10T07:53:07+00:00\",\"dateModified\":\"2026-01-07T10:51:02+00:00\",\"description\":\"Osim atraktivnog natjecanja, Carnival Snowboad Session \u0107e na omiljeno primorsko skijali\u0161te donijeti i da\u0161ak Rije\u010dkog karnevala.\",\"breadcrumb\":{\"@id\":\"https:\/\/visitrijeka.hr\/es\/carnival-snowboard-session\/#breadcrumb\"},\"inLanguage\":\"es\",\"potentialAction\":[{\"@type\":\"ReadAction\",\"target\":[\"https:\/\/visitrijeka.hr\/es\/carnival-snowboard-session\/\"]}]},{\"@type\":\"ImageObject\",\"inLanguage\":\"es\",\"@id\":\"https:\/\/visitrijeka.hr\/es\/carnival-snowboard-session\/#primaryimage\",\"url\":\"https:\/\/visitrijeka.hr\/wp-content\/uploads\/2024\/12\/snowboardn-e1739259877896.jpg\",\"contentUrl\":\"https:\/\/visitrijeka.hr\/wp-content\/uploads\/2024\/12\/snowboardn-e1739259877896.jpg\",\"width\":2000,\"height\":1333},{\"@type\":\"WebSite\",\"@id\":\"https:\/\/visitrijeka.hr\/es\/#website\",\"url\":\"https:\/\/visitrijeka.hr\/es\/\",\"name\":\"Visit Rijeka\",\"description\":\"Grad koji te\u010de....\",\"publisher\":{\"@id\":\"https:\/\/visitrijeka.hr\/es\/#organization\"},\"potentialAction\":[{\"@type\":\"SearchAction\",\"target\":{\"@type\":\"EntryPoint\",\"urlTemplate\":\"https:\/\/visitrijeka.hr\/es\/?s={search_term_string}\"},\"query-input\":{\"@type\":\"PropertyValueSpecification\",\"valueRequired\":true,\"valueName\":\"search_term_string\"}}],\"inLanguage\":\"es\"},{\"@type\":\"Organization\",\"@id\":\"https:\/\/visitrijeka.hr\/es\/#organization\",\"name\":\"Visit Rijeka\",\"url\":\"https:\/\/visitrijeka.hr\/es\/\",\"logo\":{\"@type\":\"ImageObject\",\"inLanguage\":\"es\",\"@id\":\"https:\/\/visitrijeka.hr\/es\/#\/schema\/logo\/image\/\",\"url\":\"https:\/\/visitrijeka.hr\/wp-content\/uploads\/2023\/02\/Logo_Visit_rijeka_460.svg\",\"contentUrl\":\"https:\/\/visitrijeka.hr\/wp-content\/uploads\/2023\/02\/Logo_Visit_rijeka_460.svg\",\"width\":100,\"height\":100,\"caption\":\"Visit Rijeka\"},\"image\":{\"@id\":\"https:\/\/visitrijeka.hr\/es\/#\/schema\/logo\/image\/\"},\"sameAs\":[\"https:\/\/www.facebook.com\/VisitRijeka\"]}]}<\/script>\n<!-- \/ Yoast SEO plugin. -->","yoast_head_json":{"title":"Carnival Snowboard Session - Visit Rijeka","description":"Osim atraktivnog natjecanja, Carnival Snowboad Session \u0107e na omiljeno primorsko skijali\u0161te donijeti i da\u0161ak Rije\u010dkog karnevala.","robots":{"index":"index","follow":"follow","max-snippet":"max-snippet:-1","max-image-preview":"max-image-preview:large","max-video-preview":"max-video-preview:-1"},"canonical":"https:\/\/visitrijeka.hr\/es\/carnival-snowboard-session\/","og_locale":"es_ES","og_type":"article","og_title":"Carnival Snowboard Session - Visit Rijeka","og_description":"Osim atraktivnog natjecanja, Carnival Snowboad Session \u0107e na omiljeno primorsko skijali\u0161te donijeti i da\u0161ak Rije\u010dkog karnevala.","og_url":"https:\/\/visitrijeka.hr\/es\/carnival-snowboard-session\/","og_site_name":"Visit Rijeka","article_publisher":"https:\/\/www.facebook.com\/VisitRijeka","article_modified_time":"2026-01-07T10:51:02+00:00","og_image":[{"width":2000,"height":1333,"url":"https:\/\/visitrijeka.hr\/wp-content\/uploads\/2024\/12\/snowboardn-e1739259877896.jpg","type":"image\/jpeg"}],"twitter_card":"summary_large_image","twitter_misc":{"Tiempo de lectura":"3 minutos"},"schema":{"@context":"https:\/\/schema.org","@graph":[{"@type":"WebPage","@id":"https:\/\/visitrijeka.hr\/es\/carnival-snowboard-session\/","url":"https:\/\/visitrijeka.hr\/es\/carnival-snowboard-session\/","name":"Carnival Snowboard Session - Visit Rijeka","isPartOf":{"@id":"https:\/\/visitrijeka.hr\/es\/#website"},"primaryImageOfPage":{"@id":"https:\/\/visitrijeka.hr\/es\/carnival-snowboard-session\/#primaryimage"},"image":{"@id":"https:\/\/visitrijeka.hr\/es\/carnival-snowboard-session\/#primaryimage"},"thumbnailUrl":"https:\/\/visitrijeka.hr\/wp-content\/uploads\/2024\/12\/snowboardn-e1739259877896.jpg","datePublished":"2023-05-10T07:53:07+00:00","dateModified":"2026-01-07T10:51:02+00:00","description":"Osim atraktivnog natjecanja, Carnival Snowboad Session \u0107e na omiljeno primorsko skijali\u0161te donijeti i da\u0161ak Rije\u010dkog karnevala.","breadcrumb":{"@id":"https:\/\/visitrijeka.hr\/es\/carnival-snowboard-session\/#breadcrumb"},"inLanguage":"es","potentialAction":[{"@type":"ReadAction","target":["https:\/\/visitrijeka.hr\/es\/carnival-snowboard-session\/"]}]},{"@type":"ImageObject","inLanguage":"es","@id":"https:\/\/visitrijeka.hr\/es\/carnival-snowboard-session\/#primaryimage","url":"https:\/\/visitrijeka.hr\/wp-content\/uploads\/2024\/12\/snowboardn-e1739259877896.jpg","contentUrl":"https:\/\/visitrijeka.hr\/wp-content\/uploads\/2024\/12\/snowboardn-e1739259877896.jpg","width":2000,"height":1333},{"@type":"WebSite","@id":"https:\/\/visitrijeka.hr\/es\/#website","url":"https:\/\/visitrijeka.hr\/es\/","name":"Visit Rijeka","description":"Grad koji te\u010de....","publisher":{"@id":"https:\/\/visitrijeka.hr\/es\/#organization"},"potentialAction":[{"@type":"SearchAction","target":{"@type":"EntryPoint","urlTemplate":"https:\/\/visitrijeka.hr\/es\/?s={search_term_string}"},"query-input":{"@type":"PropertyValueSpecification","valueRequired":true,"valueName":"search_term_string"}}],"inLanguage":"es"},{"@type":"Organization","@id":"https:\/\/visitrijeka.hr\/es\/#organization","name":"Visit Rijeka","url":"https:\/\/visitrijeka.hr\/es\/","logo":{"@type":"ImageObject","inLanguage":"es","@id":"https:\/\/visitrijeka.hr\/es\/#\/schema\/logo\/image\/","url":"https:\/\/visitrijeka.hr\/wp-content\/uploads\/2023\/02\/Logo_Visit_rijeka_460.svg","contentUrl":"https:\/\/visitrijeka.hr\/wp-content\/uploads\/2023\/02\/Logo_Visit_rijeka_460.svg","width":100,"height":100,"caption":"Visit Rijeka"},"image":{"@id":"https:\/\/visitrijeka.hr\/es\/#\/schema\/logo\/image\/"},"sameAs":["https:\/\/www.facebook.com\/VisitRijeka"]}]}},"_links":{"self":[{"href":"https:\/\/visitrijeka.hr\/es\/wp-json\/wp\/v2\/pages\/103496","targetHints":{"allow":["GET"]}}],"collection":[{"href":"https:\/\/visitrijeka.hr\/es\/wp-json\/wp\/v2\/pages"}],"about":[{"href":"https:\/\/visitrijeka.hr\/es\/wp-json\/wp\/v2\/types\/page"}],"author":[{"embeddable":true,"href":"https:\/\/visitrijeka.hr\/es\/wp-json\/wp\/v2\/users\/3"}],"replies":[{"embeddable":true,"href":"https:\/\/visitrijeka.hr\/es\/wp-json\/wp\/v2\/comments?post=103496"}],"version-history":[{"count":0,"href":"https:\/\/visitrijeka.hr\/es\/wp-json\/wp\/v2\/pages\/103496\/revisions"}],"wp:featuredmedia":[{"embeddable":true,"href":"https:\/\/visitrijeka.hr\/es\/wp-json\/wp\/v2\/media\/73767"}],"wp:attachment":[{"href":"https:\/\/visitrijeka.hr\/es\/wp-json\/wp\/v2\/media?parent=103496"}],"curies":[{"name":"wp","href":"https:\/\/api.w.org\/{rel}","templated":true}]}}