{"id":35859,"date":"2023-05-18T14:55:28","date_gmt":"2023-05-18T12:55:28","guid":{"rendered":"https:\/\/visitrijeka.hr\/event\/joscho-stephan\/"},"modified":"2023-05-18T14:55:28","modified_gmt":"2023-05-18T12:55:28","slug":"joscho-stephan","status":"publish","type":"tribe_events","link":"https:\/\/visitrijeka.hr\/en\/event\/joscho-stephan\/","title":{"rendered":"Joscho Stephan"},"content":{"rendered":"<p>U subotu 27.svibnja njema\u010dki gitaristi\u010dki virtuoz Joscho Stephan nastupa sa svojim gypsy swing triom. Joscho Stephan jedan je od onih glazbenika koji svojim instrumentom oblikuju moderni gypsy swing.<\/p>\n<p>Svojim autenti\u010dnim tonom, harmonijskom fino\u0107om i osje\u0107ajem za ritam, uz tehniku sviranja koja oduzima dah, Stephan je zaslu\u017eio svoj status na me\u0111unarodnoj gitaristi\u010dkoj sceni. Uz interpretacije poznatih klasika \u017eanra, Joscho Stephan se iz mno\u0161tva izdvaja kombiniranjem gypsy swinga sa latino glazbom, klasikom, pa \u010dak i rockom.<\/p>\n","protected":false},"excerpt":{"rendered":"<p>U subotu 27.svibnja njema\u010dki gitaristi\u010dki virtuoz Joscho Stephan nastupa sa  [&#8230;]<\/p>\n","protected":false},"author":3,"featured_media":21653,"template":"","meta":{"_acf_changed":false,"inline_featured_image":false,"_tribe_events_status":"","_tribe_events_status_reason":"","_tribe_events_is_hybrid":"","_tribe_events_is_virtual":"","_tribe_events_virtual_video_source":"","_tribe_events_virtual_embed_video":"","_tribe_events_virtual_linked_button_text":"","_tribe_events_virtual_linked_button":"","_tribe_events_virtual_show_embed_at":"","_tribe_events_virtual_show_embed_to":[],"_tribe_events_virtual_show_on_event":"","_tribe_events_virtual_show_on_views":"","_tribe_events_virtual_url":"","footnotes":""},"tags":[],"tribe_events_cat":[1115],"class_list":["post-35859","tribe_events","type-tribe_events","status-publish","has-post-thumbnail","hentry","tribe_events_cat-entertainment","cat_entertainment"],"acf":[],"yoast_head":"<!-- This site is optimized with the Yoast SEO plugin v26.3 - https:\/\/yoast.com\/wordpress\/plugins\/seo\/ -->\n<title>Joscho Stephan - Visit Rijeka<\/title>\n<meta name=\"robots\" content=\"index, follow, max-snippet:-1, max-image-preview:large, max-video-preview:-1\" \/>\n<link rel=\"canonical\" href=\"https:\/\/visitrijeka.hr\/en\/event\/joscho-stephan\/\" \/>\n<meta property=\"og:locale\" content=\"en_US\" \/>\n<meta property=\"og:type\" content=\"article\" \/>\n<meta property=\"og:title\" content=\"Joscho Stephan - Visit Rijeka\" \/>\n<meta property=\"og:description\" content=\"U subotu 27.svibnja njema\u010dki gitaristi\u010dki virtuoz Joscho Stephan nastupa sa [...]\" \/>\n<meta property=\"og:url\" content=\"https:\/\/visitrijeka.hr\/en\/event\/joscho-stephan\/\" \/>\n<meta property=\"og:site_name\" content=\"Visit Rijeka\" \/>\n<meta property=\"article:publisher\" content=\"https:\/\/www.facebook.com\/VisitRijeka\" \/>\n<meta name=\"twitter:card\" content=\"summary_large_image\" \/>\n<script type=\"application\/ld+json\" class=\"yoast-schema-graph\">{\"@context\":\"https:\/\/schema.org\",\"@graph\":[{\"@type\":\"WebPage\",\"@id\":\"https:\/\/visitrijeka.hr\/en\/event\/joscho-stephan\/\",\"url\":\"https:\/\/visitrijeka.hr\/en\/event\/joscho-stephan\/\",\"name\":\"Joscho Stephan - Visit Rijeka\",\"isPartOf\":{\"@id\":\"https:\/\/visitrijeka.hr\/en\/#website\"},\"primaryImageOfPage\":{\"@id\":\"https:\/\/visitrijeka.hr\/en\/event\/joscho-stephan\/#primaryimage\"},\"image\":{\"@id\":\"https:\/\/visitrijeka.hr\/en\/event\/joscho-stephan\/#primaryimage\"},\"thumbnailUrl\":\"https:\/\/visitrijeka.hr\/wp-content\/uploads\/2023\/05\/naslovna-fotografija-Joscho-Stephan1-1.jpg\",\"datePublished\":\"2023-05-18T12:55:28+00:00\",\"breadcrumb\":{\"@id\":\"https:\/\/visitrijeka.hr\/en\/event\/joscho-stephan\/#breadcrumb\"},\"inLanguage\":\"en-US\",\"potentialAction\":[{\"@type\":\"ReadAction\",\"target\":[\"https:\/\/visitrijeka.hr\/en\/event\/joscho-stephan\/\"]}]},{\"@type\":\"ImageObject\",\"inLanguage\":\"en-US\",\"@id\":\"https:\/\/visitrijeka.hr\/en\/event\/joscho-stephan\/#primaryimage\",\"url\":\"https:\/\/visitrijeka.hr\/wp-content\/uploads\/2023\/05\/naslovna-fotografija-Joscho-Stephan1-1.jpg\",\"contentUrl\":\"https:\/\/visitrijeka.hr\/wp-content\/uploads\/2023\/05\/naslovna-fotografija-Joscho-Stephan1-1.jpg\",\"width\":1920,\"height\":1319},{\"@type\":\"WebSite\",\"@id\":\"https:\/\/visitrijeka.hr\/en\/#website\",\"url\":\"https:\/\/visitrijeka.hr\/en\/\",\"name\":\"Visit Rijeka\",\"description\":\"Grad koji te\u010de....\",\"publisher\":{\"@id\":\"https:\/\/visitrijeka.hr\/en\/#organization\"},\"potentialAction\":[{\"@type\":\"SearchAction\",\"target\":{\"@type\":\"EntryPoint\",\"urlTemplate\":\"https:\/\/visitrijeka.hr\/en\/?s={search_term_string}\"},\"query-input\":{\"@type\":\"PropertyValueSpecification\",\"valueRequired\":true,\"valueName\":\"search_term_string\"}}],\"inLanguage\":\"en-US\"},{\"@type\":\"Organization\",\"@id\":\"https:\/\/visitrijeka.hr\/en\/#organization\",\"name\":\"Visit Rijeka\",\"url\":\"https:\/\/visitrijeka.hr\/en\/\",\"logo\":{\"@type\":\"ImageObject\",\"inLanguage\":\"en-US\",\"@id\":\"https:\/\/visitrijeka.hr\/en\/#\/schema\/logo\/image\/\",\"url\":\"https:\/\/visitrijeka.hr\/wp-content\/uploads\/2023\/02\/Logo_Visit_rijeka_460.svg\",\"contentUrl\":\"https:\/\/visitrijeka.hr\/wp-content\/uploads\/2023\/02\/Logo_Visit_rijeka_460.svg\",\"width\":100,\"height\":100,\"caption\":\"Visit Rijeka\"},\"image\":{\"@id\":\"https:\/\/visitrijeka.hr\/en\/#\/schema\/logo\/image\/\"},\"sameAs\":[\"https:\/\/www.facebook.com\/VisitRijeka\"]}]}<\/script>\n<!-- \/ Yoast SEO plugin. -->","yoast_head_json":{"title":"Joscho Stephan - Visit Rijeka","robots":{"index":"index","follow":"follow","max-snippet":"max-snippet:-1","max-image-preview":"max-image-preview:large","max-video-preview":"max-video-preview:-1"},"canonical":"https:\/\/visitrijeka.hr\/en\/event\/joscho-stephan\/","og_locale":"en_US","og_type":"article","og_title":"Joscho Stephan - Visit Rijeka","og_description":"U subotu 27.svibnja njema\u010dki gitaristi\u010dki virtuoz Joscho Stephan nastupa sa [...]","og_url":"https:\/\/visitrijeka.hr\/en\/event\/joscho-stephan\/","og_site_name":"Visit Rijeka","article_publisher":"https:\/\/www.facebook.com\/VisitRijeka","twitter_card":"summary_large_image","schema":{"@context":"https:\/\/schema.org","@graph":[{"@type":"WebPage","@id":"https:\/\/visitrijeka.hr\/en\/event\/joscho-stephan\/","url":"https:\/\/visitrijeka.hr\/en\/event\/joscho-stephan\/","name":"Joscho Stephan - Visit Rijeka","isPartOf":{"@id":"https:\/\/visitrijeka.hr\/en\/#website"},"primaryImageOfPage":{"@id":"https:\/\/visitrijeka.hr\/en\/event\/joscho-stephan\/#primaryimage"},"image":{"@id":"https:\/\/visitrijeka.hr\/en\/event\/joscho-stephan\/#primaryimage"},"thumbnailUrl":"https:\/\/visitrijeka.hr\/wp-content\/uploads\/2023\/05\/naslovna-fotografija-Joscho-Stephan1-1.jpg","datePublished":"2023-05-18T12:55:28+00:00","breadcrumb":{"@id":"https:\/\/visitrijeka.hr\/en\/event\/joscho-stephan\/#breadcrumb"},"inLanguage":"en-US","potentialAction":[{"@type":"ReadAction","target":["https:\/\/visitrijeka.hr\/en\/event\/joscho-stephan\/"]}]},{"@type":"ImageObject","inLanguage":"en-US","@id":"https:\/\/visitrijeka.hr\/en\/event\/joscho-stephan\/#primaryimage","url":"https:\/\/visitrijeka.hr\/wp-content\/uploads\/2023\/05\/naslovna-fotografija-Joscho-Stephan1-1.jpg","contentUrl":"https:\/\/visitrijeka.hr\/wp-content\/uploads\/2023\/05\/naslovna-fotografija-Joscho-Stephan1-1.jpg","width":1920,"height":1319},{"@type":"WebSite","@id":"https:\/\/visitrijeka.hr\/en\/#website","url":"https:\/\/visitrijeka.hr\/en\/","name":"Visit Rijeka","description":"Grad koji te\u010de....","publisher":{"@id":"https:\/\/visitrijeka.hr\/en\/#organization"},"potentialAction":[{"@type":"SearchAction","target":{"@type":"EntryPoint","urlTemplate":"https:\/\/visitrijeka.hr\/en\/?s={search_term_string}"},"query-input":{"@type":"PropertyValueSpecification","valueRequired":true,"valueName":"search_term_string"}}],"inLanguage":"en-US"},{"@type":"Organization","@id":"https:\/\/visitrijeka.hr\/en\/#organization","name":"Visit Rijeka","url":"https:\/\/visitrijeka.hr\/en\/","logo":{"@type":"ImageObject","inLanguage":"en-US","@id":"https:\/\/visitrijeka.hr\/en\/#\/schema\/logo\/image\/","url":"https:\/\/visitrijeka.hr\/wp-content\/uploads\/2023\/02\/Logo_Visit_rijeka_460.svg","contentUrl":"https:\/\/visitrijeka.hr\/wp-content\/uploads\/2023\/02\/Logo_Visit_rijeka_460.svg","width":100,"height":100,"caption":"Visit Rijeka"},"image":{"@id":"https:\/\/visitrijeka.hr\/en\/#\/schema\/logo\/image\/"},"sameAs":["https:\/\/www.facebook.com\/VisitRijeka"]}]}},"_links":{"self":[{"href":"https:\/\/visitrijeka.hr\/en\/wp-json\/wp\/v2\/tribe_events\/35859","targetHints":{"allow":["GET"]}}],"collection":[{"href":"https:\/\/visitrijeka.hr\/en\/wp-json\/wp\/v2\/tribe_events"}],"about":[{"href":"https:\/\/visitrijeka.hr\/en\/wp-json\/wp\/v2\/types\/tribe_events"}],"author":[{"embeddable":true,"href":"https:\/\/visitrijeka.hr\/en\/wp-json\/wp\/v2\/users\/3"}],"version-history":[{"count":0,"href":"https:\/\/visitrijeka.hr\/en\/wp-json\/wp\/v2\/tribe_events\/35859\/revisions"}],"wp:featuredmedia":[{"embeddable":true,"href":"https:\/\/visitrijeka.hr\/en\/wp-json\/wp\/v2\/media\/21653"}],"wp:attachment":[{"href":"https:\/\/visitrijeka.hr\/en\/wp-json\/wp\/v2\/media?parent=35859"}],"wp:term":[{"taxonomy":"post_tag","embeddable":true,"href":"https:\/\/visitrijeka.hr\/en\/wp-json\/wp\/v2\/tags?post=35859"},{"taxonomy":"tribe_events_cat","embeddable":true,"href":"https:\/\/visitrijeka.hr\/en\/wp-json\/wp\/v2\/tribe_events_cat?post=35859"}],"curies":[{"name":"wp","href":"https:\/\/api.w.org\/{rel}","templated":true}]}}