{"id":69953,"date":"2024-11-15T13:45:28","date_gmt":"2024-11-15T12:45:28","guid":{"rendered":"https:\/\/visitrijeka.hr\/adamicev-gat\/"},"modified":"2025-12-04T12:06:03","modified_gmt":"2025-12-04T11:06:03","slug":"adamicev-gat","status":"publish","type":"page","link":"https:\/\/visitrijeka.hr\/en\/adamicev-gat\/","title":{"rendered":"Advent Pier"},"content":{"rendered":"<p><div class=\"fusion-fullwidth fullwidth-box fusion-builder-row-1 fusion-flex-container has-pattern-background has-mask-background nonhundred-percent-fullwidth non-hundred-percent-height-scrolling\" style=\"--awb-border-radius-top-left:0px;--awb-border-radius-top-right:0px;--awb-border-radius-bottom-right:0px;--awb-border-radius-bottom-left:0px;--awb-padding-top:0px;--awb-padding-bottom:0px;--awb-margin-top:0px;--awb-margin-bottom:0px;--awb-margin-top-small:-17px;--awb-flex-wrap:wrap;\" ><div class=\"fusion-builder-row fusion-row fusion-flex-align-items-flex-start fusion-flex-content-wrap\" style=\"max-width:1414.4px;margin-left: calc(-4% \/ 2 );margin-right: calc(-4% \/ 2 );\"><div class=\"fusion-layout-column fusion_builder_column fusion-builder-column-0 fusion_builder_column_3_4 3_4 fusion-flex-column id-69953\" style=\"--awb-bg-size:cover;--awb-width-large:75%;--awb-margin-top-large:0px;--awb-spacing-right-large:2.56%;--awb-margin-bottom-large:20px;--awb-spacing-left-large:2.56%;--awb-width-medium:75%;--awb-order-medium:0;--awb-spacing-right-medium:2.56%;--awb-spacing-left-medium:2.56%;--awb-width-small:100%;--awb-order-small:0;--awb-spacing-right-small:1.92%;--awb-spacing-left-small:1.92%;\"><div class=\"fusion-column-wrapper fusion-column-has-shadow fusion-flex-justify-content-flex-start fusion-content-layout-column\"><\/div><\/div><div class=\"fusion-layout-column fusion_builder_column fusion-builder-column-1 fusion_builder_column_1_4 1_4 fusion-flex-column fusion-flex-align-self-flex-start id-69953\" style=\"--awb-padding-right-small:40px;--awb-padding-left-small:40px;--awb-bg-size:cover;--awb-width-large:25%;--awb-margin-top-large:-30px;--awb-spacing-right-large:0px;--awb-margin-bottom-large:20px;--awb-spacing-left-large:0px;--awb-width-medium:25%;--awb-order-medium:0;--awb-spacing-right-medium:0px;--awb-spacing-left-medium:0px;--awb-width-small:100%;--awb-order-small:0;--awb-spacing-right-small:1.92%;--awb-spacing-left-small:1.92%;\" data-scroll-devices=\"small-visibility,medium-visibility,large-visibility\"><div class=\"fusion-column-wrapper fusion-column-has-shadow fusion-flex-justify-content-flex-start fusion-content-layout-column\"><div class=\"fusion-text fusion-text-1\">     <ul style=\"--awb-size:20px;--awb-margin-top:0px;--awb-margin-right:0px;--awb-margin-bottom:0px;--awb-margin-left:0px;--awb-item-padding-top:0px;--awb-item-padding-right:0px;--awb-item-padding-bottom:0px;--awb-item-padding-left:0px;--awb-line-height:34px;--awb-icon-width:34px;--awb-icon-height:34px;--awb-icon-margin:14px;--awb-content-margin:48px;\" class=\"fusion-checklist fusion-checklist-1 type-icons\">\n         <li class=\"fusion-li-item\" style=\"\">\n            <span class=\"icon-wrapper circle-no\">\n                <i class=\"fusion-li-icon icon-Plava_Visitrijeka\" aria-hidden=\"true\"><\/i>\n            <\/span>\n            <div class=\"fusion-li-item-content\">\n                <h3><strong>events.<\/strong><\/h3>\n            <\/div>\n        <\/li>\n    <\/ul>\n    \n<\/div><\/div><\/div>\n<\/div><\/div><div class=\"fusion-fullwidth fullwidth-box fusion-builder-row-2 fusion-flex-container has-pattern-background has-mask-background nonhundred-percent-fullwidth non-hundred-percent-height-scrolling\" style=\"--awb-border-radius-top-left:0px;--awb-border-radius-top-right:0px;--awb-border-radius-bottom-right:0px;--awb-border-radius-bottom-left:0px;--awb-padding-top:0px;--awb-padding-bottom:45px;--awb-padding-top-small:30px;--awb-background-color:var(--awb-color1);--awb-flex-wrap:wrap;\" ><div class=\"fusion-builder-row fusion-row fusion-flex-align-items-flex-start fusion-flex-content-wrap\" style=\"max-width:1414.4px;margin-left: calc(-4% \/ 2 );margin-right: calc(-4% \/ 2 );\"><div class=\"fusion-layout-column fusion_builder_column fusion-builder-column-2 fusion_builder_column_1_1 1_1 fusion-flex-column id-69953\" style=\"--awb-bg-size:cover;--awb-width-large:100%;--awb-margin-top-large:-50px;--awb-spacing-right-large:1.92%;--awb-margin-bottom-large:20px;--awb-spacing-left-large:1.92%;--awb-width-medium:100%;--awb-order-medium:0;--awb-spacing-right-medium:1.92%;--awb-spacing-left-medium:1.92%;--awb-width-small:100%;--awb-order-small:0;--awb-spacing-right-small:1.92%;--awb-spacing-left-small:1.92%;\" data-scroll-devices=\"small-visibility,medium-visibility,large-visibility\"><div class=\"fusion-column-wrapper fusion-column-has-shadow fusion-flex-justify-content-flex-start fusion-content-layout-column\"><ul style=\"--awb-margin-bottom:20px;--awb-iconcolor:var(--awb-custom_color_2);--awb-textcolor:var(--awb-color8);--awb-line-height:25.5px;--awb-icon-width:25.5px;--awb-icon-height:25.5px;--awb-icon-margin:10.5px;--awb-content-margin:36px;\" class=\"fusion-checklist fusion-checklist-1 fusion-checklist-default type-icons\"><li class=\"fusion-li-item\" style=\"\"><span class=\"icon-wrapper circle-no\"><i class=\"fusion-li-icon fa-map-pin fas\" aria-hidden=\"true\"><\/i><\/span><div class=\"fusion-li-item-content\">\n<p><b>ADAMI\u0106 PIER<\/b><\/p>\n<\/div><\/li><\/ul><div class=\"fusion-text fusion-text-2 fusion-text-no-margin\" style=\"--awb-text-color:var(--awb-color8);--awb-margin-bottom:15px;\"><p>This year&#8217;s Advent Pier officially commences on Friday, 22 November, with the traditional Christmas light switch-on and a grand opening ceremony highlighted by the performance of the electrifying Supercover band and DJ Modrix. This will allow the most popular Advent location in Rijeka to once again shine brightly this year, ready to offer several weeks chock-full of music, entertainment and an unforgettable atmosphere.<\/p>\n<p>Admission to the Advent Pier is completely free of charge throughout the event, while visitors can expect a varied and eventful programme for all ages.<\/p>\n<p>Quiz nights are bound to generate interest, along with an entertainment programme and a chance to win prizes, followed by festive afterparties. Family days are aimed at kids and their parents, providing an opportunity to take pictures with Santa Claus and offering a plethora of activities for children.<\/p>\n<p>If you\u2019re looking for good music and a laid-back atmosphere, each night at the Pier tells a different story:<\/p>\n<ul>\n<li>Also scheduled are the Aftermath Mondays, which are the perfect way to stretch out the weekend with easy listening music and great beats,<\/li>\n<li>Thursdays \u2013 new musical surprises and gastro delights that showcase the creativity of local caterers,<\/li>\n<li>Fridays \u2013 live performances that will fire up the crowd and elevate the mood,<\/li>\n<li>Saturdays \u2013 themed Advent parties that guarantee memorable nights,<\/li>\n<li>Wednesdays \u2013 a special edition with the popular Jablani and the energetic Mid-Week Party.<\/li>\n<\/ul>\n<p>The gastro offering will be just as lavish with no less than 12 booths offering a wide range of flavours, from traditional Advent dishes to modern culinary innovations, fish and meat specialities, and a variety of desserts and delicacies. Those with a preference for hot beverages can enjoy hot cocktails made with original recipes and classic winter drinks.<\/p>\n<p>Each day at the Pier boasts a unique concept and theme, allowing visitors to experience something new every time they come with their family or friends in search of holiday magic.<\/p>\n<p>Advent Pier 2025 is a place where every day is different and the fun never stops!<\/p>\n<\/div><\/div><\/div><\/div><\/div><\/p>\n","protected":false},"excerpt":{"rendered":"","protected":false},"author":1,"featured_media":69359,"parent":0,"menu_order":0,"comment_status":"closed","ping_status":"closed","template":"100-width.php","meta":{"_acf_changed":false,"inline_featured_image":false,"footnotes":""},"class_list":["post-69953","page","type-page","status-publish","has-post-thumbnail","hentry"],"acf":[],"yoast_head":"<!-- This site is optimized with the Yoast SEO plugin v26.3 - https:\/\/yoast.com\/wordpress\/plugins\/seo\/ -->\n<title>Advent Pier - Visit Rijeka<\/title>\n<meta name=\"description\" content=\"Advent na Gradini jedan je od najrasko\u0161nijih advenata u ovom dijelu Europe te broji ve\u0107 \u0161est izdanja s vi\u0161e od 340.000 posjetitelja\" \/>\n<meta name=\"robots\" content=\"index, follow, max-snippet:-1, max-image-preview:large, max-video-preview:-1\" \/>\n<link rel=\"canonical\" href=\"https:\/\/visitrijeka.hr\/en\/adamicev-gat\/\" \/>\n<meta property=\"og:locale\" content=\"en_US\" \/>\n<meta property=\"og:type\" content=\"article\" \/>\n<meta property=\"og:title\" content=\"Advent Pier - Visit Rijeka\" \/>\n<meta property=\"og:description\" content=\"Advent na Gradini jedan je od najrasko\u0161nijih advenata u ovom dijelu Europe te broji ve\u0107 \u0161est izdanja s vi\u0161e od 340.000 posjetitelja\" \/>\n<meta property=\"og:url\" content=\"https:\/\/visitrijeka.hr\/en\/adamicev-gat\/\" \/>\n<meta property=\"og:site_name\" content=\"Visit Rijeka\" \/>\n<meta property=\"article:publisher\" content=\"https:\/\/www.facebook.com\/VisitRijeka\" \/>\n<meta property=\"article:modified_time\" content=\"2025-12-04T11:06:03+00:00\" \/>\n<meta property=\"og:image\" content=\"https:\/\/visitrijeka.hr\/wp-content\/uploads\/2024\/11\/Gat-Ivor-Mazar-resize.jpg\" \/>\n\t<meta property=\"og:image:width\" content=\"1920\" \/>\n\t<meta property=\"og:image:height\" content=\"1000\" \/>\n\t<meta property=\"og:image:type\" content=\"image\/jpeg\" \/>\n<meta name=\"twitter:card\" content=\"summary_large_image\" \/>\n<meta name=\"twitter:label1\" content=\"Est. reading time\" \/>\n\t<meta name=\"twitter:data1\" content=\"3 minutes\" \/>\n<script type=\"application\/ld+json\" class=\"yoast-schema-graph\">{\"@context\":\"https:\/\/schema.org\",\"@graph\":[{\"@type\":\"WebPage\",\"@id\":\"https:\/\/visitrijeka.hr\/en\/adamicev-gat\/\",\"url\":\"https:\/\/visitrijeka.hr\/en\/adamicev-gat\/\",\"name\":\"Advent Pier - Visit Rijeka\",\"isPartOf\":{\"@id\":\"https:\/\/visitrijeka.hr\/en\/#website\"},\"primaryImageOfPage\":{\"@id\":\"https:\/\/visitrijeka.hr\/en\/adamicev-gat\/#primaryimage\"},\"image\":{\"@id\":\"https:\/\/visitrijeka.hr\/en\/adamicev-gat\/#primaryimage\"},\"thumbnailUrl\":\"https:\/\/visitrijeka.hr\/wp-content\/uploads\/2024\/11\/Gat-Ivor-Mazar-resize.jpg\",\"datePublished\":\"2024-11-15T12:45:28+00:00\",\"dateModified\":\"2025-12-04T11:06:03+00:00\",\"description\":\"Advent na Gradini jedan je od najrasko\u0161nijih advenata u ovom dijelu Europe te broji ve\u0107 \u0161est izdanja s vi\u0161e od 340.000 posjetitelja\",\"breadcrumb\":{\"@id\":\"https:\/\/visitrijeka.hr\/en\/adamicev-gat\/#breadcrumb\"},\"inLanguage\":\"en-US\",\"potentialAction\":[{\"@type\":\"ReadAction\",\"target\":[\"https:\/\/visitrijeka.hr\/en\/adamicev-gat\/\"]}]},{\"@type\":\"ImageObject\",\"inLanguage\":\"en-US\",\"@id\":\"https:\/\/visitrijeka.hr\/en\/adamicev-gat\/#primaryimage\",\"url\":\"https:\/\/visitrijeka.hr\/wp-content\/uploads\/2024\/11\/Gat-Ivor-Mazar-resize.jpg\",\"contentUrl\":\"https:\/\/visitrijeka.hr\/wp-content\/uploads\/2024\/11\/Gat-Ivor-Mazar-resize.jpg\",\"width\":1920,\"height\":1000,\"caption\":\"Advent - Adami\u0107ev gat\"},{\"@type\":\"WebSite\",\"@id\":\"https:\/\/visitrijeka.hr\/en\/#website\",\"url\":\"https:\/\/visitrijeka.hr\/en\/\",\"name\":\"Visit Rijeka\",\"description\":\"Grad koji te\u010de....\",\"publisher\":{\"@id\":\"https:\/\/visitrijeka.hr\/en\/#organization\"},\"potentialAction\":[{\"@type\":\"SearchAction\",\"target\":{\"@type\":\"EntryPoint\",\"urlTemplate\":\"https:\/\/visitrijeka.hr\/en\/?s={search_term_string}\"},\"query-input\":{\"@type\":\"PropertyValueSpecification\",\"valueRequired\":true,\"valueName\":\"search_term_string\"}}],\"inLanguage\":\"en-US\"},{\"@type\":\"Organization\",\"@id\":\"https:\/\/visitrijeka.hr\/en\/#organization\",\"name\":\"Visit Rijeka\",\"url\":\"https:\/\/visitrijeka.hr\/en\/\",\"logo\":{\"@type\":\"ImageObject\",\"inLanguage\":\"en-US\",\"@id\":\"https:\/\/visitrijeka.hr\/en\/#\/schema\/logo\/image\/\",\"url\":\"https:\/\/visitrijeka.hr\/wp-content\/uploads\/2023\/02\/Logo_Visit_rijeka_460.svg\",\"contentUrl\":\"https:\/\/visitrijeka.hr\/wp-content\/uploads\/2023\/02\/Logo_Visit_rijeka_460.svg\",\"width\":100,\"height\":100,\"caption\":\"Visit Rijeka\"},\"image\":{\"@id\":\"https:\/\/visitrijeka.hr\/en\/#\/schema\/logo\/image\/\"},\"sameAs\":[\"https:\/\/www.facebook.com\/VisitRijeka\"]}]}<\/script>\n<!-- \/ Yoast SEO plugin. -->","yoast_head_json":{"title":"Advent Pier - Visit Rijeka","description":"Advent na Gradini jedan je od najrasko\u0161nijih advenata u ovom dijelu Europe te broji ve\u0107 \u0161est izdanja s vi\u0161e od 340.000 posjetitelja","robots":{"index":"index","follow":"follow","max-snippet":"max-snippet:-1","max-image-preview":"max-image-preview:large","max-video-preview":"max-video-preview:-1"},"canonical":"https:\/\/visitrijeka.hr\/en\/adamicev-gat\/","og_locale":"en_US","og_type":"article","og_title":"Advent Pier - Visit Rijeka","og_description":"Advent na Gradini jedan je od najrasko\u0161nijih advenata u ovom dijelu Europe te broji ve\u0107 \u0161est izdanja s vi\u0161e od 340.000 posjetitelja","og_url":"https:\/\/visitrijeka.hr\/en\/adamicev-gat\/","og_site_name":"Visit Rijeka","article_publisher":"https:\/\/www.facebook.com\/VisitRijeka","article_modified_time":"2025-12-04T11:06:03+00:00","og_image":[{"width":1920,"height":1000,"url":"https:\/\/visitrijeka.hr\/wp-content\/uploads\/2024\/11\/Gat-Ivor-Mazar-resize.jpg","type":"image\/jpeg"}],"twitter_card":"summary_large_image","twitter_misc":{"Est. reading time":"3 minutes"},"schema":{"@context":"https:\/\/schema.org","@graph":[{"@type":"WebPage","@id":"https:\/\/visitrijeka.hr\/en\/adamicev-gat\/","url":"https:\/\/visitrijeka.hr\/en\/adamicev-gat\/","name":"Advent Pier - Visit Rijeka","isPartOf":{"@id":"https:\/\/visitrijeka.hr\/en\/#website"},"primaryImageOfPage":{"@id":"https:\/\/visitrijeka.hr\/en\/adamicev-gat\/#primaryimage"},"image":{"@id":"https:\/\/visitrijeka.hr\/en\/adamicev-gat\/#primaryimage"},"thumbnailUrl":"https:\/\/visitrijeka.hr\/wp-content\/uploads\/2024\/11\/Gat-Ivor-Mazar-resize.jpg","datePublished":"2024-11-15T12:45:28+00:00","dateModified":"2025-12-04T11:06:03+00:00","description":"Advent na Gradini jedan je od najrasko\u0161nijih advenata u ovom dijelu Europe te broji ve\u0107 \u0161est izdanja s vi\u0161e od 340.000 posjetitelja","breadcrumb":{"@id":"https:\/\/visitrijeka.hr\/en\/adamicev-gat\/#breadcrumb"},"inLanguage":"en-US","potentialAction":[{"@type":"ReadAction","target":["https:\/\/visitrijeka.hr\/en\/adamicev-gat\/"]}]},{"@type":"ImageObject","inLanguage":"en-US","@id":"https:\/\/visitrijeka.hr\/en\/adamicev-gat\/#primaryimage","url":"https:\/\/visitrijeka.hr\/wp-content\/uploads\/2024\/11\/Gat-Ivor-Mazar-resize.jpg","contentUrl":"https:\/\/visitrijeka.hr\/wp-content\/uploads\/2024\/11\/Gat-Ivor-Mazar-resize.jpg","width":1920,"height":1000,"caption":"Advent - Adami\u0107ev gat"},{"@type":"WebSite","@id":"https:\/\/visitrijeka.hr\/en\/#website","url":"https:\/\/visitrijeka.hr\/en\/","name":"Visit Rijeka","description":"Grad koji te\u010de....","publisher":{"@id":"https:\/\/visitrijeka.hr\/en\/#organization"},"potentialAction":[{"@type":"SearchAction","target":{"@type":"EntryPoint","urlTemplate":"https:\/\/visitrijeka.hr\/en\/?s={search_term_string}"},"query-input":{"@type":"PropertyValueSpecification","valueRequired":true,"valueName":"search_term_string"}}],"inLanguage":"en-US"},{"@type":"Organization","@id":"https:\/\/visitrijeka.hr\/en\/#organization","name":"Visit Rijeka","url":"https:\/\/visitrijeka.hr\/en\/","logo":{"@type":"ImageObject","inLanguage":"en-US","@id":"https:\/\/visitrijeka.hr\/en\/#\/schema\/logo\/image\/","url":"https:\/\/visitrijeka.hr\/wp-content\/uploads\/2023\/02\/Logo_Visit_rijeka_460.svg","contentUrl":"https:\/\/visitrijeka.hr\/wp-content\/uploads\/2023\/02\/Logo_Visit_rijeka_460.svg","width":100,"height":100,"caption":"Visit Rijeka"},"image":{"@id":"https:\/\/visitrijeka.hr\/en\/#\/schema\/logo\/image\/"},"sameAs":["https:\/\/www.facebook.com\/VisitRijeka"]}]}},"_links":{"self":[{"href":"https:\/\/visitrijeka.hr\/en\/wp-json\/wp\/v2\/pages\/69953","targetHints":{"allow":["GET"]}}],"collection":[{"href":"https:\/\/visitrijeka.hr\/en\/wp-json\/wp\/v2\/pages"}],"about":[{"href":"https:\/\/visitrijeka.hr\/en\/wp-json\/wp\/v2\/types\/page"}],"author":[{"embeddable":true,"href":"https:\/\/visitrijeka.hr\/en\/wp-json\/wp\/v2\/users\/1"}],"replies":[{"embeddable":true,"href":"https:\/\/visitrijeka.hr\/en\/wp-json\/wp\/v2\/comments?post=69953"}],"version-history":[{"count":0,"href":"https:\/\/visitrijeka.hr\/en\/wp-json\/wp\/v2\/pages\/69953\/revisions"}],"wp:featuredmedia":[{"embeddable":true,"href":"https:\/\/visitrijeka.hr\/en\/wp-json\/wp\/v2\/media\/69359"}],"wp:attachment":[{"href":"https:\/\/visitrijeka.hr\/en\/wp-json\/wp\/v2\/media?parent=69953"}],"curies":[{"name":"wp","href":"https:\/\/api.w.org\/{rel}","templated":true}]}}