{"id":30631,"date":"2023-06-11T11:01:43","date_gmt":"2023-06-11T09:01:43","guid":{"rendered":"https:\/\/visitrijeka.hr\/rijeka-kroz-povijest\/"},"modified":"2023-06-11T11:08:52","modified_gmt":"2023-06-11T09:08:52","slug":"geschichte","status":"publish","type":"page","link":"https:\/\/visitrijeka.hr\/de\/geschichte\/","title":{"rendered":"Geschichte"},"content":{"rendered":"<p><div class=\"fusion-fullwidth fullwidth-box fusion-builder-row-1 fusion-flex-container has-pattern-background has-mask-background nonhundred-percent-fullwidth non-hundred-percent-height-scrolling\" style=\"--awb-border-radius-top-left:0px;--awb-border-radius-top-right:0px;--awb-border-radius-bottom-right:0px;--awb-border-radius-bottom-left:0px;--awb-padding-top:0px;--awb-margin-top-small:-25px;--awb-flex-wrap:wrap;\" ><div class=\"fusion-builder-row fusion-row fusion-flex-align-items-center fusion-flex-justify-content-center fusion-flex-content-wrap\" style=\"max-width:1414.4px;margin-left: calc(-4% \/ 2 );margin-right: calc(-4% \/ 2 );\"><div class=\"fusion-layout-column fusion_builder_column fusion-builder-column-0 fusion_builder_column_1_6 1_6 fusion-flex-column id-30631\" style=\"--awb-bg-size:cover;--awb-width-large:16.666666666667%;--awb-margin-top-large:-40px;--awb-spacing-right-large:11.52%;--awb-margin-bottom-large:0px;--awb-spacing-left-large:11.52%;--awb-width-medium:16.666666666667%;--awb-order-medium:0;--awb-spacing-right-medium:11.52%;--awb-spacing-left-medium:11.52%;--awb-width-small:100%;--awb-order-small:1;--awb-spacing-right-small:1.92%;--awb-spacing-left-small:1.92%;\" data-scroll-devices=\"small-visibility,medium-visibility,large-visibility\"><div class=\"fusion-column-wrapper fusion-column-has-shadow fusion-flex-justify-content-flex-start fusion-content-layout-column\"><div class=\"fusion-text fusion-text-1\">     <ul style=\"--awb-size:20px;--awb-margin-top:0px;--awb-margin-right:0px;--awb-margin-bottom:0px;--awb-margin-left:0px;--awb-item-padding-top:0px;--awb-item-padding-right:0px;--awb-item-padding-bottom:0px;--awb-item-padding-left:0px;--awb-line-height:34px;--awb-icon-width:34px;--awb-icon-height:34px;--awb-icon-margin:14px;--awb-content-margin:48px;\" class=\"fusion-checklist fusion-checklist-1 type-icons\">\n         <li class=\"fusion-li-item\" style=\"\">\n            <span class=\"icon-wrapper circle-no\">\n                <i class=\"fusion-li-icon icon-Plava_Visitrijeka\" aria-hidden=\"true\"><\/i>\n            <\/span>\n            <div class=\"fusion-li-item-content\">\n                <h3><strong>entdecke.<\/strong><\/h3>\n            <\/div>\n        <\/li>\n    <\/ul>\n    \n<\/div><\/div><\/div>\n<div class=\"fusion-layout-column fusion_builder_column fusion-builder-column-1 fusion-flex-column fusion-flex-align-self-center id-30631\" style=\"--awb-bg-size:cover;--awb-width-large:55%;--awb-margin-top-large:0px;--awb-spacing-right-large:0px;--awb-margin-bottom-large:20px;--awb-spacing-left-large:0px;--awb-width-medium:55%;--awb-order-medium:0;--awb-spacing-right-medium:0px;--awb-spacing-left-medium:0px;--awb-width-small:100%;--awb-order-small:0;--awb-spacing-right-small:1.92%;--awb-spacing-left-small:1.92%;\" data-scroll-devices=\"small-visibility,medium-visibility,large-visibility\"><div class=\"fusion-column-wrapper fusion-column-has-shadow fusion-flex-justify-content-center fusion-content-layout-column\"><\/div><\/div><div class=\"fusion-layout-column fusion_builder_column fusion-builder-column-2 fusion_builder_column_1_4 1_4 fusion-flex-column fusion-flex-align-self-center id-30631\" style=\"--awb-bg-size:cover;--awb-width-large:25%;--awb-margin-top-large:0px;--awb-spacing-right-large:0px;--awb-margin-bottom-large:20px;--awb-spacing-left-large:0px;--awb-width-medium:25%;--awb-order-medium:0;--awb-spacing-right-medium:0px;--awb-spacing-left-medium:0px;--awb-width-small:100%;--awb-order-small:0;--awb-spacing-right-small:1.92%;--awb-spacing-left-small:1.92%;\"><div class=\"fusion-column-wrapper fusion-column-has-shadow fusion-flex-justify-content-center fusion-content-layout-column\"><\/div><\/div><\/div><\/div><div class=\"fusion-fullwidth fullwidth-box fusion-builder-row-2 fusion-flex-container has-pattern-background has-mask-background nonhundred-percent-fullwidth non-hundred-percent-height-scrolling\" style=\"--awb-border-radius-top-left:0px;--awb-border-radius-top-right:0px;--awb-border-radius-bottom-right:0px;--awb-border-radius-bottom-left:0px;--awb-padding-bottom:50px;--awb-padding-bottom-small:50px;--awb-margin-top-small:-20px;--awb-margin-bottom-small:0px;--awb-background-color:var(--awb-color1);--awb-flex-wrap:wrap;\" ><div class=\"fusion-builder-row fusion-row fusion-flex-align-items-flex-start fusion-flex-content-wrap\" style=\"max-width:1414.4px;margin-left: calc(-4% \/ 2 );margin-right: calc(-4% \/ 2 );\"><div class=\"fusion-layout-column fusion_builder_column fusion-builder-column-3 fusion_builder_column_1_1 1_1 fusion-flex-column id-30631\" style=\"--awb-bg-size:cover;--awb-width-large:100%;--awb-margin-top-large:0px;--awb-spacing-right-large:1.92%;--awb-margin-bottom-large:0px;--awb-spacing-left-large:1.92%;--awb-width-medium:100%;--awb-order-medium:0;--awb-spacing-right-medium:1.92%;--awb-spacing-left-medium:1.92%;--awb-width-small:100%;--awb-order-small:0;--awb-spacing-right-small:1.92%;--awb-spacing-left-small:1.92%;\" data-scroll-devices=\"small-visibility,medium-visibility,large-visibility\"><div class=\"fusion-column-wrapper fusion-column-has-shadow fusion-flex-justify-content-flex-start fusion-content-layout-column\"><div class=\"fusion-post-cards fusion-post-cards-1 fusion-grid-archive fusion-grid-columns-4\" style=\"--awb-column-spacing:30px;--awb-dots-align:center;--awb-active-filter-border-size:3px;--awb-filters-height:36px;--awb-filters-alignment-medium:flex-start;--awb-filters-alignment-small:flex-start;\"><div><ul class=\"fusion-filters\" role=\"menu\" aria-label=\"Post Filters\"><li role=\"presentation\" class=\"fusion-filter fusion-filter-all fusion-active\"><a href=\"#\" data-filter=\"*\" role=\"menuitem\">All<\/a><\/li><\/ul><\/div><ul class=\"fusion-grid fusion-grid-4 fusion-flex-align-items-stretch fusion-grid-posts-cards\"><li class=\"fusion-layout-column fusion_builder_column fusion-builder-column-4 fusion-flex-column postcard-cont-smjestaj post-card fusion-grid-column fusion-post-cards-grid-column geschichte id-25422\" style=\"--awb-padding-bottom:20px;--awb-overflow:hidden;--awb-bg-color:var(--awb-color1);--awb-bg-color-hover:var(--awb-color1);--awb-bg-size:cover;--awb-box-shadow:0px 32px 52px -24px hsla(var(--awb-color8-h),var(--awb-color8-s),var(--awb-color8-l),calc(var(--awb-color8-a) - 92%));;--awb-border-radius:16px 16px 16px 16px;--awb-flex-grow:0;--awb-flex-shrink:0;--awb-flex-grow-medium:0;--awb-flex-shrink-medium:0;--awb-flex-grow-small:0;--awb-flex-shrink-small:0;\" data-scroll-devices=\"small-visibility,medium-visibility,large-visibility\"><div class=\"fusion-column-wrapper fusion-column-has-shadow fusion-flex-justify-content-space-between fusion-content-layout-column\"><div class=\"fusion-featured-slider-tb fusion-featured-slider-tb-1\" style=\"margin-bottom:20px;\"><div class=\"fusion-slider-sc fusion-has-margin\"><div class=\"fusion-flexslider-loading flexslider flexslider-hover-type-none fusion-slider-sc-cover\" data-slideshow_autoplay=\"0\" data-slideshow_smooth_height=\"1\" data-slideshow_speed=\"7000\" style=\"max-width:600px;height:300px;\"><ul class=\"slides\"><li class=\"image\"><span class=\"lazyload fusion-image-hover-element hover-type-none\"><img decoding=\"async\" src=\"data:image\/svg+xml,%3Csvg%20xmlns%3D%27http%3A%2F%2Fwww.w3.org%2F2000%2Fsvg%27%20width%3D%27900%27%20height%3D%27627%27%20viewBox%3D%270%200%20900%20627%27%3E%3Crect%20width%3D%27900%27%20height%3D%27627%27%20fill-opacity%3D%220%22%2F%3E%3C%2Fsvg%3E\" data-orig-src=\"https:\/\/visitrijeka.hr\/wp-content\/uploads\/2023\/03\/godine2.jpeg\" width=\"900\" height=\"627\" class=\"lazyload wp-image-0\" \/><\/span><\/li><li class=\"image\"><span class=\"lazyload fusion-image-hover-element hover-type-none\"><img decoding=\"async\" src=\"https:\/\/visitrijeka.hr\/wp-content\/uploads\/2023\/03\/godine2.jpeg\" data-orig-src=\"https:\/\/visitrijeka.hr\/wp-content\/uploads\/2023\/03\/godine2.jpeg\" width=\"900\" height=\"627\" class=\"lazyload wp-image-15223\" srcset=\"data:image\/svg+xml,%3Csvg%20xmlns%3D%27http%3A%2F%2Fwww.w3.org%2F2000%2Fsvg%27%20width%3D%27900%27%20height%3D%27627%27%20viewBox%3D%270%200%20900%20627%27%3E%3Crect%20width%3D%27900%27%20height%3D%27627%27%20fill-opacity%3D%220%22%2F%3E%3C%2Fsvg%3E\" data-srcset=\"https:\/\/visitrijeka.hr\/wp-content\/uploads\/2023\/03\/godine2-200x139.jpeg 200w, https:\/\/visitrijeka.hr\/wp-content\/uploads\/2023\/03\/godine2-400x279.jpeg 400w, https:\/\/visitrijeka.hr\/wp-content\/uploads\/2023\/03\/godine2-600x418.jpeg 600w, https:\/\/visitrijeka.hr\/wp-content\/uploads\/2023\/03\/godine2-800x557.jpeg 800w, https:\/\/visitrijeka.hr\/wp-content\/uploads\/2023\/03\/godine2.jpeg 900w\" data-sizes=\"auto\" data-orig-sizes=\"(max-width: 800px) 100vw, 900px\" \/><\/span><\/li><\/ul><\/div><\/div><\/div><div class=\"fusion-title title fusion-title-1 fusion-sep-none fusion-title-text fusion-title-size-five\" style=\"--awb-margin-right:20px;--awb-margin-left:20px;--awb-margin-right-small:20px;--awb-margin-left-small:20px;--awb-margin-right-medium:20px;--awb-margin-left-medium:20px;\"><h5 class=\"fusion-title-heading title-heading-left\" style=\"font-family:&quot;SSP-Semibold-600&quot;;font-style:normal;font-weight:400;margin:0;\">Rijeka in Jahreszahlen<\/h5><\/div><div class=\"fusion-text fusion-text-2\" style=\"--awb-margin-right:20px;--awb-margin-left:20px;\"><p>1281 Der venezianische Gro\u00dfe Rat erw\u00e4hnt erstmals in Dokumenten Rijeka des hl. Veit. \n1315 Hugon II. v. Devin, Herr der Stadt, gr\u00fcndet in Rijeka das Augustinerkloster und die Kirche d. hl. Hieronymus. \n1336-1365 Rijeka befindet sich unter der Herrschaft der F\u00fcrsten von Krk, sp\u00e4ter Frankopan...<\/p>\n<\/div><div style=\"text-align:center;\"><a class=\"fusion-button button-flat fusion-button-default-size button-custom fusion-button-default button-1 fusion-button-default-span fusion-button-default-type botun_povijest\" style=\"--button_accent_color:var(--awb-color1);--button_accent_hover_color:var(--awb-color1);--button_border_hover_color:var(--awb-color1);--button_gradient_top_color:var(--awb-custom_color_7);--button_gradient_bottom_color:var(--awb-custom_color_7);--button_gradient_top_color_hover:var(--awb-color4);--button_gradient_bottom_color_hover:var(--awb-color4);--button_margin-top:30px;\" target=\"_self\" href=\"https:\/\/visitrijeka.hr\/de\/rijeka-in-jahreszahlen\/\"><span class=\"fusion-button-text awb-button__text awb-button__text--default\">Lese mehr<\/span><i class=\"fa-long-arrow-alt-right fas awb-button__icon awb-button__icon--default button-icon-right\" aria-hidden=\"true\"><\/i><\/a><\/div><\/div><\/li>\n<li class=\"fusion-layout-column fusion_builder_column fusion-builder-column-5 fusion-flex-column postcard-cont-smjestaj post-card fusion-grid-column fusion-post-cards-grid-column geschichte id-25372\" style=\"--awb-padding-bottom:20px;--awb-overflow:hidden;--awb-bg-color:var(--awb-color1);--awb-bg-color-hover:var(--awb-color1);--awb-bg-size:cover;--awb-box-shadow:0px 32px 52px -24px hsla(var(--awb-color8-h),var(--awb-color8-s),var(--awb-color8-l),calc(var(--awb-color8-a) - 92%));;--awb-border-radius:16px 16px 16px 16px;--awb-flex-grow:0;--awb-flex-shrink:0;--awb-flex-grow-medium:0;--awb-flex-shrink-medium:0;--awb-flex-grow-small:0;--awb-flex-shrink-small:0;\" data-scroll-devices=\"small-visibility,medium-visibility,large-visibility\"><div class=\"fusion-column-wrapper fusion-column-has-shadow fusion-flex-justify-content-space-between fusion-content-layout-column\"><div class=\"fusion-featured-slider-tb fusion-featured-slider-tb-2\" style=\"margin-bottom:20px;\"><div class=\"fusion-slider-sc fusion-has-margin\"><div class=\"fusion-flexslider-loading flexslider flexslider-hover-type-none fusion-slider-sc-cover\" data-slideshow_autoplay=\"0\" data-slideshow_smooth_height=\"1\" data-slideshow_speed=\"7000\" style=\"max-width:600px;height:300px;\"><ul class=\"slides\"><li class=\"image\"><span class=\"lazyload fusion-image-hover-element hover-type-none\"><img decoding=\"async\" src=\"data:image\/svg+xml,%3Csvg%20xmlns%3D%27http%3A%2F%2Fwww.w3.org%2F2000%2Fsvg%27%20width%3D%27800%27%20height%3D%27533%27%20viewBox%3D%270%200%20800%20533%27%3E%3Crect%20width%3D%27800%27%20height%3D%27533%27%20fill-opacity%3D%220%22%2F%3E%3C%2Fsvg%3E\" data-orig-src=\"https:\/\/visitrijeka.hr\/wp-content\/uploads\/2023\/03\/xv-stoljece2.jpeg\" width=\"800\" height=\"533\" class=\"lazyload wp-image-0\" \/><\/span><\/li><li class=\"image\"><span class=\"lazyload fusion-image-hover-element hover-type-none\"><img decoding=\"async\" src=\"https:\/\/visitrijeka.hr\/wp-content\/uploads\/2023\/03\/xv-stoljece.jpeg\" data-orig-src=\"https:\/\/visitrijeka.hr\/wp-content\/uploads\/2023\/03\/xv-stoljece.jpeg\" width=\"800\" height=\"533\" class=\"lazyload wp-image-15213\" srcset=\"data:image\/svg+xml,%3Csvg%20xmlns%3D%27http%3A%2F%2Fwww.w3.org%2F2000%2Fsvg%27%20width%3D%27800%27%20height%3D%27533%27%20viewBox%3D%270%200%20800%20533%27%3E%3Crect%20width%3D%27800%27%20height%3D%27533%27%20fill-opacity%3D%220%22%2F%3E%3C%2Fsvg%3E\" data-srcset=\"https:\/\/visitrijeka.hr\/wp-content\/uploads\/2023\/03\/xv-stoljece-200x133.jpeg 200w, https:\/\/visitrijeka.hr\/wp-content\/uploads\/2023\/03\/xv-stoljece-400x267.jpeg 400w, https:\/\/visitrijeka.hr\/wp-content\/uploads\/2023\/03\/xv-stoljece-600x400.jpeg 600w, https:\/\/visitrijeka.hr\/wp-content\/uploads\/2023\/03\/xv-stoljece.jpeg 800w\" data-sizes=\"auto\" data-orig-sizes=\"(max-width: 800px) 100vw, 800px\" \/><\/span><\/li><li class=\"image\"><span class=\"lazyload fusion-image-hover-element hover-type-none\"><img decoding=\"async\" src=\"https:\/\/visitrijeka.hr\/wp-content\/uploads\/2023\/03\/xv-stoljece3.jpeg\" data-orig-src=\"https:\/\/visitrijeka.hr\/wp-content\/uploads\/2023\/03\/xv-stoljece3.jpeg\" width=\"700\" height=\"467\" class=\"lazyload wp-image-15228\" srcset=\"data:image\/svg+xml,%3Csvg%20xmlns%3D%27http%3A%2F%2Fwww.w3.org%2F2000%2Fsvg%27%20width%3D%27700%27%20height%3D%27467%27%20viewBox%3D%270%200%20700%20467%27%3E%3Crect%20width%3D%27700%27%20height%3D%27467%27%20fill-opacity%3D%220%22%2F%3E%3C%2Fsvg%3E\" data-srcset=\"https:\/\/visitrijeka.hr\/wp-content\/uploads\/2023\/03\/xv-stoljece3-200x133.jpeg 200w, https:\/\/visitrijeka.hr\/wp-content\/uploads\/2023\/03\/xv-stoljece3-400x267.jpeg 400w, https:\/\/visitrijeka.hr\/wp-content\/uploads\/2023\/03\/xv-stoljece3-600x400.jpeg 600w, https:\/\/visitrijeka.hr\/wp-content\/uploads\/2023\/03\/xv-stoljece3.jpeg 700w\" data-sizes=\"auto\" data-orig-sizes=\"(max-width: 800px) 100vw, 700px\" \/><\/span><\/li><li class=\"image\"><span class=\"lazyload fusion-image-hover-element hover-type-none\"><img decoding=\"async\" src=\"https:\/\/visitrijeka.hr\/wp-content\/uploads\/2023\/03\/xv-stoljece2.jpeg\" data-orig-src=\"https:\/\/visitrijeka.hr\/wp-content\/uploads\/2023\/03\/xv-stoljece2.jpeg\" width=\"800\" height=\"533\" class=\"lazyload wp-image-15218\" srcset=\"data:image\/svg+xml,%3Csvg%20xmlns%3D%27http%3A%2F%2Fwww.w3.org%2F2000%2Fsvg%27%20width%3D%27800%27%20height%3D%27533%27%20viewBox%3D%270%200%20800%20533%27%3E%3Crect%20width%3D%27800%27%20height%3D%27533%27%20fill-opacity%3D%220%22%2F%3E%3C%2Fsvg%3E\" data-srcset=\"https:\/\/visitrijeka.hr\/wp-content\/uploads\/2023\/03\/xv-stoljece2-200x133.jpeg 200w, https:\/\/visitrijeka.hr\/wp-content\/uploads\/2023\/03\/xv-stoljece2-400x267.jpeg 400w, https:\/\/visitrijeka.hr\/wp-content\/uploads\/2023\/03\/xv-stoljece2-600x400.jpeg 600w, https:\/\/visitrijeka.hr\/wp-content\/uploads\/2023\/03\/xv-stoljece2.jpeg 800w\" data-sizes=\"auto\" data-orig-sizes=\"(max-width: 800px) 100vw, 800px\" \/><\/span><\/li><\/ul><\/div><\/div><\/div><div class=\"fusion-title title fusion-title-2 fusion-sep-none fusion-title-text fusion-title-size-five\" style=\"--awb-margin-right:20px;--awb-margin-left:20px;--awb-margin-right-small:20px;--awb-margin-left-small:20px;--awb-margin-right-medium:20px;--awb-margin-left-medium:20px;\"><h5 class=\"fusion-title-heading title-heading-left\" style=\"font-family:&quot;SSP-Semibold-600&quot;;font-style:normal;font-weight:400;margin:0;\">Das bewegte XX. Jahrhundert<\/h5><\/div><div class=\"fusion-text fusion-text-3\" style=\"--awb-margin-right:20px;--awb-margin-left:20px;\"><p>W\u00e4hrend der B\u00fcrgerrevolution von 1848 wurde Rijeka in das Gebiet der Banovina eingegliedert und Ban Josip Jela\u010di\u0107 zum Gouverneur von Rijeka ernannt. Der Kampf um Rijeka zwischen Kroatien und Ungarn spitzte sich immer mehr zu und per Ungarisch-Kroatischem Ausgleich 1868, vor allem dem Fetzchen...<\/p>\n<\/div><div style=\"text-align:center;\"><a class=\"fusion-button button-flat fusion-button-default-size button-custom fusion-button-default button-2 fusion-button-default-span fusion-button-default-type botun_povijest\" style=\"--button_accent_color:var(--awb-color1);--button_accent_hover_color:var(--awb-color1);--button_border_hover_color:var(--awb-color1);--button_gradient_top_color:var(--awb-custom_color_7);--button_gradient_bottom_color:var(--awb-custom_color_7);--button_gradient_top_color_hover:var(--awb-color4);--button_gradient_bottom_color_hover:var(--awb-color4);--button_margin-top:30px;\" target=\"_self\" href=\"https:\/\/visitrijeka.hr\/de\/das-bewegte-xx-jahrhundert\/\"><span class=\"fusion-button-text awb-button__text awb-button__text--default\">Lese mehr<\/span><i class=\"fa-long-arrow-alt-right fas awb-button__icon awb-button__icon--default button-icon-right\" aria-hidden=\"true\"><\/i><\/a><\/div><\/div><\/li>\n<li class=\"fusion-layout-column fusion_builder_column fusion-builder-column-6 fusion-flex-column postcard-cont-smjestaj post-card fusion-grid-column fusion-post-cards-grid-column geschichte id-25395\" style=\"--awb-padding-bottom:20px;--awb-overflow:hidden;--awb-bg-color:var(--awb-color1);--awb-bg-color-hover:var(--awb-color1);--awb-bg-size:cover;--awb-box-shadow:0px 32px 52px -24px hsla(var(--awb-color8-h),var(--awb-color8-s),var(--awb-color8-l),calc(var(--awb-color8-a) - 92%));;--awb-border-radius:16px 16px 16px 16px;--awb-flex-grow:0;--awb-flex-shrink:0;--awb-flex-grow-medium:0;--awb-flex-shrink-medium:0;--awb-flex-grow-small:0;--awb-flex-shrink-small:0;\" data-scroll-devices=\"small-visibility,medium-visibility,large-visibility\"><div class=\"fusion-column-wrapper fusion-column-has-shadow fusion-flex-justify-content-space-between fusion-content-layout-column\"><div class=\"fusion-featured-slider-tb fusion-featured-slider-tb-3\" style=\"margin-bottom:20px;\"><div class=\"fusion-slider-sc fusion-has-margin\"><div class=\"fusion-flexslider-loading flexslider flexslider-hover-type-none fusion-slider-sc-cover\" data-slideshow_autoplay=\"0\" data-slideshow_smooth_height=\"1\" data-slideshow_speed=\"7000\" style=\"max-width:600px;height:300px;\"><ul class=\"slides\"><li class=\"image\"><span class=\"lazyload fusion-image-hover-element hover-type-none\"><img decoding=\"async\" src=\"data:image\/svg+xml,%3Csvg%20xmlns%3D%27http%3A%2F%2Fwww.w3.org%2F2000%2Fsvg%27%20width%3D%271800%27%20height%3D%27879%27%20viewBox%3D%270%200%201800%20879%27%3E%3Crect%20width%3D%271800%27%20height%3D%27879%27%20fill-opacity%3D%220%22%2F%3E%3C%2Fsvg%3E\" data-orig-src=\"https:\/\/visitrijeka.hr\/wp-content\/uploads\/2023\/03\/Na_prijelazu_stoljeca.jpg\" width=\"1800\" height=\"879\" class=\"lazyload wp-image-0\" \/><\/span><\/li><\/ul><\/div><\/div><\/div><div class=\"fusion-title title fusion-title-3 fusion-sep-none fusion-title-text fusion-title-size-five\" style=\"--awb-margin-right:20px;--awb-margin-left:20px;--awb-margin-right-small:20px;--awb-margin-left-small:20px;--awb-margin-right-medium:20px;--awb-margin-left-medium:20px;\"><h5 class=\"fusion-title-heading title-heading-left\" style=\"font-family:&quot;SSP-Semibold-600&quot;;font-style:normal;font-weight:400;margin:0;\">An der Wende des Jahrhunderts<\/h5><\/div><div class=\"fusion-text fusion-text-4\" style=\"--awb-margin-right:20px;--awb-margin-left:20px;\"><p>Die Bev\u00f6lkerung w\u00e4chst durch eine gesellschaftlich- wirtschaftliche Expansion. Heute z\u00e4hlt Rijeka mit Umgebung 200.000 Einwohner. Rijeka wurde parallel mit der industriellen Entwicklung zum Mittelpunkt Westkroatiens (Istrien, Kroatisches K\u00fcstenland und Gorski kotar). Seit Beginn der 60er...<\/p>\n<\/div><div style=\"text-align:center;\"><a class=\"fusion-button button-flat fusion-button-default-size button-custom fusion-button-default button-3 fusion-button-default-span fusion-button-default-type botun_povijest\" style=\"--button_accent_color:var(--awb-color1);--button_accent_hover_color:var(--awb-color1);--button_border_hover_color:var(--awb-color1);--button_gradient_top_color:var(--awb-custom_color_7);--button_gradient_bottom_color:var(--awb-custom_color_7);--button_gradient_top_color_hover:var(--awb-color4);--button_gradient_bottom_color_hover:var(--awb-color4);--button_margin-top:30px;\" target=\"_self\" href=\"https:\/\/visitrijeka.hr\/de\/an-der-wende-des-jahrhunderts\/\"><span class=\"fusion-button-text awb-button__text awb-button__text--default\">Lese mehr<\/span><i class=\"fa-long-arrow-alt-right fas awb-button__icon awb-button__icon--default button-icon-right\" aria-hidden=\"true\"><\/i><\/a><\/div><\/div><\/li>\n<li class=\"fusion-layout-column fusion_builder_column fusion-builder-column-7 fusion-flex-column postcard-cont-smjestaj post-card fusion-grid-column fusion-post-cards-grid-column geschichte id-25248\" style=\"--awb-padding-bottom:20px;--awb-overflow:hidden;--awb-bg-color:var(--awb-color1);--awb-bg-color-hover:var(--awb-color1);--awb-bg-size:cover;--awb-box-shadow:0px 32px 52px -24px hsla(var(--awb-color8-h),var(--awb-color8-s),var(--awb-color8-l),calc(var(--awb-color8-a) - 92%));;--awb-border-radius:16px 16px 16px 16px;--awb-flex-grow:0;--awb-flex-shrink:0;--awb-flex-grow-medium:0;--awb-flex-shrink-medium:0;--awb-flex-grow-small:0;--awb-flex-shrink-small:0;\" data-scroll-devices=\"small-visibility,medium-visibility,large-visibility\"><div class=\"fusion-column-wrapper fusion-column-has-shadow fusion-flex-justify-content-space-between fusion-content-layout-column\"><div class=\"fusion-featured-slider-tb fusion-featured-slider-tb-4\" style=\"margin-bottom:20px;\"><div class=\"fusion-slider-sc fusion-has-margin\"><div class=\"fusion-flexslider-loading flexslider flexslider-hover-type-none fusion-slider-sc-cover\" data-slideshow_autoplay=\"0\" data-slideshow_smooth_height=\"1\" data-slideshow_speed=\"7000\" style=\"max-width:600px;height:300px;\"><ul class=\"slides\"><li class=\"image\"><span class=\"lazyload fusion-image-hover-element hover-type-none\"><img decoding=\"async\" src=\"data:image\/svg+xml,%3Csvg%20xmlns%3D%27http%3A%2F%2Fwww.w3.org%2F2000%2Fsvg%27%20width%3D%27922%27%20height%3D%27669%27%20viewBox%3D%270%200%20922%20669%27%3E%3Crect%20width%3D%27922%27%20height%3D%27669%27%20fill-opacity%3D%220%22%2F%3E%3C%2Fsvg%3E\" data-orig-src=\"https:\/\/visitrijeka.hr\/wp-content\/uploads\/2023\/03\/mapapoceci5.jpeg\" width=\"922\" height=\"669\" class=\"lazyload wp-image-0\" \/><\/span><\/li><li class=\"image\"><span class=\"lazyload fusion-image-hover-element hover-type-none\"><img decoding=\"async\" src=\"https:\/\/visitrijeka.hr\/wp-content\/uploads\/2023\/03\/mapapoceci5.jpeg\" data-orig-src=\"https:\/\/visitrijeka.hr\/wp-content\/uploads\/2023\/03\/mapapoceci5.jpeg\" width=\"922\" height=\"669\" class=\"lazyload wp-image-15203\" srcset=\"data:image\/svg+xml,%3Csvg%20xmlns%3D%27http%3A%2F%2Fwww.w3.org%2F2000%2Fsvg%27%20width%3D%27922%27%20height%3D%27669%27%20viewBox%3D%270%200%20922%20669%27%3E%3Crect%20width%3D%27922%27%20height%3D%27669%27%20fill-opacity%3D%220%22%2F%3E%3C%2Fsvg%3E\" data-srcset=\"https:\/\/visitrijeka.hr\/wp-content\/uploads\/2023\/03\/mapapoceci5-200x145.jpeg 200w, https:\/\/visitrijeka.hr\/wp-content\/uploads\/2023\/03\/mapapoceci5-400x290.jpeg 400w, https:\/\/visitrijeka.hr\/wp-content\/uploads\/2023\/03\/mapapoceci5-600x435.jpeg 600w, https:\/\/visitrijeka.hr\/wp-content\/uploads\/2023\/03\/mapapoceci5-800x580.jpeg 800w, https:\/\/visitrijeka.hr\/wp-content\/uploads\/2023\/03\/mapapoceci5.jpeg 922w\" data-sizes=\"auto\" data-orig-sizes=\"(max-width: 800px) 100vw, 922px\" \/><\/span><\/li><li class=\"image\"><span class=\"lazyload fusion-image-hover-element hover-type-none\"><img decoding=\"async\" src=\"https:\/\/visitrijeka.hr\/wp-content\/uploads\/2023\/03\/mapa-poceci.jpeg\" data-orig-src=\"https:\/\/visitrijeka.hr\/wp-content\/uploads\/2023\/03\/mapa-poceci.jpeg\" width=\"438\" height=\"310\" class=\"lazyload wp-image-15198\" srcset=\"data:image\/svg+xml,%3Csvg%20xmlns%3D%27http%3A%2F%2Fwww.w3.org%2F2000%2Fsvg%27%20width%3D%27438%27%20height%3D%27310%27%20viewBox%3D%270%200%20438%20310%27%3E%3Crect%20width%3D%27438%27%20height%3D%27310%27%20fill-opacity%3D%220%22%2F%3E%3C%2Fsvg%3E\" data-srcset=\"https:\/\/visitrijeka.hr\/wp-content\/uploads\/2023\/03\/mapa-poceci-200x142.jpeg 200w, https:\/\/visitrijeka.hr\/wp-content\/uploads\/2023\/03\/mapa-poceci-400x283.jpeg 400w, https:\/\/visitrijeka.hr\/wp-content\/uploads\/2023\/03\/mapa-poceci.jpeg 438w\" data-sizes=\"auto\" data-orig-sizes=\"(max-width: 800px) 100vw, 438px\" \/><\/span><\/li><\/ul><\/div><\/div><\/div><div class=\"fusion-title title fusion-title-4 fusion-sep-none fusion-title-text fusion-title-size-five\" style=\"--awb-margin-right:20px;--awb-margin-left:20px;--awb-margin-right-small:20px;--awb-margin-left-small:20px;--awb-margin-right-medium:20px;--awb-margin-left-medium:20px;\"><h5 class=\"fusion-title-heading title-heading-left\" style=\"font-family:&quot;SSP-Semibold-600&quot;;font-style:normal;font-weight:400;margin:0;\">Anf\u00e4nge der Stadt<\/h5><\/div><div class=\"fusion-text fusion-text-5\" style=\"--awb-margin-right:20px;--awb-margin-left:20px;\"><p>Auf dem Gebiet des heutigen Rijeka wurden die ersten Spuren der Menschen aus der Zeit des Pal\u00e4olithikums und Neolithikums gefunden sowie \u00dcberreste des vorgeschichtlichen Bauten (Solin oberhalb von Martin\u0161\u0107ica, Trsatski brijeg und Veli vrh\u2013 Gradi\u0161\u0107e oberhalb der Rje\u010dina) aus der Bronze...<\/p>\n<\/div><div style=\"text-align:center;\"><a class=\"fusion-button button-flat fusion-button-default-size button-custom fusion-button-default button-4 fusion-button-default-span fusion-button-default-type botun_povijest\" style=\"--button_accent_color:var(--awb-color1);--button_accent_hover_color:var(--awb-color1);--button_border_hover_color:var(--awb-color1);--button_gradient_top_color:var(--awb-custom_color_7);--button_gradient_bottom_color:var(--awb-custom_color_7);--button_gradient_top_color_hover:var(--awb-color4);--button_gradient_bottom_color_hover:var(--awb-color4);--button_margin-top:30px;\" target=\"_self\" href=\"https:\/\/visitrijeka.hr\/de\/anfaenge-der-stadt\/\"><span class=\"fusion-button-text awb-button__text awb-button__text--default\">Lese mehr<\/span><i class=\"fa-long-arrow-alt-right fas awb-button__icon awb-button__icon--default button-icon-right\" aria-hidden=\"true\"><\/i><\/a><\/div><\/div><\/li>\n<li class=\"fusion-layout-column fusion_builder_column fusion-builder-column-8 fusion-flex-column postcard-cont-smjestaj post-card fusion-grid-column fusion-post-cards-grid-column geschichte id-25291\" style=\"--awb-padding-bottom:20px;--awb-overflow:hidden;--awb-bg-color:var(--awb-color1);--awb-bg-color-hover:var(--awb-color1);--awb-bg-size:cover;--awb-box-shadow:0px 32px 52px -24px hsla(var(--awb-color8-h),var(--awb-color8-s),var(--awb-color8-l),calc(var(--awb-color8-a) - 92%));;--awb-border-radius:16px 16px 16px 16px;--awb-flex-grow:0;--awb-flex-shrink:0;--awb-flex-grow-medium:0;--awb-flex-shrink-medium:0;--awb-flex-grow-small:0;--awb-flex-shrink-small:0;\" data-scroll-devices=\"small-visibility,medium-visibility,large-visibility\"><div class=\"fusion-column-wrapper fusion-column-has-shadow fusion-flex-justify-content-space-between fusion-content-layout-column\"><div class=\"fusion-featured-slider-tb fusion-featured-slider-tb-5\" style=\"margin-bottom:20px;\"><div class=\"fusion-slider-sc fusion-has-margin\"><div class=\"fusion-flexslider-loading flexslider flexslider-hover-type-none fusion-slider-sc-cover\" data-slideshow_autoplay=\"0\" data-slideshow_smooth_height=\"1\" data-slideshow_speed=\"7000\" style=\"max-width:600px;height:300px;\"><ul class=\"slides\"><li class=\"image\"><span class=\"lazyload fusion-image-hover-element hover-type-none\"><img decoding=\"async\" src=\"data:image\/svg+xml,%3Csvg%20xmlns%3D%27http%3A%2F%2Fwww.w3.org%2F2000%2Fsvg%27%20width%3D%27900%27%20height%3D%27547%27%20viewBox%3D%270%200%20900%20547%27%3E%3Crect%20width%3D%27900%27%20height%3D%27547%27%20fill-opacity%3D%220%22%2F%3E%3C%2Fsvg%3E\" data-orig-src=\"https:\/\/visitrijeka.hr\/wp-content\/uploads\/2023\/03\/snacti-viti.jpeg\" width=\"900\" height=\"547\" class=\"lazyload wp-image-0\" \/><\/span><\/li><li class=\"image\"><span class=\"lazyload fusion-image-hover-element hover-type-none\"><img decoding=\"async\" src=\"https:\/\/visitrijeka.hr\/wp-content\/uploads\/2023\/03\/snacti-viti.jpeg\" data-orig-src=\"https:\/\/visitrijeka.hr\/wp-content\/uploads\/2023\/03\/snacti-viti.jpeg\" width=\"900\" height=\"547\" class=\"lazyload wp-image-15208\" srcset=\"data:image\/svg+xml,%3Csvg%20xmlns%3D%27http%3A%2F%2Fwww.w3.org%2F2000%2Fsvg%27%20width%3D%27900%27%20height%3D%27547%27%20viewBox%3D%270%200%20900%20547%27%3E%3Crect%20width%3D%27900%27%20height%3D%27547%27%20fill-opacity%3D%220%22%2F%3E%3C%2Fsvg%3E\" data-srcset=\"https:\/\/visitrijeka.hr\/wp-content\/uploads\/2023\/03\/snacti-viti-200x122.jpeg 200w, https:\/\/visitrijeka.hr\/wp-content\/uploads\/2023\/03\/snacti-viti-400x243.jpeg 400w, https:\/\/visitrijeka.hr\/wp-content\/uploads\/2023\/03\/snacti-viti-600x365.jpeg 600w, https:\/\/visitrijeka.hr\/wp-content\/uploads\/2023\/03\/snacti-viti-800x486.jpeg 800w, https:\/\/visitrijeka.hr\/wp-content\/uploads\/2023\/03\/snacti-viti.jpeg 900w\" data-sizes=\"auto\" data-orig-sizes=\"(max-width: 800px) 100vw, 900px\" \/><\/span><\/li><\/ul><\/div><\/div><\/div><div class=\"fusion-title title fusion-title-5 fusion-sep-none fusion-title-text fusion-title-size-five\" style=\"--awb-margin-right:20px;--awb-margin-left:20px;--awb-margin-right-small:20px;--awb-margin-left-small:20px;--awb-margin-right-medium:20px;--awb-margin-left-medium:20px;\"><h5 class=\"fusion-title-heading title-heading-left\" style=\"font-family:&quot;SSP-Semibold-600&quot;;font-style:normal;font-weight:400;margin:0;\">Flumen Sancti Viti \u2013 Rijeka des hl. Veit<\/h5><\/div><div class=\"fusion-text fusion-text-6\" style=\"--awb-margin-right:20px;--awb-margin-left:20px;\"><p>Die neuangesiedelte slawische Bev\u00f6lkerung, n\u00e4mlich die Kroaten, hatten allen Grund Tarsatica einzunehmen und eine neue Siedlung zu gr\u00fcnden. Die erste schriftliche Erw\u00e4hnung der mittelalterlichen Siedlung stammt aus der ersten H\u00e4lfte des XIII. Jahrhunderts. Damals werden in...<\/p>\n<\/div><div style=\"text-align:center;\"><a class=\"fusion-button button-flat fusion-button-default-size button-custom fusion-button-default button-5 fusion-button-default-span fusion-button-default-type botun_povijest\" style=\"--button_accent_color:var(--awb-color1);--button_accent_hover_color:var(--awb-color1);--button_border_hover_color:var(--awb-color1);--button_gradient_top_color:var(--awb-custom_color_7);--button_gradient_bottom_color:var(--awb-custom_color_7);--button_gradient_top_color_hover:var(--awb-color4);--button_gradient_bottom_color_hover:var(--awb-color4);--button_margin-top:30px;\" target=\"_self\" href=\"https:\/\/visitrijeka.hr\/de\/flumen-sancti-viti-rijeka-des-hl-veit\/\"><span class=\"fusion-button-text awb-button__text awb-button__text--default\">Lese mehr<\/span><i class=\"fa-long-arrow-alt-right fas awb-button__icon awb-button__icon--default button-icon-right\" aria-hidden=\"true\"><\/i><\/a><\/div><\/div><\/li>\n<\/ul><\/div><\/div><\/div><\/div><\/div><\/p>\n","protected":false},"excerpt":{"rendered":"","protected":false},"author":1,"featured_media":12878,"parent":0,"menu_order":0,"comment_status":"closed","ping_status":"closed","template":"100-width.php","meta":{"_acf_changed":false,"inline_featured_image":false,"footnotes":""},"class_list":["post-30631","page","type-page","status-publish","has-post-thumbnail","hentry"],"acf":[],"yoast_head":"<!-- This site is optimized with the Yoast SEO plugin v26.3 - https:\/\/yoast.com\/wordpress\/plugins\/seo\/ -->\n<title>Geschichte - Visit Rijeka<\/title>\n<meta name=\"robots\" content=\"index, follow, max-snippet:-1, max-image-preview:large, max-video-preview:-1\" \/>\n<link rel=\"canonical\" href=\"https:\/\/visitrijeka.hr\/de\/geschichte\/\" \/>\n<meta property=\"og:locale\" content=\"de_DE\" \/>\n<meta property=\"og:type\" content=\"article\" \/>\n<meta property=\"og:title\" content=\"Geschichte - Visit Rijeka\" \/>\n<meta property=\"og:url\" content=\"https:\/\/visitrijeka.hr\/de\/geschichte\/\" \/>\n<meta property=\"og:site_name\" content=\"Visit Rijeka\" \/>\n<meta property=\"article:publisher\" content=\"https:\/\/www.facebook.com\/VisitRijeka\" \/>\n<meta property=\"article:modified_time\" content=\"2023-06-11T09:08:52+00:00\" \/>\n<meta property=\"og:image\" content=\"https:\/\/visitrijeka.hr\/wp-content\/uploads\/2023\/03\/13st.jpg\" \/>\n\t<meta property=\"og:image:width\" content=\"900\" \/>\n\t<meta property=\"og:image:height\" content=\"547\" \/>\n\t<meta property=\"og:image:type\" content=\"image\/jpeg\" \/>\n<meta name=\"twitter:card\" content=\"summary_large_image\" \/>\n<meta name=\"twitter:label1\" content=\"Gesch\u00e4tzte Lesezeit\" \/>\n\t<meta name=\"twitter:data1\" content=\"14\u00a0Minuten\" \/>\n<script type=\"application\/ld+json\" class=\"yoast-schema-graph\">{\"@context\":\"https:\/\/schema.org\",\"@graph\":[{\"@type\":\"WebPage\",\"@id\":\"https:\/\/visitrijeka.hr\/de\/geschichte\/\",\"url\":\"https:\/\/visitrijeka.hr\/de\/geschichte\/\",\"name\":\"Geschichte - Visit Rijeka\",\"isPartOf\":{\"@id\":\"https:\/\/visitrijeka.hr\/de\/#website\"},\"primaryImageOfPage\":{\"@id\":\"https:\/\/visitrijeka.hr\/de\/geschichte\/#primaryimage\"},\"image\":{\"@id\":\"https:\/\/visitrijeka.hr\/de\/geschichte\/#primaryimage\"},\"thumbnailUrl\":\"https:\/\/visitrijeka.hr\/wp-content\/uploads\/2023\/03\/13st.jpg\",\"datePublished\":\"2023-06-11T09:01:43+00:00\",\"dateModified\":\"2023-06-11T09:08:52+00:00\",\"breadcrumb\":{\"@id\":\"https:\/\/visitrijeka.hr\/de\/geschichte\/#breadcrumb\"},\"inLanguage\":\"de\",\"potentialAction\":[{\"@type\":\"ReadAction\",\"target\":[\"https:\/\/visitrijeka.hr\/de\/geschichte\/\"]}]},{\"@type\":\"ImageObject\",\"inLanguage\":\"de\",\"@id\":\"https:\/\/visitrijeka.hr\/de\/geschichte\/#primaryimage\",\"url\":\"https:\/\/visitrijeka.hr\/wp-content\/uploads\/2023\/03\/13st.jpg\",\"contentUrl\":\"https:\/\/visitrijeka.hr\/wp-content\/uploads\/2023\/03\/13st.jpg\",\"width\":900,\"height\":547,\"caption\":\"Rijeka kroz povijest\"},{\"@type\":\"WebSite\",\"@id\":\"https:\/\/visitrijeka.hr\/de\/#website\",\"url\":\"https:\/\/visitrijeka.hr\/de\/\",\"name\":\"Visit Rijeka\",\"description\":\"Grad koji te\u010de....\",\"publisher\":{\"@id\":\"https:\/\/visitrijeka.hr\/de\/#organization\"},\"potentialAction\":[{\"@type\":\"SearchAction\",\"target\":{\"@type\":\"EntryPoint\",\"urlTemplate\":\"https:\/\/visitrijeka.hr\/de\/?s={search_term_string}\"},\"query-input\":{\"@type\":\"PropertyValueSpecification\",\"valueRequired\":true,\"valueName\":\"search_term_string\"}}],\"inLanguage\":\"de\"},{\"@type\":\"Organization\",\"@id\":\"https:\/\/visitrijeka.hr\/de\/#organization\",\"name\":\"Visit Rijeka\",\"url\":\"https:\/\/visitrijeka.hr\/de\/\",\"logo\":{\"@type\":\"ImageObject\",\"inLanguage\":\"de\",\"@id\":\"https:\/\/visitrijeka.hr\/de\/#\/schema\/logo\/image\/\",\"url\":\"https:\/\/visitrijeka.hr\/wp-content\/uploads\/2023\/02\/Logo_Visit_rijeka_460.svg\",\"contentUrl\":\"https:\/\/visitrijeka.hr\/wp-content\/uploads\/2023\/02\/Logo_Visit_rijeka_460.svg\",\"width\":100,\"height\":100,\"caption\":\"Visit Rijeka\"},\"image\":{\"@id\":\"https:\/\/visitrijeka.hr\/de\/#\/schema\/logo\/image\/\"},\"sameAs\":[\"https:\/\/www.facebook.com\/VisitRijeka\"]}]}<\/script>\n<!-- \/ Yoast SEO plugin. -->","yoast_head_json":{"title":"Geschichte - Visit Rijeka","robots":{"index":"index","follow":"follow","max-snippet":"max-snippet:-1","max-image-preview":"max-image-preview:large","max-video-preview":"max-video-preview:-1"},"canonical":"https:\/\/visitrijeka.hr\/de\/geschichte\/","og_locale":"de_DE","og_type":"article","og_title":"Geschichte - Visit Rijeka","og_url":"https:\/\/visitrijeka.hr\/de\/geschichte\/","og_site_name":"Visit Rijeka","article_publisher":"https:\/\/www.facebook.com\/VisitRijeka","article_modified_time":"2023-06-11T09:08:52+00:00","og_image":[{"width":900,"height":547,"url":"https:\/\/visitrijeka.hr\/wp-content\/uploads\/2023\/03\/13st.jpg","type":"image\/jpeg"}],"twitter_card":"summary_large_image","twitter_misc":{"Gesch\u00e4tzte Lesezeit":"14\u00a0Minuten"},"schema":{"@context":"https:\/\/schema.org","@graph":[{"@type":"WebPage","@id":"https:\/\/visitrijeka.hr\/de\/geschichte\/","url":"https:\/\/visitrijeka.hr\/de\/geschichte\/","name":"Geschichte - Visit Rijeka","isPartOf":{"@id":"https:\/\/visitrijeka.hr\/de\/#website"},"primaryImageOfPage":{"@id":"https:\/\/visitrijeka.hr\/de\/geschichte\/#primaryimage"},"image":{"@id":"https:\/\/visitrijeka.hr\/de\/geschichte\/#primaryimage"},"thumbnailUrl":"https:\/\/visitrijeka.hr\/wp-content\/uploads\/2023\/03\/13st.jpg","datePublished":"2023-06-11T09:01:43+00:00","dateModified":"2023-06-11T09:08:52+00:00","breadcrumb":{"@id":"https:\/\/visitrijeka.hr\/de\/geschichte\/#breadcrumb"},"inLanguage":"de","potentialAction":[{"@type":"ReadAction","target":["https:\/\/visitrijeka.hr\/de\/geschichte\/"]}]},{"@type":"ImageObject","inLanguage":"de","@id":"https:\/\/visitrijeka.hr\/de\/geschichte\/#primaryimage","url":"https:\/\/visitrijeka.hr\/wp-content\/uploads\/2023\/03\/13st.jpg","contentUrl":"https:\/\/visitrijeka.hr\/wp-content\/uploads\/2023\/03\/13st.jpg","width":900,"height":547,"caption":"Rijeka kroz povijest"},{"@type":"WebSite","@id":"https:\/\/visitrijeka.hr\/de\/#website","url":"https:\/\/visitrijeka.hr\/de\/","name":"Visit Rijeka","description":"Grad koji te\u010de....","publisher":{"@id":"https:\/\/visitrijeka.hr\/de\/#organization"},"potentialAction":[{"@type":"SearchAction","target":{"@type":"EntryPoint","urlTemplate":"https:\/\/visitrijeka.hr\/de\/?s={search_term_string}"},"query-input":{"@type":"PropertyValueSpecification","valueRequired":true,"valueName":"search_term_string"}}],"inLanguage":"de"},{"@type":"Organization","@id":"https:\/\/visitrijeka.hr\/de\/#organization","name":"Visit Rijeka","url":"https:\/\/visitrijeka.hr\/de\/","logo":{"@type":"ImageObject","inLanguage":"de","@id":"https:\/\/visitrijeka.hr\/de\/#\/schema\/logo\/image\/","url":"https:\/\/visitrijeka.hr\/wp-content\/uploads\/2023\/02\/Logo_Visit_rijeka_460.svg","contentUrl":"https:\/\/visitrijeka.hr\/wp-content\/uploads\/2023\/02\/Logo_Visit_rijeka_460.svg","width":100,"height":100,"caption":"Visit Rijeka"},"image":{"@id":"https:\/\/visitrijeka.hr\/de\/#\/schema\/logo\/image\/"},"sameAs":["https:\/\/www.facebook.com\/VisitRijeka"]}]}},"_links":{"self":[{"href":"https:\/\/visitrijeka.hr\/de\/wp-json\/wp\/v2\/pages\/30631","targetHints":{"allow":["GET"]}}],"collection":[{"href":"https:\/\/visitrijeka.hr\/de\/wp-json\/wp\/v2\/pages"}],"about":[{"href":"https:\/\/visitrijeka.hr\/de\/wp-json\/wp\/v2\/types\/page"}],"author":[{"embeddable":true,"href":"https:\/\/visitrijeka.hr\/de\/wp-json\/wp\/v2\/users\/1"}],"replies":[{"embeddable":true,"href":"https:\/\/visitrijeka.hr\/de\/wp-json\/wp\/v2\/comments?post=30631"}],"version-history":[{"count":0,"href":"https:\/\/visitrijeka.hr\/de\/wp-json\/wp\/v2\/pages\/30631\/revisions"}],"wp:featuredmedia":[{"embeddable":true,"href":"https:\/\/visitrijeka.hr\/de\/wp-json\/wp\/v2\/media\/12878"}],"wp:attachment":[{"href":"https:\/\/visitrijeka.hr\/de\/wp-json\/wp\/v2\/media?parent=30631"}],"curies":[{"name":"wp","href":"https:\/\/api.w.org\/{rel}","templated":true}]}}