{"id":30498,"date":"2023-06-11T08:20:18","date_gmt":"2023-06-11T06:20:18","guid":{"rendered":"https:\/\/visitrijeka.hr\/grad\/"},"modified":"2023-06-11T08:37:18","modified_gmt":"2023-06-11T06:37:18","slug":"stadt","status":"publish","type":"page","link":"https:\/\/visitrijeka.hr\/de\/stadt\/","title":{"rendered":"Stadt"},"content":{"rendered":"<p><div class=\"fusion-fullwidth fullwidth-box fusion-builder-row-1 fusion-flex-container has-pattern-background has-mask-background conteiner-gastro-ikone nonhundred-percent-fullwidth non-hundred-percent-height-scrolling\" style=\"--awb-border-radius-top-left:0px;--awb-border-radius-top-right:0px;--awb-border-radius-bottom-right:0px;--awb-border-radius-bottom-left:0px;--awb-flex-wrap:wrap;\" ><div class=\"fusion-builder-row fusion-row fusion-flex-align-items-center fusion-flex-justify-content-center fusion-flex-content-wrap\" style=\"max-width:1414.4px;margin-left: calc(-4% \/ 2 );margin-right: calc(-4% \/ 2 );\"><div class=\"fusion-layout-column fusion_builder_column fusion-builder-column-0 fusion_builder_column_1_6 1_6 fusion-flex-column id-30498\" style=\"--awb-bg-size:cover;--awb-width-large:16.666666666667%;--awb-margin-top-large:-40px;--awb-spacing-right-large:11.52%;--awb-margin-bottom-large:0px;--awb-spacing-left-large:11.52%;--awb-width-medium:16.666666666667%;--awb-order-medium:0;--awb-spacing-right-medium:11.52%;--awb-spacing-left-medium:11.52%;--awb-width-small:100%;--awb-order-small:1;--awb-spacing-right-small:1.92%;--awb-spacing-left-small:1.92%;\" data-scroll-devices=\"small-visibility,medium-visibility,large-visibility\"><div class=\"fusion-column-wrapper fusion-column-has-shadow fusion-flex-justify-content-flex-start fusion-content-layout-column\"><div class=\"fusion-text fusion-text-1\">     <ul style=\"--awb-size:20px;--awb-margin-top:0px;--awb-margin-right:0px;--awb-margin-bottom:0px;--awb-margin-left:0px;--awb-item-padding-top:0px;--awb-item-padding-right:0px;--awb-item-padding-bottom:0px;--awb-item-padding-left:0px;--awb-line-height:34px;--awb-icon-width:34px;--awb-icon-height:34px;--awb-icon-margin:14px;--awb-content-margin:48px;\" class=\"fusion-checklist fusion-checklist-1 type-icons\">\n         <li class=\"fusion-li-item\" style=\"\">\n            <span class=\"icon-wrapper circle-no\">\n                <i class=\"fusion-li-icon icon-Plava_Visitrijeka\" aria-hidden=\"true\"><\/i>\n            <\/span>\n            <div class=\"fusion-li-item-content\">\n                <h3><strong>entdecke.<\/strong><\/h3>\n            <\/div>\n        <\/li>\n    <\/ul>\n    \n<\/div><\/div><\/div>\n<div class=\"fusion-layout-column fusion_builder_column fusion-builder-column-1 fusion_builder_column_5_6 5_6 fusion-flex-column id-30498\" style=\"--awb-padding-right:10%;--awb-padding-right-small:10%;--awb-padding-left-small:10%;--awb-bg-size:cover;--awb-width-large:83.333333333333%;--awb-margin-top-large:-68px;--awb-spacing-right-large:2.304%;--awb-margin-bottom-large:20px;--awb-spacing-left-large:60px;--awb-width-medium:83.333333333333%;--awb-order-medium:0;--awb-spacing-right-medium:2.304%;--awb-spacing-left-medium:60px;--awb-width-small:100%;--awb-order-small:0;--awb-margin-top-small:-35px;--awb-spacing-right-small:1.92%;--awb-spacing-left-small:0px;\" data-scroll-devices=\"small-visibility,medium-visibility,large-visibility\"><div class=\"fusion-column-wrapper fusion-column-has-shadow fusion-flex-justify-content-flex-start fusion-content-layout-column\">    <style>\n        .trazilica-forma {\n          color: #555;\n          display: flex;\n          padding: 5px;\n          border: none;\n          border-radius: 5px;\n          justify-content:space-between;\n          -webkit-box-shadow: 4px 7px 15px 4px rgba(0,0,0,0.10); \n          box-shadow: 4px 7px 15px 4px rgba(0,0,0,0.10);\n          height:50px;\n          background-color:#fff;\n          z-index: 1000;\n          position:relative;\n        }\n        .trazilica-input {\n          border: none;\n          background: white;\n          margin: 0;\n          padding: 10px 8px;\n          font-size: 16px;\n          color: inherit;\n          border: 1px solid transparent;\n          border-radius: inherit;\n          flex:1;\n          z-index: 1000;\n          width:95%;\n        }\n        \n        .trazilica-input::placeholder {\n          color: #bbb;\n        }\n        .trazilica-submit {\n          text-indent: -999px;\n          overflow: hidden;\n          width: 40px;\n          padding: 0;\n          margin: 0;\n          border: 1px solid transparent;\n          border-radius: 5px!important;\n          background: url(\"data:image\/svg+xml,%3Csvg xmlns='http:\/\/www.w3.org\/2000\/svg' width='16' height='16' class='bi bi-search' viewBox='0 0 16 16'%3E%3Cpath d='M11.742 10.344a6.5 6.5 0 1 0-1.397 1.398h-.001c.03.04.062.078.098.115l3.85 3.85a1 1 0 0 0 1.415-1.414l-3.85-3.85a1.007 1.007 0 0 0-.115-.1zM12 6.5a5.5 5.5 0 1 1-11 0 5.5 5.5 0 0 1 11 0z'%3E%3C\/path%3E%3C\/svg%3E\") no-repeat center;\n          cursor: pointer;\n          background-color:#19B0E7;\n          -webkit-box-shadow: -2px 3px 5px 4px rgba(0,0,0,0.07); \n          box-shadow: -2px 3px 5px 4px rgba(0,0,0,0.07);\n          z-index:1000;\n        }\n        \n        .trazilica-submit:hover {\n          background-color:#058fc1;\n        }\n    <\/style>\n    \n    <div class=\"trazilica-element trazilica-grad\">\n       <form role=\"search\" class=\"trazilica-forma\" method=\"get\" action=\"https:\/\/visitrijeka.hr\/de\/\">\n                <input type=\"search\" value=\"\" name=\"s\" class=\"trazilica-input\" placeholder=\". . . .\" required=\"\" aria-required=\"true\" aria-label=\". . . .\">\n                <input type=\"submit\" class=\"trazilica-submit\" aria-label=\"Tra\u017eilica\" value=\"\uf002\">\n             <input type=\"hidden\" name=\"search_limit_to_post_titles\" value=\"0\"><input type=\"hidden\" name=\"fs\" value=\"1\">\n             <input type=\"hidden\" name=\"cat\" value=\"grad\">       <\/form>\n    <\/div>\n    <\/div><\/div><div class=\"fusion-layout-column fusion_builder_column fusion-builder-column-2 fusion_builder_column_1_1 1_1 fusion-flex-column fusion-flex-align-self-center id-30498\" style=\"--awb-bg-size:cover;--awb-width-large:100%;--awb-margin-top-large:0px;--awb-spacing-right-large:0px;--awb-margin-bottom-large:20px;--awb-spacing-left-large:0px;--awb-width-medium:100%;--awb-order-medium:0;--awb-spacing-right-medium:0px;--awb-spacing-left-medium:0px;--awb-width-small:100%;--awb-order-small:0;--awb-spacing-right-small:1.92%;--awb-spacing-left-small:1.92%;\"><div class=\"fusion-column-wrapper fusion-column-has-shadow fusion-flex-justify-content-center fusion-content-layout-column\">    <div class=\"filters grad\" id=\"filters\">\n        <span style=\"display:none\" id=\"load-show-tags\" data-val=\"true\"><\/span>\n        <div class=\"row category\">\n            <button class=\"item category selected grad\" id=\"*\">\n                <span class=\"icon\"><img decoding=\"async\" width=\"150\" height=\"150\" src=\"data:image\/svg+xml,%3Csvg%20xmlns%3D%27http%3A%2F%2Fwww.w3.org%2F2000%2Fsvg%27%20width%3D%27100%27%20height%3D%27100%27%20viewBox%3D%270%200%20100%20100%27%3E%3Crect%20width%3D%27100%27%20height%3D%27100%27%20fill-opacity%3D%220%22%2F%3E%3C%2Fsvg%3E\" class=\"style-svg lazyload\" alt=\"\" data-orig-src=\"https:\/\/visitrijeka.hr\/wp-content\/uploads\/2023\/04\/Ikona_prikazi_sve.svg\" \/><\/span>\n                <div class=\"description\">Zeige alles<\/div>\n            <\/button>\n                            <button class=\"item category  architektur\" id=\".architektur\">\n                    <span class=\"icon\"><img decoding=\"async\" width=\"150\" height=\"150\" src=\"data:image\/svg+xml,%3Csvg%20xmlns%3D%27http%3A%2F%2Fwww.w3.org%2F2000%2Fsvg%27%20width%3D%2744%27%20height%3D%2744%27%20viewBox%3D%270%200%2044%2044%27%3E%3Crect%20width%3D%2744%27%20height%3D%2744%27%20fill-opacity%3D%220%22%2F%3E%3C%2Fsvg%3E\" class=\"style-svg lazyload\" alt=\"\" data-orig-src=\"https:\/\/visitrijeka.hr\/wp-content\/uploads\/2023\/04\/Ikona_Grad_Arhitektura.svg\" \/><\/span>\n                    <div class=\"description\">Architektur<\/div>\n                <\/button>\n                            <button class=\"item category  galerien\" id=\".galerien\">\n                    <span class=\"icon\"><img decoding=\"async\" width=\"150\" height=\"150\" src=\"data:image\/svg+xml,%3Csvg%20xmlns%3D%27http%3A%2F%2Fwww.w3.org%2F2000%2Fsvg%27%20width%3D%272048%27%20height%3D%272048%27%20viewBox%3D%270%200%202048%202048%27%3E%3Crect%20width%3D%272048%27%20height%3D%272048%27%20fill-opacity%3D%220%22%2F%3E%3C%2Fsvg%3E\" class=\"style-svg lazyload\" alt=\"\" data-orig-src=\"https:\/\/visitrijeka.hr\/wp-content\/uploads\/2023\/04\/Ikona_Grad_Galerije.svg\" \/><\/span>\n                    <div class=\"description\">Galerien<\/div>\n                <\/button>\n                            <button class=\"item category  museen\" id=\".museen\">\n                    <span class=\"icon\"><img decoding=\"async\" width=\"150\" height=\"150\" src=\"data:image\/svg+xml,%3Csvg%20xmlns%3D%27http%3A%2F%2Fwww.w3.org%2F2000%2Fsvg%27%20width%3D%2744%27%20height%3D%2744%27%20viewBox%3D%270%200%2044%2044%27%3E%3Crect%20width%3D%2744%27%20height%3D%2744%27%20fill-opacity%3D%220%22%2F%3E%3C%2Fsvg%3E\" class=\"style-svg lazyload\" alt=\"\" data-orig-src=\"https:\/\/visitrijeka.hr\/wp-content\/uploads\/2023\/04\/Ikona_Grad_Muzej.svg\" \/><\/span>\n                    <div class=\"description\">Museen<\/div>\n                <\/button>\n                            <button class=\"item category  parks\" id=\".parks\">\n                    <span class=\"icon\"><img decoding=\"async\" width=\"150\" height=\"150\" src=\"data:image\/svg+xml,%3Csvg%20xmlns%3D%27http%3A%2F%2Fwww.w3.org%2F2000%2Fsvg%27%20width%3D%27100%27%20height%3D%27100%27%20viewBox%3D%270%200%20100%20100%27%3E%3Crect%20width%3D%27100%27%20height%3D%27100%27%20fill-opacity%3D%220%22%2F%3E%3C%2Fsvg%3E\" class=\"style-svg lazyload\" alt=\"\" data-orig-src=\"https:\/\/visitrijeka.hr\/wp-content\/uploads\/2023\/04\/Ikona_Grad_Parkovi.svg\" \/><\/span>\n                    <div class=\"description\">Parks<\/div>\n                <\/button>\n                            <button class=\"item category  sakrale-objekte\" id=\".sakrale-objekte\">\n                    <span class=\"icon\"><img decoding=\"async\" width=\"150\" height=\"150\" src=\"data:image\/svg+xml,%3Csvg%20xmlns%3D%27http%3A%2F%2Fwww.w3.org%2F2000%2Fsvg%27%20width%3D%27100%27%20height%3D%27100%27%20viewBox%3D%270%200%20100%20100%27%3E%3Crect%20width%3D%27100%27%20height%3D%27100%27%20fill-opacity%3D%220%22%2F%3E%3C%2Fsvg%3E\" class=\"style-svg lazyload\" alt=\"\" data-orig-src=\"https:\/\/visitrijeka.hr\/wp-content\/uploads\/2023\/04\/Ikona_Grad_vjerskiobjekti.svg\" \/><\/span>\n                    <div class=\"description\">Sakrale Objekte<\/div>\n                <\/button>\n                            <button class=\"item category  sehenswurdigkeiten\" id=\".sehenswurdigkeiten\">\n                    <span class=\"icon\"><img decoding=\"async\" width=\"150\" height=\"150\" src=\"data:image\/svg+xml,%3Csvg%20xmlns%3D%27http%3A%2F%2Fwww.w3.org%2F2000%2Fsvg%27%20width%3D%27100%27%20height%3D%27100%27%20viewBox%3D%270%200%20100%20100%27%3E%3Crect%20width%3D%27100%27%20height%3D%27100%27%20fill-opacity%3D%220%22%2F%3E%3C%2Fsvg%3E\" class=\"style-svg lazyload\" alt=\"\" data-orig-src=\"https:\/\/visitrijeka.hr\/wp-content\/uploads\/2023\/04\/Ikona_Grad_Znamenitosti.svg\" \/><\/span>\n                    <div class=\"description\">Sehensw\u00fcrdigkeiten<\/div>\n                <\/button>\n                    <\/div>\n                    <div class=\"row tags grad\" id=\"tags\">\n                            <div class=\"luke-tag-trigger esondere-gastronomische-hafen familiare-gastronomische-hafen gastronomische-fischerhafen gastronomische-fischerhafen-mit-lokalen-lebensmitteln gastronomische-geschaftshafen gastronomische-hafen-der-aromen-anderer-lander gastronomische-hafen-fur-weinliebhaber barbeque-luke-de romantische-gastronomische-hafen tageshafen vegane-gastronomische-hafen restaurants-de\" data-value=\"luke\" style=\"display:none\">\n                    <div class=\"icon\">\n                        <img decoding=\"async\" width=\"60\" height=\"60\" title=\"gastro_luke_logo_HR_EN\" src=\"https:\/\/visitrijeka.hr\/wp-content\/uploads\/2023\/03\/gastro_luke_logo_HR_EN.svg\" data-orig-src=\"https:\/\/visitrijeka.hr\/wp-content\/uploads\/2023\/03\/gastro_luke_logo_HR_EN.svg\" alt=\"\" class=\"img-responsive wp-image-3649 ls-is-cached lazyloaded\">\n                    <\/div>\n                    <div class=\"description\">Gastronomische H\u00e4fen in Rijeka\n<\/div>\n                <\/div>\n            <\/div>\n                    <div class=\"row subcategories\" id=\"subcategories-restorani\" style=\"display:none\">\n                                    <div class=\"item subcategory\" data-value=\".esondere-gastronomische-hafen\">\n                        <div class=\"icon\"><img decoding=\"async\" width=\"150\" height=\"150\" src=\"data:image\/svg+xml,%3Csvg%20xmlns%3D%27http%3A%2F%2Fwww.w3.org%2F2000%2Fsvg%27%20width%3D%27128%27%20height%3D%27128%27%20viewBox%3D%270%200%20128%20128%27%3E%3Crect%20width%3D%27128%27%20height%3D%27128%27%20fill-opacity%3D%220%22%2F%3E%3C%2Fsvg%3E\" class=\"style-svg lazyload\" alt=\"\" data-orig-src=\"https:\/\/visitrijeka.hr\/wp-content\/uploads\/2023\/04\/Ikona_luka-posebnosti.svg\" \/><\/div>\n                        <div class=\"description\">Besondere Gastronomische H\u00e4fen<\/div>\n                    <\/div>\n                                    <div class=\"item subcategory\" data-value=\".familiare-gastronomische-hafen\">\n                        <div class=\"icon\"><img decoding=\"async\" width=\"150\" height=\"150\" src=\"data:image\/svg+xml,%3Csvg%20xmlns%3D%27http%3A%2F%2Fwww.w3.org%2F2000%2Fsvg%27%20width%3D%27183%27%20height%3D%27183%27%20viewBox%3D%270%200%20183%20183%27%3E%3Crect%20width%3D%27183%27%20height%3D%27183%27%20fill-opacity%3D%220%22%2F%3E%3C%2Fsvg%3E\" class=\"style-svg lazyload\" alt=\"\" data-orig-src=\"https:\/\/visitrijeka.hr\/wp-content\/uploads\/2023\/04\/Ikona_obiteljska-luka.svg\" \/><\/div>\n                        <div class=\"description\">Famili\u00e4re Gastronomische H\u00e4fen<\/div>\n                    <\/div>\n                                    <div class=\"item subcategory\" data-value=\".gastronomische-fischerhafen\">\n                        <div class=\"icon\"><img decoding=\"async\" width=\"150\" height=\"150\" src=\"data:image\/svg+xml,%3Csvg%20xmlns%3D%27http%3A%2F%2Fwww.w3.org%2F2000%2Fsvg%27%20width%3D%2748%27%20height%3D%2748%27%20viewBox%3D%270%200%2048%2048%27%3E%3Crect%20width%3D%2748%27%20height%3D%2748%27%20fill-opacity%3D%220%22%2F%3E%3C%2Fsvg%3E\" class=\"style-svg lazyload\" alt=\"\" data-orig-src=\"https:\/\/visitrijeka.hr\/wp-content\/uploads\/2023\/04\/Ikona_ribarska-luka.svg\" \/><\/div>\n                        <div class=\"description\">Gastronomische Fischerh\u00e4fen<\/div>\n                    <\/div>\n                                    <div class=\"item subcategory\" data-value=\".gastronomische-fischerhafen-mit-lokalen-lebensmitteln\">\n                        <div class=\"icon\"><img decoding=\"async\" width=\"150\" height=\"150\" src=\"data:image\/svg+xml,%3Csvg%20xmlns%3D%27http%3A%2F%2Fwww.w3.org%2F2000%2Fsvg%27%20width%3D%2764%27%20height%3D%2764%27%20viewBox%3D%270%200%2064%2064%27%3E%3Crect%20width%3D%2764%27%20height%3D%2764%27%20fill-opacity%3D%220%22%2F%3E%3C%2Fsvg%3E\" class=\"style-svg lazyload\" alt=\"\" data-orig-src=\"https:\/\/visitrijeka.hr\/wp-content\/uploads\/2023\/04\/Ikona_luka-lokalnih.svg\" \/><\/div>\n                        <div class=\"description\">Gastronomische Fischerh\u00e4fen Mit Lokalen Lebensmitteln<\/div>\n                    <\/div>\n                                    <div class=\"item subcategory\" data-value=\".gastronomische-geschaftshafen\">\n                        <div class=\"icon\"><img decoding=\"async\" width=\"150\" height=\"150\" src=\"data:image\/svg+xml,%3Csvg%20xmlns%3D%27http%3A%2F%2Fwww.w3.org%2F2000%2Fsvg%27%20width%3D%27128%27%20height%3D%27128%27%20viewBox%3D%270%200%20128%20128%27%3E%3Crect%20width%3D%27128%27%20height%3D%27128%27%20fill-opacity%3D%220%22%2F%3E%3C%2Fsvg%3E\" class=\"style-svg lazyload\" alt=\"\" data-orig-src=\"https:\/\/visitrijeka.hr\/wp-content\/uploads\/2023\/04\/Ikona_poslovne-luke.svg\" \/><\/div>\n                        <div class=\"description\">Gastronomische Gesch\u00e4ftsh\u00e4fen<\/div>\n                    <\/div>\n                                    <div class=\"item subcategory\" data-value=\".gastronomische-hafen-der-aromen-anderer-lander\">\n                        <div class=\"icon\"><img decoding=\"async\" width=\"150\" height=\"150\" src=\"data:image\/svg+xml,%3Csvg%20xmlns%3D%27http%3A%2F%2Fwww.w3.org%2F2000%2Fsvg%27%20width%3D%27167%27%20height%3D%27158%27%20viewBox%3D%270%200%20167%20158%27%3E%3Crect%20width%3D%27167%27%20height%3D%27158%27%20fill-opacity%3D%220%22%2F%3E%3C%2Fsvg%3E\" class=\"style-svg lazyload\" alt=\"\" data-orig-src=\"https:\/\/visitrijeka.hr\/wp-content\/uploads\/2026\/04\/Luke-okusa-drugih-zemalja.svg\" \/><\/div>\n                        <div class=\"description\">Gastronomische H\u00e4fen der Aromen anderer L\u00e4nder<\/div>\n                    <\/div>\n                                    <div class=\"item subcategory\" data-value=\".gastronomische-hafen-fur-weinliebhaber\">\n                        <div class=\"icon\"><img decoding=\"async\" width=\"150\" height=\"150\" src=\"data:image\/svg+xml,%3Csvg%20xmlns%3D%27http%3A%2F%2Fwww.w3.org%2F2000%2Fsvg%27%20width%3D%27128%27%20height%3D%27128%27%20viewBox%3D%270%200%20128%20128%27%3E%3Crect%20width%3D%27128%27%20height%3D%27128%27%20fill-opacity%3D%220%22%2F%3E%3C%2Fsvg%3E\" class=\"style-svg lazyload\" alt=\"\" data-orig-src=\"https:\/\/visitrijeka.hr\/wp-content\/uploads\/2023\/04\/Ikona_vinska-luka.svg\" \/><\/div>\n                        <div class=\"description\">Gastronomische H\u00e4fen F\u00fcr Weinliebhaber<\/div>\n                    <\/div>\n                                    <div class=\"item subcategory\" data-value=\".barbeque-luke-de\">\n                        <div class=\"icon\"><img decoding=\"async\" width=\"150\" height=\"150\" src=\"data:image\/svg+xml,%3Csvg%20xmlns%3D%27http%3A%2F%2Fwww.w3.org%2F2000%2Fsvg%27%20width%3D%27167%27%20height%3D%27158%27%20viewBox%3D%270%200%20167%20158%27%3E%3Crect%20width%3D%27167%27%20height%3D%27158%27%20fill-opacity%3D%220%22%2F%3E%3C%2Fsvg%3E\" class=\"style-svg lazyload\" alt=\"\" data-orig-src=\"https:\/\/visitrijeka.hr\/wp-content\/uploads\/2026\/04\/Barbeque-luke.svg\" \/><\/div>\n                        <div class=\"description\">Gastronomischen Barbecueh\u00e4fen<\/div>\n                    <\/div>\n                                    <div class=\"item subcategory\" data-value=\".romantische-gastronomische-hafen\">\n                        <div class=\"icon\"><img decoding=\"async\" width=\"150\" height=\"150\" src=\"data:image\/svg+xml,%3Csvg%20xmlns%3D%27http%3A%2F%2Fwww.w3.org%2F2000%2Fsvg%27%20width%3D%27128%27%20height%3D%27128%27%20viewBox%3D%270%200%20128%20128%27%3E%3Crect%20width%3D%27128%27%20height%3D%27128%27%20fill-opacity%3D%220%22%2F%3E%3C%2Fsvg%3E\" class=\"style-svg lazyload\" alt=\"\" data-orig-src=\"https:\/\/visitrijeka.hr\/wp-content\/uploads\/2023\/04\/Ikona_romanticne-luke.svg\" \/><\/div>\n                        <div class=\"description\">Romantische Gastronomische H\u00e4fen<\/div>\n                    <\/div>\n                                    <div class=\"item subcategory\" data-value=\".tageshafen\">\n                        <div class=\"icon\"><img decoding=\"async\" width=\"150\" height=\"150\" src=\"data:image\/svg+xml,%3Csvg%20xmlns%3D%27http%3A%2F%2Fwww.w3.org%2F2000%2Fsvg%27%20width%3D%27167%27%20height%3D%27158%27%20viewBox%3D%270%200%20167%20158%27%3E%3Crect%20width%3D%27167%27%20height%3D%27158%27%20fill-opacity%3D%220%22%2F%3E%3C%2Fsvg%3E\" class=\"style-svg lazyload\" alt=\"\" data-orig-src=\"https:\/\/visitrijeka.hr\/wp-content\/uploads\/2026\/04\/Dnevne-luke.svg\" \/><\/div>\n                        <div class=\"description\">Tagesh\u00e4fen<\/div>\n                    <\/div>\n                                    <div class=\"item subcategory\" data-value=\".vegane-gastronomische-hafen\">\n                        <div class=\"icon\"><img decoding=\"async\" width=\"150\" height=\"150\" src=\"data:image\/svg+xml,%3Csvg%20xmlns%3D%27http%3A%2F%2Fwww.w3.org%2F2000%2Fsvg%27%20width%3D%2764%27%20height%3D%2764%27%20viewBox%3D%270%200%2064%2064%27%3E%3Crect%20width%3D%2764%27%20height%3D%2764%27%20fill-opacity%3D%220%22%2F%3E%3C%2Fsvg%3E\" class=\"style-svg lazyload\" alt=\"\" data-orig-src=\"https:\/\/visitrijeka.hr\/wp-content\/uploads\/2023\/04\/Ikona_veganska-luka.svg\" \/><\/div>\n                        <div class=\"description\">Vegane Gastronomische H\u00e4fen<\/div>\n                    <\/div>\n                            <\/div>\n        \n    <\/div>\n        <div class=\"fusion-text fusion-text-2 fusion-text-no-margin poruka-parkovi\" style=\"display: none; --awb-content-alignment: center; --awb-margin-top: 20px; --awb-margin-right: 19%; --awb-margin-bottom: 20px; --awb-margin-left: 19%; --awb-margin-top-medium: 20px; --awb-margin-right-medium: 13%; --awb-margin-bottom-medium: 20px; --awb-margin-left-medium: 13%; --awb-margin-top-small: 20px; --awb-margin-right-small: 8%; --awb-margin-bottom-small: 20px; --awb-margin-left-small: 8%; --awb-text-font-family: &quot;SSP-Regular-400&quot;; --awb-text-font-style: normal; --awb-text-font-weight: 400; display: block;\">\n            <p style=\"display:none\">Wir stellen Ihnen einen Teil der Parks vor, die Rijeka zu bieten hat. Es handelt sich um gr\u00f6\u00dfere Parkfl\u00e4chen, und zus\u00e4tzlich zu den genannten gibt es in Rijeka auch zahlreiche kleinere gr\u00fcne Oasen, die in verschiedenen Stadtvierteln, Siedlungen und zwischen Wohngeb\u00e4uden angelegt sind.<\/p>\n        <\/div>\n    <\/div><\/div><\/div><\/div><div class=\"fusion-fullwidth fullwidth-box fusion-builder-row-2 fusion-flex-container has-pattern-background has-mask-background nonhundred-percent-fullwidth non-hundred-percent-height-scrolling\" style=\"--awb-border-radius-top-left:0px;--awb-border-radius-top-right:0px;--awb-border-radius-bottom-right:0px;--awb-border-radius-bottom-left:0px;--awb-padding-top:15px;--awb-padding-bottom:70px;--awb-padding-bottom-small:0px;--awb-background-color:var(--awb-color1);--awb-flex-wrap:wrap;\" ><div class=\"fusion-builder-row fusion-row fusion-flex-align-items-flex-start fusion-flex-content-wrap\" style=\"max-width:1414.4px;margin-left: calc(-4% \/ 2 );margin-right: calc(-4% \/ 2 );\"><div class=\"fusion-layout-column fusion_builder_column fusion-builder-column-3 fusion_builder_column_1_1 1_1 fusion-flex-column id-30498\" style=\"--awb-bg-size:cover;--awb-width-large:100%;--awb-margin-top-large:0px;--awb-spacing-right-large:1.92%;--awb-margin-bottom-large:0px;--awb-spacing-left-large:1.92%;--awb-width-medium:100%;--awb-order-medium:0;--awb-spacing-right-medium:1.92%;--awb-spacing-left-medium:1.92%;--awb-width-small:100%;--awb-order-small:0;--awb-spacing-right-small:1.92%;--awb-spacing-left-small:1.92%;\"><div class=\"fusion-column-wrapper fusion-column-has-shadow fusion-flex-justify-content-flex-start fusion-content-layout-column\"><div class=\"fusion-post-cards fusion-post-cards-1 fusion-grid-archive fusion-grid-columns-4\" style=\"--awb-column-spacing:30px;--awb-dots-align:center;--awb-active-filter-border-size:3px;--awb-filters-height:36px;--awb-row-spacing:30px;--awb-filters-alignment-medium:flex-start;--awb-filters-alignment-small:flex-start;\"><div><ul class=\"fusion-filters\" role=\"menu\" aria-label=\"Post Filters\"><li role=\"presentation\" class=\"fusion-filter fusion-filter-all fusion-active\"><a href=\"#\" data-filter=\"*\" role=\"menuitem\">All<\/a><\/li><\/ul><\/div><ul class=\"fusion-grid fusion-grid-4 fusion-flex-align-items-stretch fusion-grid-posts-cards\"><li class=\"fusion-layout-column fusion_builder_column fusion-builder-column-4 fusion-flex-column postcard-grad-rijeka post-card fusion-grid-column fusion-post-cards-grid-column sehenswurdigkeiten stadt id-20623\" style=\"--awb-padding-bottom:20px;--awb-overflow:hidden;--awb-bg-color:var(--awb-color1);--awb-bg-color-hover:var(--awb-color1);--awb-bg-size:cover;--awb-box-shadow:0px 32px 52px -24px hsla(var(--awb-color8-h),var(--awb-color8-s),var(--awb-color8-l),calc(var(--awb-color8-a) - 92%));;--awb-border-radius:16px 16px 16px 16px;--awb-flex-grow:0;--awb-flex-shrink:0;--awb-flex-grow-medium:0;--awb-flex-shrink-medium:0;--awb-flex-grow-small:0;--awb-flex-shrink-small:0;\"><div class=\"fusion-column-wrapper fusion-column-has-shadow fusion-flex-justify-content-flex-start fusion-content-layout-column\"><div class=\"fusion-featured-slider-tb fusion-featured-slider-tb-1\" style=\"margin-bottom:25px;\"><div class=\"fusion-slider-sc fusion-has-margin\"><div class=\"fusion-flexslider-loading flexslider flexslider-hover-type-none fusion-slider-sc-cover\" data-slideshow_autoplay=\"0\" data-slideshow_smooth_height=\"1\" data-slideshow_speed=\"7000\" style=\"max-width:600px;height:300px;\"><ul class=\"slides\"><li class=\"image\"><span class=\"lazyload fusion-image-hover-element hover-type-none\"><img decoding=\"async\" src=\"data:image\/svg+xml,%3Csvg%20xmlns%3D%27http%3A%2F%2Fwww.w3.org%2F2000%2Fsvg%27%20width%3D%271707%27%20height%3D%272560%27%20viewBox%3D%270%200%201707%202560%27%3E%3Crect%20width%3D%271707%27%20height%3D%272560%27%20fill-opacity%3D%220%22%2F%3E%3C%2Fsvg%3E\" data-orig-src=\"https:\/\/visitrijeka.hr\/wp-content\/uploads\/2023\/03\/Stube-Petra-Kruzica-2-scaled-1.jpeg\" width=\"1707\" height=\"2560\" class=\"lazyload wp-image-0\" \/><\/span><\/li><\/ul><\/div><\/div><\/div><div class=\"fusion-builder-row fusion-builder-row-inner fusion-row fusion-flex-align-items-flex-start fusion-flex-content-wrap\" style=\"width:104% !important;max-width:104% !important;margin-left: calc(-4% \/ 2 );margin-right: calc(-4% \/ 2 );\"><div class=\"fusion-layout-column fusion_builder_column_inner fusion-builder-nested-column-0 fusion_builder_column_inner_1_1 1_1 fusion-flex-column\" style=\"--awb-padding-right:30px;--awb-padding-bottom:0px;--awb-padding-left:30px;--awb-padding-top-medium:24px;--awb-padding-right-medium:24px;--awb-padding-bottom-medium:24px;--awb-padding-left-medium:24px;--awb-padding-top-small:20px;--awb-padding-bottom-small:20px;--awb-overflow:hidden;--awb-bg-color:var(--awb-color1);--awb-bg-color-hover:var(--awb-color1);--awb-bg-size:cover;--awb-border-radius:0px 0px 5px 5px;--awb-width-large:100%;--awb-margin-top-large:0px;--awb-spacing-right-large:1.92%;--awb-margin-bottom-large:0px;--awb-spacing-left-large:1.92%;--awb-width-medium:100%;--awb-order-medium:0;--awb-spacing-right-medium:1.92%;--awb-spacing-left-medium:1.92%;--awb-width-small:100%;--awb-order-small:0;--awb-spacing-right-small:1.92%;--awb-spacing-left-small:1.92%;\" data-scroll-devices=\"small-visibility,medium-visibility,large-visibility\"><div class=\"fusion-column-wrapper fusion-column-has-shadow fusion-flex-justify-content-space-between fusion-content-layout-row\"><div class=\"fusion-title title fusion-title-1 fusion-sep-none fusion-title-text fusion-title-size-div\" style=\"--awb-text-color:var(--awb-color4);--awb-margin-top:0px;--awb-font-size:12px;\"><div class=\"fusion-title-heading title-heading-left title-heading-tag\" style=\"font-family:&quot;SSP-Semibold-600&quot;;font-style:normal;font-weight:400;margin:0;text-transform:uppercase;font-size:1em;line-height:1;\">Sehensw\u00fcrdigkeiten<\/div><\/div><div class=\"fusion-text fusion-text-2\" style=\"--awb-margin-top:-3px;\">\n<\/div><div class=\"fusion-text fusion-text-3\">\n<\/div><\/div><\/div><\/div><div class=\"fusion-title title fusion-title-2 fusion-sep-none fusion-title-center fusion-title-text fusion-title-size-three postcard_smjestaj_naziv\" style=\"--awb-text-color:var(--awb-custom_color_7);--awb-margin-top:0px;--awb-margin-right:30px;--awb-margin-bottom:0px;--awb-margin-left:30px;--awb-margin-top-small:4px;--awb-margin-bottom-small:16px;--awb-font-size:22px;\"><h3 class=\"fusion-title-heading title-heading-center\" style=\"margin:0;font-size:1em;line-height:1.1em;\">Stufen des Petar Kru\u017ei\u0107<\/h3><\/div><div style=\"text-align:center;\"><a class=\"fusion-button button-flat fusion-button-default-size button-custom fusion-button-default button-1 fusion-button-default-span fusion-button-default-type botun_plaze\" style=\"--button_accent_color:var(--awb-color1);--button_accent_hover_color:var(--awb-color1);--button_border_hover_color:var(--awb-color1);--button_gradient_top_color:var(--awb-custom_color_7);--button_gradient_bottom_color:var(--awb-custom_color_7);--button_gradient_top_color_hover:var(--awb-color4);--button_gradient_bottom_color_hover:var(--awb-color4);--button_text_transform:uppercase;--button_font_size:16px;--button_typography-font-family:&quot;SSP-Semibold-600&quot;;--button_typography-font-style:normal;--button_typography-font-weight:400;--button_margin-top:12px;--button_margin-bottom:20px;\" target=\"_self\" href=\"https:\/\/visitrijeka.hr\/de\/stufen-des-petar-kruzic\/\"><span class=\"fusion-button-text awb-button__text awb-button__text--default\">Entdecke<\/span><i class=\"fa-long-arrow-alt-right fas awb-button__icon awb-button__icon--default button-icon-right\" aria-hidden=\"true\"><\/i><\/a><\/div><\/div><\/li>\n<li class=\"fusion-layout-column fusion_builder_column fusion-builder-column-5 fusion-flex-column postcard-grad-rijeka post-card fusion-grid-column fusion-post-cards-grid-column galerien stadt id-28396\" style=\"--awb-padding-bottom:20px;--awb-overflow:hidden;--awb-bg-color:var(--awb-color1);--awb-bg-color-hover:var(--awb-color1);--awb-bg-size:cover;--awb-box-shadow:0px 32px 52px -24px hsla(var(--awb-color8-h),var(--awb-color8-s),var(--awb-color8-l),calc(var(--awb-color8-a) - 92%));;--awb-border-radius:16px 16px 16px 16px;--awb-flex-grow:0;--awb-flex-shrink:0;--awb-flex-grow-medium:0;--awb-flex-shrink-medium:0;--awb-flex-grow-small:0;--awb-flex-shrink-small:0;\"><div class=\"fusion-column-wrapper fusion-column-has-shadow fusion-flex-justify-content-flex-start fusion-content-layout-column\"><div class=\"fusion-featured-slider-tb fusion-featured-slider-tb-2\" style=\"margin-bottom:25px;\"><div class=\"fusion-slider-sc fusion-has-margin\"><div class=\"fusion-flexslider-loading flexslider flexslider-hover-type-none fusion-slider-sc-cover\" data-slideshow_autoplay=\"0\" data-slideshow_smooth_height=\"1\" data-slideshow_speed=\"7000\" style=\"max-width:600px;height:300px;\"><ul class=\"slides\"><li class=\"image\"><span class=\"lazyload fusion-image-hover-element hover-type-none\"><img decoding=\"async\" src=\"data:image\/svg+xml,%3Csvg%20xmlns%3D%27http%3A%2F%2Fwww.w3.org%2F2000%2Fsvg%27%20width%3D%272048%27%20height%3D%271365%27%20viewBox%3D%270%200%202048%201365%27%3E%3Crect%20width%3D%272048%27%20height%3D%271365%27%20fill-opacity%3D%220%22%2F%3E%3C%2Fsvg%3E\" data-orig-src=\"https:\/\/visitrijeka.hr\/wp-content\/uploads\/2023\/03\/Galerija-SKC_programi-iz-arhive-1.jpg\" width=\"2048\" height=\"1365\" class=\"lazyload wp-image-0\" \/><\/span><\/li><\/ul><\/div><\/div><\/div><div class=\"fusion-builder-row fusion-builder-row-inner fusion-row fusion-flex-align-items-flex-start fusion-flex-content-wrap\" style=\"width:104% !important;max-width:104% !important;margin-left: calc(-4% \/ 2 );margin-right: calc(-4% \/ 2 );\"><div class=\"fusion-layout-column fusion_builder_column_inner fusion-builder-nested-column-1 fusion_builder_column_inner_1_1 1_1 fusion-flex-column\" style=\"--awb-padding-right:30px;--awb-padding-bottom:0px;--awb-padding-left:30px;--awb-padding-top-medium:24px;--awb-padding-right-medium:24px;--awb-padding-bottom-medium:24px;--awb-padding-left-medium:24px;--awb-padding-top-small:20px;--awb-padding-bottom-small:20px;--awb-overflow:hidden;--awb-bg-color:var(--awb-color1);--awb-bg-color-hover:var(--awb-color1);--awb-bg-size:cover;--awb-border-radius:0px 0px 5px 5px;--awb-width-large:100%;--awb-margin-top-large:0px;--awb-spacing-right-large:1.92%;--awb-margin-bottom-large:0px;--awb-spacing-left-large:1.92%;--awb-width-medium:100%;--awb-order-medium:0;--awb-spacing-right-medium:1.92%;--awb-spacing-left-medium:1.92%;--awb-width-small:100%;--awb-order-small:0;--awb-spacing-right-small:1.92%;--awb-spacing-left-small:1.92%;\" data-scroll-devices=\"small-visibility,medium-visibility,large-visibility\"><div class=\"fusion-column-wrapper fusion-column-has-shadow fusion-flex-justify-content-space-between fusion-content-layout-row\"><div class=\"fusion-title title fusion-title-3 fusion-sep-none fusion-title-text fusion-title-size-div\" style=\"--awb-text-color:var(--awb-color4);--awb-margin-top:0px;--awb-font-size:12px;\"><div class=\"fusion-title-heading title-heading-left title-heading-tag\" style=\"font-family:&quot;SSP-Semibold-600&quot;;font-style:normal;font-weight:400;margin:0;text-transform:uppercase;font-size:1em;line-height:1;\">Galerien<\/div><\/div><div class=\"fusion-text fusion-text-4\" style=\"--awb-margin-top:-3px;\">\n<\/div><div class=\"fusion-text fusion-text-5\">\n<\/div><\/div><\/div><\/div><div class=\"fusion-title title fusion-title-4 fusion-sep-none fusion-title-center fusion-title-text fusion-title-size-three postcard_smjestaj_naziv\" style=\"--awb-text-color:var(--awb-custom_color_7);--awb-margin-top:0px;--awb-margin-right:30px;--awb-margin-bottom:0px;--awb-margin-left:30px;--awb-margin-top-small:4px;--awb-margin-bottom-small:16px;--awb-font-size:22px;\"><h3 class=\"fusion-title-heading title-heading-center\" style=\"margin:0;font-size:1em;line-height:1.1em;\">Galerie SKC<\/h3><\/div><div style=\"text-align:center;\"><a class=\"fusion-button button-flat fusion-button-default-size button-custom fusion-button-default button-2 fusion-button-default-span fusion-button-default-type botun_plaze\" style=\"--button_accent_color:var(--awb-color1);--button_accent_hover_color:var(--awb-color1);--button_border_hover_color:var(--awb-color1);--button_gradient_top_color:var(--awb-custom_color_7);--button_gradient_bottom_color:var(--awb-custom_color_7);--button_gradient_top_color_hover:var(--awb-color4);--button_gradient_bottom_color_hover:var(--awb-color4);--button_text_transform:uppercase;--button_font_size:16px;--button_typography-font-family:&quot;SSP-Semibold-600&quot;;--button_typography-font-style:normal;--button_typography-font-weight:400;--button_margin-top:12px;--button_margin-bottom:20px;\" target=\"_self\" href=\"https:\/\/visitrijeka.hr\/de\/galerie-skc\/\"><span class=\"fusion-button-text awb-button__text awb-button__text--default\">Entdecke<\/span><i class=\"fa-long-arrow-alt-right fas awb-button__icon awb-button__icon--default button-icon-right\" aria-hidden=\"true\"><\/i><\/a><\/div><\/div><\/li>\n<li class=\"fusion-layout-column fusion_builder_column fusion-builder-column-6 fusion-flex-column postcard-grad-rijeka post-card fusion-grid-column fusion-post-cards-grid-column parks stadt id-86696\" style=\"--awb-padding-bottom:20px;--awb-overflow:hidden;--awb-bg-color:var(--awb-color1);--awb-bg-color-hover:var(--awb-color1);--awb-bg-size:cover;--awb-box-shadow:0px 32px 52px -24px hsla(var(--awb-color8-h),var(--awb-color8-s),var(--awb-color8-l),calc(var(--awb-color8-a) - 92%));;--awb-border-radius:16px 16px 16px 16px;--awb-flex-grow:0;--awb-flex-shrink:0;--awb-flex-grow-medium:0;--awb-flex-shrink-medium:0;--awb-flex-grow-small:0;--awb-flex-shrink-small:0;\"><div class=\"fusion-column-wrapper fusion-column-has-shadow fusion-flex-justify-content-flex-start fusion-content-layout-column\"><div class=\"fusion-featured-slider-tb fusion-featured-slider-tb-3\" style=\"margin-bottom:25px;\"><div class=\"fusion-slider-sc fusion-has-margin\"><div class=\"fusion-flexslider-loading flexslider flexslider-hover-type-none fusion-slider-sc-cover\" data-slideshow_autoplay=\"0\" data-slideshow_smooth_height=\"1\" data-slideshow_speed=\"7000\" style=\"max-width:600px;height:300px;\"><ul class=\"slides\"><li class=\"image\"><span class=\"lazyload fusion-image-hover-element hover-type-none\"><img decoding=\"async\" src=\"data:image\/svg+xml,%3Csvg%20xmlns%3D%27http%3A%2F%2Fwww.w3.org%2F2000%2Fsvg%27%20width%3D%271920%27%20height%3D%271280%27%20viewBox%3D%270%200%201920%201280%27%3E%3Crect%20width%3D%271920%27%20height%3D%271280%27%20fill-opacity%3D%220%22%2F%3E%3C%2Fsvg%3E\" data-orig-src=\"https:\/\/visitrijeka.hr\/wp-content\/uploads\/2025\/06\/park_Nike_Katuna.jpg\" alt=\"PARK NIKE KATUNARA\" width=\"1920\" height=\"1280\" class=\"lazyload wp-image-0\" \/><\/span><\/li><li class=\"image\"><span class=\"lazyload fusion-image-hover-element hover-type-none\"><img decoding=\"async\" src=\"https:\/\/visitrijeka.hr\/wp-content\/uploads\/2025\/06\/Park-NIke-Katunara-3.5.2025-1-scaled.jpg\" data-orig-src=\"https:\/\/visitrijeka.hr\/wp-content\/uploads\/2025\/06\/Park-NIke-Katunara-3.5.2025-1-scaled.jpg\" width=\"2560\" height=\"1920\" class=\"lazyload wp-image-86796\" srcset=\"data:image\/svg+xml,%3Csvg%20xmlns%3D%27http%3A%2F%2Fwww.w3.org%2F2000%2Fsvg%27%20width%3D%272560%27%20height%3D%271920%27%20viewBox%3D%270%200%202560%201920%27%3E%3Crect%20width%3D%272560%27%20height%3D%271920%27%20fill-opacity%3D%220%22%2F%3E%3C%2Fsvg%3E\" data-srcset=\"https:\/\/visitrijeka.hr\/wp-content\/uploads\/2025\/06\/Park-NIke-Katunara-3.5.2025-1-200x150.jpg 200w, https:\/\/visitrijeka.hr\/wp-content\/uploads\/2025\/06\/Park-NIke-Katunara-3.5.2025-1-400x300.jpg 400w, https:\/\/visitrijeka.hr\/wp-content\/uploads\/2025\/06\/Park-NIke-Katunara-3.5.2025-1-600x450.jpg 600w, https:\/\/visitrijeka.hr\/wp-content\/uploads\/2025\/06\/Park-NIke-Katunara-3.5.2025-1-800x600.jpg 800w, https:\/\/visitrijeka.hr\/wp-content\/uploads\/2025\/06\/Park-NIke-Katunara-3.5.2025-1-1200x900.jpg 1200w, https:\/\/visitrijeka.hr\/wp-content\/uploads\/2025\/06\/Park-NIke-Katunara-3.5.2025-1-scaled.jpg 2560w\" data-sizes=\"auto\" data-orig-sizes=\"(max-width: 800px) 100vw, 2560px\" \/><\/span><\/li><li class=\"image\"><span class=\"lazyload fusion-image-hover-element hover-type-none\"><img decoding=\"async\" src=\"https:\/\/visitrijeka.hr\/wp-content\/uploads\/2025\/06\/Park-Nike-Katunara-3.5.2025-2-scaled.jpg\" data-orig-src=\"https:\/\/visitrijeka.hr\/wp-content\/uploads\/2025\/06\/Park-Nike-Katunara-3.5.2025-2-scaled.jpg\" width=\"2560\" height=\"1920\" class=\"lazyload wp-image-86802\" srcset=\"data:image\/svg+xml,%3Csvg%20xmlns%3D%27http%3A%2F%2Fwww.w3.org%2F2000%2Fsvg%27%20width%3D%272560%27%20height%3D%271920%27%20viewBox%3D%270%200%202560%201920%27%3E%3Crect%20width%3D%272560%27%20height%3D%271920%27%20fill-opacity%3D%220%22%2F%3E%3C%2Fsvg%3E\" data-srcset=\"https:\/\/visitrijeka.hr\/wp-content\/uploads\/2025\/06\/Park-Nike-Katunara-3.5.2025-2-200x150.jpg 200w, https:\/\/visitrijeka.hr\/wp-content\/uploads\/2025\/06\/Park-Nike-Katunara-3.5.2025-2-400x300.jpg 400w, https:\/\/visitrijeka.hr\/wp-content\/uploads\/2025\/06\/Park-Nike-Katunara-3.5.2025-2-600x450.jpg 600w, https:\/\/visitrijeka.hr\/wp-content\/uploads\/2025\/06\/Park-Nike-Katunara-3.5.2025-2-800x600.jpg 800w, https:\/\/visitrijeka.hr\/wp-content\/uploads\/2025\/06\/Park-Nike-Katunara-3.5.2025-2-1200x900.jpg 1200w, https:\/\/visitrijeka.hr\/wp-content\/uploads\/2025\/06\/Park-Nike-Katunara-3.5.2025-2-scaled.jpg 2560w\" data-sizes=\"auto\" data-orig-sizes=\"(max-width: 800px) 100vw, 2560px\" \/><\/span><\/li><li class=\"image\"><span class=\"lazyload fusion-image-hover-element hover-type-none\"><img decoding=\"async\" src=\"https:\/\/visitrijeka.hr\/wp-content\/uploads\/2025\/06\/Park-Nike-Katunara-3.5.2025-3-scaled.jpg\" data-orig-src=\"https:\/\/visitrijeka.hr\/wp-content\/uploads\/2025\/06\/Park-Nike-Katunara-3.5.2025-3-scaled.jpg\" width=\"2560\" height=\"1707\" class=\"lazyload wp-image-86808\" srcset=\"data:image\/svg+xml,%3Csvg%20xmlns%3D%27http%3A%2F%2Fwww.w3.org%2F2000%2Fsvg%27%20width%3D%272560%27%20height%3D%271707%27%20viewBox%3D%270%200%202560%201707%27%3E%3Crect%20width%3D%272560%27%20height%3D%271707%27%20fill-opacity%3D%220%22%2F%3E%3C%2Fsvg%3E\" data-srcset=\"https:\/\/visitrijeka.hr\/wp-content\/uploads\/2025\/06\/Park-Nike-Katunara-3.5.2025-3-200x133.jpg 200w, https:\/\/visitrijeka.hr\/wp-content\/uploads\/2025\/06\/Park-Nike-Katunara-3.5.2025-3-400x267.jpg 400w, https:\/\/visitrijeka.hr\/wp-content\/uploads\/2025\/06\/Park-Nike-Katunara-3.5.2025-3-600x400.jpg 600w, https:\/\/visitrijeka.hr\/wp-content\/uploads\/2025\/06\/Park-Nike-Katunara-3.5.2025-3-800x533.jpg 800w, https:\/\/visitrijeka.hr\/wp-content\/uploads\/2025\/06\/Park-Nike-Katunara-3.5.2025-3-1200x800.jpg 1200w, https:\/\/visitrijeka.hr\/wp-content\/uploads\/2025\/06\/Park-Nike-Katunara-3.5.2025-3-scaled.jpg 2560w\" data-sizes=\"auto\" data-orig-sizes=\"(max-width: 800px) 100vw, 2560px\" \/><\/span><\/li><\/ul><\/div><\/div><\/div><div class=\"fusion-builder-row fusion-builder-row-inner fusion-row fusion-flex-align-items-flex-start fusion-flex-content-wrap\" style=\"width:104% !important;max-width:104% !important;margin-left: calc(-4% \/ 2 );margin-right: calc(-4% \/ 2 );\"><div class=\"fusion-layout-column fusion_builder_column_inner fusion-builder-nested-column-2 fusion_builder_column_inner_1_1 1_1 fusion-flex-column\" style=\"--awb-padding-right:30px;--awb-padding-bottom:0px;--awb-padding-left:30px;--awb-padding-top-medium:24px;--awb-padding-right-medium:24px;--awb-padding-bottom-medium:24px;--awb-padding-left-medium:24px;--awb-padding-top-small:20px;--awb-padding-bottom-small:20px;--awb-overflow:hidden;--awb-bg-color:var(--awb-color1);--awb-bg-color-hover:var(--awb-color1);--awb-bg-size:cover;--awb-border-radius:0px 0px 5px 5px;--awb-width-large:100%;--awb-margin-top-large:0px;--awb-spacing-right-large:1.92%;--awb-margin-bottom-large:0px;--awb-spacing-left-large:1.92%;--awb-width-medium:100%;--awb-order-medium:0;--awb-spacing-right-medium:1.92%;--awb-spacing-left-medium:1.92%;--awb-width-small:100%;--awb-order-small:0;--awb-spacing-right-small:1.92%;--awb-spacing-left-small:1.92%;\" data-scroll-devices=\"small-visibility,medium-visibility,large-visibility\"><div class=\"fusion-column-wrapper fusion-column-has-shadow fusion-flex-justify-content-space-between fusion-content-layout-row\"><div class=\"fusion-title title fusion-title-5 fusion-sep-none fusion-title-text fusion-title-size-div\" style=\"--awb-text-color:var(--awb-color4);--awb-margin-top:0px;--awb-font-size:12px;\"><div class=\"fusion-title-heading title-heading-left title-heading-tag\" style=\"font-family:&quot;SSP-Semibold-600&quot;;font-style:normal;font-weight:400;margin:0;text-transform:uppercase;font-size:1em;line-height:1;\">Parks<\/div><\/div><div class=\"fusion-text fusion-text-6\" style=\"--awb-margin-top:-3px;\">\n<\/div><div class=\"fusion-text fusion-text-7\">\n<\/div><\/div><\/div><\/div><div class=\"fusion-title title fusion-title-6 fusion-sep-none fusion-title-center fusion-title-text fusion-title-size-three postcard_smjestaj_naziv\" style=\"--awb-text-color:var(--awb-custom_color_7);--awb-margin-top:0px;--awb-margin-right:30px;--awb-margin-bottom:0px;--awb-margin-left:30px;--awb-margin-top-small:4px;--awb-margin-bottom-small:16px;--awb-font-size:22px;\"><h3 class=\"fusion-title-heading title-heading-center\" style=\"margin:0;font-size:1em;line-height:1.1em;\">Park Nike Katunar<\/h3><\/div><div style=\"text-align:center;\"><a class=\"fusion-button button-flat fusion-button-default-size button-custom fusion-button-default button-3 fusion-button-default-span fusion-button-default-type botun_plaze\" style=\"--button_accent_color:var(--awb-color1);--button_accent_hover_color:var(--awb-color1);--button_border_hover_color:var(--awb-color1);--button_gradient_top_color:var(--awb-custom_color_7);--button_gradient_bottom_color:var(--awb-custom_color_7);--button_gradient_top_color_hover:var(--awb-color4);--button_gradient_bottom_color_hover:var(--awb-color4);--button_text_transform:uppercase;--button_font_size:16px;--button_typography-font-family:&quot;SSP-Semibold-600&quot;;--button_typography-font-style:normal;--button_typography-font-weight:400;--button_margin-top:12px;--button_margin-bottom:20px;\" target=\"_self\" href=\"https:\/\/visitrijeka.hr\/de\/park-nike-katunar\/\"><span class=\"fusion-button-text awb-button__text awb-button__text--default\">Entdecke<\/span><i class=\"fa-long-arrow-alt-right fas awb-button__icon awb-button__icon--default button-icon-right\" aria-hidden=\"true\"><\/i><\/a><\/div><\/div><\/li>\n<li class=\"fusion-layout-column fusion_builder_column fusion-builder-column-7 fusion-flex-column postcard-grad-rijeka post-card fusion-grid-column fusion-post-cards-grid-column sehenswurdigkeiten stadt id-20672\" style=\"--awb-padding-bottom:20px;--awb-overflow:hidden;--awb-bg-color:var(--awb-color1);--awb-bg-color-hover:var(--awb-color1);--awb-bg-size:cover;--awb-box-shadow:0px 32px 52px -24px hsla(var(--awb-color8-h),var(--awb-color8-s),var(--awb-color8-l),calc(var(--awb-color8-a) - 92%));;--awb-border-radius:16px 16px 16px 16px;--awb-flex-grow:0;--awb-flex-shrink:0;--awb-flex-grow-medium:0;--awb-flex-shrink-medium:0;--awb-flex-grow-small:0;--awb-flex-shrink-small:0;\"><div class=\"fusion-column-wrapper fusion-column-has-shadow fusion-flex-justify-content-flex-start fusion-content-layout-column\"><div class=\"fusion-featured-slider-tb fusion-featured-slider-tb-4\" style=\"margin-bottom:25px;\"><div class=\"fusion-slider-sc fusion-has-margin\"><div class=\"fusion-flexslider-loading flexslider flexslider-hover-type-none fusion-slider-sc-cover\" data-slideshow_autoplay=\"0\" data-slideshow_smooth_height=\"1\" data-slideshow_speed=\"7000\" style=\"max-width:600px;height:300px;\"><ul class=\"slides\"><li class=\"image\"><span class=\"lazyload fusion-image-hover-element hover-type-none\"><img decoding=\"async\" src=\"data:image\/svg+xml,%3Csvg%20xmlns%3D%27http%3A%2F%2Fwww.w3.org%2F2000%2Fsvg%27%20width%3D%271920%27%20height%3D%271280%27%20viewBox%3D%270%200%201920%201280%27%3E%3Crect%20width%3D%271920%27%20height%3D%271280%27%20fill-opacity%3D%220%22%2F%3E%3C%2Fsvg%3E\" data-orig-src=\"https:\/\/visitrijeka.hr\/wp-content\/uploads\/2023\/03\/torpedo.jpg\" width=\"1920\" height=\"1280\" class=\"lazyload wp-image-0\" \/><\/span><\/li><\/ul><\/div><\/div><\/div><div class=\"fusion-builder-row fusion-builder-row-inner fusion-row fusion-flex-align-items-flex-start fusion-flex-content-wrap\" style=\"width:104% !important;max-width:104% !important;margin-left: calc(-4% \/ 2 );margin-right: calc(-4% \/ 2 );\"><div class=\"fusion-layout-column fusion_builder_column_inner fusion-builder-nested-column-3 fusion_builder_column_inner_1_1 1_1 fusion-flex-column\" style=\"--awb-padding-right:30px;--awb-padding-bottom:0px;--awb-padding-left:30px;--awb-padding-top-medium:24px;--awb-padding-right-medium:24px;--awb-padding-bottom-medium:24px;--awb-padding-left-medium:24px;--awb-padding-top-small:20px;--awb-padding-bottom-small:20px;--awb-overflow:hidden;--awb-bg-color:var(--awb-color1);--awb-bg-color-hover:var(--awb-color1);--awb-bg-size:cover;--awb-border-radius:0px 0px 5px 5px;--awb-width-large:100%;--awb-margin-top-large:0px;--awb-spacing-right-large:1.92%;--awb-margin-bottom-large:0px;--awb-spacing-left-large:1.92%;--awb-width-medium:100%;--awb-order-medium:0;--awb-spacing-right-medium:1.92%;--awb-spacing-left-medium:1.92%;--awb-width-small:100%;--awb-order-small:0;--awb-spacing-right-small:1.92%;--awb-spacing-left-small:1.92%;\" data-scroll-devices=\"small-visibility,medium-visibility,large-visibility\"><div class=\"fusion-column-wrapper fusion-column-has-shadow fusion-flex-justify-content-space-between fusion-content-layout-row\"><div class=\"fusion-title title fusion-title-7 fusion-sep-none fusion-title-text fusion-title-size-div\" style=\"--awb-text-color:var(--awb-color4);--awb-margin-top:0px;--awb-font-size:12px;\"><div class=\"fusion-title-heading title-heading-left title-heading-tag\" style=\"font-family:&quot;SSP-Semibold-600&quot;;font-style:normal;font-weight:400;margin:0;text-transform:uppercase;font-size:1em;line-height:1;\">Sehensw\u00fcrdigkeiten<\/div><\/div><div class=\"fusion-text fusion-text-8\" style=\"--awb-margin-top:-3px;\">\n<\/div><div class=\"fusion-text fusion-text-9\">\n<\/div><\/div><\/div><\/div><div class=\"fusion-title title fusion-title-8 fusion-sep-none fusion-title-center fusion-title-text fusion-title-size-three postcard_smjestaj_naziv\" style=\"--awb-text-color:var(--awb-custom_color_7);--awb-margin-top:0px;--awb-margin-right:30px;--awb-margin-bottom:0px;--awb-margin-left:30px;--awb-margin-top-small:4px;--awb-margin-bottom-small:16px;--awb-font-size:22px;\"><h3 class=\"fusion-title-heading title-heading-center\" style=\"margin:0;font-size:1em;line-height:1.1em;\">Torpedo-Abschussstation<\/h3><\/div><div style=\"text-align:center;\"><a class=\"fusion-button button-flat fusion-button-default-size button-custom fusion-button-default button-4 fusion-button-default-span fusion-button-default-type botun_plaze\" style=\"--button_accent_color:var(--awb-color1);--button_accent_hover_color:var(--awb-color1);--button_border_hover_color:var(--awb-color1);--button_gradient_top_color:var(--awb-custom_color_7);--button_gradient_bottom_color:var(--awb-custom_color_7);--button_gradient_top_color_hover:var(--awb-color4);--button_gradient_bottom_color_hover:var(--awb-color4);--button_text_transform:uppercase;--button_font_size:16px;--button_typography-font-family:&quot;SSP-Semibold-600&quot;;--button_typography-font-style:normal;--button_typography-font-weight:400;--button_margin-top:12px;--button_margin-bottom:20px;\" target=\"_self\" href=\"https:\/\/visitrijeka.hr\/de\/torpedo-abschussstation\/\"><span class=\"fusion-button-text awb-button__text awb-button__text--default\">Entdecke<\/span><i class=\"fa-long-arrow-alt-right fas awb-button__icon awb-button__icon--default button-icon-right\" aria-hidden=\"true\"><\/i><\/a><\/div><\/div><\/li>\n<li class=\"fusion-layout-column fusion_builder_column fusion-builder-column-8 fusion-flex-column postcard-grad-rijeka post-card fusion-grid-column fusion-post-cards-grid-column sehenswurdigkeiten stadt id-21679\" style=\"--awb-padding-bottom:20px;--awb-overflow:hidden;--awb-bg-color:var(--awb-color1);--awb-bg-color-hover:var(--awb-color1);--awb-bg-size:cover;--awb-box-shadow:0px 32px 52px -24px hsla(var(--awb-color8-h),var(--awb-color8-s),var(--awb-color8-l),calc(var(--awb-color8-a) - 92%));;--awb-border-radius:16px 16px 16px 16px;--awb-flex-grow:0;--awb-flex-shrink:0;--awb-flex-grow-medium:0;--awb-flex-shrink-medium:0;--awb-flex-grow-small:0;--awb-flex-shrink-small:0;\"><div class=\"fusion-column-wrapper fusion-column-has-shadow fusion-flex-justify-content-flex-start fusion-content-layout-column\"><div class=\"fusion-featured-slider-tb fusion-featured-slider-tb-5\" style=\"margin-bottom:25px;\"><div class=\"fusion-slider-sc fusion-has-margin\"><div class=\"fusion-flexslider-loading flexslider flexslider-hover-type-none fusion-slider-sc-cover\" data-slideshow_autoplay=\"0\" data-slideshow_smooth_height=\"1\" data-slideshow_speed=\"7000\" style=\"max-width:600px;height:300px;\"><ul class=\"slides\"><li class=\"image\"><span class=\"lazyload fusion-image-hover-element hover-type-none\"><img decoding=\"async\" src=\"data:image\/svg+xml,%3Csvg%20xmlns%3D%27http%3A%2F%2Fwww.w3.org%2F2000%2Fsvg%27%20width%3D%271080%27%20height%3D%27810%27%20viewBox%3D%270%200%201080%20810%27%3E%3Crect%20width%3D%271080%27%20height%3D%27810%27%20fill-opacity%3D%220%22%2F%3E%3C%2Fsvg%3E\" data-orig-src=\"https:\/\/visitrijeka.hr\/wp-content\/uploads\/2023\/05\/Gradska-ura-2.jpg\" alt=\"Gradski toranj\" width=\"1080\" height=\"810\" class=\"lazyload wp-image-0\" \/><\/span><\/li><\/ul><\/div><\/div><\/div><div class=\"fusion-builder-row fusion-builder-row-inner fusion-row fusion-flex-align-items-flex-start fusion-flex-content-wrap\" style=\"width:104% !important;max-width:104% !important;margin-left: calc(-4% \/ 2 );margin-right: calc(-4% \/ 2 );\"><div class=\"fusion-layout-column fusion_builder_column_inner fusion-builder-nested-column-4 fusion_builder_column_inner_1_1 1_1 fusion-flex-column\" style=\"--awb-padding-right:30px;--awb-padding-bottom:0px;--awb-padding-left:30px;--awb-padding-top-medium:24px;--awb-padding-right-medium:24px;--awb-padding-bottom-medium:24px;--awb-padding-left-medium:24px;--awb-padding-top-small:20px;--awb-padding-bottom-small:20px;--awb-overflow:hidden;--awb-bg-color:var(--awb-color1);--awb-bg-color-hover:var(--awb-color1);--awb-bg-size:cover;--awb-border-radius:0px 0px 5px 5px;--awb-width-large:100%;--awb-margin-top-large:0px;--awb-spacing-right-large:1.92%;--awb-margin-bottom-large:0px;--awb-spacing-left-large:1.92%;--awb-width-medium:100%;--awb-order-medium:0;--awb-spacing-right-medium:1.92%;--awb-spacing-left-medium:1.92%;--awb-width-small:100%;--awb-order-small:0;--awb-spacing-right-small:1.92%;--awb-spacing-left-small:1.92%;\" data-scroll-devices=\"small-visibility,medium-visibility,large-visibility\"><div class=\"fusion-column-wrapper fusion-column-has-shadow fusion-flex-justify-content-space-between fusion-content-layout-row\"><div class=\"fusion-title title fusion-title-9 fusion-sep-none fusion-title-text fusion-title-size-div\" style=\"--awb-text-color:var(--awb-color4);--awb-margin-top:0px;--awb-font-size:12px;\"><div class=\"fusion-title-heading title-heading-left title-heading-tag\" style=\"font-family:&quot;SSP-Semibold-600&quot;;font-style:normal;font-weight:400;margin:0;text-transform:uppercase;font-size:1em;line-height:1;\">Sehensw\u00fcrdigkeiten<\/div><\/div><div class=\"fusion-text fusion-text-10\" style=\"--awb-margin-top:-3px;\">\n<\/div><div class=\"fusion-text fusion-text-11\">\n<\/div><\/div><\/div><\/div><div class=\"fusion-title title fusion-title-10 fusion-sep-none fusion-title-center fusion-title-text fusion-title-size-three postcard_smjestaj_naziv\" style=\"--awb-text-color:var(--awb-custom_color_7);--awb-margin-top:0px;--awb-margin-right:30px;--awb-margin-bottom:0px;--awb-margin-left:30px;--awb-margin-top-small:4px;--awb-margin-bottom-small:16px;--awb-font-size:22px;\"><h3 class=\"fusion-title-heading title-heading-center\" style=\"margin:0;font-size:1em;line-height:1.1em;\">Stadtturm<\/h3><\/div><div style=\"text-align:center;\"><a class=\"fusion-button button-flat fusion-button-default-size button-custom fusion-button-default button-5 fusion-button-default-span fusion-button-default-type botun_plaze\" style=\"--button_accent_color:var(--awb-color1);--button_accent_hover_color:var(--awb-color1);--button_border_hover_color:var(--awb-color1);--button_gradient_top_color:var(--awb-custom_color_7);--button_gradient_bottom_color:var(--awb-custom_color_7);--button_gradient_top_color_hover:var(--awb-color4);--button_gradient_bottom_color_hover:var(--awb-color4);--button_text_transform:uppercase;--button_font_size:16px;--button_typography-font-family:&quot;SSP-Semibold-600&quot;;--button_typography-font-style:normal;--button_typography-font-weight:400;--button_margin-top:12px;--button_margin-bottom:20px;\" target=\"_self\" href=\"https:\/\/visitrijeka.hr\/de\/stadtturm\/\"><span class=\"fusion-button-text awb-button__text awb-button__text--default\">Entdecke<\/span><i class=\"fa-long-arrow-alt-right fas awb-button__icon awb-button__icon--default button-icon-right\" aria-hidden=\"true\"><\/i><\/a><\/div><\/div><\/li>\n<li class=\"fusion-layout-column fusion_builder_column fusion-builder-column-9 fusion-flex-column postcard-grad-rijeka post-card fusion-grid-column fusion-post-cards-grid-column architektur id-21239\" style=\"--awb-padding-bottom:20px;--awb-overflow:hidden;--awb-bg-color:var(--awb-color1);--awb-bg-color-hover:var(--awb-color1);--awb-bg-size:cover;--awb-box-shadow:0px 32px 52px -24px hsla(var(--awb-color8-h),var(--awb-color8-s),var(--awb-color8-l),calc(var(--awb-color8-a) - 92%));;--awb-border-radius:16px 16px 16px 16px;--awb-flex-grow:0;--awb-flex-shrink:0;--awb-flex-grow-medium:0;--awb-flex-shrink-medium:0;--awb-flex-grow-small:0;--awb-flex-shrink-small:0;\"><div class=\"fusion-column-wrapper fusion-column-has-shadow fusion-flex-justify-content-flex-start fusion-content-layout-column\"><div class=\"fusion-featured-slider-tb fusion-featured-slider-tb-6\" style=\"margin-bottom:25px;\"><div class=\"fusion-slider-sc fusion-has-margin\"><div class=\"fusion-flexslider-loading flexslider flexslider-hover-type-none fusion-slider-sc-cover\" data-slideshow_autoplay=\"0\" data-slideshow_smooth_height=\"1\" data-slideshow_speed=\"7000\" style=\"max-width:600px;height:300px;\"><ul class=\"slides\"><li class=\"image\"><span class=\"lazyload fusion-image-hover-element hover-type-none\"><img decoding=\"async\" src=\"data:image\/svg+xml,%3Csvg%20xmlns%3D%27http%3A%2F%2Fwww.w3.org%2F2000%2Fsvg%27%20width%3D%271920%27%20height%3D%271440%27%20viewBox%3D%270%200%201920%201440%27%3E%3Crect%20width%3D%271920%27%20height%3D%271440%27%20fill-opacity%3D%220%22%2F%3E%3C%2Fsvg%3E\" data-orig-src=\"https:\/\/visitrijeka.hr\/wp-content\/uploads\/2023\/03\/Kuce-Schittar-Milcenic-Cerniak.jpg\" width=\"1920\" height=\"1440\" class=\"lazyload wp-image-0\" \/><\/span><\/li><\/ul><\/div><\/div><\/div><div class=\"fusion-builder-row fusion-builder-row-inner fusion-row fusion-flex-align-items-flex-start fusion-flex-content-wrap\" style=\"width:104% !important;max-width:104% !important;margin-left: calc(-4% \/ 2 );margin-right: calc(-4% \/ 2 );\"><div class=\"fusion-layout-column fusion_builder_column_inner fusion-builder-nested-column-5 fusion_builder_column_inner_1_1 1_1 fusion-flex-column\" style=\"--awb-padding-right:30px;--awb-padding-bottom:0px;--awb-padding-left:30px;--awb-padding-top-medium:24px;--awb-padding-right-medium:24px;--awb-padding-bottom-medium:24px;--awb-padding-left-medium:24px;--awb-padding-top-small:20px;--awb-padding-bottom-small:20px;--awb-overflow:hidden;--awb-bg-color:var(--awb-color1);--awb-bg-color-hover:var(--awb-color1);--awb-bg-size:cover;--awb-border-radius:0px 0px 5px 5px;--awb-width-large:100%;--awb-margin-top-large:0px;--awb-spacing-right-large:1.92%;--awb-margin-bottom-large:0px;--awb-spacing-left-large:1.92%;--awb-width-medium:100%;--awb-order-medium:0;--awb-spacing-right-medium:1.92%;--awb-spacing-left-medium:1.92%;--awb-width-small:100%;--awb-order-small:0;--awb-spacing-right-small:1.92%;--awb-spacing-left-small:1.92%;\" data-scroll-devices=\"small-visibility,medium-visibility,large-visibility\"><div class=\"fusion-column-wrapper fusion-column-has-shadow fusion-flex-justify-content-space-between fusion-content-layout-row\"><div class=\"fusion-title title fusion-title-11 fusion-sep-none fusion-title-text fusion-title-size-div\" style=\"--awb-text-color:var(--awb-color4);--awb-margin-top:0px;--awb-font-size:12px;\"><div class=\"fusion-title-heading title-heading-left title-heading-tag\" style=\"font-family:&quot;SSP-Semibold-600&quot;;font-style:normal;font-weight:400;margin:0;text-transform:uppercase;font-size:1em;line-height:1;\">Architektur<\/div><\/div><div class=\"fusion-text fusion-text-12\" style=\"--awb-margin-top:-3px;\">\n<\/div><div class=\"fusion-text fusion-text-13\">\n<\/div><\/div><\/div><\/div><div class=\"fusion-title title fusion-title-12 fusion-sep-none fusion-title-center fusion-title-text fusion-title-size-three postcard_smjestaj_naziv\" style=\"--awb-text-color:var(--awb-custom_color_7);--awb-margin-top:0px;--awb-margin-right:30px;--awb-margin-bottom:0px;--awb-margin-left:30px;--awb-margin-top-small:4px;--awb-margin-bottom-small:16px;--awb-font-size:22px;\"><h3 class=\"fusion-title-heading title-heading-center\" style=\"margin:0;font-size:1em;line-height:1.1em;\">H\u00e4user Schittar und Milcenich-Cerniak<\/h3><\/div><div style=\"text-align:center;\"><a class=\"fusion-button button-flat fusion-button-default-size button-custom fusion-button-default button-6 fusion-button-default-span fusion-button-default-type botun_plaze\" style=\"--button_accent_color:var(--awb-color1);--button_accent_hover_color:var(--awb-color1);--button_border_hover_color:var(--awb-color1);--button_gradient_top_color:var(--awb-custom_color_7);--button_gradient_bottom_color:var(--awb-custom_color_7);--button_gradient_top_color_hover:var(--awb-color4);--button_gradient_bottom_color_hover:var(--awb-color4);--button_text_transform:uppercase;--button_font_size:16px;--button_typography-font-family:&quot;SSP-Semibold-600&quot;;--button_typography-font-style:normal;--button_typography-font-weight:400;--button_margin-top:12px;--button_margin-bottom:20px;\" target=\"_self\" href=\"https:\/\/visitrijeka.hr\/de\/haeuser-schittar-und-milcenich-cerniak\/\"><span class=\"fusion-button-text awb-button__text awb-button__text--default\">Entdecke<\/span><i class=\"fa-long-arrow-alt-right fas awb-button__icon awb-button__icon--default button-icon-right\" aria-hidden=\"true\"><\/i><\/a><\/div><\/div><\/li>\n<li class=\"fusion-layout-column fusion_builder_column fusion-builder-column-10 fusion-flex-column postcard-grad-rijeka post-card fusion-grid-column fusion-post-cards-grid-column sakrale-objekte stadt id-20895\" style=\"--awb-padding-bottom:20px;--awb-overflow:hidden;--awb-bg-color:var(--awb-color1);--awb-bg-color-hover:var(--awb-color1);--awb-bg-size:cover;--awb-box-shadow:0px 32px 52px -24px hsla(var(--awb-color8-h),var(--awb-color8-s),var(--awb-color8-l),calc(var(--awb-color8-a) - 92%));;--awb-border-radius:16px 16px 16px 16px;--awb-flex-grow:0;--awb-flex-shrink:0;--awb-flex-grow-medium:0;--awb-flex-shrink-medium:0;--awb-flex-grow-small:0;--awb-flex-shrink-small:0;\"><div class=\"fusion-column-wrapper fusion-column-has-shadow fusion-flex-justify-content-flex-start fusion-content-layout-column\"><div class=\"fusion-featured-slider-tb fusion-featured-slider-tb-7\" style=\"margin-bottom:25px;\"><div class=\"fusion-slider-sc fusion-has-margin\"><div class=\"fusion-flexslider-loading flexslider flexslider-hover-type-none fusion-slider-sc-cover\" data-slideshow_autoplay=\"0\" data-slideshow_smooth_height=\"1\" data-slideshow_speed=\"7000\" style=\"max-width:600px;height:300px;\"><ul class=\"slides\"><li class=\"image\"><span class=\"lazyload fusion-image-hover-element hover-type-none\"><img decoding=\"async\" src=\"data:image\/svg+xml,%3Csvg%20xmlns%3D%27http%3A%2F%2Fwww.w3.org%2F2000%2Fsvg%27%20width%3D%271920%27%20height%3D%271181%27%20viewBox%3D%270%200%201920%201181%27%3E%3Crect%20width%3D%271920%27%20height%3D%271181%27%20fill-opacity%3D%220%22%2F%3E%3C%2Fsvg%3E\" data-orig-src=\"https:\/\/visitrijeka.hr\/wp-content\/uploads\/2023\/03\/sv-fabijanacropana2.jpg\" width=\"1920\" height=\"1181\" class=\"lazyload wp-image-0\" \/><\/span><\/li><\/ul><\/div><\/div><\/div><div class=\"fusion-builder-row fusion-builder-row-inner fusion-row fusion-flex-align-items-flex-start fusion-flex-content-wrap\" style=\"width:104% !important;max-width:104% !important;margin-left: calc(-4% \/ 2 );margin-right: calc(-4% \/ 2 );\"><div class=\"fusion-layout-column fusion_builder_column_inner fusion-builder-nested-column-6 fusion_builder_column_inner_1_1 1_1 fusion-flex-column\" style=\"--awb-padding-right:30px;--awb-padding-bottom:0px;--awb-padding-left:30px;--awb-padding-top-medium:24px;--awb-padding-right-medium:24px;--awb-padding-bottom-medium:24px;--awb-padding-left-medium:24px;--awb-padding-top-small:20px;--awb-padding-bottom-small:20px;--awb-overflow:hidden;--awb-bg-color:var(--awb-color1);--awb-bg-color-hover:var(--awb-color1);--awb-bg-size:cover;--awb-border-radius:0px 0px 5px 5px;--awb-width-large:100%;--awb-margin-top-large:0px;--awb-spacing-right-large:1.92%;--awb-margin-bottom-large:0px;--awb-spacing-left-large:1.92%;--awb-width-medium:100%;--awb-order-medium:0;--awb-spacing-right-medium:1.92%;--awb-spacing-left-medium:1.92%;--awb-width-small:100%;--awb-order-small:0;--awb-spacing-right-small:1.92%;--awb-spacing-left-small:1.92%;\" data-scroll-devices=\"small-visibility,medium-visibility,large-visibility\"><div class=\"fusion-column-wrapper fusion-column-has-shadow fusion-flex-justify-content-space-between fusion-content-layout-row\"><div class=\"fusion-title title fusion-title-13 fusion-sep-none fusion-title-text fusion-title-size-div\" style=\"--awb-text-color:var(--awb-color4);--awb-margin-top:0px;--awb-font-size:12px;\"><div class=\"fusion-title-heading title-heading-left title-heading-tag\" style=\"font-family:&quot;SSP-Semibold-600&quot;;font-style:normal;font-weight:400;margin:0;text-transform:uppercase;font-size:1em;line-height:1;\">Sakrale Objekte<\/div><\/div><div class=\"fusion-text fusion-text-14\" style=\"--awb-margin-top:-3px;\">\n<\/div><div class=\"fusion-text fusion-text-15\">\n<\/div><\/div><\/div><\/div><div class=\"fusion-title title fusion-title-14 fusion-sep-none fusion-title-center fusion-title-text fusion-title-size-three postcard_smjestaj_naziv\" style=\"--awb-text-color:var(--awb-custom_color_7);--awb-margin-top:0px;--awb-margin-right:30px;--awb-margin-bottom:0px;--awb-margin-left:30px;--awb-margin-top-small:4px;--awb-margin-bottom-small:16px;--awb-font-size:22px;\"><h3 class=\"fusion-title-heading title-heading-center\" style=\"margin:0;font-size:1em;line-height:1.1em;\">Kirche der Heiligen Fabian und Sebastian<\/h3><\/div><div style=\"text-align:center;\"><a class=\"fusion-button button-flat fusion-button-default-size button-custom fusion-button-default button-7 fusion-button-default-span fusion-button-default-type botun_plaze\" style=\"--button_accent_color:var(--awb-color1);--button_accent_hover_color:var(--awb-color1);--button_border_hover_color:var(--awb-color1);--button_gradient_top_color:var(--awb-custom_color_7);--button_gradient_bottom_color:var(--awb-custom_color_7);--button_gradient_top_color_hover:var(--awb-color4);--button_gradient_bottom_color_hover:var(--awb-color4);--button_text_transform:uppercase;--button_font_size:16px;--button_typography-font-family:&quot;SSP-Semibold-600&quot;;--button_typography-font-style:normal;--button_typography-font-weight:400;--button_margin-top:12px;--button_margin-bottom:20px;\" target=\"_self\" href=\"https:\/\/visitrijeka.hr\/de\/kirche-der-heiligen-fabian-und-sebastian\/\"><span class=\"fusion-button-text awb-button__text awb-button__text--default\">Entdecke<\/span><i class=\"fa-long-arrow-alt-right fas awb-button__icon awb-button__icon--default button-icon-right\" aria-hidden=\"true\"><\/i><\/a><\/div><\/div><\/li>\n<li class=\"fusion-layout-column fusion_builder_column fusion-builder-column-11 fusion-flex-column postcard-grad-rijeka post-card fusion-grid-column fusion-post-cards-grid-column sakrale-objekte stadt id-21056\" style=\"--awb-padding-bottom:20px;--awb-overflow:hidden;--awb-bg-color:var(--awb-color1);--awb-bg-color-hover:var(--awb-color1);--awb-bg-size:cover;--awb-box-shadow:0px 32px 52px -24px hsla(var(--awb-color8-h),var(--awb-color8-s),var(--awb-color8-l),calc(var(--awb-color8-a) - 92%));;--awb-border-radius:16px 16px 16px 16px;--awb-flex-grow:0;--awb-flex-shrink:0;--awb-flex-grow-medium:0;--awb-flex-shrink-medium:0;--awb-flex-grow-small:0;--awb-flex-shrink-small:0;\"><div class=\"fusion-column-wrapper fusion-column-has-shadow fusion-flex-justify-content-flex-start fusion-content-layout-column\"><div class=\"fusion-featured-slider-tb fusion-featured-slider-tb-8\" style=\"margin-bottom:25px;\"><div class=\"fusion-slider-sc fusion-has-margin\"><div class=\"fusion-flexslider-loading flexslider flexslider-hover-type-none fusion-slider-sc-cover\" data-slideshow_autoplay=\"0\" data-slideshow_smooth_height=\"1\" data-slideshow_speed=\"7000\" style=\"max-width:600px;height:300px;\"><ul class=\"slides\"><li class=\"image\"><span class=\"lazyload fusion-image-hover-element hover-type-none\"><img decoding=\"async\" src=\"data:image\/svg+xml,%3Csvg%20xmlns%3D%27http%3A%2F%2Fwww.w3.org%2F2000%2Fsvg%27%20width%3D%271920%27%20height%3D%271800%27%20viewBox%3D%270%200%201920%201800%27%3E%3Crect%20width%3D%271920%27%20height%3D%271800%27%20fill-opacity%3D%220%22%2F%3E%3C%2Fsvg%3E\" data-orig-src=\"https:\/\/visitrijeka.hr\/wp-content\/uploads\/2023\/03\/islamski.jpg\" width=\"1920\" height=\"1800\" class=\"lazyload wp-image-0\" \/><\/span><\/li><\/ul><\/div><\/div><\/div><div class=\"fusion-builder-row fusion-builder-row-inner fusion-row fusion-flex-align-items-flex-start fusion-flex-content-wrap\" style=\"width:104% !important;max-width:104% !important;margin-left: calc(-4% \/ 2 );margin-right: calc(-4% \/ 2 );\"><div class=\"fusion-layout-column fusion_builder_column_inner fusion-builder-nested-column-7 fusion_builder_column_inner_1_1 1_1 fusion-flex-column\" style=\"--awb-padding-right:30px;--awb-padding-bottom:0px;--awb-padding-left:30px;--awb-padding-top-medium:24px;--awb-padding-right-medium:24px;--awb-padding-bottom-medium:24px;--awb-padding-left-medium:24px;--awb-padding-top-small:20px;--awb-padding-bottom-small:20px;--awb-overflow:hidden;--awb-bg-color:var(--awb-color1);--awb-bg-color-hover:var(--awb-color1);--awb-bg-size:cover;--awb-border-radius:0px 0px 5px 5px;--awb-width-large:100%;--awb-margin-top-large:0px;--awb-spacing-right-large:1.92%;--awb-margin-bottom-large:0px;--awb-spacing-left-large:1.92%;--awb-width-medium:100%;--awb-order-medium:0;--awb-spacing-right-medium:1.92%;--awb-spacing-left-medium:1.92%;--awb-width-small:100%;--awb-order-small:0;--awb-spacing-right-small:1.92%;--awb-spacing-left-small:1.92%;\" data-scroll-devices=\"small-visibility,medium-visibility,large-visibility\"><div class=\"fusion-column-wrapper fusion-column-has-shadow fusion-flex-justify-content-space-between fusion-content-layout-row\"><div class=\"fusion-title title fusion-title-15 fusion-sep-none fusion-title-text fusion-title-size-div\" style=\"--awb-text-color:var(--awb-color4);--awb-margin-top:0px;--awb-font-size:12px;\"><div class=\"fusion-title-heading title-heading-left title-heading-tag\" style=\"font-family:&quot;SSP-Semibold-600&quot;;font-style:normal;font-weight:400;margin:0;text-transform:uppercase;font-size:1em;line-height:1;\">Sakrale Objekte<\/div><\/div><div class=\"fusion-text fusion-text-16\" style=\"--awb-margin-top:-3px;\">\n<\/div><div class=\"fusion-text fusion-text-17\">\n<\/div><\/div><\/div><\/div><div class=\"fusion-title title fusion-title-16 fusion-sep-none fusion-title-center fusion-title-text fusion-title-size-three postcard_smjestaj_naziv\" style=\"--awb-text-color:var(--awb-custom_color_7);--awb-margin-top:0px;--awb-margin-right:30px;--awb-margin-bottom:0px;--awb-margin-left:30px;--awb-margin-top-small:4px;--awb-margin-bottom-small:16px;--awb-font-size:22px;\"><h3 class=\"fusion-title-heading title-heading-center\" style=\"margin:0;font-size:1em;line-height:1.1em;\">Islamisches Zentrum Rijeka und die Moschee<\/h3><\/div><div style=\"text-align:center;\"><a class=\"fusion-button button-flat fusion-button-default-size button-custom fusion-button-default button-8 fusion-button-default-span fusion-button-default-type botun_plaze\" style=\"--button_accent_color:var(--awb-color1);--button_accent_hover_color:var(--awb-color1);--button_border_hover_color:var(--awb-color1);--button_gradient_top_color:var(--awb-custom_color_7);--button_gradient_bottom_color:var(--awb-custom_color_7);--button_gradient_top_color_hover:var(--awb-color4);--button_gradient_bottom_color_hover:var(--awb-color4);--button_text_transform:uppercase;--button_font_size:16px;--button_typography-font-family:&quot;SSP-Semibold-600&quot;;--button_typography-font-style:normal;--button_typography-font-weight:400;--button_margin-top:12px;--button_margin-bottom:20px;\" target=\"_self\" href=\"https:\/\/visitrijeka.hr\/de\/islamisches-zentrum-rijeka-und-die-moschee\/\"><span class=\"fusion-button-text awb-button__text awb-button__text--default\">Entdecke<\/span><i class=\"fa-long-arrow-alt-right fas awb-button__icon awb-button__icon--default button-icon-right\" aria-hidden=\"true\"><\/i><\/a><\/div><\/div><\/li>\n<li class=\"fusion-layout-column fusion_builder_column fusion-builder-column-12 fusion-flex-column postcard-grad-rijeka post-card fusion-grid-column fusion-post-cards-grid-column sehenswurdigkeiten stadt id-34945\" style=\"--awb-padding-bottom:20px;--awb-overflow:hidden;--awb-bg-color:var(--awb-color1);--awb-bg-color-hover:var(--awb-color1);--awb-bg-size:cover;--awb-box-shadow:0px 32px 52px -24px hsla(var(--awb-color8-h),var(--awb-color8-s),var(--awb-color8-l),calc(var(--awb-color8-a) - 92%));;--awb-border-radius:16px 16px 16px 16px;--awb-flex-grow:0;--awb-flex-shrink:0;--awb-flex-grow-medium:0;--awb-flex-shrink-medium:0;--awb-flex-grow-small:0;--awb-flex-shrink-small:0;\"><div class=\"fusion-column-wrapper fusion-column-has-shadow fusion-flex-justify-content-flex-start fusion-content-layout-column\"><div class=\"fusion-featured-slider-tb fusion-featured-slider-tb-9\" style=\"margin-bottom:25px;\"><div class=\"fusion-slider-sc fusion-has-margin\"><div class=\"fusion-flexslider-loading flexslider flexslider-hover-type-none fusion-slider-sc-cover\" data-slideshow_autoplay=\"0\" data-slideshow_smooth_height=\"1\" data-slideshow_speed=\"7000\" style=\"max-width:600px;height:300px;\"><ul class=\"slides\"><li class=\"image\"><span class=\"lazyload fusion-image-hover-element hover-type-none\"><img decoding=\"async\" src=\"data:image\/svg+xml,%3Csvg%20xmlns%3D%27http%3A%2F%2Fwww.w3.org%2F2000%2Fsvg%27%20width%3D%271920%27%20height%3D%271280%27%20viewBox%3D%270%200%201920%201280%27%3E%3Crect%20width%3D%271920%27%20height%3D%271280%27%20fill-opacity%3D%220%22%2F%3E%3C%2Fsvg%3E\" data-orig-src=\"https:\/\/visitrijeka.hr\/wp-content\/uploads\/2023\/03\/Rijecki-tunel-glavna.jpg\" width=\"1920\" height=\"1280\" class=\"lazyload wp-image-0\" \/><\/span><\/li><\/ul><\/div><\/div><\/div><div class=\"fusion-builder-row fusion-builder-row-inner fusion-row fusion-flex-align-items-flex-start fusion-flex-content-wrap\" style=\"width:104% !important;max-width:104% !important;margin-left: calc(-4% \/ 2 );margin-right: calc(-4% \/ 2 );\"><div class=\"fusion-layout-column fusion_builder_column_inner fusion-builder-nested-column-8 fusion_builder_column_inner_1_1 1_1 fusion-flex-column\" style=\"--awb-padding-right:30px;--awb-padding-bottom:0px;--awb-padding-left:30px;--awb-padding-top-medium:24px;--awb-padding-right-medium:24px;--awb-padding-bottom-medium:24px;--awb-padding-left-medium:24px;--awb-padding-top-small:20px;--awb-padding-bottom-small:20px;--awb-overflow:hidden;--awb-bg-color:var(--awb-color1);--awb-bg-color-hover:var(--awb-color1);--awb-bg-size:cover;--awb-border-radius:0px 0px 5px 5px;--awb-width-large:100%;--awb-margin-top-large:0px;--awb-spacing-right-large:1.92%;--awb-margin-bottom-large:0px;--awb-spacing-left-large:1.92%;--awb-width-medium:100%;--awb-order-medium:0;--awb-spacing-right-medium:1.92%;--awb-spacing-left-medium:1.92%;--awb-width-small:100%;--awb-order-small:0;--awb-spacing-right-small:1.92%;--awb-spacing-left-small:1.92%;\" data-scroll-devices=\"small-visibility,medium-visibility,large-visibility\"><div class=\"fusion-column-wrapper fusion-column-has-shadow fusion-flex-justify-content-space-between fusion-content-layout-row\"><div class=\"fusion-title title fusion-title-17 fusion-sep-none fusion-title-text fusion-title-size-div\" style=\"--awb-text-color:var(--awb-color4);--awb-margin-top:0px;--awb-font-size:12px;\"><div class=\"fusion-title-heading title-heading-left title-heading-tag\" style=\"font-family:&quot;SSP-Semibold-600&quot;;font-style:normal;font-weight:400;margin:0;text-transform:uppercase;font-size:1em;line-height:1;\">Sehensw\u00fcrdigkeiten<\/div><\/div><div class=\"fusion-text fusion-text-18\" style=\"--awb-margin-top:-3px;\">\n<\/div><div class=\"fusion-text fusion-text-19\">\n<\/div><\/div><\/div><\/div><div class=\"fusion-title title fusion-title-18 fusion-sep-none fusion-title-center fusion-title-text fusion-title-size-three postcard_smjestaj_naziv\" style=\"--awb-text-color:var(--awb-custom_color_7);--awb-margin-top:0px;--awb-margin-right:30px;--awb-margin-bottom:0px;--awb-margin-left:30px;--awb-margin-top-small:4px;--awb-margin-bottom-small:16px;--awb-font-size:22px;\"><h3 class=\"fusion-title-heading title-heading-center\" style=\"margin:0;font-size:1em;line-height:1.1em;\">Die Kriegsgeschichte von Rijeka f\u00fchrt die Touristen &#8211; unter die Stadt<\/h3><\/div><div style=\"text-align:center;\"><a class=\"fusion-button button-flat fusion-button-default-size button-custom fusion-button-default button-9 fusion-button-default-span fusion-button-default-type botun_plaze\" style=\"--button_accent_color:var(--awb-color1);--button_accent_hover_color:var(--awb-color1);--button_border_hover_color:var(--awb-color1);--button_gradient_top_color:var(--awb-custom_color_7);--button_gradient_bottom_color:var(--awb-custom_color_7);--button_gradient_top_color_hover:var(--awb-color4);--button_gradient_bottom_color_hover:var(--awb-color4);--button_text_transform:uppercase;--button_font_size:16px;--button_typography-font-family:&quot;SSP-Semibold-600&quot;;--button_typography-font-style:normal;--button_typography-font-weight:400;--button_margin-top:12px;--button_margin-bottom:20px;\" target=\"_self\" href=\"https:\/\/visitrijeka.hr\/de\/die-kriegsgeschichte-von-rijeka-fuehrt-die-touristen-unter-die-stadt\/\"><span class=\"fusion-button-text awb-button__text awb-button__text--default\">Entdecke<\/span><i class=\"fa-long-arrow-alt-right fas awb-button__icon awb-button__icon--default button-icon-right\" aria-hidden=\"true\"><\/i><\/a><\/div><\/div><\/li>\n<li class=\"fusion-layout-column fusion_builder_column fusion-builder-column-13 fusion-flex-column postcard-grad-rijeka post-card fusion-grid-column fusion-post-cards-grid-column parks stadt id-20523\" style=\"--awb-padding-bottom:20px;--awb-overflow:hidden;--awb-bg-color:var(--awb-color1);--awb-bg-color-hover:var(--awb-color1);--awb-bg-size:cover;--awb-box-shadow:0px 32px 52px -24px hsla(var(--awb-color8-h),var(--awb-color8-s),var(--awb-color8-l),calc(var(--awb-color8-a) - 92%));;--awb-border-radius:16px 16px 16px 16px;--awb-flex-grow:0;--awb-flex-shrink:0;--awb-flex-grow-medium:0;--awb-flex-shrink-medium:0;--awb-flex-grow-small:0;--awb-flex-shrink-small:0;\"><div class=\"fusion-column-wrapper fusion-column-has-shadow fusion-flex-justify-content-flex-start fusion-content-layout-column\"><div class=\"fusion-featured-slider-tb fusion-featured-slider-tb-10\" style=\"margin-bottom:25px;\"><div class=\"fusion-slider-sc fusion-has-margin\"><div class=\"fusion-flexslider-loading flexslider flexslider-hover-type-none fusion-slider-sc-cover\" data-slideshow_autoplay=\"0\" data-slideshow_smooth_height=\"1\" data-slideshow_speed=\"7000\" style=\"max-width:600px;height:300px;\"><ul class=\"slides\"><li class=\"image\"><span class=\"lazyload fusion-image-hover-element hover-type-none\"><img decoding=\"async\" src=\"data:image\/svg+xml,%3Csvg%20xmlns%3D%27http%3A%2F%2Fwww.w3.org%2F2000%2Fsvg%27%20width%3D%271080%27%20height%3D%27810%27%20viewBox%3D%270%200%201080%20810%27%3E%3Crect%20width%3D%271080%27%20height%3D%27810%27%20fill-opacity%3D%220%22%2F%3E%3C%2Fsvg%3E\" data-orig-src=\"https:\/\/visitrijeka.hr\/wp-content\/uploads\/2023\/03\/vinka.jpeg\" width=\"1080\" height=\"810\" class=\"lazyload wp-image-0\" \/><\/span><\/li><\/ul><\/div><\/div><\/div><div class=\"fusion-builder-row fusion-builder-row-inner fusion-row fusion-flex-align-items-flex-start fusion-flex-content-wrap\" style=\"width:104% !important;max-width:104% !important;margin-left: calc(-4% \/ 2 );margin-right: calc(-4% \/ 2 );\"><div class=\"fusion-layout-column fusion_builder_column_inner fusion-builder-nested-column-9 fusion_builder_column_inner_1_1 1_1 fusion-flex-column\" style=\"--awb-padding-right:30px;--awb-padding-bottom:0px;--awb-padding-left:30px;--awb-padding-top-medium:24px;--awb-padding-right-medium:24px;--awb-padding-bottom-medium:24px;--awb-padding-left-medium:24px;--awb-padding-top-small:20px;--awb-padding-bottom-small:20px;--awb-overflow:hidden;--awb-bg-color:var(--awb-color1);--awb-bg-color-hover:var(--awb-color1);--awb-bg-size:cover;--awb-border-radius:0px 0px 5px 5px;--awb-width-large:100%;--awb-margin-top-large:0px;--awb-spacing-right-large:1.92%;--awb-margin-bottom-large:0px;--awb-spacing-left-large:1.92%;--awb-width-medium:100%;--awb-order-medium:0;--awb-spacing-right-medium:1.92%;--awb-spacing-left-medium:1.92%;--awb-width-small:100%;--awb-order-small:0;--awb-spacing-right-small:1.92%;--awb-spacing-left-small:1.92%;\" data-scroll-devices=\"small-visibility,medium-visibility,large-visibility\"><div class=\"fusion-column-wrapper fusion-column-has-shadow fusion-flex-justify-content-space-between fusion-content-layout-row\"><div class=\"fusion-title title fusion-title-19 fusion-sep-none fusion-title-text fusion-title-size-div\" style=\"--awb-text-color:var(--awb-color4);--awb-margin-top:0px;--awb-font-size:12px;\"><div class=\"fusion-title-heading title-heading-left title-heading-tag\" style=\"font-family:&quot;SSP-Semibold-600&quot;;font-style:normal;font-weight:400;margin:0;text-transform:uppercase;font-size:1em;line-height:1;\">Parks<\/div><\/div><div class=\"fusion-text fusion-text-20\" style=\"--awb-margin-top:-3px;\">\n<\/div><div class=\"fusion-text fusion-text-21\">\n<\/div><\/div><\/div><\/div><div class=\"fusion-title title fusion-title-20 fusion-sep-none fusion-title-center fusion-title-text fusion-title-size-three postcard_smjestaj_naziv\" style=\"--awb-text-color:var(--awb-custom_color_7);--awb-margin-top:0px;--awb-margin-right:30px;--awb-margin-bottom:0px;--awb-margin-left:30px;--awb-margin-top-small:4px;--awb-margin-bottom-small:16px;--awb-font-size:22px;\"><h3 class=\"fusion-title-heading title-heading-center\" style=\"margin:0;font-size:1em;line-height:1.1em;\">Park des Vinko Fran\u010di\u0161kovi\u0107<\/h3><\/div><div style=\"text-align:center;\"><a class=\"fusion-button button-flat fusion-button-default-size button-custom fusion-button-default button-10 fusion-button-default-span fusion-button-default-type botun_plaze\" style=\"--button_accent_color:var(--awb-color1);--button_accent_hover_color:var(--awb-color1);--button_border_hover_color:var(--awb-color1);--button_gradient_top_color:var(--awb-custom_color_7);--button_gradient_bottom_color:var(--awb-custom_color_7);--button_gradient_top_color_hover:var(--awb-color4);--button_gradient_bottom_color_hover:var(--awb-color4);--button_text_transform:uppercase;--button_font_size:16px;--button_typography-font-family:&quot;SSP-Semibold-600&quot;;--button_typography-font-style:normal;--button_typography-font-weight:400;--button_margin-top:12px;--button_margin-bottom:20px;\" target=\"_self\" href=\"https:\/\/visitrijeka.hr\/de\/park-des-vinko-franciskovic\/\"><span class=\"fusion-button-text awb-button__text awb-button__text--default\">Entdecke<\/span><i class=\"fa-long-arrow-alt-right fas awb-button__icon awb-button__icon--default button-icon-right\" aria-hidden=\"true\"><\/i><\/a><\/div><\/div><\/li>\n<li class=\"fusion-layout-column fusion_builder_column fusion-builder-column-14 fusion-flex-column postcard-grad-rijeka post-card fusion-grid-column fusion-post-cards-grid-column architektur id-21176\" style=\"--awb-padding-bottom:20px;--awb-overflow:hidden;--awb-bg-color:var(--awb-color1);--awb-bg-color-hover:var(--awb-color1);--awb-bg-size:cover;--awb-box-shadow:0px 32px 52px -24px hsla(var(--awb-color8-h),var(--awb-color8-s),var(--awb-color8-l),calc(var(--awb-color8-a) - 92%));;--awb-border-radius:16px 16px 16px 16px;--awb-flex-grow:0;--awb-flex-shrink:0;--awb-flex-grow-medium:0;--awb-flex-shrink-medium:0;--awb-flex-grow-small:0;--awb-flex-shrink-small:0;\"><div class=\"fusion-column-wrapper fusion-column-has-shadow fusion-flex-justify-content-flex-start fusion-content-layout-column\"><div class=\"fusion-featured-slider-tb fusion-featured-slider-tb-11\" style=\"margin-bottom:25px;\"><div class=\"fusion-slider-sc fusion-has-margin\"><div class=\"fusion-flexslider-loading flexslider flexslider-hover-type-none fusion-slider-sc-cover\" data-slideshow_autoplay=\"0\" data-slideshow_smooth_height=\"1\" data-slideshow_speed=\"7000\" style=\"max-width:600px;height:300px;\"><ul class=\"slides\"><li class=\"image\"><span class=\"lazyload fusion-image-hover-element hover-type-none\"><img decoding=\"async\" src=\"data:image\/svg+xml,%3Csvg%20xmlns%3D%27http%3A%2F%2Fwww.w3.org%2F2000%2Fsvg%27%20width%3D%271920%27%20height%3D%271475%27%20viewBox%3D%270%200%201920%201475%27%3E%3Crect%20width%3D%271920%27%20height%3D%271475%27%20fill-opacity%3D%220%22%2F%3E%3C%2Fsvg%3E\" data-orig-src=\"https:\/\/visitrijeka.hr\/wp-content\/uploads\/2023\/03\/Susacki-neboder-1.jpg\" width=\"1920\" height=\"1475\" class=\"lazyload wp-image-0\" \/><\/span><\/li><\/ul><\/div><\/div><\/div><div class=\"fusion-builder-row fusion-builder-row-inner fusion-row fusion-flex-align-items-flex-start fusion-flex-content-wrap\" style=\"width:104% !important;max-width:104% !important;margin-left: calc(-4% \/ 2 );margin-right: calc(-4% \/ 2 );\"><div class=\"fusion-layout-column fusion_builder_column_inner fusion-builder-nested-column-10 fusion_builder_column_inner_1_1 1_1 fusion-flex-column\" style=\"--awb-padding-right:30px;--awb-padding-bottom:0px;--awb-padding-left:30px;--awb-padding-top-medium:24px;--awb-padding-right-medium:24px;--awb-padding-bottom-medium:24px;--awb-padding-left-medium:24px;--awb-padding-top-small:20px;--awb-padding-bottom-small:20px;--awb-overflow:hidden;--awb-bg-color:var(--awb-color1);--awb-bg-color-hover:var(--awb-color1);--awb-bg-size:cover;--awb-border-radius:0px 0px 5px 5px;--awb-width-large:100%;--awb-margin-top-large:0px;--awb-spacing-right-large:1.92%;--awb-margin-bottom-large:0px;--awb-spacing-left-large:1.92%;--awb-width-medium:100%;--awb-order-medium:0;--awb-spacing-right-medium:1.92%;--awb-spacing-left-medium:1.92%;--awb-width-small:100%;--awb-order-small:0;--awb-spacing-right-small:1.92%;--awb-spacing-left-small:1.92%;\" data-scroll-devices=\"small-visibility,medium-visibility,large-visibility\"><div class=\"fusion-column-wrapper fusion-column-has-shadow fusion-flex-justify-content-space-between fusion-content-layout-row\"><div class=\"fusion-title title fusion-title-21 fusion-sep-none fusion-title-text fusion-title-size-div\" style=\"--awb-text-color:var(--awb-color4);--awb-margin-top:0px;--awb-font-size:12px;\"><div class=\"fusion-title-heading title-heading-left title-heading-tag\" style=\"font-family:&quot;SSP-Semibold-600&quot;;font-style:normal;font-weight:400;margin:0;text-transform:uppercase;font-size:1em;line-height:1;\">Architektur<\/div><\/div><div class=\"fusion-text fusion-text-22\" style=\"--awb-margin-top:-3px;\">\n<\/div><div class=\"fusion-text fusion-text-23\">\n<\/div><\/div><\/div><\/div><div class=\"fusion-title title fusion-title-22 fusion-sep-none fusion-title-center fusion-title-text fusion-title-size-three postcard_smjestaj_naziv\" style=\"--awb-text-color:var(--awb-custom_color_7);--awb-margin-top:0px;--awb-margin-right:30px;--awb-margin-bottom:0px;--awb-margin-left:30px;--awb-margin-top-small:4px;--awb-margin-bottom-small:16px;--awb-font-size:22px;\"><h3 class=\"fusion-title-heading title-heading-center\" style=\"margin:0;font-size:1em;line-height:1.1em;\">Wolkenkratzer von Su\u0161ak<\/h3><\/div><div style=\"text-align:center;\"><a class=\"fusion-button button-flat fusion-button-default-size button-custom fusion-button-default button-11 fusion-button-default-span fusion-button-default-type botun_plaze\" style=\"--button_accent_color:var(--awb-color1);--button_accent_hover_color:var(--awb-color1);--button_border_hover_color:var(--awb-color1);--button_gradient_top_color:var(--awb-custom_color_7);--button_gradient_bottom_color:var(--awb-custom_color_7);--button_gradient_top_color_hover:var(--awb-color4);--button_gradient_bottom_color_hover:var(--awb-color4);--button_text_transform:uppercase;--button_font_size:16px;--button_typography-font-family:&quot;SSP-Semibold-600&quot;;--button_typography-font-style:normal;--button_typography-font-weight:400;--button_margin-top:12px;--button_margin-bottom:20px;\" target=\"_self\" href=\"https:\/\/visitrijeka.hr\/de\/wolkenkratzer-von-susak\/\"><span class=\"fusion-button-text awb-button__text awb-button__text--default\">Entdecke<\/span><i class=\"fa-long-arrow-alt-right fas awb-button__icon awb-button__icon--default button-icon-right\" aria-hidden=\"true\"><\/i><\/a><\/div><\/div><\/li>\n<li class=\"fusion-layout-column fusion_builder_column fusion-builder-column-15 fusion-flex-column postcard-grad-rijeka post-card fusion-grid-column fusion-post-cards-grid-column parks stadt id-20487\" style=\"--awb-padding-bottom:20px;--awb-overflow:hidden;--awb-bg-color:var(--awb-color1);--awb-bg-color-hover:var(--awb-color1);--awb-bg-size:cover;--awb-box-shadow:0px 32px 52px -24px hsla(var(--awb-color8-h),var(--awb-color8-s),var(--awb-color8-l),calc(var(--awb-color8-a) - 92%));;--awb-border-radius:16px 16px 16px 16px;--awb-flex-grow:0;--awb-flex-shrink:0;--awb-flex-grow-medium:0;--awb-flex-shrink-medium:0;--awb-flex-grow-small:0;--awb-flex-shrink-small:0;\"><div class=\"fusion-column-wrapper fusion-column-has-shadow fusion-flex-justify-content-flex-start fusion-content-layout-column\"><div class=\"fusion-featured-slider-tb fusion-featured-slider-tb-12\" style=\"margin-bottom:25px;\"><div class=\"fusion-slider-sc fusion-has-margin\"><div class=\"fusion-flexslider-loading flexslider flexslider-hover-type-none fusion-slider-sc-cover\" data-slideshow_autoplay=\"0\" data-slideshow_smooth_height=\"1\" data-slideshow_speed=\"7000\" style=\"max-width:600px;height:300px;\"><ul class=\"slides\"><li class=\"image\"><span class=\"lazyload fusion-image-hover-element hover-type-none\"><img decoding=\"async\" src=\"data:image\/svg+xml,%3Csvg%20xmlns%3D%27http%3A%2F%2Fwww.w3.org%2F2000%2Fsvg%27%20width%3D%271920%27%20height%3D%271440%27%20viewBox%3D%270%200%201920%201440%27%3E%3Crect%20width%3D%271920%27%20height%3D%271440%27%20fill-opacity%3D%220%22%2F%3E%3C%2Fsvg%3E\" data-orig-src=\"https:\/\/visitrijeka.hr\/wp-content\/uploads\/2023\/03\/novi-host-min.jpg\" width=\"1920\" height=\"1440\" class=\"lazyload wp-image-0\" \/><\/span><\/li><\/ul><\/div><\/div><\/div><div class=\"fusion-builder-row fusion-builder-row-inner fusion-row fusion-flex-align-items-flex-start fusion-flex-content-wrap\" style=\"width:104% !important;max-width:104% !important;margin-left: calc(-4% \/ 2 );margin-right: calc(-4% \/ 2 );\"><div class=\"fusion-layout-column fusion_builder_column_inner fusion-builder-nested-column-11 fusion_builder_column_inner_1_1 1_1 fusion-flex-column\" style=\"--awb-padding-right:30px;--awb-padding-bottom:0px;--awb-padding-left:30px;--awb-padding-top-medium:24px;--awb-padding-right-medium:24px;--awb-padding-bottom-medium:24px;--awb-padding-left-medium:24px;--awb-padding-top-small:20px;--awb-padding-bottom-small:20px;--awb-overflow:hidden;--awb-bg-color:var(--awb-color1);--awb-bg-color-hover:var(--awb-color1);--awb-bg-size:cover;--awb-border-radius:0px 0px 5px 5px;--awb-width-large:100%;--awb-margin-top-large:0px;--awb-spacing-right-large:1.92%;--awb-margin-bottom-large:0px;--awb-spacing-left-large:1.92%;--awb-width-medium:100%;--awb-order-medium:0;--awb-spacing-right-medium:1.92%;--awb-spacing-left-medium:1.92%;--awb-width-small:100%;--awb-order-small:0;--awb-spacing-right-small:1.92%;--awb-spacing-left-small:1.92%;\" data-scroll-devices=\"small-visibility,medium-visibility,large-visibility\"><div class=\"fusion-column-wrapper fusion-column-has-shadow fusion-flex-justify-content-space-between fusion-content-layout-row\"><div class=\"fusion-title title fusion-title-23 fusion-sep-none fusion-title-text fusion-title-size-div\" style=\"--awb-text-color:var(--awb-color4);--awb-margin-top:0px;--awb-font-size:12px;\"><div class=\"fusion-title-heading title-heading-left title-heading-tag\" style=\"font-family:&quot;SSP-Semibold-600&quot;;font-style:normal;font-weight:400;margin:0;text-transform:uppercase;font-size:1em;line-height:1;\">Parks<\/div><\/div><div class=\"fusion-text fusion-text-24\" style=\"--awb-margin-top:-3px;\">\n<\/div><div class=\"fusion-text fusion-text-25\">\n<\/div><\/div><\/div><\/div><div class=\"fusion-title title fusion-title-24 fusion-sep-none fusion-title-center fusion-title-text fusion-title-size-three postcard_smjestaj_naziv\" style=\"--awb-text-color:var(--awb-custom_color_7);--awb-margin-top:0px;--awb-margin-right:30px;--awb-margin-bottom:0px;--awb-margin-left:30px;--awb-margin-top-small:4px;--awb-margin-bottom-small:16px;--awb-font-size:22px;\"><h3 class=\"fusion-title-heading title-heading-center\" style=\"margin:0;font-size:1em;line-height:1.1em;\">Nikola-Host-Park<\/h3><\/div><div style=\"text-align:center;\"><a class=\"fusion-button button-flat fusion-button-default-size button-custom fusion-button-default button-12 fusion-button-default-span fusion-button-default-type botun_plaze\" style=\"--button_accent_color:var(--awb-color1);--button_accent_hover_color:var(--awb-color1);--button_border_hover_color:var(--awb-color1);--button_gradient_top_color:var(--awb-custom_color_7);--button_gradient_bottom_color:var(--awb-custom_color_7);--button_gradient_top_color_hover:var(--awb-color4);--button_gradient_bottom_color_hover:var(--awb-color4);--button_text_transform:uppercase;--button_font_size:16px;--button_typography-font-family:&quot;SSP-Semibold-600&quot;;--button_typography-font-style:normal;--button_typography-font-weight:400;--button_margin-top:12px;--button_margin-bottom:20px;\" target=\"_self\" href=\"https:\/\/visitrijeka.hr\/de\/nikola-host-park\/\"><span class=\"fusion-button-text awb-button__text awb-button__text--default\">Entdecke<\/span><i class=\"fa-long-arrow-alt-right fas awb-button__icon awb-button__icon--default button-icon-right\" aria-hidden=\"true\"><\/i><\/a><\/div><\/div><\/li>\n<li class=\"fusion-layout-column fusion_builder_column fusion-builder-column-16 fusion-flex-column postcard-grad-rijeka post-card fusion-grid-column fusion-post-cards-grid-column sakrale-objekte stadt id-20946\" style=\"--awb-padding-bottom:20px;--awb-overflow:hidden;--awb-bg-color:var(--awb-color1);--awb-bg-color-hover:var(--awb-color1);--awb-bg-size:cover;--awb-box-shadow:0px 32px 52px -24px hsla(var(--awb-color8-h),var(--awb-color8-s),var(--awb-color8-l),calc(var(--awb-color8-a) - 92%));;--awb-border-radius:16px 16px 16px 16px;--awb-flex-grow:0;--awb-flex-shrink:0;--awb-flex-grow-medium:0;--awb-flex-shrink-medium:0;--awb-flex-grow-small:0;--awb-flex-shrink-small:0;\"><div class=\"fusion-column-wrapper fusion-column-has-shadow fusion-flex-justify-content-flex-start fusion-content-layout-column\"><div class=\"fusion-featured-slider-tb fusion-featured-slider-tb-13\" style=\"margin-bottom:25px;\"><div class=\"fusion-slider-sc fusion-has-margin\"><div class=\"fusion-flexslider-loading flexslider flexslider-hover-type-none fusion-slider-sc-cover\" data-slideshow_autoplay=\"0\" data-slideshow_smooth_height=\"1\" data-slideshow_speed=\"7000\" style=\"max-width:600px;height:300px;\"><ul class=\"slides\"><li class=\"image\"><span class=\"lazyload fusion-image-hover-element hover-type-none\"><img decoding=\"async\" src=\"data:image\/svg+xml,%3Csvg%20xmlns%3D%27http%3A%2F%2Fwww.w3.org%2F2000%2Fsvg%27%20width%3D%271920%27%20height%3D%271398%27%20viewBox%3D%270%200%201920%201398%27%3E%3Crect%20width%3D%271920%27%20height%3D%271398%27%20fill-opacity%3D%220%22%2F%3E%3C%2Fsvg%3E\" data-orig-src=\"https:\/\/visitrijeka.hr\/wp-content\/uploads\/2023\/03\/sv-jurja23.jpg\" width=\"1920\" height=\"1398\" class=\"lazyload wp-image-0\" \/><\/span><\/li><\/ul><\/div><\/div><\/div><div class=\"fusion-builder-row fusion-builder-row-inner fusion-row fusion-flex-align-items-flex-start fusion-flex-content-wrap\" style=\"width:104% !important;max-width:104% !important;margin-left: calc(-4% \/ 2 );margin-right: calc(-4% \/ 2 );\"><div class=\"fusion-layout-column fusion_builder_column_inner fusion-builder-nested-column-12 fusion_builder_column_inner_1_1 1_1 fusion-flex-column\" style=\"--awb-padding-right:30px;--awb-padding-bottom:0px;--awb-padding-left:30px;--awb-padding-top-medium:24px;--awb-padding-right-medium:24px;--awb-padding-bottom-medium:24px;--awb-padding-left-medium:24px;--awb-padding-top-small:20px;--awb-padding-bottom-small:20px;--awb-overflow:hidden;--awb-bg-color:var(--awb-color1);--awb-bg-color-hover:var(--awb-color1);--awb-bg-size:cover;--awb-border-radius:0px 0px 5px 5px;--awb-width-large:100%;--awb-margin-top-large:0px;--awb-spacing-right-large:1.92%;--awb-margin-bottom-large:0px;--awb-spacing-left-large:1.92%;--awb-width-medium:100%;--awb-order-medium:0;--awb-spacing-right-medium:1.92%;--awb-spacing-left-medium:1.92%;--awb-width-small:100%;--awb-order-small:0;--awb-spacing-right-small:1.92%;--awb-spacing-left-small:1.92%;\" data-scroll-devices=\"small-visibility,medium-visibility,large-visibility\"><div class=\"fusion-column-wrapper fusion-column-has-shadow fusion-flex-justify-content-space-between fusion-content-layout-row\"><div class=\"fusion-title title fusion-title-25 fusion-sep-none fusion-title-text fusion-title-size-div\" style=\"--awb-text-color:var(--awb-color4);--awb-margin-top:0px;--awb-font-size:12px;\"><div class=\"fusion-title-heading title-heading-left title-heading-tag\" style=\"font-family:&quot;SSP-Semibold-600&quot;;font-style:normal;font-weight:400;margin:0;text-transform:uppercase;font-size:1em;line-height:1;\">Sakrale Objekte<\/div><\/div><div class=\"fusion-text fusion-text-26\" style=\"--awb-margin-top:-3px;\">\n<\/div><div class=\"fusion-text fusion-text-27\">\n<\/div><\/div><\/div><\/div><div class=\"fusion-title title fusion-title-26 fusion-sep-none fusion-title-center fusion-title-text fusion-title-size-three postcard_smjestaj_naziv\" style=\"--awb-text-color:var(--awb-custom_color_7);--awb-margin-top:0px;--awb-margin-right:30px;--awb-margin-bottom:0px;--awb-margin-left:30px;--awb-margin-top-small:4px;--awb-margin-bottom-small:16px;--awb-font-size:22px;\"><h3 class=\"fusion-title-heading title-heading-center\" style=\"margin:0;font-size:1em;line-height:1.1em;\">Kirche des heiligen M\u00e4rtyrers Georg<\/h3><\/div><div style=\"text-align:center;\"><a class=\"fusion-button button-flat fusion-button-default-size button-custom fusion-button-default button-13 fusion-button-default-span fusion-button-default-type botun_plaze\" style=\"--button_accent_color:var(--awb-color1);--button_accent_hover_color:var(--awb-color1);--button_border_hover_color:var(--awb-color1);--button_gradient_top_color:var(--awb-custom_color_7);--button_gradient_bottom_color:var(--awb-custom_color_7);--button_gradient_top_color_hover:var(--awb-color4);--button_gradient_bottom_color_hover:var(--awb-color4);--button_text_transform:uppercase;--button_font_size:16px;--button_typography-font-family:&quot;SSP-Semibold-600&quot;;--button_typography-font-style:normal;--button_typography-font-weight:400;--button_margin-top:12px;--button_margin-bottom:20px;\" target=\"_self\" href=\"https:\/\/visitrijeka.hr\/de\/kirche-des-heiligen-maertyrers-georg\/\"><span class=\"fusion-button-text awb-button__text awb-button__text--default\">Entdecke<\/span><i class=\"fa-long-arrow-alt-right fas awb-button__icon awb-button__icon--default button-icon-right\" aria-hidden=\"true\"><\/i><\/a><\/div><\/div><\/li>\n<li class=\"fusion-layout-column fusion_builder_column fusion-builder-column-17 fusion-flex-column postcard-grad-rijeka post-card fusion-grid-column fusion-post-cards-grid-column parks stadt id-20549\" style=\"--awb-padding-bottom:20px;--awb-overflow:hidden;--awb-bg-color:var(--awb-color1);--awb-bg-color-hover:var(--awb-color1);--awb-bg-size:cover;--awb-box-shadow:0px 32px 52px -24px hsla(var(--awb-color8-h),var(--awb-color8-s),var(--awb-color8-l),calc(var(--awb-color8-a) - 92%));;--awb-border-radius:16px 16px 16px 16px;--awb-flex-grow:0;--awb-flex-shrink:0;--awb-flex-grow-medium:0;--awb-flex-shrink-medium:0;--awb-flex-grow-small:0;--awb-flex-shrink-small:0;\"><div class=\"fusion-column-wrapper fusion-column-has-shadow fusion-flex-justify-content-flex-start fusion-content-layout-column\"><div class=\"fusion-featured-slider-tb fusion-featured-slider-tb-14\" style=\"margin-bottom:25px;\"><div class=\"fusion-slider-sc fusion-has-margin\"><div class=\"fusion-flexslider-loading flexslider flexslider-hover-type-none fusion-slider-sc-cover\" data-slideshow_autoplay=\"0\" data-slideshow_smooth_height=\"1\" data-slideshow_speed=\"7000\" style=\"max-width:600px;height:300px;\"><ul class=\"slides\"><li class=\"image\"><span class=\"lazyload fusion-image-hover-element hover-type-none\"><img decoding=\"async\" src=\"data:image\/svg+xml,%3Csvg%20xmlns%3D%27http%3A%2F%2Fwww.w3.org%2F2000%2Fsvg%27%20width%3D%271920%27%20height%3D%271440%27%20viewBox%3D%270%200%201920%201440%27%3E%3Crect%20width%3D%271920%27%20height%3D%271440%27%20fill-opacity%3D%220%22%2F%3E%3C%2Fsvg%3E\" data-orig-src=\"https:\/\/visitrijeka.hr\/wp-content\/uploads\/2023\/03\/perivoj-gospe-trsatske.jpg\" width=\"1920\" height=\"1440\" class=\"lazyload wp-image-0\" \/><\/span><\/li><\/ul><\/div><\/div><\/div><div class=\"fusion-builder-row fusion-builder-row-inner fusion-row fusion-flex-align-items-flex-start fusion-flex-content-wrap\" style=\"width:104% !important;max-width:104% !important;margin-left: calc(-4% \/ 2 );margin-right: calc(-4% \/ 2 );\"><div class=\"fusion-layout-column fusion_builder_column_inner fusion-builder-nested-column-13 fusion_builder_column_inner_1_1 1_1 fusion-flex-column\" style=\"--awb-padding-right:30px;--awb-padding-bottom:0px;--awb-padding-left:30px;--awb-padding-top-medium:24px;--awb-padding-right-medium:24px;--awb-padding-bottom-medium:24px;--awb-padding-left-medium:24px;--awb-padding-top-small:20px;--awb-padding-bottom-small:20px;--awb-overflow:hidden;--awb-bg-color:var(--awb-color1);--awb-bg-color-hover:var(--awb-color1);--awb-bg-size:cover;--awb-border-radius:0px 0px 5px 5px;--awb-width-large:100%;--awb-margin-top-large:0px;--awb-spacing-right-large:1.92%;--awb-margin-bottom-large:0px;--awb-spacing-left-large:1.92%;--awb-width-medium:100%;--awb-order-medium:0;--awb-spacing-right-medium:1.92%;--awb-spacing-left-medium:1.92%;--awb-width-small:100%;--awb-order-small:0;--awb-spacing-right-small:1.92%;--awb-spacing-left-small:1.92%;\" data-scroll-devices=\"small-visibility,medium-visibility,large-visibility\"><div class=\"fusion-column-wrapper fusion-column-has-shadow fusion-flex-justify-content-space-between fusion-content-layout-row\"><div class=\"fusion-title title fusion-title-27 fusion-sep-none fusion-title-text fusion-title-size-div\" style=\"--awb-text-color:var(--awb-color4);--awb-margin-top:0px;--awb-font-size:12px;\"><div class=\"fusion-title-heading title-heading-left title-heading-tag\" style=\"font-family:&quot;SSP-Semibold-600&quot;;font-style:normal;font-weight:400;margin:0;text-transform:uppercase;font-size:1em;line-height:1;\">Parks<\/div><\/div><div class=\"fusion-text fusion-text-28\" style=\"--awb-margin-top:-3px;\">\n<\/div><div class=\"fusion-text fusion-text-29\">\n<\/div><\/div><\/div><\/div><div class=\"fusion-title title fusion-title-28 fusion-sep-none fusion-title-center fusion-title-text fusion-title-size-three postcard_smjestaj_naziv\" style=\"--awb-text-color:var(--awb-custom_color_7);--awb-margin-top:0px;--awb-margin-right:30px;--awb-margin-bottom:0px;--awb-margin-left:30px;--awb-margin-top-small:4px;--awb-margin-bottom-small:16px;--awb-font-size:22px;\"><h3 class=\"fusion-title-heading title-heading-center\" style=\"margin:0;font-size:1em;line-height:1.1em;\">Parkanlage der Muttergottes von Trsat<\/h3><\/div><div style=\"text-align:center;\"><a class=\"fusion-button button-flat fusion-button-default-size button-custom fusion-button-default button-14 fusion-button-default-span fusion-button-default-type botun_plaze\" style=\"--button_accent_color:var(--awb-color1);--button_accent_hover_color:var(--awb-color1);--button_border_hover_color:var(--awb-color1);--button_gradient_top_color:var(--awb-custom_color_7);--button_gradient_bottom_color:var(--awb-custom_color_7);--button_gradient_top_color_hover:var(--awb-color4);--button_gradient_bottom_color_hover:var(--awb-color4);--button_text_transform:uppercase;--button_font_size:16px;--button_typography-font-family:&quot;SSP-Semibold-600&quot;;--button_typography-font-style:normal;--button_typography-font-weight:400;--button_margin-top:12px;--button_margin-bottom:20px;\" target=\"_self\" href=\"https:\/\/visitrijeka.hr\/de\/parkanlage-der-muttergottes-von-trsat\/\"><span class=\"fusion-button-text awb-button__text awb-button__text--default\">Entdecke<\/span><i class=\"fa-long-arrow-alt-right fas awb-button__icon awb-button__icon--default button-icon-right\" aria-hidden=\"true\"><\/i><\/a><\/div><\/div><\/li>\n<li class=\"fusion-layout-column fusion_builder_column fusion-builder-column-18 fusion-flex-column postcard-grad-rijeka post-card fusion-grid-column fusion-post-cards-grid-column sehenswurdigkeiten stadt id-20580\" style=\"--awb-padding-bottom:20px;--awb-overflow:hidden;--awb-bg-color:var(--awb-color1);--awb-bg-color-hover:var(--awb-color1);--awb-bg-size:cover;--awb-box-shadow:0px 32px 52px -24px hsla(var(--awb-color8-h),var(--awb-color8-s),var(--awb-color8-l),calc(var(--awb-color8-a) - 92%));;--awb-border-radius:16px 16px 16px 16px;--awb-flex-grow:0;--awb-flex-shrink:0;--awb-flex-grow-medium:0;--awb-flex-shrink-medium:0;--awb-flex-grow-small:0;--awb-flex-shrink-small:0;\"><div class=\"fusion-column-wrapper fusion-column-has-shadow fusion-flex-justify-content-flex-start fusion-content-layout-column\"><div class=\"fusion-featured-slider-tb fusion-featured-slider-tb-15\" style=\"margin-bottom:25px;\"><div class=\"fusion-slider-sc fusion-has-margin\"><div class=\"fusion-flexslider-loading flexslider flexslider-hover-type-none fusion-slider-sc-cover\" data-slideshow_autoplay=\"0\" data-slideshow_smooth_height=\"1\" data-slideshow_speed=\"7000\" style=\"max-width:600px;height:300px;\"><ul class=\"slides\"><li class=\"image\"><span class=\"lazyload fusion-image-hover-element hover-type-none\"><img decoding=\"async\" src=\"data:image\/svg+xml,%3Csvg%20xmlns%3D%27http%3A%2F%2Fwww.w3.org%2F2000%2Fsvg%27%20width%3D%271920%27%20height%3D%27960%27%20viewBox%3D%270%200%201920%20960%27%3E%3Crect%20width%3D%271920%27%20height%3D%27960%27%20fill-opacity%3D%220%22%2F%3E%3C%2Fsvg%3E\" data-orig-src=\"https:\/\/visitrijeka.hr\/wp-content\/uploads\/2023\/03\/principij.glavna-e1747728667243.jpg\" width=\"1920\" height=\"960\" class=\"lazyload wp-image-0\" \/><\/span><\/li><\/ul><\/div><\/div><\/div><div class=\"fusion-builder-row fusion-builder-row-inner fusion-row fusion-flex-align-items-flex-start fusion-flex-content-wrap\" style=\"width:104% !important;max-width:104% !important;margin-left: calc(-4% \/ 2 );margin-right: calc(-4% \/ 2 );\"><div class=\"fusion-layout-column fusion_builder_column_inner fusion-builder-nested-column-14 fusion_builder_column_inner_1_1 1_1 fusion-flex-column\" style=\"--awb-padding-right:30px;--awb-padding-bottom:0px;--awb-padding-left:30px;--awb-padding-top-medium:24px;--awb-padding-right-medium:24px;--awb-padding-bottom-medium:24px;--awb-padding-left-medium:24px;--awb-padding-top-small:20px;--awb-padding-bottom-small:20px;--awb-overflow:hidden;--awb-bg-color:var(--awb-color1);--awb-bg-color-hover:var(--awb-color1);--awb-bg-size:cover;--awb-border-radius:0px 0px 5px 5px;--awb-width-large:100%;--awb-margin-top-large:0px;--awb-spacing-right-large:1.92%;--awb-margin-bottom-large:0px;--awb-spacing-left-large:1.92%;--awb-width-medium:100%;--awb-order-medium:0;--awb-spacing-right-medium:1.92%;--awb-spacing-left-medium:1.92%;--awb-width-small:100%;--awb-order-small:0;--awb-spacing-right-small:1.92%;--awb-spacing-left-small:1.92%;\" data-scroll-devices=\"small-visibility,medium-visibility,large-visibility\"><div class=\"fusion-column-wrapper fusion-column-has-shadow fusion-flex-justify-content-space-between fusion-content-layout-row\"><div class=\"fusion-title title fusion-title-29 fusion-sep-none fusion-title-text fusion-title-size-div\" style=\"--awb-text-color:var(--awb-color4);--awb-margin-top:0px;--awb-font-size:12px;\"><div class=\"fusion-title-heading title-heading-left title-heading-tag\" style=\"font-family:&quot;SSP-Semibold-600&quot;;font-style:normal;font-weight:400;margin:0;text-transform:uppercase;font-size:1em;line-height:1;\">Sehensw\u00fcrdigkeiten<\/div><\/div><div class=\"fusion-text fusion-text-30\" style=\"--awb-margin-top:-3px;\">\n<\/div><div class=\"fusion-text fusion-text-31\">\n<\/div><\/div><\/div><\/div><div class=\"fusion-title title fusion-title-30 fusion-sep-none fusion-title-center fusion-title-text fusion-title-size-three postcard_smjestaj_naziv\" style=\"--awb-text-color:var(--awb-custom_color_7);--awb-margin-top:0px;--awb-margin-right:30px;--awb-margin-bottom:0px;--awb-margin-left:30px;--awb-margin-top-small:4px;--awb-margin-bottom-small:16px;--awb-font-size:22px;\"><h3 class=\"fusion-title-heading title-heading-center\" style=\"margin:0;font-size:1em;line-height:1.1em;\">Die Principia Tarsatica<\/h3><\/div><div style=\"text-align:center;\"><a class=\"fusion-button button-flat fusion-button-default-size button-custom fusion-button-default button-15 fusion-button-default-span fusion-button-default-type botun_plaze\" style=\"--button_accent_color:var(--awb-color1);--button_accent_hover_color:var(--awb-color1);--button_border_hover_color:var(--awb-color1);--button_gradient_top_color:var(--awb-custom_color_7);--button_gradient_bottom_color:var(--awb-custom_color_7);--button_gradient_top_color_hover:var(--awb-color4);--button_gradient_bottom_color_hover:var(--awb-color4);--button_text_transform:uppercase;--button_font_size:16px;--button_typography-font-family:&quot;SSP-Semibold-600&quot;;--button_typography-font-style:normal;--button_typography-font-weight:400;--button_margin-top:12px;--button_margin-bottom:20px;\" target=\"_self\" href=\"https:\/\/visitrijeka.hr\/de\/die-principia-tarsatica\/\"><span class=\"fusion-button-text awb-button__text awb-button__text--default\">Entdecke<\/span><i class=\"fa-long-arrow-alt-right fas awb-button__icon awb-button__icon--default button-icon-right\" aria-hidden=\"true\"><\/i><\/a><\/div><\/div><\/li>\n<li class=\"fusion-layout-column fusion_builder_column fusion-builder-column-19 fusion-flex-column postcard-grad-rijeka post-card fusion-grid-column fusion-post-cards-grid-column architektur stadt id-21203\" style=\"--awb-padding-bottom:20px;--awb-overflow:hidden;--awb-bg-color:var(--awb-color1);--awb-bg-color-hover:var(--awb-color1);--awb-bg-size:cover;--awb-box-shadow:0px 32px 52px -24px hsla(var(--awb-color8-h),var(--awb-color8-s),var(--awb-color8-l),calc(var(--awb-color8-a) - 92%));;--awb-border-radius:16px 16px 16px 16px;--awb-flex-grow:0;--awb-flex-shrink:0;--awb-flex-grow-medium:0;--awb-flex-shrink-medium:0;--awb-flex-grow-small:0;--awb-flex-shrink-small:0;\"><div class=\"fusion-column-wrapper fusion-column-has-shadow fusion-flex-justify-content-flex-start fusion-content-layout-column\"><div class=\"fusion-featured-slider-tb fusion-featured-slider-tb-16\" style=\"margin-bottom:25px;\"><div class=\"fusion-slider-sc fusion-has-margin\"><div class=\"fusion-flexslider-loading flexslider flexslider-hover-type-none fusion-slider-sc-cover\" data-slideshow_autoplay=\"0\" data-slideshow_smooth_height=\"1\" data-slideshow_speed=\"7000\" style=\"max-width:600px;height:300px;\"><ul class=\"slides\"><li class=\"image\"><span class=\"lazyload fusion-image-hover-element hover-type-none\"><img decoding=\"async\" src=\"data:image\/svg+xml,%3Csvg%20xmlns%3D%27http%3A%2F%2Fwww.w3.org%2F2000%2Fsvg%27%20width%3D%271920%27%20height%3D%271440%27%20viewBox%3D%270%200%201920%201440%27%3E%3Crect%20width%3D%271920%27%20height%3D%271440%27%20fill-opacity%3D%220%22%2F%3E%3C%2Fsvg%3E\" data-orig-src=\"https:\/\/visitrijeka.hr\/wp-content\/uploads\/2023\/03\/neboder.jpg\" width=\"1920\" height=\"1440\" class=\"lazyload wp-image-0\" \/><\/span><\/li><\/ul><\/div><\/div><\/div><div class=\"fusion-builder-row fusion-builder-row-inner fusion-row fusion-flex-align-items-flex-start fusion-flex-content-wrap\" style=\"width:104% !important;max-width:104% !important;margin-left: calc(-4% \/ 2 );margin-right: calc(-4% \/ 2 );\"><div class=\"fusion-layout-column fusion_builder_column_inner fusion-builder-nested-column-15 fusion_builder_column_inner_1_1 1_1 fusion-flex-column\" style=\"--awb-padding-right:30px;--awb-padding-bottom:0px;--awb-padding-left:30px;--awb-padding-top-medium:24px;--awb-padding-right-medium:24px;--awb-padding-bottom-medium:24px;--awb-padding-left-medium:24px;--awb-padding-top-small:20px;--awb-padding-bottom-small:20px;--awb-overflow:hidden;--awb-bg-color:var(--awb-color1);--awb-bg-color-hover:var(--awb-color1);--awb-bg-size:cover;--awb-border-radius:0px 0px 5px 5px;--awb-width-large:100%;--awb-margin-top-large:0px;--awb-spacing-right-large:1.92%;--awb-margin-bottom-large:0px;--awb-spacing-left-large:1.92%;--awb-width-medium:100%;--awb-order-medium:0;--awb-spacing-right-medium:1.92%;--awb-spacing-left-medium:1.92%;--awb-width-small:100%;--awb-order-small:0;--awb-spacing-right-small:1.92%;--awb-spacing-left-small:1.92%;\" data-scroll-devices=\"small-visibility,medium-visibility,large-visibility\"><div class=\"fusion-column-wrapper fusion-column-has-shadow fusion-flex-justify-content-space-between fusion-content-layout-row\"><div class=\"fusion-title title fusion-title-31 fusion-sep-none fusion-title-text fusion-title-size-div\" style=\"--awb-text-color:var(--awb-color4);--awb-margin-top:0px;--awb-font-size:12px;\"><div class=\"fusion-title-heading title-heading-left title-heading-tag\" style=\"font-family:&quot;SSP-Semibold-600&quot;;font-style:normal;font-weight:400;margin:0;text-transform:uppercase;font-size:1em;line-height:1;\">Architektur<\/div><\/div><div class=\"fusion-text fusion-text-32\" style=\"--awb-margin-top:-3px;\">\n<\/div><div class=\"fusion-text fusion-text-33\">\n<\/div><\/div><\/div><\/div><div class=\"fusion-title title fusion-title-32 fusion-sep-none fusion-title-center fusion-title-text fusion-title-size-three postcard_smjestaj_naziv\" style=\"--awb-text-color:var(--awb-custom_color_7);--awb-margin-top:0px;--awb-margin-right:30px;--awb-margin-bottom:0px;--awb-margin-left:30px;--awb-margin-top-small:4px;--awb-margin-bottom-small:16px;--awb-font-size:22px;\"><h3 class=\"fusion-title-heading title-heading-center\" style=\"margin:0;font-size:1em;line-height:1.1em;\">Wolkenkratzer von Rijeka<\/h3><\/div><div style=\"text-align:center;\"><a class=\"fusion-button button-flat fusion-button-default-size button-custom fusion-button-default button-16 fusion-button-default-span fusion-button-default-type botun_plaze\" style=\"--button_accent_color:var(--awb-color1);--button_accent_hover_color:var(--awb-color1);--button_border_hover_color:var(--awb-color1);--button_gradient_top_color:var(--awb-custom_color_7);--button_gradient_bottom_color:var(--awb-custom_color_7);--button_gradient_top_color_hover:var(--awb-color4);--button_gradient_bottom_color_hover:var(--awb-color4);--button_text_transform:uppercase;--button_font_size:16px;--button_typography-font-family:&quot;SSP-Semibold-600&quot;;--button_typography-font-style:normal;--button_typography-font-weight:400;--button_margin-top:12px;--button_margin-bottom:20px;\" target=\"_self\" href=\"https:\/\/visitrijeka.hr\/de\/wolkenkratzer-von-rijeka\/\"><span class=\"fusion-button-text awb-button__text awb-button__text--default\">Entdecke<\/span><i class=\"fa-long-arrow-alt-right fas awb-button__icon awb-button__icon--default button-icon-right\" aria-hidden=\"true\"><\/i><\/a><\/div><\/div><\/li>\n<li class=\"fusion-layout-column fusion_builder_column fusion-builder-column-20 fusion-flex-column postcard-grad-rijeka post-card fusion-grid-column fusion-post-cards-grid-column museen stadt winter-pass-de id-26046\" style=\"--awb-padding-bottom:20px;--awb-overflow:hidden;--awb-bg-color:var(--awb-color1);--awb-bg-color-hover:var(--awb-color1);--awb-bg-size:cover;--awb-box-shadow:0px 32px 52px -24px hsla(var(--awb-color8-h),var(--awb-color8-s),var(--awb-color8-l),calc(var(--awb-color8-a) - 92%));;--awb-border-radius:16px 16px 16px 16px;--awb-flex-grow:0;--awb-flex-shrink:0;--awb-flex-grow-medium:0;--awb-flex-shrink-medium:0;--awb-flex-grow-small:0;--awb-flex-shrink-small:0;\"><div class=\"fusion-column-wrapper fusion-column-has-shadow fusion-flex-justify-content-flex-start fusion-content-layout-column\"><div class=\"fusion-featured-slider-tb fusion-featured-slider-tb-17\" style=\"margin-bottom:25px;\"><div class=\"fusion-slider-sc fusion-has-margin\"><div class=\"fusion-flexslider-loading flexslider flexslider-hover-type-none fusion-slider-sc-cover\" data-slideshow_autoplay=\"0\" data-slideshow_smooth_height=\"1\" data-slideshow_speed=\"7000\" style=\"max-width:600px;height:300px;\"><ul class=\"slides\"><li class=\"image\"><span class=\"lazyload fusion-image-hover-element hover-type-none\"><img decoding=\"async\" src=\"data:image\/svg+xml,%3Csvg%20xmlns%3D%27http%3A%2F%2Fwww.w3.org%2F2000%2Fsvg%27%20width%3D%271920%27%20height%3D%271282%27%20viewBox%3D%270%200%201920%201282%27%3E%3Crect%20width%3D%271920%27%20height%3D%271282%27%20fill-opacity%3D%220%22%2F%3E%3C%2Fsvg%3E\" data-orig-src=\"https:\/\/visitrijeka.hr\/wp-content\/uploads\/2023\/04\/JGL-Muzej-farmacije.jpg\" alt=\"JGL Muzej farmacije\" width=\"1920\" height=\"1282\" class=\"lazyload wp-image-0\" \/><\/span><\/li><\/ul><\/div><\/div><\/div><div class=\"fusion-builder-row fusion-builder-row-inner fusion-row fusion-flex-align-items-flex-start fusion-flex-content-wrap\" style=\"width:104% !important;max-width:104% !important;margin-left: calc(-4% \/ 2 );margin-right: calc(-4% \/ 2 );\"><div class=\"fusion-layout-column fusion_builder_column_inner fusion-builder-nested-column-16 fusion_builder_column_inner_1_1 1_1 fusion-flex-column\" style=\"--awb-padding-right:30px;--awb-padding-bottom:0px;--awb-padding-left:30px;--awb-padding-top-medium:24px;--awb-padding-right-medium:24px;--awb-padding-bottom-medium:24px;--awb-padding-left-medium:24px;--awb-padding-top-small:20px;--awb-padding-bottom-small:20px;--awb-overflow:hidden;--awb-bg-color:var(--awb-color1);--awb-bg-color-hover:var(--awb-color1);--awb-bg-size:cover;--awb-border-radius:0px 0px 5px 5px;--awb-width-large:100%;--awb-margin-top-large:0px;--awb-spacing-right-large:1.92%;--awb-margin-bottom-large:0px;--awb-spacing-left-large:1.92%;--awb-width-medium:100%;--awb-order-medium:0;--awb-spacing-right-medium:1.92%;--awb-spacing-left-medium:1.92%;--awb-width-small:100%;--awb-order-small:0;--awb-spacing-right-small:1.92%;--awb-spacing-left-small:1.92%;\" data-scroll-devices=\"small-visibility,medium-visibility,large-visibility\"><div class=\"fusion-column-wrapper fusion-column-has-shadow fusion-flex-justify-content-space-between fusion-content-layout-row\"><div class=\"fusion-title title fusion-title-33 fusion-sep-none fusion-title-text fusion-title-size-div\" style=\"--awb-text-color:var(--awb-color4);--awb-margin-top:0px;--awb-font-size:12px;\"><div class=\"fusion-title-heading title-heading-left title-heading-tag\" style=\"font-family:&quot;SSP-Semibold-600&quot;;font-style:normal;font-weight:400;margin:0;text-transform:uppercase;font-size:1em;line-height:1;\">Museen<\/div><\/div><div class=\"fusion-text fusion-text-34\" style=\"--awb-margin-top:-3px;\">\n<\/div><div class=\"fusion-text fusion-text-35\">\n<\/div><\/div><\/div><\/div><div class=\"fusion-title title fusion-title-34 fusion-sep-none fusion-title-center fusion-title-text fusion-title-size-three postcard_smjestaj_naziv\" style=\"--awb-text-color:var(--awb-custom_color_7);--awb-margin-top:0px;--awb-margin-right:30px;--awb-margin-bottom:0px;--awb-margin-left:30px;--awb-margin-top-small:4px;--awb-margin-bottom-small:16px;--awb-font-size:22px;\"><h3 class=\"fusion-title-heading title-heading-center\" style=\"margin:0;font-size:1em;line-height:1.1em;\">JGL Pharmazie-Museum<\/h3><\/div><div style=\"text-align:center;\"><a class=\"fusion-button button-flat fusion-button-default-size button-custom fusion-button-default button-17 fusion-button-default-span fusion-button-default-type botun_plaze\" style=\"--button_accent_color:var(--awb-color1);--button_accent_hover_color:var(--awb-color1);--button_border_hover_color:var(--awb-color1);--button_gradient_top_color:var(--awb-custom_color_7);--button_gradient_bottom_color:var(--awb-custom_color_7);--button_gradient_top_color_hover:var(--awb-color4);--button_gradient_bottom_color_hover:var(--awb-color4);--button_text_transform:uppercase;--button_font_size:16px;--button_typography-font-family:&quot;SSP-Semibold-600&quot;;--button_typography-font-style:normal;--button_typography-font-weight:400;--button_margin-top:12px;--button_margin-bottom:20px;\" target=\"_self\" href=\"https:\/\/visitrijeka.hr\/de\/jgl-pharmazie-museum\/\"><span class=\"fusion-button-text awb-button__text awb-button__text--default\">Entdecke<\/span><i class=\"fa-long-arrow-alt-right fas awb-button__icon awb-button__icon--default button-icon-right\" aria-hidden=\"true\"><\/i><\/a><\/div><\/div><\/li>\n<li class=\"fusion-layout-column fusion_builder_column fusion-builder-column-21 fusion-flex-column postcard-grad-rijeka post-card fusion-grid-column fusion-post-cards-grid-column sehenswurdigkeiten stadt id-20640\" style=\"--awb-padding-bottom:20px;--awb-overflow:hidden;--awb-bg-color:var(--awb-color1);--awb-bg-color-hover:var(--awb-color1);--awb-bg-size:cover;--awb-box-shadow:0px 32px 52px -24px hsla(var(--awb-color8-h),var(--awb-color8-s),var(--awb-color8-l),calc(var(--awb-color8-a) - 92%));;--awb-border-radius:16px 16px 16px 16px;--awb-flex-grow:0;--awb-flex-shrink:0;--awb-flex-grow-medium:0;--awb-flex-shrink-medium:0;--awb-flex-grow-small:0;--awb-flex-shrink-small:0;\"><div class=\"fusion-column-wrapper fusion-column-has-shadow fusion-flex-justify-content-flex-start fusion-content-layout-column\"><div class=\"fusion-featured-slider-tb fusion-featured-slider-tb-18\" style=\"margin-bottom:25px;\"><div class=\"fusion-slider-sc fusion-has-margin\"><div class=\"fusion-flexslider-loading flexslider flexslider-hover-type-none fusion-slider-sc-cover\" data-slideshow_autoplay=\"0\" data-slideshow_smooth_height=\"1\" data-slideshow_speed=\"7000\" style=\"max-width:600px;height:300px;\"><ul class=\"slides\"><li class=\"image\"><span class=\"lazyload fusion-image-hover-element hover-type-none\"><img decoding=\"async\" src=\"data:image\/svg+xml,%3Csvg%20xmlns%3D%27http%3A%2F%2Fwww.w3.org%2F2000%2Fsvg%27%20width%3D%271920%27%20height%3D%271440%27%20viewBox%3D%270%200%201920%201440%27%3E%3Crect%20width%3D%271920%27%20height%3D%271440%27%20fill-opacity%3D%220%22%2F%3E%3C%2Fsvg%3E\" data-orig-src=\"https:\/\/visitrijeka.hr\/wp-content\/uploads\/2023\/03\/Sudbena-palaca-1.jpg\" width=\"1920\" height=\"1440\" class=\"lazyload wp-image-0\" \/><\/span><\/li><\/ul><\/div><\/div><\/div><div class=\"fusion-builder-row fusion-builder-row-inner fusion-row fusion-flex-align-items-flex-start fusion-flex-content-wrap\" style=\"width:104% !important;max-width:104% !important;margin-left: calc(-4% \/ 2 );margin-right: calc(-4% \/ 2 );\"><div class=\"fusion-layout-column fusion_builder_column_inner fusion-builder-nested-column-17 fusion_builder_column_inner_1_1 1_1 fusion-flex-column\" style=\"--awb-padding-right:30px;--awb-padding-bottom:0px;--awb-padding-left:30px;--awb-padding-top-medium:24px;--awb-padding-right-medium:24px;--awb-padding-bottom-medium:24px;--awb-padding-left-medium:24px;--awb-padding-top-small:20px;--awb-padding-bottom-small:20px;--awb-overflow:hidden;--awb-bg-color:var(--awb-color1);--awb-bg-color-hover:var(--awb-color1);--awb-bg-size:cover;--awb-border-radius:0px 0px 5px 5px;--awb-width-large:100%;--awb-margin-top-large:0px;--awb-spacing-right-large:1.92%;--awb-margin-bottom-large:0px;--awb-spacing-left-large:1.92%;--awb-width-medium:100%;--awb-order-medium:0;--awb-spacing-right-medium:1.92%;--awb-spacing-left-medium:1.92%;--awb-width-small:100%;--awb-order-small:0;--awb-spacing-right-small:1.92%;--awb-spacing-left-small:1.92%;\" data-scroll-devices=\"small-visibility,medium-visibility,large-visibility\"><div class=\"fusion-column-wrapper fusion-column-has-shadow fusion-flex-justify-content-space-between fusion-content-layout-row\"><div class=\"fusion-title title fusion-title-35 fusion-sep-none fusion-title-text fusion-title-size-div\" style=\"--awb-text-color:var(--awb-color4);--awb-margin-top:0px;--awb-font-size:12px;\"><div class=\"fusion-title-heading title-heading-left title-heading-tag\" style=\"font-family:&quot;SSP-Semibold-600&quot;;font-style:normal;font-weight:400;margin:0;text-transform:uppercase;font-size:1em;line-height:1;\">Sehensw\u00fcrdigkeiten<\/div><\/div><div class=\"fusion-text fusion-text-36\" style=\"--awb-margin-top:-3px;\">\n<\/div><div class=\"fusion-text fusion-text-37\">\n<\/div><\/div><\/div><\/div><div class=\"fusion-title title fusion-title-36 fusion-sep-none fusion-title-center fusion-title-text fusion-title-size-three postcard_smjestaj_naziv\" style=\"--awb-text-color:var(--awb-custom_color_7);--awb-margin-top:0px;--awb-margin-right:30px;--awb-margin-bottom:0px;--awb-margin-left:30px;--awb-margin-top-small:4px;--awb-margin-bottom-small:16px;--awb-font-size:22px;\"><h3 class=\"fusion-title-heading title-heading-center\" style=\"margin:0;font-size:1em;line-height:1.1em;\">Gerichtspalast<\/h3><\/div><div style=\"text-align:center;\"><a class=\"fusion-button button-flat fusion-button-default-size button-custom fusion-button-default button-18 fusion-button-default-span fusion-button-default-type botun_plaze\" style=\"--button_accent_color:var(--awb-color1);--button_accent_hover_color:var(--awb-color1);--button_border_hover_color:var(--awb-color1);--button_gradient_top_color:var(--awb-custom_color_7);--button_gradient_bottom_color:var(--awb-custom_color_7);--button_gradient_top_color_hover:var(--awb-color4);--button_gradient_bottom_color_hover:var(--awb-color4);--button_text_transform:uppercase;--button_font_size:16px;--button_typography-font-family:&quot;SSP-Semibold-600&quot;;--button_typography-font-style:normal;--button_typography-font-weight:400;--button_margin-top:12px;--button_margin-bottom:20px;\" target=\"_self\" href=\"https:\/\/visitrijeka.hr\/de\/gerichtspalast\/\"><span class=\"fusion-button-text awb-button__text awb-button__text--default\">Entdecke<\/span><i class=\"fa-long-arrow-alt-right fas awb-button__icon awb-button__icon--default button-icon-right\" aria-hidden=\"true\"><\/i><\/a><\/div><\/div><\/li>\n<li class=\"fusion-layout-column fusion_builder_column fusion-builder-column-22 fusion-flex-column postcard-grad-rijeka post-card fusion-grid-column fusion-post-cards-grid-column architektur id-21850\" style=\"--awb-padding-bottom:20px;--awb-overflow:hidden;--awb-bg-color:var(--awb-color1);--awb-bg-color-hover:var(--awb-color1);--awb-bg-size:cover;--awb-box-shadow:0px 32px 52px -24px hsla(var(--awb-color8-h),var(--awb-color8-s),var(--awb-color8-l),calc(var(--awb-color8-a) - 92%));;--awb-border-radius:16px 16px 16px 16px;--awb-flex-grow:0;--awb-flex-shrink:0;--awb-flex-grow-medium:0;--awb-flex-shrink-medium:0;--awb-flex-grow-small:0;--awb-flex-shrink-small:0;\"><div class=\"fusion-column-wrapper fusion-column-has-shadow fusion-flex-justify-content-flex-start fusion-content-layout-column\"><div class=\"fusion-featured-slider-tb fusion-featured-slider-tb-19\" style=\"margin-bottom:25px;\"><div class=\"fusion-slider-sc fusion-has-margin\"><div class=\"fusion-flexslider-loading flexslider flexslider-hover-type-none fusion-slider-sc-cover\" data-slideshow_autoplay=\"0\" data-slideshow_smooth_height=\"1\" data-slideshow_speed=\"7000\" style=\"max-width:600px;height:300px;\"><ul class=\"slides\"><li class=\"image\"><span class=\"lazyload fusion-image-hover-element hover-type-none\"><img decoding=\"async\" src=\"data:image\/svg+xml,%3Csvg%20xmlns%3D%27http%3A%2F%2Fwww.w3.org%2F2000%2Fsvg%27%20width%3D%271920%27%20height%3D%271440%27%20viewBox%3D%270%200%201920%201440%27%3E%3Crect%20width%3D%271920%27%20height%3D%271440%27%20fill-opacity%3D%220%22%2F%3E%3C%2Fsvg%3E\" data-orig-src=\"https:\/\/visitrijeka.hr\/wp-content\/uploads\/2023\/03\/hotel-royal-glavna.jpg\" width=\"1920\" height=\"1440\" class=\"lazyload wp-image-0\" \/><\/span><\/li><\/ul><\/div><\/div><\/div><div class=\"fusion-builder-row fusion-builder-row-inner fusion-row fusion-flex-align-items-flex-start fusion-flex-content-wrap\" style=\"width:104% !important;max-width:104% !important;margin-left: calc(-4% \/ 2 );margin-right: calc(-4% \/ 2 );\"><div class=\"fusion-layout-column fusion_builder_column_inner fusion-builder-nested-column-18 fusion_builder_column_inner_1_1 1_1 fusion-flex-column\" style=\"--awb-padding-right:30px;--awb-padding-bottom:0px;--awb-padding-left:30px;--awb-padding-top-medium:24px;--awb-padding-right-medium:24px;--awb-padding-bottom-medium:24px;--awb-padding-left-medium:24px;--awb-padding-top-small:20px;--awb-padding-bottom-small:20px;--awb-overflow:hidden;--awb-bg-color:var(--awb-color1);--awb-bg-color-hover:var(--awb-color1);--awb-bg-size:cover;--awb-border-radius:0px 0px 5px 5px;--awb-width-large:100%;--awb-margin-top-large:0px;--awb-spacing-right-large:1.92%;--awb-margin-bottom-large:0px;--awb-spacing-left-large:1.92%;--awb-width-medium:100%;--awb-order-medium:0;--awb-spacing-right-medium:1.92%;--awb-spacing-left-medium:1.92%;--awb-width-small:100%;--awb-order-small:0;--awb-spacing-right-small:1.92%;--awb-spacing-left-small:1.92%;\" data-scroll-devices=\"small-visibility,medium-visibility,large-visibility\"><div class=\"fusion-column-wrapper fusion-column-has-shadow fusion-flex-justify-content-space-between fusion-content-layout-row\"><div class=\"fusion-title title fusion-title-37 fusion-sep-none fusion-title-text fusion-title-size-div\" style=\"--awb-text-color:var(--awb-color4);--awb-margin-top:0px;--awb-font-size:12px;\"><div class=\"fusion-title-heading title-heading-left title-heading-tag\" style=\"font-family:&quot;SSP-Semibold-600&quot;;font-style:normal;font-weight:400;margin:0;text-transform:uppercase;font-size:1em;line-height:1;\">Architektur<\/div><\/div><div class=\"fusion-text fusion-text-38\" style=\"--awb-margin-top:-3px;\">\n<\/div><div class=\"fusion-text fusion-text-39\">\n<\/div><\/div><\/div><\/div><div class=\"fusion-title title fusion-title-38 fusion-sep-none fusion-title-center fusion-title-text fusion-title-size-three postcard_smjestaj_naziv\" style=\"--awb-text-color:var(--awb-custom_color_7);--awb-margin-top:0px;--awb-margin-right:30px;--awb-margin-bottom:0px;--awb-margin-left:30px;--awb-margin-top-small:4px;--awb-margin-bottom-small:16px;--awb-font-size:22px;\"><h3 class=\"fusion-title-heading title-heading-center\" style=\"margin:0;font-size:1em;line-height:1.1em;\">Ehemaliges Hotel Royal<\/h3><\/div><div style=\"text-align:center;\"><a class=\"fusion-button button-flat fusion-button-default-size button-custom fusion-button-default button-19 fusion-button-default-span fusion-button-default-type botun_plaze\" style=\"--button_accent_color:var(--awb-color1);--button_accent_hover_color:var(--awb-color1);--button_border_hover_color:var(--awb-color1);--button_gradient_top_color:var(--awb-custom_color_7);--button_gradient_bottom_color:var(--awb-custom_color_7);--button_gradient_top_color_hover:var(--awb-color4);--button_gradient_bottom_color_hover:var(--awb-color4);--button_text_transform:uppercase;--button_font_size:16px;--button_typography-font-family:&quot;SSP-Semibold-600&quot;;--button_typography-font-style:normal;--button_typography-font-weight:400;--button_margin-top:12px;--button_margin-bottom:20px;\" target=\"_self\" href=\"https:\/\/visitrijeka.hr\/de\/ehemaliges-hotel-royal\/\"><span class=\"fusion-button-text awb-button__text awb-button__text--default\">Entdecke<\/span><i class=\"fa-long-arrow-alt-right fas awb-button__icon awb-button__icon--default button-icon-right\" aria-hidden=\"true\"><\/i><\/a><\/div><\/div><\/li>\n<li class=\"fusion-layout-column fusion_builder_column fusion-builder-column-23 fusion-flex-column postcard-grad-rijeka post-card fusion-grid-column fusion-post-cards-grid-column museen stadt winter-pass-de id-25640\" style=\"--awb-padding-bottom:20px;--awb-overflow:hidden;--awb-bg-color:var(--awb-color1);--awb-bg-color-hover:var(--awb-color1);--awb-bg-size:cover;--awb-box-shadow:0px 32px 52px -24px hsla(var(--awb-color8-h),var(--awb-color8-s),var(--awb-color8-l),calc(var(--awb-color8-a) - 92%));;--awb-border-radius:16px 16px 16px 16px;--awb-flex-grow:0;--awb-flex-shrink:0;--awb-flex-grow-medium:0;--awb-flex-shrink-medium:0;--awb-flex-grow-small:0;--awb-flex-shrink-small:0;\"><div class=\"fusion-column-wrapper fusion-column-has-shadow fusion-flex-justify-content-flex-start fusion-content-layout-column\"><div class=\"fusion-featured-slider-tb fusion-featured-slider-tb-20\" style=\"margin-bottom:25px;\"><div class=\"fusion-slider-sc fusion-has-margin\"><div class=\"fusion-flexslider-loading flexslider flexslider-hover-type-none fusion-slider-sc-cover\" data-slideshow_autoplay=\"0\" data-slideshow_smooth_height=\"1\" data-slideshow_speed=\"7000\" style=\"max-width:600px;height:300px;\"><ul class=\"slides\"><li class=\"image\"><span class=\"lazyload fusion-image-hover-element hover-type-none\"><img decoding=\"async\" src=\"data:image\/svg+xml,%3Csvg%20xmlns%3D%27http%3A%2F%2Fwww.w3.org%2F2000%2Fsvg%27%20width%3D%271707%27%20height%3D%272560%27%20viewBox%3D%270%200%201707%202560%27%3E%3Crect%20width%3D%271707%27%20height%3D%272560%27%20fill-opacity%3D%220%22%2F%3E%3C%2Fsvg%3E\" data-orig-src=\"https:\/\/visitrijeka.hr\/wp-content\/uploads\/2023\/03\/muzej-grada-rijeke-kockica.jpeg\" width=\"1707\" height=\"2560\" class=\"lazyload wp-image-0\" \/><\/span><\/li><\/ul><\/div><\/div><\/div><div class=\"fusion-builder-row fusion-builder-row-inner fusion-row fusion-flex-align-items-flex-start fusion-flex-content-wrap\" style=\"width:104% !important;max-width:104% !important;margin-left: calc(-4% \/ 2 );margin-right: calc(-4% \/ 2 );\"><div class=\"fusion-layout-column fusion_builder_column_inner fusion-builder-nested-column-19 fusion_builder_column_inner_1_1 1_1 fusion-flex-column\" style=\"--awb-padding-right:30px;--awb-padding-bottom:0px;--awb-padding-left:30px;--awb-padding-top-medium:24px;--awb-padding-right-medium:24px;--awb-padding-bottom-medium:24px;--awb-padding-left-medium:24px;--awb-padding-top-small:20px;--awb-padding-bottom-small:20px;--awb-overflow:hidden;--awb-bg-color:var(--awb-color1);--awb-bg-color-hover:var(--awb-color1);--awb-bg-size:cover;--awb-border-radius:0px 0px 5px 5px;--awb-width-large:100%;--awb-margin-top-large:0px;--awb-spacing-right-large:1.92%;--awb-margin-bottom-large:0px;--awb-spacing-left-large:1.92%;--awb-width-medium:100%;--awb-order-medium:0;--awb-spacing-right-medium:1.92%;--awb-spacing-left-medium:1.92%;--awb-width-small:100%;--awb-order-small:0;--awb-spacing-right-small:1.92%;--awb-spacing-left-small:1.92%;\" data-scroll-devices=\"small-visibility,medium-visibility,large-visibility\"><div class=\"fusion-column-wrapper fusion-column-has-shadow fusion-flex-justify-content-space-between fusion-content-layout-row\"><div class=\"fusion-title title fusion-title-39 fusion-sep-none fusion-title-text fusion-title-size-div\" style=\"--awb-text-color:var(--awb-color4);--awb-margin-top:0px;--awb-font-size:12px;\"><div class=\"fusion-title-heading title-heading-left title-heading-tag\" style=\"font-family:&quot;SSP-Semibold-600&quot;;font-style:normal;font-weight:400;margin:0;text-transform:uppercase;font-size:1em;line-height:1;\">Museen<\/div><\/div><div class=\"fusion-text fusion-text-40\" style=\"--awb-margin-top:-3px;\">\n<\/div><div class=\"fusion-text fusion-text-41\">\n<\/div><\/div><\/div><\/div><div class=\"fusion-title title fusion-title-40 fusion-sep-none fusion-title-center fusion-title-text fusion-title-size-three postcard_smjestaj_naziv\" style=\"--awb-text-color:var(--awb-custom_color_7);--awb-margin-top:0px;--awb-margin-right:30px;--awb-margin-bottom:0px;--awb-margin-left:30px;--awb-margin-top-small:4px;--awb-margin-bottom-small:16px;--awb-font-size:22px;\"><h3 class=\"fusion-title-heading title-heading-center\" style=\"margin:0;font-size:1em;line-height:1.1em;\">Stadtmuseum von Rijeka \u2013 Geb\u00e4ude \u201eKockica\u201c<\/h3><\/div><div style=\"text-align:center;\"><a class=\"fusion-button button-flat fusion-button-default-size button-custom fusion-button-default button-20 fusion-button-default-span fusion-button-default-type botun_plaze\" style=\"--button_accent_color:var(--awb-color1);--button_accent_hover_color:var(--awb-color1);--button_border_hover_color:var(--awb-color1);--button_gradient_top_color:var(--awb-custom_color_7);--button_gradient_bottom_color:var(--awb-custom_color_7);--button_gradient_top_color_hover:var(--awb-color4);--button_gradient_bottom_color_hover:var(--awb-color4);--button_text_transform:uppercase;--button_font_size:16px;--button_typography-font-family:&quot;SSP-Semibold-600&quot;;--button_typography-font-style:normal;--button_typography-font-weight:400;--button_margin-top:12px;--button_margin-bottom:20px;\" target=\"_self\" href=\"https:\/\/visitrijeka.hr\/de\/stadtmuseum-von-rijeka-gebaeude-kockica\/\"><span class=\"fusion-button-text awb-button__text awb-button__text--default\">Entdecke<\/span><i class=\"fa-long-arrow-alt-right fas awb-button__icon awb-button__icon--default button-icon-right\" aria-hidden=\"true\"><\/i><\/a><\/div><\/div><\/li>\n<li class=\"fusion-layout-column fusion_builder_column fusion-builder-column-24 fusion-flex-column postcard-grad-rijeka post-card fusion-grid-column fusion-post-cards-grid-column sakrale-objekte stadt id-20963\" style=\"--awb-padding-bottom:20px;--awb-overflow:hidden;--awb-bg-color:var(--awb-color1);--awb-bg-color-hover:var(--awb-color1);--awb-bg-size:cover;--awb-box-shadow:0px 32px 52px -24px hsla(var(--awb-color8-h),var(--awb-color8-s),var(--awb-color8-l),calc(var(--awb-color8-a) - 92%));;--awb-border-radius:16px 16px 16px 16px;--awb-flex-grow:0;--awb-flex-shrink:0;--awb-flex-grow-medium:0;--awb-flex-shrink-medium:0;--awb-flex-grow-small:0;--awb-flex-shrink-small:0;\"><div class=\"fusion-column-wrapper fusion-column-has-shadow fusion-flex-justify-content-flex-start fusion-content-layout-column\"><div class=\"fusion-featured-slider-tb fusion-featured-slider-tb-21\" style=\"margin-bottom:25px;\"><div class=\"fusion-slider-sc fusion-has-margin\"><div class=\"fusion-flexslider-loading flexslider flexslider-hover-type-none fusion-slider-sc-cover\" data-slideshow_autoplay=\"0\" data-slideshow_smooth_height=\"1\" data-slideshow_speed=\"7000\" style=\"max-width:600px;height:300px;\"><ul class=\"slides\"><li class=\"image\"><span class=\"lazyload fusion-image-hover-element hover-type-none\"><img decoding=\"async\" src=\"data:image\/svg+xml,%3Csvg%20xmlns%3D%27http%3A%2F%2Fwww.w3.org%2F2000%2Fsvg%27%20width%3D%271920%27%20height%3D%271440%27%20viewBox%3D%270%200%201920%201440%27%3E%3Crect%20width%3D%271920%27%20height%3D%271440%27%20fill-opacity%3D%220%22%2F%3E%3C%2Fsvg%3E\" data-orig-src=\"https:\/\/visitrijeka.hr\/wp-content\/uploads\/2023\/03\/Riznica-i-galerija-Svetista-Majke-Bozje-Trsatske-kopija.jpg\" width=\"1920\" height=\"1440\" class=\"lazyload wp-image-0\" \/><\/span><\/li><\/ul><\/div><\/div><\/div><div class=\"fusion-builder-row fusion-builder-row-inner fusion-row fusion-flex-align-items-flex-start fusion-flex-content-wrap\" style=\"width:104% !important;max-width:104% !important;margin-left: calc(-4% \/ 2 );margin-right: calc(-4% \/ 2 );\"><div class=\"fusion-layout-column fusion_builder_column_inner fusion-builder-nested-column-20 fusion_builder_column_inner_1_1 1_1 fusion-flex-column\" style=\"--awb-padding-right:30px;--awb-padding-bottom:0px;--awb-padding-left:30px;--awb-padding-top-medium:24px;--awb-padding-right-medium:24px;--awb-padding-bottom-medium:24px;--awb-padding-left-medium:24px;--awb-padding-top-small:20px;--awb-padding-bottom-small:20px;--awb-overflow:hidden;--awb-bg-color:var(--awb-color1);--awb-bg-color-hover:var(--awb-color1);--awb-bg-size:cover;--awb-border-radius:0px 0px 5px 5px;--awb-width-large:100%;--awb-margin-top-large:0px;--awb-spacing-right-large:1.92%;--awb-margin-bottom-large:0px;--awb-spacing-left-large:1.92%;--awb-width-medium:100%;--awb-order-medium:0;--awb-spacing-right-medium:1.92%;--awb-spacing-left-medium:1.92%;--awb-width-small:100%;--awb-order-small:0;--awb-spacing-right-small:1.92%;--awb-spacing-left-small:1.92%;\" data-scroll-devices=\"small-visibility,medium-visibility,large-visibility\"><div class=\"fusion-column-wrapper fusion-column-has-shadow fusion-flex-justify-content-space-between fusion-content-layout-row\"><div class=\"fusion-title title fusion-title-41 fusion-sep-none fusion-title-text fusion-title-size-div\" style=\"--awb-text-color:var(--awb-color4);--awb-margin-top:0px;--awb-font-size:12px;\"><div class=\"fusion-title-heading title-heading-left title-heading-tag\" style=\"font-family:&quot;SSP-Semibold-600&quot;;font-style:normal;font-weight:400;margin:0;text-transform:uppercase;font-size:1em;line-height:1;\">Sakrale Objekte<\/div><\/div><div class=\"fusion-text fusion-text-42\" style=\"--awb-margin-top:-3px;\">\n<\/div><div class=\"fusion-text fusion-text-43\">\n<\/div><\/div><\/div><\/div><div class=\"fusion-title title fusion-title-42 fusion-sep-none fusion-title-center fusion-title-text fusion-title-size-three postcard_smjestaj_naziv\" style=\"--awb-text-color:var(--awb-custom_color_7);--awb-margin-top:0px;--awb-margin-right:30px;--awb-margin-bottom:0px;--awb-margin-left:30px;--awb-margin-top-small:4px;--awb-margin-bottom-small:16px;--awb-font-size:22px;\"><h3 class=\"fusion-title-heading title-heading-center\" style=\"margin:0;font-size:1em;line-height:1.1em;\">Schrein der Muttergottes von Trsat und Franziskanerkloster von Trsat<\/h3><\/div><div style=\"text-align:center;\"><a class=\"fusion-button button-flat fusion-button-default-size button-custom fusion-button-default button-21 fusion-button-default-span fusion-button-default-type botun_plaze\" style=\"--button_accent_color:var(--awb-color1);--button_accent_hover_color:var(--awb-color1);--button_border_hover_color:var(--awb-color1);--button_gradient_top_color:var(--awb-custom_color_7);--button_gradient_bottom_color:var(--awb-custom_color_7);--button_gradient_top_color_hover:var(--awb-color4);--button_gradient_bottom_color_hover:var(--awb-color4);--button_text_transform:uppercase;--button_font_size:16px;--button_typography-font-family:&quot;SSP-Semibold-600&quot;;--button_typography-font-style:normal;--button_typography-font-weight:400;--button_margin-top:12px;--button_margin-bottom:20px;\" target=\"_self\" href=\"https:\/\/visitrijeka.hr\/de\/schrein-der-muttergottes-von-trsat-und-franziskanerkloster-von-trsat\/\"><span class=\"fusion-button-text awb-button__text awb-button__text--default\">Entdecke<\/span><i class=\"fa-long-arrow-alt-right fas awb-button__icon awb-button__icon--default button-icon-right\" aria-hidden=\"true\"><\/i><\/a><\/div><\/div><\/li>\n<li class=\"fusion-layout-column fusion_builder_column fusion-builder-column-25 fusion-flex-column postcard-grad-rijeka post-card fusion-grid-column fusion-post-cards-grid-column galerien stadt id-31286\" style=\"--awb-padding-bottom:20px;--awb-overflow:hidden;--awb-bg-color:var(--awb-color1);--awb-bg-color-hover:var(--awb-color1);--awb-bg-size:cover;--awb-box-shadow:0px 32px 52px -24px hsla(var(--awb-color8-h),var(--awb-color8-s),var(--awb-color8-l),calc(var(--awb-color8-a) - 92%));;--awb-border-radius:16px 16px 16px 16px;--awb-flex-grow:0;--awb-flex-shrink:0;--awb-flex-grow-medium:0;--awb-flex-shrink-medium:0;--awb-flex-grow-small:0;--awb-flex-shrink-small:0;\"><div class=\"fusion-column-wrapper fusion-column-has-shadow fusion-flex-justify-content-flex-start fusion-content-layout-column\"><div class=\"fusion-featured-slider-tb fusion-featured-slider-tb-22\" style=\"margin-bottom:25px;\"><div class=\"fusion-slider-sc fusion-has-margin\"><div class=\"fusion-flexslider-loading flexslider flexslider-hover-type-none fusion-slider-sc-cover\" data-slideshow_autoplay=\"0\" data-slideshow_smooth_height=\"1\" data-slideshow_speed=\"7000\" style=\"max-width:600px;height:300px;\"><ul class=\"slides\"><li class=\"image\"><span class=\"lazyload fusion-image-hover-element hover-type-none\"><img decoding=\"async\" src=\"data:image\/svg+xml,%3Csvg%20xmlns%3D%27http%3A%2F%2Fwww.w3.org%2F2000%2Fsvg%27%20width%3D%271920%27%20height%3D%27924%27%20viewBox%3D%270%200%201920%20924%27%3E%3Crect%20width%3D%271920%27%20height%3D%27924%27%20fill-opacity%3D%220%22%2F%3E%3C%2Fsvg%3E\" data-orig-src=\"https:\/\/visitrijeka.hr\/wp-content\/uploads\/2023\/03\/Principijglavna2.jpg\" width=\"1920\" height=\"924\" class=\"lazyload wp-image-0\" \/><\/span><\/li><\/ul><\/div><\/div><\/div><div class=\"fusion-builder-row fusion-builder-row-inner fusion-row fusion-flex-align-items-flex-start fusion-flex-content-wrap\" style=\"width:104% !important;max-width:104% !important;margin-left: calc(-4% \/ 2 );margin-right: calc(-4% \/ 2 );\"><div class=\"fusion-layout-column fusion_builder_column_inner fusion-builder-nested-column-21 fusion_builder_column_inner_1_1 1_1 fusion-flex-column\" style=\"--awb-padding-right:30px;--awb-padding-bottom:0px;--awb-padding-left:30px;--awb-padding-top-medium:24px;--awb-padding-right-medium:24px;--awb-padding-bottom-medium:24px;--awb-padding-left-medium:24px;--awb-padding-top-small:20px;--awb-padding-bottom-small:20px;--awb-overflow:hidden;--awb-bg-color:var(--awb-color1);--awb-bg-color-hover:var(--awb-color1);--awb-bg-size:cover;--awb-border-radius:0px 0px 5px 5px;--awb-width-large:100%;--awb-margin-top-large:0px;--awb-spacing-right-large:1.92%;--awb-margin-bottom-large:0px;--awb-spacing-left-large:1.92%;--awb-width-medium:100%;--awb-order-medium:0;--awb-spacing-right-medium:1.92%;--awb-spacing-left-medium:1.92%;--awb-width-small:100%;--awb-order-small:0;--awb-spacing-right-small:1.92%;--awb-spacing-left-small:1.92%;\" data-scroll-devices=\"small-visibility,medium-visibility,large-visibility\"><div class=\"fusion-column-wrapper fusion-column-has-shadow fusion-flex-justify-content-space-between fusion-content-layout-row\"><div class=\"fusion-title title fusion-title-43 fusion-sep-none fusion-title-text fusion-title-size-div\" style=\"--awb-text-color:var(--awb-color4);--awb-margin-top:0px;--awb-font-size:12px;\"><div class=\"fusion-title-heading title-heading-left title-heading-tag\" style=\"font-family:&quot;SSP-Semibold-600&quot;;font-style:normal;font-weight:400;margin:0;text-transform:uppercase;font-size:1em;line-height:1;\">Galerien<\/div><\/div><div class=\"fusion-text fusion-text-44\" style=\"--awb-margin-top:-3px;\">\n<\/div><div class=\"fusion-text fusion-text-45\">\n<\/div><\/div><\/div><\/div><div class=\"fusion-title title fusion-title-44 fusion-sep-none fusion-title-center fusion-title-text fusion-title-size-three postcard_smjestaj_naziv\" style=\"--awb-text-color:var(--awb-custom_color_7);--awb-margin-top:0px;--awb-margin-right:30px;--awb-margin-bottom:0px;--awb-margin-left:30px;--awb-margin-top-small:4px;--awb-margin-bottom-small:16px;--awb-font-size:22px;\"><h3 class=\"fusion-title-heading title-heading-center\" style=\"margin:0;font-size:1em;line-height:1.1em;\">Galerija Principij<\/h3><\/div><div style=\"text-align:center;\"><a class=\"fusion-button button-flat fusion-button-default-size button-custom fusion-button-default button-22 fusion-button-default-span fusion-button-default-type botun_plaze\" style=\"--button_accent_color:var(--awb-color1);--button_accent_hover_color:var(--awb-color1);--button_border_hover_color:var(--awb-color1);--button_gradient_top_color:var(--awb-custom_color_7);--button_gradient_bottom_color:var(--awb-custom_color_7);--button_gradient_top_color_hover:var(--awb-color4);--button_gradient_bottom_color_hover:var(--awb-color4);--button_text_transform:uppercase;--button_font_size:16px;--button_typography-font-family:&quot;SSP-Semibold-600&quot;;--button_typography-font-style:normal;--button_typography-font-weight:400;--button_margin-top:12px;--button_margin-bottom:20px;\" target=\"_self\" href=\"https:\/\/visitrijeka.hr\/de\/galerija-principij\/\"><span class=\"fusion-button-text awb-button__text awb-button__text--default\">Entdecke<\/span><i class=\"fa-long-arrow-alt-right fas awb-button__icon awb-button__icon--default button-icon-right\" aria-hidden=\"true\"><\/i><\/a><\/div><\/div><\/li>\n<li class=\"fusion-layout-column fusion_builder_column fusion-builder-column-26 fusion-flex-column postcard-grad-rijeka post-card fusion-grid-column fusion-post-cards-grid-column sehenswurdigkeiten stadt id-20739\" style=\"--awb-padding-bottom:20px;--awb-overflow:hidden;--awb-bg-color:var(--awb-color1);--awb-bg-color-hover:var(--awb-color1);--awb-bg-size:cover;--awb-box-shadow:0px 32px 52px -24px hsla(var(--awb-color8-h),var(--awb-color8-s),var(--awb-color8-l),calc(var(--awb-color8-a) - 92%));;--awb-border-radius:16px 16px 16px 16px;--awb-flex-grow:0;--awb-flex-shrink:0;--awb-flex-grow-medium:0;--awb-flex-shrink-medium:0;--awb-flex-grow-small:0;--awb-flex-shrink-small:0;\"><div class=\"fusion-column-wrapper fusion-column-has-shadow fusion-flex-justify-content-flex-start fusion-content-layout-column\"><div class=\"fusion-featured-slider-tb fusion-featured-slider-tb-23\" style=\"margin-bottom:25px;\"><div class=\"fusion-slider-sc fusion-has-margin\"><div class=\"fusion-flexslider-loading flexslider flexslider-hover-type-none fusion-slider-sc-cover\" data-slideshow_autoplay=\"0\" data-slideshow_smooth_height=\"1\" data-slideshow_speed=\"7000\" style=\"max-width:600px;height:300px;\"><ul class=\"slides\"><li class=\"image\"><span class=\"lazyload fusion-image-hover-element hover-type-none\"><img decoding=\"async\" src=\"data:image\/svg+xml,%3Csvg%20xmlns%3D%27http%3A%2F%2Fwww.w3.org%2F2000%2Fsvg%27%20width%3D%271920%27%20height%3D%271440%27%20viewBox%3D%270%200%201920%201440%27%3E%3Crect%20width%3D%271920%27%20height%3D%271440%27%20fill-opacity%3D%220%22%2F%3E%3C%2Fsvg%3E\" data-orig-src=\"https:\/\/visitrijeka.hr\/wp-content\/uploads\/2023\/03\/Stadion-Kantrida-1glavna.jpg\" width=\"1920\" height=\"1440\" class=\"lazyload wp-image-0\" \/><\/span><\/li><\/ul><\/div><\/div><\/div><div class=\"fusion-builder-row fusion-builder-row-inner fusion-row fusion-flex-align-items-flex-start fusion-flex-content-wrap\" style=\"width:104% !important;max-width:104% !important;margin-left: calc(-4% \/ 2 );margin-right: calc(-4% \/ 2 );\"><div class=\"fusion-layout-column fusion_builder_column_inner fusion-builder-nested-column-22 fusion_builder_column_inner_1_1 1_1 fusion-flex-column\" style=\"--awb-padding-right:30px;--awb-padding-bottom:0px;--awb-padding-left:30px;--awb-padding-top-medium:24px;--awb-padding-right-medium:24px;--awb-padding-bottom-medium:24px;--awb-padding-left-medium:24px;--awb-padding-top-small:20px;--awb-padding-bottom-small:20px;--awb-overflow:hidden;--awb-bg-color:var(--awb-color1);--awb-bg-color-hover:var(--awb-color1);--awb-bg-size:cover;--awb-border-radius:0px 0px 5px 5px;--awb-width-large:100%;--awb-margin-top-large:0px;--awb-spacing-right-large:1.92%;--awb-margin-bottom-large:0px;--awb-spacing-left-large:1.92%;--awb-width-medium:100%;--awb-order-medium:0;--awb-spacing-right-medium:1.92%;--awb-spacing-left-medium:1.92%;--awb-width-small:100%;--awb-order-small:0;--awb-spacing-right-small:1.92%;--awb-spacing-left-small:1.92%;\" data-scroll-devices=\"small-visibility,medium-visibility,large-visibility\"><div class=\"fusion-column-wrapper fusion-column-has-shadow fusion-flex-justify-content-space-between fusion-content-layout-row\"><div class=\"fusion-title title fusion-title-45 fusion-sep-none fusion-title-text fusion-title-size-div\" style=\"--awb-text-color:var(--awb-color4);--awb-margin-top:0px;--awb-font-size:12px;\"><div class=\"fusion-title-heading title-heading-left title-heading-tag\" style=\"font-family:&quot;SSP-Semibold-600&quot;;font-style:normal;font-weight:400;margin:0;text-transform:uppercase;font-size:1em;line-height:1;\">Sehensw\u00fcrdigkeiten<\/div><\/div><div class=\"fusion-text fusion-text-46\" style=\"--awb-margin-top:-3px;\">\n<\/div><div class=\"fusion-text fusion-text-47\">\n<\/div><\/div><\/div><\/div><div class=\"fusion-title title fusion-title-46 fusion-sep-none fusion-title-center fusion-title-text fusion-title-size-three postcard_smjestaj_naziv\" style=\"--awb-text-color:var(--awb-custom_color_7);--awb-margin-top:0px;--awb-margin-right:30px;--awb-margin-bottom:0px;--awb-margin-left:30px;--awb-margin-top-small:4px;--awb-margin-bottom-small:16px;--awb-font-size:22px;\"><h3 class=\"fusion-title-heading title-heading-center\" style=\"margin:0;font-size:1em;line-height:1.1em;\">Stadium Kantrida<\/h3><\/div><div style=\"text-align:center;\"><a class=\"fusion-button button-flat fusion-button-default-size button-custom fusion-button-default button-23 fusion-button-default-span fusion-button-default-type botun_plaze\" style=\"--button_accent_color:var(--awb-color1);--button_accent_hover_color:var(--awb-color1);--button_border_hover_color:var(--awb-color1);--button_gradient_top_color:var(--awb-custom_color_7);--button_gradient_bottom_color:var(--awb-custom_color_7);--button_gradient_top_color_hover:var(--awb-color4);--button_gradient_bottom_color_hover:var(--awb-color4);--button_text_transform:uppercase;--button_font_size:16px;--button_typography-font-family:&quot;SSP-Semibold-600&quot;;--button_typography-font-style:normal;--button_typography-font-weight:400;--button_margin-top:12px;--button_margin-bottom:20px;\" target=\"_self\" href=\"https:\/\/visitrijeka.hr\/de\/stadium-kantrida\/\"><span class=\"fusion-button-text awb-button__text awb-button__text--default\">Entdecke<\/span><i class=\"fa-long-arrow-alt-right fas awb-button__icon awb-button__icon--default button-icon-right\" aria-hidden=\"true\"><\/i><\/a><\/div><\/div><\/li>\n<li class=\"fusion-layout-column fusion_builder_column fusion-builder-column-27 fusion-flex-column postcard-grad-rijeka post-card fusion-grid-column fusion-post-cards-grid-column art-kvart das-kunstviertel sehenswurdigkeiten stadt id-35983\" style=\"--awb-padding-bottom:20px;--awb-overflow:hidden;--awb-bg-color:var(--awb-color1);--awb-bg-color-hover:var(--awb-color1);--awb-bg-size:cover;--awb-box-shadow:0px 32px 52px -24px hsla(var(--awb-color8-h),var(--awb-color8-s),var(--awb-color8-l),calc(var(--awb-color8-a) - 92%));;--awb-border-radius:16px 16px 16px 16px;--awb-flex-grow:0;--awb-flex-shrink:0;--awb-flex-grow-medium:0;--awb-flex-shrink-medium:0;--awb-flex-grow-small:0;--awb-flex-shrink-small:0;\"><div class=\"fusion-column-wrapper fusion-column-has-shadow fusion-flex-justify-content-flex-start fusion-content-layout-column\"><div class=\"fusion-featured-slider-tb fusion-featured-slider-tb-24\" style=\"margin-bottom:25px;\"><div class=\"fusion-slider-sc fusion-has-margin\"><div class=\"fusion-flexslider-loading flexslider flexslider-hover-type-none fusion-slider-sc-cover\" data-slideshow_autoplay=\"0\" data-slideshow_smooth_height=\"1\" data-slideshow_speed=\"7000\" style=\"max-width:600px;height:300px;\"><ul class=\"slides\"><li class=\"image\"><span class=\"lazyload fusion-image-hover-element hover-type-none\"><img decoding=\"async\" src=\"data:image\/svg+xml,%3Csvg%20xmlns%3D%27http%3A%2F%2Fwww.w3.org%2F2000%2Fsvg%27%20width%3D%271812%27%20height%3D%27954%27%20viewBox%3D%270%200%201812%20954%27%3E%3Crect%20width%3D%271812%27%20height%3D%27954%27%20fill-opacity%3D%220%22%2F%3E%3C%2Fsvg%3E\" data-orig-src=\"https:\/\/visitrijeka.hr\/wp-content\/uploads\/2023\/07\/Djecja-kuca.png\" alt=\"Dje\u010dja ku\u0107a logo\" width=\"1812\" height=\"954\" class=\"lazyload wp-image-0\" \/><\/span><\/li><\/ul><\/div><\/div><\/div><div class=\"fusion-builder-row fusion-builder-row-inner fusion-row fusion-flex-align-items-flex-start fusion-flex-content-wrap\" style=\"width:104% !important;max-width:104% !important;margin-left: calc(-4% \/ 2 );margin-right: calc(-4% \/ 2 );\"><div class=\"fusion-layout-column fusion_builder_column_inner fusion-builder-nested-column-23 fusion_builder_column_inner_1_1 1_1 fusion-flex-column\" style=\"--awb-padding-right:30px;--awb-padding-bottom:0px;--awb-padding-left:30px;--awb-padding-top-medium:24px;--awb-padding-right-medium:24px;--awb-padding-bottom-medium:24px;--awb-padding-left-medium:24px;--awb-padding-top-small:20px;--awb-padding-bottom-small:20px;--awb-overflow:hidden;--awb-bg-color:var(--awb-color1);--awb-bg-color-hover:var(--awb-color1);--awb-bg-size:cover;--awb-border-radius:0px 0px 5px 5px;--awb-width-large:100%;--awb-margin-top-large:0px;--awb-spacing-right-large:1.92%;--awb-margin-bottom-large:0px;--awb-spacing-left-large:1.92%;--awb-width-medium:100%;--awb-order-medium:0;--awb-spacing-right-medium:1.92%;--awb-spacing-left-medium:1.92%;--awb-width-small:100%;--awb-order-small:0;--awb-spacing-right-small:1.92%;--awb-spacing-left-small:1.92%;\" data-scroll-devices=\"small-visibility,medium-visibility,large-visibility\"><div class=\"fusion-column-wrapper fusion-column-has-shadow fusion-flex-justify-content-space-between fusion-content-layout-row\"><div class=\"fusion-title title fusion-title-47 fusion-sep-none fusion-title-text fusion-title-size-div\" style=\"--awb-text-color:var(--awb-color4);--awb-margin-top:0px;--awb-font-size:12px;\"><div class=\"fusion-title-heading title-heading-left title-heading-tag\" style=\"font-family:&quot;SSP-Semibold-600&quot;;font-style:normal;font-weight:400;margin:0;text-transform:uppercase;font-size:1em;line-height:1;\">Sehensw\u00fcrdigkeiten<\/div><\/div><div class=\"fusion-text fusion-text-48\" style=\"--awb-margin-top:-3px;\">\n<\/div><div class=\"fusion-text fusion-text-49\">\n<\/div><\/div><\/div><\/div><div class=\"fusion-title title fusion-title-48 fusion-sep-none fusion-title-center fusion-title-text fusion-title-size-three postcard_smjestaj_naziv\" style=\"--awb-text-color:var(--awb-custom_color_7);--awb-margin-top:0px;--awb-margin-right:30px;--awb-margin-bottom:0px;--awb-margin-left:30px;--awb-margin-top-small:4px;--awb-margin-bottom-small:16px;--awb-font-size:22px;\"><h3 class=\"fusion-title-heading title-heading-center\" style=\"margin:0;font-size:1em;line-height:1.1em;\">Kinderhaus<\/h3><\/div><div style=\"text-align:center;\"><a class=\"fusion-button button-flat fusion-button-default-size button-custom fusion-button-default button-24 fusion-button-default-span fusion-button-default-type botun_plaze\" style=\"--button_accent_color:var(--awb-color1);--button_accent_hover_color:var(--awb-color1);--button_border_hover_color:var(--awb-color1);--button_gradient_top_color:var(--awb-custom_color_7);--button_gradient_bottom_color:var(--awb-custom_color_7);--button_gradient_top_color_hover:var(--awb-color4);--button_gradient_bottom_color_hover:var(--awb-color4);--button_text_transform:uppercase;--button_font_size:16px;--button_typography-font-family:&quot;SSP-Semibold-600&quot;;--button_typography-font-style:normal;--button_typography-font-weight:400;--button_margin-top:12px;--button_margin-bottom:20px;\" target=\"_self\" href=\"https:\/\/visitrijeka.hr\/de\/kinderhaus\/\"><span class=\"fusion-button-text awb-button__text awb-button__text--default\">Entdecke<\/span><i class=\"fa-long-arrow-alt-right fas awb-button__icon awb-button__icon--default button-icon-right\" aria-hidden=\"true\"><\/i><\/a><\/div><\/div><\/li>\n<li class=\"fusion-layout-column fusion_builder_column fusion-builder-column-28 fusion-flex-column postcard-grad-rijeka post-card fusion-grid-column fusion-post-cards-grid-column das-kunstviertel museen stadt winter-pass-de id-26086\" style=\"--awb-padding-bottom:20px;--awb-overflow:hidden;--awb-bg-color:var(--awb-color1);--awb-bg-color-hover:var(--awb-color1);--awb-bg-size:cover;--awb-box-shadow:0px 32px 52px -24px hsla(var(--awb-color8-h),var(--awb-color8-s),var(--awb-color8-l),calc(var(--awb-color8-a) - 92%));;--awb-border-radius:16px 16px 16px 16px;--awb-flex-grow:0;--awb-flex-shrink:0;--awb-flex-grow-medium:0;--awb-flex-shrink-medium:0;--awb-flex-grow-small:0;--awb-flex-shrink-small:0;\"><div class=\"fusion-column-wrapper fusion-column-has-shadow fusion-flex-justify-content-flex-start fusion-content-layout-column\"><div class=\"fusion-featured-slider-tb fusion-featured-slider-tb-25\" style=\"margin-bottom:25px;\"><div class=\"fusion-slider-sc fusion-has-margin\"><div class=\"fusion-flexslider-loading flexslider flexslider-hover-type-none fusion-slider-sc-cover\" data-slideshow_autoplay=\"0\" data-slideshow_smooth_height=\"1\" data-slideshow_speed=\"7000\" style=\"max-width:600px;height:300px;\"><ul class=\"slides\"><li class=\"image\"><span class=\"lazyload fusion-image-hover-element hover-type-none\"><img decoding=\"async\" src=\"data:image\/svg+xml,%3Csvg%20xmlns%3D%27http%3A%2F%2Fwww.w3.org%2F2000%2Fsvg%27%20width%3D%271080%27%20height%3D%27708%27%20viewBox%3D%270%200%201080%20708%27%3E%3Crect%20width%3D%271080%27%20height%3D%27708%27%20fill-opacity%3D%220%22%2F%3E%3C%2Fsvg%3E\" data-orig-src=\"https:\/\/visitrijeka.hr\/wp-content\/uploads\/2023\/03\/MMSU.jpeg\" width=\"1080\" height=\"708\" class=\"lazyload wp-image-0\" \/><\/span><\/li><\/ul><\/div><\/div><\/div><div class=\"fusion-builder-row fusion-builder-row-inner fusion-row fusion-flex-align-items-flex-start fusion-flex-content-wrap\" style=\"width:104% !important;max-width:104% !important;margin-left: calc(-4% \/ 2 );margin-right: calc(-4% \/ 2 );\"><div class=\"fusion-layout-column fusion_builder_column_inner fusion-builder-nested-column-24 fusion_builder_column_inner_1_1 1_1 fusion-flex-column\" style=\"--awb-padding-right:30px;--awb-padding-bottom:0px;--awb-padding-left:30px;--awb-padding-top-medium:24px;--awb-padding-right-medium:24px;--awb-padding-bottom-medium:24px;--awb-padding-left-medium:24px;--awb-padding-top-small:20px;--awb-padding-bottom-small:20px;--awb-overflow:hidden;--awb-bg-color:var(--awb-color1);--awb-bg-color-hover:var(--awb-color1);--awb-bg-size:cover;--awb-border-radius:0px 0px 5px 5px;--awb-width-large:100%;--awb-margin-top-large:0px;--awb-spacing-right-large:1.92%;--awb-margin-bottom-large:0px;--awb-spacing-left-large:1.92%;--awb-width-medium:100%;--awb-order-medium:0;--awb-spacing-right-medium:1.92%;--awb-spacing-left-medium:1.92%;--awb-width-small:100%;--awb-order-small:0;--awb-spacing-right-small:1.92%;--awb-spacing-left-small:1.92%;\" data-scroll-devices=\"small-visibility,medium-visibility,large-visibility\"><div class=\"fusion-column-wrapper fusion-column-has-shadow fusion-flex-justify-content-space-between fusion-content-layout-row\"><div class=\"fusion-title title fusion-title-49 fusion-sep-none fusion-title-text fusion-title-size-div\" style=\"--awb-text-color:var(--awb-color4);--awb-margin-top:0px;--awb-font-size:12px;\"><div class=\"fusion-title-heading title-heading-left title-heading-tag\" style=\"font-family:&quot;SSP-Semibold-600&quot;;font-style:normal;font-weight:400;margin:0;text-transform:uppercase;font-size:1em;line-height:1;\">Museen<\/div><\/div><div class=\"fusion-text fusion-text-50\" style=\"--awb-margin-top:-3px;\">\n<\/div><div class=\"fusion-text fusion-text-51\">\n<\/div><\/div><\/div><\/div><div class=\"fusion-title title fusion-title-50 fusion-sep-none fusion-title-center fusion-title-text fusion-title-size-three postcard_smjestaj_naziv\" style=\"--awb-text-color:var(--awb-custom_color_7);--awb-margin-top:0px;--awb-margin-right:30px;--awb-margin-bottom:0px;--awb-margin-left:30px;--awb-margin-top-small:4px;--awb-margin-bottom-small:16px;--awb-font-size:22px;\"><h3 class=\"fusion-title-heading title-heading-center\" style=\"margin:0;font-size:1em;line-height:1.1em;\">Museum der modernen und zeitgen\u00f6ssischen Kunst<\/h3><\/div><div style=\"text-align:center;\"><a class=\"fusion-button button-flat fusion-button-default-size button-custom fusion-button-default button-25 fusion-button-default-span fusion-button-default-type botun_plaze\" style=\"--button_accent_color:var(--awb-color1);--button_accent_hover_color:var(--awb-color1);--button_border_hover_color:var(--awb-color1);--button_gradient_top_color:var(--awb-custom_color_7);--button_gradient_bottom_color:var(--awb-custom_color_7);--button_gradient_top_color_hover:var(--awb-color4);--button_gradient_bottom_color_hover:var(--awb-color4);--button_text_transform:uppercase;--button_font_size:16px;--button_typography-font-family:&quot;SSP-Semibold-600&quot;;--button_typography-font-style:normal;--button_typography-font-weight:400;--button_margin-top:12px;--button_margin-bottom:20px;\" target=\"_self\" href=\"https:\/\/visitrijeka.hr\/de\/museum-der-modernen-und-zeitgenoessischen-kunst\/\"><span class=\"fusion-button-text awb-button__text awb-button__text--default\">Entdecke<\/span><i class=\"fa-long-arrow-alt-right fas awb-button__icon awb-button__icon--default button-icon-right\" aria-hidden=\"true\"><\/i><\/a><\/div><\/div><\/li>\n<li class=\"fusion-layout-column fusion_builder_column fusion-builder-column-29 fusion-flex-column postcard-grad-rijeka post-card fusion-grid-column fusion-post-cards-grid-column parks stadt id-103069\" style=\"--awb-padding-bottom:20px;--awb-overflow:hidden;--awb-bg-color:var(--awb-color1);--awb-bg-color-hover:var(--awb-color1);--awb-bg-size:cover;--awb-box-shadow:0px 32px 52px -24px hsla(var(--awb-color8-h),var(--awb-color8-s),var(--awb-color8-l),calc(var(--awb-color8-a) - 92%));;--awb-border-radius:16px 16px 16px 16px;--awb-flex-grow:0;--awb-flex-shrink:0;--awb-flex-grow-medium:0;--awb-flex-shrink-medium:0;--awb-flex-grow-small:0;--awb-flex-shrink-small:0;\"><div class=\"fusion-column-wrapper fusion-column-has-shadow fusion-flex-justify-content-flex-start fusion-content-layout-column\"><div class=\"fusion-featured-slider-tb fusion-featured-slider-tb-26\" style=\"margin-bottom:25px;\"><div class=\"fusion-slider-sc fusion-has-margin\"><div class=\"fusion-flexslider-loading flexslider flexslider-hover-type-none fusion-slider-sc-cover\" data-slideshow_autoplay=\"0\" data-slideshow_smooth_height=\"1\" data-slideshow_speed=\"7000\" style=\"max-width:600px;height:300px;\"><ul class=\"slides\"><li class=\"image\"><span class=\"lazyload fusion-image-hover-element hover-type-none\"><img decoding=\"async\" src=\"data:image\/svg+xml,%3Csvg%20xmlns%3D%27http%3A%2F%2Fwww.w3.org%2F2000%2Fsvg%27%20width%3D%272000%27%20height%3D%271125%27%20viewBox%3D%270%200%202000%201125%27%3E%3Crect%20width%3D%272000%27%20height%3D%271125%27%20fill-opacity%3D%220%22%2F%3E%3C%2Fsvg%3E\" data-orig-src=\"https:\/\/visitrijeka.hr\/wp-content\/uploads\/2025\/12\/TZ-RIJEKA-VODOSPREMA-5.jpg\" width=\"2000\" height=\"1125\" class=\"lazyload wp-image-0\" \/><\/span><\/li><li class=\"image\"><span class=\"lazyload fusion-image-hover-element hover-type-none\"><img decoding=\"async\" src=\"https:\/\/visitrijeka.hr\/wp-content\/uploads\/2025\/12\/TZ-RIJEKA-VODOSPREMA-11.jpg\" data-orig-src=\"https:\/\/visitrijeka.hr\/wp-content\/uploads\/2025\/12\/TZ-RIJEKA-VODOSPREMA-11.jpg\" width=\"1334\" height=\"2000\" class=\"lazyload wp-image-103042\" srcset=\"data:image\/svg+xml,%3Csvg%20xmlns%3D%27http%3A%2F%2Fwww.w3.org%2F2000%2Fsvg%27%20width%3D%271334%27%20height%3D%272000%27%20viewBox%3D%270%200%201334%202000%27%3E%3Crect%20width%3D%271334%27%20height%3D%272000%27%20fill-opacity%3D%220%22%2F%3E%3C%2Fsvg%3E\" data-srcset=\"https:\/\/visitrijeka.hr\/wp-content\/uploads\/2025\/12\/TZ-RIJEKA-VODOSPREMA-11-200x300.jpg 200w, https:\/\/visitrijeka.hr\/wp-content\/uploads\/2025\/12\/TZ-RIJEKA-VODOSPREMA-11-400x600.jpg 400w, https:\/\/visitrijeka.hr\/wp-content\/uploads\/2025\/12\/TZ-RIJEKA-VODOSPREMA-11-600x900.jpg 600w, https:\/\/visitrijeka.hr\/wp-content\/uploads\/2025\/12\/TZ-RIJEKA-VODOSPREMA-11-800x1199.jpg 800w, https:\/\/visitrijeka.hr\/wp-content\/uploads\/2025\/12\/TZ-RIJEKA-VODOSPREMA-11-1200x1799.jpg 1200w, https:\/\/visitrijeka.hr\/wp-content\/uploads\/2025\/12\/TZ-RIJEKA-VODOSPREMA-11.jpg 1334w\" data-sizes=\"auto\" data-orig-sizes=\"(max-width: 800px) 100vw, 1334px\" \/><\/span><\/li><li class=\"image\"><span class=\"lazyload fusion-image-hover-element hover-type-none\"><img decoding=\"async\" src=\"https:\/\/visitrijeka.hr\/wp-content\/uploads\/2025\/12\/TZ-RIJEKA-VODOSPREMA-17.jpg\" data-orig-src=\"https:\/\/visitrijeka.hr\/wp-content\/uploads\/2025\/12\/TZ-RIJEKA-VODOSPREMA-17.jpg\" width=\"2000\" height=\"1334\" class=\"lazyload wp-image-103048\" srcset=\"data:image\/svg+xml,%3Csvg%20xmlns%3D%27http%3A%2F%2Fwww.w3.org%2F2000%2Fsvg%27%20width%3D%272000%27%20height%3D%271334%27%20viewBox%3D%270%200%202000%201334%27%3E%3Crect%20width%3D%272000%27%20height%3D%271334%27%20fill-opacity%3D%220%22%2F%3E%3C%2Fsvg%3E\" data-srcset=\"https:\/\/visitrijeka.hr\/wp-content\/uploads\/2025\/12\/TZ-RIJEKA-VODOSPREMA-17-200x133.jpg 200w, https:\/\/visitrijeka.hr\/wp-content\/uploads\/2025\/12\/TZ-RIJEKA-VODOSPREMA-17-400x267.jpg 400w, https:\/\/visitrijeka.hr\/wp-content\/uploads\/2025\/12\/TZ-RIJEKA-VODOSPREMA-17-600x400.jpg 600w, https:\/\/visitrijeka.hr\/wp-content\/uploads\/2025\/12\/TZ-RIJEKA-VODOSPREMA-17-800x534.jpg 800w, https:\/\/visitrijeka.hr\/wp-content\/uploads\/2025\/12\/TZ-RIJEKA-VODOSPREMA-17-1200x800.jpg 1200w, https:\/\/visitrijeka.hr\/wp-content\/uploads\/2025\/12\/TZ-RIJEKA-VODOSPREMA-17.jpg 2000w\" data-sizes=\"auto\" data-orig-sizes=\"(max-width: 800px) 100vw, 2000px\" \/><\/span><\/li><li class=\"image\"><span class=\"lazyload fusion-image-hover-element hover-type-none\"><img decoding=\"async\" src=\"https:\/\/visitrijeka.hr\/wp-content\/uploads\/2025\/12\/TZ-RIJEKA-VODOSPREMA-10.jpg\" data-orig-src=\"https:\/\/visitrijeka.hr\/wp-content\/uploads\/2025\/12\/TZ-RIJEKA-VODOSPREMA-10.jpg\" width=\"2000\" height=\"1334\" class=\"lazyload wp-image-103054\" srcset=\"data:image\/svg+xml,%3Csvg%20xmlns%3D%27http%3A%2F%2Fwww.w3.org%2F2000%2Fsvg%27%20width%3D%272000%27%20height%3D%271334%27%20viewBox%3D%270%200%202000%201334%27%3E%3Crect%20width%3D%272000%27%20height%3D%271334%27%20fill-opacity%3D%220%22%2F%3E%3C%2Fsvg%3E\" data-srcset=\"https:\/\/visitrijeka.hr\/wp-content\/uploads\/2025\/12\/TZ-RIJEKA-VODOSPREMA-10-200x133.jpg 200w, https:\/\/visitrijeka.hr\/wp-content\/uploads\/2025\/12\/TZ-RIJEKA-VODOSPREMA-10-400x267.jpg 400w, https:\/\/visitrijeka.hr\/wp-content\/uploads\/2025\/12\/TZ-RIJEKA-VODOSPREMA-10-600x400.jpg 600w, https:\/\/visitrijeka.hr\/wp-content\/uploads\/2025\/12\/TZ-RIJEKA-VODOSPREMA-10-800x534.jpg 800w, https:\/\/visitrijeka.hr\/wp-content\/uploads\/2025\/12\/TZ-RIJEKA-VODOSPREMA-10-1200x800.jpg 1200w, https:\/\/visitrijeka.hr\/wp-content\/uploads\/2025\/12\/TZ-RIJEKA-VODOSPREMA-10.jpg 2000w\" data-sizes=\"auto\" data-orig-sizes=\"(max-width: 800px) 100vw, 2000px\" \/><\/span><\/li><li class=\"image\"><span class=\"lazyload fusion-image-hover-element hover-type-none\"><img decoding=\"async\" src=\"https:\/\/visitrijeka.hr\/wp-content\/uploads\/2025\/12\/TZ-RIJEKA-VODOSPREMA-1.jpg\" data-orig-src=\"https:\/\/visitrijeka.hr\/wp-content\/uploads\/2025\/12\/TZ-RIJEKA-VODOSPREMA-1.jpg\" width=\"1334\" height=\"2000\" class=\"lazyload wp-image-103060\" srcset=\"data:image\/svg+xml,%3Csvg%20xmlns%3D%27http%3A%2F%2Fwww.w3.org%2F2000%2Fsvg%27%20width%3D%271334%27%20height%3D%272000%27%20viewBox%3D%270%200%201334%202000%27%3E%3Crect%20width%3D%271334%27%20height%3D%272000%27%20fill-opacity%3D%220%22%2F%3E%3C%2Fsvg%3E\" data-srcset=\"https:\/\/visitrijeka.hr\/wp-content\/uploads\/2025\/12\/TZ-RIJEKA-VODOSPREMA-1-200x300.jpg 200w, https:\/\/visitrijeka.hr\/wp-content\/uploads\/2025\/12\/TZ-RIJEKA-VODOSPREMA-1-400x600.jpg 400w, https:\/\/visitrijeka.hr\/wp-content\/uploads\/2025\/12\/TZ-RIJEKA-VODOSPREMA-1-600x900.jpg 600w, https:\/\/visitrijeka.hr\/wp-content\/uploads\/2025\/12\/TZ-RIJEKA-VODOSPREMA-1-800x1199.jpg 800w, https:\/\/visitrijeka.hr\/wp-content\/uploads\/2025\/12\/TZ-RIJEKA-VODOSPREMA-1-1200x1799.jpg 1200w, https:\/\/visitrijeka.hr\/wp-content\/uploads\/2025\/12\/TZ-RIJEKA-VODOSPREMA-1.jpg 1334w\" data-sizes=\"auto\" data-orig-sizes=\"(max-width: 800px) 100vw, 1334px\" \/><\/span><\/li><\/ul><\/div><\/div><\/div><div class=\"fusion-builder-row fusion-builder-row-inner fusion-row fusion-flex-align-items-flex-start fusion-flex-content-wrap\" style=\"width:104% !important;max-width:104% !important;margin-left: calc(-4% \/ 2 );margin-right: calc(-4% \/ 2 );\"><div class=\"fusion-layout-column fusion_builder_column_inner fusion-builder-nested-column-25 fusion_builder_column_inner_1_1 1_1 fusion-flex-column\" style=\"--awb-padding-right:30px;--awb-padding-bottom:0px;--awb-padding-left:30px;--awb-padding-top-medium:24px;--awb-padding-right-medium:24px;--awb-padding-bottom-medium:24px;--awb-padding-left-medium:24px;--awb-padding-top-small:20px;--awb-padding-bottom-small:20px;--awb-overflow:hidden;--awb-bg-color:var(--awb-color1);--awb-bg-color-hover:var(--awb-color1);--awb-bg-size:cover;--awb-border-radius:0px 0px 5px 5px;--awb-width-large:100%;--awb-margin-top-large:0px;--awb-spacing-right-large:1.92%;--awb-margin-bottom-large:0px;--awb-spacing-left-large:1.92%;--awb-width-medium:100%;--awb-order-medium:0;--awb-spacing-right-medium:1.92%;--awb-spacing-left-medium:1.92%;--awb-width-small:100%;--awb-order-small:0;--awb-spacing-right-small:1.92%;--awb-spacing-left-small:1.92%;\" data-scroll-devices=\"small-visibility,medium-visibility,large-visibility\"><div class=\"fusion-column-wrapper fusion-column-has-shadow fusion-flex-justify-content-space-between fusion-content-layout-row\"><div class=\"fusion-title title fusion-title-51 fusion-sep-none fusion-title-text fusion-title-size-div\" style=\"--awb-text-color:var(--awb-color4);--awb-margin-top:0px;--awb-font-size:12px;\"><div class=\"fusion-title-heading title-heading-left title-heading-tag\" style=\"font-family:&quot;SSP-Semibold-600&quot;;font-style:normal;font-weight:400;margin:0;text-transform:uppercase;font-size:1em;line-height:1;\">Parks<\/div><\/div><div class=\"fusion-text fusion-text-52\" style=\"--awb-margin-top:-3px;\">\n<\/div><div class=\"fusion-text fusion-text-53\">\n<\/div><\/div><\/div><\/div><div class=\"fusion-title title fusion-title-52 fusion-sep-none fusion-title-center fusion-title-text fusion-title-size-three postcard_smjestaj_naziv\" style=\"--awb-text-color:var(--awb-custom_color_7);--awb-margin-top:0px;--awb-margin-right:30px;--awb-margin-bottom:0px;--awb-margin-left:30px;--awb-margin-top-small:4px;--awb-margin-bottom-small:16px;--awb-font-size:22px;\"><h3 class=\"fusion-title-heading title-heading-center\" style=\"margin:0;font-size:1em;line-height:1.1em;\">Park Lole Ribara \u2013 Ein historischer Ort der Wasserversorgung von Su\u0161ak<\/h3><\/div><div style=\"text-align:center;\"><a class=\"fusion-button button-flat fusion-button-default-size button-custom fusion-button-default button-26 fusion-button-default-span fusion-button-default-type botun_plaze\" style=\"--button_accent_color:var(--awb-color1);--button_accent_hover_color:var(--awb-color1);--button_border_hover_color:var(--awb-color1);--button_gradient_top_color:var(--awb-custom_color_7);--button_gradient_bottom_color:var(--awb-custom_color_7);--button_gradient_top_color_hover:var(--awb-color4);--button_gradient_bottom_color_hover:var(--awb-color4);--button_text_transform:uppercase;--button_font_size:16px;--button_typography-font-family:&quot;SSP-Semibold-600&quot;;--button_typography-font-style:normal;--button_typography-font-weight:400;--button_margin-top:12px;--button_margin-bottom:20px;\" target=\"_self\" href=\"https:\/\/visitrijeka.hr\/de\/park-lole-ribara-povijesno-mjesto-susackog-vodovoda\/\"><span class=\"fusion-button-text awb-button__text awb-button__text--default\">Entdecke<\/span><i class=\"fa-long-arrow-alt-right fas awb-button__icon awb-button__icon--default button-icon-right\" aria-hidden=\"true\"><\/i><\/a><\/div><\/div><\/li>\n<li class=\"fusion-layout-column fusion_builder_column fusion-builder-column-30 fusion-flex-column postcard-grad-rijeka post-card fusion-grid-column fusion-post-cards-grid-column sehenswurdigkeiten stadt id-20585\" style=\"--awb-padding-bottom:20px;--awb-overflow:hidden;--awb-bg-color:var(--awb-color1);--awb-bg-color-hover:var(--awb-color1);--awb-bg-size:cover;--awb-box-shadow:0px 32px 52px -24px hsla(var(--awb-color8-h),var(--awb-color8-s),var(--awb-color8-l),calc(var(--awb-color8-a) - 92%));;--awb-border-radius:16px 16px 16px 16px;--awb-flex-grow:0;--awb-flex-shrink:0;--awb-flex-grow-medium:0;--awb-flex-shrink-medium:0;--awb-flex-grow-small:0;--awb-flex-shrink-small:0;\"><div class=\"fusion-column-wrapper fusion-column-has-shadow fusion-flex-justify-content-flex-start fusion-content-layout-column\"><div class=\"fusion-featured-slider-tb fusion-featured-slider-tb-27\" style=\"margin-bottom:25px;\"><div class=\"fusion-slider-sc fusion-has-margin\"><div class=\"fusion-flexslider-loading flexslider flexslider-hover-type-none fusion-slider-sc-cover\" data-slideshow_autoplay=\"0\" data-slideshow_smooth_height=\"1\" data-slideshow_speed=\"7000\" style=\"max-width:600px;height:300px;\"><ul class=\"slides\"><li class=\"image\"><span class=\"lazyload fusion-image-hover-element hover-type-none\"><img decoding=\"async\" src=\"data:image\/svg+xml,%3Csvg%20xmlns%3D%27http%3A%2F%2Fwww.w3.org%2F2000%2Fsvg%27%20width%3D%271920%27%20height%3D%271280%27%20viewBox%3D%270%200%201920%201280%27%3E%3Crect%20width%3D%271920%27%20height%3D%271280%27%20fill-opacity%3D%220%22%2F%3E%3C%2Fsvg%3E\" data-orig-src=\"https:\/\/visitrijeka.hr\/wp-content\/uploads\/2023\/03\/Trg-Ivana-Koblera33.jpg\" width=\"1920\" height=\"1280\" class=\"lazyload wp-image-0\" \/><\/span><\/li><\/ul><\/div><\/div><\/div><div class=\"fusion-builder-row fusion-builder-row-inner fusion-row fusion-flex-align-items-flex-start fusion-flex-content-wrap\" style=\"width:104% !important;max-width:104% !important;margin-left: calc(-4% \/ 2 );margin-right: calc(-4% \/ 2 );\"><div class=\"fusion-layout-column fusion_builder_column_inner fusion-builder-nested-column-26 fusion_builder_column_inner_1_1 1_1 fusion-flex-column\" style=\"--awb-padding-right:30px;--awb-padding-bottom:0px;--awb-padding-left:30px;--awb-padding-top-medium:24px;--awb-padding-right-medium:24px;--awb-padding-bottom-medium:24px;--awb-padding-left-medium:24px;--awb-padding-top-small:20px;--awb-padding-bottom-small:20px;--awb-overflow:hidden;--awb-bg-color:var(--awb-color1);--awb-bg-color-hover:var(--awb-color1);--awb-bg-size:cover;--awb-border-radius:0px 0px 5px 5px;--awb-width-large:100%;--awb-margin-top-large:0px;--awb-spacing-right-large:1.92%;--awb-margin-bottom-large:0px;--awb-spacing-left-large:1.92%;--awb-width-medium:100%;--awb-order-medium:0;--awb-spacing-right-medium:1.92%;--awb-spacing-left-medium:1.92%;--awb-width-small:100%;--awb-order-small:0;--awb-spacing-right-small:1.92%;--awb-spacing-left-small:1.92%;\" data-scroll-devices=\"small-visibility,medium-visibility,large-visibility\"><div class=\"fusion-column-wrapper fusion-column-has-shadow fusion-flex-justify-content-space-between fusion-content-layout-row\"><div class=\"fusion-title title fusion-title-53 fusion-sep-none fusion-title-text fusion-title-size-div\" style=\"--awb-text-color:var(--awb-color4);--awb-margin-top:0px;--awb-font-size:12px;\"><div class=\"fusion-title-heading title-heading-left title-heading-tag\" style=\"font-family:&quot;SSP-Semibold-600&quot;;font-style:normal;font-weight:400;margin:0;text-transform:uppercase;font-size:1em;line-height:1;\">Sehensw\u00fcrdigkeiten<\/div><\/div><div class=\"fusion-text fusion-text-54\" style=\"--awb-margin-top:-3px;\">\n<\/div><div class=\"fusion-text fusion-text-55\">\n<\/div><\/div><\/div><\/div><div class=\"fusion-title title fusion-title-54 fusion-sep-none fusion-title-center fusion-title-text fusion-title-size-three postcard_smjestaj_naziv\" style=\"--awb-text-color:var(--awb-custom_color_7);--awb-margin-top:0px;--awb-margin-right:30px;--awb-margin-bottom:0px;--awb-margin-left:30px;--awb-margin-top-small:4px;--awb-margin-bottom-small:16px;--awb-font-size:22px;\"><h3 class=\"fusion-title-heading title-heading-center\" style=\"margin:0;font-size:1em;line-height:1.1em;\">Ivan-Kobler-Platz<\/h3><\/div><div style=\"text-align:center;\"><a class=\"fusion-button button-flat fusion-button-default-size button-custom fusion-button-default button-27 fusion-button-default-span fusion-button-default-type botun_plaze\" style=\"--button_accent_color:var(--awb-color1);--button_accent_hover_color:var(--awb-color1);--button_border_hover_color:var(--awb-color1);--button_gradient_top_color:var(--awb-custom_color_7);--button_gradient_bottom_color:var(--awb-custom_color_7);--button_gradient_top_color_hover:var(--awb-color4);--button_gradient_bottom_color_hover:var(--awb-color4);--button_text_transform:uppercase;--button_font_size:16px;--button_typography-font-family:&quot;SSP-Semibold-600&quot;;--button_typography-font-style:normal;--button_typography-font-weight:400;--button_margin-top:12px;--button_margin-bottom:20px;\" target=\"_self\" href=\"https:\/\/visitrijeka.hr\/de\/ivan-kobler-platz\/\"><span class=\"fusion-button-text awb-button__text awb-button__text--default\">Entdecke<\/span><i class=\"fa-long-arrow-alt-right fas awb-button__icon awb-button__icon--default button-icon-right\" aria-hidden=\"true\"><\/i><\/a><\/div><\/div><\/li>\n<li class=\"fusion-layout-column fusion_builder_column fusion-builder-column-31 fusion-flex-column postcard-grad-rijeka post-card fusion-grid-column fusion-post-cards-grid-column architektur id-29092\" style=\"--awb-padding-bottom:20px;--awb-overflow:hidden;--awb-bg-color:var(--awb-color1);--awb-bg-color-hover:var(--awb-color1);--awb-bg-size:cover;--awb-box-shadow:0px 32px 52px -24px hsla(var(--awb-color8-h),var(--awb-color8-s),var(--awb-color8-l),calc(var(--awb-color8-a) - 92%));;--awb-border-radius:16px 16px 16px 16px;--awb-flex-grow:0;--awb-flex-shrink:0;--awb-flex-grow-medium:0;--awb-flex-shrink-medium:0;--awb-flex-grow-small:0;--awb-flex-shrink-small:0;\"><div class=\"fusion-column-wrapper fusion-column-has-shadow fusion-flex-justify-content-flex-start fusion-content-layout-column\"><div class=\"fusion-featured-slider-tb fusion-featured-slider-tb-28\" style=\"margin-bottom:25px;\"><div class=\"fusion-slider-sc fusion-has-margin\"><div class=\"fusion-flexslider-loading flexslider flexslider-hover-type-none fusion-slider-sc-cover\" data-slideshow_autoplay=\"0\" data-slideshow_smooth_height=\"1\" data-slideshow_speed=\"7000\" style=\"max-width:600px;height:300px;\"><ul class=\"slides\"><li class=\"image\"><span class=\"lazyload fusion-image-hover-element hover-type-none\"><img decoding=\"async\" src=\"data:image\/svg+xml,%3Csvg%20xmlns%3D%27http%3A%2F%2Fwww.w3.org%2F2000%2Fsvg%27%20width%3D%271920%27%20height%3D%271440%27%20viewBox%3D%270%200%201920%201440%27%3E%3Crect%20width%3D%271920%27%20height%3D%271440%27%20fill-opacity%3D%220%22%2F%3E%3C%2Fsvg%3E\" data-orig-src=\"https:\/\/visitrijeka.hr\/wp-content\/uploads\/2023\/03\/kino-teat-corso-glavna.jpg\" width=\"1920\" height=\"1440\" class=\"lazyload wp-image-0\" \/><\/span><\/li><\/ul><\/div><\/div><\/div><div class=\"fusion-builder-row fusion-builder-row-inner fusion-row fusion-flex-align-items-flex-start fusion-flex-content-wrap\" style=\"width:104% !important;max-width:104% !important;margin-left: calc(-4% \/ 2 );margin-right: calc(-4% \/ 2 );\"><div class=\"fusion-layout-column fusion_builder_column_inner fusion-builder-nested-column-27 fusion_builder_column_inner_1_1 1_1 fusion-flex-column\" style=\"--awb-padding-right:30px;--awb-padding-bottom:0px;--awb-padding-left:30px;--awb-padding-top-medium:24px;--awb-padding-right-medium:24px;--awb-padding-bottom-medium:24px;--awb-padding-left-medium:24px;--awb-padding-top-small:20px;--awb-padding-bottom-small:20px;--awb-overflow:hidden;--awb-bg-color:var(--awb-color1);--awb-bg-color-hover:var(--awb-color1);--awb-bg-size:cover;--awb-border-radius:0px 0px 5px 5px;--awb-width-large:100%;--awb-margin-top-large:0px;--awb-spacing-right-large:1.92%;--awb-margin-bottom-large:0px;--awb-spacing-left-large:1.92%;--awb-width-medium:100%;--awb-order-medium:0;--awb-spacing-right-medium:1.92%;--awb-spacing-left-medium:1.92%;--awb-width-small:100%;--awb-order-small:0;--awb-spacing-right-small:1.92%;--awb-spacing-left-small:1.92%;\" data-scroll-devices=\"small-visibility,medium-visibility,large-visibility\"><div class=\"fusion-column-wrapper fusion-column-has-shadow fusion-flex-justify-content-space-between fusion-content-layout-row\"><div class=\"fusion-title title fusion-title-55 fusion-sep-none fusion-title-text fusion-title-size-div\" style=\"--awb-text-color:var(--awb-color4);--awb-margin-top:0px;--awb-font-size:12px;\"><div class=\"fusion-title-heading title-heading-left title-heading-tag\" style=\"font-family:&quot;SSP-Semibold-600&quot;;font-style:normal;font-weight:400;margin:0;text-transform:uppercase;font-size:1em;line-height:1;\">Architektur<\/div><\/div><div class=\"fusion-text fusion-text-56\" style=\"--awb-margin-top:-3px;\">\n<\/div><div class=\"fusion-text fusion-text-57\">\n<\/div><\/div><\/div><\/div><div class=\"fusion-title title fusion-title-56 fusion-sep-none fusion-title-center fusion-title-text fusion-title-size-three postcard_smjestaj_naziv\" style=\"--awb-text-color:var(--awb-custom_color_7);--awb-margin-top:0px;--awb-margin-right:30px;--awb-margin-bottom:0px;--awb-margin-left:30px;--awb-margin-top-small:4px;--awb-margin-bottom-small:16px;--awb-font-size:22px;\"><h3 class=\"fusion-title-heading title-heading-center\" style=\"margin:0;font-size:1em;line-height:1.1em;\">Kino-Theater Corso<\/h3><\/div><div style=\"text-align:center;\"><a class=\"fusion-button button-flat fusion-button-default-size button-custom fusion-button-default button-28 fusion-button-default-span fusion-button-default-type botun_plaze\" style=\"--button_accent_color:var(--awb-color1);--button_accent_hover_color:var(--awb-color1);--button_border_hover_color:var(--awb-color1);--button_gradient_top_color:var(--awb-custom_color_7);--button_gradient_bottom_color:var(--awb-custom_color_7);--button_gradient_top_color_hover:var(--awb-color4);--button_gradient_bottom_color_hover:var(--awb-color4);--button_text_transform:uppercase;--button_font_size:16px;--button_typography-font-family:&quot;SSP-Semibold-600&quot;;--button_typography-font-style:normal;--button_typography-font-weight:400;--button_margin-top:12px;--button_margin-bottom:20px;\" target=\"_self\" href=\"https:\/\/visitrijeka.hr\/de\/kino-theater-corso\/\"><span class=\"fusion-button-text awb-button__text awb-button__text--default\">Entdecke<\/span><i class=\"fa-long-arrow-alt-right fas awb-button__icon awb-button__icon--default button-icon-right\" aria-hidden=\"true\"><\/i><\/a><\/div><\/div><\/li>\n<li class=\"fusion-layout-column fusion_builder_column fusion-builder-column-32 fusion-flex-column postcard-grad-rijeka post-card fusion-grid-column fusion-post-cards-grid-column sehenswurdigkeiten stadt winter-pass-de id-20809\" style=\"--awb-padding-bottom:20px;--awb-overflow:hidden;--awb-bg-color:var(--awb-color1);--awb-bg-color-hover:var(--awb-color1);--awb-bg-size:cover;--awb-box-shadow:0px 32px 52px -24px hsla(var(--awb-color8-h),var(--awb-color8-s),var(--awb-color8-l),calc(var(--awb-color8-a) - 92%));;--awb-border-radius:16px 16px 16px 16px;--awb-flex-grow:0;--awb-flex-shrink:0;--awb-flex-grow-medium:0;--awb-flex-shrink-medium:0;--awb-flex-grow-small:0;--awb-flex-shrink-small:0;\"><div class=\"fusion-column-wrapper fusion-column-has-shadow fusion-flex-justify-content-flex-start fusion-content-layout-column\"><div class=\"fusion-featured-slider-tb fusion-featured-slider-tb-29\" style=\"margin-bottom:25px;\"><div class=\"fusion-slider-sc fusion-has-margin\"><div class=\"fusion-flexslider-loading flexslider flexslider-hover-type-none fusion-slider-sc-cover\" data-slideshow_autoplay=\"0\" data-slideshow_smooth_height=\"1\" data-slideshow_speed=\"7000\" style=\"max-width:600px;height:300px;\"><ul class=\"slides\"><li class=\"image\"><span class=\"lazyload fusion-image-hover-element hover-type-none\"><img decoding=\"async\" src=\"data:image\/svg+xml,%3Csvg%20xmlns%3D%27http%3A%2F%2Fwww.w3.org%2F2000%2Fsvg%27%20width%3D%271920%27%20height%3D%271280%27%20viewBox%3D%270%200%201920%201280%27%3E%3Crect%20width%3D%271920%27%20height%3D%271280%27%20fill-opacity%3D%220%22%2F%3E%3C%2Fsvg%3E\" data-orig-src=\"https:\/\/visitrijeka.hr\/wp-content\/uploads\/2023\/04\/ACR_017-scaled-1-1.jpg\" width=\"1920\" height=\"1280\" class=\"lazyload wp-image-0\" \/><\/span><\/li><\/ul><\/div><\/div><\/div><div class=\"fusion-builder-row fusion-builder-row-inner fusion-row fusion-flex-align-items-flex-start fusion-flex-content-wrap\" style=\"width:104% !important;max-width:104% !important;margin-left: calc(-4% \/ 2 );margin-right: calc(-4% \/ 2 );\"><div class=\"fusion-layout-column fusion_builder_column_inner fusion-builder-nested-column-28 fusion_builder_column_inner_1_1 1_1 fusion-flex-column\" style=\"--awb-padding-right:30px;--awb-padding-bottom:0px;--awb-padding-left:30px;--awb-padding-top-medium:24px;--awb-padding-right-medium:24px;--awb-padding-bottom-medium:24px;--awb-padding-left-medium:24px;--awb-padding-top-small:20px;--awb-padding-bottom-small:20px;--awb-overflow:hidden;--awb-bg-color:var(--awb-color1);--awb-bg-color-hover:var(--awb-color1);--awb-bg-size:cover;--awb-border-radius:0px 0px 5px 5px;--awb-width-large:100%;--awb-margin-top-large:0px;--awb-spacing-right-large:1.92%;--awb-margin-bottom-large:0px;--awb-spacing-left-large:1.92%;--awb-width-medium:100%;--awb-order-medium:0;--awb-spacing-right-medium:1.92%;--awb-spacing-left-medium:1.92%;--awb-width-small:100%;--awb-order-small:0;--awb-spacing-right-small:1.92%;--awb-spacing-left-small:1.92%;\" data-scroll-devices=\"small-visibility,medium-visibility,large-visibility\"><div class=\"fusion-column-wrapper fusion-column-has-shadow fusion-flex-justify-content-space-between fusion-content-layout-row\"><div class=\"fusion-title title fusion-title-57 fusion-sep-none fusion-title-text fusion-title-size-div\" style=\"--awb-text-color:var(--awb-color4);--awb-margin-top:0px;--awb-font-size:12px;\"><div class=\"fusion-title-heading title-heading-left title-heading-tag\" style=\"font-family:&quot;SSP-Semibold-600&quot;;font-style:normal;font-weight:400;margin:0;text-transform:uppercase;font-size:1em;line-height:1;\">Sehensw\u00fcrdigkeiten<\/div><\/div><div class=\"fusion-text fusion-text-58\" style=\"--awb-margin-top:-3px;\">\n<\/div><div class=\"fusion-text fusion-text-59\">\n<\/div><\/div><\/div><\/div><div class=\"fusion-title title fusion-title-58 fusion-sep-none fusion-title-center fusion-title-text fusion-title-size-three postcard_smjestaj_naziv\" style=\"--awb-text-color:var(--awb-custom_color_7);--awb-margin-top:0px;--awb-margin-right:30px;--awb-margin-bottom:0px;--awb-margin-left:30px;--awb-margin-top-small:4px;--awb-margin-bottom-small:16px;--awb-font-size:22px;\"><h3 class=\"fusion-title-heading title-heading-center\" style=\"margin:0;font-size:1em;line-height:1.1em;\">Astronomisches Zentrum Rijeka<\/h3><\/div><div style=\"text-align:center;\"><a class=\"fusion-button button-flat fusion-button-default-size button-custom fusion-button-default button-29 fusion-button-default-span fusion-button-default-type botun_plaze\" style=\"--button_accent_color:var(--awb-color1);--button_accent_hover_color:var(--awb-color1);--button_border_hover_color:var(--awb-color1);--button_gradient_top_color:var(--awb-custom_color_7);--button_gradient_bottom_color:var(--awb-custom_color_7);--button_gradient_top_color_hover:var(--awb-color4);--button_gradient_bottom_color_hover:var(--awb-color4);--button_text_transform:uppercase;--button_font_size:16px;--button_typography-font-family:&quot;SSP-Semibold-600&quot;;--button_typography-font-style:normal;--button_typography-font-weight:400;--button_margin-top:12px;--button_margin-bottom:20px;\" target=\"_self\" href=\"https:\/\/visitrijeka.hr\/de\/astronomisches-zentrum-rijeka\/\"><span class=\"fusion-button-text awb-button__text awb-button__text--default\">Entdecke<\/span><i class=\"fa-long-arrow-alt-right fas awb-button__icon awb-button__icon--default button-icon-right\" aria-hidden=\"true\"><\/i><\/a><\/div><\/div><\/li>\n<li class=\"fusion-layout-column fusion_builder_column fusion-builder-column-33 fusion-flex-column postcard-grad-rijeka post-card fusion-grid-column fusion-post-cards-grid-column galerien stadt id-32432\" style=\"--awb-padding-bottom:20px;--awb-overflow:hidden;--awb-bg-color:var(--awb-color1);--awb-bg-color-hover:var(--awb-color1);--awb-bg-size:cover;--awb-box-shadow:0px 32px 52px -24px hsla(var(--awb-color8-h),var(--awb-color8-s),var(--awb-color8-l),calc(var(--awb-color8-a) - 92%));;--awb-border-radius:16px 16px 16px 16px;--awb-flex-grow:0;--awb-flex-shrink:0;--awb-flex-grow-medium:0;--awb-flex-shrink-medium:0;--awb-flex-grow-small:0;--awb-flex-shrink-small:0;\"><div class=\"fusion-column-wrapper fusion-column-has-shadow fusion-flex-justify-content-flex-start fusion-content-layout-column\"><div class=\"fusion-featured-slider-tb fusion-featured-slider-tb-30\" style=\"margin-bottom:25px;\"><div class=\"fusion-slider-sc fusion-has-margin\"><div class=\"fusion-flexslider-loading flexslider flexslider-hover-type-none fusion-slider-sc-cover\" data-slideshow_autoplay=\"0\" data-slideshow_smooth_height=\"1\" data-slideshow_speed=\"7000\" style=\"max-width:600px;height:300px;\"><ul class=\"slides\"><li class=\"image\"><span class=\"lazyload fusion-image-hover-element hover-type-none\"><img decoding=\"async\" src=\"data:image\/svg+xml,%3Csvg%20xmlns%3D%27http%3A%2F%2Fwww.w3.org%2F2000%2Fsvg%27%20width%3D%271920%27%20height%3D%271281%27%20viewBox%3D%270%200%201920%201281%27%3E%3Crect%20width%3D%271920%27%20height%3D%271281%27%20fill-opacity%3D%220%22%2F%3E%3C%2Fsvg%3E\" data-orig-src=\"https:\/\/visitrijeka.hr\/wp-content\/uploads\/2023\/03\/Galerij-Kortil-kopija.jpg\" width=\"1920\" height=\"1281\" class=\"lazyload wp-image-0\" \/><\/span><\/li><\/ul><\/div><\/div><\/div><div class=\"fusion-builder-row fusion-builder-row-inner fusion-row fusion-flex-align-items-flex-start fusion-flex-content-wrap\" style=\"width:104% !important;max-width:104% !important;margin-left: calc(-4% \/ 2 );margin-right: calc(-4% \/ 2 );\"><div class=\"fusion-layout-column fusion_builder_column_inner fusion-builder-nested-column-29 fusion_builder_column_inner_1_1 1_1 fusion-flex-column\" style=\"--awb-padding-right:30px;--awb-padding-bottom:0px;--awb-padding-left:30px;--awb-padding-top-medium:24px;--awb-padding-right-medium:24px;--awb-padding-bottom-medium:24px;--awb-padding-left-medium:24px;--awb-padding-top-small:20px;--awb-padding-bottom-small:20px;--awb-overflow:hidden;--awb-bg-color:var(--awb-color1);--awb-bg-color-hover:var(--awb-color1);--awb-bg-size:cover;--awb-border-radius:0px 0px 5px 5px;--awb-width-large:100%;--awb-margin-top-large:0px;--awb-spacing-right-large:1.92%;--awb-margin-bottom-large:0px;--awb-spacing-left-large:1.92%;--awb-width-medium:100%;--awb-order-medium:0;--awb-spacing-right-medium:1.92%;--awb-spacing-left-medium:1.92%;--awb-width-small:100%;--awb-order-small:0;--awb-spacing-right-small:1.92%;--awb-spacing-left-small:1.92%;\" data-scroll-devices=\"small-visibility,medium-visibility,large-visibility\"><div class=\"fusion-column-wrapper fusion-column-has-shadow fusion-flex-justify-content-space-between fusion-content-layout-row\"><div class=\"fusion-title title fusion-title-59 fusion-sep-none fusion-title-text fusion-title-size-div\" style=\"--awb-text-color:var(--awb-color4);--awb-margin-top:0px;--awb-font-size:12px;\"><div class=\"fusion-title-heading title-heading-left title-heading-tag\" style=\"font-family:&quot;SSP-Semibold-600&quot;;font-style:normal;font-weight:400;margin:0;text-transform:uppercase;font-size:1em;line-height:1;\">Galerien<\/div><\/div><div class=\"fusion-text fusion-text-60\" style=\"--awb-margin-top:-3px;\">\n<\/div><div class=\"fusion-text fusion-text-61\">\n<\/div><\/div><\/div><\/div><div class=\"fusion-title title fusion-title-60 fusion-sep-none fusion-title-center fusion-title-text fusion-title-size-three postcard_smjestaj_naziv\" style=\"--awb-text-color:var(--awb-custom_color_7);--awb-margin-top:0px;--awb-margin-right:30px;--awb-margin-bottom:0px;--awb-margin-left:30px;--awb-margin-top-small:4px;--awb-margin-bottom-small:16px;--awb-font-size:22px;\"><h3 class=\"fusion-title-heading title-heading-center\" style=\"margin:0;font-size:1em;line-height:1.1em;\">Die Galerie Kortil<\/h3><\/div><div style=\"text-align:center;\"><a class=\"fusion-button button-flat fusion-button-default-size button-custom fusion-button-default button-30 fusion-button-default-span fusion-button-default-type botun_plaze\" style=\"--button_accent_color:var(--awb-color1);--button_accent_hover_color:var(--awb-color1);--button_border_hover_color:var(--awb-color1);--button_gradient_top_color:var(--awb-custom_color_7);--button_gradient_bottom_color:var(--awb-custom_color_7);--button_gradient_top_color_hover:var(--awb-color4);--button_gradient_bottom_color_hover:var(--awb-color4);--button_text_transform:uppercase;--button_font_size:16px;--button_typography-font-family:&quot;SSP-Semibold-600&quot;;--button_typography-font-style:normal;--button_typography-font-weight:400;--button_margin-top:12px;--button_margin-bottom:20px;\" target=\"_self\" href=\"https:\/\/visitrijeka.hr\/de\/die-galerie-kortil\/\"><span class=\"fusion-button-text awb-button__text awb-button__text--default\">Entdecke<\/span><i class=\"fa-long-arrow-alt-right fas awb-button__icon awb-button__icon--default button-icon-right\" aria-hidden=\"true\"><\/i><\/a><\/div><\/div><\/li>\n<li class=\"fusion-layout-column fusion_builder_column fusion-builder-column-34 fusion-flex-column postcard-grad-rijeka post-card fusion-grid-column fusion-post-cards-grid-column architektur id-21111\" style=\"--awb-padding-bottom:20px;--awb-overflow:hidden;--awb-bg-color:var(--awb-color1);--awb-bg-color-hover:var(--awb-color1);--awb-bg-size:cover;--awb-box-shadow:0px 32px 52px -24px hsla(var(--awb-color8-h),var(--awb-color8-s),var(--awb-color8-l),calc(var(--awb-color8-a) - 92%));;--awb-border-radius:16px 16px 16px 16px;--awb-flex-grow:0;--awb-flex-shrink:0;--awb-flex-grow-medium:0;--awb-flex-shrink-medium:0;--awb-flex-grow-small:0;--awb-flex-shrink-small:0;\"><div class=\"fusion-column-wrapper fusion-column-has-shadow fusion-flex-justify-content-flex-start fusion-content-layout-column\"><div class=\"fusion-featured-slider-tb fusion-featured-slider-tb-31\" style=\"margin-bottom:25px;\"><div class=\"fusion-slider-sc fusion-has-margin\"><div class=\"fusion-flexslider-loading flexslider flexslider-hover-type-none fusion-slider-sc-cover\" data-slideshow_autoplay=\"0\" data-slideshow_smooth_height=\"1\" data-slideshow_speed=\"7000\" style=\"max-width:600px;height:300px;\"><ul class=\"slides\"><li class=\"image\"><span class=\"lazyload fusion-image-hover-element hover-type-none\"><img decoding=\"async\" src=\"data:image\/svg+xml,%3Csvg%20xmlns%3D%27http%3A%2F%2Fwww.w3.org%2F2000%2Fsvg%27%20width%3D%271920%27%20height%3D%271440%27%20viewBox%3D%270%200%201920%201440%27%3E%3Crect%20width%3D%271920%27%20height%3D%271440%27%20fill-opacity%3D%220%22%2F%3E%3C%2Fsvg%3E\" data-orig-src=\"https:\/\/visitrijeka.hr\/wp-content\/uploads\/2023\/03\/gradska-vijecnica.jpg\" width=\"1920\" height=\"1440\" class=\"lazyload wp-image-0\" \/><\/span><\/li><\/ul><\/div><\/div><\/div><div class=\"fusion-builder-row fusion-builder-row-inner fusion-row fusion-flex-align-items-flex-start fusion-flex-content-wrap\" style=\"width:104% !important;max-width:104% !important;margin-left: calc(-4% \/ 2 );margin-right: calc(-4% \/ 2 );\"><div class=\"fusion-layout-column fusion_builder_column_inner fusion-builder-nested-column-30 fusion_builder_column_inner_1_1 1_1 fusion-flex-column\" style=\"--awb-padding-right:30px;--awb-padding-bottom:0px;--awb-padding-left:30px;--awb-padding-top-medium:24px;--awb-padding-right-medium:24px;--awb-padding-bottom-medium:24px;--awb-padding-left-medium:24px;--awb-padding-top-small:20px;--awb-padding-bottom-small:20px;--awb-overflow:hidden;--awb-bg-color:var(--awb-color1);--awb-bg-color-hover:var(--awb-color1);--awb-bg-size:cover;--awb-border-radius:0px 0px 5px 5px;--awb-width-large:100%;--awb-margin-top-large:0px;--awb-spacing-right-large:1.92%;--awb-margin-bottom-large:0px;--awb-spacing-left-large:1.92%;--awb-width-medium:100%;--awb-order-medium:0;--awb-spacing-right-medium:1.92%;--awb-spacing-left-medium:1.92%;--awb-width-small:100%;--awb-order-small:0;--awb-spacing-right-small:1.92%;--awb-spacing-left-small:1.92%;\" data-scroll-devices=\"small-visibility,medium-visibility,large-visibility\"><div class=\"fusion-column-wrapper fusion-column-has-shadow fusion-flex-justify-content-space-between fusion-content-layout-row\"><div class=\"fusion-title title fusion-title-61 fusion-sep-none fusion-title-text fusion-title-size-div\" style=\"--awb-text-color:var(--awb-color4);--awb-margin-top:0px;--awb-font-size:12px;\"><div class=\"fusion-title-heading title-heading-left title-heading-tag\" style=\"font-family:&quot;SSP-Semibold-600&quot;;font-style:normal;font-weight:400;margin:0;text-transform:uppercase;font-size:1em;line-height:1;\">Architektur<\/div><\/div><div class=\"fusion-text fusion-text-62\" style=\"--awb-margin-top:-3px;\">\n<\/div><div class=\"fusion-text fusion-text-63\">\n<\/div><\/div><\/div><\/div><div class=\"fusion-title title fusion-title-62 fusion-sep-none fusion-title-center fusion-title-text fusion-title-size-three postcard_smjestaj_naziv\" style=\"--awb-text-color:var(--awb-custom_color_7);--awb-margin-top:0px;--awb-margin-right:30px;--awb-margin-bottom:0px;--awb-margin-left:30px;--awb-margin-top-small:4px;--awb-margin-bottom-small:16px;--awb-font-size:22px;\"><h3 class=\"fusion-title-heading title-heading-center\" style=\"margin:0;font-size:1em;line-height:1.1em;\">Rathaus der Stadt<\/h3><\/div><div style=\"text-align:center;\"><a class=\"fusion-button button-flat fusion-button-default-size button-custom fusion-button-default button-31 fusion-button-default-span fusion-button-default-type botun_plaze\" style=\"--button_accent_color:var(--awb-color1);--button_accent_hover_color:var(--awb-color1);--button_border_hover_color:var(--awb-color1);--button_gradient_top_color:var(--awb-custom_color_7);--button_gradient_bottom_color:var(--awb-custom_color_7);--button_gradient_top_color_hover:var(--awb-color4);--button_gradient_bottom_color_hover:var(--awb-color4);--button_text_transform:uppercase;--button_font_size:16px;--button_typography-font-family:&quot;SSP-Semibold-600&quot;;--button_typography-font-style:normal;--button_typography-font-weight:400;--button_margin-top:12px;--button_margin-bottom:20px;\" target=\"_self\" href=\"https:\/\/visitrijeka.hr\/de\/rathaus-der-stadt\/\"><span class=\"fusion-button-text awb-button__text awb-button__text--default\">Entdecke<\/span><i class=\"fa-long-arrow-alt-right fas awb-button__icon awb-button__icon--default button-icon-right\" aria-hidden=\"true\"><\/i><\/a><\/div><\/div><\/li>\n<li class=\"fusion-layout-column fusion_builder_column fusion-builder-column-35 fusion-flex-column postcard-grad-rijeka post-card fusion-grid-column fusion-post-cards-grid-column architektur id-21076\" style=\"--awb-padding-bottom:20px;--awb-overflow:hidden;--awb-bg-color:var(--awb-color1);--awb-bg-color-hover:var(--awb-color1);--awb-bg-size:cover;--awb-box-shadow:0px 32px 52px -24px hsla(var(--awb-color8-h),var(--awb-color8-s),var(--awb-color8-l),calc(var(--awb-color8-a) - 92%));;--awb-border-radius:16px 16px 16px 16px;--awb-flex-grow:0;--awb-flex-shrink:0;--awb-flex-grow-medium:0;--awb-flex-shrink-medium:0;--awb-flex-grow-small:0;--awb-flex-shrink-small:0;\"><div class=\"fusion-column-wrapper fusion-column-has-shadow fusion-flex-justify-content-flex-start fusion-content-layout-column\"><div class=\"fusion-featured-slider-tb fusion-featured-slider-tb-32\" style=\"margin-bottom:25px;\"><div class=\"fusion-slider-sc fusion-has-margin\"><div class=\"fusion-flexslider-loading flexslider flexslider-hover-type-none fusion-slider-sc-cover\" data-slideshow_autoplay=\"0\" data-slideshow_smooth_height=\"1\" data-slideshow_speed=\"7000\" style=\"max-width:600px;height:300px;\"><ul class=\"slides\"><li class=\"image\"><span class=\"lazyload fusion-image-hover-element hover-type-none\"><img decoding=\"async\" src=\"data:image\/svg+xml,%3Csvg%20xmlns%3D%27http%3A%2F%2Fwww.w3.org%2F2000%2Fsvg%27%20width%3D%271080%27%20height%3D%27810%27%20viewBox%3D%270%200%201080%20810%27%3E%3Crect%20width%3D%271080%27%20height%3D%27810%27%20fill-opacity%3D%220%22%2F%3E%3C%2Fsvg%3E\" data-orig-src=\"https:\/\/visitrijeka.hr\/wp-content\/uploads\/2023\/03\/Ploech2.jpeg\" width=\"1080\" height=\"810\" class=\"lazyload wp-image-0\" \/><\/span><\/li><\/ul><\/div><\/div><\/div><div class=\"fusion-builder-row fusion-builder-row-inner fusion-row fusion-flex-align-items-flex-start fusion-flex-content-wrap\" style=\"width:104% !important;max-width:104% !important;margin-left: calc(-4% \/ 2 );margin-right: calc(-4% \/ 2 );\"><div class=\"fusion-layout-column fusion_builder_column_inner fusion-builder-nested-column-31 fusion_builder_column_inner_1_1 1_1 fusion-flex-column\" style=\"--awb-padding-right:30px;--awb-padding-bottom:0px;--awb-padding-left:30px;--awb-padding-top-medium:24px;--awb-padding-right-medium:24px;--awb-padding-bottom-medium:24px;--awb-padding-left-medium:24px;--awb-padding-top-small:20px;--awb-padding-bottom-small:20px;--awb-overflow:hidden;--awb-bg-color:var(--awb-color1);--awb-bg-color-hover:var(--awb-color1);--awb-bg-size:cover;--awb-border-radius:0px 0px 5px 5px;--awb-width-large:100%;--awb-margin-top-large:0px;--awb-spacing-right-large:1.92%;--awb-margin-bottom-large:0px;--awb-spacing-left-large:1.92%;--awb-width-medium:100%;--awb-order-medium:0;--awb-spacing-right-medium:1.92%;--awb-spacing-left-medium:1.92%;--awb-width-small:100%;--awb-order-small:0;--awb-spacing-right-small:1.92%;--awb-spacing-left-small:1.92%;\" data-scroll-devices=\"small-visibility,medium-visibility,large-visibility\"><div class=\"fusion-column-wrapper fusion-column-has-shadow fusion-flex-justify-content-space-between fusion-content-layout-row\"><div class=\"fusion-title title fusion-title-63 fusion-sep-none fusion-title-text fusion-title-size-div\" style=\"--awb-text-color:var(--awb-color4);--awb-margin-top:0px;--awb-font-size:12px;\"><div class=\"fusion-title-heading title-heading-left title-heading-tag\" style=\"font-family:&quot;SSP-Semibold-600&quot;;font-style:normal;font-weight:400;margin:0;text-transform:uppercase;font-size:1em;line-height:1;\">Architektur<\/div><\/div><div class=\"fusion-text fusion-text-64\" style=\"--awb-margin-top:-3px;\">\n<\/div><div class=\"fusion-text fusion-text-65\">\n<\/div><\/div><\/div><\/div><div class=\"fusion-title title fusion-title-64 fusion-sep-none fusion-title-center fusion-title-text fusion-title-size-three postcard_smjestaj_naziv\" style=\"--awb-text-color:var(--awb-custom_color_7);--awb-margin-top:0px;--awb-margin-right:30px;--awb-margin-bottom:0px;--awb-margin-left:30px;--awb-margin-top-small:4px;--awb-margin-bottom-small:16px;--awb-font-size:22px;\"><h3 class=\"fusion-title-heading title-heading-center\" style=\"margin:0;font-size:1em;line-height:1.1em;\">Palast Ploech<\/h3><\/div><div style=\"text-align:center;\"><a class=\"fusion-button button-flat fusion-button-default-size button-custom fusion-button-default button-32 fusion-button-default-span fusion-button-default-type botun_plaze\" style=\"--button_accent_color:var(--awb-color1);--button_accent_hover_color:var(--awb-color1);--button_border_hover_color:var(--awb-color1);--button_gradient_top_color:var(--awb-custom_color_7);--button_gradient_bottom_color:var(--awb-custom_color_7);--button_gradient_top_color_hover:var(--awb-color4);--button_gradient_bottom_color_hover:var(--awb-color4);--button_text_transform:uppercase;--button_font_size:16px;--button_typography-font-family:&quot;SSP-Semibold-600&quot;;--button_typography-font-style:normal;--button_typography-font-weight:400;--button_margin-top:12px;--button_margin-bottom:20px;\" target=\"_self\" href=\"https:\/\/visitrijeka.hr\/de\/palast-ploech\/\"><span class=\"fusion-button-text awb-button__text awb-button__text--default\">Entdecke<\/span><i class=\"fa-long-arrow-alt-right fas awb-button__icon awb-button__icon--default button-icon-right\" aria-hidden=\"true\"><\/i><\/a><\/div><\/div><\/li>\n<li class=\"fusion-layout-column fusion_builder_column fusion-builder-column-36 fusion-flex-column postcard-grad-rijeka post-card fusion-grid-column fusion-post-cards-grid-column architektur id-21287\" style=\"--awb-padding-bottom:20px;--awb-overflow:hidden;--awb-bg-color:var(--awb-color1);--awb-bg-color-hover:var(--awb-color1);--awb-bg-size:cover;--awb-box-shadow:0px 32px 52px -24px hsla(var(--awb-color8-h),var(--awb-color8-s),var(--awb-color8-l),calc(var(--awb-color8-a) - 92%));;--awb-border-radius:16px 16px 16px 16px;--awb-flex-grow:0;--awb-flex-shrink:0;--awb-flex-grow-medium:0;--awb-flex-shrink-medium:0;--awb-flex-grow-small:0;--awb-flex-shrink-small:0;\"><div class=\"fusion-column-wrapper fusion-column-has-shadow fusion-flex-justify-content-flex-start fusion-content-layout-column\"><div class=\"fusion-featured-slider-tb fusion-featured-slider-tb-33\" style=\"margin-bottom:25px;\"><div class=\"fusion-slider-sc fusion-has-margin\"><div class=\"fusion-flexslider-loading flexslider flexslider-hover-type-none fusion-slider-sc-cover\" data-slideshow_autoplay=\"0\" data-slideshow_smooth_height=\"1\" data-slideshow_speed=\"7000\" style=\"max-width:600px;height:300px;\"><ul class=\"slides\"><li class=\"image\"><span class=\"lazyload fusion-image-hover-element hover-type-none\"><img decoding=\"async\" src=\"data:image\/svg+xml,%3Csvg%20xmlns%3D%27http%3A%2F%2Fwww.w3.org%2F2000%2Fsvg%27%20width%3D%271920%27%20height%3D%271440%27%20viewBox%3D%270%200%201920%201440%27%3E%3Crect%20width%3D%271920%27%20height%3D%271440%27%20fill-opacity%3D%220%22%2F%3E%3C%2Fsvg%3E\" data-orig-src=\"https:\/\/visitrijeka.hr\/wp-content\/uploads\/2023\/03\/Drzavni-arhiv-1-glavna.jpg\" width=\"1920\" height=\"1440\" class=\"lazyload wp-image-0\" \/><\/span><\/li><\/ul><\/div><\/div><\/div><div class=\"fusion-builder-row fusion-builder-row-inner fusion-row fusion-flex-align-items-flex-start fusion-flex-content-wrap\" style=\"width:104% !important;max-width:104% !important;margin-left: calc(-4% \/ 2 );margin-right: calc(-4% \/ 2 );\"><div class=\"fusion-layout-column fusion_builder_column_inner fusion-builder-nested-column-32 fusion_builder_column_inner_1_1 1_1 fusion-flex-column\" style=\"--awb-padding-right:30px;--awb-padding-bottom:0px;--awb-padding-left:30px;--awb-padding-top-medium:24px;--awb-padding-right-medium:24px;--awb-padding-bottom-medium:24px;--awb-padding-left-medium:24px;--awb-padding-top-small:20px;--awb-padding-bottom-small:20px;--awb-overflow:hidden;--awb-bg-color:var(--awb-color1);--awb-bg-color-hover:var(--awb-color1);--awb-bg-size:cover;--awb-border-radius:0px 0px 5px 5px;--awb-width-large:100%;--awb-margin-top-large:0px;--awb-spacing-right-large:1.92%;--awb-margin-bottom-large:0px;--awb-spacing-left-large:1.92%;--awb-width-medium:100%;--awb-order-medium:0;--awb-spacing-right-medium:1.92%;--awb-spacing-left-medium:1.92%;--awb-width-small:100%;--awb-order-small:0;--awb-spacing-right-small:1.92%;--awb-spacing-left-small:1.92%;\" data-scroll-devices=\"small-visibility,medium-visibility,large-visibility\"><div class=\"fusion-column-wrapper fusion-column-has-shadow fusion-flex-justify-content-space-between fusion-content-layout-row\"><div class=\"fusion-title title fusion-title-65 fusion-sep-none fusion-title-text fusion-title-size-div\" style=\"--awb-text-color:var(--awb-color4);--awb-margin-top:0px;--awb-font-size:12px;\"><div class=\"fusion-title-heading title-heading-left title-heading-tag\" style=\"font-family:&quot;SSP-Semibold-600&quot;;font-style:normal;font-weight:400;margin:0;text-transform:uppercase;font-size:1em;line-height:1;\">Architektur<\/div><\/div><div class=\"fusion-text fusion-text-66\" style=\"--awb-margin-top:-3px;\">\n<\/div><div class=\"fusion-text fusion-text-67\">\n<\/div><\/div><\/div><\/div><div class=\"fusion-title title fusion-title-66 fusion-sep-none fusion-title-center fusion-title-text fusion-title-size-three postcard_smjestaj_naziv\" style=\"--awb-text-color:var(--awb-custom_color_7);--awb-margin-top:0px;--awb-margin-right:30px;--awb-margin-bottom:0px;--awb-margin-left:30px;--awb-margin-top-small:4px;--awb-margin-bottom-small:16px;--awb-font-size:22px;\"><h3 class=\"fusion-title-heading title-heading-center\" style=\"margin:0;font-size:1em;line-height:1.1em;\">Staatsarchiv von Rijeka<\/h3><\/div><div style=\"text-align:center;\"><a class=\"fusion-button button-flat fusion-button-default-size button-custom fusion-button-default button-33 fusion-button-default-span fusion-button-default-type botun_plaze\" style=\"--button_accent_color:var(--awb-color1);--button_accent_hover_color:var(--awb-color1);--button_border_hover_color:var(--awb-color1);--button_gradient_top_color:var(--awb-custom_color_7);--button_gradient_bottom_color:var(--awb-custom_color_7);--button_gradient_top_color_hover:var(--awb-color4);--button_gradient_bottom_color_hover:var(--awb-color4);--button_text_transform:uppercase;--button_font_size:16px;--button_typography-font-family:&quot;SSP-Semibold-600&quot;;--button_typography-font-style:normal;--button_typography-font-weight:400;--button_margin-top:12px;--button_margin-bottom:20px;\" target=\"_self\" href=\"https:\/\/visitrijeka.hr\/de\/staatsarchiv-von-rijeka\/\"><span class=\"fusion-button-text awb-button__text awb-button__text--default\">Entdecke<\/span><i class=\"fa-long-arrow-alt-right fas awb-button__icon awb-button__icon--default button-icon-right\" aria-hidden=\"true\"><\/i><\/a><\/div><\/div><\/li>\n<li class=\"fusion-layout-column fusion_builder_column fusion-builder-column-37 fusion-flex-column postcard-grad-rijeka post-card fusion-grid-column fusion-post-cards-grid-column sakrale-objekte stadt id-21034\" style=\"--awb-padding-bottom:20px;--awb-overflow:hidden;--awb-bg-color:var(--awb-color1);--awb-bg-color-hover:var(--awb-color1);--awb-bg-size:cover;--awb-box-shadow:0px 32px 52px -24px hsla(var(--awb-color8-h),var(--awb-color8-s),var(--awb-color8-l),calc(var(--awb-color8-a) - 92%));;--awb-border-radius:16px 16px 16px 16px;--awb-flex-grow:0;--awb-flex-shrink:0;--awb-flex-grow-medium:0;--awb-flex-shrink-medium:0;--awb-flex-grow-small:0;--awb-flex-shrink-small:0;\"><div class=\"fusion-column-wrapper fusion-column-has-shadow fusion-flex-justify-content-flex-start fusion-content-layout-column\"><div class=\"fusion-featured-slider-tb fusion-featured-slider-tb-34\" style=\"margin-bottom:25px;\"><div class=\"fusion-slider-sc fusion-has-margin\"><div class=\"fusion-flexslider-loading flexslider flexslider-hover-type-none fusion-slider-sc-cover\" data-slideshow_autoplay=\"0\" data-slideshow_smooth_height=\"1\" data-slideshow_speed=\"7000\" style=\"max-width:600px;height:300px;\"><ul class=\"slides\"><li class=\"image\"><span class=\"lazyload fusion-image-hover-element hover-type-none\"><img decoding=\"async\" src=\"data:image\/svg+xml,%3Csvg%20xmlns%3D%27http%3A%2F%2Fwww.w3.org%2F2000%2Fsvg%27%20width%3D%271920%27%20height%3D%271280%27%20viewBox%3D%270%200%201920%201280%27%3E%3Crect%20width%3D%271920%27%20height%3D%271280%27%20fill-opacity%3D%220%22%2F%3E%3C%2Fsvg%3E\" data-orig-src=\"https:\/\/visitrijeka.hr\/wp-content\/uploads\/2023\/03\/sv-vid-2.jpg\" width=\"1920\" height=\"1280\" class=\"lazyload wp-image-0\" \/><\/span><\/li><\/ul><\/div><\/div><\/div><div class=\"fusion-builder-row fusion-builder-row-inner fusion-row fusion-flex-align-items-flex-start fusion-flex-content-wrap\" style=\"width:104% !important;max-width:104% !important;margin-left: calc(-4% \/ 2 );margin-right: calc(-4% \/ 2 );\"><div class=\"fusion-layout-column fusion_builder_column_inner fusion-builder-nested-column-33 fusion_builder_column_inner_1_1 1_1 fusion-flex-column\" style=\"--awb-padding-right:30px;--awb-padding-bottom:0px;--awb-padding-left:30px;--awb-padding-top-medium:24px;--awb-padding-right-medium:24px;--awb-padding-bottom-medium:24px;--awb-padding-left-medium:24px;--awb-padding-top-small:20px;--awb-padding-bottom-small:20px;--awb-overflow:hidden;--awb-bg-color:var(--awb-color1);--awb-bg-color-hover:var(--awb-color1);--awb-bg-size:cover;--awb-border-radius:0px 0px 5px 5px;--awb-width-large:100%;--awb-margin-top-large:0px;--awb-spacing-right-large:1.92%;--awb-margin-bottom-large:0px;--awb-spacing-left-large:1.92%;--awb-width-medium:100%;--awb-order-medium:0;--awb-spacing-right-medium:1.92%;--awb-spacing-left-medium:1.92%;--awb-width-small:100%;--awb-order-small:0;--awb-spacing-right-small:1.92%;--awb-spacing-left-small:1.92%;\" data-scroll-devices=\"small-visibility,medium-visibility,large-visibility\"><div class=\"fusion-column-wrapper fusion-column-has-shadow fusion-flex-justify-content-space-between fusion-content-layout-row\"><div class=\"fusion-title title fusion-title-67 fusion-sep-none fusion-title-text fusion-title-size-div\" style=\"--awb-text-color:var(--awb-color4);--awb-margin-top:0px;--awb-font-size:12px;\"><div class=\"fusion-title-heading title-heading-left title-heading-tag\" style=\"font-family:&quot;SSP-Semibold-600&quot;;font-style:normal;font-weight:400;margin:0;text-transform:uppercase;font-size:1em;line-height:1;\">Sakrale Objekte<\/div><\/div><div class=\"fusion-text fusion-text-68\" style=\"--awb-margin-top:-3px;\">\n<\/div><div class=\"fusion-text fusion-text-69\">\n<\/div><\/div><\/div><\/div><div class=\"fusion-title title fusion-title-68 fusion-sep-none fusion-title-center fusion-title-text fusion-title-size-three postcard_smjestaj_naziv\" style=\"--awb-text-color:var(--awb-custom_color_7);--awb-margin-top:0px;--awb-margin-right:30px;--awb-margin-bottom:0px;--awb-margin-left:30px;--awb-margin-top-small:4px;--awb-margin-bottom-small:16px;--awb-font-size:22px;\"><h3 class=\"fusion-title-heading title-heading-center\" style=\"margin:0;font-size:1em;line-height:1.1em;\">Kathedrale des heiligen Vitus<\/h3><\/div><div style=\"text-align:center;\"><a class=\"fusion-button button-flat fusion-button-default-size button-custom fusion-button-default button-34 fusion-button-default-span fusion-button-default-type botun_plaze\" style=\"--button_accent_color:var(--awb-color1);--button_accent_hover_color:var(--awb-color1);--button_border_hover_color:var(--awb-color1);--button_gradient_top_color:var(--awb-custom_color_7);--button_gradient_bottom_color:var(--awb-custom_color_7);--button_gradient_top_color_hover:var(--awb-color4);--button_gradient_bottom_color_hover:var(--awb-color4);--button_text_transform:uppercase;--button_font_size:16px;--button_typography-font-family:&quot;SSP-Semibold-600&quot;;--button_typography-font-style:normal;--button_typography-font-weight:400;--button_margin-top:12px;--button_margin-bottom:20px;\" target=\"_self\" href=\"https:\/\/visitrijeka.hr\/de\/kathedrale-des-heiligen-vitus\/\"><span class=\"fusion-button-text awb-button__text awb-button__text--default\">Entdecke<\/span><i class=\"fa-long-arrow-alt-right fas awb-button__icon awb-button__icon--default button-icon-right\" aria-hidden=\"true\"><\/i><\/a><\/div><\/div><\/li>\n<li class=\"fusion-layout-column fusion_builder_column fusion-builder-column-38 fusion-flex-column postcard-grad-rijeka post-card fusion-grid-column fusion-post-cards-grid-column sehenswurdigkeiten stadt id-28554\" style=\"--awb-padding-bottom:20px;--awb-overflow:hidden;--awb-bg-color:var(--awb-color1);--awb-bg-color-hover:var(--awb-color1);--awb-bg-size:cover;--awb-box-shadow:0px 32px 52px -24px hsla(var(--awb-color8-h),var(--awb-color8-s),var(--awb-color8-l),calc(var(--awb-color8-a) - 92%));;--awb-border-radius:16px 16px 16px 16px;--awb-flex-grow:0;--awb-flex-shrink:0;--awb-flex-grow-medium:0;--awb-flex-shrink-medium:0;--awb-flex-grow-small:0;--awb-flex-shrink-small:0;\"><div class=\"fusion-column-wrapper fusion-column-has-shadow fusion-flex-justify-content-flex-start fusion-content-layout-column\"><div class=\"fusion-featured-slider-tb fusion-featured-slider-tb-35\" style=\"margin-bottom:25px;\"><div class=\"fusion-slider-sc fusion-has-margin\"><div class=\"fusion-flexslider-loading flexslider flexslider-hover-type-none fusion-slider-sc-cover\" data-slideshow_autoplay=\"0\" data-slideshow_smooth_height=\"1\" data-slideshow_speed=\"7000\" style=\"max-width:600px;height:300px;\"><ul class=\"slides\"><li class=\"image\"><span class=\"lazyload fusion-image-hover-element hover-type-none\"><img decoding=\"async\" src=\"data:image\/svg+xml,%3Csvg%20xmlns%3D%27http%3A%2F%2Fwww.w3.org%2F2000%2Fsvg%27%20width%3D%27720%27%20height%3D%27540%27%20viewBox%3D%270%200%20720%20540%27%3E%3Crect%20width%3D%27720%27%20height%3D%27540%27%20fill-opacity%3D%220%22%2F%3E%3C%2Fsvg%3E\" data-orig-src=\"https:\/\/visitrijeka.hr\/wp-content\/uploads\/2023\/06\/EH-19Kozala.jpg\" alt=\"Groblje Kozala\" width=\"720\" height=\"540\" class=\"lazyload wp-image-0\" \/><\/span><\/li><\/ul><\/div><\/div><\/div><div class=\"fusion-builder-row fusion-builder-row-inner fusion-row fusion-flex-align-items-flex-start fusion-flex-content-wrap\" style=\"width:104% !important;max-width:104% !important;margin-left: calc(-4% \/ 2 );margin-right: calc(-4% \/ 2 );\"><div class=\"fusion-layout-column fusion_builder_column_inner fusion-builder-nested-column-34 fusion_builder_column_inner_1_1 1_1 fusion-flex-column\" style=\"--awb-padding-right:30px;--awb-padding-bottom:0px;--awb-padding-left:30px;--awb-padding-top-medium:24px;--awb-padding-right-medium:24px;--awb-padding-bottom-medium:24px;--awb-padding-left-medium:24px;--awb-padding-top-small:20px;--awb-padding-bottom-small:20px;--awb-overflow:hidden;--awb-bg-color:var(--awb-color1);--awb-bg-color-hover:var(--awb-color1);--awb-bg-size:cover;--awb-border-radius:0px 0px 5px 5px;--awb-width-large:100%;--awb-margin-top-large:0px;--awb-spacing-right-large:1.92%;--awb-margin-bottom-large:0px;--awb-spacing-left-large:1.92%;--awb-width-medium:100%;--awb-order-medium:0;--awb-spacing-right-medium:1.92%;--awb-spacing-left-medium:1.92%;--awb-width-small:100%;--awb-order-small:0;--awb-spacing-right-small:1.92%;--awb-spacing-left-small:1.92%;\" data-scroll-devices=\"small-visibility,medium-visibility,large-visibility\"><div class=\"fusion-column-wrapper fusion-column-has-shadow fusion-flex-justify-content-space-between fusion-content-layout-row\"><div class=\"fusion-title title fusion-title-69 fusion-sep-none fusion-title-text fusion-title-size-div\" style=\"--awb-text-color:var(--awb-color4);--awb-margin-top:0px;--awb-font-size:12px;\"><div class=\"fusion-title-heading title-heading-left title-heading-tag\" style=\"font-family:&quot;SSP-Semibold-600&quot;;font-style:normal;font-weight:400;margin:0;text-transform:uppercase;font-size:1em;line-height:1;\">Sehensw\u00fcrdigkeiten<\/div><\/div><div class=\"fusion-text fusion-text-70\" style=\"--awb-margin-top:-3px;\">\n<\/div><div class=\"fusion-text fusion-text-71\">\n<\/div><\/div><\/div><\/div><div class=\"fusion-title title fusion-title-70 fusion-sep-none fusion-title-center fusion-title-text fusion-title-size-three postcard_smjestaj_naziv\" style=\"--awb-text-color:var(--awb-custom_color_7);--awb-margin-top:0px;--awb-margin-right:30px;--awb-margin-bottom:0px;--awb-margin-left:30px;--awb-margin-top-small:4px;--awb-margin-bottom-small:16px;--awb-font-size:22px;\"><h3 class=\"fusion-title-heading title-heading-center\" style=\"margin:0;font-size:1em;line-height:1.1em;\">Friedhof Kozala<\/h3><\/div><div style=\"text-align:center;\"><a class=\"fusion-button button-flat fusion-button-default-size button-custom fusion-button-default button-35 fusion-button-default-span fusion-button-default-type botun_plaze\" style=\"--button_accent_color:var(--awb-color1);--button_accent_hover_color:var(--awb-color1);--button_border_hover_color:var(--awb-color1);--button_gradient_top_color:var(--awb-custom_color_7);--button_gradient_bottom_color:var(--awb-custom_color_7);--button_gradient_top_color_hover:var(--awb-color4);--button_gradient_bottom_color_hover:var(--awb-color4);--button_text_transform:uppercase;--button_font_size:16px;--button_typography-font-family:&quot;SSP-Semibold-600&quot;;--button_typography-font-style:normal;--button_typography-font-weight:400;--button_margin-top:12px;--button_margin-bottom:20px;\" target=\"_self\" href=\"https:\/\/visitrijeka.hr\/de\/friedhof-kozala\/\"><span class=\"fusion-button-text awb-button__text awb-button__text--default\">Entdecke<\/span><i class=\"fa-long-arrow-alt-right fas awb-button__icon awb-button__icon--default button-icon-right\" aria-hidden=\"true\"><\/i><\/a><\/div><\/div><\/li>\n<li class=\"fusion-layout-column fusion_builder_column fusion-builder-column-39 fusion-flex-column postcard-grad-rijeka post-card fusion-grid-column fusion-post-cards-grid-column galerien stadt id-95222\" style=\"--awb-padding-bottom:20px;--awb-overflow:hidden;--awb-bg-color:var(--awb-color1);--awb-bg-color-hover:var(--awb-color1);--awb-bg-size:cover;--awb-box-shadow:0px 32px 52px -24px hsla(var(--awb-color8-h),var(--awb-color8-s),var(--awb-color8-l),calc(var(--awb-color8-a) - 92%));;--awb-border-radius:16px 16px 16px 16px;--awb-flex-grow:0;--awb-flex-shrink:0;--awb-flex-grow-medium:0;--awb-flex-shrink-medium:0;--awb-flex-grow-small:0;--awb-flex-shrink-small:0;\"><div class=\"fusion-column-wrapper fusion-column-has-shadow fusion-flex-justify-content-flex-start fusion-content-layout-column\"><div class=\"fusion-featured-slider-tb fusion-featured-slider-tb-36\" style=\"margin-bottom:25px;\"><div class=\"fusion-slider-sc fusion-has-margin\"><div class=\"fusion-flexslider-loading flexslider flexslider-hover-type-none fusion-slider-sc-cover\" data-slideshow_autoplay=\"0\" data-slideshow_smooth_height=\"1\" data-slideshow_speed=\"7000\" style=\"max-width:600px;height:300px;\"><ul class=\"slides\"><li class=\"image\"><span class=\"lazyload fusion-image-hover-element hover-type-none\"><img decoding=\"async\" src=\"data:image\/svg+xml,%3Csvg%20xmlns%3D%27http%3A%2F%2Fwww.w3.org%2F2000%2Fsvg%27%20width%3D%271920%27%20height%3D%271800%27%20viewBox%3D%270%200%201920%201800%27%3E%3Crect%20width%3D%271920%27%20height%3D%271800%27%20fill-opacity%3D%220%22%2F%3E%3C%2Fsvg%3E\" data-orig-src=\"https:\/\/visitrijeka.hr\/wp-content\/uploads\/2023\/03\/juraj-klovic2-2.jpg\" width=\"1920\" height=\"1800\" class=\"lazyload wp-image-0\" \/><\/span><\/li><li class=\"image\"><span class=\"lazyload fusion-image-hover-element hover-type-none\"><img decoding=\"async\" src=\"https:\/\/visitrijeka.hr\/wp-content\/uploads\/2023\/03\/juraj-klovic2-3.jpg\" data-orig-src=\"https:\/\/visitrijeka.hr\/wp-content\/uploads\/2023\/03\/juraj-klovic2-3.jpg\" width=\"1000\" height=\"1000\" class=\"lazyload wp-image-14953\" srcset=\"data:image\/svg+xml,%3Csvg%20xmlns%3D%27http%3A%2F%2Fwww.w3.org%2F2000%2Fsvg%27%20width%3D%271000%27%20height%3D%271000%27%20viewBox%3D%270%200%201000%201000%27%3E%3Crect%20width%3D%271000%27%20height%3D%271000%27%20fill-opacity%3D%220%22%2F%3E%3C%2Fsvg%3E\" data-srcset=\"https:\/\/visitrijeka.hr\/wp-content\/uploads\/2023\/03\/juraj-klovic2-3-200x200.jpg 200w, https:\/\/visitrijeka.hr\/wp-content\/uploads\/2023\/03\/juraj-klovic2-3-400x400.jpg 400w, https:\/\/visitrijeka.hr\/wp-content\/uploads\/2023\/03\/juraj-klovic2-3-600x600.jpg 600w, https:\/\/visitrijeka.hr\/wp-content\/uploads\/2023\/03\/juraj-klovic2-3-800x800.jpg 800w, https:\/\/visitrijeka.hr\/wp-content\/uploads\/2023\/03\/juraj-klovic2-3.jpg 1000w\" data-sizes=\"auto\" data-orig-sizes=\"(max-width: 800px) 100vw, 1000px\" \/><\/span><\/li><\/ul><\/div><\/div><\/div><div class=\"fusion-builder-row fusion-builder-row-inner fusion-row fusion-flex-align-items-flex-start fusion-flex-content-wrap\" style=\"width:104% !important;max-width:104% !important;margin-left: calc(-4% \/ 2 );margin-right: calc(-4% \/ 2 );\"><div class=\"fusion-layout-column fusion_builder_column_inner fusion-builder-nested-column-35 fusion_builder_column_inner_1_1 1_1 fusion-flex-column\" style=\"--awb-padding-right:30px;--awb-padding-bottom:0px;--awb-padding-left:30px;--awb-padding-top-medium:24px;--awb-padding-right-medium:24px;--awb-padding-bottom-medium:24px;--awb-padding-left-medium:24px;--awb-padding-top-small:20px;--awb-padding-bottom-small:20px;--awb-overflow:hidden;--awb-bg-color:var(--awb-color1);--awb-bg-color-hover:var(--awb-color1);--awb-bg-size:cover;--awb-border-radius:0px 0px 5px 5px;--awb-width-large:100%;--awb-margin-top-large:0px;--awb-spacing-right-large:1.92%;--awb-margin-bottom-large:0px;--awb-spacing-left-large:1.92%;--awb-width-medium:100%;--awb-order-medium:0;--awb-spacing-right-medium:1.92%;--awb-spacing-left-medium:1.92%;--awb-width-small:100%;--awb-order-small:0;--awb-spacing-right-small:1.92%;--awb-spacing-left-small:1.92%;\" data-scroll-devices=\"small-visibility,medium-visibility,large-visibility\"><div class=\"fusion-column-wrapper fusion-column-has-shadow fusion-flex-justify-content-space-between fusion-content-layout-row\"><div class=\"fusion-title title fusion-title-71 fusion-sep-none fusion-title-text fusion-title-size-div\" style=\"--awb-text-color:var(--awb-color4);--awb-margin-top:0px;--awb-font-size:12px;\"><div class=\"fusion-title-heading title-heading-left title-heading-tag\" style=\"font-family:&quot;SSP-Semibold-600&quot;;font-style:normal;font-weight:400;margin:0;text-transform:uppercase;font-size:1em;line-height:1;\">Galerien<\/div><\/div><div class=\"fusion-text fusion-text-72\" style=\"--awb-margin-top:-3px;\">\n<\/div><div class=\"fusion-text fusion-text-73\">\n<\/div><\/div><\/div><\/div><div class=\"fusion-title title fusion-title-72 fusion-sep-none fusion-title-center fusion-title-text fusion-title-size-three postcard_smjestaj_naziv\" style=\"--awb-text-color:var(--awb-custom_color_7);--awb-margin-top:0px;--awb-margin-right:30px;--awb-margin-bottom:0px;--awb-margin-left:30px;--awb-margin-top-small:4px;--awb-margin-bottom-small:16px;--awb-font-size:22px;\"><h3 class=\"fusion-title-heading title-heading-center\" style=\"margin:0;font-size:1em;line-height:1.1em;\">Juraj-Klovi\u0107-Galerie<\/h3><\/div><div style=\"text-align:center;\"><a class=\"fusion-button button-flat fusion-button-default-size button-custom fusion-button-default button-36 fusion-button-default-span fusion-button-default-type botun_plaze\" style=\"--button_accent_color:var(--awb-color1);--button_accent_hover_color:var(--awb-color1);--button_border_hover_color:var(--awb-color1);--button_gradient_top_color:var(--awb-custom_color_7);--button_gradient_bottom_color:var(--awb-custom_color_7);--button_gradient_top_color_hover:var(--awb-color4);--button_gradient_bottom_color_hover:var(--awb-color4);--button_text_transform:uppercase;--button_font_size:16px;--button_typography-font-family:&quot;SSP-Semibold-600&quot;;--button_typography-font-style:normal;--button_typography-font-weight:400;--button_margin-top:12px;--button_margin-bottom:20px;\" target=\"_self\" href=\"https:\/\/visitrijeka.hr\/de\/galerija-juraj-klovic\/\"><span class=\"fusion-button-text awb-button__text awb-button__text--default\">Entdecke<\/span><i class=\"fa-long-arrow-alt-right fas awb-button__icon awb-button__icon--default button-icon-right\" aria-hidden=\"true\"><\/i><\/a><\/div><\/div><\/li>\n<li class=\"fusion-layout-column fusion_builder_column fusion-builder-column-40 fusion-flex-column postcard-grad-rijeka post-card fusion-grid-column fusion-post-cards-grid-column sehenswurdigkeiten stadt id-20761\" style=\"--awb-padding-bottom:20px;--awb-overflow:hidden;--awb-bg-color:var(--awb-color1);--awb-bg-color-hover:var(--awb-color1);--awb-bg-size:cover;--awb-box-shadow:0px 32px 52px -24px hsla(var(--awb-color8-h),var(--awb-color8-s),var(--awb-color8-l),calc(var(--awb-color8-a) - 92%));;--awb-border-radius:16px 16px 16px 16px;--awb-flex-grow:0;--awb-flex-shrink:0;--awb-flex-grow-medium:0;--awb-flex-shrink-medium:0;--awb-flex-grow-small:0;--awb-flex-shrink-small:0;\"><div class=\"fusion-column-wrapper fusion-column-has-shadow fusion-flex-justify-content-flex-start fusion-content-layout-column\"><div class=\"fusion-featured-slider-tb fusion-featured-slider-tb-37\" style=\"margin-bottom:25px;\"><div class=\"fusion-slider-sc fusion-has-margin\"><div class=\"fusion-flexslider-loading flexslider flexslider-hover-type-none fusion-slider-sc-cover\" data-slideshow_autoplay=\"0\" data-slideshow_smooth_height=\"1\" data-slideshow_speed=\"7000\" style=\"max-width:600px;height:300px;\"><ul class=\"slides\"><li class=\"image\"><span class=\"lazyload fusion-image-hover-element hover-type-none\"><img decoding=\"async\" src=\"data:image\/svg+xml,%3Csvg%20xmlns%3D%27http%3A%2F%2Fwww.w3.org%2F2000%2Fsvg%27%20width%3D%271920%27%20height%3D%271391%27%20viewBox%3D%270%200%201920%201391%27%3E%3Crect%20width%3D%271920%27%20height%3D%271391%27%20fill-opacity%3D%220%22%2F%3E%3C%2Fsvg%3E\" data-orig-src=\"https:\/\/visitrijeka.hr\/wp-content\/uploads\/2023\/03\/zeljeznicki-.jpg\" width=\"1920\" height=\"1391\" class=\"lazyload wp-image-0\" \/><\/span><\/li><\/ul><\/div><\/div><\/div><div class=\"fusion-builder-row fusion-builder-row-inner fusion-row fusion-flex-align-items-flex-start fusion-flex-content-wrap\" style=\"width:104% !important;max-width:104% !important;margin-left: calc(-4% \/ 2 );margin-right: calc(-4% \/ 2 );\"><div class=\"fusion-layout-column fusion_builder_column_inner fusion-builder-nested-column-36 fusion_builder_column_inner_1_1 1_1 fusion-flex-column\" style=\"--awb-padding-right:30px;--awb-padding-bottom:0px;--awb-padding-left:30px;--awb-padding-top-medium:24px;--awb-padding-right-medium:24px;--awb-padding-bottom-medium:24px;--awb-padding-left-medium:24px;--awb-padding-top-small:20px;--awb-padding-bottom-small:20px;--awb-overflow:hidden;--awb-bg-color:var(--awb-color1);--awb-bg-color-hover:var(--awb-color1);--awb-bg-size:cover;--awb-border-radius:0px 0px 5px 5px;--awb-width-large:100%;--awb-margin-top-large:0px;--awb-spacing-right-large:1.92%;--awb-margin-bottom-large:0px;--awb-spacing-left-large:1.92%;--awb-width-medium:100%;--awb-order-medium:0;--awb-spacing-right-medium:1.92%;--awb-spacing-left-medium:1.92%;--awb-width-small:100%;--awb-order-small:0;--awb-spacing-right-small:1.92%;--awb-spacing-left-small:1.92%;\" data-scroll-devices=\"small-visibility,medium-visibility,large-visibility\"><div class=\"fusion-column-wrapper fusion-column-has-shadow fusion-flex-justify-content-space-between fusion-content-layout-row\"><div class=\"fusion-title title fusion-title-73 fusion-sep-none fusion-title-text fusion-title-size-div\" style=\"--awb-text-color:var(--awb-color4);--awb-margin-top:0px;--awb-font-size:12px;\"><div class=\"fusion-title-heading title-heading-left title-heading-tag\" style=\"font-family:&quot;SSP-Semibold-600&quot;;font-style:normal;font-weight:400;margin:0;text-transform:uppercase;font-size:1em;line-height:1;\">Sehensw\u00fcrdigkeiten<\/div><\/div><div class=\"fusion-text fusion-text-74\" style=\"--awb-margin-top:-3px;\">\n<\/div><div class=\"fusion-text fusion-text-75\">\n<\/div><\/div><\/div><\/div><div class=\"fusion-title title fusion-title-74 fusion-sep-none fusion-title-center fusion-title-text fusion-title-size-three postcard_smjestaj_naziv\" style=\"--awb-text-color:var(--awb-custom_color_7);--awb-margin-top:0px;--awb-margin-right:30px;--awb-margin-bottom:0px;--awb-margin-left:30px;--awb-margin-top-small:4px;--awb-margin-bottom-small:16px;--awb-font-size:22px;\"><h3 class=\"fusion-title-heading title-heading-center\" style=\"margin:0;font-size:1em;line-height:1.1em;\">Bahnhof<\/h3><\/div><div style=\"text-align:center;\"><a class=\"fusion-button button-flat fusion-button-default-size button-custom fusion-button-default button-37 fusion-button-default-span fusion-button-default-type botun_plaze\" style=\"--button_accent_color:var(--awb-color1);--button_accent_hover_color:var(--awb-color1);--button_border_hover_color:var(--awb-color1);--button_gradient_top_color:var(--awb-custom_color_7);--button_gradient_bottom_color:var(--awb-custom_color_7);--button_gradient_top_color_hover:var(--awb-color4);--button_gradient_bottom_color_hover:var(--awb-color4);--button_text_transform:uppercase;--button_font_size:16px;--button_typography-font-family:&quot;SSP-Semibold-600&quot;;--button_typography-font-style:normal;--button_typography-font-weight:400;--button_margin-top:12px;--button_margin-bottom:20px;\" target=\"_self\" href=\"https:\/\/visitrijeka.hr\/de\/bahnhof\/\"><span class=\"fusion-button-text awb-button__text awb-button__text--default\">Entdecke<\/span><i class=\"fa-long-arrow-alt-right fas awb-button__icon awb-button__icon--default button-icon-right\" aria-hidden=\"true\"><\/i><\/a><\/div><\/div><\/li>\n<li class=\"fusion-layout-column fusion_builder_column fusion-builder-column-41 fusion-flex-column postcard-grad-rijeka post-card fusion-grid-column fusion-post-cards-grid-column sehenswurdigkeiten stadt id-20844\" style=\"--awb-padding-bottom:20px;--awb-overflow:hidden;--awb-bg-color:var(--awb-color1);--awb-bg-color-hover:var(--awb-color1);--awb-bg-size:cover;--awb-box-shadow:0px 32px 52px -24px hsla(var(--awb-color8-h),var(--awb-color8-s),var(--awb-color8-l),calc(var(--awb-color8-a) - 92%));;--awb-border-radius:16px 16px 16px 16px;--awb-flex-grow:0;--awb-flex-shrink:0;--awb-flex-grow-medium:0;--awb-flex-shrink-medium:0;--awb-flex-grow-small:0;--awb-flex-shrink-small:0;\"><div class=\"fusion-column-wrapper fusion-column-has-shadow fusion-flex-justify-content-flex-start fusion-content-layout-column\"><div class=\"fusion-featured-slider-tb fusion-featured-slider-tb-38\" style=\"margin-bottom:25px;\"><div class=\"fusion-slider-sc fusion-has-margin\"><div class=\"fusion-flexslider-loading flexslider flexslider-hover-type-none fusion-slider-sc-cover\" data-slideshow_autoplay=\"0\" data-slideshow_smooth_height=\"1\" data-slideshow_speed=\"7000\" style=\"max-width:600px;height:300px;\"><ul class=\"slides\"><li class=\"image\"><span class=\"lazyload fusion-image-hover-element hover-type-none\"><img decoding=\"async\" src=\"data:image\/svg+xml,%3Csvg%20xmlns%3D%27http%3A%2F%2Fwww.w3.org%2F2000%2Fsvg%27%20width%3D%271920%27%20height%3D%271279%27%20viewBox%3D%270%200%201920%201279%27%3E%3Crect%20width%3D%271920%27%20height%3D%271279%27%20fill-opacity%3D%220%22%2F%3E%3C%2Fsvg%3E\" data-orig-src=\"https:\/\/visitrijeka.hr\/wp-content\/uploads\/2023\/03\/Rijecki-lukobran9.jpg\" width=\"1920\" height=\"1279\" class=\"lazyload wp-image-0\" \/><\/span><\/li><\/ul><\/div><\/div><\/div><div class=\"fusion-builder-row fusion-builder-row-inner fusion-row fusion-flex-align-items-flex-start fusion-flex-content-wrap\" style=\"width:104% !important;max-width:104% !important;margin-left: calc(-4% \/ 2 );margin-right: calc(-4% \/ 2 );\"><div class=\"fusion-layout-column fusion_builder_column_inner fusion-builder-nested-column-37 fusion_builder_column_inner_1_1 1_1 fusion-flex-column\" style=\"--awb-padding-right:30px;--awb-padding-bottom:0px;--awb-padding-left:30px;--awb-padding-top-medium:24px;--awb-padding-right-medium:24px;--awb-padding-bottom-medium:24px;--awb-padding-left-medium:24px;--awb-padding-top-small:20px;--awb-padding-bottom-small:20px;--awb-overflow:hidden;--awb-bg-color:var(--awb-color1);--awb-bg-color-hover:var(--awb-color1);--awb-bg-size:cover;--awb-border-radius:0px 0px 5px 5px;--awb-width-large:100%;--awb-margin-top-large:0px;--awb-spacing-right-large:1.92%;--awb-margin-bottom-large:0px;--awb-spacing-left-large:1.92%;--awb-width-medium:100%;--awb-order-medium:0;--awb-spacing-right-medium:1.92%;--awb-spacing-left-medium:1.92%;--awb-width-small:100%;--awb-order-small:0;--awb-spacing-right-small:1.92%;--awb-spacing-left-small:1.92%;\" data-scroll-devices=\"small-visibility,medium-visibility,large-visibility\"><div class=\"fusion-column-wrapper fusion-column-has-shadow fusion-flex-justify-content-space-between fusion-content-layout-row\"><div class=\"fusion-title title fusion-title-75 fusion-sep-none fusion-title-text fusion-title-size-div\" style=\"--awb-text-color:var(--awb-color4);--awb-margin-top:0px;--awb-font-size:12px;\"><div class=\"fusion-title-heading title-heading-left title-heading-tag\" style=\"font-family:&quot;SSP-Semibold-600&quot;;font-style:normal;font-weight:400;margin:0;text-transform:uppercase;font-size:1em;line-height:1;\">Sehensw\u00fcrdigkeiten<\/div><\/div><div class=\"fusion-text fusion-text-76\" style=\"--awb-margin-top:-3px;\">\n<\/div><div class=\"fusion-text fusion-text-77\">\n<\/div><\/div><\/div><\/div><div class=\"fusion-title title fusion-title-76 fusion-sep-none fusion-title-center fusion-title-text fusion-title-size-three postcard_smjestaj_naziv\" style=\"--awb-text-color:var(--awb-custom_color_7);--awb-margin-top:0px;--awb-margin-right:30px;--awb-margin-bottom:0px;--awb-margin-left:30px;--awb-margin-top-small:4px;--awb-margin-bottom-small:16px;--awb-font-size:22px;\"><h3 class=\"fusion-title-heading title-heading-center\" style=\"margin:0;font-size:1em;line-height:1.1em;\">Hafendamm<\/h3><\/div><div style=\"text-align:center;\"><a class=\"fusion-button button-flat fusion-button-default-size button-custom fusion-button-default button-38 fusion-button-default-span fusion-button-default-type botun_plaze\" style=\"--button_accent_color:var(--awb-color1);--button_accent_hover_color:var(--awb-color1);--button_border_hover_color:var(--awb-color1);--button_gradient_top_color:var(--awb-custom_color_7);--button_gradient_bottom_color:var(--awb-custom_color_7);--button_gradient_top_color_hover:var(--awb-color4);--button_gradient_bottom_color_hover:var(--awb-color4);--button_text_transform:uppercase;--button_font_size:16px;--button_typography-font-family:&quot;SSP-Semibold-600&quot;;--button_typography-font-style:normal;--button_typography-font-weight:400;--button_margin-top:12px;--button_margin-bottom:20px;\" target=\"_self\" href=\"https:\/\/visitrijeka.hr\/de\/hafendamm\/\"><span class=\"fusion-button-text awb-button__text awb-button__text--default\">Entdecke<\/span><i class=\"fa-long-arrow-alt-right fas awb-button__icon awb-button__icon--default button-icon-right\" aria-hidden=\"true\"><\/i><\/a><\/div><\/div><\/li>\n<li class=\"fusion-layout-column fusion_builder_column fusion-builder-column-42 fusion-flex-column postcard-grad-rijeka post-card fusion-grid-column fusion-post-cards-grid-column architektur id-21095\" style=\"--awb-padding-bottom:20px;--awb-overflow:hidden;--awb-bg-color:var(--awb-color1);--awb-bg-color-hover:var(--awb-color1);--awb-bg-size:cover;--awb-box-shadow:0px 32px 52px -24px hsla(var(--awb-color8-h),var(--awb-color8-s),var(--awb-color8-l),calc(var(--awb-color8-a) - 92%));;--awb-border-radius:16px 16px 16px 16px;--awb-flex-grow:0;--awb-flex-shrink:0;--awb-flex-grow-medium:0;--awb-flex-shrink-medium:0;--awb-flex-grow-small:0;--awb-flex-shrink-small:0;\"><div class=\"fusion-column-wrapper fusion-column-has-shadow fusion-flex-justify-content-flex-start fusion-content-layout-column\"><div class=\"fusion-featured-slider-tb fusion-featured-slider-tb-39\" style=\"margin-bottom:25px;\"><div class=\"fusion-slider-sc fusion-has-margin\"><div class=\"fusion-flexslider-loading flexslider flexslider-hover-type-none fusion-slider-sc-cover\" data-slideshow_autoplay=\"0\" data-slideshow_smooth_height=\"1\" data-slideshow_speed=\"7000\" style=\"max-width:600px;height:300px;\"><ul class=\"slides\"><li class=\"image\"><span class=\"lazyload fusion-image-hover-element hover-type-none\"><img decoding=\"async\" src=\"data:image\/svg+xml,%3Csvg%20xmlns%3D%27http%3A%2F%2Fwww.w3.org%2F2000%2Fsvg%27%20width%3D%271920%27%20height%3D%271440%27%20viewBox%3D%270%200%201920%201440%27%3E%3Crect%20width%3D%271920%27%20height%3D%271440%27%20fill-opacity%3D%220%22%2F%3E%3C%2Fsvg%3E\" data-orig-src=\"https:\/\/visitrijeka.hr\/wp-content\/uploads\/2023\/03\/Palaca-Modello1-1.jpg\" width=\"1920\" height=\"1440\" class=\"lazyload wp-image-0\" \/><\/span><\/li><\/ul><\/div><\/div><\/div><div class=\"fusion-builder-row fusion-builder-row-inner fusion-row fusion-flex-align-items-flex-start fusion-flex-content-wrap\" style=\"width:104% !important;max-width:104% !important;margin-left: calc(-4% \/ 2 );margin-right: calc(-4% \/ 2 );\"><div class=\"fusion-layout-column fusion_builder_column_inner fusion-builder-nested-column-38 fusion_builder_column_inner_1_1 1_1 fusion-flex-column\" style=\"--awb-padding-right:30px;--awb-padding-bottom:0px;--awb-padding-left:30px;--awb-padding-top-medium:24px;--awb-padding-right-medium:24px;--awb-padding-bottom-medium:24px;--awb-padding-left-medium:24px;--awb-padding-top-small:20px;--awb-padding-bottom-small:20px;--awb-overflow:hidden;--awb-bg-color:var(--awb-color1);--awb-bg-color-hover:var(--awb-color1);--awb-bg-size:cover;--awb-border-radius:0px 0px 5px 5px;--awb-width-large:100%;--awb-margin-top-large:0px;--awb-spacing-right-large:1.92%;--awb-margin-bottom-large:0px;--awb-spacing-left-large:1.92%;--awb-width-medium:100%;--awb-order-medium:0;--awb-spacing-right-medium:1.92%;--awb-spacing-left-medium:1.92%;--awb-width-small:100%;--awb-order-small:0;--awb-spacing-right-small:1.92%;--awb-spacing-left-small:1.92%;\" data-scroll-devices=\"small-visibility,medium-visibility,large-visibility\"><div class=\"fusion-column-wrapper fusion-column-has-shadow fusion-flex-justify-content-space-between fusion-content-layout-row\"><div class=\"fusion-title title fusion-title-77 fusion-sep-none fusion-title-text fusion-title-size-div\" style=\"--awb-text-color:var(--awb-color4);--awb-margin-top:0px;--awb-font-size:12px;\"><div class=\"fusion-title-heading title-heading-left title-heading-tag\" style=\"font-family:&quot;SSP-Semibold-600&quot;;font-style:normal;font-weight:400;margin:0;text-transform:uppercase;font-size:1em;line-height:1;\">Architektur<\/div><\/div><div class=\"fusion-text fusion-text-78\" style=\"--awb-margin-top:-3px;\">\n<\/div><div class=\"fusion-text fusion-text-79\">\n<\/div><\/div><\/div><\/div><div class=\"fusion-title title fusion-title-78 fusion-sep-none fusion-title-center fusion-title-text fusion-title-size-three postcard_smjestaj_naziv\" style=\"--awb-text-color:var(--awb-custom_color_7);--awb-margin-top:0px;--awb-margin-right:30px;--awb-margin-bottom:0px;--awb-margin-left:30px;--awb-margin-top-small:4px;--awb-margin-bottom-small:16px;--awb-font-size:22px;\"><h3 class=\"fusion-title-heading title-heading-center\" style=\"margin:0;font-size:1em;line-height:1.1em;\">Palast Modello<\/h3><\/div><div style=\"text-align:center;\"><a class=\"fusion-button button-flat fusion-button-default-size button-custom fusion-button-default button-39 fusion-button-default-span fusion-button-default-type botun_plaze\" style=\"--button_accent_color:var(--awb-color1);--button_accent_hover_color:var(--awb-color1);--button_border_hover_color:var(--awb-color1);--button_gradient_top_color:var(--awb-custom_color_7);--button_gradient_bottom_color:var(--awb-custom_color_7);--button_gradient_top_color_hover:var(--awb-color4);--button_gradient_bottom_color_hover:var(--awb-color4);--button_text_transform:uppercase;--button_font_size:16px;--button_typography-font-family:&quot;SSP-Semibold-600&quot;;--button_typography-font-style:normal;--button_typography-font-weight:400;--button_margin-top:12px;--button_margin-bottom:20px;\" target=\"_self\" href=\"https:\/\/visitrijeka.hr\/de\/palast-modello\/\"><span class=\"fusion-button-text awb-button__text awb-button__text--default\">Entdecke<\/span><i class=\"fa-long-arrow-alt-right fas awb-button__icon awb-button__icon--default button-icon-right\" aria-hidden=\"true\"><\/i><\/a><\/div><\/div><\/li>\n<li class=\"fusion-layout-column fusion_builder_column fusion-builder-column-43 fusion-flex-column postcard-grad-rijeka post-card fusion-grid-column fusion-post-cards-grid-column sakrale-objekte stadt id-20879\" style=\"--awb-padding-bottom:20px;--awb-overflow:hidden;--awb-bg-color:var(--awb-color1);--awb-bg-color-hover:var(--awb-color1);--awb-bg-size:cover;--awb-box-shadow:0px 32px 52px -24px hsla(var(--awb-color8-h),var(--awb-color8-s),var(--awb-color8-l),calc(var(--awb-color8-a) - 92%));;--awb-border-radius:16px 16px 16px 16px;--awb-flex-grow:0;--awb-flex-shrink:0;--awb-flex-grow-medium:0;--awb-flex-shrink-medium:0;--awb-flex-grow-small:0;--awb-flex-shrink-small:0;\"><div class=\"fusion-column-wrapper fusion-column-has-shadow fusion-flex-justify-content-flex-start fusion-content-layout-column\"><div class=\"fusion-featured-slider-tb fusion-featured-slider-tb-40\" style=\"margin-bottom:25px;\"><div class=\"fusion-slider-sc fusion-has-margin\"><div class=\"fusion-flexslider-loading flexslider flexslider-hover-type-none fusion-slider-sc-cover\" data-slideshow_autoplay=\"0\" data-slideshow_smooth_height=\"1\" data-slideshow_speed=\"7000\" style=\"max-width:600px;height:300px;\"><ul class=\"slides\"><li class=\"image\"><span class=\"lazyload fusion-image-hover-element hover-type-none\"><img decoding=\"async\" src=\"data:image\/svg+xml,%3Csvg%20xmlns%3D%27http%3A%2F%2Fwww.w3.org%2F2000%2Fsvg%27%20width%3D%271920%27%20height%3D%271281%27%20viewBox%3D%270%200%201920%201281%27%3E%3Crect%20width%3D%271920%27%20height%3D%271281%27%20fill-opacity%3D%220%22%2F%3E%3C%2Fsvg%3E\" data-orig-src=\"https:\/\/visitrijeka.hr\/wp-content\/uploads\/2023\/03\/kapucinka2666.jpg\" width=\"1920\" height=\"1281\" class=\"lazyload wp-image-0\" \/><\/span><\/li><\/ul><\/div><\/div><\/div><div class=\"fusion-builder-row fusion-builder-row-inner fusion-row fusion-flex-align-items-flex-start fusion-flex-content-wrap\" style=\"width:104% !important;max-width:104% !important;margin-left: calc(-4% \/ 2 );margin-right: calc(-4% \/ 2 );\"><div class=\"fusion-layout-column fusion_builder_column_inner fusion-builder-nested-column-39 fusion_builder_column_inner_1_1 1_1 fusion-flex-column\" style=\"--awb-padding-right:30px;--awb-padding-bottom:0px;--awb-padding-left:30px;--awb-padding-top-medium:24px;--awb-padding-right-medium:24px;--awb-padding-bottom-medium:24px;--awb-padding-left-medium:24px;--awb-padding-top-small:20px;--awb-padding-bottom-small:20px;--awb-overflow:hidden;--awb-bg-color:var(--awb-color1);--awb-bg-color-hover:var(--awb-color1);--awb-bg-size:cover;--awb-border-radius:0px 0px 5px 5px;--awb-width-large:100%;--awb-margin-top-large:0px;--awb-spacing-right-large:1.92%;--awb-margin-bottom-large:0px;--awb-spacing-left-large:1.92%;--awb-width-medium:100%;--awb-order-medium:0;--awb-spacing-right-medium:1.92%;--awb-spacing-left-medium:1.92%;--awb-width-small:100%;--awb-order-small:0;--awb-spacing-right-small:1.92%;--awb-spacing-left-small:1.92%;\" data-scroll-devices=\"small-visibility,medium-visibility,large-visibility\"><div class=\"fusion-column-wrapper fusion-column-has-shadow fusion-flex-justify-content-space-between fusion-content-layout-row\"><div class=\"fusion-title title fusion-title-79 fusion-sep-none fusion-title-text fusion-title-size-div\" style=\"--awb-text-color:var(--awb-color4);--awb-margin-top:0px;--awb-font-size:12px;\"><div class=\"fusion-title-heading title-heading-left title-heading-tag\" style=\"font-family:&quot;SSP-Semibold-600&quot;;font-style:normal;font-weight:400;margin:0;text-transform:uppercase;font-size:1em;line-height:1;\">Sakrale Objekte<\/div><\/div><div class=\"fusion-text fusion-text-80\" style=\"--awb-margin-top:-3px;\">\n<\/div><div class=\"fusion-text fusion-text-81\">\n<\/div><\/div><\/div><\/div><div class=\"fusion-title title fusion-title-80 fusion-sep-none fusion-title-center fusion-title-text fusion-title-size-three postcard_smjestaj_naziv\" style=\"--awb-text-color:var(--awb-custom_color_7);--awb-margin-top:0px;--awb-margin-right:30px;--awb-margin-bottom:0px;--awb-margin-left:30px;--awb-margin-top-small:4px;--awb-margin-bottom-small:16px;--awb-font-size:22px;\"><h3 class=\"fusion-title-heading title-heading-center\" style=\"margin:0;font-size:1em;line-height:1.1em;\">Kirche der Muttergottes von Lourdes und das Kapuzinerkloster<\/h3><\/div><div style=\"text-align:center;\"><a class=\"fusion-button button-flat fusion-button-default-size button-custom fusion-button-default button-40 fusion-button-default-span fusion-button-default-type botun_plaze\" style=\"--button_accent_color:var(--awb-color1);--button_accent_hover_color:var(--awb-color1);--button_border_hover_color:var(--awb-color1);--button_gradient_top_color:var(--awb-custom_color_7);--button_gradient_bottom_color:var(--awb-custom_color_7);--button_gradient_top_color_hover:var(--awb-color4);--button_gradient_bottom_color_hover:var(--awb-color4);--button_text_transform:uppercase;--button_font_size:16px;--button_typography-font-family:&quot;SSP-Semibold-600&quot;;--button_typography-font-style:normal;--button_typography-font-weight:400;--button_margin-top:12px;--button_margin-bottom:20px;\" target=\"_self\" href=\"https:\/\/visitrijeka.hr\/de\/kirche-der-muttergottes-von-lourdes-und-das-kapuzinerkloster\/\"><span class=\"fusion-button-text awb-button__text awb-button__text--default\">Entdecke<\/span><i class=\"fa-long-arrow-alt-right fas awb-button__icon awb-button__icon--default button-icon-right\" aria-hidden=\"true\"><\/i><\/a><\/div><\/div><\/li>\n<li class=\"fusion-layout-column fusion_builder_column fusion-builder-column-44 fusion-flex-column postcard-grad-rijeka post-card fusion-grid-column fusion-post-cards-grid-column parks stadt id-38274\" style=\"--awb-padding-bottom:20px;--awb-overflow:hidden;--awb-bg-color:var(--awb-color1);--awb-bg-color-hover:var(--awb-color1);--awb-bg-size:cover;--awb-box-shadow:0px 32px 52px -24px hsla(var(--awb-color8-h),var(--awb-color8-s),var(--awb-color8-l),calc(var(--awb-color8-a) - 92%));;--awb-border-radius:16px 16px 16px 16px;--awb-flex-grow:0;--awb-flex-shrink:0;--awb-flex-grow-medium:0;--awb-flex-shrink-medium:0;--awb-flex-grow-small:0;--awb-flex-shrink-small:0;\"><div class=\"fusion-column-wrapper fusion-column-has-shadow fusion-flex-justify-content-flex-start fusion-content-layout-column\"><div class=\"fusion-featured-slider-tb fusion-featured-slider-tb-41\" style=\"margin-bottom:25px;\"><div class=\"fusion-slider-sc fusion-has-margin\"><div class=\"fusion-flexslider-loading flexslider flexslider-hover-type-none fusion-slider-sc-cover\" data-slideshow_autoplay=\"0\" data-slideshow_smooth_height=\"1\" data-slideshow_speed=\"7000\" style=\"max-width:600px;height:300px;\"><ul class=\"slides\"><li class=\"image\"><span class=\"lazyload fusion-image-hover-element hover-type-none\"><img decoding=\"async\" src=\"data:image\/svg+xml,%3Csvg%20xmlns%3D%27http%3A%2F%2Fwww.w3.org%2F2000%2Fsvg%27%20width%3D%271200%27%20height%3D%27800%27%20viewBox%3D%270%200%201200%20800%27%3E%3Crect%20width%3D%271200%27%20height%3D%27800%27%20fill-opacity%3D%220%22%2F%3E%3C%2Fsvg%3E\" data-orig-src=\"https:\/\/visitrijeka.hr\/wp-content\/uploads\/2023\/08\/Nugentov-park.jpg\" alt=\"Nugentov park\" width=\"1200\" height=\"800\" class=\"lazyload wp-image-0\" \/><\/span><\/li><\/ul><\/div><\/div><\/div><div class=\"fusion-builder-row fusion-builder-row-inner fusion-row fusion-flex-align-items-flex-start fusion-flex-content-wrap\" style=\"width:104% !important;max-width:104% !important;margin-left: calc(-4% \/ 2 );margin-right: calc(-4% \/ 2 );\"><div class=\"fusion-layout-column fusion_builder_column_inner fusion-builder-nested-column-40 fusion_builder_column_inner_1_1 1_1 fusion-flex-column\" style=\"--awb-padding-right:30px;--awb-padding-bottom:0px;--awb-padding-left:30px;--awb-padding-top-medium:24px;--awb-padding-right-medium:24px;--awb-padding-bottom-medium:24px;--awb-padding-left-medium:24px;--awb-padding-top-small:20px;--awb-padding-bottom-small:20px;--awb-overflow:hidden;--awb-bg-color:var(--awb-color1);--awb-bg-color-hover:var(--awb-color1);--awb-bg-size:cover;--awb-border-radius:0px 0px 5px 5px;--awb-width-large:100%;--awb-margin-top-large:0px;--awb-spacing-right-large:1.92%;--awb-margin-bottom-large:0px;--awb-spacing-left-large:1.92%;--awb-width-medium:100%;--awb-order-medium:0;--awb-spacing-right-medium:1.92%;--awb-spacing-left-medium:1.92%;--awb-width-small:100%;--awb-order-small:0;--awb-spacing-right-small:1.92%;--awb-spacing-left-small:1.92%;\" data-scroll-devices=\"small-visibility,medium-visibility,large-visibility\"><div class=\"fusion-column-wrapper fusion-column-has-shadow fusion-flex-justify-content-space-between fusion-content-layout-row\"><div class=\"fusion-title title fusion-title-81 fusion-sep-none fusion-title-text fusion-title-size-div\" style=\"--awb-text-color:var(--awb-color4);--awb-margin-top:0px;--awb-font-size:12px;\"><div class=\"fusion-title-heading title-heading-left title-heading-tag\" style=\"font-family:&quot;SSP-Semibold-600&quot;;font-style:normal;font-weight:400;margin:0;text-transform:uppercase;font-size:1em;line-height:1;\">Parks<\/div><\/div><div class=\"fusion-text fusion-text-82\" style=\"--awb-margin-top:-3px;\">\n<\/div><div class=\"fusion-text fusion-text-83\">\n<\/div><\/div><\/div><\/div><div class=\"fusion-title title fusion-title-82 fusion-sep-none fusion-title-center fusion-title-text fusion-title-size-three postcard_smjestaj_naziv\" style=\"--awb-text-color:var(--awb-custom_color_7);--awb-margin-top:0px;--awb-margin-right:30px;--awb-margin-bottom:0px;--awb-margin-left:30px;--awb-margin-top-small:4px;--awb-margin-bottom-small:16px;--awb-font-size:22px;\"><h3 class=\"fusion-title-heading title-heading-center\" style=\"margin:0;font-size:1em;line-height:1.1em;\">Nugents Park<\/h3><\/div><div style=\"text-align:center;\"><a class=\"fusion-button button-flat fusion-button-default-size button-custom fusion-button-default button-41 fusion-button-default-span fusion-button-default-type botun_plaze\" style=\"--button_accent_color:var(--awb-color1);--button_accent_hover_color:var(--awb-color1);--button_border_hover_color:var(--awb-color1);--button_gradient_top_color:var(--awb-custom_color_7);--button_gradient_bottom_color:var(--awb-custom_color_7);--button_gradient_top_color_hover:var(--awb-color4);--button_gradient_bottom_color_hover:var(--awb-color4);--button_text_transform:uppercase;--button_font_size:16px;--button_typography-font-family:&quot;SSP-Semibold-600&quot;;--button_typography-font-style:normal;--button_typography-font-weight:400;--button_margin-top:12px;--button_margin-bottom:20px;\" target=\"_self\" href=\"https:\/\/visitrijeka.hr\/de\/nugents-park\/\"><span class=\"fusion-button-text awb-button__text awb-button__text--default\">Entdecke<\/span><i class=\"fa-long-arrow-alt-right fas awb-button__icon awb-button__icon--default button-icon-right\" aria-hidden=\"true\"><\/i><\/a><\/div><\/div><\/li>\n<li class=\"fusion-layout-column fusion_builder_column fusion-builder-column-45 fusion-flex-column postcard-grad-rijeka post-card fusion-grid-column fusion-post-cards-grid-column museen stadt winter-pass-de id-22558\" style=\"--awb-padding-bottom:20px;--awb-overflow:hidden;--awb-bg-color:var(--awb-color1);--awb-bg-color-hover:var(--awb-color1);--awb-bg-size:cover;--awb-box-shadow:0px 32px 52px -24px hsla(var(--awb-color8-h),var(--awb-color8-s),var(--awb-color8-l),calc(var(--awb-color8-a) - 92%));;--awb-border-radius:16px 16px 16px 16px;--awb-flex-grow:0;--awb-flex-shrink:0;--awb-flex-grow-medium:0;--awb-flex-shrink-medium:0;--awb-flex-grow-small:0;--awb-flex-shrink-small:0;\"><div class=\"fusion-column-wrapper fusion-column-has-shadow fusion-flex-justify-content-flex-start fusion-content-layout-column\"><div class=\"fusion-featured-slider-tb fusion-featured-slider-tb-42\" style=\"margin-bottom:25px;\"><div class=\"fusion-slider-sc fusion-has-margin\"><div class=\"fusion-flexslider-loading flexslider flexslider-hover-type-none fusion-slider-sc-cover\" data-slideshow_autoplay=\"0\" data-slideshow_smooth_height=\"1\" data-slideshow_speed=\"7000\" style=\"max-width:600px;height:300px;\"><ul class=\"slides\"><li class=\"image\"><span class=\"lazyload fusion-image-hover-element hover-type-none\"><img decoding=\"async\" src=\"data:image\/svg+xml,%3Csvg%20xmlns%3D%27http%3A%2F%2Fwww.w3.org%2F2000%2Fsvg%27%20width%3D%271920%27%20height%3D%271396%27%20viewBox%3D%270%200%201920%201396%27%3E%3Crect%20width%3D%271920%27%20height%3D%271396%27%20fill-opacity%3D%220%22%2F%3E%3C%2Fsvg%3E\" data-orig-src=\"https:\/\/visitrijeka.hr\/wp-content\/uploads\/2023\/03\/PeekPoke_informatikaGLAVNA.jpg\" width=\"1920\" height=\"1396\" class=\"lazyload wp-image-0\" \/><\/span><\/li><\/ul><\/div><\/div><\/div><div class=\"fusion-builder-row fusion-builder-row-inner fusion-row fusion-flex-align-items-flex-start fusion-flex-content-wrap\" style=\"width:104% !important;max-width:104% !important;margin-left: calc(-4% \/ 2 );margin-right: calc(-4% \/ 2 );\"><div class=\"fusion-layout-column fusion_builder_column_inner fusion-builder-nested-column-41 fusion_builder_column_inner_1_1 1_1 fusion-flex-column\" style=\"--awb-padding-right:30px;--awb-padding-bottom:0px;--awb-padding-left:30px;--awb-padding-top-medium:24px;--awb-padding-right-medium:24px;--awb-padding-bottom-medium:24px;--awb-padding-left-medium:24px;--awb-padding-top-small:20px;--awb-padding-bottom-small:20px;--awb-overflow:hidden;--awb-bg-color:var(--awb-color1);--awb-bg-color-hover:var(--awb-color1);--awb-bg-size:cover;--awb-border-radius:0px 0px 5px 5px;--awb-width-large:100%;--awb-margin-top-large:0px;--awb-spacing-right-large:1.92%;--awb-margin-bottom-large:0px;--awb-spacing-left-large:1.92%;--awb-width-medium:100%;--awb-order-medium:0;--awb-spacing-right-medium:1.92%;--awb-spacing-left-medium:1.92%;--awb-width-small:100%;--awb-order-small:0;--awb-spacing-right-small:1.92%;--awb-spacing-left-small:1.92%;\" data-scroll-devices=\"small-visibility,medium-visibility,large-visibility\"><div class=\"fusion-column-wrapper fusion-column-has-shadow fusion-flex-justify-content-space-between fusion-content-layout-row\"><div class=\"fusion-title title fusion-title-83 fusion-sep-none fusion-title-text fusion-title-size-div\" style=\"--awb-text-color:var(--awb-color4);--awb-margin-top:0px;--awb-font-size:12px;\"><div class=\"fusion-title-heading title-heading-left title-heading-tag\" style=\"font-family:&quot;SSP-Semibold-600&quot;;font-style:normal;font-weight:400;margin:0;text-transform:uppercase;font-size:1em;line-height:1;\">Museen<\/div><\/div><div class=\"fusion-text fusion-text-84\" style=\"--awb-margin-top:-3px;\">\n<\/div><div class=\"fusion-text fusion-text-85\">\n<\/div><\/div><\/div><\/div><div class=\"fusion-title title fusion-title-84 fusion-sep-none fusion-title-center fusion-title-text fusion-title-size-three postcard_smjestaj_naziv\" style=\"--awb-text-color:var(--awb-custom_color_7);--awb-margin-top:0px;--awb-margin-right:30px;--awb-margin-bottom:0px;--awb-margin-left:30px;--awb-margin-top-small:4px;--awb-margin-bottom-small:16px;--awb-font-size:22px;\"><h3 class=\"fusion-title-heading title-heading-center\" style=\"margin:0;font-size:1em;line-height:1.1em;\">Peek&#038;Poke \u2212 Museum der Informatik<\/h3><\/div><div style=\"text-align:center;\"><a class=\"fusion-button button-flat fusion-button-default-size button-custom fusion-button-default button-42 fusion-button-default-span fusion-button-default-type botun_plaze\" style=\"--button_accent_color:var(--awb-color1);--button_accent_hover_color:var(--awb-color1);--button_border_hover_color:var(--awb-color1);--button_gradient_top_color:var(--awb-custom_color_7);--button_gradient_bottom_color:var(--awb-custom_color_7);--button_gradient_top_color_hover:var(--awb-color4);--button_gradient_bottom_color_hover:var(--awb-color4);--button_text_transform:uppercase;--button_font_size:16px;--button_typography-font-family:&quot;SSP-Semibold-600&quot;;--button_typography-font-style:normal;--button_typography-font-weight:400;--button_margin-top:12px;--button_margin-bottom:20px;\" target=\"_self\" href=\"https:\/\/visitrijeka.hr\/de\/peekpoke-%e2%88%92-museum-der-informatik\/\"><span class=\"fusion-button-text awb-button__text awb-button__text--default\">Entdecke<\/span><i class=\"fa-long-arrow-alt-right fas awb-button__icon awb-button__icon--default button-icon-right\" aria-hidden=\"true\"><\/i><\/a><\/div><\/div><\/li>\n<li class=\"fusion-layout-column fusion_builder_column fusion-builder-column-46 fusion-flex-column postcard-grad-rijeka post-card fusion-grid-column fusion-post-cards-grid-column sehenswurdigkeiten stadt id-25117\" style=\"--awb-padding-bottom:20px;--awb-overflow:hidden;--awb-bg-color:var(--awb-color1);--awb-bg-color-hover:var(--awb-color1);--awb-bg-size:cover;--awb-box-shadow:0px 32px 52px -24px hsla(var(--awb-color8-h),var(--awb-color8-s),var(--awb-color8-l),calc(var(--awb-color8-a) - 92%));;--awb-border-radius:16px 16px 16px 16px;--awb-flex-grow:0;--awb-flex-shrink:0;--awb-flex-grow-medium:0;--awb-flex-shrink-medium:0;--awb-flex-grow-small:0;--awb-flex-shrink-small:0;\"><div class=\"fusion-column-wrapper fusion-column-has-shadow fusion-flex-justify-content-flex-start fusion-content-layout-column\"><div class=\"fusion-featured-slider-tb fusion-featured-slider-tb-43\" style=\"margin-bottom:25px;\"><div class=\"fusion-slider-sc fusion-has-margin\"><div class=\"fusion-flexslider-loading flexslider flexslider-hover-type-none fusion-slider-sc-cover\" data-slideshow_autoplay=\"0\" data-slideshow_smooth_height=\"1\" data-slideshow_speed=\"7000\" style=\"max-width:600px;height:300px;\"><ul class=\"slides\"><li class=\"image\"><span class=\"lazyload fusion-image-hover-element hover-type-none\"><img decoding=\"async\" src=\"data:image\/svg+xml,%3Csvg%20xmlns%3D%27http%3A%2F%2Fwww.w3.org%2F2000%2Fsvg%27%20width%3D%271920%27%20height%3D%271280%27%20viewBox%3D%270%200%201920%201280%27%3E%3Crect%20width%3D%271920%27%20height%3D%271280%27%20fill-opacity%3D%220%22%2F%3E%3C%2Fsvg%3E\" data-orig-src=\"https:\/\/visitrijeka.hr\/wp-content\/uploads\/2023\/03\/Mrtvi-kanal.jpg\" width=\"1920\" height=\"1280\" class=\"lazyload wp-image-0\" \/><\/span><\/li><\/ul><\/div><\/div><\/div><div class=\"fusion-builder-row fusion-builder-row-inner fusion-row fusion-flex-align-items-flex-start fusion-flex-content-wrap\" style=\"width:104% !important;max-width:104% !important;margin-left: calc(-4% \/ 2 );margin-right: calc(-4% \/ 2 );\"><div class=\"fusion-layout-column fusion_builder_column_inner fusion-builder-nested-column-42 fusion_builder_column_inner_1_1 1_1 fusion-flex-column\" style=\"--awb-padding-right:30px;--awb-padding-bottom:0px;--awb-padding-left:30px;--awb-padding-top-medium:24px;--awb-padding-right-medium:24px;--awb-padding-bottom-medium:24px;--awb-padding-left-medium:24px;--awb-padding-top-small:20px;--awb-padding-bottom-small:20px;--awb-overflow:hidden;--awb-bg-color:var(--awb-color1);--awb-bg-color-hover:var(--awb-color1);--awb-bg-size:cover;--awb-border-radius:0px 0px 5px 5px;--awb-width-large:100%;--awb-margin-top-large:0px;--awb-spacing-right-large:1.92%;--awb-margin-bottom-large:0px;--awb-spacing-left-large:1.92%;--awb-width-medium:100%;--awb-order-medium:0;--awb-spacing-right-medium:1.92%;--awb-spacing-left-medium:1.92%;--awb-width-small:100%;--awb-order-small:0;--awb-spacing-right-small:1.92%;--awb-spacing-left-small:1.92%;\" data-scroll-devices=\"small-visibility,medium-visibility,large-visibility\"><div class=\"fusion-column-wrapper fusion-column-has-shadow fusion-flex-justify-content-space-between fusion-content-layout-row\"><div class=\"fusion-title title fusion-title-85 fusion-sep-none fusion-title-text fusion-title-size-div\" style=\"--awb-text-color:var(--awb-color4);--awb-margin-top:0px;--awb-font-size:12px;\"><div class=\"fusion-title-heading title-heading-left title-heading-tag\" style=\"font-family:&quot;SSP-Semibold-600&quot;;font-style:normal;font-weight:400;margin:0;text-transform:uppercase;font-size:1em;line-height:1;\">Sehensw\u00fcrdigkeiten<\/div><\/div><div class=\"fusion-text fusion-text-86\" style=\"--awb-margin-top:-3px;\">\n<\/div><div class=\"fusion-text fusion-text-87\">\n<\/div><\/div><\/div><\/div><div class=\"fusion-title title fusion-title-86 fusion-sep-none fusion-title-center fusion-title-text fusion-title-size-three postcard_smjestaj_naziv\" style=\"--awb-text-color:var(--awb-custom_color_7);--awb-margin-top:0px;--awb-margin-right:30px;--awb-margin-bottom:0px;--awb-margin-left:30px;--awb-margin-top-small:4px;--awb-margin-bottom-small:16px;--awb-font-size:22px;\"><h3 class=\"fusion-title-heading title-heading-center\" style=\"margin:0;font-size:1em;line-height:1.1em;\">Mrtvi kanal (Toter Kanal) und Palast Adami\u0107<\/h3><\/div><div style=\"text-align:center;\"><a class=\"fusion-button button-flat fusion-button-default-size button-custom fusion-button-default button-43 fusion-button-default-span fusion-button-default-type botun_plaze\" style=\"--button_accent_color:var(--awb-color1);--button_accent_hover_color:var(--awb-color1);--button_border_hover_color:var(--awb-color1);--button_gradient_top_color:var(--awb-custom_color_7);--button_gradient_bottom_color:var(--awb-custom_color_7);--button_gradient_top_color_hover:var(--awb-color4);--button_gradient_bottom_color_hover:var(--awb-color4);--button_text_transform:uppercase;--button_font_size:16px;--button_typography-font-family:&quot;SSP-Semibold-600&quot;;--button_typography-font-style:normal;--button_typography-font-weight:400;--button_margin-top:12px;--button_margin-bottom:20px;\" target=\"_self\" href=\"https:\/\/visitrijeka.hr\/de\/mrtvi-kanal-toter-kanal-und-palast-adamic\/\"><span class=\"fusion-button-text awb-button__text awb-button__text--default\">Entdecke<\/span><i class=\"fa-long-arrow-alt-right fas awb-button__icon awb-button__icon--default button-icon-right\" aria-hidden=\"true\"><\/i><\/a><\/div><\/div><\/li>\n<li class=\"fusion-layout-column fusion_builder_column fusion-builder-column-47 fusion-flex-column postcard-grad-rijeka post-card fusion-grid-column fusion-post-cards-grid-column galerien stadt id-21434\" style=\"--awb-padding-bottom:20px;--awb-overflow:hidden;--awb-bg-color:var(--awb-color1);--awb-bg-color-hover:var(--awb-color1);--awb-bg-size:cover;--awb-box-shadow:0px 32px 52px -24px hsla(var(--awb-color8-h),var(--awb-color8-s),var(--awb-color8-l),calc(var(--awb-color8-a) - 92%));;--awb-border-radius:16px 16px 16px 16px;--awb-flex-grow:0;--awb-flex-shrink:0;--awb-flex-grow-medium:0;--awb-flex-shrink-medium:0;--awb-flex-grow-small:0;--awb-flex-shrink-small:0;\"><div class=\"fusion-column-wrapper fusion-column-has-shadow fusion-flex-justify-content-flex-start fusion-content-layout-column\"><div class=\"fusion-featured-slider-tb fusion-featured-slider-tb-44\" style=\"margin-bottom:25px;\"><div class=\"fusion-slider-sc fusion-has-margin\"><div class=\"fusion-flexslider-loading flexslider flexslider-hover-type-none fusion-slider-sc-cover\" data-slideshow_autoplay=\"0\" data-slideshow_smooth_height=\"1\" data-slideshow_speed=\"7000\" style=\"max-width:600px;height:300px;\"><ul class=\"slides\"><li class=\"image\"><span class=\"lazyload fusion-image-hover-element hover-type-none\"><img decoding=\"async\" src=\"data:image\/svg+xml,%3Csvg%20xmlns%3D%27http%3A%2F%2Fwww.w3.org%2F2000%2Fsvg%27%20width%3D%271920%27%20height%3D%271280%27%20viewBox%3D%270%200%201920%201280%27%3E%3Crect%20width%3D%271920%27%20height%3D%271280%27%20fill-opacity%3D%220%22%2F%3E%3C%2Fsvg%3E\" data-orig-src=\"https:\/\/visitrijeka.hr\/wp-content\/uploads\/2023\/03\/Sveucilisna-knjiznica-Rijeka-kopija.jpg\" width=\"1920\" height=\"1280\" class=\"lazyload wp-image-0\" \/><\/span><\/li><\/ul><\/div><\/div><\/div><div class=\"fusion-builder-row fusion-builder-row-inner fusion-row fusion-flex-align-items-flex-start fusion-flex-content-wrap\" style=\"width:104% !important;max-width:104% !important;margin-left: calc(-4% \/ 2 );margin-right: calc(-4% \/ 2 );\"><div class=\"fusion-layout-column fusion_builder_column_inner fusion-builder-nested-column-43 fusion_builder_column_inner_1_1 1_1 fusion-flex-column\" style=\"--awb-padding-right:30px;--awb-padding-bottom:0px;--awb-padding-left:30px;--awb-padding-top-medium:24px;--awb-padding-right-medium:24px;--awb-padding-bottom-medium:24px;--awb-padding-left-medium:24px;--awb-padding-top-small:20px;--awb-padding-bottom-small:20px;--awb-overflow:hidden;--awb-bg-color:var(--awb-color1);--awb-bg-color-hover:var(--awb-color1);--awb-bg-size:cover;--awb-border-radius:0px 0px 5px 5px;--awb-width-large:100%;--awb-margin-top-large:0px;--awb-spacing-right-large:1.92%;--awb-margin-bottom-large:0px;--awb-spacing-left-large:1.92%;--awb-width-medium:100%;--awb-order-medium:0;--awb-spacing-right-medium:1.92%;--awb-spacing-left-medium:1.92%;--awb-width-small:100%;--awb-order-small:0;--awb-spacing-right-small:1.92%;--awb-spacing-left-small:1.92%;\" data-scroll-devices=\"small-visibility,medium-visibility,large-visibility\"><div class=\"fusion-column-wrapper fusion-column-has-shadow fusion-flex-justify-content-space-between fusion-content-layout-row\"><div class=\"fusion-title title fusion-title-87 fusion-sep-none fusion-title-text fusion-title-size-div\" style=\"--awb-text-color:var(--awb-color4);--awb-margin-top:0px;--awb-font-size:12px;\"><div class=\"fusion-title-heading title-heading-left title-heading-tag\" style=\"font-family:&quot;SSP-Semibold-600&quot;;font-style:normal;font-weight:400;margin:0;text-transform:uppercase;font-size:1em;line-height:1;\">Galerien<\/div><\/div><div class=\"fusion-text fusion-text-88\" style=\"--awb-margin-top:-3px;\">\n<\/div><div class=\"fusion-text fusion-text-89\">\n<\/div><\/div><\/div><\/div><div class=\"fusion-title title fusion-title-88 fusion-sep-none fusion-title-center fusion-title-text fusion-title-size-three postcard_smjestaj_naziv\" style=\"--awb-text-color:var(--awb-custom_color_7);--awb-margin-top:0px;--awb-margin-right:30px;--awb-margin-bottom:0px;--awb-margin-left:30px;--awb-margin-top-small:4px;--awb-margin-bottom-small:16px;--awb-font-size:22px;\"><h3 class=\"fusion-title-heading title-heading-center\" style=\"margin:0;font-size:1em;line-height:1.1em;\">Universit\u00e4tsbibliothek Rijeka \u2212 Ausstellung \u201eGlagolitische Schrift\u201c<\/h3><\/div><div style=\"text-align:center;\"><a class=\"fusion-button button-flat fusion-button-default-size button-custom fusion-button-default button-44 fusion-button-default-span fusion-button-default-type botun_plaze\" style=\"--button_accent_color:var(--awb-color1);--button_accent_hover_color:var(--awb-color1);--button_border_hover_color:var(--awb-color1);--button_gradient_top_color:var(--awb-custom_color_7);--button_gradient_bottom_color:var(--awb-custom_color_7);--button_gradient_top_color_hover:var(--awb-color4);--button_gradient_bottom_color_hover:var(--awb-color4);--button_text_transform:uppercase;--button_font_size:16px;--button_typography-font-family:&quot;SSP-Semibold-600&quot;;--button_typography-font-style:normal;--button_typography-font-weight:400;--button_margin-top:12px;--button_margin-bottom:20px;\" target=\"_self\" href=\"https:\/\/visitrijeka.hr\/de\/universitaetsbibliothek-rijeka-%e2%88%92-ausstellung-glagolitische-schrift\/\"><span class=\"fusion-button-text awb-button__text awb-button__text--default\">Entdecke<\/span><i class=\"fa-long-arrow-alt-right fas awb-button__icon awb-button__icon--default button-icon-right\" aria-hidden=\"true\"><\/i><\/a><\/div><\/div><\/li>\n<li class=\"fusion-layout-column fusion_builder_column fusion-builder-column-48 fusion-flex-column postcard-grad-rijeka post-card fusion-grid-column fusion-post-cards-grid-column parks stadt id-20565\" style=\"--awb-padding-bottom:20px;--awb-overflow:hidden;--awb-bg-color:var(--awb-color1);--awb-bg-color-hover:var(--awb-color1);--awb-bg-size:cover;--awb-box-shadow:0px 32px 52px -24px hsla(var(--awb-color8-h),var(--awb-color8-s),var(--awb-color8-l),calc(var(--awb-color8-a) - 92%));;--awb-border-radius:16px 16px 16px 16px;--awb-flex-grow:0;--awb-flex-shrink:0;--awb-flex-grow-medium:0;--awb-flex-shrink-medium:0;--awb-flex-grow-small:0;--awb-flex-shrink-small:0;\"><div class=\"fusion-column-wrapper fusion-column-has-shadow fusion-flex-justify-content-flex-start fusion-content-layout-column\"><div class=\"fusion-featured-slider-tb fusion-featured-slider-tb-45\" style=\"margin-bottom:25px;\"><div class=\"fusion-slider-sc fusion-has-margin\"><div class=\"fusion-flexslider-loading flexslider flexslider-hover-type-none fusion-slider-sc-cover\" data-slideshow_autoplay=\"0\" data-slideshow_smooth_height=\"1\" data-slideshow_speed=\"7000\" style=\"max-width:600px;height:300px;\"><ul class=\"slides\"><li class=\"image\"><span class=\"lazyload fusion-image-hover-element hover-type-none\"><img decoding=\"async\" src=\"data:image\/svg+xml,%3Csvg%20xmlns%3D%27http%3A%2F%2Fwww.w3.org%2F2000%2Fsvg%27%20width%3D%271920%27%20height%3D%271000%27%20viewBox%3D%270%200%201920%201000%27%3E%3Crect%20width%3D%271920%27%20height%3D%271000%27%20fill-opacity%3D%220%22%2F%3E%3C%2Fsvg%3E\" data-orig-src=\"https:\/\/visitrijeka.hr\/wp-content\/uploads\/2023\/03\/skate-park4-kopija.jpg\" width=\"1920\" height=\"1000\" class=\"lazyload wp-image-0\" \/><\/span><\/li><\/ul><\/div><\/div><\/div><div class=\"fusion-builder-row fusion-builder-row-inner fusion-row fusion-flex-align-items-flex-start fusion-flex-content-wrap\" style=\"width:104% !important;max-width:104% !important;margin-left: calc(-4% \/ 2 );margin-right: calc(-4% \/ 2 );\"><div class=\"fusion-layout-column fusion_builder_column_inner fusion-builder-nested-column-44 fusion_builder_column_inner_1_1 1_1 fusion-flex-column\" style=\"--awb-padding-right:30px;--awb-padding-bottom:0px;--awb-padding-left:30px;--awb-padding-top-medium:24px;--awb-padding-right-medium:24px;--awb-padding-bottom-medium:24px;--awb-padding-left-medium:24px;--awb-padding-top-small:20px;--awb-padding-bottom-small:20px;--awb-overflow:hidden;--awb-bg-color:var(--awb-color1);--awb-bg-color-hover:var(--awb-color1);--awb-bg-size:cover;--awb-border-radius:0px 0px 5px 5px;--awb-width-large:100%;--awb-margin-top-large:0px;--awb-spacing-right-large:1.92%;--awb-margin-bottom-large:0px;--awb-spacing-left-large:1.92%;--awb-width-medium:100%;--awb-order-medium:0;--awb-spacing-right-medium:1.92%;--awb-spacing-left-medium:1.92%;--awb-width-small:100%;--awb-order-small:0;--awb-spacing-right-small:1.92%;--awb-spacing-left-small:1.92%;\" data-scroll-devices=\"small-visibility,medium-visibility,large-visibility\"><div class=\"fusion-column-wrapper fusion-column-has-shadow fusion-flex-justify-content-space-between fusion-content-layout-row\"><div class=\"fusion-title title fusion-title-89 fusion-sep-none fusion-title-text fusion-title-size-div\" style=\"--awb-text-color:var(--awb-color4);--awb-margin-top:0px;--awb-font-size:12px;\"><div class=\"fusion-title-heading title-heading-left title-heading-tag\" style=\"font-family:&quot;SSP-Semibold-600&quot;;font-style:normal;font-weight:400;margin:0;text-transform:uppercase;font-size:1em;line-height:1;\">Parks<\/div><\/div><div class=\"fusion-text fusion-text-90\" style=\"--awb-margin-top:-3px;\">\n<\/div><div class=\"fusion-text fusion-text-91\">\n<\/div><\/div><\/div><\/div><div class=\"fusion-title title fusion-title-90 fusion-sep-none fusion-title-center fusion-title-text fusion-title-size-three postcard_smjestaj_naziv\" style=\"--awb-text-color:var(--awb-custom_color_7);--awb-margin-top:0px;--awb-margin-right:30px;--awb-margin-bottom:0px;--awb-margin-left:30px;--awb-margin-top-small:4px;--awb-margin-bottom-small:16px;--awb-font-size:22px;\"><h3 class=\"fusion-title-heading title-heading-center\" style=\"margin:0;font-size:1em;line-height:1.1em;\">Park Jo\u017ee Vlahovi\u0107a &#8211; Skate park<\/h3><\/div><div style=\"text-align:center;\"><a class=\"fusion-button button-flat fusion-button-default-size button-custom fusion-button-default button-45 fusion-button-default-span fusion-button-default-type botun_plaze\" style=\"--button_accent_color:var(--awb-color1);--button_accent_hover_color:var(--awb-color1);--button_border_hover_color:var(--awb-color1);--button_gradient_top_color:var(--awb-custom_color_7);--button_gradient_bottom_color:var(--awb-custom_color_7);--button_gradient_top_color_hover:var(--awb-color4);--button_gradient_bottom_color_hover:var(--awb-color4);--button_text_transform:uppercase;--button_font_size:16px;--button_typography-font-family:&quot;SSP-Semibold-600&quot;;--button_typography-font-style:normal;--button_typography-font-weight:400;--button_margin-top:12px;--button_margin-bottom:20px;\" target=\"_self\" href=\"https:\/\/visitrijeka.hr\/de\/skate-park\/\"><span class=\"fusion-button-text awb-button__text awb-button__text--default\">Entdecke<\/span><i class=\"fa-long-arrow-alt-right fas awb-button__icon awb-button__icon--default button-icon-right\" aria-hidden=\"true\"><\/i><\/a><\/div><\/div><\/li>\n<li class=\"fusion-layout-column fusion_builder_column fusion-builder-column-49 fusion-flex-column postcard-grad-rijeka post-card fusion-grid-column fusion-post-cards-grid-column architektur id-21143\" style=\"--awb-padding-bottom:20px;--awb-overflow:hidden;--awb-bg-color:var(--awb-color1);--awb-bg-color-hover:var(--awb-color1);--awb-bg-size:cover;--awb-box-shadow:0px 32px 52px -24px hsla(var(--awb-color8-h),var(--awb-color8-s),var(--awb-color8-l),calc(var(--awb-color8-a) - 92%));;--awb-border-radius:16px 16px 16px 16px;--awb-flex-grow:0;--awb-flex-shrink:0;--awb-flex-grow-medium:0;--awb-flex-shrink-medium:0;--awb-flex-grow-small:0;--awb-flex-shrink-small:0;\"><div class=\"fusion-column-wrapper fusion-column-has-shadow fusion-flex-justify-content-flex-start fusion-content-layout-column\"><div class=\"fusion-featured-slider-tb fusion-featured-slider-tb-46\" style=\"margin-bottom:25px;\"><div class=\"fusion-slider-sc fusion-has-margin\"><div class=\"fusion-flexslider-loading flexslider flexslider-hover-type-none fusion-slider-sc-cover\" data-slideshow_autoplay=\"0\" data-slideshow_smooth_height=\"1\" data-slideshow_speed=\"7000\" style=\"max-width:600px;height:300px;\"><ul class=\"slides\"><li class=\"image\"><span class=\"lazyload fusion-image-hover-element hover-type-none\"><img decoding=\"async\" src=\"data:image\/svg+xml,%3Csvg%20xmlns%3D%27http%3A%2F%2Fwww.w3.org%2F2000%2Fsvg%27%20width%3D%271920%27%20height%3D%271440%27%20viewBox%3D%270%200%201920%201440%27%3E%3Crect%20width%3D%271920%27%20height%3D%271440%27%20fill-opacity%3D%220%22%2F%3E%3C%2Fsvg%3E\" data-orig-src=\"https:\/\/visitrijeka.hr\/wp-content\/uploads\/2023\/03\/Lazaret.jpg\" width=\"1920\" height=\"1440\" class=\"lazyload wp-image-0\" \/><\/span><\/li><\/ul><\/div><\/div><\/div><div class=\"fusion-builder-row fusion-builder-row-inner fusion-row fusion-flex-align-items-flex-start fusion-flex-content-wrap\" style=\"width:104% !important;max-width:104% !important;margin-left: calc(-4% \/ 2 );margin-right: calc(-4% \/ 2 );\"><div class=\"fusion-layout-column fusion_builder_column_inner fusion-builder-nested-column-45 fusion_builder_column_inner_1_1 1_1 fusion-flex-column\" style=\"--awb-padding-right:30px;--awb-padding-bottom:0px;--awb-padding-left:30px;--awb-padding-top-medium:24px;--awb-padding-right-medium:24px;--awb-padding-bottom-medium:24px;--awb-padding-left-medium:24px;--awb-padding-top-small:20px;--awb-padding-bottom-small:20px;--awb-overflow:hidden;--awb-bg-color:var(--awb-color1);--awb-bg-color-hover:var(--awb-color1);--awb-bg-size:cover;--awb-border-radius:0px 0px 5px 5px;--awb-width-large:100%;--awb-margin-top-large:0px;--awb-spacing-right-large:1.92%;--awb-margin-bottom-large:0px;--awb-spacing-left-large:1.92%;--awb-width-medium:100%;--awb-order-medium:0;--awb-spacing-right-medium:1.92%;--awb-spacing-left-medium:1.92%;--awb-width-small:100%;--awb-order-small:0;--awb-spacing-right-small:1.92%;--awb-spacing-left-small:1.92%;\" data-scroll-devices=\"small-visibility,medium-visibility,large-visibility\"><div class=\"fusion-column-wrapper fusion-column-has-shadow fusion-flex-justify-content-space-between fusion-content-layout-row\"><div class=\"fusion-title title fusion-title-91 fusion-sep-none fusion-title-text fusion-title-size-div\" style=\"--awb-text-color:var(--awb-color4);--awb-margin-top:0px;--awb-font-size:12px;\"><div class=\"fusion-title-heading title-heading-left title-heading-tag\" style=\"font-family:&quot;SSP-Semibold-600&quot;;font-style:normal;font-weight:400;margin:0;text-transform:uppercase;font-size:1em;line-height:1;\">Architektur<\/div><\/div><div class=\"fusion-text fusion-text-92\" style=\"--awb-margin-top:-3px;\">\n<\/div><div class=\"fusion-text fusion-text-93\">\n<\/div><\/div><\/div><\/div><div class=\"fusion-title title fusion-title-92 fusion-sep-none fusion-title-center fusion-title-text fusion-title-size-three postcard_smjestaj_naziv\" style=\"--awb-text-color:var(--awb-custom_color_7);--awb-margin-top:0px;--awb-margin-right:30px;--awb-margin-bottom:0px;--awb-margin-left:30px;--awb-margin-top-small:4px;--awb-margin-bottom-small:16px;--awb-font-size:22px;\"><h3 class=\"fusion-title-heading title-heading-center\" style=\"margin:0;font-size:1em;line-height:1.1em;\">Lazarett<\/h3><\/div><div style=\"text-align:center;\"><a class=\"fusion-button button-flat fusion-button-default-size button-custom fusion-button-default button-46 fusion-button-default-span fusion-button-default-type botun_plaze\" style=\"--button_accent_color:var(--awb-color1);--button_accent_hover_color:var(--awb-color1);--button_border_hover_color:var(--awb-color1);--button_gradient_top_color:var(--awb-custom_color_7);--button_gradient_bottom_color:var(--awb-custom_color_7);--button_gradient_top_color_hover:var(--awb-color4);--button_gradient_bottom_color_hover:var(--awb-color4);--button_text_transform:uppercase;--button_font_size:16px;--button_typography-font-family:&quot;SSP-Semibold-600&quot;;--button_typography-font-style:normal;--button_typography-font-weight:400;--button_margin-top:12px;--button_margin-bottom:20px;\" target=\"_self\" href=\"https:\/\/visitrijeka.hr\/de\/lazarett\/\"><span class=\"fusion-button-text awb-button__text awb-button__text--default\">Entdecke<\/span><i class=\"fa-long-arrow-alt-right fas awb-button__icon awb-button__icon--default button-icon-right\" aria-hidden=\"true\"><\/i><\/a><\/div><\/div><\/li>\n<li class=\"fusion-layout-column fusion_builder_column fusion-builder-column-50 fusion-flex-column postcard-grad-rijeka post-card fusion-grid-column fusion-post-cards-grid-column architektur id-21159\" style=\"--awb-padding-bottom:20px;--awb-overflow:hidden;--awb-bg-color:var(--awb-color1);--awb-bg-color-hover:var(--awb-color1);--awb-bg-size:cover;--awb-box-shadow:0px 32px 52px -24px hsla(var(--awb-color8-h),var(--awb-color8-s),var(--awb-color8-l),calc(var(--awb-color8-a) - 92%));;--awb-border-radius:16px 16px 16px 16px;--awb-flex-grow:0;--awb-flex-shrink:0;--awb-flex-grow-medium:0;--awb-flex-shrink-medium:0;--awb-flex-grow-small:0;--awb-flex-shrink-small:0;\"><div class=\"fusion-column-wrapper fusion-column-has-shadow fusion-flex-justify-content-flex-start fusion-content-layout-column\"><div class=\"fusion-featured-slider-tb fusion-featured-slider-tb-47\" style=\"margin-bottom:25px;\"><div class=\"fusion-slider-sc fusion-has-margin\"><div class=\"fusion-flexslider-loading flexslider flexslider-hover-type-none fusion-slider-sc-cover\" data-slideshow_autoplay=\"0\" data-slideshow_smooth_height=\"1\" data-slideshow_speed=\"7000\" style=\"max-width:600px;height:300px;\"><ul class=\"slides\"><li class=\"image\"><span class=\"lazyload fusion-image-hover-element hover-type-none\"><img decoding=\"async\" src=\"data:image\/svg+xml,%3Csvg%20xmlns%3D%27http%3A%2F%2Fwww.w3.org%2F2000%2Fsvg%27%20width%3D%271920%27%20height%3D%271440%27%20viewBox%3D%270%200%201920%201440%27%3E%3Crect%20width%3D%271920%27%20height%3D%271440%27%20fill-opacity%3D%220%22%2F%3E%3C%2Fsvg%3E\" data-orig-src=\"https:\/\/visitrijeka.hr\/wp-content\/uploads\/2023\/03\/kuca-veneziana.jpg\" width=\"1920\" height=\"1440\" class=\"lazyload wp-image-0\" \/><\/span><\/li><\/ul><\/div><\/div><\/div><div class=\"fusion-builder-row fusion-builder-row-inner fusion-row fusion-flex-align-items-flex-start fusion-flex-content-wrap\" style=\"width:104% !important;max-width:104% !important;margin-left: calc(-4% \/ 2 );margin-right: calc(-4% \/ 2 );\"><div class=\"fusion-layout-column fusion_builder_column_inner fusion-builder-nested-column-46 fusion_builder_column_inner_1_1 1_1 fusion-flex-column\" style=\"--awb-padding-right:30px;--awb-padding-bottom:0px;--awb-padding-left:30px;--awb-padding-top-medium:24px;--awb-padding-right-medium:24px;--awb-padding-bottom-medium:24px;--awb-padding-left-medium:24px;--awb-padding-top-small:20px;--awb-padding-bottom-small:20px;--awb-overflow:hidden;--awb-bg-color:var(--awb-color1);--awb-bg-color-hover:var(--awb-color1);--awb-bg-size:cover;--awb-border-radius:0px 0px 5px 5px;--awb-width-large:100%;--awb-margin-top-large:0px;--awb-spacing-right-large:1.92%;--awb-margin-bottom-large:0px;--awb-spacing-left-large:1.92%;--awb-width-medium:100%;--awb-order-medium:0;--awb-spacing-right-medium:1.92%;--awb-spacing-left-medium:1.92%;--awb-width-small:100%;--awb-order-small:0;--awb-spacing-right-small:1.92%;--awb-spacing-left-small:1.92%;\" data-scroll-devices=\"small-visibility,medium-visibility,large-visibility\"><div class=\"fusion-column-wrapper fusion-column-has-shadow fusion-flex-justify-content-space-between fusion-content-layout-row\"><div class=\"fusion-title title fusion-title-93 fusion-sep-none fusion-title-text fusion-title-size-div\" style=\"--awb-text-color:var(--awb-color4);--awb-margin-top:0px;--awb-font-size:12px;\"><div class=\"fusion-title-heading title-heading-left title-heading-tag\" style=\"font-family:&quot;SSP-Semibold-600&quot;;font-style:normal;font-weight:400;margin:0;text-transform:uppercase;font-size:1em;line-height:1;\">Architektur<\/div><\/div><div class=\"fusion-text fusion-text-94\" style=\"--awb-margin-top:-3px;\">\n<\/div><div class=\"fusion-text fusion-text-95\">\n<\/div><\/div><\/div><\/div><div class=\"fusion-title title fusion-title-94 fusion-sep-none fusion-title-center fusion-title-text fusion-title-size-three postcard_smjestaj_naziv\" style=\"--awb-text-color:var(--awb-custom_color_7);--awb-margin-top:0px;--awb-margin-right:30px;--awb-margin-bottom:0px;--awb-margin-left:30px;--awb-margin-top-small:4px;--awb-margin-bottom-small:16px;--awb-font-size:22px;\"><h3 class=\"fusion-title-heading title-heading-center\" style=\"margin:0;font-size:1em;line-height:1.1em;\">Haus Veneziana und Dolac-Stra\u00dfe<\/h3><\/div><div style=\"text-align:center;\"><a class=\"fusion-button button-flat fusion-button-default-size button-custom fusion-button-default button-47 fusion-button-default-span fusion-button-default-type botun_plaze\" style=\"--button_accent_color:var(--awb-color1);--button_accent_hover_color:var(--awb-color1);--button_border_hover_color:var(--awb-color1);--button_gradient_top_color:var(--awb-custom_color_7);--button_gradient_bottom_color:var(--awb-custom_color_7);--button_gradient_top_color_hover:var(--awb-color4);--button_gradient_bottom_color_hover:var(--awb-color4);--button_text_transform:uppercase;--button_font_size:16px;--button_typography-font-family:&quot;SSP-Semibold-600&quot;;--button_typography-font-style:normal;--button_typography-font-weight:400;--button_margin-top:12px;--button_margin-bottom:20px;\" target=\"_self\" href=\"https:\/\/visitrijeka.hr\/de\/haus-veneziana-und-dolac-strasse\/\"><span class=\"fusion-button-text awb-button__text awb-button__text--default\">Entdecke<\/span><i class=\"fa-long-arrow-alt-right fas awb-button__icon awb-button__icon--default button-icon-right\" aria-hidden=\"true\"><\/i><\/a><\/div><\/div><\/li>\n<li class=\"fusion-layout-column fusion_builder_column fusion-builder-column-51 fusion-flex-column postcard-grad-rijeka post-card fusion-grid-column fusion-post-cards-grid-column architektur id-25217\" style=\"--awb-padding-bottom:20px;--awb-overflow:hidden;--awb-bg-color:var(--awb-color1);--awb-bg-color-hover:var(--awb-color1);--awb-bg-size:cover;--awb-box-shadow:0px 32px 52px -24px hsla(var(--awb-color8-h),var(--awb-color8-s),var(--awb-color8-l),calc(var(--awb-color8-a) - 92%));;--awb-border-radius:16px 16px 16px 16px;--awb-flex-grow:0;--awb-flex-shrink:0;--awb-flex-grow-medium:0;--awb-flex-shrink-medium:0;--awb-flex-grow-small:0;--awb-flex-shrink-small:0;\"><div class=\"fusion-column-wrapper fusion-column-has-shadow fusion-flex-justify-content-flex-start fusion-content-layout-column\"><div class=\"fusion-featured-slider-tb fusion-featured-slider-tb-48\" style=\"margin-bottom:25px;\"><div class=\"fusion-slider-sc fusion-has-margin\"><div class=\"fusion-flexslider-loading flexslider flexslider-hover-type-none fusion-slider-sc-cover\" data-slideshow_autoplay=\"0\" data-slideshow_smooth_height=\"1\" data-slideshow_speed=\"7000\" style=\"max-width:600px;height:300px;\"><ul class=\"slides\"><li class=\"image\"><span class=\"lazyload fusion-image-hover-element hover-type-none\"><img decoding=\"async\" src=\"data:image\/svg+xml,%3Csvg%20xmlns%3D%27http%3A%2F%2Fwww.w3.org%2F2000%2Fsvg%27%20width%3D%271920%27%20height%3D%271440%27%20viewBox%3D%270%200%201920%201440%27%3E%3Crect%20width%3D%271920%27%20height%3D%271440%27%20fill-opacity%3D%220%22%2F%3E%3C%2Fsvg%3E\" data-orig-src=\"https:\/\/visitrijeka.hr\/wp-content\/uploads\/2023\/03\/palaca-adria-glavna.jpg\" width=\"1920\" height=\"1440\" class=\"lazyload wp-image-0\" \/><\/span><\/li><\/ul><\/div><\/div><\/div><div class=\"fusion-builder-row fusion-builder-row-inner fusion-row fusion-flex-align-items-flex-start fusion-flex-content-wrap\" style=\"width:104% !important;max-width:104% !important;margin-left: calc(-4% \/ 2 );margin-right: calc(-4% \/ 2 );\"><div class=\"fusion-layout-column fusion_builder_column_inner fusion-builder-nested-column-47 fusion_builder_column_inner_1_1 1_1 fusion-flex-column\" style=\"--awb-padding-right:30px;--awb-padding-bottom:0px;--awb-padding-left:30px;--awb-padding-top-medium:24px;--awb-padding-right-medium:24px;--awb-padding-bottom-medium:24px;--awb-padding-left-medium:24px;--awb-padding-top-small:20px;--awb-padding-bottom-small:20px;--awb-overflow:hidden;--awb-bg-color:var(--awb-color1);--awb-bg-color-hover:var(--awb-color1);--awb-bg-size:cover;--awb-border-radius:0px 0px 5px 5px;--awb-width-large:100%;--awb-margin-top-large:0px;--awb-spacing-right-large:1.92%;--awb-margin-bottom-large:0px;--awb-spacing-left-large:1.92%;--awb-width-medium:100%;--awb-order-medium:0;--awb-spacing-right-medium:1.92%;--awb-spacing-left-medium:1.92%;--awb-width-small:100%;--awb-order-small:0;--awb-spacing-right-small:1.92%;--awb-spacing-left-small:1.92%;\" data-scroll-devices=\"small-visibility,medium-visibility,large-visibility\"><div class=\"fusion-column-wrapper fusion-column-has-shadow fusion-flex-justify-content-space-between fusion-content-layout-row\"><div class=\"fusion-title title fusion-title-95 fusion-sep-none fusion-title-text fusion-title-size-div\" style=\"--awb-text-color:var(--awb-color4);--awb-margin-top:0px;--awb-font-size:12px;\"><div class=\"fusion-title-heading title-heading-left title-heading-tag\" style=\"font-family:&quot;SSP-Semibold-600&quot;;font-style:normal;font-weight:400;margin:0;text-transform:uppercase;font-size:1em;line-height:1;\">Architektur<\/div><\/div><div class=\"fusion-text fusion-text-96\" style=\"--awb-margin-top:-3px;\">\n<\/div><div class=\"fusion-text fusion-text-97\">\n<\/div><\/div><\/div><\/div><div class=\"fusion-title title fusion-title-96 fusion-sep-none fusion-title-center fusion-title-text fusion-title-size-three postcard_smjestaj_naziv\" style=\"--awb-text-color:var(--awb-custom_color_7);--awb-margin-top:0px;--awb-margin-right:30px;--awb-margin-bottom:0px;--awb-margin-left:30px;--awb-margin-top-small:4px;--awb-margin-bottom-small:16px;--awb-font-size:22px;\"><h3 class=\"fusion-title-heading title-heading-center\" style=\"margin:0;font-size:1em;line-height:1.1em;\">Palast Adria<\/h3><\/div><div style=\"text-align:center;\"><a class=\"fusion-button button-flat fusion-button-default-size button-custom fusion-button-default button-48 fusion-button-default-span fusion-button-default-type botun_plaze\" style=\"--button_accent_color:var(--awb-color1);--button_accent_hover_color:var(--awb-color1);--button_border_hover_color:var(--awb-color1);--button_gradient_top_color:var(--awb-custom_color_7);--button_gradient_bottom_color:var(--awb-custom_color_7);--button_gradient_top_color_hover:var(--awb-color4);--button_gradient_bottom_color_hover:var(--awb-color4);--button_text_transform:uppercase;--button_font_size:16px;--button_typography-font-family:&quot;SSP-Semibold-600&quot;;--button_typography-font-style:normal;--button_typography-font-weight:400;--button_margin-top:12px;--button_margin-bottom:20px;\" target=\"_self\" href=\"https:\/\/visitrijeka.hr\/de\/palast-adria\/\"><span class=\"fusion-button-text awb-button__text awb-button__text--default\">Entdecke<\/span><i class=\"fa-long-arrow-alt-right fas awb-button__icon awb-button__icon--default button-icon-right\" aria-hidden=\"true\"><\/i><\/a><\/div><\/div><\/li>\n<li class=\"fusion-layout-column fusion_builder_column fusion-builder-column-52 fusion-flex-column postcard-grad-rijeka post-card fusion-grid-column fusion-post-cards-grid-column sehenswurdigkeiten stadt id-20716\" style=\"--awb-padding-bottom:20px;--awb-overflow:hidden;--awb-bg-color:var(--awb-color1);--awb-bg-color-hover:var(--awb-color1);--awb-bg-size:cover;--awb-box-shadow:0px 32px 52px -24px hsla(var(--awb-color8-h),var(--awb-color8-s),var(--awb-color8-l),calc(var(--awb-color8-a) - 92%));;--awb-border-radius:16px 16px 16px 16px;--awb-flex-grow:0;--awb-flex-shrink:0;--awb-flex-grow-medium:0;--awb-flex-shrink-medium:0;--awb-flex-grow-small:0;--awb-flex-shrink-small:0;\"><div class=\"fusion-column-wrapper fusion-column-has-shadow fusion-flex-justify-content-flex-start fusion-content-layout-column\"><div class=\"fusion-featured-slider-tb fusion-featured-slider-tb-49\" style=\"margin-bottom:25px;\"><div class=\"fusion-slider-sc fusion-has-margin\"><div class=\"fusion-flexslider-loading flexslider flexslider-hover-type-none fusion-slider-sc-cover\" data-slideshow_autoplay=\"0\" data-slideshow_smooth_height=\"1\" data-slideshow_speed=\"7000\" style=\"max-width:600px;height:300px;\"><ul class=\"slides\"><li class=\"image\"><span class=\"lazyload fusion-image-hover-element hover-type-none\"><img decoding=\"async\" src=\"data:image\/svg+xml,%3Csvg%20xmlns%3D%27http%3A%2F%2Fwww.w3.org%2F2000%2Fsvg%27%20width%3D%271920%27%20height%3D%271280%27%20viewBox%3D%270%200%201920%201280%27%3E%3Crect%20width%3D%271920%27%20height%3D%271280%27%20fill-opacity%3D%220%22%2F%3E%3C%2Fsvg%3E\" data-orig-src=\"https:\/\/visitrijeka.hr\/wp-content\/uploads\/2023\/03\/Trsat-glavna.jpg\" width=\"1920\" height=\"1280\" class=\"lazyload wp-image-0\" \/><\/span><\/li><\/ul><\/div><\/div><\/div><div class=\"fusion-builder-row fusion-builder-row-inner fusion-row fusion-flex-align-items-flex-start fusion-flex-content-wrap\" style=\"width:104% !important;max-width:104% !important;margin-left: calc(-4% \/ 2 );margin-right: calc(-4% \/ 2 );\"><div class=\"fusion-layout-column fusion_builder_column_inner fusion-builder-nested-column-48 fusion_builder_column_inner_1_1 1_1 fusion-flex-column\" style=\"--awb-padding-right:30px;--awb-padding-bottom:0px;--awb-padding-left:30px;--awb-padding-top-medium:24px;--awb-padding-right-medium:24px;--awb-padding-bottom-medium:24px;--awb-padding-left-medium:24px;--awb-padding-top-small:20px;--awb-padding-bottom-small:20px;--awb-overflow:hidden;--awb-bg-color:var(--awb-color1);--awb-bg-color-hover:var(--awb-color1);--awb-bg-size:cover;--awb-border-radius:0px 0px 5px 5px;--awb-width-large:100%;--awb-margin-top-large:0px;--awb-spacing-right-large:1.92%;--awb-margin-bottom-large:0px;--awb-spacing-left-large:1.92%;--awb-width-medium:100%;--awb-order-medium:0;--awb-spacing-right-medium:1.92%;--awb-spacing-left-medium:1.92%;--awb-width-small:100%;--awb-order-small:0;--awb-spacing-right-small:1.92%;--awb-spacing-left-small:1.92%;\" data-scroll-devices=\"small-visibility,medium-visibility,large-visibility\"><div class=\"fusion-column-wrapper fusion-column-has-shadow fusion-flex-justify-content-space-between fusion-content-layout-row\"><div class=\"fusion-title title fusion-title-97 fusion-sep-none fusion-title-text fusion-title-size-div\" style=\"--awb-text-color:var(--awb-color4);--awb-margin-top:0px;--awb-font-size:12px;\"><div class=\"fusion-title-heading title-heading-left title-heading-tag\" style=\"font-family:&quot;SSP-Semibold-600&quot;;font-style:normal;font-weight:400;margin:0;text-transform:uppercase;font-size:1em;line-height:1;\">Sehensw\u00fcrdigkeiten<\/div><\/div><div class=\"fusion-text fusion-text-98\" style=\"--awb-margin-top:-3px;\">\n<\/div><div class=\"fusion-text fusion-text-99\">\n<\/div><\/div><\/div><\/div><div class=\"fusion-title title fusion-title-98 fusion-sep-none fusion-title-center fusion-title-text fusion-title-size-three postcard_smjestaj_naziv\" style=\"--awb-text-color:var(--awb-custom_color_7);--awb-margin-top:0px;--awb-margin-right:30px;--awb-margin-bottom:0px;--awb-margin-left:30px;--awb-margin-top-small:4px;--awb-margin-bottom-small:16px;--awb-font-size:22px;\"><h3 class=\"fusion-title-heading title-heading-center\" style=\"margin:0;font-size:1em;line-height:1.1em;\">Trsat<\/h3><\/div><div style=\"text-align:center;\"><a class=\"fusion-button button-flat fusion-button-default-size button-custom fusion-button-default button-49 fusion-button-default-span fusion-button-default-type botun_plaze\" style=\"--button_accent_color:var(--awb-color1);--button_accent_hover_color:var(--awb-color1);--button_border_hover_color:var(--awb-color1);--button_gradient_top_color:var(--awb-custom_color_7);--button_gradient_bottom_color:var(--awb-custom_color_7);--button_gradient_top_color_hover:var(--awb-color4);--button_gradient_bottom_color_hover:var(--awb-color4);--button_text_transform:uppercase;--button_font_size:16px;--button_typography-font-family:&quot;SSP-Semibold-600&quot;;--button_typography-font-style:normal;--button_typography-font-weight:400;--button_margin-top:12px;--button_margin-bottom:20px;\" target=\"_self\" href=\"https:\/\/visitrijeka.hr\/de\/trsat\/\"><span class=\"fusion-button-text awb-button__text awb-button__text--default\">Entdecke<\/span><i class=\"fa-long-arrow-alt-right fas awb-button__icon awb-button__icon--default button-icon-right\" aria-hidden=\"true\"><\/i><\/a><\/div><\/div><\/li>\n<li class=\"fusion-layout-column fusion_builder_column fusion-builder-column-53 fusion-flex-column postcard-grad-rijeka post-card fusion-grid-column fusion-post-cards-grid-column das-kunstviertel museen stadt winter-pass-de id-25711\" style=\"--awb-padding-bottom:20px;--awb-overflow:hidden;--awb-bg-color:var(--awb-color1);--awb-bg-color-hover:var(--awb-color1);--awb-bg-size:cover;--awb-box-shadow:0px 32px 52px -24px hsla(var(--awb-color8-h),var(--awb-color8-s),var(--awb-color8-l),calc(var(--awb-color8-a) - 92%));;--awb-border-radius:16px 16px 16px 16px;--awb-flex-grow:0;--awb-flex-shrink:0;--awb-flex-grow-medium:0;--awb-flex-shrink-medium:0;--awb-flex-grow-small:0;--awb-flex-shrink-small:0;\"><div class=\"fusion-column-wrapper fusion-column-has-shadow fusion-flex-justify-content-flex-start fusion-content-layout-column\"><div class=\"fusion-featured-slider-tb fusion-featured-slider-tb-50\" style=\"margin-bottom:25px;\"><div class=\"fusion-slider-sc fusion-has-margin\"><div class=\"fusion-flexslider-loading flexslider flexslider-hover-type-none fusion-slider-sc-cover\" data-slideshow_autoplay=\"0\" data-slideshow_smooth_height=\"1\" data-slideshow_speed=\"7000\" style=\"max-width:600px;height:300px;\"><ul class=\"slides\"><li class=\"image\"><span class=\"lazyload fusion-image-hover-element hover-type-none\"><img decoding=\"async\" src=\"data:image\/svg+xml,%3Csvg%20xmlns%3D%27http%3A%2F%2Fwww.w3.org%2F2000%2Fsvg%27%20width%3D%271920%27%20height%3D%271280%27%20viewBox%3D%270%200%201920%201280%27%3E%3Crect%20width%3D%271920%27%20height%3D%271280%27%20fill-opacity%3D%220%22%2F%3E%3C%2Fsvg%3E\" data-orig-src=\"https:\/\/visitrijeka.hr\/wp-content\/uploads\/2023\/04\/Palaca-Secera.jpg\" alt=\"Pala\u010da \u0160e\u0107era \" width=\"1920\" height=\"1280\" class=\"lazyload wp-image-0\" \/><\/span><\/li><\/ul><\/div><\/div><\/div><div class=\"fusion-builder-row fusion-builder-row-inner fusion-row fusion-flex-align-items-flex-start fusion-flex-content-wrap\" style=\"width:104% !important;max-width:104% !important;margin-left: calc(-4% \/ 2 );margin-right: calc(-4% \/ 2 );\"><div class=\"fusion-layout-column fusion_builder_column_inner fusion-builder-nested-column-49 fusion_builder_column_inner_1_1 1_1 fusion-flex-column\" style=\"--awb-padding-right:30px;--awb-padding-bottom:0px;--awb-padding-left:30px;--awb-padding-top-medium:24px;--awb-padding-right-medium:24px;--awb-padding-bottom-medium:24px;--awb-padding-left-medium:24px;--awb-padding-top-small:20px;--awb-padding-bottom-small:20px;--awb-overflow:hidden;--awb-bg-color:var(--awb-color1);--awb-bg-color-hover:var(--awb-color1);--awb-bg-size:cover;--awb-border-radius:0px 0px 5px 5px;--awb-width-large:100%;--awb-margin-top-large:0px;--awb-spacing-right-large:1.92%;--awb-margin-bottom-large:0px;--awb-spacing-left-large:1.92%;--awb-width-medium:100%;--awb-order-medium:0;--awb-spacing-right-medium:1.92%;--awb-spacing-left-medium:1.92%;--awb-width-small:100%;--awb-order-small:0;--awb-spacing-right-small:1.92%;--awb-spacing-left-small:1.92%;\" data-scroll-devices=\"small-visibility,medium-visibility,large-visibility\"><div class=\"fusion-column-wrapper fusion-column-has-shadow fusion-flex-justify-content-space-between fusion-content-layout-row\"><div class=\"fusion-title title fusion-title-99 fusion-sep-none fusion-title-text fusion-title-size-div\" style=\"--awb-text-color:var(--awb-color4);--awb-margin-top:0px;--awb-font-size:12px;\"><div class=\"fusion-title-heading title-heading-left title-heading-tag\" style=\"font-family:&quot;SSP-Semibold-600&quot;;font-style:normal;font-weight:400;margin:0;text-transform:uppercase;font-size:1em;line-height:1;\">Museen<\/div><\/div><div class=\"fusion-text fusion-text-100\" style=\"--awb-margin-top:-3px;\">\n<\/div><div class=\"fusion-text fusion-text-101\">\n<\/div><\/div><\/div><\/div><div class=\"fusion-title title fusion-title-100 fusion-sep-none fusion-title-center fusion-title-text fusion-title-size-three postcard_smjestaj_naziv\" style=\"--awb-text-color:var(--awb-custom_color_7);--awb-margin-top:0px;--awb-margin-right:30px;--awb-margin-bottom:0px;--awb-margin-left:30px;--awb-margin-top-small:4px;--awb-margin-bottom-small:16px;--awb-font-size:22px;\"><h3 class=\"fusion-title-heading title-heading-center\" style=\"margin:0;font-size:1em;line-height:1.1em;\">Stadtmuseum von Rijeka<\/h3><\/div><div style=\"text-align:center;\"><a class=\"fusion-button button-flat fusion-button-default-size button-custom fusion-button-default button-50 fusion-button-default-span fusion-button-default-type botun_plaze\" style=\"--button_accent_color:var(--awb-color1);--button_accent_hover_color:var(--awb-color1);--button_border_hover_color:var(--awb-color1);--button_gradient_top_color:var(--awb-custom_color_7);--button_gradient_bottom_color:var(--awb-custom_color_7);--button_gradient_top_color_hover:var(--awb-color4);--button_gradient_bottom_color_hover:var(--awb-color4);--button_text_transform:uppercase;--button_font_size:16px;--button_typography-font-family:&quot;SSP-Semibold-600&quot;;--button_typography-font-style:normal;--button_typography-font-weight:400;--button_margin-top:12px;--button_margin-bottom:20px;\" target=\"_self\" href=\"https:\/\/visitrijeka.hr\/de\/stadtmuseum-von-rijeka\/\"><span class=\"fusion-button-text awb-button__text awb-button__text--default\">Entdecke<\/span><i class=\"fa-long-arrow-alt-right fas awb-button__icon awb-button__icon--default button-icon-right\" aria-hidden=\"true\"><\/i><\/a><\/div><\/div><\/li>\n<li class=\"fusion-layout-column fusion_builder_column fusion-builder-column-54 fusion-flex-column postcard-grad-rijeka post-card fusion-grid-column fusion-post-cards-grid-column sehenswurdigkeiten stadt id-20689\" style=\"--awb-padding-bottom:20px;--awb-overflow:hidden;--awb-bg-color:var(--awb-color1);--awb-bg-color-hover:var(--awb-color1);--awb-bg-size:cover;--awb-box-shadow:0px 32px 52px -24px hsla(var(--awb-color8-h),var(--awb-color8-s),var(--awb-color8-l),calc(var(--awb-color8-a) - 92%));;--awb-border-radius:16px 16px 16px 16px;--awb-flex-grow:0;--awb-flex-shrink:0;--awb-flex-grow-medium:0;--awb-flex-shrink-medium:0;--awb-flex-grow-small:0;--awb-flex-shrink-small:0;\"><div class=\"fusion-column-wrapper fusion-column-has-shadow fusion-flex-justify-content-flex-start fusion-content-layout-column\"><div class=\"fusion-featured-slider-tb fusion-featured-slider-tb-51\" style=\"margin-bottom:25px;\"><div class=\"fusion-slider-sc fusion-has-margin\"><div class=\"fusion-flexslider-loading flexslider flexslider-hover-type-none fusion-slider-sc-cover\" data-slideshow_autoplay=\"0\" data-slideshow_smooth_height=\"1\" data-slideshow_speed=\"7000\" style=\"max-width:600px;height:300px;\"><ul class=\"slides\"><li class=\"image\"><span class=\"lazyload fusion-image-hover-element hover-type-none\"><img decoding=\"async\" src=\"data:image\/svg+xml,%3Csvg%20xmlns%3D%27http%3A%2F%2Fwww.w3.org%2F2000%2Fsvg%27%20width%3D%27720%27%20height%3D%27540%27%20viewBox%3D%270%200%20720%20540%27%3E%3Crect%20width%3D%27720%27%20height%3D%27540%27%20fill-opacity%3D%220%22%2F%3E%3C%2Fsvg%3E\" data-orig-src=\"https:\/\/visitrijeka.hr\/wp-content\/uploads\/2023\/03\/Stara-vrata-1.jpeg\" width=\"720\" height=\"540\" class=\"lazyload wp-image-0\" \/><\/span><\/li><\/ul><\/div><\/div><\/div><div class=\"fusion-builder-row fusion-builder-row-inner fusion-row fusion-flex-align-items-flex-start fusion-flex-content-wrap\" style=\"width:104% !important;max-width:104% !important;margin-left: calc(-4% \/ 2 );margin-right: calc(-4% \/ 2 );\"><div class=\"fusion-layout-column fusion_builder_column_inner fusion-builder-nested-column-50 fusion_builder_column_inner_1_1 1_1 fusion-flex-column\" style=\"--awb-padding-right:30px;--awb-padding-bottom:0px;--awb-padding-left:30px;--awb-padding-top-medium:24px;--awb-padding-right-medium:24px;--awb-padding-bottom-medium:24px;--awb-padding-left-medium:24px;--awb-padding-top-small:20px;--awb-padding-bottom-small:20px;--awb-overflow:hidden;--awb-bg-color:var(--awb-color1);--awb-bg-color-hover:var(--awb-color1);--awb-bg-size:cover;--awb-border-radius:0px 0px 5px 5px;--awb-width-large:100%;--awb-margin-top-large:0px;--awb-spacing-right-large:1.92%;--awb-margin-bottom-large:0px;--awb-spacing-left-large:1.92%;--awb-width-medium:100%;--awb-order-medium:0;--awb-spacing-right-medium:1.92%;--awb-spacing-left-medium:1.92%;--awb-width-small:100%;--awb-order-small:0;--awb-spacing-right-small:1.92%;--awb-spacing-left-small:1.92%;\" data-scroll-devices=\"small-visibility,medium-visibility,large-visibility\"><div class=\"fusion-column-wrapper fusion-column-has-shadow fusion-flex-justify-content-space-between fusion-content-layout-row\"><div class=\"fusion-title title fusion-title-101 fusion-sep-none fusion-title-text fusion-title-size-div\" style=\"--awb-text-color:var(--awb-color4);--awb-margin-top:0px;--awb-font-size:12px;\"><div class=\"fusion-title-heading title-heading-left title-heading-tag\" style=\"font-family:&quot;SSP-Semibold-600&quot;;font-style:normal;font-weight:400;margin:0;text-transform:uppercase;font-size:1em;line-height:1;\">Sehensw\u00fcrdigkeiten<\/div><\/div><div class=\"fusion-text fusion-text-102\" style=\"--awb-margin-top:-3px;\">\n<\/div><div class=\"fusion-text fusion-text-103\">\n<\/div><\/div><\/div><\/div><div class=\"fusion-title title fusion-title-102 fusion-sep-none fusion-title-center fusion-title-text fusion-title-size-three postcard_smjestaj_naziv\" style=\"--awb-text-color:var(--awb-custom_color_7);--awb-margin-top:0px;--awb-margin-right:30px;--awb-margin-bottom:0px;--awb-margin-left:30px;--awb-margin-top-small:4px;--awb-margin-bottom-small:16px;--awb-font-size:22px;\"><h3 class=\"fusion-title-heading title-heading-center\" style=\"margin:0;font-size:1em;line-height:1.1em;\">Alte Tor oder r\u00f6mische Bogen<\/h3><\/div><div style=\"text-align:center;\"><a class=\"fusion-button button-flat fusion-button-default-size button-custom fusion-button-default button-51 fusion-button-default-span fusion-button-default-type botun_plaze\" style=\"--button_accent_color:var(--awb-color1);--button_accent_hover_color:var(--awb-color1);--button_border_hover_color:var(--awb-color1);--button_gradient_top_color:var(--awb-custom_color_7);--button_gradient_bottom_color:var(--awb-custom_color_7);--button_gradient_top_color_hover:var(--awb-color4);--button_gradient_bottom_color_hover:var(--awb-color4);--button_text_transform:uppercase;--button_font_size:16px;--button_typography-font-family:&quot;SSP-Semibold-600&quot;;--button_typography-font-style:normal;--button_typography-font-weight:400;--button_margin-top:12px;--button_margin-bottom:20px;\" target=\"_self\" href=\"https:\/\/visitrijeka.hr\/de\/alte-tor-oder-roemische-bogen\/\"><span class=\"fusion-button-text awb-button__text awb-button__text--default\">Entdecke<\/span><i class=\"fa-long-arrow-alt-right fas awb-button__icon awb-button__icon--default button-icon-right\" aria-hidden=\"true\"><\/i><\/a><\/div><\/div><\/li>\n<li class=\"fusion-layout-column fusion_builder_column fusion-builder-column-55 fusion-flex-column postcard-grad-rijeka post-card fusion-grid-column fusion-post-cards-grid-column museen stadt id-29070\" style=\"--awb-padding-bottom:20px;--awb-overflow:hidden;--awb-bg-color:var(--awb-color1);--awb-bg-color-hover:var(--awb-color1);--awb-bg-size:cover;--awb-box-shadow:0px 32px 52px -24px hsla(var(--awb-color8-h),var(--awb-color8-s),var(--awb-color8-l),calc(var(--awb-color8-a) - 92%));;--awb-border-radius:16px 16px 16px 16px;--awb-flex-grow:0;--awb-flex-shrink:0;--awb-flex-grow-medium:0;--awb-flex-shrink-medium:0;--awb-flex-grow-small:0;--awb-flex-shrink-small:0;\"><div class=\"fusion-column-wrapper fusion-column-has-shadow fusion-flex-justify-content-flex-start fusion-content-layout-column\"><div class=\"fusion-featured-slider-tb fusion-featured-slider-tb-52\" style=\"margin-bottom:25px;\"><div class=\"fusion-slider-sc fusion-has-margin\"><div class=\"fusion-flexslider-loading flexslider flexslider-hover-type-none fusion-slider-sc-cover\" data-slideshow_autoplay=\"0\" data-slideshow_smooth_height=\"1\" data-slideshow_speed=\"7000\" style=\"max-width:600px;height:300px;\"><ul class=\"slides\"><li class=\"image\"><span class=\"lazyload fusion-image-hover-element hover-type-none\"><img decoding=\"async\" src=\"data:image\/svg+xml,%3Csvg%20xmlns%3D%27http%3A%2F%2Fwww.w3.org%2F2000%2Fsvg%27%20width%3D%27316%27%20height%3D%27300%27%20viewBox%3D%270%200%20316%20300%27%3E%3Crect%20width%3D%27316%27%20height%3D%27300%27%20fill-opacity%3D%220%22%2F%3E%3C%2Fsvg%3E\" data-orig-src=\"https:\/\/visitrijeka.hr\/wp-content\/uploads\/2025\/06\/Deutch-1.png\" width=\"316\" height=\"300\" class=\"lazyload wp-image-0\" \/><\/span><\/li><li class=\"image\"><span class=\"lazyload fusion-image-hover-element hover-type-none\"><img decoding=\"async\" src=\"https:\/\/visitrijeka.hr\/wp-content\/uploads\/2025\/06\/Deutch-1.png\" data-orig-src=\"https:\/\/visitrijeka.hr\/wp-content\/uploads\/2025\/06\/Deutch-1.png\" width=\"316\" height=\"300\" class=\"lazyload wp-image-86623\" srcset=\"data:image\/svg+xml,%3Csvg%20xmlns%3D%27http%3A%2F%2Fwww.w3.org%2F2000%2Fsvg%27%20width%3D%27316%27%20height%3D%27300%27%20viewBox%3D%270%200%20316%20300%27%3E%3Crect%20width%3D%27316%27%20height%3D%27300%27%20fill-opacity%3D%220%22%2F%3E%3C%2Fsvg%3E\" data-srcset=\"https:\/\/visitrijeka.hr\/wp-content\/uploads\/2025\/06\/Deutch-1-200x190.png 200w, https:\/\/visitrijeka.hr\/wp-content\/uploads\/2025\/06\/Deutch-1.png 316w\" data-sizes=\"auto\" data-orig-sizes=\"(max-width: 800px) 100vw, 316px\" \/><\/span><\/li><\/ul><\/div><\/div><\/div><div class=\"fusion-builder-row fusion-builder-row-inner fusion-row fusion-flex-align-items-flex-start fusion-flex-content-wrap\" style=\"width:104% !important;max-width:104% !important;margin-left: calc(-4% \/ 2 );margin-right: calc(-4% \/ 2 );\"><div class=\"fusion-layout-column fusion_builder_column_inner fusion-builder-nested-column-51 fusion_builder_column_inner_1_1 1_1 fusion-flex-column\" style=\"--awb-padding-right:30px;--awb-padding-bottom:0px;--awb-padding-left:30px;--awb-padding-top-medium:24px;--awb-padding-right-medium:24px;--awb-padding-bottom-medium:24px;--awb-padding-left-medium:24px;--awb-padding-top-small:20px;--awb-padding-bottom-small:20px;--awb-overflow:hidden;--awb-bg-color:var(--awb-color1);--awb-bg-color-hover:var(--awb-color1);--awb-bg-size:cover;--awb-border-radius:0px 0px 5px 5px;--awb-width-large:100%;--awb-margin-top-large:0px;--awb-spacing-right-large:1.92%;--awb-margin-bottom-large:0px;--awb-spacing-left-large:1.92%;--awb-width-medium:100%;--awb-order-medium:0;--awb-spacing-right-medium:1.92%;--awb-spacing-left-medium:1.92%;--awb-width-small:100%;--awb-order-small:0;--awb-spacing-right-small:1.92%;--awb-spacing-left-small:1.92%;\" data-scroll-devices=\"small-visibility,medium-visibility,large-visibility\"><div class=\"fusion-column-wrapper fusion-column-has-shadow fusion-flex-justify-content-space-between fusion-content-layout-row\"><div class=\"fusion-title title fusion-title-103 fusion-sep-none fusion-title-text fusion-title-size-div\" style=\"--awb-text-color:var(--awb-color4);--awb-margin-top:0px;--awb-font-size:12px;\"><div class=\"fusion-title-heading title-heading-left title-heading-tag\" style=\"font-family:&quot;SSP-Semibold-600&quot;;font-style:normal;font-weight:400;margin:0;text-transform:uppercase;font-size:1em;line-height:1;\">Museen<\/div><\/div><div class=\"fusion-text fusion-text-104\" style=\"--awb-margin-top:-3px;\">\n<\/div><div class=\"fusion-text fusion-text-105\">\n<\/div><\/div><\/div><\/div><div class=\"fusion-title title fusion-title-104 fusion-sep-none fusion-title-center fusion-title-text fusion-title-size-three postcard_smjestaj_naziv\" style=\"--awb-text-color:var(--awb-custom_color_7);--awb-margin-top:0px;--awb-margin-right:30px;--awb-margin-bottom:0px;--awb-margin-left:30px;--awb-margin-top-small:4px;--awb-margin-bottom-small:16px;--awb-font-size:22px;\"><h3 class=\"fusion-title-heading title-heading-center\" style=\"margin:0;font-size:1em;line-height:1.1em;\">See- und Geschichtsmuseum des Kroatischen K\u00fcstenlandes in Rijeka<\/h3><\/div><div style=\"text-align:center;\"><a class=\"fusion-button button-flat fusion-button-default-size button-custom fusion-button-default button-52 fusion-button-default-span fusion-button-default-type botun_plaze\" style=\"--button_accent_color:var(--awb-color1);--button_accent_hover_color:var(--awb-color1);--button_border_hover_color:var(--awb-color1);--button_gradient_top_color:var(--awb-custom_color_7);--button_gradient_bottom_color:var(--awb-custom_color_7);--button_gradient_top_color_hover:var(--awb-color4);--button_gradient_bottom_color_hover:var(--awb-color4);--button_text_transform:uppercase;--button_font_size:16px;--button_typography-font-family:&quot;SSP-Semibold-600&quot;;--button_typography-font-style:normal;--button_typography-font-weight:400;--button_margin-top:12px;--button_margin-bottom:20px;\" target=\"_self\" href=\"https:\/\/visitrijeka.hr\/de\/see-und-geschichtsmuseum-des-kroatischen-kuestenlandes-in-rijeka\/\"><span class=\"fusion-button-text awb-button__text awb-button__text--default\">Entdecke<\/span><i class=\"fa-long-arrow-alt-right fas awb-button__icon awb-button__icon--default button-icon-right\" aria-hidden=\"true\"><\/i><\/a><\/div><\/div><\/li>\n<li class=\"fusion-layout-column fusion_builder_column fusion-builder-column-56 fusion-flex-column postcard-grad-rijeka post-card fusion-grid-column fusion-post-cards-grid-column architektur id-36353\" style=\"--awb-padding-bottom:20px;--awb-overflow:hidden;--awb-bg-color:var(--awb-color1);--awb-bg-color-hover:var(--awb-color1);--awb-bg-size:cover;--awb-box-shadow:0px 32px 52px -24px hsla(var(--awb-color8-h),var(--awb-color8-s),var(--awb-color8-l),calc(var(--awb-color8-a) - 92%));;--awb-border-radius:16px 16px 16px 16px;--awb-flex-grow:0;--awb-flex-shrink:0;--awb-flex-grow-medium:0;--awb-flex-shrink-medium:0;--awb-flex-grow-small:0;--awb-flex-shrink-small:0;\"><div class=\"fusion-column-wrapper fusion-column-has-shadow fusion-flex-justify-content-flex-start fusion-content-layout-column\"><div class=\"fusion-featured-slider-tb fusion-featured-slider-tb-53\" style=\"margin-bottom:25px;\"><div class=\"fusion-slider-sc fusion-has-margin\"><div class=\"fusion-flexslider-loading flexslider flexslider-hover-type-none fusion-slider-sc-cover\" data-slideshow_autoplay=\"0\" data-slideshow_smooth_height=\"1\" data-slideshow_speed=\"7000\" style=\"max-width:600px;height:300px;\"><ul class=\"slides\"><li class=\"image\"><span class=\"lazyload fusion-image-hover-element hover-type-none\"><img decoding=\"async\" src=\"data:image\/svg+xml,%3Csvg%20xmlns%3D%27http%3A%2F%2Fwww.w3.org%2F2000%2Fsvg%27%20width%3D%271920%27%20height%3D%271460%27%20viewBox%3D%270%200%201920%201460%27%3E%3Crect%20width%3D%271920%27%20height%3D%271460%27%20fill-opacity%3D%220%22%2F%3E%3C%2Fsvg%3E\" data-orig-src=\"https:\/\/visitrijeka.hr\/wp-content\/uploads\/2023\/03\/Stara-gradska-vijrcnica-gl..jpg\" width=\"1920\" height=\"1460\" class=\"lazyload wp-image-0\" \/><\/span><\/li><\/ul><\/div><\/div><\/div><div class=\"fusion-builder-row fusion-builder-row-inner fusion-row fusion-flex-align-items-flex-start fusion-flex-content-wrap\" style=\"width:104% !important;max-width:104% !important;margin-left: calc(-4% \/ 2 );margin-right: calc(-4% \/ 2 );\"><div class=\"fusion-layout-column fusion_builder_column_inner fusion-builder-nested-column-52 fusion_builder_column_inner_1_1 1_1 fusion-flex-column\" style=\"--awb-padding-right:30px;--awb-padding-bottom:0px;--awb-padding-left:30px;--awb-padding-top-medium:24px;--awb-padding-right-medium:24px;--awb-padding-bottom-medium:24px;--awb-padding-left-medium:24px;--awb-padding-top-small:20px;--awb-padding-bottom-small:20px;--awb-overflow:hidden;--awb-bg-color:var(--awb-color1);--awb-bg-color-hover:var(--awb-color1);--awb-bg-size:cover;--awb-border-radius:0px 0px 5px 5px;--awb-width-large:100%;--awb-margin-top-large:0px;--awb-spacing-right-large:1.92%;--awb-margin-bottom-large:0px;--awb-spacing-left-large:1.92%;--awb-width-medium:100%;--awb-order-medium:0;--awb-spacing-right-medium:1.92%;--awb-spacing-left-medium:1.92%;--awb-width-small:100%;--awb-order-small:0;--awb-spacing-right-small:1.92%;--awb-spacing-left-small:1.92%;\" data-scroll-devices=\"small-visibility,medium-visibility,large-visibility\"><div class=\"fusion-column-wrapper fusion-column-has-shadow fusion-flex-justify-content-space-between fusion-content-layout-row\"><div class=\"fusion-title title fusion-title-105 fusion-sep-none fusion-title-text fusion-title-size-div\" style=\"--awb-text-color:var(--awb-color4);--awb-margin-top:0px;--awb-font-size:12px;\"><div class=\"fusion-title-heading title-heading-left title-heading-tag\" style=\"font-family:&quot;SSP-Semibold-600&quot;;font-style:normal;font-weight:400;margin:0;text-transform:uppercase;font-size:1em;line-height:1;\">Architektur<\/div><\/div><div class=\"fusion-text fusion-text-106\" style=\"--awb-margin-top:-3px;\">\n<\/div><div class=\"fusion-text fusion-text-107\">\n<\/div><\/div><\/div><\/div><div class=\"fusion-title title fusion-title-106 fusion-sep-none fusion-title-center fusion-title-text fusion-title-size-three postcard_smjestaj_naziv\" style=\"--awb-text-color:var(--awb-custom_color_7);--awb-margin-top:0px;--awb-margin-right:30px;--awb-margin-bottom:0px;--awb-margin-left:30px;--awb-margin-top-small:4px;--awb-margin-bottom-small:16px;--awb-font-size:22px;\"><h3 class=\"fusion-title-heading title-heading-center\" style=\"margin:0;font-size:1em;line-height:1.1em;\">Altes Rathaus der Stadt<\/h3><\/div><div style=\"text-align:center;\"><a class=\"fusion-button button-flat fusion-button-default-size button-custom fusion-button-default button-53 fusion-button-default-span fusion-button-default-type botun_plaze\" style=\"--button_accent_color:var(--awb-color1);--button_accent_hover_color:var(--awb-color1);--button_border_hover_color:var(--awb-color1);--button_gradient_top_color:var(--awb-custom_color_7);--button_gradient_bottom_color:var(--awb-custom_color_7);--button_gradient_top_color_hover:var(--awb-color4);--button_gradient_bottom_color_hover:var(--awb-color4);--button_text_transform:uppercase;--button_font_size:16px;--button_typography-font-family:&quot;SSP-Semibold-600&quot;;--button_typography-font-style:normal;--button_typography-font-weight:400;--button_margin-top:12px;--button_margin-bottom:20px;\" target=\"_self\" href=\"https:\/\/visitrijeka.hr\/de\/altes-rathaus-der-stadt\/\"><span class=\"fusion-button-text awb-button__text awb-button__text--default\">Entdecke<\/span><i class=\"fa-long-arrow-alt-right fas awb-button__icon awb-button__icon--default button-icon-right\" aria-hidden=\"true\"><\/i><\/a><\/div><\/div><\/li>\n<li class=\"fusion-layout-column fusion_builder_column fusion-builder-column-57 fusion-flex-column postcard-grad-rijeka post-card fusion-grid-column fusion-post-cards-grid-column sakrale-objekte stadt id-20979\" style=\"--awb-padding-bottom:20px;--awb-overflow:hidden;--awb-bg-color:var(--awb-color1);--awb-bg-color-hover:var(--awb-color1);--awb-bg-size:cover;--awb-box-shadow:0px 32px 52px -24px hsla(var(--awb-color8-h),var(--awb-color8-s),var(--awb-color8-l),calc(var(--awb-color8-a) - 92%));;--awb-border-radius:16px 16px 16px 16px;--awb-flex-grow:0;--awb-flex-shrink:0;--awb-flex-grow-medium:0;--awb-flex-shrink-medium:0;--awb-flex-grow-small:0;--awb-flex-shrink-small:0;\"><div class=\"fusion-column-wrapper fusion-column-has-shadow fusion-flex-justify-content-flex-start fusion-content-layout-column\"><div class=\"fusion-featured-slider-tb fusion-featured-slider-tb-54\" style=\"margin-bottom:25px;\"><div class=\"fusion-slider-sc fusion-has-margin\"><div class=\"fusion-flexslider-loading flexslider flexslider-hover-type-none fusion-slider-sc-cover\" data-slideshow_autoplay=\"0\" data-slideshow_smooth_height=\"1\" data-slideshow_speed=\"7000\" style=\"max-width:600px;height:300px;\"><ul class=\"slides\"><li class=\"image\"><span class=\"lazyload fusion-image-hover-element hover-type-none\"><img decoding=\"async\" src=\"data:image\/svg+xml,%3Csvg%20xmlns%3D%27http%3A%2F%2Fwww.w3.org%2F2000%2Fsvg%27%20width%3D%271920%27%20height%3D%271800%27%20viewBox%3D%270%200%201920%201800%27%3E%3Crect%20width%3D%271920%27%20height%3D%271800%27%20fill-opacity%3D%220%22%2F%3E%3C%2Fsvg%3E\" data-orig-src=\"https:\/\/visitrijeka.hr\/wp-content\/uploads\/2023\/03\/sinagoga.jpg\" width=\"1920\" height=\"1800\" class=\"lazyload wp-image-0\" \/><\/span><\/li><\/ul><\/div><\/div><\/div><div class=\"fusion-builder-row fusion-builder-row-inner fusion-row fusion-flex-align-items-flex-start fusion-flex-content-wrap\" style=\"width:104% !important;max-width:104% !important;margin-left: calc(-4% \/ 2 );margin-right: calc(-4% \/ 2 );\"><div class=\"fusion-layout-column fusion_builder_column_inner fusion-builder-nested-column-53 fusion_builder_column_inner_1_1 1_1 fusion-flex-column\" style=\"--awb-padding-right:30px;--awb-padding-bottom:0px;--awb-padding-left:30px;--awb-padding-top-medium:24px;--awb-padding-right-medium:24px;--awb-padding-bottom-medium:24px;--awb-padding-left-medium:24px;--awb-padding-top-small:20px;--awb-padding-bottom-small:20px;--awb-overflow:hidden;--awb-bg-color:var(--awb-color1);--awb-bg-color-hover:var(--awb-color1);--awb-bg-size:cover;--awb-border-radius:0px 0px 5px 5px;--awb-width-large:100%;--awb-margin-top-large:0px;--awb-spacing-right-large:1.92%;--awb-margin-bottom-large:0px;--awb-spacing-left-large:1.92%;--awb-width-medium:100%;--awb-order-medium:0;--awb-spacing-right-medium:1.92%;--awb-spacing-left-medium:1.92%;--awb-width-small:100%;--awb-order-small:0;--awb-spacing-right-small:1.92%;--awb-spacing-left-small:1.92%;\" data-scroll-devices=\"small-visibility,medium-visibility,large-visibility\"><div class=\"fusion-column-wrapper fusion-column-has-shadow fusion-flex-justify-content-space-between fusion-content-layout-row\"><div class=\"fusion-title title fusion-title-107 fusion-sep-none fusion-title-text fusion-title-size-div\" style=\"--awb-text-color:var(--awb-color4);--awb-margin-top:0px;--awb-font-size:12px;\"><div class=\"fusion-title-heading title-heading-left title-heading-tag\" style=\"font-family:&quot;SSP-Semibold-600&quot;;font-style:normal;font-weight:400;margin:0;text-transform:uppercase;font-size:1em;line-height:1;\">Sakrale Objekte<\/div><\/div><div class=\"fusion-text fusion-text-108\" style=\"--awb-margin-top:-3px;\">\n<\/div><div class=\"fusion-text fusion-text-109\">\n<\/div><\/div><\/div><\/div><div class=\"fusion-title title fusion-title-108 fusion-sep-none fusion-title-center fusion-title-text fusion-title-size-three postcard_smjestaj_naziv\" style=\"--awb-text-color:var(--awb-custom_color_7);--awb-margin-top:0px;--awb-margin-right:30px;--awb-margin-bottom:0px;--awb-margin-left:30px;--awb-margin-top-small:4px;--awb-margin-bottom-small:16px;--awb-font-size:22px;\"><h3 class=\"fusion-title-heading title-heading-center\" style=\"margin:0;font-size:1em;line-height:1.1em;\">Die Synagoge<\/h3><\/div><div style=\"text-align:center;\"><a class=\"fusion-button button-flat fusion-button-default-size button-custom fusion-button-default button-54 fusion-button-default-span fusion-button-default-type botun_plaze\" style=\"--button_accent_color:var(--awb-color1);--button_accent_hover_color:var(--awb-color1);--button_border_hover_color:var(--awb-color1);--button_gradient_top_color:var(--awb-custom_color_7);--button_gradient_bottom_color:var(--awb-custom_color_7);--button_gradient_top_color_hover:var(--awb-color4);--button_gradient_bottom_color_hover:var(--awb-color4);--button_text_transform:uppercase;--button_font_size:16px;--button_typography-font-family:&quot;SSP-Semibold-600&quot;;--button_typography-font-style:normal;--button_typography-font-weight:400;--button_margin-top:12px;--button_margin-bottom:20px;\" target=\"_self\" href=\"https:\/\/visitrijeka.hr\/de\/die-synagoge\/\"><span class=\"fusion-button-text awb-button__text awb-button__text--default\">Entdecke<\/span><i class=\"fa-long-arrow-alt-right fas awb-button__icon awb-button__icon--default button-icon-right\" aria-hidden=\"true\"><\/i><\/a><\/div><\/div><\/li>\n<li class=\"fusion-layout-column fusion_builder_column fusion-builder-column-58 fusion-flex-column postcard-grad-rijeka post-card fusion-grid-column fusion-post-cards-grid-column parks stadt id-21375\" style=\"--awb-padding-bottom:20px;--awb-overflow:hidden;--awb-bg-color:var(--awb-color1);--awb-bg-color-hover:var(--awb-color1);--awb-bg-size:cover;--awb-box-shadow:0px 32px 52px -24px hsla(var(--awb-color8-h),var(--awb-color8-s),var(--awb-color8-l),calc(var(--awb-color8-a) - 92%));;--awb-border-radius:16px 16px 16px 16px;--awb-flex-grow:0;--awb-flex-shrink:0;--awb-flex-grow-medium:0;--awb-flex-shrink-medium:0;--awb-flex-grow-small:0;--awb-flex-shrink-small:0;\"><div class=\"fusion-column-wrapper fusion-column-has-shadow fusion-flex-justify-content-flex-start fusion-content-layout-column\"><div class=\"fusion-featured-slider-tb fusion-featured-slider-tb-55\" style=\"margin-bottom:25px;\"><div class=\"fusion-slider-sc fusion-has-margin\"><div class=\"fusion-flexslider-loading flexslider flexslider-hover-type-none fusion-slider-sc-cover\" data-slideshow_autoplay=\"0\" data-slideshow_smooth_height=\"1\" data-slideshow_speed=\"7000\" style=\"max-width:600px;height:300px;\"><ul class=\"slides\"><li class=\"image\"><span class=\"lazyload fusion-image-hover-element hover-type-none\"><img decoding=\"async\" src=\"data:image\/svg+xml,%3Csvg%20xmlns%3D%27http%3A%2F%2Fwww.w3.org%2F2000%2Fsvg%27%20width%3D%271920%27%20height%3D%271280%27%20viewBox%3D%270%200%201920%201280%27%3E%3Crect%20width%3D%271920%27%20height%3D%271280%27%20fill-opacity%3D%220%22%2F%3E%3C%2Fsvg%3E\" data-orig-src=\"https:\/\/visitrijeka.hr\/wp-content\/uploads\/2023\/03\/Kazalisni-park-7-scaled-1.jpg\" width=\"1920\" height=\"1280\" class=\"lazyload wp-image-0\" \/><\/span><\/li><\/ul><\/div><\/div><\/div><div class=\"fusion-builder-row fusion-builder-row-inner fusion-row fusion-flex-align-items-flex-start fusion-flex-content-wrap\" style=\"width:104% !important;max-width:104% !important;margin-left: calc(-4% \/ 2 );margin-right: calc(-4% \/ 2 );\"><div class=\"fusion-layout-column fusion_builder_column_inner fusion-builder-nested-column-54 fusion_builder_column_inner_1_1 1_1 fusion-flex-column\" style=\"--awb-padding-right:30px;--awb-padding-bottom:0px;--awb-padding-left:30px;--awb-padding-top-medium:24px;--awb-padding-right-medium:24px;--awb-padding-bottom-medium:24px;--awb-padding-left-medium:24px;--awb-padding-top-small:20px;--awb-padding-bottom-small:20px;--awb-overflow:hidden;--awb-bg-color:var(--awb-color1);--awb-bg-color-hover:var(--awb-color1);--awb-bg-size:cover;--awb-border-radius:0px 0px 5px 5px;--awb-width-large:100%;--awb-margin-top-large:0px;--awb-spacing-right-large:1.92%;--awb-margin-bottom-large:0px;--awb-spacing-left-large:1.92%;--awb-width-medium:100%;--awb-order-medium:0;--awb-spacing-right-medium:1.92%;--awb-spacing-left-medium:1.92%;--awb-width-small:100%;--awb-order-small:0;--awb-spacing-right-small:1.92%;--awb-spacing-left-small:1.92%;\" data-scroll-devices=\"small-visibility,medium-visibility,large-visibility\"><div class=\"fusion-column-wrapper fusion-column-has-shadow fusion-flex-justify-content-space-between fusion-content-layout-row\"><div class=\"fusion-title title fusion-title-109 fusion-sep-none fusion-title-text fusion-title-size-div\" style=\"--awb-text-color:var(--awb-color4);--awb-margin-top:0px;--awb-font-size:12px;\"><div class=\"fusion-title-heading title-heading-left title-heading-tag\" style=\"font-family:&quot;SSP-Semibold-600&quot;;font-style:normal;font-weight:400;margin:0;text-transform:uppercase;font-size:1em;line-height:1;\">Parks<\/div><\/div><div class=\"fusion-text fusion-text-110\" style=\"--awb-margin-top:-3px;\">\n<\/div><div class=\"fusion-text fusion-text-111\">\n<\/div><\/div><\/div><\/div><div class=\"fusion-title title fusion-title-110 fusion-sep-none fusion-title-center fusion-title-text fusion-title-size-three postcard_smjestaj_naziv\" style=\"--awb-text-color:var(--awb-custom_color_7);--awb-margin-top:0px;--awb-margin-right:30px;--awb-margin-bottom:0px;--awb-margin-left:30px;--awb-margin-top-small:4px;--awb-margin-bottom-small:16px;--awb-font-size:22px;\"><h3 class=\"fusion-title-heading title-heading-center\" style=\"margin:0;font-size:1em;line-height:1.1em;\">Theaterpark<\/h3><\/div><div style=\"text-align:center;\"><a class=\"fusion-button button-flat fusion-button-default-size button-custom fusion-button-default button-55 fusion-button-default-span fusion-button-default-type botun_plaze\" style=\"--button_accent_color:var(--awb-color1);--button_accent_hover_color:var(--awb-color1);--button_border_hover_color:var(--awb-color1);--button_gradient_top_color:var(--awb-custom_color_7);--button_gradient_bottom_color:var(--awb-custom_color_7);--button_gradient_top_color_hover:var(--awb-color4);--button_gradient_bottom_color_hover:var(--awb-color4);--button_text_transform:uppercase;--button_font_size:16px;--button_typography-font-family:&quot;SSP-Semibold-600&quot;;--button_typography-font-style:normal;--button_typography-font-weight:400;--button_margin-top:12px;--button_margin-bottom:20px;\" target=\"_self\" href=\"https:\/\/visitrijeka.hr\/de\/theaterpark\/\"><span class=\"fusion-button-text awb-button__text awb-button__text--default\">Entdecke<\/span><i class=\"fa-long-arrow-alt-right fas awb-button__icon awb-button__icon--default button-icon-right\" aria-hidden=\"true\"><\/i><\/a><\/div><\/div><\/li>\n<li class=\"fusion-layout-column fusion_builder_column fusion-builder-column-59 fusion-flex-column postcard-grad-rijeka post-card fusion-grid-column fusion-post-cards-grid-column galerien stadt id-21459\" style=\"--awb-padding-bottom:20px;--awb-overflow:hidden;--awb-bg-color:var(--awb-color1);--awb-bg-color-hover:var(--awb-color1);--awb-bg-size:cover;--awb-box-shadow:0px 32px 52px -24px hsla(var(--awb-color8-h),var(--awb-color8-s),var(--awb-color8-l),calc(var(--awb-color8-a) - 92%));;--awb-border-radius:16px 16px 16px 16px;--awb-flex-grow:0;--awb-flex-shrink:0;--awb-flex-grow-medium:0;--awb-flex-shrink-medium:0;--awb-flex-grow-small:0;--awb-flex-shrink-small:0;\"><div class=\"fusion-column-wrapper fusion-column-has-shadow fusion-flex-justify-content-flex-start fusion-content-layout-column\"><div class=\"fusion-featured-slider-tb fusion-featured-slider-tb-56\" style=\"margin-bottom:25px;\"><div class=\"fusion-slider-sc fusion-has-margin\"><div class=\"fusion-flexslider-loading flexslider flexslider-hover-type-none fusion-slider-sc-cover\" data-slideshow_autoplay=\"0\" data-slideshow_smooth_height=\"1\" data-slideshow_speed=\"7000\" style=\"max-width:600px;height:300px;\"><ul class=\"slides\"><li class=\"image\"><span class=\"lazyload fusion-image-hover-element hover-type-none\"><img decoding=\"async\" src=\"data:image\/svg+xml,%3Csvg%20xmlns%3D%27http%3A%2F%2Fwww.w3.org%2F2000%2Fsvg%27%20width%3D%271080%27%20height%3D%27810%27%20viewBox%3D%270%200%201080%20810%27%3E%3Crect%20width%3D%271080%27%20height%3D%27810%27%20fill-opacity%3D%220%22%2F%3E%3C%2Fsvg%3E\" data-orig-src=\"https:\/\/visitrijeka.hr\/wp-content\/uploads\/2023\/03\/Villa-Ruzic-kopija.jpeg\" width=\"1080\" height=\"810\" class=\"lazyload wp-image-0\" \/><\/span><\/li><\/ul><\/div><\/div><\/div><div class=\"fusion-builder-row fusion-builder-row-inner fusion-row fusion-flex-align-items-flex-start fusion-flex-content-wrap\" style=\"width:104% !important;max-width:104% !important;margin-left: calc(-4% \/ 2 );margin-right: calc(-4% \/ 2 );\"><div class=\"fusion-layout-column fusion_builder_column_inner fusion-builder-nested-column-55 fusion_builder_column_inner_1_1 1_1 fusion-flex-column\" style=\"--awb-padding-right:30px;--awb-padding-bottom:0px;--awb-padding-left:30px;--awb-padding-top-medium:24px;--awb-padding-right-medium:24px;--awb-padding-bottom-medium:24px;--awb-padding-left-medium:24px;--awb-padding-top-small:20px;--awb-padding-bottom-small:20px;--awb-overflow:hidden;--awb-bg-color:var(--awb-color1);--awb-bg-color-hover:var(--awb-color1);--awb-bg-size:cover;--awb-border-radius:0px 0px 5px 5px;--awb-width-large:100%;--awb-margin-top-large:0px;--awb-spacing-right-large:1.92%;--awb-margin-bottom-large:0px;--awb-spacing-left-large:1.92%;--awb-width-medium:100%;--awb-order-medium:0;--awb-spacing-right-medium:1.92%;--awb-spacing-left-medium:1.92%;--awb-width-small:100%;--awb-order-small:0;--awb-spacing-right-small:1.92%;--awb-spacing-left-small:1.92%;\" data-scroll-devices=\"small-visibility,medium-visibility,large-visibility\"><div class=\"fusion-column-wrapper fusion-column-has-shadow fusion-flex-justify-content-space-between fusion-content-layout-row\"><div class=\"fusion-title title fusion-title-111 fusion-sep-none fusion-title-text fusion-title-size-div\" style=\"--awb-text-color:var(--awb-color4);--awb-margin-top:0px;--awb-font-size:12px;\"><div class=\"fusion-title-heading title-heading-left title-heading-tag\" style=\"font-family:&quot;SSP-Semibold-600&quot;;font-style:normal;font-weight:400;margin:0;text-transform:uppercase;font-size:1em;line-height:1;\">Galerien<\/div><\/div><div class=\"fusion-text fusion-text-112\" style=\"--awb-margin-top:-3px;\">\n<\/div><div class=\"fusion-text fusion-text-113\">\n<\/div><\/div><\/div><\/div><div class=\"fusion-title title fusion-title-112 fusion-sep-none fusion-title-center fusion-title-text fusion-title-size-three postcard_smjestaj_naziv\" style=\"--awb-text-color:var(--awb-custom_color_7);--awb-margin-top:0px;--awb-margin-right:30px;--awb-margin-bottom:0px;--awb-margin-left:30px;--awb-margin-top-small:4px;--awb-margin-bottom-small:16px;--awb-font-size:22px;\"><h3 class=\"fusion-title-heading title-heading-center\" style=\"margin:0;font-size:1em;line-height:1.1em;\">Memorial Sammlung und Bibliothek Ma\u017eurani\u0107-Brli\u0107-Ru\u017ei\u0107, Villa Ru\u017ei\u0107<\/h3><\/div><div style=\"text-align:center;\"><a class=\"fusion-button button-flat fusion-button-default-size button-custom fusion-button-default button-56 fusion-button-default-span fusion-button-default-type botun_plaze\" style=\"--button_accent_color:var(--awb-color1);--button_accent_hover_color:var(--awb-color1);--button_border_hover_color:var(--awb-color1);--button_gradient_top_color:var(--awb-custom_color_7);--button_gradient_bottom_color:var(--awb-custom_color_7);--button_gradient_top_color_hover:var(--awb-color4);--button_gradient_bottom_color_hover:var(--awb-color4);--button_text_transform:uppercase;--button_font_size:16px;--button_typography-font-family:&quot;SSP-Semibold-600&quot;;--button_typography-font-style:normal;--button_typography-font-weight:400;--button_margin-top:12px;--button_margin-bottom:20px;\" target=\"_self\" href=\"https:\/\/visitrijeka.hr\/de\/memorial-sammlung-und-bibliothek-mazuranic-brlic-ruzic-villa-ruzic\/\"><span class=\"fusion-button-text awb-button__text awb-button__text--default\">Entdecke<\/span><i class=\"fa-long-arrow-alt-right fas awb-button__icon awb-button__icon--default button-icon-right\" aria-hidden=\"true\"><\/i><\/a><\/div><\/div><\/li>\n<li class=\"fusion-layout-column fusion_builder_column fusion-builder-column-60 fusion-flex-column postcard-grad-rijeka post-card fusion-grid-column fusion-post-cards-grid-column sakrale-objekte stadt id-21007\" style=\"--awb-padding-bottom:20px;--awb-overflow:hidden;--awb-bg-color:var(--awb-color1);--awb-bg-color-hover:var(--awb-color1);--awb-bg-size:cover;--awb-box-shadow:0px 32px 52px -24px hsla(var(--awb-color8-h),var(--awb-color8-s),var(--awb-color8-l),calc(var(--awb-color8-a) - 92%));;--awb-border-radius:16px 16px 16px 16px;--awb-flex-grow:0;--awb-flex-shrink:0;--awb-flex-grow-medium:0;--awb-flex-shrink-medium:0;--awb-flex-grow-small:0;--awb-flex-shrink-small:0;\"><div class=\"fusion-column-wrapper fusion-column-has-shadow fusion-flex-justify-content-flex-start fusion-content-layout-column\"><div class=\"fusion-featured-slider-tb fusion-featured-slider-tb-57\" style=\"margin-bottom:25px;\"><div class=\"fusion-slider-sc fusion-has-margin\"><div class=\"fusion-flexslider-loading flexslider flexslider-hover-type-none fusion-slider-sc-cover\" data-slideshow_autoplay=\"0\" data-slideshow_smooth_height=\"1\" data-slideshow_speed=\"7000\" style=\"max-width:600px;height:300px;\"><ul class=\"slides\"><li class=\"image\"><span class=\"lazyload fusion-image-hover-element hover-type-none\"><img decoding=\"async\" src=\"data:image\/svg+xml,%3Csvg%20xmlns%3D%27http%3A%2F%2Fwww.w3.org%2F2000%2Fsvg%27%20width%3D%271920%27%20height%3D%271280%27%20viewBox%3D%270%200%201920%201280%27%3E%3Crect%20width%3D%271920%27%20height%3D%271280%27%20fill-opacity%3D%220%22%2F%3E%3C%2Fsvg%3E\" data-orig-src=\"https:\/\/visitrijeka.hr\/wp-content\/uploads\/2023\/03\/srpska3.jpg\" width=\"1920\" height=\"1280\" class=\"lazyload wp-image-0\" \/><\/span><\/li><\/ul><\/div><\/div><\/div><div class=\"fusion-builder-row fusion-builder-row-inner fusion-row fusion-flex-align-items-flex-start fusion-flex-content-wrap\" style=\"width:104% !important;max-width:104% !important;margin-left: calc(-4% \/ 2 );margin-right: calc(-4% \/ 2 );\"><div class=\"fusion-layout-column fusion_builder_column_inner fusion-builder-nested-column-56 fusion_builder_column_inner_1_1 1_1 fusion-flex-column\" style=\"--awb-padding-right:30px;--awb-padding-bottom:0px;--awb-padding-left:30px;--awb-padding-top-medium:24px;--awb-padding-right-medium:24px;--awb-padding-bottom-medium:24px;--awb-padding-left-medium:24px;--awb-padding-top-small:20px;--awb-padding-bottom-small:20px;--awb-overflow:hidden;--awb-bg-color:var(--awb-color1);--awb-bg-color-hover:var(--awb-color1);--awb-bg-size:cover;--awb-border-radius:0px 0px 5px 5px;--awb-width-large:100%;--awb-margin-top-large:0px;--awb-spacing-right-large:1.92%;--awb-margin-bottom-large:0px;--awb-spacing-left-large:1.92%;--awb-width-medium:100%;--awb-order-medium:0;--awb-spacing-right-medium:1.92%;--awb-spacing-left-medium:1.92%;--awb-width-small:100%;--awb-order-small:0;--awb-spacing-right-small:1.92%;--awb-spacing-left-small:1.92%;\" data-scroll-devices=\"small-visibility,medium-visibility,large-visibility\"><div class=\"fusion-column-wrapper fusion-column-has-shadow fusion-flex-justify-content-space-between fusion-content-layout-row\"><div class=\"fusion-title title fusion-title-113 fusion-sep-none fusion-title-text fusion-title-size-div\" style=\"--awb-text-color:var(--awb-color4);--awb-margin-top:0px;--awb-font-size:12px;\"><div class=\"fusion-title-heading title-heading-left title-heading-tag\" style=\"font-family:&quot;SSP-Semibold-600&quot;;font-style:normal;font-weight:400;margin:0;text-transform:uppercase;font-size:1em;line-height:1;\">Sakrale Objekte<\/div><\/div><div class=\"fusion-text fusion-text-114\" style=\"--awb-margin-top:-3px;\">\n<\/div><div class=\"fusion-text fusion-text-115\">\n<\/div><\/div><\/div><\/div><div class=\"fusion-title title fusion-title-114 fusion-sep-none fusion-title-center fusion-title-text fusion-title-size-three postcard_smjestaj_naziv\" style=\"--awb-text-color:var(--awb-custom_color_7);--awb-margin-top:0px;--awb-margin-right:30px;--awb-margin-bottom:0px;--awb-margin-left:30px;--awb-margin-top-small:4px;--awb-margin-bottom-small:16px;--awb-font-size:22px;\"><h3 class=\"fusion-title-heading title-heading-center\" style=\"margin:0;font-size:1em;line-height:1.1em;\">Serbische orthodoxe Kirche, Tempel des heiligen Nikolaj<\/h3><\/div><div style=\"text-align:center;\"><a class=\"fusion-button button-flat fusion-button-default-size button-custom fusion-button-default button-57 fusion-button-default-span fusion-button-default-type botun_plaze\" style=\"--button_accent_color:var(--awb-color1);--button_accent_hover_color:var(--awb-color1);--button_border_hover_color:var(--awb-color1);--button_gradient_top_color:var(--awb-custom_color_7);--button_gradient_bottom_color:var(--awb-custom_color_7);--button_gradient_top_color_hover:var(--awb-color4);--button_gradient_bottom_color_hover:var(--awb-color4);--button_text_transform:uppercase;--button_font_size:16px;--button_typography-font-family:&quot;SSP-Semibold-600&quot;;--button_typography-font-style:normal;--button_typography-font-weight:400;--button_margin-top:12px;--button_margin-bottom:20px;\" target=\"_self\" href=\"https:\/\/visitrijeka.hr\/de\/serbische-orthodoxe-kirche-tempel-des-heiligen-nikolaj\/\"><span class=\"fusion-button-text awb-button__text awb-button__text--default\">Entdecke<\/span><i class=\"fa-long-arrow-alt-right fas awb-button__icon awb-button__icon--default button-icon-right\" aria-hidden=\"true\"><\/i><\/a><\/div><\/div><\/li>\n<li class=\"fusion-layout-column fusion_builder_column fusion-builder-column-61 fusion-flex-column postcard-grad-rijeka post-card fusion-grid-column fusion-post-cards-grid-column galerien stadt id-21320\" style=\"--awb-padding-bottom:20px;--awb-overflow:hidden;--awb-bg-color:var(--awb-color1);--awb-bg-color-hover:var(--awb-color1);--awb-bg-size:cover;--awb-box-shadow:0px 32px 52px -24px hsla(var(--awb-color8-h),var(--awb-color8-s),var(--awb-color8-l),calc(var(--awb-color8-a) - 92%));;--awb-border-radius:16px 16px 16px 16px;--awb-flex-grow:0;--awb-flex-shrink:0;--awb-flex-grow-medium:0;--awb-flex-shrink-medium:0;--awb-flex-grow-small:0;--awb-flex-shrink-small:0;\"><div class=\"fusion-column-wrapper fusion-column-has-shadow fusion-flex-justify-content-flex-start fusion-content-layout-column\"><div class=\"fusion-featured-slider-tb fusion-featured-slider-tb-58\" style=\"margin-bottom:25px;\"><div class=\"fusion-slider-sc fusion-has-margin\"><div class=\"fusion-flexslider-loading flexslider flexslider-hover-type-none fusion-slider-sc-cover\" data-slideshow_autoplay=\"0\" data-slideshow_smooth_height=\"1\" data-slideshow_speed=\"7000\" style=\"max-width:600px;height:300px;\"><ul class=\"slides\"><li class=\"image\"><span class=\"lazyload fusion-image-hover-element hover-type-none\"><img decoding=\"async\" src=\"data:image\/svg+xml,%3Csvg%20xmlns%3D%27http%3A%2F%2Fwww.w3.org%2F2000%2Fsvg%27%20width%3D%271042%27%20height%3D%27758%27%20viewBox%3D%270%200%201042%20758%27%3E%3Crect%20width%3D%271042%27%20height%3D%27758%27%20fill-opacity%3D%220%22%2F%3E%3C%2Fsvg%3E\" data-orig-src=\"https:\/\/visitrijeka.hr\/wp-content\/uploads\/2023\/03\/P8083782.jpg\" alt=\"Riznica i galerija Sveti\u0161ta Majke Bo\u017eje Trsatske\" width=\"1042\" height=\"758\" class=\"lazyload wp-image-0\" \/><\/span><\/li><\/ul><\/div><\/div><\/div><div class=\"fusion-builder-row fusion-builder-row-inner fusion-row fusion-flex-align-items-flex-start fusion-flex-content-wrap\" style=\"width:104% !important;max-width:104% !important;margin-left: calc(-4% \/ 2 );margin-right: calc(-4% \/ 2 );\"><div class=\"fusion-layout-column fusion_builder_column_inner fusion-builder-nested-column-57 fusion_builder_column_inner_1_1 1_1 fusion-flex-column\" style=\"--awb-padding-right:30px;--awb-padding-bottom:0px;--awb-padding-left:30px;--awb-padding-top-medium:24px;--awb-padding-right-medium:24px;--awb-padding-bottom-medium:24px;--awb-padding-left-medium:24px;--awb-padding-top-small:20px;--awb-padding-bottom-small:20px;--awb-overflow:hidden;--awb-bg-color:var(--awb-color1);--awb-bg-color-hover:var(--awb-color1);--awb-bg-size:cover;--awb-border-radius:0px 0px 5px 5px;--awb-width-large:100%;--awb-margin-top-large:0px;--awb-spacing-right-large:1.92%;--awb-margin-bottom-large:0px;--awb-spacing-left-large:1.92%;--awb-width-medium:100%;--awb-order-medium:0;--awb-spacing-right-medium:1.92%;--awb-spacing-left-medium:1.92%;--awb-width-small:100%;--awb-order-small:0;--awb-spacing-right-small:1.92%;--awb-spacing-left-small:1.92%;\" data-scroll-devices=\"small-visibility,medium-visibility,large-visibility\"><div class=\"fusion-column-wrapper fusion-column-has-shadow fusion-flex-justify-content-space-between fusion-content-layout-row\"><div class=\"fusion-title title fusion-title-115 fusion-sep-none fusion-title-text fusion-title-size-div\" style=\"--awb-text-color:var(--awb-color4);--awb-margin-top:0px;--awb-font-size:12px;\"><div class=\"fusion-title-heading title-heading-left title-heading-tag\" style=\"font-family:&quot;SSP-Semibold-600&quot;;font-style:normal;font-weight:400;margin:0;text-transform:uppercase;font-size:1em;line-height:1;\">Galerien<\/div><\/div><div class=\"fusion-text fusion-text-116\" style=\"--awb-margin-top:-3px;\">\n<\/div><div class=\"fusion-text fusion-text-117\">\n<\/div><\/div><\/div><\/div><div class=\"fusion-title title fusion-title-116 fusion-sep-none fusion-title-center fusion-title-text fusion-title-size-three postcard_smjestaj_naziv\" style=\"--awb-text-color:var(--awb-custom_color_7);--awb-margin-top:0px;--awb-margin-right:30px;--awb-margin-bottom:0px;--awb-margin-left:30px;--awb-margin-top-small:4px;--awb-margin-bottom-small:16px;--awb-font-size:22px;\"><h3 class=\"fusion-title-heading title-heading-center\" style=\"margin:0;font-size:1em;line-height:1.1em;\">Schatzkammer und Galerie der Kirche der Muttergottes von Trsat<\/h3><\/div><div style=\"text-align:center;\"><a class=\"fusion-button button-flat fusion-button-default-size button-custom fusion-button-default button-58 fusion-button-default-span fusion-button-default-type botun_plaze\" style=\"--button_accent_color:var(--awb-color1);--button_accent_hover_color:var(--awb-color1);--button_border_hover_color:var(--awb-color1);--button_gradient_top_color:var(--awb-custom_color_7);--button_gradient_bottom_color:var(--awb-custom_color_7);--button_gradient_top_color_hover:var(--awb-color4);--button_gradient_bottom_color_hover:var(--awb-color4);--button_text_transform:uppercase;--button_font_size:16px;--button_typography-font-family:&quot;SSP-Semibold-600&quot;;--button_typography-font-style:normal;--button_typography-font-weight:400;--button_margin-top:12px;--button_margin-bottom:20px;\" target=\"_self\" href=\"https:\/\/visitrijeka.hr\/de\/schatzkammer-und-galerie-der-kirche-der-muttergottes-von-trsat\/\"><span class=\"fusion-button-text awb-button__text awb-button__text--default\">Entdecke<\/span><i class=\"fa-long-arrow-alt-right fas awb-button__icon awb-button__icon--default button-icon-right\" aria-hidden=\"true\"><\/i><\/a><\/div><\/div><\/li>\n<li class=\"fusion-layout-column fusion_builder_column fusion-builder-column-62 fusion-flex-column postcard-grad-rijeka post-card fusion-grid-column fusion-post-cards-grid-column architektur id-21127\" style=\"--awb-padding-bottom:20px;--awb-overflow:hidden;--awb-bg-color:var(--awb-color1);--awb-bg-color-hover:var(--awb-color1);--awb-bg-size:cover;--awb-box-shadow:0px 32px 52px -24px hsla(var(--awb-color8-h),var(--awb-color8-s),var(--awb-color8-l),calc(var(--awb-color8-a) - 92%));;--awb-border-radius:16px 16px 16px 16px;--awb-flex-grow:0;--awb-flex-shrink:0;--awb-flex-grow-medium:0;--awb-flex-shrink-medium:0;--awb-flex-grow-small:0;--awb-flex-shrink-small:0;\"><div class=\"fusion-column-wrapper fusion-column-has-shadow fusion-flex-justify-content-flex-start fusion-content-layout-column\"><div class=\"fusion-featured-slider-tb fusion-featured-slider-tb-59\" style=\"margin-bottom:25px;\"><div class=\"fusion-slider-sc fusion-has-margin\"><div class=\"fusion-flexslider-loading flexslider flexslider-hover-type-none fusion-slider-sc-cover\" data-slideshow_autoplay=\"0\" data-slideshow_smooth_height=\"1\" data-slideshow_speed=\"7000\" style=\"max-width:600px;height:300px;\"><ul class=\"slides\"><li class=\"image\"><span class=\"lazyload fusion-image-hover-element hover-type-none\"><img decoding=\"async\" src=\"data:image\/svg+xml,%3Csvg%20xmlns%3D%27http%3A%2F%2Fwww.w3.org%2F2000%2Fsvg%27%20width%3D%271920%27%20height%3D%271440%27%20viewBox%3D%270%200%201920%201440%27%3E%3Crect%20width%3D%271920%27%20height%3D%271440%27%20fill-opacity%3D%220%22%2F%3E%3C%2Fsvg%3E\" data-orig-src=\"https:\/\/visitrijeka.hr\/wp-content\/uploads\/2023\/03\/Casa-Rossa-2-glavna.jpg\" width=\"1920\" height=\"1440\" class=\"lazyload wp-image-0\" \/><\/span><\/li><\/ul><\/div><\/div><\/div><div class=\"fusion-builder-row fusion-builder-row-inner fusion-row fusion-flex-align-items-flex-start fusion-flex-content-wrap\" style=\"width:104% !important;max-width:104% !important;margin-left: calc(-4% \/ 2 );margin-right: calc(-4% \/ 2 );\"><div class=\"fusion-layout-column fusion_builder_column_inner fusion-builder-nested-column-58 fusion_builder_column_inner_1_1 1_1 fusion-flex-column\" style=\"--awb-padding-right:30px;--awb-padding-bottom:0px;--awb-padding-left:30px;--awb-padding-top-medium:24px;--awb-padding-right-medium:24px;--awb-padding-bottom-medium:24px;--awb-padding-left-medium:24px;--awb-padding-top-small:20px;--awb-padding-bottom-small:20px;--awb-overflow:hidden;--awb-bg-color:var(--awb-color1);--awb-bg-color-hover:var(--awb-color1);--awb-bg-size:cover;--awb-border-radius:0px 0px 5px 5px;--awb-width-large:100%;--awb-margin-top-large:0px;--awb-spacing-right-large:1.92%;--awb-margin-bottom-large:0px;--awb-spacing-left-large:1.92%;--awb-width-medium:100%;--awb-order-medium:0;--awb-spacing-right-medium:1.92%;--awb-spacing-left-medium:1.92%;--awb-width-small:100%;--awb-order-small:0;--awb-spacing-right-small:1.92%;--awb-spacing-left-small:1.92%;\" data-scroll-devices=\"small-visibility,medium-visibility,large-visibility\"><div class=\"fusion-column-wrapper fusion-column-has-shadow fusion-flex-justify-content-space-between fusion-content-layout-row\"><div class=\"fusion-title title fusion-title-117 fusion-sep-none fusion-title-text fusion-title-size-div\" style=\"--awb-text-color:var(--awb-color4);--awb-margin-top:0px;--awb-font-size:12px;\"><div class=\"fusion-title-heading title-heading-left title-heading-tag\" style=\"font-family:&quot;SSP-Semibold-600&quot;;font-style:normal;font-weight:400;margin:0;text-transform:uppercase;font-size:1em;line-height:1;\">Architektur<\/div><\/div><div class=\"fusion-text fusion-text-118\" style=\"--awb-margin-top:-3px;\">\n<\/div><div class=\"fusion-text fusion-text-119\">\n<\/div><\/div><\/div><\/div><div class=\"fusion-title title fusion-title-118 fusion-sep-none fusion-title-center fusion-title-text fusion-title-size-three postcard_smjestaj_naziv\" style=\"--awb-text-color:var(--awb-custom_color_7);--awb-margin-top:0px;--awb-margin-right:30px;--awb-margin-bottom:0px;--awb-margin-left:30px;--awb-margin-top-small:4px;--awb-margin-bottom-small:16px;--awb-font-size:22px;\"><h3 class=\"fusion-title-heading title-heading-center\" style=\"margin:0;font-size:1em;line-height:1.1em;\">Casa rossa<\/h3><\/div><div style=\"text-align:center;\"><a class=\"fusion-button button-flat fusion-button-default-size button-custom fusion-button-default button-59 fusion-button-default-span fusion-button-default-type botun_plaze\" style=\"--button_accent_color:var(--awb-color1);--button_accent_hover_color:var(--awb-color1);--button_border_hover_color:var(--awb-color1);--button_gradient_top_color:var(--awb-custom_color_7);--button_gradient_bottom_color:var(--awb-custom_color_7);--button_gradient_top_color_hover:var(--awb-color4);--button_gradient_bottom_color_hover:var(--awb-color4);--button_text_transform:uppercase;--button_font_size:16px;--button_typography-font-family:&quot;SSP-Semibold-600&quot;;--button_typography-font-style:normal;--button_typography-font-weight:400;--button_margin-top:12px;--button_margin-bottom:20px;\" target=\"_self\" href=\"https:\/\/visitrijeka.hr\/de\/casa-rossa\/\"><span class=\"fusion-button-text awb-button__text awb-button__text--default\">Entdecke<\/span><i class=\"fa-long-arrow-alt-right fas awb-button__icon awb-button__icon--default button-icon-right\" aria-hidden=\"true\"><\/i><\/a><\/div><\/div><\/li>\n<li class=\"fusion-layout-column fusion_builder_column fusion-builder-column-63 fusion-flex-column postcard-grad-rijeka post-card fusion-grid-column fusion-post-cards-grid-column galerien stadt id-28382\" style=\"--awb-padding-bottom:20px;--awb-overflow:hidden;--awb-bg-color:var(--awb-color1);--awb-bg-color-hover:var(--awb-color1);--awb-bg-size:cover;--awb-box-shadow:0px 32px 52px -24px hsla(var(--awb-color8-h),var(--awb-color8-s),var(--awb-color8-l),calc(var(--awb-color8-a) - 92%));;--awb-border-radius:16px 16px 16px 16px;--awb-flex-grow:0;--awb-flex-shrink:0;--awb-flex-grow-medium:0;--awb-flex-shrink-medium:0;--awb-flex-grow-small:0;--awb-flex-shrink-small:0;\"><div class=\"fusion-column-wrapper fusion-column-has-shadow fusion-flex-justify-content-flex-start fusion-content-layout-column\"><div class=\"fusion-featured-slider-tb fusion-featured-slider-tb-60\" style=\"margin-bottom:25px;\"><div class=\"fusion-slider-sc fusion-has-margin\"><div class=\"fusion-flexslider-loading flexslider flexslider-hover-type-none fusion-slider-sc-cover\" data-slideshow_autoplay=\"0\" data-slideshow_smooth_height=\"1\" data-slideshow_speed=\"7000\" style=\"max-width:600px;height:300px;\"><ul class=\"slides\"><li class=\"image\"><span class=\"lazyload fusion-image-hover-element hover-type-none\"><img decoding=\"async\" src=\"data:image\/svg+xml,%3Csvg%20xmlns%3D%27http%3A%2F%2Fwww.w3.org%2F2000%2Fsvg%27%20width%3D%272048%27%20height%3D%271365%27%20viewBox%3D%270%200%202048%201365%27%3E%3Crect%20width%3D%272048%27%20height%3D%271365%27%20fill-opacity%3D%220%22%2F%3E%3C%2Fsvg%3E\" data-orig-src=\"https:\/\/visitrijeka.hr\/wp-content\/uploads\/2023\/03\/Galerija-Filodramamtica_-photo-Tanja-Kanazir_Drugo-more-smanjeno.jpg\" width=\"2048\" height=\"1365\" class=\"lazyload wp-image-0\" \/><\/span><\/li><\/ul><\/div><\/div><\/div><div class=\"fusion-builder-row fusion-builder-row-inner fusion-row fusion-flex-align-items-flex-start fusion-flex-content-wrap\" style=\"width:104% !important;max-width:104% !important;margin-left: calc(-4% \/ 2 );margin-right: calc(-4% \/ 2 );\"><div class=\"fusion-layout-column fusion_builder_column_inner fusion-builder-nested-column-59 fusion_builder_column_inner_1_1 1_1 fusion-flex-column\" style=\"--awb-padding-right:30px;--awb-padding-bottom:0px;--awb-padding-left:30px;--awb-padding-top-medium:24px;--awb-padding-right-medium:24px;--awb-padding-bottom-medium:24px;--awb-padding-left-medium:24px;--awb-padding-top-small:20px;--awb-padding-bottom-small:20px;--awb-overflow:hidden;--awb-bg-color:var(--awb-color1);--awb-bg-color-hover:var(--awb-color1);--awb-bg-size:cover;--awb-border-radius:0px 0px 5px 5px;--awb-width-large:100%;--awb-margin-top-large:0px;--awb-spacing-right-large:1.92%;--awb-margin-bottom-large:0px;--awb-spacing-left-large:1.92%;--awb-width-medium:100%;--awb-order-medium:0;--awb-spacing-right-medium:1.92%;--awb-spacing-left-medium:1.92%;--awb-width-small:100%;--awb-order-small:0;--awb-spacing-right-small:1.92%;--awb-spacing-left-small:1.92%;\" data-scroll-devices=\"small-visibility,medium-visibility,large-visibility\"><div class=\"fusion-column-wrapper fusion-column-has-shadow fusion-flex-justify-content-space-between fusion-content-layout-row\"><div class=\"fusion-title title fusion-title-119 fusion-sep-none fusion-title-text fusion-title-size-div\" style=\"--awb-text-color:var(--awb-color4);--awb-margin-top:0px;--awb-font-size:12px;\"><div class=\"fusion-title-heading title-heading-left title-heading-tag\" style=\"font-family:&quot;SSP-Semibold-600&quot;;font-style:normal;font-weight:400;margin:0;text-transform:uppercase;font-size:1em;line-height:1;\">Galerien<\/div><\/div><div class=\"fusion-text fusion-text-120\" style=\"--awb-margin-top:-3px;\">\n<\/div><div class=\"fusion-text fusion-text-121\">\n<\/div><\/div><\/div><\/div><div class=\"fusion-title title fusion-title-120 fusion-sep-none fusion-title-center fusion-title-text fusion-title-size-three postcard_smjestaj_naziv\" style=\"--awb-text-color:var(--awb-custom_color_7);--awb-margin-top:0px;--awb-margin-right:30px;--awb-margin-bottom:0px;--awb-margin-left:30px;--awb-margin-top-small:4px;--awb-margin-bottom-small:16px;--awb-font-size:22px;\"><h3 class=\"fusion-title-heading title-heading-center\" style=\"margin:0;font-size:1em;line-height:1.1em;\">Galerie Filodrammatica<\/h3><\/div><div style=\"text-align:center;\"><a class=\"fusion-button button-flat fusion-button-default-size button-custom fusion-button-default button-60 fusion-button-default-span fusion-button-default-type botun_plaze\" style=\"--button_accent_color:var(--awb-color1);--button_accent_hover_color:var(--awb-color1);--button_border_hover_color:var(--awb-color1);--button_gradient_top_color:var(--awb-custom_color_7);--button_gradient_bottom_color:var(--awb-custom_color_7);--button_gradient_top_color_hover:var(--awb-color4);--button_gradient_bottom_color_hover:var(--awb-color4);--button_text_transform:uppercase;--button_font_size:16px;--button_typography-font-family:&quot;SSP-Semibold-600&quot;;--button_typography-font-style:normal;--button_typography-font-weight:400;--button_margin-top:12px;--button_margin-bottom:20px;\" target=\"_self\" href=\"https:\/\/visitrijeka.hr\/de\/galerie-filodrammatica\/\"><span class=\"fusion-button-text awb-button__text awb-button__text--default\">Entdecke<\/span><i class=\"fa-long-arrow-alt-right fas awb-button__icon awb-button__icon--default button-icon-right\" aria-hidden=\"true\"><\/i><\/a><\/div><\/div><\/li>\n<li class=\"fusion-layout-column fusion_builder_column fusion-builder-column-64 fusion-flex-column postcard-grad-rijeka post-card fusion-grid-column fusion-post-cards-grid-column sehenswurdigkeiten stadt id-20777\" style=\"--awb-padding-bottom:20px;--awb-overflow:hidden;--awb-bg-color:var(--awb-color1);--awb-bg-color-hover:var(--awb-color1);--awb-bg-size:cover;--awb-box-shadow:0px 32px 52px -24px hsla(var(--awb-color8-h),var(--awb-color8-s),var(--awb-color8-l),calc(var(--awb-color8-a) - 92%));;--awb-border-radius:16px 16px 16px 16px;--awb-flex-grow:0;--awb-flex-shrink:0;--awb-flex-grow-medium:0;--awb-flex-shrink-medium:0;--awb-flex-grow-small:0;--awb-flex-shrink-small:0;\"><div class=\"fusion-column-wrapper fusion-column-has-shadow fusion-flex-justify-content-flex-start fusion-content-layout-column\"><div class=\"fusion-featured-slider-tb fusion-featured-slider-tb-61\" style=\"margin-bottom:25px;\"><div class=\"fusion-slider-sc fusion-has-margin\"><div class=\"fusion-flexslider-loading flexslider flexslider-hover-type-none fusion-slider-sc-cover\" data-slideshow_autoplay=\"0\" data-slideshow_smooth_height=\"1\" data-slideshow_speed=\"7000\" style=\"max-width:600px;height:300px;\"><ul class=\"slides\"><li class=\"image\"><span class=\"lazyload fusion-image-hover-element hover-type-none\"><img decoding=\"async\" src=\"data:image\/svg+xml,%3Csvg%20xmlns%3D%27http%3A%2F%2Fwww.w3.org%2F2000%2Fsvg%27%20width%3D%271080%27%20height%3D%27810%27%20viewBox%3D%270%200%201080%20810%27%3E%3Crect%20width%3D%271080%27%20height%3D%27810%27%20fill-opacity%3D%220%22%2F%3E%3C%2Fsvg%3E\" data-orig-src=\"https:\/\/visitrijeka.hr\/wp-content\/uploads\/2023\/03\/stari-grad-min.jpeg\" width=\"1080\" height=\"810\" class=\"lazyload wp-image-0\" \/><\/span><\/li><\/ul><\/div><\/div><\/div><div class=\"fusion-builder-row fusion-builder-row-inner fusion-row fusion-flex-align-items-flex-start fusion-flex-content-wrap\" style=\"width:104% !important;max-width:104% !important;margin-left: calc(-4% \/ 2 );margin-right: calc(-4% \/ 2 );\"><div class=\"fusion-layout-column fusion_builder_column_inner fusion-builder-nested-column-60 fusion_builder_column_inner_1_1 1_1 fusion-flex-column\" style=\"--awb-padding-right:30px;--awb-padding-bottom:0px;--awb-padding-left:30px;--awb-padding-top-medium:24px;--awb-padding-right-medium:24px;--awb-padding-bottom-medium:24px;--awb-padding-left-medium:24px;--awb-padding-top-small:20px;--awb-padding-bottom-small:20px;--awb-overflow:hidden;--awb-bg-color:var(--awb-color1);--awb-bg-color-hover:var(--awb-color1);--awb-bg-size:cover;--awb-border-radius:0px 0px 5px 5px;--awb-width-large:100%;--awb-margin-top-large:0px;--awb-spacing-right-large:1.92%;--awb-margin-bottom-large:0px;--awb-spacing-left-large:1.92%;--awb-width-medium:100%;--awb-order-medium:0;--awb-spacing-right-medium:1.92%;--awb-spacing-left-medium:1.92%;--awb-width-small:100%;--awb-order-small:0;--awb-spacing-right-small:1.92%;--awb-spacing-left-small:1.92%;\" data-scroll-devices=\"small-visibility,medium-visibility,large-visibility\"><div class=\"fusion-column-wrapper fusion-column-has-shadow fusion-flex-justify-content-space-between fusion-content-layout-row\"><div class=\"fusion-title title fusion-title-121 fusion-sep-none fusion-title-text fusion-title-size-div\" style=\"--awb-text-color:var(--awb-color4);--awb-margin-top:0px;--awb-font-size:12px;\"><div class=\"fusion-title-heading title-heading-left title-heading-tag\" style=\"font-family:&quot;SSP-Semibold-600&quot;;font-style:normal;font-weight:400;margin:0;text-transform:uppercase;font-size:1em;line-height:1;\">Sehensw\u00fcrdigkeiten<\/div><\/div><div class=\"fusion-text fusion-text-122\" style=\"--awb-margin-top:-3px;\">\n<\/div><div class=\"fusion-text fusion-text-123\">\n<\/div><\/div><\/div><\/div><div class=\"fusion-title title fusion-title-122 fusion-sep-none fusion-title-center fusion-title-text fusion-title-size-three postcard_smjestaj_naziv\" style=\"--awb-text-color:var(--awb-custom_color_7);--awb-margin-top:0px;--awb-margin-right:30px;--awb-margin-bottom:0px;--awb-margin-left:30px;--awb-margin-top-small:4px;--awb-margin-bottom-small:16px;--awb-font-size:22px;\"><h3 class=\"fusion-title-heading title-heading-center\" style=\"margin:0;font-size:1em;line-height:1.1em;\">Die Altstadt<\/h3><\/div><div style=\"text-align:center;\"><a class=\"fusion-button button-flat fusion-button-default-size button-custom fusion-button-default button-61 fusion-button-default-span fusion-button-default-type botun_plaze\" style=\"--button_accent_color:var(--awb-color1);--button_accent_hover_color:var(--awb-color1);--button_border_hover_color:var(--awb-color1);--button_gradient_top_color:var(--awb-custom_color_7);--button_gradient_bottom_color:var(--awb-custom_color_7);--button_gradient_top_color_hover:var(--awb-color4);--button_gradient_bottom_color_hover:var(--awb-color4);--button_text_transform:uppercase;--button_font_size:16px;--button_typography-font-family:&quot;SSP-Semibold-600&quot;;--button_typography-font-style:normal;--button_typography-font-weight:400;--button_margin-top:12px;--button_margin-bottom:20px;\" target=\"_self\" href=\"https:\/\/visitrijeka.hr\/de\/die-altstadt\/\"><span class=\"fusion-button-text awb-button__text awb-button__text--default\">Entdecke<\/span><i class=\"fa-long-arrow-alt-right fas awb-button__icon awb-button__icon--default button-icon-right\" aria-hidden=\"true\"><\/i><\/a><\/div><\/div><\/li>\n<li class=\"fusion-layout-column fusion_builder_column fusion-builder-column-65 fusion-flex-column postcard-grad-rijeka post-card fusion-grid-column fusion-post-cards-grid-column sehenswurdigkeiten stadt id-25062\" style=\"--awb-padding-bottom:20px;--awb-overflow:hidden;--awb-bg-color:var(--awb-color1);--awb-bg-color-hover:var(--awb-color1);--awb-bg-size:cover;--awb-box-shadow:0px 32px 52px -24px hsla(var(--awb-color8-h),var(--awb-color8-s),var(--awb-color8-l),calc(var(--awb-color8-a) - 92%));;--awb-border-radius:16px 16px 16px 16px;--awb-flex-grow:0;--awb-flex-shrink:0;--awb-flex-grow-medium:0;--awb-flex-shrink-medium:0;--awb-flex-grow-small:0;--awb-flex-shrink-small:0;\"><div class=\"fusion-column-wrapper fusion-column-has-shadow fusion-flex-justify-content-flex-start fusion-content-layout-column\"><div class=\"fusion-featured-slider-tb fusion-featured-slider-tb-62\" style=\"margin-bottom:25px;\"><div class=\"fusion-slider-sc fusion-has-margin\"><div class=\"fusion-flexslider-loading flexslider flexslider-hover-type-none fusion-slider-sc-cover\" data-slideshow_autoplay=\"0\" data-slideshow_smooth_height=\"1\" data-slideshow_speed=\"7000\" style=\"max-width:600px;height:300px;\"><ul class=\"slides\"><li class=\"image\"><span class=\"lazyload fusion-image-hover-element hover-type-none\"><img decoding=\"async\" src=\"data:image\/svg+xml,%3Csvg%20xmlns%3D%27http%3A%2F%2Fwww.w3.org%2F2000%2Fsvg%27%20width%3D%271920%27%20height%3D%27931%27%20viewBox%3D%270%200%201920%20931%27%3E%3Crect%20width%3D%271920%27%20height%3D%27931%27%20fill-opacity%3D%220%22%2F%3E%3C%2Fsvg%3E\" data-orig-src=\"https:\/\/visitrijeka.hr\/wp-content\/uploads\/2023\/03\/korzo1glavna.jpg\" width=\"1920\" height=\"931\" class=\"lazyload wp-image-0\" \/><\/span><\/li><\/ul><\/div><\/div><\/div><div class=\"fusion-builder-row fusion-builder-row-inner fusion-row fusion-flex-align-items-flex-start fusion-flex-content-wrap\" style=\"width:104% !important;max-width:104% !important;margin-left: calc(-4% \/ 2 );margin-right: calc(-4% \/ 2 );\"><div class=\"fusion-layout-column fusion_builder_column_inner fusion-builder-nested-column-61 fusion_builder_column_inner_1_1 1_1 fusion-flex-column\" style=\"--awb-padding-right:30px;--awb-padding-bottom:0px;--awb-padding-left:30px;--awb-padding-top-medium:24px;--awb-padding-right-medium:24px;--awb-padding-bottom-medium:24px;--awb-padding-left-medium:24px;--awb-padding-top-small:20px;--awb-padding-bottom-small:20px;--awb-overflow:hidden;--awb-bg-color:var(--awb-color1);--awb-bg-color-hover:var(--awb-color1);--awb-bg-size:cover;--awb-border-radius:0px 0px 5px 5px;--awb-width-large:100%;--awb-margin-top-large:0px;--awb-spacing-right-large:1.92%;--awb-margin-bottom-large:0px;--awb-spacing-left-large:1.92%;--awb-width-medium:100%;--awb-order-medium:0;--awb-spacing-right-medium:1.92%;--awb-spacing-left-medium:1.92%;--awb-width-small:100%;--awb-order-small:0;--awb-spacing-right-small:1.92%;--awb-spacing-left-small:1.92%;\" data-scroll-devices=\"small-visibility,medium-visibility,large-visibility\"><div class=\"fusion-column-wrapper fusion-column-has-shadow fusion-flex-justify-content-space-between fusion-content-layout-row\"><div class=\"fusion-title title fusion-title-123 fusion-sep-none fusion-title-text fusion-title-size-div\" style=\"--awb-text-color:var(--awb-color4);--awb-margin-top:0px;--awb-font-size:12px;\"><div class=\"fusion-title-heading title-heading-left title-heading-tag\" style=\"font-family:&quot;SSP-Semibold-600&quot;;font-style:normal;font-weight:400;margin:0;text-transform:uppercase;font-size:1em;line-height:1;\">Sehensw\u00fcrdigkeiten<\/div><\/div><div class=\"fusion-text fusion-text-124\" style=\"--awb-margin-top:-3px;\">\n<\/div><div class=\"fusion-text fusion-text-125\">\n<\/div><\/div><\/div><\/div><div class=\"fusion-title title fusion-title-124 fusion-sep-none fusion-title-center fusion-title-text fusion-title-size-three postcard_smjestaj_naziv\" style=\"--awb-text-color:var(--awb-custom_color_7);--awb-margin-top:0px;--awb-margin-right:30px;--awb-margin-bottom:0px;--awb-margin-left:30px;--awb-margin-top-small:4px;--awb-margin-bottom-small:16px;--awb-font-size:22px;\"><h3 class=\"fusion-title-heading title-heading-center\" style=\"margin:0;font-size:1em;line-height:1.1em;\">Korzo<\/h3><\/div><div style=\"text-align:center;\"><a class=\"fusion-button button-flat fusion-button-default-size button-custom fusion-button-default button-62 fusion-button-default-span fusion-button-default-type botun_plaze\" style=\"--button_accent_color:var(--awb-color1);--button_accent_hover_color:var(--awb-color1);--button_border_hover_color:var(--awb-color1);--button_gradient_top_color:var(--awb-custom_color_7);--button_gradient_bottom_color:var(--awb-custom_color_7);--button_gradient_top_color_hover:var(--awb-color4);--button_gradient_bottom_color_hover:var(--awb-color4);--button_text_transform:uppercase;--button_font_size:16px;--button_typography-font-family:&quot;SSP-Semibold-600&quot;;--button_typography-font-style:normal;--button_typography-font-weight:400;--button_margin-top:12px;--button_margin-bottom:20px;\" target=\"_self\" href=\"https:\/\/visitrijeka.hr\/de\/korzo\/\"><span class=\"fusion-button-text awb-button__text awb-button__text--default\">Entdecke<\/span><i class=\"fa-long-arrow-alt-right fas awb-button__icon awb-button__icon--default button-icon-right\" aria-hidden=\"true\"><\/i><\/a><\/div><\/div><\/li>\n<li class=\"fusion-layout-column fusion_builder_column fusion-builder-column-66 fusion-flex-column postcard-grad-rijeka post-card fusion-grid-column fusion-post-cards-grid-column parks stadt id-21477\" style=\"--awb-padding-bottom:20px;--awb-overflow:hidden;--awb-bg-color:var(--awb-color1);--awb-bg-color-hover:var(--awb-color1);--awb-bg-size:cover;--awb-box-shadow:0px 32px 52px -24px hsla(var(--awb-color8-h),var(--awb-color8-s),var(--awb-color8-l),calc(var(--awb-color8-a) - 92%));;--awb-border-radius:16px 16px 16px 16px;--awb-flex-grow:0;--awb-flex-shrink:0;--awb-flex-grow-medium:0;--awb-flex-shrink-medium:0;--awb-flex-grow-small:0;--awb-flex-shrink-small:0;\"><div class=\"fusion-column-wrapper fusion-column-has-shadow fusion-flex-justify-content-flex-start fusion-content-layout-column\"><div class=\"fusion-featured-slider-tb fusion-featured-slider-tb-63\" style=\"margin-bottom:25px;\"><div class=\"fusion-slider-sc fusion-has-margin\"><div class=\"fusion-flexslider-loading flexslider flexslider-hover-type-none fusion-slider-sc-cover\" data-slideshow_autoplay=\"0\" data-slideshow_smooth_height=\"1\" data-slideshow_speed=\"7000\" style=\"max-width:600px;height:300px;\"><ul class=\"slides\"><li class=\"image\"><span class=\"lazyload fusion-image-hover-element hover-type-none\"><img decoding=\"async\" src=\"data:image\/svg+xml,%3Csvg%20xmlns%3D%27http%3A%2F%2Fwww.w3.org%2F2000%2Fsvg%27%20width%3D%271920%27%20height%3D%271440%27%20viewBox%3D%270%200%201920%201440%27%3E%3Crect%20width%3D%271920%27%20height%3D%271440%27%20fill-opacity%3D%220%22%2F%3E%3C%2Fsvg%3E\" data-orig-src=\"https:\/\/visitrijeka.hr\/wp-content\/uploads\/2023\/03\/Trsatski-park-1herojres-n.jpg\" width=\"1920\" height=\"1440\" class=\"lazyload wp-image-0\" \/><\/span><\/li><\/ul><\/div><\/div><\/div><div class=\"fusion-builder-row fusion-builder-row-inner fusion-row fusion-flex-align-items-flex-start fusion-flex-content-wrap\" style=\"width:104% !important;max-width:104% !important;margin-left: calc(-4% \/ 2 );margin-right: calc(-4% \/ 2 );\"><div class=\"fusion-layout-column fusion_builder_column_inner fusion-builder-nested-column-62 fusion_builder_column_inner_1_1 1_1 fusion-flex-column\" style=\"--awb-padding-right:30px;--awb-padding-bottom:0px;--awb-padding-left:30px;--awb-padding-top-medium:24px;--awb-padding-right-medium:24px;--awb-padding-bottom-medium:24px;--awb-padding-left-medium:24px;--awb-padding-top-small:20px;--awb-padding-bottom-small:20px;--awb-overflow:hidden;--awb-bg-color:var(--awb-color1);--awb-bg-color-hover:var(--awb-color1);--awb-bg-size:cover;--awb-border-radius:0px 0px 5px 5px;--awb-width-large:100%;--awb-margin-top-large:0px;--awb-spacing-right-large:1.92%;--awb-margin-bottom-large:0px;--awb-spacing-left-large:1.92%;--awb-width-medium:100%;--awb-order-medium:0;--awb-spacing-right-medium:1.92%;--awb-spacing-left-medium:1.92%;--awb-width-small:100%;--awb-order-small:0;--awb-spacing-right-small:1.92%;--awb-spacing-left-small:1.92%;\" data-scroll-devices=\"small-visibility,medium-visibility,large-visibility\"><div class=\"fusion-column-wrapper fusion-column-has-shadow fusion-flex-justify-content-space-between fusion-content-layout-row\"><div class=\"fusion-title title fusion-title-125 fusion-sep-none fusion-title-text fusion-title-size-div\" style=\"--awb-text-color:var(--awb-color4);--awb-margin-top:0px;--awb-font-size:12px;\"><div class=\"fusion-title-heading title-heading-left title-heading-tag\" style=\"font-family:&quot;SSP-Semibold-600&quot;;font-style:normal;font-weight:400;margin:0;text-transform:uppercase;font-size:1em;line-height:1;\">Parks<\/div><\/div><div class=\"fusion-text fusion-text-126\" style=\"--awb-margin-top:-3px;\">\n<\/div><div class=\"fusion-text fusion-text-127\">\n<\/div><\/div><\/div><\/div><div class=\"fusion-title title fusion-title-126 fusion-sep-none fusion-title-center fusion-title-text fusion-title-size-three postcard_smjestaj_naziv\" style=\"--awb-text-color:var(--awb-custom_color_7);--awb-margin-top:0px;--awb-margin-right:30px;--awb-margin-bottom:0px;--awb-margin-left:30px;--awb-margin-top-small:4px;--awb-margin-bottom-small:16px;--awb-font-size:22px;\"><h3 class=\"fusion-title-heading title-heading-center\" style=\"margin:0;font-size:1em;line-height:1.1em;\">Park de Nationalhelden<\/h3><\/div><div style=\"text-align:center;\"><a class=\"fusion-button button-flat fusion-button-default-size button-custom fusion-button-default button-63 fusion-button-default-span fusion-button-default-type botun_plaze\" style=\"--button_accent_color:var(--awb-color1);--button_accent_hover_color:var(--awb-color1);--button_border_hover_color:var(--awb-color1);--button_gradient_top_color:var(--awb-custom_color_7);--button_gradient_bottom_color:var(--awb-custom_color_7);--button_gradient_top_color_hover:var(--awb-color4);--button_gradient_bottom_color_hover:var(--awb-color4);--button_text_transform:uppercase;--button_font_size:16px;--button_typography-font-family:&quot;SSP-Semibold-600&quot;;--button_typography-font-style:normal;--button_typography-font-weight:400;--button_margin-top:12px;--button_margin-bottom:20px;\" target=\"_self\" href=\"https:\/\/visitrijeka.hr\/de\/park-de-nationalhelden\/\"><span class=\"fusion-button-text awb-button__text awb-button__text--default\">Entdecke<\/span><i class=\"fa-long-arrow-alt-right fas awb-button__icon awb-button__icon--default button-icon-right\" aria-hidden=\"true\"><\/i><\/a><\/div><\/div><\/li>\n<li class=\"fusion-layout-column fusion_builder_column fusion-builder-column-67 fusion-flex-column postcard-grad-rijeka post-card fusion-grid-column fusion-post-cards-grid-column architektur id-21219\" style=\"--awb-padding-bottom:20px;--awb-overflow:hidden;--awb-bg-color:var(--awb-color1);--awb-bg-color-hover:var(--awb-color1);--awb-bg-size:cover;--awb-box-shadow:0px 32px 52px -24px hsla(var(--awb-color8-h),var(--awb-color8-s),var(--awb-color8-l),calc(var(--awb-color8-a) - 92%));;--awb-border-radius:16px 16px 16px 16px;--awb-flex-grow:0;--awb-flex-shrink:0;--awb-flex-grow-medium:0;--awb-flex-shrink-medium:0;--awb-flex-grow-small:0;--awb-flex-shrink-small:0;\"><div class=\"fusion-column-wrapper fusion-column-has-shadow fusion-flex-justify-content-flex-start fusion-content-layout-column\"><div class=\"fusion-featured-slider-tb fusion-featured-slider-tb-64\" style=\"margin-bottom:25px;\"><div class=\"fusion-slider-sc fusion-has-margin\"><div class=\"fusion-flexslider-loading flexslider flexslider-hover-type-none fusion-slider-sc-cover\" data-slideshow_autoplay=\"0\" data-slideshow_smooth_height=\"1\" data-slideshow_speed=\"7000\" style=\"max-width:600px;height:300px;\"><ul class=\"slides\"><li class=\"image\"><span class=\"lazyload fusion-image-hover-element hover-type-none\"><img decoding=\"async\" src=\"data:image\/svg+xml,%3Csvg%20xmlns%3D%27http%3A%2F%2Fwww.w3.org%2F2000%2Fsvg%27%20width%3D%271920%27%20height%3D%271440%27%20viewBox%3D%270%200%201920%201440%27%3E%3Crect%20width%3D%271920%27%20height%3D%271440%27%20fill-opacity%3D%220%22%2F%3E%3C%2Fsvg%3E\" data-orig-src=\"https:\/\/visitrijeka.hr\/wp-content\/uploads\/2023\/03\/Kuca-Linden-1glavna.jpg\" width=\"1920\" height=\"1440\" class=\"lazyload wp-image-0\" \/><\/span><\/li><\/ul><\/div><\/div><\/div><div class=\"fusion-builder-row fusion-builder-row-inner fusion-row fusion-flex-align-items-flex-start fusion-flex-content-wrap\" style=\"width:104% !important;max-width:104% !important;margin-left: calc(-4% \/ 2 );margin-right: calc(-4% \/ 2 );\"><div class=\"fusion-layout-column fusion_builder_column_inner fusion-builder-nested-column-63 fusion_builder_column_inner_1_1 1_1 fusion-flex-column\" style=\"--awb-padding-right:30px;--awb-padding-bottom:0px;--awb-padding-left:30px;--awb-padding-top-medium:24px;--awb-padding-right-medium:24px;--awb-padding-bottom-medium:24px;--awb-padding-left-medium:24px;--awb-padding-top-small:20px;--awb-padding-bottom-small:20px;--awb-overflow:hidden;--awb-bg-color:var(--awb-color1);--awb-bg-color-hover:var(--awb-color1);--awb-bg-size:cover;--awb-border-radius:0px 0px 5px 5px;--awb-width-large:100%;--awb-margin-top-large:0px;--awb-spacing-right-large:1.92%;--awb-margin-bottom-large:0px;--awb-spacing-left-large:1.92%;--awb-width-medium:100%;--awb-order-medium:0;--awb-spacing-right-medium:1.92%;--awb-spacing-left-medium:1.92%;--awb-width-small:100%;--awb-order-small:0;--awb-spacing-right-small:1.92%;--awb-spacing-left-small:1.92%;\" data-scroll-devices=\"small-visibility,medium-visibility,large-visibility\"><div class=\"fusion-column-wrapper fusion-column-has-shadow fusion-flex-justify-content-space-between fusion-content-layout-row\"><div class=\"fusion-title title fusion-title-127 fusion-sep-none fusion-title-text fusion-title-size-div\" style=\"--awb-text-color:var(--awb-color4);--awb-margin-top:0px;--awb-font-size:12px;\"><div class=\"fusion-title-heading title-heading-left title-heading-tag\" style=\"font-family:&quot;SSP-Semibold-600&quot;;font-style:normal;font-weight:400;margin:0;text-transform:uppercase;font-size:1em;line-height:1;\">Architektur<\/div><\/div><div class=\"fusion-text fusion-text-128\" style=\"--awb-margin-top:-3px;\">\n<\/div><div class=\"fusion-text fusion-text-129\">\n<\/div><\/div><\/div><\/div><div class=\"fusion-title title fusion-title-128 fusion-sep-none fusion-title-center fusion-title-text fusion-title-size-three postcard_smjestaj_naziv\" style=\"--awb-text-color:var(--awb-custom_color_7);--awb-margin-top:0px;--awb-margin-right:30px;--awb-margin-bottom:0px;--awb-margin-left:30px;--awb-margin-top-small:4px;--awb-margin-bottom-small:16px;--awb-font-size:22px;\"><h3 class=\"fusion-title-heading title-heading-center\" style=\"margin:0;font-size:1em;line-height:1.1em;\">Haus Linden<\/h3><\/div><div style=\"text-align:center;\"><a class=\"fusion-button button-flat fusion-button-default-size button-custom fusion-button-default button-64 fusion-button-default-span fusion-button-default-type botun_plaze\" style=\"--button_accent_color:var(--awb-color1);--button_accent_hover_color:var(--awb-color1);--button_border_hover_color:var(--awb-color1);--button_gradient_top_color:var(--awb-custom_color_7);--button_gradient_bottom_color:var(--awb-custom_color_7);--button_gradient_top_color_hover:var(--awb-color4);--button_gradient_bottom_color_hover:var(--awb-color4);--button_text_transform:uppercase;--button_font_size:16px;--button_typography-font-family:&quot;SSP-Semibold-600&quot;;--button_typography-font-style:normal;--button_typography-font-weight:400;--button_margin-top:12px;--button_margin-bottom:20px;\" target=\"_self\" href=\"https:\/\/visitrijeka.hr\/de\/haus-linden\/\"><span class=\"fusion-button-text awb-button__text awb-button__text--default\">Entdecke<\/span><i class=\"fa-long-arrow-alt-right fas awb-button__icon awb-button__icon--default button-icon-right\" aria-hidden=\"true\"><\/i><\/a><\/div><\/div><\/li>\n<li class=\"fusion-layout-column fusion_builder_column fusion-builder-column-68 fusion-flex-column postcard-grad-rijeka post-card fusion-grid-column fusion-post-cards-grid-column architektur id-25169\" style=\"--awb-padding-bottom:20px;--awb-overflow:hidden;--awb-bg-color:var(--awb-color1);--awb-bg-color-hover:var(--awb-color1);--awb-bg-size:cover;--awb-box-shadow:0px 32px 52px -24px hsla(var(--awb-color8-h),var(--awb-color8-s),var(--awb-color8-l),calc(var(--awb-color8-a) - 92%));;--awb-border-radius:16px 16px 16px 16px;--awb-flex-grow:0;--awb-flex-shrink:0;--awb-flex-grow-medium:0;--awb-flex-shrink-medium:0;--awb-flex-grow-small:0;--awb-flex-shrink-small:0;\"><div class=\"fusion-column-wrapper fusion-column-has-shadow fusion-flex-justify-content-flex-start fusion-content-layout-column\"><div class=\"fusion-featured-slider-tb fusion-featured-slider-tb-65\" style=\"margin-bottom:25px;\"><div class=\"fusion-slider-sc fusion-has-margin\"><div class=\"fusion-flexslider-loading flexslider flexslider-hover-type-none fusion-slider-sc-cover\" data-slideshow_autoplay=\"0\" data-slideshow_smooth_height=\"1\" data-slideshow_speed=\"7000\" style=\"max-width:600px;height:300px;\"><ul class=\"slides\"><li class=\"image\"><span class=\"lazyload fusion-image-hover-element hover-type-none\"><img decoding=\"async\" src=\"data:image\/svg+xml,%3Csvg%20xmlns%3D%27http%3A%2F%2Fwww.w3.org%2F2000%2Fsvg%27%20width%3D%271920%27%20height%3D%271281%27%20viewBox%3D%270%200%201920%201281%27%3E%3Crect%20width%3D%271920%27%20height%3D%271281%27%20fill-opacity%3D%220%22%2F%3E%3C%2Fsvg%3E\" data-orig-src=\"https:\/\/visitrijeka.hr\/wp-content\/uploads\/2023\/03\/braun-biro-glavna.jpg\" width=\"1920\" height=\"1281\" class=\"lazyload wp-image-0\" \/><\/span><\/li><\/ul><\/div><\/div><\/div><div class=\"fusion-builder-row fusion-builder-row-inner fusion-row fusion-flex-align-items-flex-start fusion-flex-content-wrap\" style=\"width:104% !important;max-width:104% !important;margin-left: calc(-4% \/ 2 );margin-right: calc(-4% \/ 2 );\"><div class=\"fusion-layout-column fusion_builder_column_inner fusion-builder-nested-column-64 fusion_builder_column_inner_1_1 1_1 fusion-flex-column\" style=\"--awb-padding-right:30px;--awb-padding-bottom:0px;--awb-padding-left:30px;--awb-padding-top-medium:24px;--awb-padding-right-medium:24px;--awb-padding-bottom-medium:24px;--awb-padding-left-medium:24px;--awb-padding-top-small:20px;--awb-padding-bottom-small:20px;--awb-overflow:hidden;--awb-bg-color:var(--awb-color1);--awb-bg-color-hover:var(--awb-color1);--awb-bg-size:cover;--awb-border-radius:0px 0px 5px 5px;--awb-width-large:100%;--awb-margin-top-large:0px;--awb-spacing-right-large:1.92%;--awb-margin-bottom-large:0px;--awb-spacing-left-large:1.92%;--awb-width-medium:100%;--awb-order-medium:0;--awb-spacing-right-medium:1.92%;--awb-spacing-left-medium:1.92%;--awb-width-small:100%;--awb-order-small:0;--awb-spacing-right-small:1.92%;--awb-spacing-left-small:1.92%;\" data-scroll-devices=\"small-visibility,medium-visibility,large-visibility\"><div class=\"fusion-column-wrapper fusion-column-has-shadow fusion-flex-justify-content-space-between fusion-content-layout-row\"><div class=\"fusion-title title fusion-title-129 fusion-sep-none fusion-title-text fusion-title-size-div\" style=\"--awb-text-color:var(--awb-color4);--awb-margin-top:0px;--awb-font-size:12px;\"><div class=\"fusion-title-heading title-heading-left title-heading-tag\" style=\"font-family:&quot;SSP-Semibold-600&quot;;font-style:normal;font-weight:400;margin:0;text-transform:uppercase;font-size:1em;line-height:1;\">Architektur<\/div><\/div><div class=\"fusion-text fusion-text-130\" style=\"--awb-margin-top:-3px;\">\n<\/div><div class=\"fusion-text fusion-text-131\">\n<\/div><\/div><\/div><\/div><div class=\"fusion-title title fusion-title-130 fusion-sep-none fusion-title-center fusion-title-text fusion-title-size-three postcard_smjestaj_naziv\" style=\"--awb-text-color:var(--awb-custom_color_7);--awb-margin-top:0px;--awb-margin-right:30px;--awb-margin-bottom:0px;--awb-margin-left:30px;--awb-margin-top-small:4px;--awb-margin-bottom-small:16px;--awb-font-size:22px;\"><h3 class=\"fusion-title-heading title-heading-center\" style=\"margin:0;font-size:1em;line-height:1.1em;\">Palast Braun-Biro<\/h3><\/div><div style=\"text-align:center;\"><a class=\"fusion-button button-flat fusion-button-default-size button-custom fusion-button-default button-65 fusion-button-default-span fusion-button-default-type botun_plaze\" style=\"--button_accent_color:var(--awb-color1);--button_accent_hover_color:var(--awb-color1);--button_border_hover_color:var(--awb-color1);--button_gradient_top_color:var(--awb-custom_color_7);--button_gradient_bottom_color:var(--awb-custom_color_7);--button_gradient_top_color_hover:var(--awb-color4);--button_gradient_bottom_color_hover:var(--awb-color4);--button_text_transform:uppercase;--button_font_size:16px;--button_typography-font-family:&quot;SSP-Semibold-600&quot;;--button_typography-font-style:normal;--button_typography-font-weight:400;--button_margin-top:12px;--button_margin-bottom:20px;\" target=\"_self\" href=\"https:\/\/visitrijeka.hr\/de\/palast-braun-biro\/\"><span class=\"fusion-button-text awb-button__text awb-button__text--default\">Entdecke<\/span><i class=\"fa-long-arrow-alt-right fas awb-button__icon awb-button__icon--default button-icon-right\" aria-hidden=\"true\"><\/i><\/a><\/div><\/div><\/li>\n<li class=\"fusion-layout-column fusion_builder_column fusion-builder-column-69 fusion-flex-column postcard-grad-rijeka post-card fusion-grid-column fusion-post-cards-grid-column museen stadt winter-pass-de id-29113\" style=\"--awb-padding-bottom:20px;--awb-overflow:hidden;--awb-bg-color:var(--awb-color1);--awb-bg-color-hover:var(--awb-color1);--awb-bg-size:cover;--awb-box-shadow:0px 32px 52px -24px hsla(var(--awb-color8-h),var(--awb-color8-s),var(--awb-color8-l),calc(var(--awb-color8-a) - 92%));;--awb-border-radius:16px 16px 16px 16px;--awb-flex-grow:0;--awb-flex-shrink:0;--awb-flex-grow-medium:0;--awb-flex-shrink-medium:0;--awb-flex-grow-small:0;--awb-flex-shrink-small:0;\"><div class=\"fusion-column-wrapper fusion-column-has-shadow fusion-flex-justify-content-flex-start fusion-content-layout-column\"><div class=\"fusion-featured-slider-tb fusion-featured-slider-tb-66\" style=\"margin-bottom:25px;\"><div class=\"fusion-slider-sc fusion-has-margin\"><div class=\"fusion-flexslider-loading flexslider flexslider-hover-type-none fusion-slider-sc-cover\" data-slideshow_autoplay=\"0\" data-slideshow_smooth_height=\"1\" data-slideshow_speed=\"7000\" style=\"max-width:600px;height:300px;\"><ul class=\"slides\"><li class=\"image\"><span class=\"lazyload fusion-image-hover-element hover-type-none\"><img decoding=\"async\" src=\"data:image\/svg+xml,%3Csvg%20xmlns%3D%27http%3A%2F%2Fwww.w3.org%2F2000%2Fsvg%27%20width%3D%271920%27%20height%3D%271440%27%20viewBox%3D%270%200%201920%201440%27%3E%3Crect%20width%3D%271920%27%20height%3D%271440%27%20fill-opacity%3D%220%22%2F%3E%3C%2Fsvg%3E\" data-orig-src=\"https:\/\/visitrijeka.hr\/wp-content\/uploads\/2023\/04\/Prirodoslovni-muzej-Rijeka.jpg\" alt=\"Prirodoslovni muzej Rijeka\" width=\"1920\" height=\"1440\" class=\"lazyload wp-image-0\" \/><\/span><\/li><\/ul><\/div><\/div><\/div><div class=\"fusion-builder-row fusion-builder-row-inner fusion-row fusion-flex-align-items-flex-start fusion-flex-content-wrap\" style=\"width:104% !important;max-width:104% !important;margin-left: calc(-4% \/ 2 );margin-right: calc(-4% \/ 2 );\"><div class=\"fusion-layout-column fusion_builder_column_inner fusion-builder-nested-column-65 fusion_builder_column_inner_1_1 1_1 fusion-flex-column\" style=\"--awb-padding-right:30px;--awb-padding-bottom:0px;--awb-padding-left:30px;--awb-padding-top-medium:24px;--awb-padding-right-medium:24px;--awb-padding-bottom-medium:24px;--awb-padding-left-medium:24px;--awb-padding-top-small:20px;--awb-padding-bottom-small:20px;--awb-overflow:hidden;--awb-bg-color:var(--awb-color1);--awb-bg-color-hover:var(--awb-color1);--awb-bg-size:cover;--awb-border-radius:0px 0px 5px 5px;--awb-width-large:100%;--awb-margin-top-large:0px;--awb-spacing-right-large:1.92%;--awb-margin-bottom-large:0px;--awb-spacing-left-large:1.92%;--awb-width-medium:100%;--awb-order-medium:0;--awb-spacing-right-medium:1.92%;--awb-spacing-left-medium:1.92%;--awb-width-small:100%;--awb-order-small:0;--awb-spacing-right-small:1.92%;--awb-spacing-left-small:1.92%;\" data-scroll-devices=\"small-visibility,medium-visibility,large-visibility\"><div class=\"fusion-column-wrapper fusion-column-has-shadow fusion-flex-justify-content-space-between fusion-content-layout-row\"><div class=\"fusion-title title fusion-title-131 fusion-sep-none fusion-title-text fusion-title-size-div\" style=\"--awb-text-color:var(--awb-color4);--awb-margin-top:0px;--awb-font-size:12px;\"><div class=\"fusion-title-heading title-heading-left title-heading-tag\" style=\"font-family:&quot;SSP-Semibold-600&quot;;font-style:normal;font-weight:400;margin:0;text-transform:uppercase;font-size:1em;line-height:1;\">Museen<\/div><\/div><div class=\"fusion-text fusion-text-132\" style=\"--awb-margin-top:-3px;\">\n<\/div><div class=\"fusion-text fusion-text-133\">\n<\/div><\/div><\/div><\/div><div class=\"fusion-title title fusion-title-132 fusion-sep-none fusion-title-center fusion-title-text fusion-title-size-three postcard_smjestaj_naziv\" style=\"--awb-text-color:var(--awb-custom_color_7);--awb-margin-top:0px;--awb-margin-right:30px;--awb-margin-bottom:0px;--awb-margin-left:30px;--awb-margin-top-small:4px;--awb-margin-bottom-small:16px;--awb-font-size:22px;\"><h3 class=\"fusion-title-heading title-heading-center\" style=\"margin:0;font-size:1em;line-height:1.1em;\">Naturkundemuseum von Rijeka<\/h3><\/div><div style=\"text-align:center;\"><a class=\"fusion-button button-flat fusion-button-default-size button-custom fusion-button-default button-66 fusion-button-default-span fusion-button-default-type botun_plaze\" style=\"--button_accent_color:var(--awb-color1);--button_accent_hover_color:var(--awb-color1);--button_border_hover_color:var(--awb-color1);--button_gradient_top_color:var(--awb-custom_color_7);--button_gradient_bottom_color:var(--awb-custom_color_7);--button_gradient_top_color_hover:var(--awb-color4);--button_gradient_bottom_color_hover:var(--awb-color4);--button_text_transform:uppercase;--button_font_size:16px;--button_typography-font-family:&quot;SSP-Semibold-600&quot;;--button_typography-font-style:normal;--button_typography-font-weight:400;--button_margin-top:12px;--button_margin-bottom:20px;\" target=\"_self\" href=\"https:\/\/visitrijeka.hr\/de\/naturkundemuseum-von-rijeka\/\"><span class=\"fusion-button-text awb-button__text awb-button__text--default\">Entdecke<\/span><i class=\"fa-long-arrow-alt-right fas awb-button__icon awb-button__icon--default button-icon-right\" aria-hidden=\"true\"><\/i><\/a><\/div><\/div><\/li>\n<li class=\"fusion-layout-column fusion_builder_column fusion-builder-column-70 fusion-flex-column postcard-grad-rijeka post-card fusion-grid-column fusion-post-cards-grid-column sehenswurdigkeiten stadt id-20700\" style=\"--awb-padding-bottom:20px;--awb-overflow:hidden;--awb-bg-color:var(--awb-color1);--awb-bg-color-hover:var(--awb-color1);--awb-bg-size:cover;--awb-box-shadow:0px 32px 52px -24px hsla(var(--awb-color8-h),var(--awb-color8-s),var(--awb-color8-l),calc(var(--awb-color8-a) - 92%));;--awb-border-radius:16px 16px 16px 16px;--awb-flex-grow:0;--awb-flex-shrink:0;--awb-flex-grow-medium:0;--awb-flex-shrink-medium:0;--awb-flex-grow-small:0;--awb-flex-shrink-small:0;\"><div class=\"fusion-column-wrapper fusion-column-has-shadow fusion-flex-justify-content-flex-start fusion-content-layout-column\"><div class=\"fusion-featured-slider-tb fusion-featured-slider-tb-67\" style=\"margin-bottom:25px;\"><div class=\"fusion-slider-sc fusion-has-margin\"><div class=\"fusion-flexslider-loading flexslider flexslider-hover-type-none fusion-slider-sc-cover\" data-slideshow_autoplay=\"0\" data-slideshow_smooth_height=\"1\" data-slideshow_speed=\"7000\" style=\"max-width:600px;height:300px;\"><ul class=\"slides\"><li class=\"image\"><span class=\"lazyload fusion-image-hover-element hover-type-none\"><img decoding=\"async\" src=\"data:image\/svg+xml,%3Csvg%20xmlns%3D%27http%3A%2F%2Fwww.w3.org%2F2000%2Fsvg%27%20width%3D%271920%27%20height%3D%271440%27%20viewBox%3D%270%200%201920%201440%27%3E%3Crect%20width%3D%271920%27%20height%3D%271440%27%20fill-opacity%3D%220%22%2F%3E%3C%2Fsvg%3E\" data-orig-src=\"https:\/\/visitrijeka.hr\/wp-content\/uploads\/2023\/03\/Teatro-Fenice1.jpg\" width=\"1920\" height=\"1440\" class=\"lazyload wp-image-0\" \/><\/span><\/li><\/ul><\/div><\/div><\/div><div class=\"fusion-builder-row fusion-builder-row-inner fusion-row fusion-flex-align-items-flex-start fusion-flex-content-wrap\" style=\"width:104% !important;max-width:104% !important;margin-left: calc(-4% \/ 2 );margin-right: calc(-4% \/ 2 );\"><div class=\"fusion-layout-column fusion_builder_column_inner fusion-builder-nested-column-66 fusion_builder_column_inner_1_1 1_1 fusion-flex-column\" style=\"--awb-padding-right:30px;--awb-padding-bottom:0px;--awb-padding-left:30px;--awb-padding-top-medium:24px;--awb-padding-right-medium:24px;--awb-padding-bottom-medium:24px;--awb-padding-left-medium:24px;--awb-padding-top-small:20px;--awb-padding-bottom-small:20px;--awb-overflow:hidden;--awb-bg-color:var(--awb-color1);--awb-bg-color-hover:var(--awb-color1);--awb-bg-size:cover;--awb-border-radius:0px 0px 5px 5px;--awb-width-large:100%;--awb-margin-top-large:0px;--awb-spacing-right-large:1.92%;--awb-margin-bottom-large:0px;--awb-spacing-left-large:1.92%;--awb-width-medium:100%;--awb-order-medium:0;--awb-spacing-right-medium:1.92%;--awb-spacing-left-medium:1.92%;--awb-width-small:100%;--awb-order-small:0;--awb-spacing-right-small:1.92%;--awb-spacing-left-small:1.92%;\" data-scroll-devices=\"small-visibility,medium-visibility,large-visibility\"><div class=\"fusion-column-wrapper fusion-column-has-shadow fusion-flex-justify-content-space-between fusion-content-layout-row\"><div class=\"fusion-title title fusion-title-133 fusion-sep-none fusion-title-text fusion-title-size-div\" style=\"--awb-text-color:var(--awb-color4);--awb-margin-top:0px;--awb-font-size:12px;\"><div class=\"fusion-title-heading title-heading-left title-heading-tag\" style=\"font-family:&quot;SSP-Semibold-600&quot;;font-style:normal;font-weight:400;margin:0;text-transform:uppercase;font-size:1em;line-height:1;\">Sehensw\u00fcrdigkeiten<\/div><\/div><div class=\"fusion-text fusion-text-134\" style=\"--awb-margin-top:-3px;\">\n<\/div><div class=\"fusion-text fusion-text-135\">\n<\/div><\/div><\/div><\/div><div class=\"fusion-title title fusion-title-134 fusion-sep-none fusion-title-center fusion-title-text fusion-title-size-three postcard_smjestaj_naziv\" style=\"--awb-text-color:var(--awb-custom_color_7);--awb-margin-top:0px;--awb-margin-right:30px;--awb-margin-bottom:0px;--awb-margin-left:30px;--awb-margin-top-small:4px;--awb-margin-bottom-small:16px;--awb-font-size:22px;\"><h3 class=\"fusion-title-heading title-heading-center\" style=\"margin:0;font-size:1em;line-height:1.1em;\">Teatro Fenice<\/h3><\/div><div style=\"text-align:center;\"><a class=\"fusion-button button-flat fusion-button-default-size button-custom fusion-button-default button-67 fusion-button-default-span fusion-button-default-type botun_plaze\" style=\"--button_accent_color:var(--awb-color1);--button_accent_hover_color:var(--awb-color1);--button_border_hover_color:var(--awb-color1);--button_gradient_top_color:var(--awb-custom_color_7);--button_gradient_bottom_color:var(--awb-custom_color_7);--button_gradient_top_color_hover:var(--awb-color4);--button_gradient_bottom_color_hover:var(--awb-color4);--button_text_transform:uppercase;--button_font_size:16px;--button_typography-font-family:&quot;SSP-Semibold-600&quot;;--button_typography-font-style:normal;--button_typography-font-weight:400;--button_margin-top:12px;--button_margin-bottom:20px;\" target=\"_self\" href=\"https:\/\/visitrijeka.hr\/de\/teatro-fenice\/\"><span class=\"fusion-button-text awb-button__text awb-button__text--default\">Entdecke<\/span><i class=\"fa-long-arrow-alt-right fas awb-button__icon awb-button__icon--default button-icon-right\" aria-hidden=\"true\"><\/i><\/a><\/div><\/div><\/li>\n<li class=\"fusion-layout-column fusion_builder_column fusion-builder-column-71 fusion-flex-column postcard-grad-rijeka post-card fusion-grid-column fusion-post-cards-grid-column sakrale-objekte stadt id-20918\" style=\"--awb-padding-bottom:20px;--awb-overflow:hidden;--awb-bg-color:var(--awb-color1);--awb-bg-color-hover:var(--awb-color1);--awb-bg-size:cover;--awb-box-shadow:0px 32px 52px -24px hsla(var(--awb-color8-h),var(--awb-color8-s),var(--awb-color8-l),calc(var(--awb-color8-a) - 92%));;--awb-border-radius:16px 16px 16px 16px;--awb-flex-grow:0;--awb-flex-shrink:0;--awb-flex-grow-medium:0;--awb-flex-shrink-medium:0;--awb-flex-grow-small:0;--awb-flex-shrink-small:0;\"><div class=\"fusion-column-wrapper fusion-column-has-shadow fusion-flex-justify-content-flex-start fusion-content-layout-column\"><div class=\"fusion-featured-slider-tb fusion-featured-slider-tb-68\" style=\"margin-bottom:25px;\"><div class=\"fusion-slider-sc fusion-has-margin\"><div class=\"fusion-flexslider-loading flexslider flexslider-hover-type-none fusion-slider-sc-cover\" data-slideshow_autoplay=\"0\" data-slideshow_smooth_height=\"1\" data-slideshow_speed=\"7000\" style=\"max-width:600px;height:300px;\"><ul class=\"slides\"><li class=\"image\"><span class=\"lazyload fusion-image-hover-element hover-type-none\"><img decoding=\"async\" src=\"data:image\/svg+xml,%3Csvg%20xmlns%3D%27http%3A%2F%2Fwww.w3.org%2F2000%2Fsvg%27%20width%3D%271920%27%20height%3D%271387%27%20viewBox%3D%270%200%201920%201387%27%3E%3Crect%20width%3D%271920%27%20height%3D%271387%27%20fill-opacity%3D%220%22%2F%3E%3C%2Fsvg%3E\" data-orig-src=\"https:\/\/visitrijeka.hr\/wp-content\/uploads\/2023\/03\/Crkva-svetog-Jeronima3.jpg\" width=\"1920\" height=\"1387\" class=\"lazyload wp-image-0\" \/><\/span><\/li><\/ul><\/div><\/div><\/div><div class=\"fusion-builder-row fusion-builder-row-inner fusion-row fusion-flex-align-items-flex-start fusion-flex-content-wrap\" style=\"width:104% !important;max-width:104% !important;margin-left: calc(-4% \/ 2 );margin-right: calc(-4% \/ 2 );\"><div class=\"fusion-layout-column fusion_builder_column_inner fusion-builder-nested-column-67 fusion_builder_column_inner_1_1 1_1 fusion-flex-column\" style=\"--awb-padding-right:30px;--awb-padding-bottom:0px;--awb-padding-left:30px;--awb-padding-top-medium:24px;--awb-padding-right-medium:24px;--awb-padding-bottom-medium:24px;--awb-padding-left-medium:24px;--awb-padding-top-small:20px;--awb-padding-bottom-small:20px;--awb-overflow:hidden;--awb-bg-color:var(--awb-color1);--awb-bg-color-hover:var(--awb-color1);--awb-bg-size:cover;--awb-border-radius:0px 0px 5px 5px;--awb-width-large:100%;--awb-margin-top-large:0px;--awb-spacing-right-large:1.92%;--awb-margin-bottom-large:0px;--awb-spacing-left-large:1.92%;--awb-width-medium:100%;--awb-order-medium:0;--awb-spacing-right-medium:1.92%;--awb-spacing-left-medium:1.92%;--awb-width-small:100%;--awb-order-small:0;--awb-spacing-right-small:1.92%;--awb-spacing-left-small:1.92%;\" data-scroll-devices=\"small-visibility,medium-visibility,large-visibility\"><div class=\"fusion-column-wrapper fusion-column-has-shadow fusion-flex-justify-content-space-between fusion-content-layout-row\"><div class=\"fusion-title title fusion-title-135 fusion-sep-none fusion-title-text fusion-title-size-div\" style=\"--awb-text-color:var(--awb-color4);--awb-margin-top:0px;--awb-font-size:12px;\"><div class=\"fusion-title-heading title-heading-left title-heading-tag\" style=\"font-family:&quot;SSP-Semibold-600&quot;;font-style:normal;font-weight:400;margin:0;text-transform:uppercase;font-size:1em;line-height:1;\">Sakrale Objekte<\/div><\/div><div class=\"fusion-text fusion-text-136\" style=\"--awb-margin-top:-3px;\">\n<\/div><div class=\"fusion-text fusion-text-137\">\n<\/div><\/div><\/div><\/div><div class=\"fusion-title title fusion-title-136 fusion-sep-none fusion-title-center fusion-title-text fusion-title-size-three postcard_smjestaj_naziv\" style=\"--awb-text-color:var(--awb-custom_color_7);--awb-margin-top:0px;--awb-margin-right:30px;--awb-margin-bottom:0px;--awb-margin-left:30px;--awb-margin-top-small:4px;--awb-margin-bottom-small:16px;--awb-font-size:22px;\"><h3 class=\"fusion-title-heading title-heading-center\" style=\"margin:0;font-size:1em;line-height:1.1em;\">Kirche des heiligen Hieronymus und Dominikanerkloster<\/h3><\/div><div style=\"text-align:center;\"><a class=\"fusion-button button-flat fusion-button-default-size button-custom fusion-button-default button-68 fusion-button-default-span fusion-button-default-type botun_plaze\" style=\"--button_accent_color:var(--awb-color1);--button_accent_hover_color:var(--awb-color1);--button_border_hover_color:var(--awb-color1);--button_gradient_top_color:var(--awb-custom_color_7);--button_gradient_bottom_color:var(--awb-custom_color_7);--button_gradient_top_color_hover:var(--awb-color4);--button_gradient_bottom_color_hover:var(--awb-color4);--button_text_transform:uppercase;--button_font_size:16px;--button_typography-font-family:&quot;SSP-Semibold-600&quot;;--button_typography-font-style:normal;--button_typography-font-weight:400;--button_margin-top:12px;--button_margin-bottom:20px;\" target=\"_self\" href=\"https:\/\/visitrijeka.hr\/de\/kirche-des-heiligen-hieronymus-und-dominikanerkloster\/\"><span class=\"fusion-button-text awb-button__text awb-button__text--default\">Entdecke<\/span><i class=\"fa-long-arrow-alt-right fas awb-button__icon awb-button__icon--default button-icon-right\" aria-hidden=\"true\"><\/i><\/a><\/div><\/div><\/li>\n<li class=\"fusion-layout-column fusion_builder_column fusion-builder-column-72 fusion-flex-column postcard-grad-rijeka post-card fusion-grid-column fusion-post-cards-grid-column architektur id-24810\" style=\"--awb-padding-bottom:20px;--awb-overflow:hidden;--awb-bg-color:var(--awb-color1);--awb-bg-color-hover:var(--awb-color1);--awb-bg-size:cover;--awb-box-shadow:0px 32px 52px -24px hsla(var(--awb-color8-h),var(--awb-color8-s),var(--awb-color8-l),calc(var(--awb-color8-a) - 92%));;--awb-border-radius:16px 16px 16px 16px;--awb-flex-grow:0;--awb-flex-shrink:0;--awb-flex-grow-medium:0;--awb-flex-shrink-medium:0;--awb-flex-grow-small:0;--awb-flex-shrink-small:0;\"><div class=\"fusion-column-wrapper fusion-column-has-shadow fusion-flex-justify-content-flex-start fusion-content-layout-column\"><div class=\"fusion-featured-slider-tb fusion-featured-slider-tb-69\" style=\"margin-bottom:25px;\"><div class=\"fusion-slider-sc fusion-has-margin\"><div class=\"fusion-flexslider-loading flexslider flexslider-hover-type-none fusion-slider-sc-cover\" data-slideshow_autoplay=\"0\" data-slideshow_smooth_height=\"1\" data-slideshow_speed=\"7000\" style=\"max-width:600px;height:300px;\"><ul class=\"slides\"><li class=\"image\"><span class=\"lazyload fusion-image-hover-element hover-type-none\"><img decoding=\"async\" src=\"data:image\/svg+xml,%3Csvg%20xmlns%3D%27http%3A%2F%2Fwww.w3.org%2F2000%2Fsvg%27%20width%3D%271920%27%20height%3D%271297%27%20viewBox%3D%270%200%201920%201297%27%3E%3Crect%20width%3D%271920%27%20height%3D%271297%27%20fill-opacity%3D%220%22%2F%3E%3C%2Fsvg%3E\" data-orig-src=\"https:\/\/visitrijeka.hr\/wp-content\/uploads\/2023\/03\/Guvernerova-palaca1.jpg\" width=\"1920\" height=\"1297\" class=\"lazyload wp-image-0\" \/><\/span><\/li><\/ul><\/div><\/div><\/div><div class=\"fusion-builder-row fusion-builder-row-inner fusion-row fusion-flex-align-items-flex-start fusion-flex-content-wrap\" style=\"width:104% !important;max-width:104% !important;margin-left: calc(-4% \/ 2 );margin-right: calc(-4% \/ 2 );\"><div class=\"fusion-layout-column fusion_builder_column_inner fusion-builder-nested-column-68 fusion_builder_column_inner_1_1 1_1 fusion-flex-column\" style=\"--awb-padding-right:30px;--awb-padding-bottom:0px;--awb-padding-left:30px;--awb-padding-top-medium:24px;--awb-padding-right-medium:24px;--awb-padding-bottom-medium:24px;--awb-padding-left-medium:24px;--awb-padding-top-small:20px;--awb-padding-bottom-small:20px;--awb-overflow:hidden;--awb-bg-color:var(--awb-color1);--awb-bg-color-hover:var(--awb-color1);--awb-bg-size:cover;--awb-border-radius:0px 0px 5px 5px;--awb-width-large:100%;--awb-margin-top-large:0px;--awb-spacing-right-large:1.92%;--awb-margin-bottom-large:0px;--awb-spacing-left-large:1.92%;--awb-width-medium:100%;--awb-order-medium:0;--awb-spacing-right-medium:1.92%;--awb-spacing-left-medium:1.92%;--awb-width-small:100%;--awb-order-small:0;--awb-spacing-right-small:1.92%;--awb-spacing-left-small:1.92%;\" data-scroll-devices=\"small-visibility,medium-visibility,large-visibility\"><div class=\"fusion-column-wrapper fusion-column-has-shadow fusion-flex-justify-content-space-between fusion-content-layout-row\"><div class=\"fusion-title title fusion-title-137 fusion-sep-none fusion-title-text fusion-title-size-div\" style=\"--awb-text-color:var(--awb-color4);--awb-margin-top:0px;--awb-font-size:12px;\"><div class=\"fusion-title-heading title-heading-left title-heading-tag\" style=\"font-family:&quot;SSP-Semibold-600&quot;;font-style:normal;font-weight:400;margin:0;text-transform:uppercase;font-size:1em;line-height:1;\">Architektur<\/div><\/div><div class=\"fusion-text fusion-text-138\" style=\"--awb-margin-top:-3px;\">\n<\/div><div class=\"fusion-text fusion-text-139\">\n<\/div><\/div><\/div><\/div><div class=\"fusion-title title fusion-title-138 fusion-sep-none fusion-title-center fusion-title-text fusion-title-size-three postcard_smjestaj_naziv\" style=\"--awb-text-color:var(--awb-custom_color_7);--awb-margin-top:0px;--awb-margin-right:30px;--awb-margin-bottom:0px;--awb-margin-left:30px;--awb-margin-top-small:4px;--awb-margin-bottom-small:16px;--awb-font-size:22px;\"><h3 class=\"fusion-title-heading title-heading-center\" style=\"margin:0;font-size:1em;line-height:1.1em;\">Ehemaliger Gouverneurspalast \u2212 See und Geschichtsmuseum des Kroatischen K\u00fcstenlandes in Rijeka<\/h3><\/div><div style=\"text-align:center;\"><a class=\"fusion-button button-flat fusion-button-default-size button-custom fusion-button-default button-69 fusion-button-default-span fusion-button-default-type botun_plaze\" style=\"--button_accent_color:var(--awb-color1);--button_accent_hover_color:var(--awb-color1);--button_border_hover_color:var(--awb-color1);--button_gradient_top_color:var(--awb-custom_color_7);--button_gradient_bottom_color:var(--awb-custom_color_7);--button_gradient_top_color_hover:var(--awb-color4);--button_gradient_bottom_color_hover:var(--awb-color4);--button_text_transform:uppercase;--button_font_size:16px;--button_typography-font-family:&quot;SSP-Semibold-600&quot;;--button_typography-font-style:normal;--button_typography-font-weight:400;--button_margin-top:12px;--button_margin-bottom:20px;\" target=\"_self\" href=\"https:\/\/visitrijeka.hr\/de\/ehemaliger-gouverneurspalast-%e2%88%92-see-und-geschichtsmuseum-des-kroatischen-kuestenlandes-in-rijeka\/\"><span class=\"fusion-button-text awb-button__text awb-button__text--default\">Entdecke<\/span><i class=\"fa-long-arrow-alt-right fas awb-button__icon awb-button__icon--default button-icon-right\" aria-hidden=\"true\"><\/i><\/a><\/div><\/div><\/li>\n<li class=\"fusion-layout-column fusion_builder_column fusion-builder-column-73 fusion-flex-column postcard-grad-rijeka post-card fusion-grid-column fusion-post-cards-grid-column parks stadt id-21784\" style=\"--awb-padding-bottom:20px;--awb-overflow:hidden;--awb-bg-color:var(--awb-color1);--awb-bg-color-hover:var(--awb-color1);--awb-bg-size:cover;--awb-box-shadow:0px 32px 52px -24px hsla(var(--awb-color8-h),var(--awb-color8-s),var(--awb-color8-l),calc(var(--awb-color8-a) - 92%));;--awb-border-radius:16px 16px 16px 16px;--awb-flex-grow:0;--awb-flex-shrink:0;--awb-flex-grow-medium:0;--awb-flex-shrink-medium:0;--awb-flex-grow-small:0;--awb-flex-shrink-small:0;\"><div class=\"fusion-column-wrapper fusion-column-has-shadow fusion-flex-justify-content-flex-start fusion-content-layout-column\"><div class=\"fusion-featured-slider-tb fusion-featured-slider-tb-70\" style=\"margin-bottom:25px;\"><div class=\"fusion-slider-sc fusion-has-margin\"><div class=\"fusion-flexslider-loading flexslider flexslider-hover-type-none fusion-slider-sc-cover\" data-slideshow_autoplay=\"0\" data-slideshow_smooth_height=\"1\" data-slideshow_speed=\"7000\" style=\"max-width:600px;height:300px;\"><ul class=\"slides\"><li class=\"image\"><span class=\"lazyload fusion-image-hover-element hover-type-none\"><img decoding=\"async\" src=\"data:image\/svg+xml,%3Csvg%20xmlns%3D%27http%3A%2F%2Fwww.w3.org%2F2000%2Fsvg%27%20width%3D%271920%27%20height%3D%271440%27%20viewBox%3D%270%200%201920%201440%27%3E%3Crect%20width%3D%271920%27%20height%3D%271440%27%20fill-opacity%3D%220%22%2F%3E%3C%2Fsvg%3E\" data-orig-src=\"https:\/\/visitrijeka.hr\/wp-content\/uploads\/2023\/03\/Park-Mlaka-.jpg\" width=\"1920\" height=\"1440\" class=\"lazyload wp-image-0\" \/><\/span><\/li><\/ul><\/div><\/div><\/div><div class=\"fusion-builder-row fusion-builder-row-inner fusion-row fusion-flex-align-items-flex-start fusion-flex-content-wrap\" style=\"width:104% !important;max-width:104% !important;margin-left: calc(-4% \/ 2 );margin-right: calc(-4% \/ 2 );\"><div class=\"fusion-layout-column fusion_builder_column_inner fusion-builder-nested-column-69 fusion_builder_column_inner_1_1 1_1 fusion-flex-column\" style=\"--awb-padding-right:30px;--awb-padding-bottom:0px;--awb-padding-left:30px;--awb-padding-top-medium:24px;--awb-padding-right-medium:24px;--awb-padding-bottom-medium:24px;--awb-padding-left-medium:24px;--awb-padding-top-small:20px;--awb-padding-bottom-small:20px;--awb-overflow:hidden;--awb-bg-color:var(--awb-color1);--awb-bg-color-hover:var(--awb-color1);--awb-bg-size:cover;--awb-border-radius:0px 0px 5px 5px;--awb-width-large:100%;--awb-margin-top-large:0px;--awb-spacing-right-large:1.92%;--awb-margin-bottom-large:0px;--awb-spacing-left-large:1.92%;--awb-width-medium:100%;--awb-order-medium:0;--awb-spacing-right-medium:1.92%;--awb-spacing-left-medium:1.92%;--awb-width-small:100%;--awb-order-small:0;--awb-spacing-right-small:1.92%;--awb-spacing-left-small:1.92%;\" data-scroll-devices=\"small-visibility,medium-visibility,large-visibility\"><div class=\"fusion-column-wrapper fusion-column-has-shadow fusion-flex-justify-content-space-between fusion-content-layout-row\"><div class=\"fusion-title title fusion-title-139 fusion-sep-none fusion-title-text fusion-title-size-div\" style=\"--awb-text-color:var(--awb-color4);--awb-margin-top:0px;--awb-font-size:12px;\"><div class=\"fusion-title-heading title-heading-left title-heading-tag\" style=\"font-family:&quot;SSP-Semibold-600&quot;;font-style:normal;font-weight:400;margin:0;text-transform:uppercase;font-size:1em;line-height:1;\">Parks<\/div><\/div><div class=\"fusion-text fusion-text-140\" style=\"--awb-margin-top:-3px;\">\n<\/div><div class=\"fusion-text fusion-text-141\">\n<\/div><\/div><\/div><\/div><div class=\"fusion-title title fusion-title-140 fusion-sep-none fusion-title-center fusion-title-text fusion-title-size-three postcard_smjestaj_naziv\" style=\"--awb-text-color:var(--awb-custom_color_7);--awb-margin-top:0px;--awb-margin-right:30px;--awb-margin-bottom:0px;--awb-margin-left:30px;--awb-margin-top-small:4px;--awb-margin-bottom-small:16px;--awb-font-size:22px;\"><h3 class=\"fusion-title-heading title-heading-center\" style=\"margin:0;font-size:1em;line-height:1.1em;\">Park Mlaka<\/h3><\/div><div style=\"text-align:center;\"><a class=\"fusion-button button-flat fusion-button-default-size button-custom fusion-button-default button-70 fusion-button-default-span fusion-button-default-type botun_plaze\" style=\"--button_accent_color:var(--awb-color1);--button_accent_hover_color:var(--awb-color1);--button_border_hover_color:var(--awb-color1);--button_gradient_top_color:var(--awb-custom_color_7);--button_gradient_bottom_color:var(--awb-custom_color_7);--button_gradient_top_color_hover:var(--awb-color4);--button_gradient_bottom_color_hover:var(--awb-color4);--button_text_transform:uppercase;--button_font_size:16px;--button_typography-font-family:&quot;SSP-Semibold-600&quot;;--button_typography-font-style:normal;--button_typography-font-weight:400;--button_margin-top:12px;--button_margin-bottom:20px;\" target=\"_self\" href=\"https:\/\/visitrijeka.hr\/de\/park-mlaka\/\"><span class=\"fusion-button-text awb-button__text awb-button__text--default\">Entdecke<\/span><i class=\"fa-long-arrow-alt-right fas awb-button__icon awb-button__icon--default button-icon-right\" aria-hidden=\"true\"><\/i><\/a><\/div><\/div><\/li>\n<li class=\"fusion-layout-column fusion_builder_column fusion-builder-column-74 fusion-flex-column postcard-grad-rijeka post-card fusion-grid-column fusion-post-cards-grid-column sakrale-objekte stadt id-43759\" style=\"--awb-padding-bottom:20px;--awb-overflow:hidden;--awb-bg-color:var(--awb-color1);--awb-bg-color-hover:var(--awb-color1);--awb-bg-size:cover;--awb-box-shadow:0px 32px 52px -24px hsla(var(--awb-color8-h),var(--awb-color8-s),var(--awb-color8-l),calc(var(--awb-color8-a) - 92%));;--awb-border-radius:16px 16px 16px 16px;--awb-flex-grow:0;--awb-flex-shrink:0;--awb-flex-grow-medium:0;--awb-flex-shrink-medium:0;--awb-flex-grow-small:0;--awb-flex-shrink-small:0;\"><div class=\"fusion-column-wrapper fusion-column-has-shadow fusion-flex-justify-content-flex-start fusion-content-layout-column\"><div class=\"fusion-featured-slider-tb fusion-featured-slider-tb-71\" style=\"margin-bottom:25px;\"><div class=\"fusion-slider-sc fusion-has-margin\"><div class=\"fusion-flexslider-loading flexslider flexslider-hover-type-none fusion-slider-sc-cover\" data-slideshow_autoplay=\"0\" data-slideshow_smooth_height=\"1\" data-slideshow_speed=\"7000\" style=\"max-width:600px;height:300px;\"><ul class=\"slides\"><li class=\"image\"><span class=\"lazyload fusion-image-hover-element hover-type-none\"><img decoding=\"async\" src=\"data:image\/svg+xml,%3Csvg%20xmlns%3D%27http%3A%2F%2Fwww.w3.org%2F2000%2Fsvg%27%20width%3D%271920%27%20height%3D%271800%27%20viewBox%3D%270%200%201920%201800%27%3E%3Crect%20width%3D%271920%27%20height%3D%271800%27%20fill-opacity%3D%220%22%2F%3E%3C%2Fsvg%3E\" data-orig-src=\"https:\/\/visitrijeka.hr\/wp-content\/uploads\/2023\/03\/crkva-uznesenja.jpg\" width=\"1920\" height=\"1800\" class=\"lazyload wp-image-0\" \/><\/span><\/li><\/ul><\/div><\/div><\/div><div class=\"fusion-builder-row fusion-builder-row-inner fusion-row fusion-flex-align-items-flex-start fusion-flex-content-wrap\" style=\"width:104% !important;max-width:104% !important;margin-left: calc(-4% \/ 2 );margin-right: calc(-4% \/ 2 );\"><div class=\"fusion-layout-column fusion_builder_column_inner fusion-builder-nested-column-70 fusion_builder_column_inner_1_1 1_1 fusion-flex-column\" style=\"--awb-padding-right:30px;--awb-padding-bottom:0px;--awb-padding-left:30px;--awb-padding-top-medium:24px;--awb-padding-right-medium:24px;--awb-padding-bottom-medium:24px;--awb-padding-left-medium:24px;--awb-padding-top-small:20px;--awb-padding-bottom-small:20px;--awb-overflow:hidden;--awb-bg-color:var(--awb-color1);--awb-bg-color-hover:var(--awb-color1);--awb-bg-size:cover;--awb-border-radius:0px 0px 5px 5px;--awb-width-large:100%;--awb-margin-top-large:0px;--awb-spacing-right-large:1.92%;--awb-margin-bottom-large:0px;--awb-spacing-left-large:1.92%;--awb-width-medium:100%;--awb-order-medium:0;--awb-spacing-right-medium:1.92%;--awb-spacing-left-medium:1.92%;--awb-width-small:100%;--awb-order-small:0;--awb-spacing-right-small:1.92%;--awb-spacing-left-small:1.92%;\" data-scroll-devices=\"small-visibility,medium-visibility,large-visibility\"><div class=\"fusion-column-wrapper fusion-column-has-shadow fusion-flex-justify-content-space-between fusion-content-layout-row\"><div class=\"fusion-title title fusion-title-141 fusion-sep-none fusion-title-text fusion-title-size-div\" style=\"--awb-text-color:var(--awb-color4);--awb-margin-top:0px;--awb-font-size:12px;\"><div class=\"fusion-title-heading title-heading-left title-heading-tag\" style=\"font-family:&quot;SSP-Semibold-600&quot;;font-style:normal;font-weight:400;margin:0;text-transform:uppercase;font-size:1em;line-height:1;\">Sakrale Objekte<\/div><\/div><div class=\"fusion-text fusion-text-142\" style=\"--awb-margin-top:-3px;\">\n<\/div><div class=\"fusion-text fusion-text-143\">\n<\/div><\/div><\/div><\/div><div class=\"fusion-title title fusion-title-142 fusion-sep-none fusion-title-center fusion-title-text fusion-title-size-three postcard_smjestaj_naziv\" style=\"--awb-text-color:var(--awb-custom_color_7);--awb-margin-top:0px;--awb-margin-right:30px;--awb-margin-bottom:0px;--awb-margin-left:30px;--awb-margin-top-small:4px;--awb-margin-bottom-small:16px;--awb-font-size:22px;\"><h3 class=\"fusion-title-heading title-heading-center\" style=\"margin:0;font-size:1em;line-height:1.1em;\">Kirche der Himmelfahrt der Jungfrau Maria und Schiefer Turm<\/h3><\/div><div style=\"text-align:center;\"><a class=\"fusion-button button-flat fusion-button-default-size button-custom fusion-button-default button-71 fusion-button-default-span fusion-button-default-type botun_plaze\" style=\"--button_accent_color:var(--awb-color1);--button_accent_hover_color:var(--awb-color1);--button_border_hover_color:var(--awb-color1);--button_gradient_top_color:var(--awb-custom_color_7);--button_gradient_bottom_color:var(--awb-custom_color_7);--button_gradient_top_color_hover:var(--awb-color4);--button_gradient_bottom_color_hover:var(--awb-color4);--button_text_transform:uppercase;--button_font_size:16px;--button_typography-font-family:&quot;SSP-Semibold-600&quot;;--button_typography-font-style:normal;--button_typography-font-weight:400;--button_margin-top:12px;--button_margin-bottom:20px;\" target=\"_self\" href=\"https:\/\/visitrijeka.hr\/de\/kirche-der-himmelfahrt-der-jungfrau-maria-und-schiefer-turm\/\"><span class=\"fusion-button-text awb-button__text awb-button__text--default\">Entdecke<\/span><i class=\"fa-long-arrow-alt-right fas awb-button__icon awb-button__icon--default button-icon-right\" aria-hidden=\"true\"><\/i><\/a><\/div><\/div><\/li>\n<li class=\"fusion-layout-column fusion_builder_column fusion-builder-column-75 fusion-flex-column postcard-grad-rijeka post-card fusion-grid-column fusion-post-cards-grid-column galerien stadt id-28469\" style=\"--awb-padding-bottom:20px;--awb-overflow:hidden;--awb-bg-color:var(--awb-color1);--awb-bg-color-hover:var(--awb-color1);--awb-bg-size:cover;--awb-box-shadow:0px 32px 52px -24px hsla(var(--awb-color8-h),var(--awb-color8-s),var(--awb-color8-l),calc(var(--awb-color8-a) - 92%));;--awb-border-radius:16px 16px 16px 16px;--awb-flex-grow:0;--awb-flex-shrink:0;--awb-flex-grow-medium:0;--awb-flex-shrink-medium:0;--awb-flex-grow-small:0;--awb-flex-shrink-small:0;\"><div class=\"fusion-column-wrapper fusion-column-has-shadow fusion-flex-justify-content-flex-start fusion-content-layout-column\"><div class=\"fusion-featured-slider-tb fusion-featured-slider-tb-72\" style=\"margin-bottom:25px;\"><div class=\"fusion-slider-sc fusion-has-margin\"><div class=\"fusion-flexslider-loading flexslider flexslider-hover-type-none fusion-slider-sc-cover\" data-slideshow_autoplay=\"0\" data-slideshow_smooth_height=\"1\" data-slideshow_speed=\"7000\" style=\"max-width:600px;height:300px;\"><ul class=\"slides\"><li class=\"image\"><span class=\"lazyload fusion-image-hover-element hover-type-none\"><img decoding=\"async\" src=\"data:image\/svg+xml,%3Csvg%20xmlns%3D%27http%3A%2F%2Fwww.w3.org%2F2000%2Fsvg%27%20width%3D%271800%27%20height%3D%271200%27%20viewBox%3D%270%200%201800%201200%27%3E%3Crect%20width%3D%271800%27%20height%3D%271200%27%20fill-opacity%3D%220%22%2F%3E%3C%2Fsvg%3E\" data-orig-src=\"https:\/\/visitrijeka.hr\/wp-content\/uploads\/2023\/03\/galerija_01.jpg\" width=\"1800\" height=\"1200\" class=\"lazyload wp-image-0\" \/><\/span><\/li><\/ul><\/div><\/div><\/div><div class=\"fusion-builder-row fusion-builder-row-inner fusion-row fusion-flex-align-items-flex-start fusion-flex-content-wrap\" style=\"width:104% !important;max-width:104% !important;margin-left: calc(-4% \/ 2 );margin-right: calc(-4% \/ 2 );\"><div class=\"fusion-layout-column fusion_builder_column_inner fusion-builder-nested-column-71 fusion_builder_column_inner_1_1 1_1 fusion-flex-column\" style=\"--awb-padding-right:30px;--awb-padding-bottom:0px;--awb-padding-left:30px;--awb-padding-top-medium:24px;--awb-padding-right-medium:24px;--awb-padding-bottom-medium:24px;--awb-padding-left-medium:24px;--awb-padding-top-small:20px;--awb-padding-bottom-small:20px;--awb-overflow:hidden;--awb-bg-color:var(--awb-color1);--awb-bg-color-hover:var(--awb-color1);--awb-bg-size:cover;--awb-border-radius:0px 0px 5px 5px;--awb-width-large:100%;--awb-margin-top-large:0px;--awb-spacing-right-large:1.92%;--awb-margin-bottom-large:0px;--awb-spacing-left-large:1.92%;--awb-width-medium:100%;--awb-order-medium:0;--awb-spacing-right-medium:1.92%;--awb-spacing-left-medium:1.92%;--awb-width-small:100%;--awb-order-small:0;--awb-spacing-right-small:1.92%;--awb-spacing-left-small:1.92%;\" data-scroll-devices=\"small-visibility,medium-visibility,large-visibility\"><div class=\"fusion-column-wrapper fusion-column-has-shadow fusion-flex-justify-content-space-between fusion-content-layout-row\"><div class=\"fusion-title title fusion-title-143 fusion-sep-none fusion-title-text fusion-title-size-div\" style=\"--awb-text-color:var(--awb-color4);--awb-margin-top:0px;--awb-font-size:12px;\"><div class=\"fusion-title-heading title-heading-left title-heading-tag\" style=\"font-family:&quot;SSP-Semibold-600&quot;;font-style:normal;font-weight:400;margin:0;text-transform:uppercase;font-size:1em;line-height:1;\">Galerien<\/div><\/div><div class=\"fusion-text fusion-text-144\" style=\"--awb-margin-top:-3px;\">\n<\/div><div class=\"fusion-text fusion-text-145\">\n<\/div><\/div><\/div><\/div><div class=\"fusion-title title fusion-title-144 fusion-sep-none fusion-title-center fusion-title-text fusion-title-size-three postcard_smjestaj_naziv\" style=\"--awb-text-color:var(--awb-custom_color_7);--awb-margin-top:0px;--awb-margin-right:30px;--awb-margin-bottom:0px;--awb-margin-left:30px;--awb-margin-top-small:4px;--awb-margin-bottom-small:16px;--awb-font-size:22px;\"><h3 class=\"fusion-title-heading title-heading-center\" style=\"margin:0;font-size:1em;line-height:1.1em;\">Galerie \u201eMala galerija Bruketa\u201c<\/h3><\/div><div style=\"text-align:center;\"><a class=\"fusion-button button-flat fusion-button-default-size button-custom fusion-button-default button-72 fusion-button-default-span fusion-button-default-type botun_plaze\" style=\"--button_accent_color:var(--awb-color1);--button_accent_hover_color:var(--awb-color1);--button_border_hover_color:var(--awb-color1);--button_gradient_top_color:var(--awb-custom_color_7);--button_gradient_bottom_color:var(--awb-custom_color_7);--button_gradient_top_color_hover:var(--awb-color4);--button_gradient_bottom_color_hover:var(--awb-color4);--button_text_transform:uppercase;--button_font_size:16px;--button_typography-font-family:&quot;SSP-Semibold-600&quot;;--button_typography-font-style:normal;--button_typography-font-weight:400;--button_margin-top:12px;--button_margin-bottom:20px;\" target=\"_self\" href=\"https:\/\/visitrijeka.hr\/de\/galerie-mala-galerija-bruketa\/\"><span class=\"fusion-button-text awb-button__text awb-button__text--default\">Entdecke<\/span><i class=\"fa-long-arrow-alt-right fas awb-button__icon awb-button__icon--default button-icon-right\" aria-hidden=\"true\"><\/i><\/a><\/div><\/div><\/li>\n<li class=\"fusion-layout-column fusion_builder_column fusion-builder-column-76 fusion-flex-column postcard-grad-rijeka post-card fusion-grid-column fusion-post-cards-grid-column architektur winter-pass-de id-36331\" style=\"--awb-padding-bottom:20px;--awb-overflow:hidden;--awb-bg-color:var(--awb-color1);--awb-bg-color-hover:var(--awb-color1);--awb-bg-size:cover;--awb-box-shadow:0px 32px 52px -24px hsla(var(--awb-color8-h),var(--awb-color8-s),var(--awb-color8-l),calc(var(--awb-color8-a) - 92%));;--awb-border-radius:16px 16px 16px 16px;--awb-flex-grow:0;--awb-flex-shrink:0;--awb-flex-grow-medium:0;--awb-flex-shrink-medium:0;--awb-flex-grow-small:0;--awb-flex-shrink-small:0;\"><div class=\"fusion-column-wrapper fusion-column-has-shadow fusion-flex-justify-content-flex-start fusion-content-layout-column\"><div class=\"fusion-featured-slider-tb fusion-featured-slider-tb-73\" style=\"margin-bottom:25px;\"><div class=\"fusion-slider-sc fusion-has-margin\"><div class=\"fusion-flexslider-loading flexslider flexslider-hover-type-none fusion-slider-sc-cover\" data-slideshow_autoplay=\"0\" data-slideshow_smooth_height=\"1\" data-slideshow_speed=\"7000\" style=\"max-width:600px;height:300px;\"><ul class=\"slides\"><li class=\"image\"><span class=\"lazyload fusion-image-hover-element hover-type-none\"><img decoding=\"async\" src=\"data:image\/svg+xml,%3Csvg%20xmlns%3D%27http%3A%2F%2Fwww.w3.org%2F2000%2Fsvg%27%20width%3D%271920%27%20height%3D%271278%27%20viewBox%3D%270%200%201920%201278%27%3E%3Crect%20width%3D%271920%27%20height%3D%271278%27%20fill-opacity%3D%220%22%2F%3E%3C%2Fsvg%3E\" data-orig-src=\"https:\/\/visitrijeka.hr\/wp-content\/uploads\/2023\/04\/Trsatski-kastel.jpg\" alt=\"Trsatski ka\u0161tel\" width=\"1920\" height=\"1278\" class=\"lazyload wp-image-0\" \/><\/span><\/li><\/ul><\/div><\/div><\/div><div class=\"fusion-builder-row fusion-builder-row-inner fusion-row fusion-flex-align-items-flex-start fusion-flex-content-wrap\" style=\"width:104% !important;max-width:104% !important;margin-left: calc(-4% \/ 2 );margin-right: calc(-4% \/ 2 );\"><div class=\"fusion-layout-column fusion_builder_column_inner fusion-builder-nested-column-72 fusion_builder_column_inner_1_1 1_1 fusion-flex-column\" style=\"--awb-padding-right:30px;--awb-padding-bottom:0px;--awb-padding-left:30px;--awb-padding-top-medium:24px;--awb-padding-right-medium:24px;--awb-padding-bottom-medium:24px;--awb-padding-left-medium:24px;--awb-padding-top-small:20px;--awb-padding-bottom-small:20px;--awb-overflow:hidden;--awb-bg-color:var(--awb-color1);--awb-bg-color-hover:var(--awb-color1);--awb-bg-size:cover;--awb-border-radius:0px 0px 5px 5px;--awb-width-large:100%;--awb-margin-top-large:0px;--awb-spacing-right-large:1.92%;--awb-margin-bottom-large:0px;--awb-spacing-left-large:1.92%;--awb-width-medium:100%;--awb-order-medium:0;--awb-spacing-right-medium:1.92%;--awb-spacing-left-medium:1.92%;--awb-width-small:100%;--awb-order-small:0;--awb-spacing-right-small:1.92%;--awb-spacing-left-small:1.92%;\" data-scroll-devices=\"small-visibility,medium-visibility,large-visibility\"><div class=\"fusion-column-wrapper fusion-column-has-shadow fusion-flex-justify-content-space-between fusion-content-layout-row\"><div class=\"fusion-title title fusion-title-145 fusion-sep-none fusion-title-text fusion-title-size-div\" style=\"--awb-text-color:var(--awb-color4);--awb-margin-top:0px;--awb-font-size:12px;\"><div class=\"fusion-title-heading title-heading-left title-heading-tag\" style=\"font-family:&quot;SSP-Semibold-600&quot;;font-style:normal;font-weight:400;margin:0;text-transform:uppercase;font-size:1em;line-height:1;\">Architektur<\/div><\/div><div class=\"fusion-text fusion-text-146\" style=\"--awb-margin-top:-3px;\">\n<\/div><div class=\"fusion-text fusion-text-147\">\n<\/div><\/div><\/div><\/div><div class=\"fusion-title title fusion-title-146 fusion-sep-none fusion-title-center fusion-title-text fusion-title-size-three postcard_smjestaj_naziv\" style=\"--awb-text-color:var(--awb-custom_color_7);--awb-margin-top:0px;--awb-margin-right:30px;--awb-margin-bottom:0px;--awb-margin-left:30px;--awb-margin-top-small:4px;--awb-margin-bottom-small:16px;--awb-font-size:22px;\"><h3 class=\"fusion-title-heading title-heading-center\" style=\"margin:0;font-size:1em;line-height:1.1em;\">Kastell von Trsat<\/h3><\/div><div style=\"text-align:center;\"><a class=\"fusion-button button-flat fusion-button-default-size button-custom fusion-button-default button-73 fusion-button-default-span fusion-button-default-type botun_plaze\" style=\"--button_accent_color:var(--awb-color1);--button_accent_hover_color:var(--awb-color1);--button_border_hover_color:var(--awb-color1);--button_gradient_top_color:var(--awb-custom_color_7);--button_gradient_bottom_color:var(--awb-custom_color_7);--button_gradient_top_color_hover:var(--awb-color4);--button_gradient_bottom_color_hover:var(--awb-color4);--button_text_transform:uppercase;--button_font_size:16px;--button_typography-font-family:&quot;SSP-Semibold-600&quot;;--button_typography-font-style:normal;--button_typography-font-weight:400;--button_margin-top:12px;--button_margin-bottom:20px;\" target=\"_self\" href=\"https:\/\/visitrijeka.hr\/de\/kastell-von-trsat\/\"><span class=\"fusion-button-text awb-button__text awb-button__text--default\">Entdecke<\/span><i class=\"fa-long-arrow-alt-right fas awb-button__icon awb-button__icon--default button-icon-right\" aria-hidden=\"true\"><\/i><\/a><\/div><\/div><\/li>\n<li class=\"fusion-layout-column fusion_builder_column fusion-builder-column-77 fusion-flex-column postcard-grad-rijeka post-card fusion-grid-column fusion-post-cards-grid-column sehenswurdigkeiten stadt id-34976\" style=\"--awb-padding-bottom:20px;--awb-overflow:hidden;--awb-bg-color:var(--awb-color1);--awb-bg-color-hover:var(--awb-color1);--awb-bg-size:cover;--awb-box-shadow:0px 32px 52px -24px hsla(var(--awb-color8-h),var(--awb-color8-s),var(--awb-color8-l),calc(var(--awb-color8-a) - 92%));;--awb-border-radius:16px 16px 16px 16px;--awb-flex-grow:0;--awb-flex-shrink:0;--awb-flex-grow-medium:0;--awb-flex-shrink-medium:0;--awb-flex-grow-small:0;--awb-flex-shrink-small:0;\"><div class=\"fusion-column-wrapper fusion-column-has-shadow fusion-flex-justify-content-flex-start fusion-content-layout-column\"><div class=\"fusion-featured-slider-tb fusion-featured-slider-tb-74\" style=\"margin-bottom:25px;\"><div class=\"fusion-slider-sc fusion-has-margin\"><div class=\"fusion-flexslider-loading flexslider flexslider-hover-type-none fusion-slider-sc-cover\" data-slideshow_autoplay=\"0\" data-slideshow_smooth_height=\"1\" data-slideshow_speed=\"7000\" style=\"max-width:600px;height:300px;\"><ul class=\"slides\"><li class=\"image\"><span class=\"lazyload fusion-image-hover-element hover-type-none\"><img decoding=\"async\" src=\"data:image\/svg+xml,%3Csvg%20xmlns%3D%27http%3A%2F%2Fwww.w3.org%2F2000%2Fsvg%27%20width%3D%271920%27%20height%3D%271249%27%20viewBox%3D%270%200%201920%201249%27%3E%3Crect%20width%3D%271920%27%20height%3D%271249%27%20fill-opacity%3D%220%22%2F%3E%3C%2Fsvg%3E\" data-orig-src=\"https:\/\/visitrijeka.hr\/wp-content\/uploads\/2023\/03\/trznica33-min.jpg\" width=\"1920\" height=\"1249\" class=\"lazyload wp-image-0\" \/><\/span><\/li><\/ul><\/div><\/div><\/div><div class=\"fusion-builder-row fusion-builder-row-inner fusion-row fusion-flex-align-items-flex-start fusion-flex-content-wrap\" style=\"width:104% !important;max-width:104% !important;margin-left: calc(-4% \/ 2 );margin-right: calc(-4% \/ 2 );\"><div class=\"fusion-layout-column fusion_builder_column_inner fusion-builder-nested-column-73 fusion_builder_column_inner_1_1 1_1 fusion-flex-column\" style=\"--awb-padding-right:30px;--awb-padding-bottom:0px;--awb-padding-left:30px;--awb-padding-top-medium:24px;--awb-padding-right-medium:24px;--awb-padding-bottom-medium:24px;--awb-padding-left-medium:24px;--awb-padding-top-small:20px;--awb-padding-bottom-small:20px;--awb-overflow:hidden;--awb-bg-color:var(--awb-color1);--awb-bg-color-hover:var(--awb-color1);--awb-bg-size:cover;--awb-border-radius:0px 0px 5px 5px;--awb-width-large:100%;--awb-margin-top-large:0px;--awb-spacing-right-large:1.92%;--awb-margin-bottom-large:0px;--awb-spacing-left-large:1.92%;--awb-width-medium:100%;--awb-order-medium:0;--awb-spacing-right-medium:1.92%;--awb-spacing-left-medium:1.92%;--awb-width-small:100%;--awb-order-small:0;--awb-spacing-right-small:1.92%;--awb-spacing-left-small:1.92%;\" data-scroll-devices=\"small-visibility,medium-visibility,large-visibility\"><div class=\"fusion-column-wrapper fusion-column-has-shadow fusion-flex-justify-content-space-between fusion-content-layout-row\"><div class=\"fusion-title title fusion-title-147 fusion-sep-none fusion-title-text fusion-title-size-div\" style=\"--awb-text-color:var(--awb-color4);--awb-margin-top:0px;--awb-font-size:12px;\"><div class=\"fusion-title-heading title-heading-left title-heading-tag\" style=\"font-family:&quot;SSP-Semibold-600&quot;;font-style:normal;font-weight:400;margin:0;text-transform:uppercase;font-size:1em;line-height:1;\">Sehensw\u00fcrdigkeiten<\/div><\/div><div class=\"fusion-text fusion-text-148\" style=\"--awb-margin-top:-3px;\">\n<\/div><div class=\"fusion-text fusion-text-149\">\n<\/div><\/div><\/div><\/div><div class=\"fusion-title title fusion-title-148 fusion-sep-none fusion-title-center fusion-title-text fusion-title-size-three postcard_smjestaj_naziv\" style=\"--awb-text-color:var(--awb-custom_color_7);--awb-margin-top:0px;--awb-margin-right:30px;--awb-margin-bottom:0px;--awb-margin-left:30px;--awb-margin-top-small:4px;--awb-margin-bottom-small:16px;--awb-font-size:22px;\"><h3 class=\"fusion-title-heading title-heading-center\" style=\"margin:0;font-size:1em;line-height:1.1em;\">Marktplatz der Stadt<\/h3><\/div><div style=\"text-align:center;\"><a class=\"fusion-button button-flat fusion-button-default-size button-custom fusion-button-default button-74 fusion-button-default-span fusion-button-default-type botun_plaze\" style=\"--button_accent_color:var(--awb-color1);--button_accent_hover_color:var(--awb-color1);--button_border_hover_color:var(--awb-color1);--button_gradient_top_color:var(--awb-custom_color_7);--button_gradient_bottom_color:var(--awb-custom_color_7);--button_gradient_top_color_hover:var(--awb-color4);--button_gradient_bottom_color_hover:var(--awb-color4);--button_text_transform:uppercase;--button_font_size:16px;--button_typography-font-family:&quot;SSP-Semibold-600&quot;;--button_typography-font-style:normal;--button_typography-font-weight:400;--button_margin-top:12px;--button_margin-bottom:20px;\" target=\"_self\" href=\"https:\/\/visitrijeka.hr\/de\/marktplatz-der-stadt-2\/\"><span class=\"fusion-button-text awb-button__text awb-button__text--default\">Entdecke<\/span><i class=\"fa-long-arrow-alt-right fas awb-button__icon awb-button__icon--default button-icon-right\" aria-hidden=\"true\"><\/i><\/a><\/div><\/div><\/li>\n<li class=\"fusion-layout-column fusion_builder_column fusion-builder-column-78 fusion-flex-column postcard-grad-rijeka post-card fusion-grid-column fusion-post-cards-grid-column architektur id-21261\" style=\"--awb-padding-bottom:20px;--awb-overflow:hidden;--awb-bg-color:var(--awb-color1);--awb-bg-color-hover:var(--awb-color1);--awb-bg-size:cover;--awb-box-shadow:0px 32px 52px -24px hsla(var(--awb-color8-h),var(--awb-color8-s),var(--awb-color8-l),calc(var(--awb-color8-a) - 92%));;--awb-border-radius:16px 16px 16px 16px;--awb-flex-grow:0;--awb-flex-shrink:0;--awb-flex-grow-medium:0;--awb-flex-shrink-medium:0;--awb-flex-grow-small:0;--awb-flex-shrink-small:0;\"><div class=\"fusion-column-wrapper fusion-column-has-shadow fusion-flex-justify-content-flex-start fusion-content-layout-column\"><div class=\"fusion-featured-slider-tb fusion-featured-slider-tb-75\" style=\"margin-bottom:25px;\"><div class=\"fusion-slider-sc fusion-has-margin\"><div class=\"fusion-flexslider-loading flexslider flexslider-hover-type-none fusion-slider-sc-cover\" data-slideshow_autoplay=\"0\" data-slideshow_smooth_height=\"1\" data-slideshow_speed=\"7000\" style=\"max-width:600px;height:300px;\"><ul class=\"slides\"><li class=\"image\"><span class=\"lazyload fusion-image-hover-element hover-type-none\"><img decoding=\"async\" src=\"data:image\/svg+xml,%3Csvg%20xmlns%3D%27http%3A%2F%2Fwww.w3.org%2F2000%2Fsvg%27%20width%3D%271920%27%20height%3D%271440%27%20viewBox%3D%270%200%201920%201440%27%3E%3Crect%20width%3D%271920%27%20height%3D%271440%27%20fill-opacity%3D%220%22%2F%3E%3C%2Fsvg%3E\" data-orig-src=\"https:\/\/visitrijeka.hr\/wp-content\/uploads\/2023\/03\/turska-kucagl..jpg\" width=\"1920\" height=\"1440\" class=\"lazyload wp-image-0\" \/><\/span><\/li><\/ul><\/div><\/div><\/div><div class=\"fusion-builder-row fusion-builder-row-inner fusion-row fusion-flex-align-items-flex-start fusion-flex-content-wrap\" style=\"width:104% !important;max-width:104% !important;margin-left: calc(-4% \/ 2 );margin-right: calc(-4% \/ 2 );\"><div class=\"fusion-layout-column fusion_builder_column_inner fusion-builder-nested-column-74 fusion_builder_column_inner_1_1 1_1 fusion-flex-column\" style=\"--awb-padding-right:30px;--awb-padding-bottom:0px;--awb-padding-left:30px;--awb-padding-top-medium:24px;--awb-padding-right-medium:24px;--awb-padding-bottom-medium:24px;--awb-padding-left-medium:24px;--awb-padding-top-small:20px;--awb-padding-bottom-small:20px;--awb-overflow:hidden;--awb-bg-color:var(--awb-color1);--awb-bg-color-hover:var(--awb-color1);--awb-bg-size:cover;--awb-border-radius:0px 0px 5px 5px;--awb-width-large:100%;--awb-margin-top-large:0px;--awb-spacing-right-large:1.92%;--awb-margin-bottom-large:0px;--awb-spacing-left-large:1.92%;--awb-width-medium:100%;--awb-order-medium:0;--awb-spacing-right-medium:1.92%;--awb-spacing-left-medium:1.92%;--awb-width-small:100%;--awb-order-small:0;--awb-spacing-right-small:1.92%;--awb-spacing-left-small:1.92%;\" data-scroll-devices=\"small-visibility,medium-visibility,large-visibility\"><div class=\"fusion-column-wrapper fusion-column-has-shadow fusion-flex-justify-content-space-between fusion-content-layout-row\"><div class=\"fusion-title title fusion-title-149 fusion-sep-none fusion-title-text fusion-title-size-div\" style=\"--awb-text-color:var(--awb-color4);--awb-margin-top:0px;--awb-font-size:12px;\"><div class=\"fusion-title-heading title-heading-left title-heading-tag\" style=\"font-family:&quot;SSP-Semibold-600&quot;;font-style:normal;font-weight:400;margin:0;text-transform:uppercase;font-size:1em;line-height:1;\">Architektur<\/div><\/div><div class=\"fusion-text fusion-text-150\" style=\"--awb-margin-top:-3px;\">\n<\/div><div class=\"fusion-text fusion-text-151\">\n<\/div><\/div><\/div><\/div><div class=\"fusion-title title fusion-title-150 fusion-sep-none fusion-title-center fusion-title-text fusion-title-size-three postcard_smjestaj_naziv\" style=\"--awb-text-color:var(--awb-custom_color_7);--awb-margin-top:0px;--awb-margin-right:30px;--awb-margin-bottom:0px;--awb-margin-left:30px;--awb-margin-top-small:4px;--awb-margin-bottom-small:16px;--awb-font-size:22px;\"><h3 class=\"fusion-title-heading title-heading-center\" style=\"margin:0;font-size:1em;line-height:1.1em;\">T\u00fcrkisches Haus<\/h3><\/div><div style=\"text-align:center;\"><a class=\"fusion-button button-flat fusion-button-default-size button-custom fusion-button-default button-75 fusion-button-default-span fusion-button-default-type botun_plaze\" style=\"--button_accent_color:var(--awb-color1);--button_accent_hover_color:var(--awb-color1);--button_border_hover_color:var(--awb-color1);--button_gradient_top_color:var(--awb-custom_color_7);--button_gradient_bottom_color:var(--awb-custom_color_7);--button_gradient_top_color_hover:var(--awb-color4);--button_gradient_bottom_color_hover:var(--awb-color4);--button_text_transform:uppercase;--button_font_size:16px;--button_typography-font-family:&quot;SSP-Semibold-600&quot;;--button_typography-font-style:normal;--button_typography-font-weight:400;--button_margin-top:12px;--button_margin-bottom:20px;\" target=\"_self\" href=\"https:\/\/visitrijeka.hr\/de\/tuerkisches-haus\/\"><span class=\"fusion-button-text awb-button__text awb-button__text--default\">Entdecke<\/span><i class=\"fa-long-arrow-alt-right fas awb-button__icon awb-button__icon--default button-icon-right\" aria-hidden=\"true\"><\/i><\/a><\/div><\/div><\/li>\n<li class=\"fusion-layout-column fusion_builder_column fusion-builder-column-79 fusion-flex-column postcard-grad-rijeka post-card fusion-grid-column fusion-post-cards-grid-column sehenswurdigkeiten stadt id-20656\" style=\"--awb-padding-bottom:20px;--awb-overflow:hidden;--awb-bg-color:var(--awb-color1);--awb-bg-color-hover:var(--awb-color1);--awb-bg-size:cover;--awb-box-shadow:0px 32px 52px -24px hsla(var(--awb-color8-h),var(--awb-color8-s),var(--awb-color8-l),calc(var(--awb-color8-a) - 92%));;--awb-border-radius:16px 16px 16px 16px;--awb-flex-grow:0;--awb-flex-shrink:0;--awb-flex-grow-medium:0;--awb-flex-shrink-medium:0;--awb-flex-grow-small:0;--awb-flex-shrink-small:0;\"><div class=\"fusion-column-wrapper fusion-column-has-shadow fusion-flex-justify-content-flex-start fusion-content-layout-column\"><div class=\"fusion-featured-slider-tb fusion-featured-slider-tb-76\" style=\"margin-bottom:25px;\"><div class=\"fusion-slider-sc fusion-has-margin\"><div class=\"fusion-flexslider-loading flexslider flexslider-hover-type-none fusion-slider-sc-cover\" data-slideshow_autoplay=\"0\" data-slideshow_smooth_height=\"1\" data-slideshow_speed=\"7000\" style=\"max-width:600px;height:300px;\"><ul class=\"slides\"><li class=\"image\"><span class=\"lazyload fusion-image-hover-element hover-type-none\"><img decoding=\"async\" src=\"data:image\/svg+xml,%3Csvg%20xmlns%3D%27http%3A%2F%2Fwww.w3.org%2F2000%2Fsvg%27%20width%3D%27720%27%20height%3D%27540%27%20viewBox%3D%270%200%20720%20540%27%3E%3Crect%20width%3D%27720%27%20height%3D%27540%27%20fill-opacity%3D%220%22%2F%3E%3C%2Fsvg%3E\" data-orig-src=\"https:\/\/visitrijeka.hr\/wp-content\/uploads\/2023\/03\/tun.jpeg\" width=\"720\" height=\"540\" class=\"lazyload wp-image-0\" \/><\/span><\/li><\/ul><\/div><\/div><\/div><div class=\"fusion-builder-row fusion-builder-row-inner fusion-row fusion-flex-align-items-flex-start fusion-flex-content-wrap\" style=\"width:104% !important;max-width:104% !important;margin-left: calc(-4% \/ 2 );margin-right: calc(-4% \/ 2 );\"><div class=\"fusion-layout-column fusion_builder_column_inner fusion-builder-nested-column-75 fusion_builder_column_inner_1_1 1_1 fusion-flex-column\" style=\"--awb-padding-right:30px;--awb-padding-bottom:0px;--awb-padding-left:30px;--awb-padding-top-medium:24px;--awb-padding-right-medium:24px;--awb-padding-bottom-medium:24px;--awb-padding-left-medium:24px;--awb-padding-top-small:20px;--awb-padding-bottom-small:20px;--awb-overflow:hidden;--awb-bg-color:var(--awb-color1);--awb-bg-color-hover:var(--awb-color1);--awb-bg-size:cover;--awb-border-radius:0px 0px 5px 5px;--awb-width-large:100%;--awb-margin-top-large:0px;--awb-spacing-right-large:1.92%;--awb-margin-bottom-large:0px;--awb-spacing-left-large:1.92%;--awb-width-medium:100%;--awb-order-medium:0;--awb-spacing-right-medium:1.92%;--awb-spacing-left-medium:1.92%;--awb-width-small:100%;--awb-order-small:0;--awb-spacing-right-small:1.92%;--awb-spacing-left-small:1.92%;\" data-scroll-devices=\"small-visibility,medium-visibility,large-visibility\"><div class=\"fusion-column-wrapper fusion-column-has-shadow fusion-flex-justify-content-space-between fusion-content-layout-row\"><div class=\"fusion-title title fusion-title-151 fusion-sep-none fusion-title-text fusion-title-size-div\" style=\"--awb-text-color:var(--awb-color4);--awb-margin-top:0px;--awb-font-size:12px;\"><div class=\"fusion-title-heading title-heading-left title-heading-tag\" style=\"font-family:&quot;SSP-Semibold-600&quot;;font-style:normal;font-weight:400;margin:0;text-transform:uppercase;font-size:1em;line-height:1;\">Sehensw\u00fcrdigkeiten<\/div><\/div><div class=\"fusion-text fusion-text-152\" style=\"--awb-margin-top:-3px;\">\n<\/div><div class=\"fusion-text fusion-text-153\">\n<\/div><\/div><\/div><\/div><div class=\"fusion-title title fusion-title-152 fusion-sep-none fusion-title-center fusion-title-text fusion-title-size-three postcard_smjestaj_naziv\" style=\"--awb-text-color:var(--awb-custom_color_7);--awb-margin-top:0px;--awb-margin-right:30px;--awb-margin-bottom:0px;--awb-margin-left:30px;--awb-margin-top-small:4px;--awb-margin-bottom-small:16px;--awb-font-size:22px;\"><h3 class=\"fusion-title-heading title-heading-center\" style=\"margin:0;font-size:1em;line-height:1.1em;\">Stendarac<\/h3><\/div><div style=\"text-align:center;\"><a class=\"fusion-button button-flat fusion-button-default-size button-custom fusion-button-default button-76 fusion-button-default-span fusion-button-default-type botun_plaze\" style=\"--button_accent_color:var(--awb-color1);--button_accent_hover_color:var(--awb-color1);--button_border_hover_color:var(--awb-color1);--button_gradient_top_color:var(--awb-custom_color_7);--button_gradient_bottom_color:var(--awb-custom_color_7);--button_gradient_top_color_hover:var(--awb-color4);--button_gradient_bottom_color_hover:var(--awb-color4);--button_text_transform:uppercase;--button_font_size:16px;--button_typography-font-family:&quot;SSP-Semibold-600&quot;;--button_typography-font-style:normal;--button_typography-font-weight:400;--button_margin-top:12px;--button_margin-bottom:20px;\" target=\"_self\" href=\"https:\/\/visitrijeka.hr\/de\/stendarac\/\"><span class=\"fusion-button-text awb-button__text awb-button__text--default\">Entdecke<\/span><i class=\"fa-long-arrow-alt-right fas awb-button__icon awb-button__icon--default button-icon-right\" aria-hidden=\"true\"><\/i><\/a><\/div><\/div><\/li>\n<li class=\"fusion-layout-column fusion_builder_column fusion-builder-column-80 fusion-flex-column postcard-grad-rijeka post-card fusion-grid-column fusion-post-cards-grid-column museen stadt winter-pass-de id-22540\" style=\"--awb-padding-bottom:20px;--awb-overflow:hidden;--awb-bg-color:var(--awb-color1);--awb-bg-color-hover:var(--awb-color1);--awb-bg-size:cover;--awb-box-shadow:0px 32px 52px -24px hsla(var(--awb-color8-h),var(--awb-color8-s),var(--awb-color8-l),calc(var(--awb-color8-a) - 92%));;--awb-border-radius:16px 16px 16px 16px;--awb-flex-grow:0;--awb-flex-shrink:0;--awb-flex-grow-medium:0;--awb-flex-shrink-medium:0;--awb-flex-grow-small:0;--awb-flex-shrink-small:0;\"><div class=\"fusion-column-wrapper fusion-column-has-shadow fusion-flex-justify-content-flex-start fusion-content-layout-column\"><div class=\"fusion-featured-slider-tb fusion-featured-slider-tb-77\" style=\"margin-bottom:25px;\"><div class=\"fusion-slider-sc fusion-has-margin\"><div class=\"fusion-flexslider-loading flexslider flexslider-hover-type-none fusion-slider-sc-cover\" data-slideshow_autoplay=\"0\" data-slideshow_smooth_height=\"1\" data-slideshow_speed=\"7000\" style=\"max-width:600px;height:300px;\"><ul class=\"slides\"><li class=\"image\"><span class=\"lazyload fusion-image-hover-element hover-type-none\"><img decoding=\"async\" src=\"data:image\/svg+xml,%3Csvg%20xmlns%3D%27http%3A%2F%2Fwww.w3.org%2F2000%2Fsvg%27%20width%3D%271920%27%20height%3D%271440%27%20viewBox%3D%270%200%201920%201440%27%3E%3Crect%20width%3D%271920%27%20height%3D%271440%27%20fill-opacity%3D%220%22%2F%3E%3C%2Fsvg%3E\" data-orig-src=\"https:\/\/visitrijeka.hr\/wp-content\/uploads\/2023\/03\/peek-glavna.jpg\" width=\"1920\" height=\"1440\" class=\"lazyload wp-image-0\" \/><\/span><\/li><\/ul><\/div><\/div><\/div><div class=\"fusion-builder-row fusion-builder-row-inner fusion-row fusion-flex-align-items-flex-start fusion-flex-content-wrap\" style=\"width:104% !important;max-width:104% !important;margin-left: calc(-4% \/ 2 );margin-right: calc(-4% \/ 2 );\"><div class=\"fusion-layout-column fusion_builder_column_inner fusion-builder-nested-column-76 fusion_builder_column_inner_1_1 1_1 fusion-flex-column\" style=\"--awb-padding-right:30px;--awb-padding-bottom:0px;--awb-padding-left:30px;--awb-padding-top-medium:24px;--awb-padding-right-medium:24px;--awb-padding-bottom-medium:24px;--awb-padding-left-medium:24px;--awb-padding-top-small:20px;--awb-padding-bottom-small:20px;--awb-overflow:hidden;--awb-bg-color:var(--awb-color1);--awb-bg-color-hover:var(--awb-color1);--awb-bg-size:cover;--awb-border-radius:0px 0px 5px 5px;--awb-width-large:100%;--awb-margin-top-large:0px;--awb-spacing-right-large:1.92%;--awb-margin-bottom-large:0px;--awb-spacing-left-large:1.92%;--awb-width-medium:100%;--awb-order-medium:0;--awb-spacing-right-medium:1.92%;--awb-spacing-left-medium:1.92%;--awb-width-small:100%;--awb-order-small:0;--awb-spacing-right-small:1.92%;--awb-spacing-left-small:1.92%;\" data-scroll-devices=\"small-visibility,medium-visibility,large-visibility\"><div class=\"fusion-column-wrapper fusion-column-has-shadow fusion-flex-justify-content-space-between fusion-content-layout-row\"><div class=\"fusion-title title fusion-title-153 fusion-sep-none fusion-title-text fusion-title-size-div\" style=\"--awb-text-color:var(--awb-color4);--awb-margin-top:0px;--awb-font-size:12px;\"><div class=\"fusion-title-heading title-heading-left title-heading-tag\" style=\"font-family:&quot;SSP-Semibold-600&quot;;font-style:normal;font-weight:400;margin:0;text-transform:uppercase;font-size:1em;line-height:1;\">Museen<\/div><\/div><div class=\"fusion-text fusion-text-154\" style=\"--awb-margin-top:-3px;\">\n<\/div><div class=\"fusion-text fusion-text-155\">\n<\/div><\/div><\/div><\/div><div class=\"fusion-title title fusion-title-154 fusion-sep-none fusion-title-center fusion-title-text fusion-title-size-three postcard_smjestaj_naziv\" style=\"--awb-text-color:var(--awb-custom_color_7);--awb-margin-top:0px;--awb-margin-right:30px;--awb-margin-bottom:0px;--awb-margin-left:30px;--awb-margin-top-small:4px;--awb-margin-bottom-small:16px;--awb-font-size:22px;\"><h3 class=\"fusion-title-heading title-heading-center\" style=\"margin:0;font-size:1em;line-height:1.1em;\">Peek&#038;Poke &#8211; Museum der Kindheit<\/h3><\/div><div style=\"text-align:center;\"><a class=\"fusion-button button-flat fusion-button-default-size button-custom fusion-button-default button-77 fusion-button-default-span fusion-button-default-type botun_plaze\" style=\"--button_accent_color:var(--awb-color1);--button_accent_hover_color:var(--awb-color1);--button_border_hover_color:var(--awb-color1);--button_gradient_top_color:var(--awb-custom_color_7);--button_gradient_bottom_color:var(--awb-custom_color_7);--button_gradient_top_color_hover:var(--awb-color4);--button_gradient_bottom_color_hover:var(--awb-color4);--button_text_transform:uppercase;--button_font_size:16px;--button_typography-font-family:&quot;SSP-Semibold-600&quot;;--button_typography-font-style:normal;--button_typography-font-weight:400;--button_margin-top:12px;--button_margin-bottom:20px;\" target=\"_self\" href=\"https:\/\/visitrijeka.hr\/de\/peekpoke-museum-der-kindheit\/\"><span class=\"fusion-button-text awb-button__text awb-button__text--default\">Entdecke<\/span><i class=\"fa-long-arrow-alt-right fas awb-button__icon awb-button__icon--default button-icon-right\" aria-hidden=\"true\"><\/i><\/a><\/div><\/div><\/li>\n<li class=\"fusion-layout-column fusion_builder_column fusion-builder-column-81 fusion-flex-column postcard-grad-rijeka post-card fusion-grid-column fusion-post-cards-grid-column galerien stadt id-21353\" style=\"--awb-padding-bottom:20px;--awb-overflow:hidden;--awb-bg-color:var(--awb-color1);--awb-bg-color-hover:var(--awb-color1);--awb-bg-size:cover;--awb-box-shadow:0px 32px 52px -24px hsla(var(--awb-color8-h),var(--awb-color8-s),var(--awb-color8-l),calc(var(--awb-color8-a) - 92%));;--awb-border-radius:16px 16px 16px 16px;--awb-flex-grow:0;--awb-flex-shrink:0;--awb-flex-grow-medium:0;--awb-flex-shrink-medium:0;--awb-flex-grow-small:0;--awb-flex-shrink-small:0;\"><div class=\"fusion-column-wrapper fusion-column-has-shadow fusion-flex-justify-content-flex-start fusion-content-layout-column\"><div class=\"fusion-featured-slider-tb fusion-featured-slider-tb-78\" style=\"margin-bottom:25px;\"><div class=\"fusion-slider-sc fusion-has-margin\"><div class=\"fusion-flexslider-loading flexslider flexslider-hover-type-none fusion-slider-sc-cover\" data-slideshow_autoplay=\"0\" data-slideshow_smooth_height=\"1\" data-slideshow_speed=\"7000\" style=\"max-width:600px;height:300px;\"><ul class=\"slides\"><li class=\"image\"><span class=\"lazyload fusion-image-hover-element hover-type-none\"><img decoding=\"async\" src=\"data:image\/svg+xml,%3Csvg%20xmlns%3D%27http%3A%2F%2Fwww.w3.org%2F2000%2Fsvg%27%20width%3D%271920%27%20height%3D%271281%27%20viewBox%3D%270%200%201920%201281%27%3E%3Crect%20width%3D%271920%27%20height%3D%271281%27%20fill-opacity%3D%220%22%2F%3E%3C%2Fsvg%3E\" data-orig-src=\"https:\/\/visitrijeka.hr\/wp-content\/uploads\/2023\/03\/Sakralna-zbirka-kopija.jpg\" width=\"1920\" height=\"1281\" class=\"lazyload wp-image-0\" \/><\/span><\/li><\/ul><\/div><\/div><\/div><div class=\"fusion-builder-row fusion-builder-row-inner fusion-row fusion-flex-align-items-flex-start fusion-flex-content-wrap\" style=\"width:104% !important;max-width:104% !important;margin-left: calc(-4% \/ 2 );margin-right: calc(-4% \/ 2 );\"><div class=\"fusion-layout-column fusion_builder_column_inner fusion-builder-nested-column-77 fusion_builder_column_inner_1_1 1_1 fusion-flex-column\" style=\"--awb-padding-right:30px;--awb-padding-bottom:0px;--awb-padding-left:30px;--awb-padding-top-medium:24px;--awb-padding-right-medium:24px;--awb-padding-bottom-medium:24px;--awb-padding-left-medium:24px;--awb-padding-top-small:20px;--awb-padding-bottom-small:20px;--awb-overflow:hidden;--awb-bg-color:var(--awb-color1);--awb-bg-color-hover:var(--awb-color1);--awb-bg-size:cover;--awb-border-radius:0px 0px 5px 5px;--awb-width-large:100%;--awb-margin-top-large:0px;--awb-spacing-right-large:1.92%;--awb-margin-bottom-large:0px;--awb-spacing-left-large:1.92%;--awb-width-medium:100%;--awb-order-medium:0;--awb-spacing-right-medium:1.92%;--awb-spacing-left-medium:1.92%;--awb-width-small:100%;--awb-order-small:0;--awb-spacing-right-small:1.92%;--awb-spacing-left-small:1.92%;\" data-scroll-devices=\"small-visibility,medium-visibility,large-visibility\"><div class=\"fusion-column-wrapper fusion-column-has-shadow fusion-flex-justify-content-space-between fusion-content-layout-row\"><div class=\"fusion-title title fusion-title-155 fusion-sep-none fusion-title-text fusion-title-size-div\" style=\"--awb-text-color:var(--awb-color4);--awb-margin-top:0px;--awb-font-size:12px;\"><div class=\"fusion-title-heading title-heading-left title-heading-tag\" style=\"font-family:&quot;SSP-Semibold-600&quot;;font-style:normal;font-weight:400;margin:0;text-transform:uppercase;font-size:1em;line-height:1;\">Galerien<\/div><\/div><div class=\"fusion-text fusion-text-156\" style=\"--awb-margin-top:-3px;\">\n<\/div><div class=\"fusion-text fusion-text-157\">\n<\/div><\/div><\/div><\/div><div class=\"fusion-title title fusion-title-156 fusion-sep-none fusion-title-center fusion-title-text fusion-title-size-three postcard_smjestaj_naziv\" style=\"--awb-text-color:var(--awb-custom_color_7);--awb-margin-top:0px;--awb-margin-right:30px;--awb-margin-bottom:0px;--awb-margin-left:30px;--awb-margin-top-small:4px;--awb-margin-bottom-small:16px;--awb-font-size:22px;\"><h3 class=\"fusion-title-heading title-heading-center\" style=\"margin:0;font-size:1em;line-height:1.1em;\">Sakralsammlung der Kathedrale des heiligen Vitus<\/h3><\/div><div style=\"text-align:center;\"><a class=\"fusion-button button-flat fusion-button-default-size button-custom fusion-button-default button-78 fusion-button-default-span fusion-button-default-type botun_plaze\" style=\"--button_accent_color:var(--awb-color1);--button_accent_hover_color:var(--awb-color1);--button_border_hover_color:var(--awb-color1);--button_gradient_top_color:var(--awb-custom_color_7);--button_gradient_bottom_color:var(--awb-custom_color_7);--button_gradient_top_color_hover:var(--awb-color4);--button_gradient_bottom_color_hover:var(--awb-color4);--button_text_transform:uppercase;--button_font_size:16px;--button_typography-font-family:&quot;SSP-Semibold-600&quot;;--button_typography-font-style:normal;--button_typography-font-weight:400;--button_margin-top:12px;--button_margin-bottom:20px;\" target=\"_self\" href=\"https:\/\/visitrijeka.hr\/de\/sakralsammlung-der-kathedrale-des-heiligen-vitus\/\"><span class=\"fusion-button-text awb-button__text awb-button__text--default\">Entdecke<\/span><i class=\"fa-long-arrow-alt-right fas awb-button__icon awb-button__icon--default button-icon-right\" aria-hidden=\"true\"><\/i><\/a><\/div><\/div><\/li>\n<li class=\"fusion-layout-column fusion_builder_column fusion-builder-column-82 fusion-flex-column postcard-grad-rijeka post-card fusion-grid-column fusion-post-cards-grid-column galerien stadt id-49592\" style=\"--awb-padding-bottom:20px;--awb-overflow:hidden;--awb-bg-color:var(--awb-color1);--awb-bg-color-hover:var(--awb-color1);--awb-bg-size:cover;--awb-box-shadow:0px 32px 52px -24px hsla(var(--awb-color8-h),var(--awb-color8-s),var(--awb-color8-l),calc(var(--awb-color8-a) - 92%));;--awb-border-radius:16px 16px 16px 16px;--awb-flex-grow:0;--awb-flex-shrink:0;--awb-flex-grow-medium:0;--awb-flex-shrink-medium:0;--awb-flex-grow-small:0;--awb-flex-shrink-small:0;\"><div class=\"fusion-column-wrapper fusion-column-has-shadow fusion-flex-justify-content-flex-start fusion-content-layout-column\"><div class=\"fusion-featured-slider-tb fusion-featured-slider-tb-79\" style=\"margin-bottom:25px;\"><div class=\"fusion-slider-sc fusion-has-margin\"><div class=\"fusion-flexslider-loading flexslider flexslider-hover-type-none fusion-slider-sc-cover\" data-slideshow_autoplay=\"0\" data-slideshow_smooth_height=\"1\" data-slideshow_speed=\"7000\" style=\"max-width:600px;height:300px;\"><ul class=\"slides\"><li class=\"image\"><span class=\"lazyload fusion-image-hover-element hover-type-none\"><img decoding=\"async\" src=\"data:image\/svg+xml,%3Csvg%20xmlns%3D%27http%3A%2F%2Fwww.w3.org%2F2000%2Fsvg%27%20width%3D%271080%27%20height%3D%27810%27%20viewBox%3D%270%200%201080%20810%27%3E%3Crect%20width%3D%271080%27%20height%3D%27810%27%20fill-opacity%3D%220%22%2F%3E%3C%2Fsvg%3E\" data-orig-src=\"https:\/\/visitrijeka.hr\/wp-content\/uploads\/2023\/03\/izlozbe-na-Pomorskom-fakultetu-u-Rijeci.jpeg\" width=\"1080\" height=\"810\" class=\"lazyload wp-image-0\" \/><\/span><\/li><\/ul><\/div><\/div><\/div><div class=\"fusion-builder-row fusion-builder-row-inner fusion-row fusion-flex-align-items-flex-start fusion-flex-content-wrap\" style=\"width:104% !important;max-width:104% !important;margin-left: calc(-4% \/ 2 );margin-right: calc(-4% \/ 2 );\"><div class=\"fusion-layout-column fusion_builder_column_inner fusion-builder-nested-column-78 fusion_builder_column_inner_1_1 1_1 fusion-flex-column\" style=\"--awb-padding-right:30px;--awb-padding-bottom:0px;--awb-padding-left:30px;--awb-padding-top-medium:24px;--awb-padding-right-medium:24px;--awb-padding-bottom-medium:24px;--awb-padding-left-medium:24px;--awb-padding-top-small:20px;--awb-padding-bottom-small:20px;--awb-overflow:hidden;--awb-bg-color:var(--awb-color1);--awb-bg-color-hover:var(--awb-color1);--awb-bg-size:cover;--awb-border-radius:0px 0px 5px 5px;--awb-width-large:100%;--awb-margin-top-large:0px;--awb-spacing-right-large:1.92%;--awb-margin-bottom-large:0px;--awb-spacing-left-large:1.92%;--awb-width-medium:100%;--awb-order-medium:0;--awb-spacing-right-medium:1.92%;--awb-spacing-left-medium:1.92%;--awb-width-small:100%;--awb-order-small:0;--awb-spacing-right-small:1.92%;--awb-spacing-left-small:1.92%;\" data-scroll-devices=\"small-visibility,medium-visibility,large-visibility\"><div class=\"fusion-column-wrapper fusion-column-has-shadow fusion-flex-justify-content-space-between fusion-content-layout-row\"><div class=\"fusion-title title fusion-title-157 fusion-sep-none fusion-title-text fusion-title-size-div\" style=\"--awb-text-color:var(--awb-color4);--awb-margin-top:0px;--awb-font-size:12px;\"><div class=\"fusion-title-heading title-heading-left title-heading-tag\" style=\"font-family:&quot;SSP-Semibold-600&quot;;font-style:normal;font-weight:400;margin:0;text-transform:uppercase;font-size:1em;line-height:1;\">Galerien<\/div><\/div><div class=\"fusion-text fusion-text-158\" style=\"--awb-margin-top:-3px;\">\n<\/div><div class=\"fusion-text fusion-text-159\">\n<\/div><\/div><\/div><\/div><div class=\"fusion-title title fusion-title-158 fusion-sep-none fusion-title-center fusion-title-text fusion-title-size-three postcard_smjestaj_naziv\" style=\"--awb-text-color:var(--awb-custom_color_7);--awb-margin-top:0px;--awb-margin-right:30px;--awb-margin-bottom:0px;--awb-margin-left:30px;--awb-margin-top-small:4px;--awb-margin-bottom-small:16px;--awb-font-size:22px;\"><h3 class=\"fusion-title-heading title-heading-center\" style=\"margin:0;font-size:1em;line-height:1.1em;\">Dauerausstellungen an der Maritimen Fakult\u00e4t der Universit\u00e4t von Rijeka<\/h3><\/div><div style=\"text-align:center;\"><a class=\"fusion-button button-flat fusion-button-default-size button-custom fusion-button-default button-79 fusion-button-default-span fusion-button-default-type botun_plaze\" style=\"--button_accent_color:var(--awb-color1);--button_accent_hover_color:var(--awb-color1);--button_border_hover_color:var(--awb-color1);--button_gradient_top_color:var(--awb-custom_color_7);--button_gradient_bottom_color:var(--awb-custom_color_7);--button_gradient_top_color_hover:var(--awb-color4);--button_gradient_bottom_color_hover:var(--awb-color4);--button_text_transform:uppercase;--button_font_size:16px;--button_typography-font-family:&quot;SSP-Semibold-600&quot;;--button_typography-font-style:normal;--button_typography-font-weight:400;--button_margin-top:12px;--button_margin-bottom:20px;\" target=\"_self\" href=\"https:\/\/visitrijeka.hr\/de\/dauerausstellungen-an-der-maritimen-fakultaet-der-universitaet-von-rijeka\/\"><span class=\"fusion-button-text awb-button__text awb-button__text--default\">Entdecke<\/span><i class=\"fa-long-arrow-alt-right fas awb-button__icon awb-button__icon--default button-icon-right\" aria-hidden=\"true\"><\/i><\/a><\/div><\/div><\/li>\n<\/ul><\/div><div class=\"fusion-text fusion-text-160\" style=\"--awb-font-size:12px;--awb-text-color:var(--awb-color8);--awb-margin-top:30px;--awb-text-font-family:&quot;SSP-Semibold-600&quot;;--awb-text-font-style:normal;--awb-text-font-weight:400;\">    <nav class=\"pagination-container\">\n        <button class=\"pagination-button\" id=\"prev-button\" aria-label=\"Previous page\" title=\"Previous page\">\n        &lt;\n        <\/button>\n\n        <div id=\"pagination-numbers\">\n\n        <\/div>\n\n        <button class=\"pagination-button\" id=\"next-button\" aria-label=\"Next page\" title=\"Next page\">\n        &gt;\n        <\/button>\n    <\/nav>\n    \n<\/div><\/div><\/div><\/div><\/div><div class=\"fusion-fullwidth fullwidth-box fusion-builder-row-3 fusion-flex-container has-pattern-background has-mask-background hundred-percent-fullwidth non-hundred-percent-height-scrolling\" style=\"--awb-border-radius-top-left:0px;--awb-border-radius-top-right:0px;--awb-border-radius-bottom-right:0px;--awb-border-radius-bottom-left:0px;--awb-padding-right:0px;--awb-padding-left:0px;--awb-padding-top-medium:90px;--awb-padding-bottom-medium:90px;--awb-margin-top-small:-50px;--awb-flex-wrap:wrap;\" ><div class=\"fusion-builder-row fusion-row fusion-flex-align-items-stretch fusion-flex-content-wrap\" style=\"width:104% !important;max-width:104% !important;margin-left: calc(-4% \/ 2 );margin-right: calc(-4% \/ 2 );\"><div class=\"fusion-layout-column fusion_builder_column fusion-builder-column-83 fusion_builder_column_1_1 1_1 fusion-flex-column id-30498\" style=\"--awb-bg-size:cover;--awb-width-large:100%;--awb-flex-grow:0;--awb-flex-shrink:0;--awb-margin-top-large:0px;--awb-spacing-right-large:1.92%;--awb-margin-bottom-large:0px;--awb-spacing-left-large:1.92%;--awb-width-medium:100%;--awb-order-medium:0;--awb-flex-grow-medium:0;--awb-flex-shrink-medium:0;--awb-spacing-right-medium:1.92%;--awb-spacing-left-medium:1.92%;--awb-width-small:100%;--awb-order-small:0;--awb-flex-grow-small:0;--awb-flex-shrink-small:0;--awb-spacing-right-small:1.92%;--awb-spacing-left-small:1.92%;\"><div class=\"fusion-column-wrapper fusion-column-has-shadow fusion-flex-justify-content-flex-start fusion-content-layout-column\"><div class=\"fusion-text fusion-text-161\">    <script type=\"application\/json\" id=\"data\">[{\"address\":\"\u0160etali\u0161te Ivana Gorana Kova\u010di\u0107a\",\"coordinates\":\"45.327070, 14.454859\",\"title\":\"Park Lole Ribara \u2013 Ein historischer Ort der Wasserversorgung von Su\u0161ak\",\"categories\":[\"parks\",\"stadt\"],\"tags\":null,\"capacity\":\"410\",\"url\":\"https:\\\/\\\/visitrijeka.hr\\\/de\\\/park-lole-ribara-povijesno-mjesto-susackog-vodovoda\\\/\"},{\"address\":\"\u0160etali\u0161te XIII.divizije\",\"coordinates\":\"45.31355057204466, 14.474651557903657\",\"title\":\"Park Nike Katunar\",\"categories\":[\"parks\",\"stadt\"],\"tags\":null,\"capacity\":\"410\",\"url\":\"https:\\\/\\\/visitrijeka.hr\\\/de\\\/park-nike-katunar\\\/\"},{\"address\":\"Partizanski put 9b\",\"coordinates\":\"45.332043, 14.456007\",\"title\":\"Nugents Park\",\"categories\":[\"parks\",\"stadt\"],\"tags\":null,\"capacity\":\"410\",\"url\":\"https:\\\/\\\/visitrijeka.hr\\\/de\\\/nugents-park\\\/\"},{\"address\":\"Ulica Viktora Cara Emina 1A\",\"coordinates\":\"45.330876, 14.431958\",\"title\":\"Kinderhaus\",\"categories\":[\"art-kvart\",\"das-kunstviertel\",\"sehenswurdigkeiten\",\"stadt\"],\"tags\":null,\"capacity\":\"410\",\"url\":\"https:\\\/\\\/visitrijeka.hr\\\/de\\\/kinderhaus\\\/\"},{\"address\":\"Ul. Petra Kobeka 13\",\"coordinates\":\"45.3340071, 14.4418303\",\"title\":\"Friedhof Kozala\",\"categories\":[\"sehenswurdigkeiten\",\"stadt\"],\"tags\":null,\"capacity\":\"410\",\"url\":\"https:\\\/\\\/visitrijeka.hr\\\/de\\\/friedhof-kozala\\\/\"},{\"address\":\"Trg Rije\u010dke rezolucije\",\"coordinates\":\"45.326563, 14.443035\",\"title\":\"Stadtturm\",\"categories\":[\"sehenswurdigkeiten\",\"stadt\"],\"tags\":null,\"capacity\":\"410\",\"url\":\"https:\\\/\\\/visitrijeka.hr\\\/de\\\/stadtturm\\\/\"},{\"address\":\"Kre\u0161imirova ul. 28\",\"coordinates\":\"45.330784746761545, 14.431337054569182\",\"title\":\"Stadtmuseum von Rijeka\",\"categories\":[\"das-kunstviertel\",\"museen\",\"stadt\",\"winter-pass-de\"],\"tags\":null,\"capacity\":\"410\",\"url\":\"https:\\\/\\\/visitrijeka.hr\\\/de\\\/stadtmuseum-von-rijeka\\\/\"},{\"address\":\"Trg Riccarda Zanelle 2\",\"coordinates\":\"45.329925, 14.442059\",\"title\":\"Stadtmuseum von Rijeka \u2013 Geb\u00e4ude \u201eKockica\u201c\",\"categories\":[\"museen\",\"stadt\",\"winter-pass-de\"],\"tags\":null,\"capacity\":\"410\",\"url\":\"https:\\\/\\\/visitrijeka.hr\\\/de\\\/stadtmuseum-von-rijeka-gebaeude-kockica\\\/\"},{\"address\":\"Kre\u0161imirova 26c\",\"coordinates\":\"45.330670177135, 14.431773195069182\",\"title\":\"Museum der modernen und zeitgen\u00f6ssischen Kunst\",\"categories\":[\"das-kunstviertel\",\"museen\",\"stadt\",\"winter-pass-de\"],\"tags\":null,\"capacity\":\"410\",\"url\":\"https:\\\/\\\/visitrijeka.hr\\\/de\\\/museum-der-modernen-und-zeitgenoessischen-kunst\\\/\"},{\"address\":\"Lorenzov prolaz 1\",\"coordinates\":\"45.3296226, 14.444076190691078\",\"title\":\"Naturkundemuseum von Rijeka\",\"categories\":[\"museen\",\"stadt\",\"winter-pass-de\"],\"tags\":null,\"capacity\":\"410\",\"url\":\"https:\\\/\\\/visitrijeka.hr\\\/de\\\/naturkundemuseum-von-rijeka\\\/\"},{\"address\":\"Trg Ricarda Zanelle 1\",\"coordinates\":\"45.3295925787171, 14.442712798473105\",\"title\":\"See- und Geschichtsmuseum des Kroatischen K\u00fcstenlandes in Rijeka\",\"categories\":[\"museen\",\"stadt\"],\"tags\":null,\"capacity\":\"410\",\"url\":\"https:\\\/\\\/visitrijeka.hr\\\/de\\\/see-und-geschichtsmuseum-des-kroatischen-kuestenlandes-in-rijeka\\\/\"},{\"address\":\"U\u017earska 11\",\"coordinates\":\"45.32657248847367, 14.445016925303234\",\"title\":\"JGL Pharmazie-Museum\",\"categories\":[\"museen\",\"stadt\",\"winter-pass-de\"],\"tags\":null,\"capacity\":\"410\",\"url\":\"https:\\\/\\\/visitrijeka.hr\\\/de\\\/jgl-pharmazie-museum\\\/\"},{\"address\":\"Partizanski put 9a\",\"coordinates\":\"45.332343, 14.455417\",\"title\":\"Kastell von Trsat\",\"categories\":[\"architektur\",\"winter-pass-de\"],\"tags\":null,\"capacity\":\"410\",\"url\":\"https:\\\/\\\/visitrijeka.hr\\\/de\\\/kastell-von-trsat\\\/\"},{\"address\":\"Ivana Grohovca 2\",\"coordinates\":\"45.328040, 14.445342\",\"title\":\"Peek&#038;Poke &#8211; Museum der Kindheit\",\"categories\":[\"museen\",\"stadt\",\"winter-pass-de\"],\"tags\":null,\"capacity\":\"410\",\"url\":\"https:\\\/\\\/visitrijeka.hr\\\/de\\\/peekpoke-museum-der-kindheit\\\/\"},{\"address\":\"Ivana Grohovca 2\",\"coordinates\":\"45.32816751845757, 14.445309036081374\",\"title\":\"Peek&#038;Poke \u2212 Museum der Informatik\",\"categories\":[\"museen\",\"stadt\",\"winter-pass-de\"],\"tags\":null,\"capacity\":\"410\",\"url\":\"https:\\\/\\\/visitrijeka.hr\\\/de\\\/peekpoke-%e2%88%92-museum-der-informatik\\\/\"},{\"address\":\"Adami\u0107eva ul. 9E\",\"coordinates\":\"45.325801, 14.442869\",\"title\":\"Serbische orthodoxe Kirche, Tempel des heiligen Nikolaj\",\"categories\":[\"sakrale-objekte\",\"stadt\"],\"tags\":null,\"capacity\":\"410\",\"url\":\"https:\\\/\\\/visitrijeka.hr\\\/de\\\/serbische-orthodoxe-kirche-tempel-des-heiligen-nikolaj\\\/\"},{\"address\":\"Ul. Pavla Rittera Vitezovi\u0107a 3\",\"coordinates\":\"45.32653632645479, 14.44580169398283\",\"title\":\"Kirche der Himmelfahrt der Jungfrau Maria und Schiefer Turm\",\"categories\":[\"sakrale-objekte\",\"stadt\"],\"tags\":null,\"capacity\":\"410\",\"url\":\"https:\\\/\\\/visitrijeka.hr\\\/de\\\/kirche-der-himmelfahrt-der-jungfrau-maria-und-schiefer-turm\\\/\"},{\"address\":\"Ul. Marka Maruli\u0107a 14\",\"coordinates\":\"45.32755783541587, 14.44338977525193\",\"title\":\"Kirche der Heiligen Fabian und Sebastian\",\"categories\":[\"sakrale-objekte\",\"stadt\"],\"tags\":null,\"capacity\":\"410\",\"url\":\"https:\\\/\\\/visitrijeka.hr\\\/de\\\/kirche-der-heiligen-fabian-und-sebastian\\\/\"},{\"address\":\"Kapucinske stube 5\",\"coordinates\":\"45.32878295826798, 14.43702245329475\",\"title\":\"Kirche der Muttergottes von Lourdes und das Kapuzinerkloster\",\"categories\":[\"sakrale-objekte\",\"stadt\"],\"tags\":null,\"capacity\":\"410\",\"url\":\"https:\\\/\\\/visitrijeka.hr\\\/de\\\/kirche-der-muttergottes-von-lourdes-und-das-kapuzinerkloster\\\/\"},{\"address\":\"Trg Rije\u010dke rezolucije 1\",\"coordinates\":\"45.327323, 14.442100\",\"title\":\"Kirche des heiligen Hieronymus und Dominikanerkloster\",\"categories\":[\"sakrale-objekte\",\"stadt\"],\"tags\":null,\"capacity\":\"410\",\"url\":\"https:\\\/\\\/visitrijeka.hr\\\/de\\\/kirche-des-heiligen-hieronymus-und-dominikanerkloster\\\/\"},{\"address\":\"Ul. Petra Zrinskog 11\",\"coordinates\":\"45.33192668317119, 14.4553177843518\",\"title\":\"Kirche des heiligen M\u00e4rtyrers Georg\",\"categories\":[\"sakrale-objekte\",\"stadt\"],\"tags\":null,\"capacity\":\"410\",\"url\":\"https:\\\/\\\/visitrijeka.hr\\\/de\\\/kirche-des-heiligen-maertyrers-georg\\\/\"},{\"address\":\"Ul. Ante Mandi\u0107a 50\",\"coordinates\":\"45.345886899999996, 14.397473984550977\",\"title\":\"Islamisches Zentrum Rijeka und die Moschee\",\"categories\":[\"sakrale-objekte\",\"stadt\"],\"tags\":null,\"capacity\":\"410\",\"url\":\"https:\\\/\\\/visitrijeka.hr\\\/de\\\/islamisches-zentrum-rijeka-und-die-moschee\\\/\"},{\"address\":\"Frankopanski trg\",\"coordinates\":\"45.331000, 14.457713\",\"title\":\"Schrein der Muttergottes von Trsat und Franziskanerkloster von Trsat\",\"categories\":[\"sakrale-objekte\",\"stadt\"],\"tags\":null,\"capacity\":\"410\",\"url\":\"https:\\\/\\\/visitrijeka.hr\\\/de\\\/schrein-der-muttergottes-von-trsat-und-franziskanerkloster-von-trsat\\\/\"},{\"address\":\"Ul. Ivana Filipovi\u0107a 9\",\"coordinates\":\"45.33111884288596, 14.434197703983056\",\"title\":\"Die Synagoge\",\"categories\":[\"sakrale-objekte\",\"stadt\"],\"tags\":null,\"capacity\":\"410\",\"url\":\"https:\\\/\\\/visitrijeka.hr\\\/de\\\/die-synagoge\\\/\"},{\"address\":\"Grivica ulica 11\",\"coordinates\":\"45.3278011, 14.444429991402245\",\"title\":\"Kathedrale des heiligen Vitus\",\"categories\":[\"sakrale-objekte\",\"stadt\"],\"tags\":null,\"capacity\":\"410\",\"url\":\"https:\\\/\\\/visitrijeka.hr\\\/de\\\/kathedrale-des-heiligen-vitus\\\/\"},{\"address\":\"Perivoj Gospe Trsatske\",\"coordinates\":\"45.330302, 14.457729\",\"title\":\"Parkanlage der Muttergottes von Trsat\",\"categories\":[\"parks\",\"stadt\"],\"tags\":null,\"capacity\":\"410\",\"url\":\"https:\\\/\\\/visitrijeka.hr\\\/de\\\/parkanlage-der-muttergottes-von-trsat\\\/\"},{\"address\":\"Ul. Ivana Zajca 12\",\"coordinates\":\"45.324662, 14.443932\",\"title\":\"Theaterpark\",\"categories\":[\"parks\",\"stadt\"],\"tags\":null,\"capacity\":\"410\",\"url\":\"https:\\\/\\\/visitrijeka.hr\\\/de\\\/theaterpark\\\/\"},{\"address\":\"Park Nikole Hosta\",\"coordinates\":\"45.329065, 14.443977\",\"title\":\"Nikola-Host-Park\",\"categories\":[\"parks\",\"stadt\"],\"tags\":null,\"capacity\":\"410\",\"url\":\"https:\\\/\\\/visitrijeka.hr\\\/de\\\/nikola-host-park\\\/\"},{\"address\":\"Park narodnog heroja\",\"coordinates\":\"45.32731619481338, 14.459621815946893\",\"title\":\"Park de Nationalhelden\",\"categories\":[\"parks\",\"stadt\"],\"tags\":null,\"capacity\":\"410\",\"url\":\"https:\\\/\\\/visitrijeka.hr\\\/de\\\/park-de-nationalhelden\\\/\"},{\"address\":\"Kre\u0161imirova ul. 60\",\"coordinates\":\"45.335194, 14.424405\",\"title\":\"Park Mlaka\",\"categories\":[\"parks\",\"stadt\"],\"tags\":null,\"capacity\":\"410\",\"url\":\"https:\\\/\\\/visitrijeka.hr\\\/de\\\/park-mlaka\\\/\"},{\"address\":\"Ul. Milana Butkovi\u0107a 2\",\"coordinates\":\"45.331366, 14.430456\",\"title\":\"Park des Vinko Fran\u010di\u0161kovi\u0107\",\"categories\":[\"parks\",\"stadt\"],\"tags\":null,\"capacity\":\"410\",\"url\":\"https:\\\/\\\/visitrijeka.hr\\\/de\\\/park-des-vinko-franciskovic\\\/\"},{\"address\":\"Ul. Jo\u017ee Vlahovi\u0107a\",\"coordinates\":\"45.33975952347156, 14.398201405961341\",\"title\":\"Park Jo\u017ee Vlahovi\u0107a &#8211; Skate park\",\"categories\":[\"parks\",\"stadt\"],\"tags\":null,\"capacity\":\"410\",\"url\":\"https:\\\/\\\/visitrijeka.hr\\\/de\\\/skate-park\\\/\"},{\"address\":\"Trpimirova ul. 6\",\"coordinates\":\"45.328170679674734, 14.437674018269794\",\"title\":\"Palast Ploech\",\"categories\":[\"architektur\"],\"tags\":null,\"capacity\":\"410\",\"url\":\"https:\\\/\\\/visitrijeka.hr\\\/de\\\/palast-ploech\\\/\"},{\"address\":\"Ba\u010dvarska ul.\",\"coordinates\":\"45.325437, 14.443696\",\"title\":\"Palast Modello\",\"categories\":[\"architektur\"],\"tags\":null,\"capacity\":\"410\",\"url\":\"https:\\\/\\\/visitrijeka.hr\\\/de\\\/palast-modello\\\/\"},{\"address\":\"Kru\u017ena 6\",\"coordinates\":\"45.32794887169094, 14.43957358157439\",\"title\":\"Galerie SKC\",\"categories\":[\"galerien\",\"stadt\"],\"tags\":null,\"capacity\":0,\"url\":\"https:\\\/\\\/visitrijeka.hr\\\/de\\\/galerie-skc\\\/\"},{\"address\":\"Pod voltun 4\",\"coordinates\":\"45.327583, 14.443848\",\"title\":\"Galerija Principij\",\"categories\":[\"galerien\",\"stadt\"],\"tags\":null,\"capacity\":0,\"url\":\"https:\\\/\\\/visitrijeka.hr\\\/de\\\/galerija-principij\\\/\"},{\"address\":\"Verdijeva 19b\",\"coordinates\":\"45.324868, 14.442253\",\"title\":\"Juraj-Klovi\u0107-Galerie\",\"categories\":[\"galerien\",\"stadt\"],\"tags\":null,\"capacity\":\"410\",\"url\":\"https:\\\/\\\/visitrijeka.hr\\\/de\\\/galerija-juraj-klovic\\\/\"},{\"address\":\"Strossmayerova 1\",\"coordinates\":\"45.324909, 14.452957\",\"title\":\"Die Galerie Kortil\",\"categories\":[\"galerien\",\"stadt\"],\"tags\":null,\"capacity\":\"410\",\"url\":\"https:\\\/\\\/visitrijeka.hr\\\/de\\\/die-galerie-kortil\\\/\"},{\"address\":\"Studentska ulica 2\",\"coordinates\":\"45.330517, 14.435697\",\"title\":\"Dauerausstellungen an der Maritimen Fakult\u00e4t der Universit\u00e4t von Rijeka\",\"categories\":[\"galerien\",\"stadt\"],\"tags\":null,\"capacity\":\"410\",\"url\":\"https:\\\/\\\/visitrijeka.hr\\\/de\\\/dauerausstellungen-an-der-maritimen-fakultaet-der-universitaet-von-rijeka\\\/\"},{\"address\":\"Dolac 1\",\"coordinates\":\"45.3278912, 14.4407579\",\"title\":\"Universit\u00e4tsbibliothek Rijeka \u2212 Ausstellung \u201eGlagolitische Schrift\u201c\",\"categories\":[\"galerien\",\"stadt\"],\"tags\":null,\"capacity\":\"410\",\"url\":\"https:\\\/\\\/visitrijeka.hr\\\/de\\\/universitaetsbibliothek-rijeka-%e2%88%92-ausstellung-glagolitische-schrift\\\/\"},{\"address\":\"Korzo 28\\\/I\",\"title\":\"Galerie Filodrammatica\",\"categories\":[\"galerien\",\"stadt\"],\"tags\":null,\"capacity\":\"410\",\"url\":\"https:\\\/\\\/visitrijeka.hr\\\/de\\\/galerie-filodrammatica\\\/\"},{\"address\":\"Frankopanski trg 12\",\"coordinates\":\"45.330977, 14.457707\",\"title\":\"Schatzkammer und Galerie der Kirche der Muttergottes von Trsat\",\"categories\":[\"galerien\",\"stadt\"],\"tags\":null,\"capacity\":\"410\",\"url\":\"https:\\\/\\\/visitrijeka.hr\\\/de\\\/schatzkammer-und-galerie-der-kirche-der-muttergottes-von-trsat\\\/\"},{\"address\":\"U\u017earska 25\",\"coordinates\":\"45.326704, 14.444109\",\"title\":\"Galerie \u201eMala galerija Bruketa\u201c\",\"categories\":[\"galerien\",\"stadt\"],\"tags\":null,\"capacity\":\"410\",\"url\":\"https:\\\/\\\/visitrijeka.hr\\\/de\\\/galerie-mala-galerija-bruketa\\\/\"},{\"address\":\"Pe\u0107ine 5\",\"coordinates\":\"45.312627, 14.472631\",\"title\":\"Memorial Sammlung und Bibliothek Ma\u017eurani\u0107-Brli\u0107-Ru\u017ei\u0107, Villa Ru\u017ei\u0107\",\"categories\":[\"galerien\",\"stadt\"],\"tags\":null,\"capacity\":\"410\",\"url\":\"https:\\\/\\\/visitrijeka.hr\\\/de\\\/memorial-sammlung-und-bibliothek-mazuranic-brlic-ruzic-villa-ruzic\\\/\"},{\"address\":\"Grivica 11\",\"coordinates\":\"45.327927071731686, 14.444608487111863\",\"title\":\"Sakralsammlung der Kathedrale des heiligen Vitus\",\"categories\":[\"galerien\",\"stadt\"],\"tags\":null,\"capacity\":\"410\",\"url\":\"https:\\\/\\\/visitrijeka.hr\\\/de\\\/sakralsammlung-der-kathedrale-des-heiligen-vitus\\\/\"},{\"address\":\"Korzo 7\",\"coordinates\":\"45.325954, 14.443250\",\"title\":\"Ehemaliges Hotel Royal\",\"categories\":[\"architektur\"],\"tags\":null,\"capacity\":\"410\",\"url\":\"https:\\\/\\\/visitrijeka.hr\\\/de\\\/ehemaliges-hotel-royal\\\/\"},{\"address\":\"Korzo 16\",\"coordinates\":\"45.3269778, 14.442383544913929\",\"title\":\"Rathaus der Stadt\",\"categories\":[\"architektur\"],\"tags\":null,\"capacity\":\"410\",\"url\":\"https:\\\/\\\/visitrijeka.hr\\\/de\\\/rathaus-der-stadt\\\/\"},{\"address\":\"Korzo 38\",\"coordinates\":\"45.327666, 14.439833\",\"title\":\"Kino-Theater Corso\",\"categories\":[\"architektur\"],\"tags\":null,\"capacity\":\"410\",\"url\":\"https:\\\/\\\/visitrijeka.hr\\\/de\\\/kino-theater-corso\\\/\"},{\"address\":\"Zagreba\u010dka ul. 1\",\"coordinates\":\"45.323480, 14.444270\",\"title\":\"Casa rossa\",\"categories\":[\"architektur\"],\"tags\":null,\"capacity\":\"410\",\"url\":\"https:\\\/\\\/visitrijeka.hr\\\/de\\\/casa-rossa\\\/\"},{\"address\":\"Park Nikole Hosta 2\",\"coordinates\":\"45.329075, 14.444430\",\"title\":\"Staatsarchiv von Rijeka\",\"categories\":[\"architektur\"],\"tags\":null,\"capacity\":\"410\",\"url\":\"https:\\\/\\\/visitrijeka.hr\\\/de\\\/staatsarchiv-von-rijeka\\\/\"},{\"address\":\"Kre\u0161imirova ulica\",\"coordinates\":\"45.330838, 14.429410\",\"title\":\"Lazarett\",\"categories\":[\"architektur\"],\"tags\":null,\"capacity\":\"410\",\"url\":\"https:\\\/\\\/visitrijeka.hr\\\/de\\\/lazarett\\\/\"},{\"address\":\"Dolac 7\",\"coordinates\":\"45.328187, 14.440091\",\"title\":\"Haus Veneziana und Dolac-Stra\u00dfe\",\"categories\":[\"architektur\"],\"tags\":null,\"capacity\":\"410\",\"url\":\"https:\\\/\\\/visitrijeka.hr\\\/de\\\/haus-veneziana-und-dolac-strasse\\\/\"},{\"address\":\"Verdijeva ul. 19A\",\"coordinates\":\"45.324870, 14.442239\",\"title\":\"Palast Braun-Biro\",\"categories\":[\"architektur\"],\"tags\":null,\"capacity\":\"410\",\"url\":\"https:\\\/\\\/visitrijeka.hr\\\/de\\\/palast-braun-biro\\\/\"},{\"address\":\"Ul. Strossmayerova 11A\",\"coordinates\":\"45.325156, 14.452346\",\"title\":\"Wolkenkratzer von Su\u0161ak\",\"categories\":[\"architektur\"],\"tags\":null,\"capacity\":\"410\",\"url\":\"https:\\\/\\\/visitrijeka.hr\\\/de\\\/wolkenkratzer-von-susak\\\/\"},{\"address\":\"Trpimirova 2\",\"coordinates\":\"45.327985, 14.438366\",\"title\":\"Wolkenkratzer von Rijeka\",\"categories\":[\"architektur\",\"stadt\"],\"tags\":null,\"capacity\":\"410\",\"url\":\"https:\\\/\\\/visitrijeka.hr\\\/de\\\/wolkenkratzer-von-rijeka\\\/\"},{\"address\":\"Korzo 29\",\"coordinates\":\"45.327261, 14.440582\",\"title\":\"Haus Linden\",\"categories\":[\"architektur\"],\"tags\":null,\"capacity\":\"410\",\"url\":\"https:\\\/\\\/visitrijeka.hr\\\/de\\\/haus-linden\\\/\"},{\"address\":\"Trg Ivana Koblera\",\"coordinates\":\"45.327087, 14.443709\",\"title\":\"Altes Rathaus der Stadt\",\"categories\":[\"architektur\"],\"tags\":null,\"capacity\":\"410\",\"url\":\"https:\\\/\\\/visitrijeka.hr\\\/de\\\/altes-rathaus-der-stadt\\\/\"},{\"address\":\"Verdijeva ul. 13\",\"coordinates\":\"45.324685, 14.442727\",\"title\":\"T\u00fcrkisches Haus\",\"categories\":[\"architektur\"],\"tags\":null,\"capacity\":\"410\",\"url\":\"https:\\\/\\\/visitrijeka.hr\\\/de\\\/tuerkisches-haus\\\/\"},{\"address\":\"Korzo 23\",\"coordinates\":\"45.326810, 14.441746\",\"title\":\"H\u00e4user Schittar und Milcenich-Cerniak\",\"categories\":[\"architektur\"],\"tags\":null,\"capacity\":\"410\",\"url\":\"https:\\\/\\\/visitrijeka.hr\\\/de\\\/haeuser-schittar-und-milcenich-cerniak\\\/\"},{\"address\":\"Trg Riccarda Zanelle 1\",\"coordinates\":\"45.329650, 14.442601\",\"title\":\"Ehemaliger Gouverneurspalast \u2212 See und Geschichtsmuseum des Kroatischen K\u00fcstenlandes in Rijeka\",\"categories\":[\"architektur\"],\"tags\":null,\"capacity\":\"410\",\"url\":\"https:\\\/\\\/visitrijeka.hr\\\/de\\\/ehemaliger-gouverneurspalast-%e2%88%92-see-und-geschichtsmuseum-des-kroatischen-kuestenlandes-in-rijeka\\\/\"},{\"address\":\"Jadranski trg\",\"coordinates\":\"45.327508, 14.438685\",\"title\":\"Palast Adria\",\"categories\":[\"architektur\"],\"tags\":null,\"capacity\":\"410\",\"url\":\"https:\\\/\\\/visitrijeka.hr\\\/de\\\/palast-adria\\\/\"},{\"address\":\"Ul. Stara Vrata\",\"coordinates\":\"45.327410, 14.443470\",\"title\":\"Die Principia Tarsatica\",\"categories\":[\"sehenswurdigkeiten\",\"stadt\"],\"tags\":null,\"capacity\":\"410\",\"url\":\"https:\\\/\\\/visitrijeka.hr\\\/de\\\/die-principia-tarsatica\\\/\"},{\"address\":\"Trg Ivana Koblera\",\"coordinates\":\"45.326863599999996, 14.443306196397415\",\"title\":\"Ivan-Kobler-Platz\",\"categories\":[\"sehenswurdigkeiten\",\"stadt\"],\"tags\":null,\"capacity\":\"410\",\"url\":\"https:\\\/\\\/visitrijeka.hr\\\/de\\\/ivan-kobler-platz\\\/\"},{\"address\":\"Stube Petra Kru\u017ei\u0107a\",\"coordinates\":\"45.327876, 14.449111\",\"title\":\"Stufen des Petar Kru\u017ei\u0107\",\"categories\":[\"sehenswurdigkeiten\",\"stadt\"],\"tags\":null,\"capacity\":\"410\",\"url\":\"https:\\\/\\\/visitrijeka.hr\\\/de\\\/stufen-des-petar-kruzic\\\/\"},{\"address\":\"Ul. Stara Vrata 3\",\"coordinates\":\"45.327212, 14.443626\",\"title\":\"Alte Tor oder r\u00f6mische Bogen\",\"categories\":[\"sehenswurdigkeiten\",\"stadt\"],\"tags\":null,\"capacity\":\"410\",\"url\":\"https:\\\/\\\/visitrijeka.hr\\\/de\\\/alte-tor-oder-roemische-bogen\\\/\"},{\"address\":\"Ul. \u017drtava fa\u0161izma 7\",\"coordinates\":\"45.3282703, 14.443954487173105\",\"title\":\"Gerichtspalast\",\"categories\":[\"sehenswurdigkeiten\",\"stadt\"],\"tags\":null,\"capacity\":\"410\",\"url\":\"https:\\\/\\\/visitrijeka.hr\\\/de\\\/gerichtspalast\\\/\"},{\"address\":\"Trg Rije\u010dke rezolucije\",\"coordinates\":\"45.3275426, 14.4417267\",\"title\":\"Stendarac\",\"categories\":[\"sehenswurdigkeiten\",\"stadt\"],\"tags\":null,\"capacity\":\"410\",\"url\":\"https:\\\/\\\/visitrijeka.hr\\\/de\\\/stendarac\\\/\"},{\"address\":\"Ul. Milutina Bara\u010da 56a\",\"coordinates\":\"45.334134, 14.403511\",\"title\":\"Torpedo-Abschussstation\",\"categories\":[\"sehenswurdigkeiten\",\"stadt\"],\"tags\":null,\"capacity\":\"410\",\"url\":\"https:\\\/\\\/visitrijeka.hr\\\/de\\\/torpedo-abschussstation\\\/\"},{\"address\":\"Trg kralja Tomislava 1\",\"coordinates\":\"45.3302173, 14.430318137660425\",\"title\":\"Bahnhof\",\"categories\":[\"sehenswurdigkeiten\",\"stadt\"],\"tags\":null,\"capacity\":\"410\",\"url\":\"https:\\\/\\\/visitrijeka.hr\\\/de\\\/bahnhof\\\/\"},{\"address\":\"Porti\u0107 3\",\"coordinates\":\"45.339117, 14.380843\",\"title\":\"Stadium Kantrida\",\"categories\":[\"sehenswurdigkeiten\",\"stadt\"],\"tags\":null,\"capacity\":\"410\",\"url\":\"https:\\\/\\\/visitrijeka.hr\\\/de\\\/stadium-kantrida\\\/\"},{\"address\":\"Fiumara ul.\",\"coordinates\":\"45.326150, 14.446989\",\"title\":\"Mrtvi kanal (Toter Kanal) und Palast Adami\u0107\",\"categories\":[\"sehenswurdigkeiten\",\"stadt\"],\"tags\":null,\"capacity\":\"410\",\"url\":\"https:\\\/\\\/visitrijeka.hr\\\/de\\\/mrtvi-kanal-toter-kanal-und-palast-adamic\\\/\"},{\"address\":\"Dolac 13\",\"coordinates\":\"45.32901455, 14.43871776145286\",\"title\":\"Teatro Fenice\",\"categories\":[\"sehenswurdigkeiten\",\"stadt\"],\"tags\":null,\"capacity\":\"410\",\"url\":\"https:\\\/\\\/visitrijeka.hr\\\/de\\\/teatro-fenice\\\/\"},{\"address\":\"U\u017earska ulica\",\"coordinates\":\"45.3268314, 14.4439941\",\"title\":\"Die Altstadt\",\"categories\":[\"sehenswurdigkeiten\",\"stadt\"],\"tags\":null,\"capacity\":\"410\",\"url\":\"https:\\\/\\\/visitrijeka.hr\\\/de\\\/die-altstadt\\\/\"},{\"address\":\"Lukobran\",\"coordinates\":\"45.32439, 14.43157\",\"title\":\"Hafendamm\",\"categories\":[\"sehenswurdigkeiten\",\"stadt\"],\"tags\":null,\"capacity\":\"410\",\"url\":\"https:\\\/\\\/visitrijeka.hr\\\/de\\\/hafendamm\\\/\"},{\"address\":\"Grivica ulica\",\"coordinates\":\"45.327874, 14.444194\",\"title\":\"Die Kriegsgeschichte von Rijeka f\u00fchrt die Touristen &#8211; unter die Stadt\",\"categories\":[\"sehenswurdigkeiten\",\"stadt\"],\"tags\":null,\"capacity\":\"410\",\"url\":\"https:\\\/\\\/visitrijeka.hr\\\/de\\\/die-kriegsgeschichte-von-rijeka-fuehrt-die-touristen-unter-die-stadt\\\/\"},{\"address\":\"Trninina ul. 3\",\"coordinates\":\"45.3241862, 14.4429394\",\"title\":\"Marktplatz der Stadt\",\"categories\":[\"sehenswurdigkeiten\",\"stadt\"],\"tags\":null,\"capacity\":\"410\",\"url\":\"https:\\\/\\\/visitrijeka.hr\\\/de\\\/marktplatz-der-stadt-2\\\/\"},{\"address\":\"Korzo\",\"coordinates\":\"45.3271164, 14.4417723\",\"title\":\"Korzo\",\"categories\":[\"sehenswurdigkeiten\",\"stadt\"],\"tags\":null,\"capacity\":\"410\",\"url\":\"https:\\\/\\\/visitrijeka.hr\\\/de\\\/korzo\\\/\"},{\"address\":\"Sveti kri\u017e 33\",\"coordinates\":\"45.3249346, 14.483096199679864\",\"title\":\"Astronomisches Zentrum Rijeka\",\"categories\":[\"sehenswurdigkeiten\",\"stadt\",\"winter-pass-de\"],\"tags\":null,\"capacity\":\"410\",\"url\":\"https:\\\/\\\/visitrijeka.hr\\\/de\\\/astronomisches-zentrum-rijeka\\\/\"},{\"address\":\"Trsat\",\"coordinates\":\"45.332486, 14.455342\",\"title\":\"Trsat\",\"categories\":[\"sehenswurdigkeiten\",\"stadt\"],\"tags\":null,\"capacity\":\"410\",\"url\":\"https:\\\/\\\/visitrijeka.hr\\\/de\\\/trsat\\\/\"}]<\/script>\n            <div id=\"map\"><\/div>\n    \n<\/div><\/div><\/div><\/div><\/div><\/p>\n","protected":false},"excerpt":{"rendered":"","protected":false},"author":1,"featured_media":19452,"parent":0,"menu_order":0,"comment_status":"closed","ping_status":"closed","template":"100-width.php","meta":{"_acf_changed":false,"inline_featured_image":false,"footnotes":""},"class_list":["post-30498","page","type-page","status-publish","has-post-thumbnail","hentry"],"acf":[],"yoast_head":"<!-- This site is optimized with the Yoast SEO plugin v26.3 - https:\/\/yoast.com\/wordpress\/plugins\/seo\/ -->\n<title>Stadt - Visit Rijeka<\/title>\n<meta name=\"robots\" content=\"index, follow, max-snippet:-1, max-image-preview:large, max-video-preview:-1\" \/>\n<link rel=\"canonical\" href=\"https:\/\/visitrijeka.hr\/de\/stadt\/\" \/>\n<meta property=\"og:locale\" content=\"de_DE\" \/>\n<meta property=\"og:type\" content=\"article\" \/>\n<meta property=\"og:title\" content=\"Stadt - Visit Rijeka\" \/>\n<meta property=\"og:url\" content=\"https:\/\/visitrijeka.hr\/de\/stadt\/\" \/>\n<meta property=\"og:site_name\" content=\"Visit Rijeka\" \/>\n<meta property=\"article:publisher\" content=\"https:\/\/www.facebook.com\/VisitRijeka\" \/>\n<meta property=\"article:modified_time\" content=\"2023-06-11T06:37:18+00:00\" \/>\n<meta property=\"og:image\" content=\"https:\/\/visitrijeka.hr\/wp-content\/uploads\/2023\/05\/Grad-rijekaa.jpg\" \/>\n\t<meta property=\"og:image:width\" content=\"1920\" \/>\n\t<meta property=\"og:image:height\" content=\"787\" \/>\n\t<meta property=\"og:image:type\" content=\"image\/jpeg\" \/>\n<meta name=\"twitter:card\" content=\"summary_large_image\" \/>\n<meta name=\"twitter:label1\" content=\"Gesch\u00e4tzte Lesezeit\" \/>\n\t<meta name=\"twitter:data1\" content=\"17\u00a0Minuten\" \/>\n<script type=\"application\/ld+json\" class=\"yoast-schema-graph\">{\"@context\":\"https:\/\/schema.org\",\"@graph\":[{\"@type\":\"WebPage\",\"@id\":\"https:\/\/visitrijeka.hr\/de\/stadt\/\",\"url\":\"https:\/\/visitrijeka.hr\/de\/stadt\/\",\"name\":\"Stadt - Visit Rijeka\",\"isPartOf\":{\"@id\":\"https:\/\/visitrijeka.hr\/de\/#website\"},\"primaryImageOfPage\":{\"@id\":\"https:\/\/visitrijeka.hr\/de\/stadt\/#primaryimage\"},\"image\":{\"@id\":\"https:\/\/visitrijeka.hr\/de\/stadt\/#primaryimage\"},\"thumbnailUrl\":\"https:\/\/visitrijeka.hr\/wp-content\/uploads\/2023\/05\/Grad-rijekaa.jpg\",\"datePublished\":\"2023-06-11T06:20:18+00:00\",\"dateModified\":\"2023-06-11T06:37:18+00:00\",\"breadcrumb\":{\"@id\":\"https:\/\/visitrijeka.hr\/de\/stadt\/#breadcrumb\"},\"inLanguage\":\"de\",\"potentialAction\":[{\"@type\":\"ReadAction\",\"target\":[\"https:\/\/visitrijeka.hr\/de\/stadt\/\"]}]},{\"@type\":\"ImageObject\",\"inLanguage\":\"de\",\"@id\":\"https:\/\/visitrijeka.hr\/de\/stadt\/#primaryimage\",\"url\":\"https:\/\/visitrijeka.hr\/wp-content\/uploads\/2023\/05\/Grad-rijekaa.jpg\",\"contentUrl\":\"https:\/\/visitrijeka.hr\/wp-content\/uploads\/2023\/05\/Grad-rijekaa.jpg\",\"width\":1920,\"height\":787,\"caption\":\"Grad Rijeka - ociscena slika\"},{\"@type\":\"WebSite\",\"@id\":\"https:\/\/visitrijeka.hr\/de\/#website\",\"url\":\"https:\/\/visitrijeka.hr\/de\/\",\"name\":\"Visit Rijeka\",\"description\":\"Grad koji te\u010de....\",\"publisher\":{\"@id\":\"https:\/\/visitrijeka.hr\/de\/#organization\"},\"potentialAction\":[{\"@type\":\"SearchAction\",\"target\":{\"@type\":\"EntryPoint\",\"urlTemplate\":\"https:\/\/visitrijeka.hr\/de\/?s={search_term_string}\"},\"query-input\":{\"@type\":\"PropertyValueSpecification\",\"valueRequired\":true,\"valueName\":\"search_term_string\"}}],\"inLanguage\":\"de\"},{\"@type\":\"Organization\",\"@id\":\"https:\/\/visitrijeka.hr\/de\/#organization\",\"name\":\"Visit Rijeka\",\"url\":\"https:\/\/visitrijeka.hr\/de\/\",\"logo\":{\"@type\":\"ImageObject\",\"inLanguage\":\"de\",\"@id\":\"https:\/\/visitrijeka.hr\/de\/#\/schema\/logo\/image\/\",\"url\":\"https:\/\/visitrijeka.hr\/wp-content\/uploads\/2023\/02\/Logo_Visit_rijeka_460.svg\",\"contentUrl\":\"https:\/\/visitrijeka.hr\/wp-content\/uploads\/2023\/02\/Logo_Visit_rijeka_460.svg\",\"width\":100,\"height\":100,\"caption\":\"Visit Rijeka\"},\"image\":{\"@id\":\"https:\/\/visitrijeka.hr\/de\/#\/schema\/logo\/image\/\"},\"sameAs\":[\"https:\/\/www.facebook.com\/VisitRijeka\"]}]}<\/script>\n<!-- \/ Yoast SEO plugin. -->","yoast_head_json":{"title":"Stadt - Visit Rijeka","robots":{"index":"index","follow":"follow","max-snippet":"max-snippet:-1","max-image-preview":"max-image-preview:large","max-video-preview":"max-video-preview:-1"},"canonical":"https:\/\/visitrijeka.hr\/de\/stadt\/","og_locale":"de_DE","og_type":"article","og_title":"Stadt - Visit Rijeka","og_url":"https:\/\/visitrijeka.hr\/de\/stadt\/","og_site_name":"Visit Rijeka","article_publisher":"https:\/\/www.facebook.com\/VisitRijeka","article_modified_time":"2023-06-11T06:37:18+00:00","og_image":[{"width":1920,"height":787,"url":"https:\/\/visitrijeka.hr\/wp-content\/uploads\/2023\/05\/Grad-rijekaa.jpg","type":"image\/jpeg"}],"twitter_card":"summary_large_image","twitter_misc":{"Gesch\u00e4tzte Lesezeit":"17\u00a0Minuten"},"schema":{"@context":"https:\/\/schema.org","@graph":[{"@type":"WebPage","@id":"https:\/\/visitrijeka.hr\/de\/stadt\/","url":"https:\/\/visitrijeka.hr\/de\/stadt\/","name":"Stadt - Visit Rijeka","isPartOf":{"@id":"https:\/\/visitrijeka.hr\/de\/#website"},"primaryImageOfPage":{"@id":"https:\/\/visitrijeka.hr\/de\/stadt\/#primaryimage"},"image":{"@id":"https:\/\/visitrijeka.hr\/de\/stadt\/#primaryimage"},"thumbnailUrl":"https:\/\/visitrijeka.hr\/wp-content\/uploads\/2023\/05\/Grad-rijekaa.jpg","datePublished":"2023-06-11T06:20:18+00:00","dateModified":"2023-06-11T06:37:18+00:00","breadcrumb":{"@id":"https:\/\/visitrijeka.hr\/de\/stadt\/#breadcrumb"},"inLanguage":"de","potentialAction":[{"@type":"ReadAction","target":["https:\/\/visitrijeka.hr\/de\/stadt\/"]}]},{"@type":"ImageObject","inLanguage":"de","@id":"https:\/\/visitrijeka.hr\/de\/stadt\/#primaryimage","url":"https:\/\/visitrijeka.hr\/wp-content\/uploads\/2023\/05\/Grad-rijekaa.jpg","contentUrl":"https:\/\/visitrijeka.hr\/wp-content\/uploads\/2023\/05\/Grad-rijekaa.jpg","width":1920,"height":787,"caption":"Grad Rijeka - ociscena slika"},{"@type":"WebSite","@id":"https:\/\/visitrijeka.hr\/de\/#website","url":"https:\/\/visitrijeka.hr\/de\/","name":"Visit Rijeka","description":"Grad koji te\u010de....","publisher":{"@id":"https:\/\/visitrijeka.hr\/de\/#organization"},"potentialAction":[{"@type":"SearchAction","target":{"@type":"EntryPoint","urlTemplate":"https:\/\/visitrijeka.hr\/de\/?s={search_term_string}"},"query-input":{"@type":"PropertyValueSpecification","valueRequired":true,"valueName":"search_term_string"}}],"inLanguage":"de"},{"@type":"Organization","@id":"https:\/\/visitrijeka.hr\/de\/#organization","name":"Visit Rijeka","url":"https:\/\/visitrijeka.hr\/de\/","logo":{"@type":"ImageObject","inLanguage":"de","@id":"https:\/\/visitrijeka.hr\/de\/#\/schema\/logo\/image\/","url":"https:\/\/visitrijeka.hr\/wp-content\/uploads\/2023\/02\/Logo_Visit_rijeka_460.svg","contentUrl":"https:\/\/visitrijeka.hr\/wp-content\/uploads\/2023\/02\/Logo_Visit_rijeka_460.svg","width":100,"height":100,"caption":"Visit Rijeka"},"image":{"@id":"https:\/\/visitrijeka.hr\/de\/#\/schema\/logo\/image\/"},"sameAs":["https:\/\/www.facebook.com\/VisitRijeka"]}]}},"_links":{"self":[{"href":"https:\/\/visitrijeka.hr\/de\/wp-json\/wp\/v2\/pages\/30498","targetHints":{"allow":["GET"]}}],"collection":[{"href":"https:\/\/visitrijeka.hr\/de\/wp-json\/wp\/v2\/pages"}],"about":[{"href":"https:\/\/visitrijeka.hr\/de\/wp-json\/wp\/v2\/types\/page"}],"author":[{"embeddable":true,"href":"https:\/\/visitrijeka.hr\/de\/wp-json\/wp\/v2\/users\/1"}],"replies":[{"embeddable":true,"href":"https:\/\/visitrijeka.hr\/de\/wp-json\/wp\/v2\/comments?post=30498"}],"version-history":[{"count":0,"href":"https:\/\/visitrijeka.hr\/de\/wp-json\/wp\/v2\/pages\/30498\/revisions"}],"wp:featuredmedia":[{"embeddable":true,"href":"https:\/\/visitrijeka.hr\/de\/wp-json\/wp\/v2\/media\/19452"}],"wp:attachment":[{"href":"https:\/\/visitrijeka.hr\/de\/wp-json\/wp\/v2\/media?parent=30498"}],"curies":[{"name":"wp","href":"https:\/\/api.w.org\/{rel}","templated":true}]}}