{"id":29119,"date":"2023-06-09T08:26:50","date_gmt":"2023-06-09T06:26:50","guid":{"rendered":"https:\/\/visitrijeka.hr\/advent-u-rijeci\/"},"modified":"2025-12-04T13:00:41","modified_gmt":"2025-12-04T12:00:41","slug":"advent-in-rijeka-2","status":"publish","type":"page","link":"https:\/\/visitrijeka.hr\/de\/advent-in-rijeka-2\/","title":{"rendered":"Advent in Rijeka"},"content":{"rendered":"<p><div class=\"fusion-fullwidth fullwidth-box fusion-builder-row-1 fusion-flex-container has-pattern-background has-mask-background nonhundred-percent-fullwidth non-hundred-percent-height-scrolling\" style=\"--awb-border-radius-top-left:0px;--awb-border-radius-top-right:0px;--awb-border-radius-bottom-right:0px;--awb-border-radius-bottom-left:0px;--awb-padding-bottom:0px;--awb-padding-top-small:-30px;--awb-margin-top:0px;--awb-margin-bottom:0px;--awb-flex-wrap:wrap;\" ><div class=\"fusion-builder-row fusion-row fusion-flex-align-items-flex-start fusion-flex-content-wrap\" style=\"max-width:1414.4px;margin-left: calc(-4% \/ 2 );margin-right: calc(-4% \/ 2 );\"><div class=\"fusion-layout-column fusion_builder_column fusion-builder-column-0 fusion_builder_column_3_4 3_4 fusion-flex-column id-29119\" style=\"--awb-bg-size:cover;--awb-width-large:75%;--awb-margin-top-large:0px;--awb-spacing-right-large:2.56%;--awb-margin-bottom-large:20px;--awb-spacing-left-large:2.56%;--awb-width-medium:75%;--awb-order-medium:0;--awb-spacing-right-medium:2.56%;--awb-spacing-left-medium:2.56%;--awb-width-small:100%;--awb-order-small:1;--awb-spacing-right-small:1.92%;--awb-spacing-left-small:1.92%;\" data-scroll-devices=\"small-visibility,medium-visibility,large-visibility\"><div class=\"fusion-column-wrapper fusion-column-has-shadow fusion-flex-justify-content-flex-start fusion-content-layout-column\"><\/div><\/div><div class=\"fusion-layout-column fusion_builder_column fusion-builder-column-1 fusion_builder_column_1_4 1_4 fusion-flex-column fusion-flex-align-self-flex-start id-29119\" style=\"--awb-padding-right-small:30px;--awb-padding-left-small:30px;--awb-bg-size:cover;--awb-width-large:25%;--awb-margin-top-large:-30px;--awb-spacing-right-large:0px;--awb-margin-bottom-large:20px;--awb-spacing-left-large:0px;--awb-width-medium:25%;--awb-order-medium:0;--awb-spacing-right-medium:0px;--awb-spacing-left-medium:0px;--awb-width-small:100%;--awb-order-small:0;--awb-margin-top-small:-10px;--awb-spacing-right-small:1.92%;--awb-spacing-left-small:1.92%;\" data-scroll-devices=\"small-visibility,medium-visibility,large-visibility\"><div class=\"fusion-column-wrapper fusion-column-has-shadow fusion-flex-justify-content-flex-start fusion-content-layout-column\"><div class=\"fusion-text fusion-text-1\">     <ul style=\"--awb-size:20px;--awb-margin-top:0px;--awb-margin-right:0px;--awb-margin-bottom:0px;--awb-margin-left:0px;--awb-item-padding-top:0px;--awb-item-padding-right:0px;--awb-item-padding-bottom:0px;--awb-item-padding-left:0px;--awb-line-height:34px;--awb-icon-width:34px;--awb-icon-height:34px;--awb-icon-margin:14px;--awb-content-margin:48px;\" class=\"fusion-checklist fusion-checklist-1 type-icons\">\n         <li class=\"fusion-li-item\" style=\"\">\n            <span class=\"icon-wrapper circle-no\">\n                <i class=\"fusion-li-icon icon-Plava_Visitrijeka\" aria-hidden=\"true\"><\/i>\n            <\/span>\n            <div class=\"fusion-li-item-content\">\n                <h3><strong>veranstaltungen.<\/strong><\/h3>\n            <\/div>\n        <\/li>\n    <\/ul>\n    \n<\/div><\/div><\/div>\n<\/div><\/div><div class=\"fusion-fullwidth fullwidth-box fusion-builder-row-2 fusion-flex-container has-pattern-background has-mask-background nonhundred-percent-fullwidth non-hundred-percent-height-scrolling\" style=\"--awb-border-radius-top-left:0px;--awb-border-radius-top-right:0px;--awb-border-radius-bottom-right:0px;--awb-border-radius-bottom-left:0px;--awb-padding-top:30px;--awb-padding-bottom:45px;--awb-background-color:var(--awb-color1);--awb-flex-wrap:wrap;\" ><div class=\"fusion-builder-row fusion-row fusion-flex-align-items-flex-start fusion-flex-content-wrap\" style=\"max-width:1414.4px;margin-left: calc(-4% \/ 2 );margin-right: calc(-4% \/ 2 );\"><div class=\"fusion-layout-column fusion_builder_column fusion-builder-column-2 fusion_builder_column_1_1 1_1 fusion-flex-column id-29119\" style=\"--awb-bg-size:cover;--awb-width-large:100%;--awb-margin-top-large:-50px;--awb-spacing-right-large:1.92%;--awb-margin-bottom-large:20px;--awb-spacing-left-large:1.92%;--awb-width-medium:100%;--awb-order-medium:0;--awb-spacing-right-medium:1.92%;--awb-spacing-left-medium:1.92%;--awb-width-small:100%;--awb-order-small:0;--awb-spacing-right-small:1.92%;--awb-spacing-left-small:1.92%;\" data-scroll-devices=\"small-visibility,medium-visibility,large-visibility\"><div class=\"fusion-column-wrapper fusion-column-has-shadow fusion-flex-justify-content-flex-start fusion-content-layout-column\"><div class=\"fusion-text fusion-text-2 fusion-text-no-margin\" style=\"--awb-text-color:var(--awb-color8);--awb-margin-bottom:50px;\"><p>Rijeka ist in vielerlei Hinsicht eine besondere Stadt und verabschiedet das Jahr auf ihre eigene Weise. Jeder Monat in Rijeka ist eine Geschichte f\u00fcr sich und der Dezember, ja, er ist ein M\u00e4rchen, das auf den Stra\u00dfen der Stadt, den Pl\u00e4tzen, auf See und an der K\u00fcste mit vereinten Kr\u00e4ften erz\u00e4hlt wird, von den Menschen und der Stadt, die sie bev\u00f6lkern. Vom Moment an, in dem sich Rijeka zum Dezember \u201eanzieht\u201c und in ihrem luxuri\u00f6sen Festtagsgewand gl\u00e4nzt, wird alles zu Magie. Der Moment, in dem tausende Lichter die Dunkelheit vertreiben, ist etwas, das man nicht verpassen sollte. Unter eben diesen Lichtern lebt den n\u00e4chsten Monat lang die Phantasie, bestehend aus zahlreichen, f\u00fcr alle Altersgruppen bestimmten Veranstaltungen. Es ist eine Zeit, in der Rijeka singt, tanzt, spielt, lacht und gl\u00fccklich ist. Die Zeit, in der Rijeka gibt und hilft. Die Zeit, in der sie zeigt, dass sie etwas anders ist.<\/p>\n<p>Der Weihnachts-Neujahrsmarkt, ein langlebiges Rijekaer Ereignis im Dezember, bietet alle Geschmacksrichtungen und Aromen nicht nur von Rijeka, sondern auch der weiteren Umgebung. In den charmanten Holzh\u00e4uschen, auf und entlang der Promenade, wird auch der anspruchsvollste Kunde etwas f\u00fcr sich finden. Unabh\u00e4ngig davon, ob er etwas zum Essen, Trinken, s\u00fc\u00df, salzig, Souvenirs, Weihnachtsschmuck, warme Wollsachen, Kunst oder Sachen f\u00fcr den t\u00e4glichen Bedarf sucht, auf der Messe von Rijeka wird er das Gesuchte auch finden.<\/p>\n<p>Die Dezemberb\u00fchnen der flie\u00dfenden Stadt, wie wir Rijeka gerne nennen, sind eine Geschichte f\u00fcr sich. Wenn sie Anfang Dezember beginnen zu singen, zu spielen und zu tanzen, tun sie es, bis das neue Jahr das alte ersetzt. Auf ihnen wird die festliche Atmosph\u00e4re angereichert durch zahlreiche Kulturvereine, Folklore- und Tanzgruppen, Ch\u00f6re, Theater, Gesangsgruppen, Pop- und Rock-K\u00fcnstler und das Programm entspricht den Bed\u00fcrfnissen der Kinder und Erwachsenen.<br \/>\nRijeka hat auch einen \u201egastronomischen Bereich\u201c in ihrem Dezemberm\u00e4rchen. W\u00e4hrend der Adventszeit bieten die Restaurants, Tavernen und Bars der Stadt authentische Gerichte auf ihren Speisekarten sowie Verkostungen an den offenen St\u00e4nden an. In Rijeka zu sein und nicht am traditionellen humanit\u00e4ren Fr\u00fchst\u00fcck an Heiligabend teilzunehmen, ist wahrlich ein Fehler. Kabeljau-Eintopf, gebratene Calamari und andere Fischk\u00f6stlichkeiten, zusammen mit den unvermeidlichen Krapfen, sind nur ein Teil dessen, was die Stadt Rijeka, mit Hilfe von Rijekas Unternehmern, ihren Mitb\u00fcrgern und G\u00e4sten zum gemeinsamen Fr\u00fchst\u00fcck anbietet.<\/p>\n<p>Und wie die J\u00fcngsten den Dezember in Rijeka lieben! Sobald die Weihnachtsm\u00e4nner der Stadtmusik Trsat aufspielen, wissen die Kinder, dass das Abenteuer beginnt. Zuerst kommt der Hl. Nikolaus und sein unverzichtbarer Begleiter Krampus, dann f\u00e4hrt die Bahn des Weihnachtsmanns, eine Bahn, die jeden Tag und nie f\u00e4hrt, aber absolut nie zu sp\u00e4t kommt, und sogar Musik spielt. Auf die Promenade Korzo kommt nun auch der Weihnachtsmann, und an jedem Stand liegt eine Vielzahl von S\u00fc\u00dfigkeiten&#8230; Ein Vergn\u00fcgen, wie man es sich nur w\u00fcnschen kann. Wenn man noch die verschiedenen Karusselle im Vergn\u00fcgungspark dazurechnet und die \u201eSeeflocke\u201c, die Rijekaer Eislaufbahn, die nahe am Meer erscheint, ist es wirklich wundervoll, ein Kind in Rijeka zu sein.<\/p>\n<p>In der Woche, in der der Dezember zum Abschied winkt, gibt es Veranstaltungen noch und n\u00f6cher. Wir heben ein traditionelles Weihnachtskonzert unter dem Namen \u201ees ist Weihnachten, Leute\u201c und das Neujahrskonzert in Kroatisches Nationaltheater \u201eIvan pl. Zajc\u201c in Rijeka hervor. Die Promenade und die sie umgebenden Gassen spielen ihre eigene Stra\u00dfenmelodie, in der aus jedem Caf\u00e9 etwas Musik zu h\u00f6ren ist, und alle zusammen verschmelzen sie im gro\u00dfen Finale des Advents in Rijeka \u2212 dem traditionellen Neujahrsempfang im Freien, ein Ereignis, bei dem sich, unter den Blitzen des pr\u00e4chtigen Feuerwerks, zehntausende Menschen k\u00fcssen, zum Abschied des einen und zum Empfang des n\u00e4chsten Jahres.<\/p>\n<p>Und was bleibt noch zu sagen, au\u00dfer dass man den Advent in Rijeka nicht verpassen sollte, weil es eine einzigartige Erfahrung ist, ein Teil des Rijekaer Dezemberm\u00e4rchens zu sein. In der Tat ist es jedes Jahr verspielter und mit noch mehr Inhalt.<\/p>\n<\/div><div class=\"awb-gallery-wrapper awb-gallery-wrapper-1 button-span-no\" style=\"--more-btn-alignment:center;\"><div style=\"margin:-5px;--awb-bordersize:0px;\" class=\"fusion-gallery fusion-gallery-container fusion-grid-3 fusion-columns-total-5 fusion-gallery-layout-grid fusion-gallery-1\"><div style=\"padding:5px;\" class=\"fusion-grid-column fusion-gallery-column fusion-gallery-column-3 hover-type-none\"><div class=\"fusion-gallery-image\"><a href=\"https:\/\/visitrijeka.hr\/wp-content\/uploads\/2023\/05\/Adventski-sajam-Kategorija-scaled-1-min-min-1.jpg\" rel=\"noreferrer\" data-rel=\"iLightbox[gallery_image_1]\" class=\"fusion-lightbox\" target=\"_self\"><img decoding=\"async\" src=\"https:\/\/visitrijeka.hr\/wp-content\/uploads\/2023\/05\/Adventski-sajam-Kategorija-scaled-1-min-min-1.jpg\" data-orig-src=\"https:\/\/visitrijeka.hr\/wp-content\/uploads\/2023\/05\/Adventski-sajam-Kategorija-scaled-1-min-min-1.jpg\" width=\"1000\" height=\"677\" alt=\"Advent u Rijeci\" title=\"Adventski-sajam-Kategorija-scaled-1-min-min\" aria-label=\"Adventski-sajam-Kategorija-scaled-1-min-min\" class=\"lazyload img-responsive wp-image-22351\" srcset=\"data:image\/svg+xml,%3Csvg%20xmlns%3D%27http%3A%2F%2Fwww.w3.org%2F2000%2Fsvg%27%20width%3D%271000%27%20height%3D%27677%27%20viewBox%3D%270%200%201000%20677%27%3E%3Crect%20width%3D%271000%27%20height%3D%27677%27%20fill-opacity%3D%220%22%2F%3E%3C%2Fsvg%3E\" data-srcset=\"https:\/\/visitrijeka.hr\/wp-content\/uploads\/2023\/05\/Adventski-sajam-Kategorija-scaled-1-min-min-1-200x135.jpg 200w, https:\/\/visitrijeka.hr\/wp-content\/uploads\/2023\/05\/Adventski-sajam-Kategorija-scaled-1-min-min-1-400x271.jpg 400w, https:\/\/visitrijeka.hr\/wp-content\/uploads\/2023\/05\/Adventski-sajam-Kategorija-scaled-1-min-min-1-600x406.jpg 600w, https:\/\/visitrijeka.hr\/wp-content\/uploads\/2023\/05\/Adventski-sajam-Kategorija-scaled-1-min-min-1-800x542.jpg 800w, https:\/\/visitrijeka.hr\/wp-content\/uploads\/2023\/05\/Adventski-sajam-Kategorija-scaled-1-min-min-1.jpg 1000w\" data-sizes=\"auto\" data-orig-sizes=\"(min-width: 2200px) 100vw, (min-width: 784px) 450px, (min-width: 712px) 675px, (min-width: 640px) 712px, \" \/><\/a><\/div><\/div><div style=\"padding:5px;\" class=\"fusion-grid-column fusion-gallery-column fusion-gallery-column-3 hover-type-none\"><div class=\"fusion-gallery-image\"><a href=\"https:\/\/visitrijeka.hr\/wp-content\/uploads\/2023\/05\/Advent2.jpg\" rel=\"noreferrer\" data-rel=\"iLightbox[gallery_image_1]\" class=\"fusion-lightbox\" target=\"_self\"><img decoding=\"async\" src=\"https:\/\/visitrijeka.hr\/wp-content\/uploads\/2023\/05\/Advent2.jpg\" data-orig-src=\"https:\/\/visitrijeka.hr\/wp-content\/uploads\/2023\/05\/Advent2.jpg\" width=\"1000\" height=\"677\" alt=\"Advent u Rijeci\" title=\"Advent2\" aria-label=\"Advent2\" class=\"lazyload img-responsive wp-image-22357\" srcset=\"data:image\/svg+xml,%3Csvg%20xmlns%3D%27http%3A%2F%2Fwww.w3.org%2F2000%2Fsvg%27%20width%3D%271000%27%20height%3D%27677%27%20viewBox%3D%270%200%201000%20677%27%3E%3Crect%20width%3D%271000%27%20height%3D%27677%27%20fill-opacity%3D%220%22%2F%3E%3C%2Fsvg%3E\" data-srcset=\"https:\/\/visitrijeka.hr\/wp-content\/uploads\/2023\/05\/Advent2-200x135.jpg 200w, https:\/\/visitrijeka.hr\/wp-content\/uploads\/2023\/05\/Advent2-400x271.jpg 400w, https:\/\/visitrijeka.hr\/wp-content\/uploads\/2023\/05\/Advent2-600x406.jpg 600w, https:\/\/visitrijeka.hr\/wp-content\/uploads\/2023\/05\/Advent2-800x542.jpg 800w, https:\/\/visitrijeka.hr\/wp-content\/uploads\/2023\/05\/Advent2.jpg 1000w\" data-sizes=\"auto\" data-orig-sizes=\"(min-width: 2200px) 100vw, (min-width: 784px) 450px, (min-width: 712px) 675px, (min-width: 640px) 712px, \" \/><\/a><\/div><\/div><div style=\"padding:5px;\" class=\"fusion-grid-column fusion-gallery-column fusion-gallery-column-3 hover-type-none\"><div class=\"fusion-gallery-image\"><a href=\"https:\/\/visitrijeka.hr\/wp-content\/uploads\/2023\/05\/Advent4.jpg\" rel=\"noreferrer\" data-rel=\"iLightbox[gallery_image_1]\" class=\"fusion-lightbox\" target=\"_self\"><img decoding=\"async\" src=\"https:\/\/visitrijeka.hr\/wp-content\/uploads\/2023\/05\/Advent4.jpg\" data-orig-src=\"https:\/\/visitrijeka.hr\/wp-content\/uploads\/2023\/05\/Advent4.jpg\" width=\"1000\" height=\"677\" alt=\"\" title=\"Advent4\" aria-label=\"Advent4\" class=\"lazyload img-responsive wp-image-22363\" srcset=\"data:image\/svg+xml,%3Csvg%20xmlns%3D%27http%3A%2F%2Fwww.w3.org%2F2000%2Fsvg%27%20width%3D%271000%27%20height%3D%27677%27%20viewBox%3D%270%200%201000%20677%27%3E%3Crect%20width%3D%271000%27%20height%3D%27677%27%20fill-opacity%3D%220%22%2F%3E%3C%2Fsvg%3E\" data-srcset=\"https:\/\/visitrijeka.hr\/wp-content\/uploads\/2023\/05\/Advent4-200x135.jpg 200w, https:\/\/visitrijeka.hr\/wp-content\/uploads\/2023\/05\/Advent4-400x271.jpg 400w, https:\/\/visitrijeka.hr\/wp-content\/uploads\/2023\/05\/Advent4-600x406.jpg 600w, https:\/\/visitrijeka.hr\/wp-content\/uploads\/2023\/05\/Advent4-800x542.jpg 800w, https:\/\/visitrijeka.hr\/wp-content\/uploads\/2023\/05\/Advent4.jpg 1000w\" data-sizes=\"auto\" data-orig-sizes=\"(min-width: 2200px) 100vw, (min-width: 784px) 450px, (min-width: 712px) 675px, (min-width: 640px) 712px, \" \/><\/a><\/div><\/div><div class=\"clearfix\"><\/div><div style=\"padding:5px;\" class=\"fusion-grid-column fusion-gallery-column fusion-gallery-column-3 hover-type-none\"><div class=\"fusion-gallery-image\"><a href=\"https:\/\/visitrijeka.hr\/wp-content\/uploads\/2023\/05\/Advent5.jpg\" rel=\"noreferrer\" data-rel=\"iLightbox[gallery_image_1]\" class=\"fusion-lightbox\" target=\"_self\"><img decoding=\"async\" src=\"https:\/\/visitrijeka.hr\/wp-content\/uploads\/2023\/05\/Advent5.jpg\" data-orig-src=\"https:\/\/visitrijeka.hr\/wp-content\/uploads\/2023\/05\/Advent5.jpg\" width=\"1000\" height=\"677\" alt=\"\" title=\"Advent5\" aria-label=\"Advent5\" class=\"lazyload img-responsive wp-image-22369\" srcset=\"data:image\/svg+xml,%3Csvg%20xmlns%3D%27http%3A%2F%2Fwww.w3.org%2F2000%2Fsvg%27%20width%3D%271000%27%20height%3D%27677%27%20viewBox%3D%270%200%201000%20677%27%3E%3Crect%20width%3D%271000%27%20height%3D%27677%27%20fill-opacity%3D%220%22%2F%3E%3C%2Fsvg%3E\" data-srcset=\"https:\/\/visitrijeka.hr\/wp-content\/uploads\/2023\/05\/Advent5-200x135.jpg 200w, https:\/\/visitrijeka.hr\/wp-content\/uploads\/2023\/05\/Advent5-400x271.jpg 400w, https:\/\/visitrijeka.hr\/wp-content\/uploads\/2023\/05\/Advent5-600x406.jpg 600w, https:\/\/visitrijeka.hr\/wp-content\/uploads\/2023\/05\/Advent5-800x542.jpg 800w, https:\/\/visitrijeka.hr\/wp-content\/uploads\/2023\/05\/Advent5.jpg 1000w\" data-sizes=\"auto\" data-orig-sizes=\"(min-width: 2200px) 100vw, (min-width: 784px) 450px, (min-width: 712px) 675px, (min-width: 640px) 712px, \" \/><\/a><\/div><\/div><div style=\"padding:5px;\" class=\"fusion-grid-column fusion-gallery-column fusion-gallery-column-3 hover-type-none\"><div class=\"fusion-gallery-image\"><a href=\"https:\/\/visitrijeka.hr\/wp-content\/uploads\/2023\/05\/AdventiranjeRi.jpg\" rel=\"noreferrer\" data-rel=\"iLightbox[gallery_image_1]\" class=\"fusion-lightbox\" target=\"_self\"><img decoding=\"async\" src=\"https:\/\/visitrijeka.hr\/wp-content\/uploads\/2023\/05\/AdventiranjeRi.jpg\" data-orig-src=\"https:\/\/visitrijeka.hr\/wp-content\/uploads\/2023\/05\/AdventiranjeRi.jpg\" width=\"1000\" height=\"677\" alt=\"\" title=\"AdventiranjeRi\" aria-label=\"AdventiranjeRi\" class=\"lazyload img-responsive wp-image-22375\" srcset=\"data:image\/svg+xml,%3Csvg%20xmlns%3D%27http%3A%2F%2Fwww.w3.org%2F2000%2Fsvg%27%20width%3D%271000%27%20height%3D%27677%27%20viewBox%3D%270%200%201000%20677%27%3E%3Crect%20width%3D%271000%27%20height%3D%27677%27%20fill-opacity%3D%220%22%2F%3E%3C%2Fsvg%3E\" data-srcset=\"https:\/\/visitrijeka.hr\/wp-content\/uploads\/2023\/05\/AdventiranjeRi-200x135.jpg 200w, https:\/\/visitrijeka.hr\/wp-content\/uploads\/2023\/05\/AdventiranjeRi-400x271.jpg 400w, https:\/\/visitrijeka.hr\/wp-content\/uploads\/2023\/05\/AdventiranjeRi-600x406.jpg 600w, https:\/\/visitrijeka.hr\/wp-content\/uploads\/2023\/05\/AdventiranjeRi-800x542.jpg 800w, https:\/\/visitrijeka.hr\/wp-content\/uploads\/2023\/05\/AdventiranjeRi.jpg 1000w\" data-sizes=\"auto\" data-orig-sizes=\"(min-width: 2200px) 100vw, (min-width: 784px) 450px, (min-width: 712px) 675px, (min-width: 640px) 712px, \" \/><\/a><\/div><\/div><\/div><\/div><\/div><\/div><\/div><\/div>\n<\/p>\n","protected":false},"excerpt":{"rendered":"","protected":false},"author":1,"featured_media":100970,"parent":0,"menu_order":0,"comment_status":"closed","ping_status":"closed","template":"100-width.php","meta":{"_acf_changed":false,"inline_featured_image":false,"footnotes":""},"class_list":["post-29119","page","type-page","status-publish","has-post-thumbnail","hentry"],"acf":[],"yoast_head":"<!-- This site is optimized with the Yoast SEO plugin v26.3 - https:\/\/yoast.com\/wordpress\/plugins\/seo\/ -->\n<title>Advent in Rijeka - Visit Rijeka<\/title>\n<meta name=\"robots\" content=\"index, follow, max-snippet:-1, max-image-preview:large, max-video-preview:-1\" \/>\n<link rel=\"canonical\" href=\"https:\/\/visitrijeka.hr\/de\/advent-in-rijeka-2\/\" \/>\n<meta property=\"og:locale\" content=\"de_DE\" \/>\n<meta property=\"og:type\" content=\"article\" \/>\n<meta property=\"og:title\" content=\"Advent in Rijeka - Visit Rijeka\" \/>\n<meta property=\"og:url\" content=\"https:\/\/visitrijeka.hr\/de\/advent-in-rijeka-2\/\" \/>\n<meta property=\"og:site_name\" content=\"Visit Rijeka\" \/>\n<meta property=\"article:publisher\" content=\"https:\/\/www.facebook.com\/VisitRijeka\" \/>\n<meta property=\"article:modified_time\" content=\"2025-12-04T12:00:41+00:00\" \/>\n<meta property=\"og:image\" content=\"https:\/\/visitrijeka.hr\/wp-content\/uploads\/2025\/12\/2025-11-29-ADVENT_KORZO-94-1-scaled.jpg\" \/>\n\t<meta property=\"og:image:width\" content=\"2560\" \/>\n\t<meta property=\"og:image:height\" content=\"1708\" \/>\n\t<meta property=\"og:image:type\" content=\"image\/jpeg\" \/>\n<meta name=\"twitter:card\" content=\"summary_large_image\" \/>\n<meta name=\"twitter:label1\" content=\"Gesch\u00e4tzte Lesezeit\" \/>\n\t<meta name=\"twitter:data1\" content=\"5\u00a0Minuten\" \/>\n<script type=\"application\/ld+json\" class=\"yoast-schema-graph\">{\"@context\":\"https:\/\/schema.org\",\"@graph\":[{\"@type\":\"WebPage\",\"@id\":\"https:\/\/visitrijeka.hr\/de\/advent-in-rijeka-2\/\",\"url\":\"https:\/\/visitrijeka.hr\/de\/advent-in-rijeka-2\/\",\"name\":\"Advent in Rijeka - Visit Rijeka\",\"isPartOf\":{\"@id\":\"https:\/\/visitrijeka.hr\/de\/#website\"},\"primaryImageOfPage\":{\"@id\":\"https:\/\/visitrijeka.hr\/de\/advent-in-rijeka-2\/#primaryimage\"},\"image\":{\"@id\":\"https:\/\/visitrijeka.hr\/de\/advent-in-rijeka-2\/#primaryimage\"},\"thumbnailUrl\":\"https:\/\/visitrijeka.hr\/wp-content\/uploads\/2025\/12\/2025-11-29-ADVENT_KORZO-94-1-scaled.jpg\",\"datePublished\":\"2023-06-09T06:26:50+00:00\",\"dateModified\":\"2025-12-04T12:00:41+00:00\",\"breadcrumb\":{\"@id\":\"https:\/\/visitrijeka.hr\/de\/advent-in-rijeka-2\/#breadcrumb\"},\"inLanguage\":\"de\",\"potentialAction\":[{\"@type\":\"ReadAction\",\"target\":[\"https:\/\/visitrijeka.hr\/de\/advent-in-rijeka-2\/\"]}]},{\"@type\":\"ImageObject\",\"inLanguage\":\"de\",\"@id\":\"https:\/\/visitrijeka.hr\/de\/advent-in-rijeka-2\/#primaryimage\",\"url\":\"https:\/\/visitrijeka.hr\/wp-content\/uploads\/2025\/12\/2025-11-29-ADVENT_KORZO-94-1-scaled.jpg\",\"contentUrl\":\"https:\/\/visitrijeka.hr\/wp-content\/uploads\/2025\/12\/2025-11-29-ADVENT_KORZO-94-1-scaled.jpg\",\"width\":2560,\"height\":1708,\"caption\":\"Advent Rijeka\"},{\"@type\":\"WebSite\",\"@id\":\"https:\/\/visitrijeka.hr\/de\/#website\",\"url\":\"https:\/\/visitrijeka.hr\/de\/\",\"name\":\"Visit Rijeka\",\"description\":\"Grad koji te\u010de....\",\"publisher\":{\"@id\":\"https:\/\/visitrijeka.hr\/de\/#organization\"},\"potentialAction\":[{\"@type\":\"SearchAction\",\"target\":{\"@type\":\"EntryPoint\",\"urlTemplate\":\"https:\/\/visitrijeka.hr\/de\/?s={search_term_string}\"},\"query-input\":{\"@type\":\"PropertyValueSpecification\",\"valueRequired\":true,\"valueName\":\"search_term_string\"}}],\"inLanguage\":\"de\"},{\"@type\":\"Organization\",\"@id\":\"https:\/\/visitrijeka.hr\/de\/#organization\",\"name\":\"Visit Rijeka\",\"url\":\"https:\/\/visitrijeka.hr\/de\/\",\"logo\":{\"@type\":\"ImageObject\",\"inLanguage\":\"de\",\"@id\":\"https:\/\/visitrijeka.hr\/de\/#\/schema\/logo\/image\/\",\"url\":\"https:\/\/visitrijeka.hr\/wp-content\/uploads\/2023\/02\/Logo_Visit_rijeka_460.svg\",\"contentUrl\":\"https:\/\/visitrijeka.hr\/wp-content\/uploads\/2023\/02\/Logo_Visit_rijeka_460.svg\",\"width\":100,\"height\":100,\"caption\":\"Visit Rijeka\"},\"image\":{\"@id\":\"https:\/\/visitrijeka.hr\/de\/#\/schema\/logo\/image\/\"},\"sameAs\":[\"https:\/\/www.facebook.com\/VisitRijeka\"]}]}<\/script>\n<!-- \/ Yoast SEO plugin. -->","yoast_head_json":{"title":"Advent in Rijeka - Visit Rijeka","robots":{"index":"index","follow":"follow","max-snippet":"max-snippet:-1","max-image-preview":"max-image-preview:large","max-video-preview":"max-video-preview:-1"},"canonical":"https:\/\/visitrijeka.hr\/de\/advent-in-rijeka-2\/","og_locale":"de_DE","og_type":"article","og_title":"Advent in Rijeka - Visit Rijeka","og_url":"https:\/\/visitrijeka.hr\/de\/advent-in-rijeka-2\/","og_site_name":"Visit Rijeka","article_publisher":"https:\/\/www.facebook.com\/VisitRijeka","article_modified_time":"2025-12-04T12:00:41+00:00","og_image":[{"width":2560,"height":1708,"url":"https:\/\/visitrijeka.hr\/wp-content\/uploads\/2025\/12\/2025-11-29-ADVENT_KORZO-94-1-scaled.jpg","type":"image\/jpeg"}],"twitter_card":"summary_large_image","twitter_misc":{"Gesch\u00e4tzte Lesezeit":"5\u00a0Minuten"},"schema":{"@context":"https:\/\/schema.org","@graph":[{"@type":"WebPage","@id":"https:\/\/visitrijeka.hr\/de\/advent-in-rijeka-2\/","url":"https:\/\/visitrijeka.hr\/de\/advent-in-rijeka-2\/","name":"Advent in Rijeka - Visit Rijeka","isPartOf":{"@id":"https:\/\/visitrijeka.hr\/de\/#website"},"primaryImageOfPage":{"@id":"https:\/\/visitrijeka.hr\/de\/advent-in-rijeka-2\/#primaryimage"},"image":{"@id":"https:\/\/visitrijeka.hr\/de\/advent-in-rijeka-2\/#primaryimage"},"thumbnailUrl":"https:\/\/visitrijeka.hr\/wp-content\/uploads\/2025\/12\/2025-11-29-ADVENT_KORZO-94-1-scaled.jpg","datePublished":"2023-06-09T06:26:50+00:00","dateModified":"2025-12-04T12:00:41+00:00","breadcrumb":{"@id":"https:\/\/visitrijeka.hr\/de\/advent-in-rijeka-2\/#breadcrumb"},"inLanguage":"de","potentialAction":[{"@type":"ReadAction","target":["https:\/\/visitrijeka.hr\/de\/advent-in-rijeka-2\/"]}]},{"@type":"ImageObject","inLanguage":"de","@id":"https:\/\/visitrijeka.hr\/de\/advent-in-rijeka-2\/#primaryimage","url":"https:\/\/visitrijeka.hr\/wp-content\/uploads\/2025\/12\/2025-11-29-ADVENT_KORZO-94-1-scaled.jpg","contentUrl":"https:\/\/visitrijeka.hr\/wp-content\/uploads\/2025\/12\/2025-11-29-ADVENT_KORZO-94-1-scaled.jpg","width":2560,"height":1708,"caption":"Advent Rijeka"},{"@type":"WebSite","@id":"https:\/\/visitrijeka.hr\/de\/#website","url":"https:\/\/visitrijeka.hr\/de\/","name":"Visit Rijeka","description":"Grad koji te\u010de....","publisher":{"@id":"https:\/\/visitrijeka.hr\/de\/#organization"},"potentialAction":[{"@type":"SearchAction","target":{"@type":"EntryPoint","urlTemplate":"https:\/\/visitrijeka.hr\/de\/?s={search_term_string}"},"query-input":{"@type":"PropertyValueSpecification","valueRequired":true,"valueName":"search_term_string"}}],"inLanguage":"de"},{"@type":"Organization","@id":"https:\/\/visitrijeka.hr\/de\/#organization","name":"Visit Rijeka","url":"https:\/\/visitrijeka.hr\/de\/","logo":{"@type":"ImageObject","inLanguage":"de","@id":"https:\/\/visitrijeka.hr\/de\/#\/schema\/logo\/image\/","url":"https:\/\/visitrijeka.hr\/wp-content\/uploads\/2023\/02\/Logo_Visit_rijeka_460.svg","contentUrl":"https:\/\/visitrijeka.hr\/wp-content\/uploads\/2023\/02\/Logo_Visit_rijeka_460.svg","width":100,"height":100,"caption":"Visit Rijeka"},"image":{"@id":"https:\/\/visitrijeka.hr\/de\/#\/schema\/logo\/image\/"},"sameAs":["https:\/\/www.facebook.com\/VisitRijeka"]}]}},"_links":{"self":[{"href":"https:\/\/visitrijeka.hr\/de\/wp-json\/wp\/v2\/pages\/29119","targetHints":{"allow":["GET"]}}],"collection":[{"href":"https:\/\/visitrijeka.hr\/de\/wp-json\/wp\/v2\/pages"}],"about":[{"href":"https:\/\/visitrijeka.hr\/de\/wp-json\/wp\/v2\/types\/page"}],"author":[{"embeddable":true,"href":"https:\/\/visitrijeka.hr\/de\/wp-json\/wp\/v2\/users\/1"}],"replies":[{"embeddable":true,"href":"https:\/\/visitrijeka.hr\/de\/wp-json\/wp\/v2\/comments?post=29119"}],"version-history":[{"count":0,"href":"https:\/\/visitrijeka.hr\/de\/wp-json\/wp\/v2\/pages\/29119\/revisions"}],"wp:featuredmedia":[{"embeddable":true,"href":"https:\/\/visitrijeka.hr\/de\/wp-json\/wp\/v2\/media\/100970"}],"wp:attachment":[{"href":"https:\/\/visitrijeka.hr\/de\/wp-json\/wp\/v2\/media?parent=29119"}],"curies":[{"name":"wp","href":"https:\/\/api.w.org\/{rel}","templated":true}]}}