{"id":23774,"date":"2023-04-26T10:19:39","date_gmt":"2023-04-26T08:19:39","guid":{"rendered":"https:\/\/visitrijeka.hr\/rijeka-u-dvoje\/"},"modified":"2023-06-19T14:20:27","modified_gmt":"2023-06-19T12:20:27","slug":"rijeka-zu-zweit","status":"publish","type":"page","link":"https:\/\/visitrijeka.hr\/de\/rijeka-zu-zweit\/","title":{"rendered":"Rijeka zu zweit"},"content":{"rendered":"<p><div id=\"planiraj\" class=\"fusion-container-anchor\"><div class=\"fusion-fullwidth fullwidth-box fusion-builder-row-1 fusion-flex-container has-pattern-background has-mask-background nonhundred-percent-fullwidth non-hundred-percent-height-scrolling\" style=\"--awb-border-radius-top-left:0px;--awb-border-radius-top-right:0px;--awb-border-radius-bottom-right:0px;--awb-border-radius-bottom-left:0px;--awb-padding-top:0px;--awb-padding-right:20px;--awb-padding-bottom:40px;--awb-padding-left:20px;--awb-flex-wrap:wrap;\" ><div class=\"fusion-builder-row fusion-row fusion-flex-align-items-stretch fusion-flex-content-wrap\" style=\"max-width:1387.2px;margin-left: calc(-2% \/ 2 );margin-right: calc(-2% \/ 2 );\"><div class=\"fusion-layout-column fusion_builder_column fusion-builder-column-0 fusion_builder_column_3_4 3_4 fusion-flex-column id-23774\" style=\"--awb-bg-size:cover;--awb-width-large:75%;--awb-margin-top-large:0px;--awb-spacing-right-large:1.3066666666667%;--awb-margin-bottom-large:0px;--awb-spacing-left-large:1.3066666666667%;--awb-width-medium:75%;--awb-order-medium:0;--awb-spacing-right-medium:1.3066666666667%;--awb-spacing-left-medium:1.3066666666667%;--awb-width-small:100%;--awb-order-small:0;--awb-spacing-right-small:0.98%;--awb-spacing-left-small:0.98%;\" data-scroll-devices=\"small-visibility,medium-visibility,large-visibility\"><div class=\"fusion-column-wrapper fusion-column-has-shadow fusion-flex-justify-content-flex-start fusion-content-layout-column\"><\/div><\/div><div class=\"fusion-layout-column fusion_builder_column fusion-builder-column-1 fusion_builder_column_1_4 1_4 fusion-flex-column id-23774\" style=\"--awb-bg-size:cover;--awb-width-large:25%;--awb-margin-top-large:-40px;--awb-spacing-right-large:3.92%;--awb-margin-bottom-large:0px;--awb-spacing-left-large:3.92%;--awb-width-medium:25%;--awb-order-medium:0;--awb-spacing-right-medium:3.92%;--awb-spacing-left-medium:3.92%;--awb-width-small:100%;--awb-order-small:0;--awb-margin-top-small:-30px;--awb-spacing-right-small:0.98%;--awb-spacing-left-small:0.98%;\" data-scroll-devices=\"small-visibility,medium-visibility,large-visibility\"><div class=\"fusion-column-wrapper fusion-column-has-shadow fusion-flex-justify-content-flex-start fusion-content-layout-column\"><div class=\"fusion-text fusion-text-1\">     <ul style=\"--awb-size:20px;--awb-margin-top:0px;--awb-margin-right:0px;--awb-margin-bottom:0px;--awb-margin-left:0px;--awb-item-padding-top:0px;--awb-item-padding-right:0px;--awb-item-padding-bottom:0px;--awb-item-padding-left:0px;--awb-line-height:34px;--awb-icon-width:34px;--awb-icon-height:34px;--awb-icon-margin:14px;--awb-content-margin:48px;\" class=\"fusion-checklist fusion-checklist-1 type-icons\">\n         <li class=\"fusion-li-item\" style=\"\">\n            <span class=\"icon-wrapper circle-no\">\n                <i class=\"fusion-li-icon icon-Plava_Visitrijeka\" aria-hidden=\"true\"><\/i>\n            <\/span>\n            <div class=\"fusion-li-item-content\">\n                <h3><strong>mache Pl\u00e4ne.<\/strong><\/h3>\n            <\/div>\n        <\/li>\n    <\/ul>\n    \n<\/div><\/div><\/div>\n<div class=\"fusion-layout-column fusion_builder_column fusion-builder-column-2 fusion_builder_column_1_2 1_2 fusion-flex-column id-23774\" style=\"--awb-bg-size:cover;--awb-width-large:50%;--awb-margin-top-large:0px;--awb-spacing-right-large:1.96%;--awb-margin-bottom-large:0px;--awb-spacing-left-large:1.96%;--awb-width-medium:50%;--awb-order-medium:0;--awb-spacing-right-medium:1.96%;--awb-spacing-left-medium:1.96%;--awb-width-small:100%;--awb-order-small:0;--awb-margin-top-small:20px;--awb-spacing-right-small:0.98%;--awb-spacing-left-small:0.98%;\" data-scroll-devices=\"small-visibility,medium-visibility,large-visibility\"><div class=\"fusion-column-wrapper fusion-column-has-shadow fusion-flex-justify-content-flex-start fusion-content-layout-column\"><div class=\"fusion-image-element \" style=\"--awb-caption-title-font-family:var(--h2_typography-font-family);--awb-caption-title-font-weight:var(--h2_typography-font-weight);--awb-caption-title-font-style:var(--h2_typography-font-style);--awb-caption-title-size:var(--h2_typography-font-size);--awb-caption-title-transform:var(--h2_typography-text-transform);--awb-caption-title-line-height:var(--h2_typography-line-height);--awb-caption-title-letter-spacing:var(--h2_typography-letter-spacing);\"><span class=\" fusion-imageframe imageframe-none imageframe-1 hover-type-none\" style=\"border-radius:12px;\"><img decoding=\"async\" width=\"1000\" height=\"667\" title=\"Istrazi Rijeku\" src=\"https:\/\/visitrijeka.hr\/wp-content\/uploads\/2023\/04\/TZ_RI_025-1.jpg\" data-orig-src=\"https:\/\/visitrijeka.hr\/wp-content\/uploads\/2023\/04\/TZ_RI_025-1.jpg\" alt class=\"lazyload img-responsive wp-image-16408\" srcset=\"data:image\/svg+xml,%3Csvg%20xmlns%3D%27http%3A%2F%2Fwww.w3.org%2F2000%2Fsvg%27%20width%3D%271000%27%20height%3D%27667%27%20viewBox%3D%270%200%201000%20667%27%3E%3Crect%20width%3D%271000%27%20height%3D%27667%27%20fill-opacity%3D%220%22%2F%3E%3C%2Fsvg%3E\" data-srcset=\"https:\/\/visitrijeka.hr\/wp-content\/uploads\/2023\/04\/TZ_RI_025-1-200x133.jpg 200w, https:\/\/visitrijeka.hr\/wp-content\/uploads\/2023\/04\/TZ_RI_025-1-400x267.jpg 400w, https:\/\/visitrijeka.hr\/wp-content\/uploads\/2023\/04\/TZ_RI_025-1-600x400.jpg 600w, https:\/\/visitrijeka.hr\/wp-content\/uploads\/2023\/04\/TZ_RI_025-1-800x534.jpg 800w, https:\/\/visitrijeka.hr\/wp-content\/uploads\/2023\/04\/TZ_RI_025-1.jpg 1000w\" data-sizes=\"auto\" data-orig-sizes=\"(max-width: 800px) 100vw, 800px\" \/><\/span><\/div><\/div><\/div><div class=\"fusion-layout-column fusion_builder_column fusion-builder-column-3 fusion_builder_column_1_2 1_2 fusion-flex-column id-23774\" style=\"--awb-bg-size:cover;--awb-width-large:50%;--awb-margin-top-large:0px;--awb-spacing-right-large:1.96%;--awb-margin-bottom-large:0px;--awb-spacing-left-large:5.88%;--awb-width-medium:50%;--awb-order-medium:0;--awb-spacing-right-medium:1.96%;--awb-spacing-left-medium:5.88%;--awb-width-small:100%;--awb-order-small:0;--awb-margin-top-small:30px;--awb-spacing-right-small:0.98%;--awb-spacing-left-small:0.98%;\" data-scroll-devices=\"small-visibility,medium-visibility,large-visibility\"><div class=\"fusion-column-wrapper fusion-column-has-shadow fusion-flex-justify-content-flex-start fusion-content-layout-column\"><div class=\"fusion-separator fusion-no-small-visibility fusion-no-medium-visibility fusion-full-width-sep\" style=\"align-self: center;margin-left: auto;margin-right: auto;margin-top:50px;width:100%;\"><\/div><div class=\"fusion-text fusion-text-2\" style=\"--awb-font-size:23px;--awb-line-height:1.3;--awb-text-color:var(--awb-color4);--awb-text-font-family:&quot;SSP-Semibold-600&quot;;--awb-text-font-style:normal;--awb-text-font-weight:400;\"><p>Der Aufenthalt in Rijeka wird sicherlich noch viel angenehmer in Gesellschaft einer lieben Person.<\/p>\n<\/div><div class=\"fusion-text fusion-text-3 slovoodlomka_veliko\" style=\"--awb-font-size:17px;--awb-text-color:var(--awb-color8);--awb-margin-top:20px;--awb-text-font-family:&quot;SSP-Regular-400&quot;;--awb-text-font-style:normal;--awb-text-font-weight:400;\"><p>Hier sind einige Ideen, wie Sie die Zeit zu zweit in Rijeka verbringen k\u00f6nnen:<\/p>\n<p>Die Wege f\u00fcr die Besichtigung von Rijeka sind gleich f\u00fcr alle, aber ein besonderes Erlebnis bietet ein Spaziergang zu zweit \u00fcber den Korso sowie die Besichtigung von Sehensw\u00fcrdigkeiten und Museen in der Umgebung. Dies bleibt in der Erinnerung haften.<\/p>\n<\/div><\/div><\/div><\/div><\/div><\/div><div id=\"ispod_uvoda\" class=\"fusion-container-anchor\"><div class=\"fusion-fullwidth fullwidth-box fusion-builder-row-2 fusion-flex-container has-pattern-background has-mask-background nonhundred-percent-fullwidth non-hundred-percent-height-scrolling\" style=\"--awb-background-position:center top;--awb-border-radius-top-left:0px;--awb-border-radius-top-right:0px;--awb-border-radius-bottom-right:0px;--awb-border-radius-bottom-left:0px;--awb-padding-top:40px;--awb-padding-bottom:0px;--awb-padding-top-small:0px;--awb-padding-right-small:20px;--awb-padding-left-small:20px;--awb-flex-wrap:wrap;\" ><div class=\"fusion-builder-row fusion-row fusion-flex-align-items-flex-start fusion-flex-justify-content-center fusion-flex-content-wrap\" style=\"max-width:1414.4px;margin-left: calc(-4% \/ 2 );margin-right: calc(-4% \/ 2 );\"><div class=\"fusion-layout-column fusion_builder_column fusion-builder-column-4 fusion_builder_column_1_3 1_3 fusion-flex-column id-23774\" style=\"--awb-bg-size:cover;--awb-width-large:33.333333333333%;--awb-margin-top-large:0px;--awb-spacing-right-large:5.76%;--awb-margin-bottom-large:50px;--awb-spacing-left-large:5.76%;--awb-width-medium:33.333333333333%;--awb-order-medium:0;--awb-spacing-right-medium:5.76%;--awb-spacing-left-medium:5.76%;--awb-width-small:100%;--awb-order-small:0;--awb-spacing-right-small:1.92%;--awb-spacing-left-small:1.92%;\" data-scroll-devices=\"small-visibility,medium-visibility,large-visibility\"><div class=\"fusion-column-wrapper fusion-column-has-shadow fusion-flex-justify-content-flex-start fusion-content-layout-column\"><div class=\"fusion-image-element \" style=\"--awb-aspect-ratio:4 \/ 3;--awb-caption-title-font-family:var(--h2_typography-font-family);--awb-caption-title-font-weight:var(--h2_typography-font-weight);--awb-caption-title-font-style:var(--h2_typography-font-style);--awb-caption-title-size:0px;--awb-caption-title-transform:var(--h2_typography-text-transform);--awb-caption-title-line-height:var(--h2_typography-line-height);--awb-caption-title-letter-spacing:var(--h2_typography-letter-spacing);\"><span class=\" fusion-imageframe imageframe-none imageframe-2 hover-type-zoomin has-aspect-ratio\" style=\"border-radius:12px;\"><img decoding=\"async\" width=\"1920\" height=\"1278\" title=\"Nugentov park, Trsatski ka\u0161tel\" src=\"https:\/\/visitrijeka.hr\/wp-content\/uploads\/2023\/03\/nugentov-glavna.jpg\" data-orig-src=\"https:\/\/visitrijeka.hr\/wp-content\/uploads\/2023\/03\/nugentov-glavna.jpg\" class=\"lazyload img-responsive wp-image-14753 img-with-aspect-ratio\" data-parent-fit=\"cover\" data-parent-container=\".fusion-image-element\" alt srcset=\"data:image\/svg+xml,%3Csvg%20xmlns%3D%27http%3A%2F%2Fwww.w3.org%2F2000%2Fsvg%27%20width%3D%271920%27%20height%3D%271278%27%20viewBox%3D%270%200%201920%201278%27%3E%3Crect%20width%3D%271920%27%20height%3D%271278%27%20fill-opacity%3D%220%22%2F%3E%3C%2Fsvg%3E\" data-srcset=\"https:\/\/visitrijeka.hr\/wp-content\/uploads\/2023\/03\/nugentov-glavna-200x133.jpg 200w, https:\/\/visitrijeka.hr\/wp-content\/uploads\/2023\/03\/nugentov-glavna-400x266.jpg 400w, https:\/\/visitrijeka.hr\/wp-content\/uploads\/2023\/03\/nugentov-glavna-600x399.jpg 600w, https:\/\/visitrijeka.hr\/wp-content\/uploads\/2023\/03\/nugentov-glavna-800x533.jpg 800w, https:\/\/visitrijeka.hr\/wp-content\/uploads\/2023\/03\/nugentov-glavna-1200x799.jpg 1200w, https:\/\/visitrijeka.hr\/wp-content\/uploads\/2023\/03\/nugentov-glavna.jpg 1920w\" data-sizes=\"auto\" data-orig-sizes=\"(max-width: 800px) 100vw, 600px\" \/><\/span><\/div><div class=\"fusion-text fusion-text-4 fusion-text-no-margin slovoodlomka_veliko\" style=\"--awb-text-color:var(--awb-color8);--awb-margin-top:30px;--awb-margin-right:20px;--awb-margin-bottom:0px;--awb-margin-left:10px;--awb-text-font-family:&quot;SSP-Regular-400&quot;;--awb-text-font-style:normal;--awb-text-font-weight:400;\"><p>Trsat ist der richtige Ort f\u00fcr Romantiker. Man kann hier durch den Park des Marienheiligtums der Muttergottes und zu geheimnisvollen und versteckten Ecken von Trsat spazieren gehen, in einem der zahlreichen Caf\u00e9s Kaffee trinken und die Atmosph\u00e4re der altert\u00fcmlichen Burg von Trsat auf sich wirken lassen&#8230; Wenn Sie sich trauen, den n\u00e4chsten Schritt zu machen und glauben, dass die Burg von Trsat der richtige Ort dazu ist, kann man hier auch im Gef\u00fcge des historischen Geb\u00e4udes mit Blick auf Rijeka und die Bucht Hochzeiten organisieren.<\/p>\n<\/div><div ><a class=\"fusion-button button-flat fusion-button-default-size button-custom fusion-button-default button-1 fusion-button-default-span fusion-button-default-type\" style=\"--button_accent_color:var(--awb-color1);--button_accent_hover_color:var(--awb-color1);--button_border_hover_color:var(--awb-color4);--button_gradient_top_color:var(--awb-color4);--button_gradient_bottom_color:var(--awb-color4);--button_gradient_top_color_hover:var(--awb-color4);--button_gradient_bottom_color_hover:var(--awb-color4);--button_padding-top:18px;--button_padding-right:30px;--button_padding-bottom:18px;--button_padding-left:30px;--button_typography-font-family:&quot;SSP-Semibold-600&quot;;--button_typography-font-style:normal;--button_typography-font-weight:400;--button_margin-top:40px;--button_margin-left:10px;\" target=\"_self\" href=\"https:\/\/visitrijeka.hr\/de\/trsat\/\"><span class=\"fusion-button-text awb-button__text awb-button__text--default\">Erfahre mehr<\/span><i class=\"awb-touroperator-arrow-1 awb-button__icon awb-button__icon--default button-icon-right\" aria-hidden=\"true\"><\/i><\/a><\/div><\/div><\/div><div class=\"fusion-layout-column fusion_builder_column fusion-builder-column-5 fusion_builder_column_1_3 1_3 fusion-flex-column id-23774\" style=\"--awb-bg-size:cover;--awb-width-large:33.333333333333%;--awb-margin-top-large:0px;--awb-spacing-right-large:5.76%;--awb-margin-bottom-large:50px;--awb-spacing-left-large:5.76%;--awb-width-medium:33.333333333333%;--awb-order-medium:0;--awb-spacing-right-medium:5.76%;--awb-spacing-left-medium:5.76%;--awb-width-small:100%;--awb-order-small:0;--awb-spacing-right-small:1.92%;--awb-spacing-left-small:1.92%;\"><div class=\"fusion-column-wrapper fusion-column-has-shadow fusion-flex-justify-content-flex-start fusion-content-layout-column\"><div class=\"fusion-image-element \" style=\"--awb-aspect-ratio:4 \/ 3;--awb-caption-title-font-family:var(--h2_typography-font-family);--awb-caption-title-font-weight:var(--h2_typography-font-weight);--awb-caption-title-font-style:var(--h2_typography-font-style);--awb-caption-title-size:0px;--awb-caption-title-transform:var(--h2_typography-text-transform);--awb-caption-title-line-height:var(--h2_typography-line-height);--awb-caption-title-letter-spacing:var(--h2_typography-letter-spacing);\"><span class=\" fusion-imageframe imageframe-none imageframe-3 hover-type-zoomin has-aspect-ratio\" style=\"border-radius:12px;\"><img decoding=\"async\" width=\"1800\" height=\"1200\" title=\"3 dana u Rijeci\" src=\"https:\/\/visitrijeka.hr\/wp-content\/uploads\/2023\/04\/3-dana-u-Rijeci-min.jpg\" data-orig-src=\"https:\/\/visitrijeka.hr\/wp-content\/uploads\/2023\/04\/3-dana-u-Rijeci-min.jpg\" class=\"lazyload img-responsive wp-image-16788 img-with-aspect-ratio\" data-parent-fit=\"cover\" data-parent-container=\".fusion-image-element\" alt srcset=\"data:image\/svg+xml,%3Csvg%20xmlns%3D%27http%3A%2F%2Fwww.w3.org%2F2000%2Fsvg%27%20width%3D%271800%27%20height%3D%271200%27%20viewBox%3D%270%200%201800%201200%27%3E%3Crect%20width%3D%271800%27%20height%3D%271200%27%20fill-opacity%3D%220%22%2F%3E%3C%2Fsvg%3E\" data-srcset=\"https:\/\/visitrijeka.hr\/wp-content\/uploads\/2023\/04\/3-dana-u-Rijeci-min-200x133.jpg 200w, https:\/\/visitrijeka.hr\/wp-content\/uploads\/2023\/04\/3-dana-u-Rijeci-min-400x267.jpg 400w, https:\/\/visitrijeka.hr\/wp-content\/uploads\/2023\/04\/3-dana-u-Rijeci-min-600x400.jpg 600w, https:\/\/visitrijeka.hr\/wp-content\/uploads\/2023\/04\/3-dana-u-Rijeci-min-800x533.jpg 800w, https:\/\/visitrijeka.hr\/wp-content\/uploads\/2023\/04\/3-dana-u-Rijeci-min-1200x800.jpg 1200w, https:\/\/visitrijeka.hr\/wp-content\/uploads\/2023\/04\/3-dana-u-Rijeci-min.jpg 1800w\" data-sizes=\"auto\" data-orig-sizes=\"(max-width: 800px) 100vw, 600px\" \/><\/span><\/div><div class=\"fusion-text fusion-text-5 fusion-text-no-margin slovoodlomka_veliko\" style=\"--awb-text-color:var(--awb-color8);--awb-margin-top:30px;--awb-margin-right:20px;--awb-margin-bottom:0px;--awb-margin-left:10px;--awb-text-font-family:&quot;SSP-Regular-400&quot;;--awb-text-font-style:normal;--awb-text-font-weight:400;\"><p>Lernen Sie die Stadt vom Meer aus kennen, indem Sie \u00fcber eine der sch\u00f6nsten Promenaden laufen &#8211; \u00fcber den Steg Molo Longo, von welchem sich eine einzigartige Aussicht auf die Stadt erstreckt. Wenn die 2 Kilometer lange Promenade zu lang f\u00fcr Sie zum Gehen erscheint, k\u00f6nnen Sie auch ein Fahrrad mieten.<\/p>\n<\/div><div ><a class=\"fusion-button button-flat fusion-button-default-size button-custom fusion-button-default button-2 fusion-button-default-span fusion-button-default-type\" style=\"--button_accent_color:var(--awb-color1);--button_accent_hover_color:var(--awb-color1);--button_border_hover_color:var(--awb-color4);--button_gradient_top_color:var(--awb-color4);--button_gradient_bottom_color:var(--awb-color4);--button_gradient_top_color_hover:var(--awb-color4);--button_gradient_bottom_color_hover:var(--awb-color4);--button_padding-top:18px;--button_padding-right:30px;--button_padding-bottom:18px;--button_padding-left:30px;--button_typography-font-family:&quot;SSP-Semibold-600&quot;;--button_typography-font-style:normal;--button_typography-font-weight:400;--button_margin-top:40px;--button_margin-left:10px;\" target=\"_self\" href=\"https:\/\/visitrijeka.hr\/de\/hafendamm\/\"><span class=\"fusion-button-text awb-button__text awb-button__text--default\">Erfahre mehr<\/span><i class=\"awb-touroperator-arrow-1 awb-button__icon awb-button__icon--default button-icon-right\" aria-hidden=\"true\"><\/i><\/a><\/div><\/div><\/div><div class=\"fusion-layout-column fusion_builder_column fusion-builder-column-6 fusion_builder_column_1_3 1_3 fusion-flex-column id-23774\" style=\"--awb-bg-size:cover;--awb-width-large:33.333333333333%;--awb-margin-top-large:0px;--awb-spacing-right-large:5.76%;--awb-margin-bottom-large:50px;--awb-spacing-left-large:5.76%;--awb-width-medium:33.333333333333%;--awb-order-medium:0;--awb-spacing-right-medium:5.76%;--awb-spacing-left-medium:5.76%;--awb-width-small:100%;--awb-order-small:0;--awb-spacing-right-small:1.92%;--awb-spacing-left-small:1.92%;\"><div class=\"fusion-column-wrapper fusion-column-has-shadow fusion-flex-justify-content-flex-start fusion-content-layout-column\"><div class=\"fusion-image-element \" style=\"--awb-aspect-ratio:4 \/ 3;--awb-caption-title-font-family:var(--h2_typography-font-family);--awb-caption-title-font-weight:var(--h2_typography-font-weight);--awb-caption-title-font-style:var(--h2_typography-font-style);--awb-caption-title-size:0px;--awb-caption-title-transform:var(--h2_typography-text-transform);--awb-caption-title-line-height:var(--h2_typography-line-height);--awb-caption-title-letter-spacing:var(--h2_typography-letter-spacing);\"><span class=\" fusion-imageframe imageframe-none imageframe-4 hover-type-zoomin has-aspect-ratio\" style=\"border-radius:12px;\"><img decoding=\"async\" width=\"1920\" height=\"1280\" title=\"Tjedan dana u Rijeci\" src=\"https:\/\/visitrijeka.hr\/wp-content\/uploads\/2023\/04\/Tjedan-dana-u-Rijeci.jpg\" data-orig-src=\"https:\/\/visitrijeka.hr\/wp-content\/uploads\/2023\/04\/Tjedan-dana-u-Rijeci.jpg\" class=\"lazyload img-responsive wp-image-16738 img-with-aspect-ratio\" data-parent-fit=\"cover\" data-parent-container=\".fusion-image-element\" alt srcset=\"data:image\/svg+xml,%3Csvg%20xmlns%3D%27http%3A%2F%2Fwww.w3.org%2F2000%2Fsvg%27%20width%3D%271920%27%20height%3D%271280%27%20viewBox%3D%270%200%201920%201280%27%3E%3Crect%20width%3D%271920%27%20height%3D%271280%27%20fill-opacity%3D%220%22%2F%3E%3C%2Fsvg%3E\" data-srcset=\"https:\/\/visitrijeka.hr\/wp-content\/uploads\/2023\/04\/Tjedan-dana-u-Rijeci-200x133.jpg 200w, https:\/\/visitrijeka.hr\/wp-content\/uploads\/2023\/04\/Tjedan-dana-u-Rijeci-400x267.jpg 400w, https:\/\/visitrijeka.hr\/wp-content\/uploads\/2023\/04\/Tjedan-dana-u-Rijeci-600x400.jpg 600w, https:\/\/visitrijeka.hr\/wp-content\/uploads\/2023\/04\/Tjedan-dana-u-Rijeci-800x533.jpg 800w, https:\/\/visitrijeka.hr\/wp-content\/uploads\/2023\/04\/Tjedan-dana-u-Rijeci-1200x800.jpg 1200w, https:\/\/visitrijeka.hr\/wp-content\/uploads\/2023\/04\/Tjedan-dana-u-Rijeci.jpg 1920w\" data-sizes=\"auto\" data-orig-sizes=\"(max-width: 800px) 100vw, 600px\" \/><\/span><\/div><div class=\"fusion-text fusion-text-6 fusion-text-no-margin slovoodlomka_veliko\" style=\"--awb-text-color:var(--awb-color8);--awb-margin-top:30px;--awb-margin-right:20px;--awb-margin-bottom:0px;--awb-margin-left:10px;--awb-text-font-family:&quot;SSP-Regular-400&quot;;--awb-text-font-style:normal;--awb-text-font-weight:400;\"><p>Besuchen Sie einen der lebendigsten Orte in Rijeka, den Hauptmarktplatz \u201ePlaca\u201c. In der N\u00e4he stehen auch etliche charmante Tavernen und Restaurants, wo man in romantischer Atmosph\u00e4re essen kann.<\/p>\n<\/div><div ><a class=\"fusion-button button-flat fusion-button-default-size button-custom fusion-button-default button-3 fusion-button-default-span fusion-button-default-type\" style=\"--button_accent_color:var(--awb-color1);--button_accent_hover_color:var(--awb-color1);--button_border_hover_color:var(--awb-color4);--button_gradient_top_color:var(--awb-color4);--button_gradient_bottom_color:var(--awb-color4);--button_gradient_top_color_hover:var(--awb-color4);--button_gradient_bottom_color_hover:var(--awb-color4);--button_padding-top:18px;--button_padding-right:30px;--button_padding-bottom:18px;--button_padding-left:30px;--button_typography-font-family:&quot;SSP-Semibold-600&quot;;--button_typography-font-style:normal;--button_typography-font-weight:400;--button_margin-top:40px;--button_margin-left:10px;\" target=\"_self\"><span class=\"fusion-button-text awb-button__text awb-button__text--default\">Erfahre mehr<\/span><i class=\"awb-touroperator-arrow-1 awb-button__icon awb-button__icon--default button-icon-right\" aria-hidden=\"true\"><\/i><\/a><\/div><\/div><\/div><div class=\"fusion-layout-column fusion_builder_column fusion-builder-column-7 fusion_builder_column_1_2 1_2 fusion-flex-column id-23774\" style=\"--awb-bg-size:cover;--awb-width-large:50%;--awb-margin-top-large:0px;--awb-spacing-right-large:3.84%;--awb-margin-bottom-large:50px;--awb-spacing-left-large:3.84%;--awb-width-medium:50%;--awb-order-medium:0;--awb-spacing-right-medium:3.84%;--awb-spacing-left-medium:3.84%;--awb-width-small:100%;--awb-order-small:0;--awb-spacing-right-small:1.92%;--awb-spacing-left-small:1.92%;\"><div class=\"fusion-column-wrapper fusion-column-has-shadow fusion-flex-justify-content-flex-start fusion-content-layout-column\"><div class=\"fusion-image-element \" style=\"--awb-aspect-ratio:4 \/ 3;--awb-caption-title-font-family:var(--h2_typography-font-family);--awb-caption-title-font-weight:var(--h2_typography-font-weight);--awb-caption-title-font-style:var(--h2_typography-font-style);--awb-caption-title-size:0px;--awb-caption-title-transform:var(--h2_typography-text-transform);--awb-caption-title-line-height:var(--h2_typography-line-height);--awb-caption-title-letter-spacing:var(--h2_typography-letter-spacing);\"><span class=\" fusion-imageframe imageframe-none imageframe-5 hover-type-zoomin has-aspect-ratio\" style=\"border-radius:12px;\"><img decoding=\"async\" width=\"1080\" height=\"810\" title=\"Astronomski centar Rijeka\" src=\"https:\/\/visitrijeka.hr\/wp-content\/uploads\/2023\/03\/zvjezdarnica-glavna.jpeg\" data-orig-src=\"https:\/\/visitrijeka.hr\/wp-content\/uploads\/2023\/03\/zvjezdarnica-glavna.jpeg\" class=\"lazyload img-responsive wp-image-13668 img-with-aspect-ratio\" data-parent-fit=\"cover\" data-parent-container=\".fusion-image-element\" alt srcset=\"data:image\/svg+xml,%3Csvg%20xmlns%3D%27http%3A%2F%2Fwww.w3.org%2F2000%2Fsvg%27%20width%3D%271080%27%20height%3D%27810%27%20viewBox%3D%270%200%201080%20810%27%3E%3Crect%20width%3D%271080%27%20height%3D%27810%27%20fill-opacity%3D%220%22%2F%3E%3C%2Fsvg%3E\" data-srcset=\"https:\/\/visitrijeka.hr\/wp-content\/uploads\/2023\/03\/zvjezdarnica-glavna-200x150.jpeg 200w, https:\/\/visitrijeka.hr\/wp-content\/uploads\/2023\/03\/zvjezdarnica-glavna-400x300.jpeg 400w, https:\/\/visitrijeka.hr\/wp-content\/uploads\/2023\/03\/zvjezdarnica-glavna-600x450.jpeg 600w, https:\/\/visitrijeka.hr\/wp-content\/uploads\/2023\/03\/zvjezdarnica-glavna-800x600.jpeg 800w, https:\/\/visitrijeka.hr\/wp-content\/uploads\/2023\/03\/zvjezdarnica-glavna.jpeg 1080w\" data-sizes=\"auto\" data-orig-sizes=\"(max-width: 800px) 100vw, 800px\" \/><\/span><\/div><div class=\"fusion-text fusion-text-7 fusion-text-no-margin slovoodlomka_veliko\" style=\"--awb-text-color:var(--awb-color8);--awb-margin-top:30px;--awb-margin-right:20px;--awb-margin-bottom:0px;--awb-margin-left:10px;--awb-text-font-family:&quot;SSP-Regular-400&quot;;--awb-text-font-style:normal;--awb-text-font-weight:400;\"><p>Sehen Sie sich zusammen im Astronomischen Zentrum Rijeka die Sterne an oder genie\u00dfen Sie von der Terrasse der Sternwarte den Blick auf die etwas n\u00e4her gelegene, aber atemberaubende Bucht.<\/p>\n<\/div><div ><a class=\"fusion-button button-flat fusion-button-default-size button-custom fusion-button-default button-4 fusion-button-default-span fusion-button-default-type\" style=\"--button_accent_color:var(--awb-color1);--button_accent_hover_color:var(--awb-color1);--button_border_hover_color:var(--awb-color4);--button_gradient_top_color:var(--awb-color4);--button_gradient_bottom_color:var(--awb-color4);--button_gradient_top_color_hover:var(--awb-color4);--button_gradient_bottom_color_hover:var(--awb-color4);--button_padding-top:18px;--button_padding-right:30px;--button_padding-bottom:18px;--button_padding-left:30px;--button_typography-font-family:&quot;SSP-Semibold-600&quot;;--button_typography-font-style:normal;--button_typography-font-weight:400;--button_margin-top:40px;--button_margin-left:10px;\" target=\"_self\" href=\"https:\/\/visitrijeka.hr\/de\/astronomisches-zentrum-rijeka\/\"><span class=\"fusion-button-text awb-button__text awb-button__text--default\">Erfahre mehr<\/span><i class=\"awb-touroperator-arrow-1 awb-button__icon awb-button__icon--default button-icon-right\" aria-hidden=\"true\"><\/i><\/a><\/div><\/div><\/div><div class=\"fusion-layout-column fusion_builder_column fusion-builder-column-8 fusion_builder_column_1_2 1_2 fusion-flex-column id-23774\" style=\"--awb-bg-size:cover;--awb-width-large:50%;--awb-margin-top-large:0px;--awb-spacing-right-large:3.84%;--awb-margin-bottom-large:50px;--awb-spacing-left-large:3.84%;--awb-width-medium:50%;--awb-order-medium:0;--awb-spacing-right-medium:3.84%;--awb-spacing-left-medium:3.84%;--awb-width-small:100%;--awb-order-small:0;--awb-spacing-right-small:1.92%;--awb-spacing-left-small:1.92%;\"><div class=\"fusion-column-wrapper fusion-column-has-shadow fusion-flex-justify-content-flex-start fusion-content-layout-column\"><div class=\"fusion-image-element \" style=\"--awb-aspect-ratio:4 \/ 3;--awb-caption-title-font-family:var(--h2_typography-font-family);--awb-caption-title-font-weight:var(--h2_typography-font-weight);--awb-caption-title-font-style:var(--h2_typography-font-style);--awb-caption-title-size:0px;--awb-caption-title-transform:var(--h2_typography-text-transform);--awb-caption-title-line-height:var(--h2_typography-line-height);--awb-caption-title-letter-spacing:var(--h2_typography-letter-spacing);\"><span class=\" fusion-imageframe imageframe-none imageframe-6 hover-type-zoomin has-aspect-ratio\" style=\"border-radius:12px;\"><img decoding=\"async\" width=\"1000\" height=\"666\" title=\"Bazeni Kantrida\" src=\"https:\/\/visitrijeka.hr\/wp-content\/uploads\/2023\/04\/DJI_0095-scaled-1-min.jpg\" data-orig-src=\"https:\/\/visitrijeka.hr\/wp-content\/uploads\/2023\/04\/DJI_0095-scaled-1-min.jpg\" class=\"lazyload img-responsive wp-image-16838 img-with-aspect-ratio\" data-parent-fit=\"cover\" data-parent-container=\".fusion-image-element\" alt srcset=\"data:image\/svg+xml,%3Csvg%20xmlns%3D%27http%3A%2F%2Fwww.w3.org%2F2000%2Fsvg%27%20width%3D%271000%27%20height%3D%27666%27%20viewBox%3D%270%200%201000%20666%27%3E%3Crect%20width%3D%271000%27%20height%3D%27666%27%20fill-opacity%3D%220%22%2F%3E%3C%2Fsvg%3E\" data-srcset=\"https:\/\/visitrijeka.hr\/wp-content\/uploads\/2023\/04\/DJI_0095-scaled-1-min-200x133.jpg 200w, https:\/\/visitrijeka.hr\/wp-content\/uploads\/2023\/04\/DJI_0095-scaled-1-min-400x266.jpg 400w, https:\/\/visitrijeka.hr\/wp-content\/uploads\/2023\/04\/DJI_0095-scaled-1-min-600x400.jpg 600w, https:\/\/visitrijeka.hr\/wp-content\/uploads\/2023\/04\/DJI_0095-scaled-1-min-800x533.jpg 800w, https:\/\/visitrijeka.hr\/wp-content\/uploads\/2023\/04\/DJI_0095-scaled-1-min.jpg 1000w\" data-sizes=\"auto\" data-orig-sizes=\"(max-width: 800px) 100vw, 800px\" \/><\/span><\/div><div class=\"fusion-text fusion-text-8 fusion-text-no-margin slovoodlomka_veliko\" style=\"--awb-text-color:var(--awb-color8);--awb-margin-top:30px;--awb-margin-right:20px;--awb-margin-bottom:0px;--awb-margin-left:10px;--awb-text-font-family:&quot;SSP-Regular-400&quot;;--awb-text-font-style:normal;--awb-text-font-weight:400;\"><p>Finden Sie in den Sommermonaten den f\u00fcr Sie geeignetsten Strand und w\u00e4hlen unter den gr\u00f6\u00dferen Kies- oder den etwas kleineren und versteckten einsamen Str\u00e4nden, die an beiden Seiten der Stadt zu finden sind. Wenn das Wetter nicht zum Baden im Meer geeignet ist, k\u00f6nnen Sie den Schwimmbadkomplex Kantrida besuchen, der in seinem Gef\u00fcge auch ein Wellnesszentrum, ein Restaurant und Caf\u00e9 hat.<\/p>\n<\/div><div ><a class=\"fusion-button button-flat fusion-button-default-size button-custom fusion-button-default button-5 fusion-button-default-span fusion-button-default-type\" style=\"--button_accent_color:var(--awb-color1);--button_accent_hover_color:var(--awb-color1);--button_border_hover_color:var(--awb-color4);--button_gradient_top_color:var(--awb-color4);--button_gradient_bottom_color:var(--awb-color4);--button_gradient_top_color_hover:var(--awb-color4);--button_gradient_bottom_color_hover:var(--awb-color4);--button_padding-top:18px;--button_padding-right:30px;--button_padding-bottom:18px;--button_padding-left:30px;--button_typography-font-family:&quot;SSP-Semibold-600&quot;;--button_typography-font-style:normal;--button_typography-font-weight:400;--button_margin-top:40px;--button_margin-left:10px;\" target=\"_self\" href=\"https:\/\/visitrijeka.hr\/de\/straende\/\"><span class=\"fusion-button-text awb-button__text awb-button__text--default\">Erfahre mehr<\/span><i class=\"awb-touroperator-arrow-1 awb-button__icon awb-button__icon--default button-icon-right\" aria-hidden=\"true\"><\/i><\/a><\/div><\/div><\/div><\/div><\/div><\/div><div class=\"fusion-fullwidth fullwidth-box fusion-builder-row-3 fusion-flex-container has-pattern-background has-mask-background nonhundred-percent-fullwidth non-hundred-percent-height-scrolling\" style=\"--awb-border-radius-top-left:0px;--awb-border-radius-top-right:0px;--awb-border-radius-bottom-right:0px;--awb-border-radius-bottom-left:0px;--awb-padding-top:45px;--awb-padding-top-small:0px;--awb-padding-right-small:20px;--awb-padding-left-small:20px;--awb-background-image:linear-gradient(180deg, var(--awb-color2) 0%,rgba(255,255,255,0) 100%);--awb-flex-wrap:wrap;\" ><div class=\"fusion-builder-row fusion-row fusion-flex-align-items-flex-start fusion-flex-content-wrap\" style=\"max-width:1414.4px;margin-left: calc(-4% \/ 2 );margin-right: calc(-4% \/ 2 );\"><div class=\"fusion-layout-column fusion_builder_column fusion-builder-column-9 fusion_builder_column_1_1 1_1 fusion-flex-column id-23774\" style=\"--awb-bg-size:cover;--awb-width-large:100%;--awb-margin-top-large:0px;--awb-spacing-right-large:1.92%;--awb-margin-bottom-large:0px;--awb-spacing-left-large:1.92%;--awb-width-medium:100%;--awb-order-medium:0;--awb-spacing-right-medium:1.92%;--awb-spacing-left-medium:1.92%;--awb-width-small:100%;--awb-order-small:0;--awb-spacing-right-small:1.92%;--awb-spacing-left-small:1.92%;\"><div class=\"fusion-column-wrapper fusion-column-has-shadow fusion-flex-justify-content-flex-start fusion-content-layout-column\"><\/div><\/div><div class=\"fusion-layout-column fusion_builder_column fusion-builder-column-10 fusion_builder_column_1_2 1_2 fusion-flex-column id-23774\" style=\"--awb-bg-size:cover;--awb-width-large:50%;--awb-margin-top-large:0px;--awb-spacing-right-large:3.84%;--awb-margin-bottom-large:80px;--awb-spacing-left-large:3.84%;--awb-width-medium:50%;--awb-order-medium:0;--awb-spacing-right-medium:3.84%;--awb-spacing-left-medium:3.84%;--awb-width-small:100%;--awb-order-small:0;--awb-spacing-right-small:1.92%;--awb-spacing-left-small:1.92%;\"><div class=\"fusion-column-wrapper fusion-column-has-shadow fusion-flex-justify-content-flex-start fusion-content-layout-column\"><div class=\"fusion-builder-row fusion-builder-row-inner fusion-row fusion-flex-align-items-flex-start fusion-flex-content-wrap\" style=\"width:104% !important;max-width:104% !important;margin-left: calc(-4% \/ 2 );margin-right: calc(-4% \/ 2 );\"><div class=\"fusion-layout-column fusion_builder_column_inner fusion-builder-nested-column-0 fusion_builder_column_inner_1_2 1_2 fusion-flex-column\" style=\"--awb-bg-size:cover;--awb-width-large:50%;--awb-margin-top-large:0px;--awb-spacing-right-large:3.84%;--awb-margin-bottom-large:0px;--awb-spacing-left-large:3.84%;--awb-width-medium:50%;--awb-order-medium:0;--awb-spacing-right-medium:3.84%;--awb-spacing-left-medium:3.84%;--awb-width-small:100%;--awb-order-small:0;--awb-spacing-right-small:1.92%;--awb-spacing-left-small:1.92%;\"><div class=\"fusion-column-wrapper fusion-column-has-shadow fusion-flex-justify-content-flex-start fusion-content-layout-column\"><div class=\"fusion-image-element \" style=\"--awb-aspect-ratio:1 \/ 1;--awb-object-position:28% 55%;--awb-caption-title-font-family:var(--h2_typography-font-family);--awb-caption-title-font-weight:var(--h2_typography-font-weight);--awb-caption-title-font-style:var(--h2_typography-font-style);--awb-caption-title-size:var(--h2_typography-font-size);--awb-caption-title-transform:var(--h2_typography-text-transform);--awb-caption-title-line-height:var(--h2_typography-line-height);--awb-caption-title-letter-spacing:var(--h2_typography-letter-spacing);\"><span class=\" fusion-imageframe imageframe-none imageframe-7 hover-type-zoomin has-aspect-ratio\" style=\"border-radius:12px;\"><img decoding=\"async\" width=\"1000\" height=\"667\" title=\"Aquila Food&#038;wine\" src=\"https:\/\/visitrijeka.hr\/wp-content\/uploads\/2023\/03\/Aquila-Foodwine-1-min.jpg\" data-orig-src=\"https:\/\/visitrijeka.hr\/wp-content\/uploads\/2023\/03\/Aquila-Foodwine-1-min.jpg\" class=\"lazyload img-responsive wp-image-12481 img-with-aspect-ratio\" data-parent-fit=\"cover\" data-parent-container=\".fusion-image-element\" alt srcset=\"data:image\/svg+xml,%3Csvg%20xmlns%3D%27http%3A%2F%2Fwww.w3.org%2F2000%2Fsvg%27%20width%3D%271000%27%20height%3D%27667%27%20viewBox%3D%270%200%201000%20667%27%3E%3Crect%20width%3D%271000%27%20height%3D%27667%27%20fill-opacity%3D%220%22%2F%3E%3C%2Fsvg%3E\" data-srcset=\"https:\/\/visitrijeka.hr\/wp-content\/uploads\/2023\/03\/Aquila-Foodwine-1-min-200x133.jpg 200w, https:\/\/visitrijeka.hr\/wp-content\/uploads\/2023\/03\/Aquila-Foodwine-1-min-400x267.jpg 400w, https:\/\/visitrijeka.hr\/wp-content\/uploads\/2023\/03\/Aquila-Foodwine-1-min-600x400.jpg 600w, https:\/\/visitrijeka.hr\/wp-content\/uploads\/2023\/03\/Aquila-Foodwine-1-min-800x534.jpg 800w, https:\/\/visitrijeka.hr\/wp-content\/uploads\/2023\/03\/Aquila-Foodwine-1-min.jpg 1000w\" data-sizes=\"auto\" data-orig-sizes=\"(max-width: 800px) 100vw, 800px\" \/><\/span><\/div><\/div><\/div><div class=\"fusion-layout-column fusion_builder_column_inner fusion-builder-nested-column-1 fusion_builder_column_inner_1_2 1_2 fusion-flex-column fusion-flex-align-self-center\" style=\"--awb-padding-right:20px;--awb-padding-left:20px;--awb-bg-size:cover;--awb-width-large:50%;--awb-margin-top-large:0px;--awb-spacing-right-large:3.84%;--awb-margin-bottom-large:0px;--awb-spacing-left-large:3.84%;--awb-width-medium:50%;--awb-order-medium:0;--awb-spacing-right-medium:3.84%;--awb-spacing-left-medium:3.84%;--awb-width-small:100%;--awb-order-small:0;--awb-margin-top-small:30px;--awb-spacing-right-small:1.92%;--awb-spacing-left-small:1.92%;\" data-scroll-devices=\"small-visibility,medium-visibility,large-visibility\"><div class=\"fusion-column-wrapper fusion-column-has-shadow fusion-flex-justify-content-flex-start fusion-content-layout-column\"><div class=\"fusion-text fusion-text-9 slovoodlomka_veliko\"><p>Gehen Sie abends ins Kino oder Theater und danach in ein Restaurant oder einen Club Ihrer Wahl.<\/p>\n<\/div><div ><a class=\"fusion-button button-flat fusion-button-default-size button-default fusion-button-default button-6 fusion-button-default-span fusion-button-default-type\" style=\"--button_margin-top:20px;\" target=\"_self\" href=\"https:\/\/visitrijeka.hr\/de\/unterhaltung\/\"><span class=\"fusion-button-text awb-button__text awb-button__text--default\">Alle Gastst\u00e4tten<\/span><\/a><\/div><\/div><\/div><\/div><\/div><\/div><div class=\"fusion-layout-column fusion_builder_column fusion-builder-column-11 fusion_builder_column_1_2 1_2 fusion-flex-column id-23774\" style=\"--awb-bg-size:cover;--awb-width-large:50%;--awb-margin-top-large:0px;--awb-spacing-right-large:3.84%;--awb-margin-bottom-large:80px;--awb-spacing-left-large:3.84%;--awb-width-medium:50%;--awb-order-medium:0;--awb-spacing-right-medium:3.84%;--awb-spacing-left-medium:3.84%;--awb-width-small:100%;--awb-order-small:0;--awb-spacing-right-small:1.92%;--awb-spacing-left-small:1.92%;\"><div class=\"fusion-column-wrapper fusion-column-has-shadow fusion-flex-justify-content-flex-start fusion-content-layout-column\"><div class=\"fusion-builder-row fusion-builder-row-inner fusion-row fusion-flex-align-items-flex-start fusion-flex-content-wrap\" style=\"width:104% !important;max-width:104% !important;margin-left: calc(-4% \/ 2 );margin-right: calc(-4% \/ 2 );\"><div class=\"fusion-layout-column fusion_builder_column_inner fusion-builder-nested-column-2 fusion_builder_column_inner_1_2 1_2 fusion-flex-column\" style=\"--awb-bg-size:cover;--awb-width-large:50%;--awb-margin-top-large:0px;--awb-spacing-right-large:3.84%;--awb-margin-bottom-large:0px;--awb-spacing-left-large:3.84%;--awb-width-medium:50%;--awb-order-medium:0;--awb-spacing-right-medium:3.84%;--awb-spacing-left-medium:3.84%;--awb-width-small:100%;--awb-order-small:0;--awb-spacing-right-small:1.92%;--awb-spacing-left-small:1.92%;\"><div class=\"fusion-column-wrapper fusion-column-has-shadow fusion-flex-justify-content-flex-start fusion-content-layout-column\"><div class=\"fusion-image-element \" style=\"--awb-aspect-ratio:1 \/ 1;--awb-object-position:28% 55%;--awb-caption-title-font-family:var(--h2_typography-font-family);--awb-caption-title-font-weight:var(--h2_typography-font-weight);--awb-caption-title-font-style:var(--h2_typography-font-style);--awb-caption-title-size:var(--h2_typography-font-size);--awb-caption-title-transform:var(--h2_typography-text-transform);--awb-caption-title-line-height:var(--h2_typography-line-height);--awb-caption-title-letter-spacing:var(--h2_typography-letter-spacing);\"><span class=\" fusion-imageframe imageframe-none imageframe-8 hover-type-zoomin has-aspect-ratio\" style=\"border-radius:12px;\"><img decoding=\"async\" width=\"1024\" height=\"636\" title=\"Zapadni Trgova\u010dki Centar (ZTC)\" src=\"https:\/\/visitrijeka.hr\/wp-content\/uploads\/2023\/04\/ZTC6.jpg\" data-orig-src=\"https:\/\/visitrijeka.hr\/wp-content\/uploads\/2023\/04\/ZTC6.jpg\" class=\"lazyload img-responsive wp-image-16633 img-with-aspect-ratio\" data-parent-fit=\"cover\" data-parent-container=\".fusion-image-element\" alt srcset=\"data:image\/svg+xml,%3Csvg%20xmlns%3D%27http%3A%2F%2Fwww.w3.org%2F2000%2Fsvg%27%20width%3D%271024%27%20height%3D%27636%27%20viewBox%3D%270%200%201024%20636%27%3E%3Crect%20width%3D%271024%27%20height%3D%27636%27%20fill-opacity%3D%220%22%2F%3E%3C%2Fsvg%3E\" data-srcset=\"https:\/\/visitrijeka.hr\/wp-content\/uploads\/2023\/04\/ZTC6-200x124.jpg 200w, https:\/\/visitrijeka.hr\/wp-content\/uploads\/2023\/04\/ZTC6-400x248.jpg 400w, https:\/\/visitrijeka.hr\/wp-content\/uploads\/2023\/04\/ZTC6-600x373.jpg 600w, https:\/\/visitrijeka.hr\/wp-content\/uploads\/2023\/04\/ZTC6-800x497.jpg 800w, https:\/\/visitrijeka.hr\/wp-content\/uploads\/2023\/04\/ZTC6.jpg 1024w\" data-sizes=\"auto\" data-orig-sizes=\"(max-width: 800px) 100vw, 800px\" \/><\/span><\/div><\/div><\/div><div class=\"fusion-layout-column fusion_builder_column_inner fusion-builder-nested-column-3 fusion_builder_column_inner_1_2 1_2 fusion-flex-column fusion-flex-align-self-center\" style=\"--awb-padding-right:20px;--awb-padding-left:20px;--awb-bg-size:cover;--awb-width-large:50%;--awb-margin-top-large:30px;--awb-spacing-right-large:3.84%;--awb-margin-bottom-large:0px;--awb-spacing-left-large:3.84%;--awb-width-medium:50%;--awb-order-medium:0;--awb-spacing-right-medium:3.84%;--awb-spacing-left-medium:3.84%;--awb-width-small:100%;--awb-order-small:0;--awb-spacing-right-small:1.92%;--awb-spacing-left-small:1.92%;\" data-scroll-devices=\"small-visibility,medium-visibility,large-visibility\"><div class=\"fusion-column-wrapper fusion-column-has-shadow fusion-flex-justify-content-flex-start fusion-content-layout-column\"><div class=\"fusion-text fusion-text-10 slovoodlomka_veliko\"><p>Za one koji vole shopping u dvoje, tu su dva velika trgova\u010dka centra, svaki na svom kraju grada, gradske trgovine i suvenirnice.<\/p>\n<\/div><div ><a class=\"fusion-button button-flat fusion-button-default-size button-default fusion-button-default button-7 fusion-button-default-span fusion-button-default-type\" style=\"--button_margin-top:20px;\" target=\"_self\" href=\"https:\/\/visitrijeka.hr\/de\/shopping\/\"><span class=\"fusion-button-text awb-button__text awb-button__text--default\">Mehr Informationen<\/span><\/a><\/div><\/div><\/div><\/div><\/div><\/div><div class=\"fusion-layout-column fusion_builder_column fusion-builder-column-12 fusion_builder_column_1_1 1_1 fusion-flex-column id-23774\" style=\"--awb-padding-right:30px;--awb-padding-bottom:30px;--awb-padding-left:30px;--awb-overflow:hidden;--awb-bg-image:linear-gradient(180deg, hsla(var(--awb-custom_color_7-h),var(--awb-custom_color_7-s),var(--awb-custom_color_7-l),calc(var(--awb-custom_color_7-a) - 20%)) 0%,hsla(var(--awb-custom_color_7-h),var(--awb-custom_color_7-s),var(--awb-custom_color_7-l),calc(var(--awb-custom_color_7-a) - 30%)) 100%);;--awb-bg-position:center bottom;--awb-bg-size:cover;--awb-border-radius:12px 12px 12px 12px;--awb-width-large:100%;--awb-margin-top-large:0px;--awb-spacing-right-large:1.92%;--awb-margin-bottom-large:20px;--awb-spacing-left-large:1.92%;--awb-width-medium:100%;--awb-order-medium:0;--awb-spacing-right-medium:1.92%;--awb-spacing-left-medium:1.92%;--awb-width-small:100%;--awb-order-small:0;--awb-spacing-right-small:1.92%;--awb-spacing-left-small:1.92%;\" data-scroll-devices=\"small-visibility,medium-visibility,large-visibility\"><div class=\"fusion-column-wrapper lazyload fusion-column-has-shadow fusion-flex-justify-content-flex-start fusion-content-layout-column fusion-column-has-bg-image\" data-bg-url=\"https:\/\/visitrijeka.hr\/wp-content\/uploads\/2023\/01\/kastel_08_2015.jpg\" data-bg=\"https:\/\/visitrijeka.hr\/wp-content\/uploads\/2023\/01\/kastel_08_2015.jpg\" data-bg-gradient=\"linear-gradient(180deg, hsla(var(--awb-custom_color_7-h),var(--awb-custom_color_7-s),var(--awb-custom_color_7-l),calc(var(--awb-custom_color_7-a) - 20%)) 0%,hsla(var(--awb-custom_color_7-h),var(--awb-custom_color_7-s),var(--awb-custom_color_7-l),calc(var(--awb-custom_color_7-a) - 30%)) 100%)\"><i class=\"fb-icon-element-1 fb-icon-element fontawesome-icon fa-wifi fas circle-yes fusion-text-flow\" style=\"--awb-iconcolor:var(--awb-color1);--awb-iconcolor-hover:var(--awb-color1);--awb-circlecolor-hover:rgba(242,186,0,0);--awb-circlebordercolor-hover:var(--awb-color8);--awb-circlebordersize:0px;--awb-font-size:28.16px;--awb-width:56.32px;--awb-height:56.32px;--awb-line-height:56.32px;--awb-border-radius-top-l:0;--awb-border-radius-top-r:0;--awb-border-radius-bot-r:0;--awb-border-radius-bot-l:0;--awb-margin-right:16px;\"><\/i><div class=\"fusion-title title fusion-title-1 fusion-sep-none fusion-title-center fusion-title-text fusion-title-size-three\" style=\"--awb-text-color:var(--awb-color1);--awb-margin-top:0px;\"><h3 class=\"fusion-title-heading title-heading-center\" style=\"font-family:&quot;SSP-Bold-700&quot;;font-style:normal;font-weight:400;margin:0;\">Free wireless Internet<\/h3><\/div><div class=\"fusion-text fusion-text-11\" style=\"--awb-text-color:var(--awb-color1);\"><p style=\"text-align: center;\">Und damit Sie sich noch leichter in Rijeka zurechtfinden k\u00f6nnen, k\u00f6nnen Sie unsere mobile Anwendungen herunterladen, die Sie durch die Stadt navigiert. Und machen Sie sich dabei um das Internet keine Sorgen, denn im Stadtzentrum, auf Trsat und an noch einigen Standorten in der Stadt gibt es kostenlosen drahtlosen Internetzugang f\u00fcr alle..<\/p>\n<\/div><\/div><\/div>\n<\/div><\/div><\/p>\n","protected":false},"excerpt":{"rendered":"","protected":false},"author":1,"featured_media":16783,"parent":0,"menu_order":0,"comment_status":"closed","ping_status":"closed","template":"100-width.php","meta":{"_acf_changed":false,"inline_featured_image":false,"footnotes":""},"class_list":["post-23774","page","type-page","status-publish","has-post-thumbnail","hentry"],"acf":[],"yoast_head":"<!-- This site is optimized with the Yoast SEO plugin v26.3 - https:\/\/yoast.com\/wordpress\/plugins\/seo\/ -->\n<title>Rijeka zu zweit - Visit Rijeka<\/title>\n<meta name=\"robots\" content=\"index, follow, max-snippet:-1, max-image-preview:large, max-video-preview:-1\" \/>\n<link rel=\"canonical\" href=\"https:\/\/visitrijeka.hr\/de\/rijeka-zu-zweit\/\" \/>\n<meta property=\"og:locale\" content=\"de_DE\" \/>\n<meta property=\"og:type\" content=\"article\" \/>\n<meta property=\"og:title\" content=\"Rijeka zu zweit - Visit Rijeka\" \/>\n<meta property=\"og:url\" content=\"https:\/\/visitrijeka.hr\/de\/rijeka-zu-zweit\/\" \/>\n<meta property=\"og:site_name\" content=\"Visit Rijeka\" \/>\n<meta property=\"article:publisher\" content=\"https:\/\/www.facebook.com\/VisitRijeka\" \/>\n<meta property=\"article:modified_time\" content=\"2023-06-19T12:20:27+00:00\" \/>\n<meta property=\"og:image\" content=\"https:\/\/visitrijeka.hr\/wp-content\/uploads\/2023\/04\/Rijeka-u-dvoje.jpg\" \/>\n\t<meta property=\"og:image:width\" content=\"1920\" \/>\n\t<meta property=\"og:image:height\" content=\"1280\" \/>\n\t<meta property=\"og:image:type\" content=\"image\/jpeg\" \/>\n<meta name=\"twitter:card\" content=\"summary_large_image\" \/>\n<meta name=\"twitter:label1\" content=\"Gesch\u00e4tzte Lesezeit\" \/>\n\t<meta name=\"twitter:data1\" content=\"55\u00a0Minuten\" \/>\n<script type=\"application\/ld+json\" class=\"yoast-schema-graph\">{\"@context\":\"https:\/\/schema.org\",\"@graph\":[{\"@type\":\"WebPage\",\"@id\":\"https:\/\/visitrijeka.hr\/de\/rijeka-zu-zweit\/\",\"url\":\"https:\/\/visitrijeka.hr\/de\/rijeka-zu-zweit\/\",\"name\":\"Rijeka zu zweit - Visit Rijeka\",\"isPartOf\":{\"@id\":\"https:\/\/visitrijeka.hr\/de\/#website\"},\"primaryImageOfPage\":{\"@id\":\"https:\/\/visitrijeka.hr\/de\/rijeka-zu-zweit\/#primaryimage\"},\"image\":{\"@id\":\"https:\/\/visitrijeka.hr\/de\/rijeka-zu-zweit\/#primaryimage\"},\"thumbnailUrl\":\"https:\/\/visitrijeka.hr\/wp-content\/uploads\/2023\/04\/Rijeka-u-dvoje.jpg\",\"datePublished\":\"2023-04-26T08:19:39+00:00\",\"dateModified\":\"2023-06-19T12:20:27+00:00\",\"breadcrumb\":{\"@id\":\"https:\/\/visitrijeka.hr\/de\/rijeka-zu-zweit\/#breadcrumb\"},\"inLanguage\":\"de\",\"potentialAction\":[{\"@type\":\"ReadAction\",\"target\":[\"https:\/\/visitrijeka.hr\/de\/rijeka-zu-zweit\/\"]}]},{\"@type\":\"ImageObject\",\"inLanguage\":\"de\",\"@id\":\"https:\/\/visitrijeka.hr\/de\/rijeka-zu-zweit\/#primaryimage\",\"url\":\"https:\/\/visitrijeka.hr\/wp-content\/uploads\/2023\/04\/Rijeka-u-dvoje.jpg\",\"contentUrl\":\"https:\/\/visitrijeka.hr\/wp-content\/uploads\/2023\/04\/Rijeka-u-dvoje.jpg\",\"width\":1920,\"height\":1280,\"caption\":\"Rijeka u dvoje\"},{\"@type\":\"WebSite\",\"@id\":\"https:\/\/visitrijeka.hr\/de\/#website\",\"url\":\"https:\/\/visitrijeka.hr\/de\/\",\"name\":\"Visit Rijeka\",\"description\":\"Grad koji te\u010de....\",\"publisher\":{\"@id\":\"https:\/\/visitrijeka.hr\/de\/#organization\"},\"potentialAction\":[{\"@type\":\"SearchAction\",\"target\":{\"@type\":\"EntryPoint\",\"urlTemplate\":\"https:\/\/visitrijeka.hr\/de\/?s={search_term_string}\"},\"query-input\":{\"@type\":\"PropertyValueSpecification\",\"valueRequired\":true,\"valueName\":\"search_term_string\"}}],\"inLanguage\":\"de\"},{\"@type\":\"Organization\",\"@id\":\"https:\/\/visitrijeka.hr\/de\/#organization\",\"name\":\"Visit Rijeka\",\"url\":\"https:\/\/visitrijeka.hr\/de\/\",\"logo\":{\"@type\":\"ImageObject\",\"inLanguage\":\"de\",\"@id\":\"https:\/\/visitrijeka.hr\/de\/#\/schema\/logo\/image\/\",\"url\":\"https:\/\/visitrijeka.hr\/wp-content\/uploads\/2023\/02\/Logo_Visit_rijeka_460.svg\",\"contentUrl\":\"https:\/\/visitrijeka.hr\/wp-content\/uploads\/2023\/02\/Logo_Visit_rijeka_460.svg\",\"width\":100,\"height\":100,\"caption\":\"Visit Rijeka\"},\"image\":{\"@id\":\"https:\/\/visitrijeka.hr\/de\/#\/schema\/logo\/image\/\"},\"sameAs\":[\"https:\/\/www.facebook.com\/VisitRijeka\"]}]}<\/script>\n<!-- \/ Yoast SEO plugin. -->","yoast_head_json":{"title":"Rijeka zu zweit - Visit Rijeka","robots":{"index":"index","follow":"follow","max-snippet":"max-snippet:-1","max-image-preview":"max-image-preview:large","max-video-preview":"max-video-preview:-1"},"canonical":"https:\/\/visitrijeka.hr\/de\/rijeka-zu-zweit\/","og_locale":"de_DE","og_type":"article","og_title":"Rijeka zu zweit - Visit Rijeka","og_url":"https:\/\/visitrijeka.hr\/de\/rijeka-zu-zweit\/","og_site_name":"Visit Rijeka","article_publisher":"https:\/\/www.facebook.com\/VisitRijeka","article_modified_time":"2023-06-19T12:20:27+00:00","og_image":[{"width":1920,"height":1280,"url":"https:\/\/visitrijeka.hr\/wp-content\/uploads\/2023\/04\/Rijeka-u-dvoje.jpg","type":"image\/jpeg"}],"twitter_card":"summary_large_image","twitter_misc":{"Gesch\u00e4tzte Lesezeit":"55\u00a0Minuten"},"schema":{"@context":"https:\/\/schema.org","@graph":[{"@type":"WebPage","@id":"https:\/\/visitrijeka.hr\/de\/rijeka-zu-zweit\/","url":"https:\/\/visitrijeka.hr\/de\/rijeka-zu-zweit\/","name":"Rijeka zu zweit - Visit Rijeka","isPartOf":{"@id":"https:\/\/visitrijeka.hr\/de\/#website"},"primaryImageOfPage":{"@id":"https:\/\/visitrijeka.hr\/de\/rijeka-zu-zweit\/#primaryimage"},"image":{"@id":"https:\/\/visitrijeka.hr\/de\/rijeka-zu-zweit\/#primaryimage"},"thumbnailUrl":"https:\/\/visitrijeka.hr\/wp-content\/uploads\/2023\/04\/Rijeka-u-dvoje.jpg","datePublished":"2023-04-26T08:19:39+00:00","dateModified":"2023-06-19T12:20:27+00:00","breadcrumb":{"@id":"https:\/\/visitrijeka.hr\/de\/rijeka-zu-zweit\/#breadcrumb"},"inLanguage":"de","potentialAction":[{"@type":"ReadAction","target":["https:\/\/visitrijeka.hr\/de\/rijeka-zu-zweit\/"]}]},{"@type":"ImageObject","inLanguage":"de","@id":"https:\/\/visitrijeka.hr\/de\/rijeka-zu-zweit\/#primaryimage","url":"https:\/\/visitrijeka.hr\/wp-content\/uploads\/2023\/04\/Rijeka-u-dvoje.jpg","contentUrl":"https:\/\/visitrijeka.hr\/wp-content\/uploads\/2023\/04\/Rijeka-u-dvoje.jpg","width":1920,"height":1280,"caption":"Rijeka u dvoje"},{"@type":"WebSite","@id":"https:\/\/visitrijeka.hr\/de\/#website","url":"https:\/\/visitrijeka.hr\/de\/","name":"Visit Rijeka","description":"Grad koji te\u010de....","publisher":{"@id":"https:\/\/visitrijeka.hr\/de\/#organization"},"potentialAction":[{"@type":"SearchAction","target":{"@type":"EntryPoint","urlTemplate":"https:\/\/visitrijeka.hr\/de\/?s={search_term_string}"},"query-input":{"@type":"PropertyValueSpecification","valueRequired":true,"valueName":"search_term_string"}}],"inLanguage":"de"},{"@type":"Organization","@id":"https:\/\/visitrijeka.hr\/de\/#organization","name":"Visit Rijeka","url":"https:\/\/visitrijeka.hr\/de\/","logo":{"@type":"ImageObject","inLanguage":"de","@id":"https:\/\/visitrijeka.hr\/de\/#\/schema\/logo\/image\/","url":"https:\/\/visitrijeka.hr\/wp-content\/uploads\/2023\/02\/Logo_Visit_rijeka_460.svg","contentUrl":"https:\/\/visitrijeka.hr\/wp-content\/uploads\/2023\/02\/Logo_Visit_rijeka_460.svg","width":100,"height":100,"caption":"Visit Rijeka"},"image":{"@id":"https:\/\/visitrijeka.hr\/de\/#\/schema\/logo\/image\/"},"sameAs":["https:\/\/www.facebook.com\/VisitRijeka"]}]}},"_links":{"self":[{"href":"https:\/\/visitrijeka.hr\/de\/wp-json\/wp\/v2\/pages\/23774","targetHints":{"allow":["GET"]}}],"collection":[{"href":"https:\/\/visitrijeka.hr\/de\/wp-json\/wp\/v2\/pages"}],"about":[{"href":"https:\/\/visitrijeka.hr\/de\/wp-json\/wp\/v2\/types\/page"}],"author":[{"embeddable":true,"href":"https:\/\/visitrijeka.hr\/de\/wp-json\/wp\/v2\/users\/1"}],"replies":[{"embeddable":true,"href":"https:\/\/visitrijeka.hr\/de\/wp-json\/wp\/v2\/comments?post=23774"}],"version-history":[{"count":0,"href":"https:\/\/visitrijeka.hr\/de\/wp-json\/wp\/v2\/pages\/23774\/revisions"}],"wp:featuredmedia":[{"embeddable":true,"href":"https:\/\/visitrijeka.hr\/de\/wp-json\/wp\/v2\/media\/16783"}],"wp:attachment":[{"href":"https:\/\/visitrijeka.hr\/de\/wp-json\/wp\/v2\/media?parent=23774"}],"curies":[{"name":"wp","href":"https:\/\/api.w.org\/{rel}","templated":true}]}}